{"id":655507,"date":"2026-04-23T05:38:20","date_gmt":"2026-04-23T03:38:20","guid":{"rendered":"https:\/\/kohenavocats.com\/jurisprudences\/eclinlrbdha202525302-rechtbank-den-haag-26-11-2025-c-09-694406-fa-rk-25-8501\/"},"modified":"2026-04-23T05:38:20","modified_gmt":"2026-04-23T03:38:20","slug":"eclinlrbdha202525302-rechtbank-den-haag-26-11-2025-c-09-694406-fa-rk-25-8501","status":"publish","type":"kji_decision","link":"https:\/\/kohenavocats.com\/ru\/jurisprudences\/eclinlrbdha202525302-rechtbank-den-haag-26-11-2025-c-09-694406-fa-rk-25-8501\/","title":{"rendered":"ECLI:NL:RBDHA:2025:25302 Rechtbank Den Haag , 26-11-2025 \/ C\/09\/694406 \/ FA RK 25-8501"},"content":{"rendered":"<div class=\"kji-decision\">\n<div class=\"kji-full-text\">\n<p><strong>Inhoudsindicatie.<\/strong> Toewijzing rechterlijke machtiging<\/p>\n<h3>RECHTBANK DEN HAAG<\/h3>\n<p>Team Jeugd- en Zorgrecht<\/p>\n<p>Zaak-\/rekestnr.: C\/09\/694406 \/ FA RK 25-8501<\/p>\n<p>Datum beschikking: 26 november 2025<\/p>\n<h3>Rechterlijke machtiging tot opname en verblijf<\/h3>\n<p>Beschikking naar aanleiding van het door het Centrum Indicatiestelling Zorg (CIZ) ingediende verzoek tot het verlenen van een machtiging voor de duur van zes maanden als bedoeld in artikel 24 van de Wet zorg en dwang (Wzd), ten aanzien van:<\/p>\n<p>[naam 1],<\/p>\n<p>hierna te noemen: cli\u00ebnt,<\/p>\n<p>geboren op [geboortedatum] 1949 te [geboorteplaats],<\/p>\n<p>wonende te [woonplaats],<\/p>\n<p>thans verblijvende in de [zorginstelling 1], te [plaats],<\/p>\n<p>advocaat: mr. J.J. van Kuijk te Den Haag.<\/p>\n<h3>Procesverloop<\/h3>\n<p>Het procesverloop blijkt uit het verzoekschrift, ingekomen ter griffie op 11 november 2025.<\/p>\n<p>Bij het verzoekschrift zijn de volgende bijlagen gevoegd:<\/p>\n<p>&#8212; een indicatiebesluit op grond van artikel 3.2.3 van de Wet langdurige zorg van 12 juni 2025;<\/p>\n<p>&#8212; een aanvraag voor een rechterlijke machtiging aan het CIZ van 7 november 2025;<\/p>\n<p>&#8212; een op 6 november 2025 ondertekende medische verklaring van een ter zake kundige arts, [naam 2], die cli\u00ebnt met het oog op de machtiging kort tevoren heeft onderzocht, maar niet bij haar behandeling betrokken was;<\/p>\n<p>&#8212; een zorgplan van 7 november 2025.<\/p>\n<p>De mondelinge behandeling van het verzoek heeft plaatsgevonden op 26 november 2025. Daarbij zijn de volgende personen gehoord:<\/p>\n<p>&#8212; cli\u00ebnt, bijgestaan door haar advocaat;<\/p>\n<p>&#8212; de specialist ouderengeneeskunde, mevrouw [naam 3];<\/p>\n<p>&#8212; de echtgenoot van cli\u00ebnt, de heer [naam 4];<\/p>\n<p>&#8212; de zoon, de heer [naam 5];<\/p>\n<p>&#8212; de schoondochter, mevrouw [naam 6].<\/p>\n<h3>Standpunten ter zitting<\/h3>\n<p>Door cli\u00ebnt is naar voren gebracht dat er niets aan de hand is en dat haar geheugen intact is. Zij stelt geen hulp of begeleiding nodig te hebben en geen ongebruikelijk gedrag te vertonen.<\/p>\n<p>De advocaat pleit namens cli\u00ebnt voor afwijzing van het verzoek. Cli\u00ebnt erkent dat zij soms dingen vergeet, maar geeft aan samen met haar echtgenoot thuis te kunnen functioneren. Zij stelt de bedreiging met een mes niet te erkennen. Daarnaast betwist zij het bestaan van het ernstig nadeel en geeft aan dat, indien dit aanwezig is, een minder ingrijpend alternatief beschikbaar is. De echtgenoot is bereid en in staat om voor haar te zorgen. Daarbij stemmen cli\u00ebnt en haar echtgenoot in met thuiszorg, met de voorwaarde dat dezelfde zorgverleners van [zorginstantie] op vaste tijdstippen komen, aangezien wisselende zorgverleners en tijdstippen problemen veroorzaken.<\/p>\n<p>De specialist ouderengeneeskunde geeft aan dat het op de afdeling goed gaat met cli\u00ebnt. Cli\u00ebnt is grotendeels van de dag gespannen, maar heeft het naar haar zin en maakt het gezellig met de andere bewoners. Tijdens de opname is waargenomen dat cli\u00ebnt 24-uurs zorg, toezicht en ondersteuning nodig heeft. Thuiszorg kan in de praktijk niet garanderen dat dezelfde zorgverleners continu bij cli\u00ebnt en haar echtgenoot aanwezig zijn. Ook kunnen de avonduren, waarin cli\u00ebnt haar echtgenoot niet herkent, niet adequaat door de thuiszorg worden verzorgd. Geen enkele thuiszorgorganisatie kan dit volledig waarborgen, waardoor het onveilig en onverantwoord wordt geacht om de zorg in een thuissituatie voort te zetten.<\/p>\n<p>De echtgenoot van cli\u00ebnt heeft naar voren gebracht dat hij het niet eens is met de opname van zijn echtgenote. Hij geeft aan dat zijn echtgenote eerder was opgenomen bij [zorginstelling 2], waar zij volgens hem niet op een juiste plek verbleef, waarna hij haar daar heeft weggehaald. Volgens de echtgenoot kwam de thuiszorg op willekeurige tijdstippen en vond hij de geboden zorg niet passend. Hij stelt dat hij zelf voor zijn echtgenote kan zorgen en slechts beperkte hulp wenst te ontvangen. De echtgenoot heeft de thuiszorg be\u00ebindigd, aangezien deze niet voldeed aan de door hem gestelde voorwaarde. Tevens benadrukt hij dat de beweringen niet kloppen over zijn echtgenote dat zij zich op een spoorlijn of op een brug bevond. De echtgenoot geeft aan zich boos en machteloos te voelen.<\/p>\n<p>De zoon en schoondochter hebben verklaard het toestandsbeeld, zoals weergegeven in de medische verklaring en door de arts ter zitting is geschetst, te herkennen.<\/p>\n<h3>Beoordeling<\/h3>\n<p>Op 1 oktober 2025 is door de rechtbank een machtiging tot voortzetting van de inbewaringstelling verleend tot en met 12 november 2025.<\/p>\n<p>Uit de overgelegde stukken en het behandelde ter zitting is gebleken dat cli\u00ebnt lijdt aan een psychogeriatrische aandoening, te weten dementie.<\/p>\n<p>Deze psychogeriatrische aandoening leidt tot ernstig nadeel. Dit ernstig nadeel bestaat uit:<\/p>\n<p>&#8212; levensgevaar;<\/p>\n<p>&#8212; ernstig lichamelijk letsel;<\/p>\n<p>&#8212; ernstige psychische schade;<\/p>\n<p>&#8212; ernstige verwaarlozing;<\/p>\n<p>&#8212; maatschappelijke teloorgang.<\/p>\n<p>Uit de stukken en hetgeen ter zitting is besproken, blijkt dat de thuissituatie onhoudbaar was, waardoor een crisissituatie is ontstaan. Cli\u00ebnt herkent haar echtgenoot op sommige momenten niet meer, wat heeft geleid tot bedreiging met een mes uit angst en vluchtpogingen heeft ondernomen. Vervolgens heeft de echtgenoot cli\u00ebnt in huis opgesloten, waarna zij op deuren heeft gebonkt en langdurig om hulp heeft geroepen. De voornoemde omstandigheden brengen de veiligheid van zowel cli\u00ebnt als haar echtgenoot in gevaar en vormen een ernstig risico op lichamelijk letsel. Het mantelzorgsysteem komt hierdoor onder grote druk te staan. Tevens bestaan er zorgen over de cognitie van de echtgenoot en de overbelasting van de zoon.<\/p>\n<p>De opname en het verblijf in een accommodatie zijn noodzakelijk en geschikt om het ernstig nadeel te voorkomen of af te wenden. Er zijn geen minder ingrijpende mogelijkheden om het ernstig nadeel te voorkomen of af te wenden.<\/p>\n<p>Gebleken is dat cli\u00ebnt zich verzet tegen de opname en het verblijf in een accommodatie. Cli\u00ebnt ervaart het verpleeghuis als prettig, maar geeft aan bij voorkeur terug naar huis te willen, bij haar echtgenoot. Cli\u00ebnt houdt regelmatig hulp van zich af en weigert in het verpleeghuis de dagelijkse ADL-ondersteuning. Zowel cli\u00ebnt als haar echtgenoot kunnen geagiteerd reageren wanneer de voortzetting van het verblijf ter sprake komt. Beiden verzetten zich tegen het verblijf en stellen dat zij de zorg in de thuissituatie zelf kunnen voortzetten. Cli\u00ebnt onderneemt echter geen fysieke pogingen om het verpleeghuis te verlaten.<\/p>\n<p>Gelet op het voorgaande is voldaan aan de criteria voor verlening van een rechterlijke machtiging tot opname en verblijf in een accommodatie als bedoeld in de Wzd. De machtiging zal worden verleend voor de duur van zes maanden.<\/p>\n<h3>Beslissing<\/h3>\n<p>De rechtbank:<\/p>\n<p>verleent een rechterlijke machtiging tot opname en verblijf in een accommodatie ten aanzien van:<\/p>\n<p>[naam 1],<\/p>\n<p>geboren op [geboortedatum] 1949 te [geboorteplaats],<\/p>\n<p>bepaalt dat deze machtiging geldt tot en met 26 mei 2026.<\/p>\n<p>Deze beschikking is gegeven door mr. S.J. Hoekstra-van Vliet, rechter, bijgestaan door L. Batenburg als griffier, en uitgesproken ter openbare zitting van 26 november 2025.<\/p>\n<p>De schriftelijke uitwerking van deze beschikking is vastgesteld op 5 december.<\/p>\n<p>Tegen deze beschikking staat het rechtsmiddel van cassatie open.<\/p>\n<\/div>\n<hr class=\"kji-sep\" \/>\n<p class=\"kji-source-links\"><strong>Sources officielles :<\/strong> <a class=\"kji-source-link\" href=\"http:\/\/deeplink.rechtspraak.nl\/uitspraak?id=ECLI:NL:RBDHA:2025:25302\" target=\"_blank\" rel=\"noopener noreferrer\">consulter la page source<\/a><\/p>\n<p class=\"kji-license-note\"><em>Rechtspraak.nl open data, Creative Commons Zero. Volume cible 1.8M decisions.<\/em><\/p>\n<\/div>\n","protected":false},"excerpt":{"rendered":"<p>Toewijzing rechterlijke machtiging<\/p>\n","protected":false},"featured_media":0,"template":"","meta":{"_crdt_document":""},"kji_country":[7669],"kji_court":[7670],"kji_chamber":[],"kji_year":[8463],"kji_subject":[7646],"kji_keyword":[8618,7674,7675,11304,8208],"kji_language":[7671],"class_list":["post-655507","kji_decision","type-kji_decision","status-publish","hentry","kji_country-pays-bas","kji_court-rechtbank-den-haag","kji_year-8463","kji_subject-divers","kji_keyword-machtiging","kji_keyword-rbdha","kji_keyword-rechtbank","kji_keyword-rechterlijke","kji_keyword-toewijzing","kji_language-nl"],"yoast_head":"<!-- This site is optimized with the Yoast SEO Premium plugin v27.5 (Yoast SEO v27.5) - https:\/\/yoast.com\/product\/yoast-seo-premium-wordpress\/ -->\n<title>ECLI:NL:RBDHA:2025:25302 Rechtbank Den Haag , 26-11-2025 \/ C\/09\/694406 \/ FA RK 25-8501 - Ma\u00eetre Hassan Kohen, avocat en droit p\u00e9nal \u00e0 Paris<\/title>\n<meta name=\"robots\" content=\"index, follow, max-snippet:-1, max-image-preview:large, max-video-preview:-1\" \/>\n<link rel=\"canonical\" href=\"https:\/\/kohenavocats.com\/ru\/jurisprudences\/eclinlrbdha202525302-rechtbank-den-haag-26-11-2025-c-09-694406-fa-rk-25-8501\/\" \/>\n<meta property=\"og:locale\" content=\"ru_RU\" \/>\n<meta property=\"og:type\" content=\"article\" \/>\n<meta property=\"og:title\" content=\"ECLI:NL:RBDHA:2025:25302 Rechtbank Den Haag , 26-11-2025 \/ C\/09\/694406 \/ FA RK 25-8501\" \/>\n<meta property=\"og:description\" content=\"Toewijzing rechterlijke machtiging\" \/>\n<meta property=\"og:url\" content=\"https:\/\/kohenavocats.com\/ru\/jurisprudences\/eclinlrbdha202525302-rechtbank-den-haag-26-11-2025-c-09-694406-fa-rk-25-8501\/\" \/>\n<meta property=\"og:site_name\" content=\"Ma\u00eetre Hassan Kohen, avocat en droit p\u00e9nal \u00e0 Paris\" \/>\n<meta name=\"twitter:card\" content=\"summary_large_image\" \/>\n<meta name=\"twitter:label1\" content=\"\u041f\u0440\u0438\u043c\u0435\u0440\u043d\u043e\u0435 \u0432\u0440\u0435\u043c\u044f \u0434\u043b\u044f \u0447\u0442\u0435\u043d\u0438\u044f\" \/>\n\t<meta name=\"twitter:data1\" content=\"5 \u043c\u0438\u043d\u0443\u0442\" \/>\n<script type=\"application\/ld+json\" class=\"yoast-schema-graph\">{\"@context\":\"https:\\\/\\\/schema.org\",\"@graph\":[{\"@type\":\"WebPage\",\"@id\":\"https:\\\/\\\/kohenavocats.com\\\/ru\\\/jurisprudences\\\/eclinlrbdha202525302-rechtbank-den-haag-26-11-2025-c-09-694406-fa-rk-25-8501\\\/\",\"url\":\"https:\\\/\\\/kohenavocats.com\\\/ru\\\/jurisprudences\\\/eclinlrbdha202525302-rechtbank-den-haag-26-11-2025-c-09-694406-fa-rk-25-8501\\\/\",\"name\":\"ECLI:NL:RBDHA:2025:25302 Rechtbank Den Haag , 26-11-2025 \\\/ C\\\/09\\\/694406 \\\/ FA RK 25-8501 - Ma\u00eetre Hassan Kohen, avocat en droit p\u00e9nal \u00e0 Paris\",\"isPartOf\":{\"@id\":\"https:\\\/\\\/kohenavocats.com\\\/ru\\\/#website\"},\"datePublished\":\"2026-04-23T03:38:20+00:00\",\"breadcrumb\":{\"@id\":\"https:\\\/\\\/kohenavocats.com\\\/ru\\\/jurisprudences\\\/eclinlrbdha202525302-rechtbank-den-haag-26-11-2025-c-09-694406-fa-rk-25-8501\\\/#breadcrumb\"},\"inLanguage\":\"ru-RU\",\"potentialAction\":[{\"@type\":\"ReadAction\",\"target\":[\"https:\\\/\\\/kohenavocats.com\\\/ru\\\/jurisprudences\\\/eclinlrbdha202525302-rechtbank-den-haag-26-11-2025-c-09-694406-fa-rk-25-8501\\\/\"]}]},{\"@type\":\"BreadcrumbList\",\"@id\":\"https:\\\/\\\/kohenavocats.com\\\/ru\\\/jurisprudences\\\/eclinlrbdha202525302-rechtbank-den-haag-26-11-2025-c-09-694406-fa-rk-25-8501\\\/#breadcrumb\",\"itemListElement\":[{\"@type\":\"ListItem\",\"position\":1,\"name\":\"Home\",\"item\":\"https:\\\/\\\/kohenavocats.com\\\/ru\\\/avocats-en-droit-penal-a-paris-conseil-et-defense-strategique\\\/\"},{\"@type\":\"ListItem\",\"position\":2,\"name\":\"Jurisprudences\",\"item\":\"https:\\\/\\\/kohenavocats.com\\\/ru\\\/jurisprudences\\\/\"},{\"@type\":\"ListItem\",\"position\":3,\"name\":\"ECLI:NL:RBDHA:2025:25302 Rechtbank Den Haag , 26-11-2025 \\\/ C\\\/09\\\/694406 \\\/ FA RK 25-8501\"}]},{\"@type\":\"WebSite\",\"@id\":\"https:\\\/\\\/kohenavocats.com\\\/ru\\\/#website\",\"url\":\"https:\\\/\\\/kohenavocats.com\\\/ru\\\/\",\"name\":\"Kohen Avocats\",\"description\":\"Ma\u00eetre Hassan Kohen, avocat p\u00e9naliste \u00e0 Paris, intervient exclusivement en droit p\u00e9nal pour la d\u00e9fense des particuliers, notamment en mati\u00e8re d\u2019accusations de viol. Il assure un accompagnement rigoureux d\u00e8s la garde \u00e0 vue jusqu\u2019\u00e0 la Cour d\u2019assises, veillant au strict respect des garanties proc\u00e9durales.\",\"publisher\":{\"@id\":\"https:\\\/\\\/kohenavocats.com\\\/ru\\\/#organization\"},\"potentialAction\":[{\"@type\":\"SearchAction\",\"target\":{\"@type\":\"EntryPoint\",\"urlTemplate\":\"https:\\\/\\\/kohenavocats.com\\\/ru\\\/?s={search_term_string}\"},\"query-input\":{\"@type\":\"PropertyValueSpecification\",\"valueRequired\":true,\"valueName\":\"search_term_string\"}}],\"inLanguage\":\"ru-RU\"},{\"@type\":\"Organization\",\"@id\":\"https:\\\/\\\/kohenavocats.com\\\/ru\\\/#organization\",\"name\":\"Kohen Avocats\",\"url\":\"https:\\\/\\\/kohenavocats.com\\\/ru\\\/\",\"logo\":{\"@type\":\"ImageObject\",\"inLanguage\":\"ru-RU\",\"@id\":\"https:\\\/\\\/kohenavocats.com\\\/ru\\\/#\\\/schema\\\/logo\\\/image\\\/\",\"url\":\"https:\\\/\\\/kohenavocats.com\\\/wp-content\\\/uploads\\\/2026\\\/01\\\/Logo-2-1.webp\",\"contentUrl\":\"https:\\\/\\\/kohenavocats.com\\\/wp-content\\\/uploads\\\/2026\\\/01\\\/Logo-2-1.webp\",\"width\":2114,\"height\":1253,\"caption\":\"Kohen Avocats\"},\"image\":{\"@id\":\"https:\\\/\\\/kohenavocats.com\\\/ru\\\/#\\\/schema\\\/logo\\\/image\\\/\"}}]}<\/script>\n<!-- \/ Yoast SEO Premium plugin. -->","yoast_head_json":{"title":"ECLI:NL:RBDHA:2025:25302 Rechtbank Den Haag , 26-11-2025 \/ C\/09\/694406 \/ FA RK 25-8501 - Ma\u00eetre Hassan Kohen, avocat en droit p\u00e9nal \u00e0 Paris","robots":{"index":"index","follow":"follow","max-snippet":"max-snippet:-1","max-image-preview":"max-image-preview:large","max-video-preview":"max-video-preview:-1"},"canonical":"https:\/\/kohenavocats.com\/ru\/jurisprudences\/eclinlrbdha202525302-rechtbank-den-haag-26-11-2025-c-09-694406-fa-rk-25-8501\/","og_locale":"ru_RU","og_type":"article","og_title":"ECLI:NL:RBDHA:2025:25302 Rechtbank Den Haag , 26-11-2025 \/ C\/09\/694406 \/ FA RK 25-8501","og_description":"Toewijzing rechterlijke machtiging","og_url":"https:\/\/kohenavocats.com\/ru\/jurisprudences\/eclinlrbdha202525302-rechtbank-den-haag-26-11-2025-c-09-694406-fa-rk-25-8501\/","og_site_name":"Ma\u00eetre Hassan Kohen, avocat en droit p\u00e9nal \u00e0 Paris","twitter_card":"summary_large_image","twitter_misc":{"\u041f\u0440\u0438\u043c\u0435\u0440\u043d\u043e\u0435 \u0432\u0440\u0435\u043c\u044f \u0434\u043b\u044f \u0447\u0442\u0435\u043d\u0438\u044f":"5 \u043c\u0438\u043d\u0443\u0442"},"schema":{"@context":"https:\/\/schema.org","@graph":[{"@type":"WebPage","@id":"https:\/\/kohenavocats.com\/ru\/jurisprudences\/eclinlrbdha202525302-rechtbank-den-haag-26-11-2025-c-09-694406-fa-rk-25-8501\/","url":"https:\/\/kohenavocats.com\/ru\/jurisprudences\/eclinlrbdha202525302-rechtbank-den-haag-26-11-2025-c-09-694406-fa-rk-25-8501\/","name":"ECLI:NL:RBDHA:2025:25302 Rechtbank Den Haag , 26-11-2025 \/ C\/09\/694406 \/ FA RK 25-8501 - Ma\u00eetre Hassan Kohen, avocat en droit p\u00e9nal \u00e0 Paris","isPartOf":{"@id":"https:\/\/kohenavocats.com\/ru\/#website"},"datePublished":"2026-04-23T03:38:20+00:00","breadcrumb":{"@id":"https:\/\/kohenavocats.com\/ru\/jurisprudences\/eclinlrbdha202525302-rechtbank-den-haag-26-11-2025-c-09-694406-fa-rk-25-8501\/#breadcrumb"},"inLanguage":"ru-RU","potentialAction":[{"@type":"ReadAction","target":["https:\/\/kohenavocats.com\/ru\/jurisprudences\/eclinlrbdha202525302-rechtbank-den-haag-26-11-2025-c-09-694406-fa-rk-25-8501\/"]}]},{"@type":"BreadcrumbList","@id":"https:\/\/kohenavocats.com\/ru\/jurisprudences\/eclinlrbdha202525302-rechtbank-den-haag-26-11-2025-c-09-694406-fa-rk-25-8501\/#breadcrumb","itemListElement":[{"@type":"ListItem","position":1,"name":"Home","item":"https:\/\/kohenavocats.com\/ru\/avocats-en-droit-penal-a-paris-conseil-et-defense-strategique\/"},{"@type":"ListItem","position":2,"name":"Jurisprudences","item":"https:\/\/kohenavocats.com\/ru\/jurisprudences\/"},{"@type":"ListItem","position":3,"name":"ECLI:NL:RBDHA:2025:25302 Rechtbank Den Haag , 26-11-2025 \/ C\/09\/694406 \/ FA RK 25-8501"}]},{"@type":"WebSite","@id":"https:\/\/kohenavocats.com\/ru\/#website","url":"https:\/\/kohenavocats.com\/ru\/","name":"Kohen Avocats","description":"Ma\u00eetre Hassan Kohen, avocat p\u00e9naliste \u00e0 Paris, intervient exclusivement en droit p\u00e9nal pour la d\u00e9fense des particuliers, notamment en mati\u00e8re d\u2019accusations de viol. Il assure un accompagnement rigoureux d\u00e8s la garde \u00e0 vue jusqu\u2019\u00e0 la Cour d\u2019assises, veillant au strict respect des garanties proc\u00e9durales.","publisher":{"@id":"https:\/\/kohenavocats.com\/ru\/#organization"},"potentialAction":[{"@type":"SearchAction","target":{"@type":"EntryPoint","urlTemplate":"https:\/\/kohenavocats.com\/ru\/?s={search_term_string}"},"query-input":{"@type":"PropertyValueSpecification","valueRequired":true,"valueName":"search_term_string"}}],"inLanguage":"ru-RU"},{"@type":"Organization","@id":"https:\/\/kohenavocats.com\/ru\/#organization","name":"Kohen Avocats","url":"https:\/\/kohenavocats.com\/ru\/","logo":{"@type":"ImageObject","inLanguage":"ru-RU","@id":"https:\/\/kohenavocats.com\/ru\/#\/schema\/logo\/image\/","url":"https:\/\/kohenavocats.com\/wp-content\/uploads\/2026\/01\/Logo-2-1.webp","contentUrl":"https:\/\/kohenavocats.com\/wp-content\/uploads\/2026\/01\/Logo-2-1.webp","width":2114,"height":1253,"caption":"Kohen Avocats"},"image":{"@id":"https:\/\/kohenavocats.com\/ru\/#\/schema\/logo\/image\/"}}]}},"jetpack_likes_enabled":false,"jetpack_sharing_enabled":true,"_links":{"self":[{"href":"https:\/\/kohenavocats.com\/ru\/wp-json\/wp\/v2\/kji_decision\/655507","targetHints":{"allow":["GET"]}}],"collection":[{"href":"https:\/\/kohenavocats.com\/ru\/wp-json\/wp\/v2\/kji_decision"}],"about":[{"href":"https:\/\/kohenavocats.com\/ru\/wp-json\/wp\/v2\/types\/kji_decision"}],"wp:attachment":[{"href":"https:\/\/kohenavocats.com\/ru\/wp-json\/wp\/v2\/media?parent=655507"}],"wp:term":[{"taxonomy":"kji_country","embeddable":true,"href":"https:\/\/kohenavocats.com\/ru\/wp-json\/wp\/v2\/kji_country?post=655507"},{"taxonomy":"kji_court","embeddable":true,"href":"https:\/\/kohenavocats.com\/ru\/wp-json\/wp\/v2\/kji_court?post=655507"},{"taxonomy":"kji_chamber","embeddable":true,"href":"https:\/\/kohenavocats.com\/ru\/wp-json\/wp\/v2\/kji_chamber?post=655507"},{"taxonomy":"kji_year","embeddable":true,"href":"https:\/\/kohenavocats.com\/ru\/wp-json\/wp\/v2\/kji_year?post=655507"},{"taxonomy":"kji_subject","embeddable":true,"href":"https:\/\/kohenavocats.com\/ru\/wp-json\/wp\/v2\/kji_subject?post=655507"},{"taxonomy":"kji_keyword","embeddable":true,"href":"https:\/\/kohenavocats.com\/ru\/wp-json\/wp\/v2\/kji_keyword?post=655507"},{"taxonomy":"kji_language","embeddable":true,"href":"https:\/\/kohenavocats.com\/ru\/wp-json\/wp\/v2\/kji_language?post=655507"}],"curies":[{"name":"wp","href":"https:\/\/api.w.org\/{rel}","templated":true}]}}