{"id":655569,"date":"2026-04-23T05:46:51","date_gmt":"2026-04-23T03:46:51","guid":{"rendered":"https:\/\/kohenavocats.com\/jurisprudences\/eclinlgharl20245044-gerechtshof-arnhem-leeuwarden-25-06-2024-200-336-251\/"},"modified":"2026-04-23T05:46:51","modified_gmt":"2026-04-23T03:46:51","slug":"eclinlgharl20245044-gerechtshof-arnhem-leeuwarden-25-06-2024-200-336-251","status":"publish","type":"kji_decision","link":"https:\/\/kohenavocats.com\/ru\/jurisprudences\/eclinlgharl20245044-gerechtshof-arnhem-leeuwarden-25-06-2024-200-336-251\/","title":{"rendered":"ECLI:NL:GHARL:2024:5044 Gerechtshof Arnhem-Leeuwarden , 25-06-2024 \/ 200.336.251"},"content":{"rendered":"<div class=\"kji-decision\">\n<div class=\"kji-full-text\">\n<p><strong>Inhoudsindicatie.<\/strong> Artikel 1:461 lid 2 BW: het hof ziet geen aanleiding om de mentor te ontslaan. Bekrachtiging beschikking rechtbank.<\/p>\n<p>GERECHTSHOF ARNHEM-LEEUWARDEN<\/p>\n<p>locatie Arnhem, afdeling civiel<\/p>\n<p>zaaknummer gerechtshof 200.336.251<\/p>\n<p>zaaknummer rechtbank Midden-Nederland 10419430<\/p>\n<p>beschikking van 25 juni 2024<\/p>\n<p>in de zaak van<\/p>\n<p>[verzoeker]<br \/>\n ,<\/p>\n<p>die woont in [woonplaats1] ,<\/p>\n<p>verzoeker in hoger beroep,<\/p>\n<p>hierna: [verzoeker] ,<\/p>\n<p>advocaat: mr. J.J. van Ewijk,<\/p>\n<p>en<\/p>\n<p>[naam1]<br \/>\n , handelend onder de naam [naam2],<\/p>\n<p>die is gevestigd in [vestigingsplaats1]<\/p>\n<p>belanghebbende in hoger beroep,<\/p>\n<p>hierna: de mentor,<\/p>\n<p>advocaat: mr. M.R.A. Rutten,<\/p>\n<p>Als overige belanghebbenden zijn aangemerkt:<\/p>\n<p>[naam3]<br \/>\n ,<\/p>\n<p>die woont in [woonplaats2] , Belgi\u00eb,<\/p>\n<p>hierna ook: [naam3] ,<\/p>\n<p>[naam4]<br \/>\n ,<\/p>\n<p>die woont in [woonplaats3] ,<\/p>\n<p>[naam5]<br \/>\n ,<\/p>\n<p>die woont in [woonplaats4] .<\/p>\n<p>en<\/p>\n<p>[naam6]<br \/>\n , handelend onder de naam [naam7] V.O.F.,<\/p>\n<p>die is gevestigd in [vestigingsplaats2] ,<\/p>\n<p>hierna: de bewindvoerder.<\/p>\n<h3>1Samenvatting van de beslissing<\/h3>\n<p>[verzoeker] heeft de kantonrechter verzocht om de mentor te ontslaan en zijn [naam3] te benoemen tot mentor. De kantonrechter heeft dit verzoek afgewezen in de beschikking van 6 oktober 2023. Het hof vindt dat dit zo moet blijven en legt hierna uit waarom.<\/p>\n<h3>2De kern van de zaak<\/h3>\n<p>[verzoeker] is in 1959 in [plaats1] , Marokko geboren. Hij is de vader van [naam3] , [naam4] en [naam5] .<\/p>\n<p>In de beschikking van 1 mei 2014 heeft de kantonrechter een mentorschap ingesteld voor [verzoeker] . [naam1] is op dit moment de mentor van [verzoeker] .<\/p>\n<p>De (toekomstige) goederen van [verzoeker] staan onder bewind. [naam6] is de bewindvoerder van [verzoeker] .<\/p>\n<p>[verzoeker] heeft de kantonrechter gevraagd om [naam1] te ontslaan als mentor en om [naam3] te benoemen tot (opvolgend) mentor. De kantonrechter heeft dat verzoek afgewezen in de beschikking van 6 oktober 2023.<\/p>\n<p>[verzoeker] is het niet eens met de beslissing van de kantonrechter en komt daarvan in hoger beroep. Hij verzoekt het hof om de beschikking van 6 oktober 2023 te vernietigen, de mentor te ontslaan en [naam3] te benoemen tot (opvolgend) mentor.<\/p>\n<p>De mentor voert verweer in hoger beroep. Zij verzoekt het hof om de beschikking van 6 oktober 2023 te bekrachtigen en anders, als zij ontslagen wordt als mentor, het verzoek om [naam3] tot mentor te benoemen af te wijzen en een professionele mentor te benoemen.<\/p>\n<p>Het hof heeft de volgende stukken ontvangen:<\/p>\n<p>het beroepschrift, binnengekomen op 4 januari 2024;<\/p>\n<p>het verweerschrift met bijlage.<\/p>\n<p>De zitting bij het hof was op 28 mei 2024. Daarbij waren aanwezig:<\/p>\n<p>[verzoeker] , bijgestaan door zijn advocaat en een tolk;<\/p>\n<p>de mentor;<\/p>\n<p>[naam3] ;<\/p>\n<p>de bewindvoerder.<\/p>\n<h3>3Het oordeel van het hof<\/h3>\n<p>Wat staat in de wet?<\/p>\n<p>De kantonrechter kan de mentor ontslag verlenen:<\/p>\n<p>op verzoek van de mentor zelf, of<\/p>\n<p>om gewichtige redenen, of<\/p>\n<p>als de mentor niet meer voldoet aan de eisen om mentor te kunnen worden.<\/p>\n<p>In dit hoger beroep is de vraag of er gewichtige redenen zijn om de mentor ontslag te verlenen en, als die er zijn, wie er in dat geval mentor moet worden.<\/p>\n<p>Wat vindt het hof?<\/p>\n<p>[verzoeker] heeft tijdens de mondelinge behandeling verteld dat het goed gaat met hem, maar dat hij geen klik heeft met de mentor en dat sprake is van een vertrouwensbreuk tussen hem en de mentor. In 2013 kwam uit een diagnostisch onderzoek dat hij verstandelijk beperkt is. Hij is het niet eens met die conclusie. Hij erkent wel dat hij in het maatschappelijk verkeer soms ondersteuning kan gebruiken maar hij wil niet behandeld worden als een kleuter. Hij ervaart alleen wel dat hij niet serieus genomen wordt en hij voelt zich onbegrepen door de mentor. Daarnaast is er een taalbarri\u00e8re, waardoor sprake is van miscommunicatie tussen hem en de mentor, vertelt [verzoeker] .<\/p>\n<p>Naar de mening van het hof is niet gebleken is dat de mentor de door de wet aan haar opgelegde verplichtingen niet of onvoldoende nakomt. Het hof is van mening dat [verzoeker] ook verder niet heeft aangetoond dat er in dit geval sprake is van gewichtige redenen die een ontslag van de mentor rechtvaardigen.<\/p>\n<p>De mentor treedt inmiddels al jarenlang als professional op als mentor van [verzoeker] . Gebleken is dat [verzoeker] sinds het begin van het mentorschap positieve ontwikkelingen heeft doorgemaakt. Sinds enige tijd woont [verzoeker] zelfstandig, zijn schulden zijn gesaneerd, hij heeft een inkomen en hij heeft een dagbesteding. Ook blijkt dat de mentor toeziet op de (medische) zorg die [verzoeker] nodig heeft. De mentor erkent dat het rapport uit 2013 niet klopt en dat [verzoeker] op een hoger niveau functioneert. De mentor wil daarom graag een nieuw onderzoek uitvoeren, maar hier heeft [verzoeker] tot nu toe niet aan willen meewerken. De mentor heeft daarnaast gemotiveerd betwist dat zij onvoldoende informatie aan [verzoeker] verstrekt en dat [verzoeker] haar niet begrijpt. Zo heeft zij laten weten dat zij uitleg geeft als er dingen getekend moeten worden en dat [verzoeker] voldoende Nederlands verstaat om haar te begrijpen. Ook is gebleken dat de samenwerking tussen de mentor en de bewindvoerder goed verloopt.<\/p>\n<p>Gelet op het voorgaande is het hof van mening dat de rechtbank een juiste beslissing heeft genomen door het verzoek van [verzoeker] om de mentor te ontslaan af te wijzen. Omdat het hof geen aanleiding ziet om de mentor te ontslaan, komt het hof niet toe aan een beoordeling van het verzoek van [verzoeker] om [naam3] tot opvolgend mentor te benoemen.<\/p>\n<h3>4De beslissing<\/h3>\n<p>Het hof:<\/p>\n<p>bekrachtigt de beschikking van de kantonrechter in de rechtbank Midden-Nederland, locatie Utrecht, van 6 oktober 2023.<\/p>\n<p>Deze beschikking is gegeven door mrs. M.P. den Hollander, K.A.M. van Os-ten Have en M.E.L. Klein, bijgestaan door mr. M.A. Mertens als griffier en is in het openbaar uitgesproken op 25 juni 2024.<\/p>\n<h3>Voetnoten<\/h3>\n<ol>\n<li>Artikel 1:461 lid 2 van het Burgerlijk Wetboek.<\/li>\n<\/ol>\n<\/div>\n<hr class=\"kji-sep\" \/>\n<p class=\"kji-source-links\"><strong>Sources officielles :<\/strong> <a class=\"kji-source-link\" href=\"http:\/\/deeplink.rechtspraak.nl\/uitspraak?id=ECLI:NL:GHARL:2024:5044\" target=\"_blank\" rel=\"noopener noreferrer\">consulter la page source<\/a><\/p>\n<p class=\"kji-license-note\"><em>Rechtspraak.nl open data, Creative Commons Zero. Volume cible 1.8M decisions.<\/em><\/p>\n<\/div>\n","protected":false},"excerpt":{"rendered":"<p>Artikel 1:461 lid 2 BW: het hof ziet geen aanleiding om de mentor te ontslaan. Bekrachtiging beschikking rechtbank.<\/p>\n","protected":false},"featured_media":0,"template":"","meta":{"_crdt_document":""},"kji_country":[7669],"kji_court":[8134],"kji_chamber":[],"kji_year":[8677],"kji_subject":[7646],"kji_keyword":[10419,8137,7813,8136,8135],"kji_language":[7671],"class_list":["post-655569","kji_decision","type-kji_decision","status-publish","hentry","kji_country-pays-bas","kji_court-gerechtshof-arnhem-leeuwarden","kji_year-8677","kji_subject-divers","kji_keyword-aanleiding","kji_keyword-arnhem-leeuwarden","kji_keyword-artikel","kji_keyword-gerechtshof","kji_keyword-gharl","kji_language-nl"],"yoast_head":"<!-- This site is optimized with the Yoast SEO Premium plugin v27.5 (Yoast SEO v27.5) - https:\/\/yoast.com\/product\/yoast-seo-premium-wordpress\/ -->\n<title>ECLI:NL:GHARL:2024:5044 Gerechtshof Arnhem-Leeuwarden , 25-06-2024 \/ 200.336.251 - Ma\u00eetre Hassan Kohen, avocat en droit p\u00e9nal \u00e0 Paris<\/title>\n<meta name=\"robots\" content=\"index, follow, max-snippet:-1, max-image-preview:large, max-video-preview:-1\" \/>\n<link rel=\"canonical\" href=\"https:\/\/kohenavocats.com\/ru\/jurisprudences\/eclinlgharl20245044-gerechtshof-arnhem-leeuwarden-25-06-2024-200-336-251\/\" \/>\n<meta property=\"og:locale\" content=\"ru_RU\" \/>\n<meta property=\"og:type\" content=\"article\" \/>\n<meta property=\"og:title\" content=\"ECLI:NL:GHARL:2024:5044 Gerechtshof Arnhem-Leeuwarden , 25-06-2024 \/ 200.336.251\" \/>\n<meta property=\"og:description\" content=\"Artikel 1:461 lid 2 BW: het hof ziet geen aanleiding om de mentor te ontslaan. Bekrachtiging beschikking rechtbank.\" \/>\n<meta property=\"og:url\" content=\"https:\/\/kohenavocats.com\/ru\/jurisprudences\/eclinlgharl20245044-gerechtshof-arnhem-leeuwarden-25-06-2024-200-336-251\/\" \/>\n<meta property=\"og:site_name\" content=\"Ma\u00eetre Hassan Kohen, avocat en droit p\u00e9nal \u00e0 Paris\" \/>\n<meta name=\"twitter:card\" content=\"summary_large_image\" \/>\n<meta name=\"twitter:label1\" content=\"\u041f\u0440\u0438\u043c\u0435\u0440\u043d\u043e\u0435 \u0432\u0440\u0435\u043c\u044f \u0434\u043b\u044f \u0447\u0442\u0435\u043d\u0438\u044f\" \/>\n\t<meta name=\"twitter:data1\" content=\"5 \u043c\u0438\u043d\u0443\u0442\" \/>\n<script type=\"application\/ld+json\" class=\"yoast-schema-graph\">{\"@context\":\"https:\\\/\\\/schema.org\",\"@graph\":[{\"@type\":\"WebPage\",\"@id\":\"https:\\\/\\\/kohenavocats.com\\\/ru\\\/jurisprudences\\\/eclinlgharl20245044-gerechtshof-arnhem-leeuwarden-25-06-2024-200-336-251\\\/\",\"url\":\"https:\\\/\\\/kohenavocats.com\\\/ru\\\/jurisprudences\\\/eclinlgharl20245044-gerechtshof-arnhem-leeuwarden-25-06-2024-200-336-251\\\/\",\"name\":\"ECLI:NL:GHARL:2024:5044 Gerechtshof Arnhem-Leeuwarden , 25-06-2024 \\\/ 200.336.251 - Ma\u00eetre Hassan Kohen, avocat en droit p\u00e9nal \u00e0 Paris\",\"isPartOf\":{\"@id\":\"https:\\\/\\\/kohenavocats.com\\\/ru\\\/#website\"},\"datePublished\":\"2026-04-23T03:46:51+00:00\",\"breadcrumb\":{\"@id\":\"https:\\\/\\\/kohenavocats.com\\\/ru\\\/jurisprudences\\\/eclinlgharl20245044-gerechtshof-arnhem-leeuwarden-25-06-2024-200-336-251\\\/#breadcrumb\"},\"inLanguage\":\"ru-RU\",\"potentialAction\":[{\"@type\":\"ReadAction\",\"target\":[\"https:\\\/\\\/kohenavocats.com\\\/ru\\\/jurisprudences\\\/eclinlgharl20245044-gerechtshof-arnhem-leeuwarden-25-06-2024-200-336-251\\\/\"]}]},{\"@type\":\"BreadcrumbList\",\"@id\":\"https:\\\/\\\/kohenavocats.com\\\/ru\\\/jurisprudences\\\/eclinlgharl20245044-gerechtshof-arnhem-leeuwarden-25-06-2024-200-336-251\\\/#breadcrumb\",\"itemListElement\":[{\"@type\":\"ListItem\",\"position\":1,\"name\":\"Home\",\"item\":\"https:\\\/\\\/kohenavocats.com\\\/ru\\\/avocats-en-droit-penal-a-paris-conseil-et-defense-strategique\\\/\"},{\"@type\":\"ListItem\",\"position\":2,\"name\":\"Jurisprudences\",\"item\":\"https:\\\/\\\/kohenavocats.com\\\/ru\\\/jurisprudences\\\/\"},{\"@type\":\"ListItem\",\"position\":3,\"name\":\"ECLI:NL:GHARL:2024:5044 Gerechtshof Arnhem-Leeuwarden , 25-06-2024 \\\/ 200.336.251\"}]},{\"@type\":\"WebSite\",\"@id\":\"https:\\\/\\\/kohenavocats.com\\\/ru\\\/#website\",\"url\":\"https:\\\/\\\/kohenavocats.com\\\/ru\\\/\",\"name\":\"Kohen Avocats\",\"description\":\"Ma\u00eetre Hassan Kohen, avocat p\u00e9naliste \u00e0 Paris, intervient exclusivement en droit p\u00e9nal pour la d\u00e9fense des particuliers, notamment en mati\u00e8re d\u2019accusations de viol. Il assure un accompagnement rigoureux d\u00e8s la garde \u00e0 vue jusqu\u2019\u00e0 la Cour d\u2019assises, veillant au strict respect des garanties proc\u00e9durales.\",\"publisher\":{\"@id\":\"https:\\\/\\\/kohenavocats.com\\\/ru\\\/#organization\"},\"potentialAction\":[{\"@type\":\"SearchAction\",\"target\":{\"@type\":\"EntryPoint\",\"urlTemplate\":\"https:\\\/\\\/kohenavocats.com\\\/ru\\\/?s={search_term_string}\"},\"query-input\":{\"@type\":\"PropertyValueSpecification\",\"valueRequired\":true,\"valueName\":\"search_term_string\"}}],\"inLanguage\":\"ru-RU\"},{\"@type\":\"Organization\",\"@id\":\"https:\\\/\\\/kohenavocats.com\\\/ru\\\/#organization\",\"name\":\"Kohen Avocats\",\"url\":\"https:\\\/\\\/kohenavocats.com\\\/ru\\\/\",\"logo\":{\"@type\":\"ImageObject\",\"inLanguage\":\"ru-RU\",\"@id\":\"https:\\\/\\\/kohenavocats.com\\\/ru\\\/#\\\/schema\\\/logo\\\/image\\\/\",\"url\":\"https:\\\/\\\/kohenavocats.com\\\/wp-content\\\/uploads\\\/2026\\\/01\\\/Logo-2-1.webp\",\"contentUrl\":\"https:\\\/\\\/kohenavocats.com\\\/wp-content\\\/uploads\\\/2026\\\/01\\\/Logo-2-1.webp\",\"width\":2114,\"height\":1253,\"caption\":\"Kohen Avocats\"},\"image\":{\"@id\":\"https:\\\/\\\/kohenavocats.com\\\/ru\\\/#\\\/schema\\\/logo\\\/image\\\/\"}}]}<\/script>\n<!-- \/ Yoast SEO Premium plugin. -->","yoast_head_json":{"title":"ECLI:NL:GHARL:2024:5044 Gerechtshof Arnhem-Leeuwarden , 25-06-2024 \/ 200.336.251 - Ma\u00eetre Hassan Kohen, avocat en droit p\u00e9nal \u00e0 Paris","robots":{"index":"index","follow":"follow","max-snippet":"max-snippet:-1","max-image-preview":"max-image-preview:large","max-video-preview":"max-video-preview:-1"},"canonical":"https:\/\/kohenavocats.com\/ru\/jurisprudences\/eclinlgharl20245044-gerechtshof-arnhem-leeuwarden-25-06-2024-200-336-251\/","og_locale":"ru_RU","og_type":"article","og_title":"ECLI:NL:GHARL:2024:5044 Gerechtshof Arnhem-Leeuwarden , 25-06-2024 \/ 200.336.251","og_description":"Artikel 1:461 lid 2 BW: het hof ziet geen aanleiding om de mentor te ontslaan. Bekrachtiging beschikking rechtbank.","og_url":"https:\/\/kohenavocats.com\/ru\/jurisprudences\/eclinlgharl20245044-gerechtshof-arnhem-leeuwarden-25-06-2024-200-336-251\/","og_site_name":"Ma\u00eetre Hassan Kohen, avocat en droit p\u00e9nal \u00e0 Paris","twitter_card":"summary_large_image","twitter_misc":{"\u041f\u0440\u0438\u043c\u0435\u0440\u043d\u043e\u0435 \u0432\u0440\u0435\u043c\u044f \u0434\u043b\u044f \u0447\u0442\u0435\u043d\u0438\u044f":"5 \u043c\u0438\u043d\u0443\u0442"},"schema":{"@context":"https:\/\/schema.org","@graph":[{"@type":"WebPage","@id":"https:\/\/kohenavocats.com\/ru\/jurisprudences\/eclinlgharl20245044-gerechtshof-arnhem-leeuwarden-25-06-2024-200-336-251\/","url":"https:\/\/kohenavocats.com\/ru\/jurisprudences\/eclinlgharl20245044-gerechtshof-arnhem-leeuwarden-25-06-2024-200-336-251\/","name":"ECLI:NL:GHARL:2024:5044 Gerechtshof Arnhem-Leeuwarden , 25-06-2024 \/ 200.336.251 - Ma\u00eetre Hassan Kohen, avocat en droit p\u00e9nal \u00e0 Paris","isPartOf":{"@id":"https:\/\/kohenavocats.com\/ru\/#website"},"datePublished":"2026-04-23T03:46:51+00:00","breadcrumb":{"@id":"https:\/\/kohenavocats.com\/ru\/jurisprudences\/eclinlgharl20245044-gerechtshof-arnhem-leeuwarden-25-06-2024-200-336-251\/#breadcrumb"},"inLanguage":"ru-RU","potentialAction":[{"@type":"ReadAction","target":["https:\/\/kohenavocats.com\/ru\/jurisprudences\/eclinlgharl20245044-gerechtshof-arnhem-leeuwarden-25-06-2024-200-336-251\/"]}]},{"@type":"BreadcrumbList","@id":"https:\/\/kohenavocats.com\/ru\/jurisprudences\/eclinlgharl20245044-gerechtshof-arnhem-leeuwarden-25-06-2024-200-336-251\/#breadcrumb","itemListElement":[{"@type":"ListItem","position":1,"name":"Home","item":"https:\/\/kohenavocats.com\/ru\/avocats-en-droit-penal-a-paris-conseil-et-defense-strategique\/"},{"@type":"ListItem","position":2,"name":"Jurisprudences","item":"https:\/\/kohenavocats.com\/ru\/jurisprudences\/"},{"@type":"ListItem","position":3,"name":"ECLI:NL:GHARL:2024:5044 Gerechtshof Arnhem-Leeuwarden , 25-06-2024 \/ 200.336.251"}]},{"@type":"WebSite","@id":"https:\/\/kohenavocats.com\/ru\/#website","url":"https:\/\/kohenavocats.com\/ru\/","name":"Kohen Avocats","description":"Ma\u00eetre Hassan Kohen, avocat p\u00e9naliste \u00e0 Paris, intervient exclusivement en droit p\u00e9nal pour la d\u00e9fense des particuliers, notamment en mati\u00e8re d\u2019accusations de viol. Il assure un accompagnement rigoureux d\u00e8s la garde \u00e0 vue jusqu\u2019\u00e0 la Cour d\u2019assises, veillant au strict respect des garanties proc\u00e9durales.","publisher":{"@id":"https:\/\/kohenavocats.com\/ru\/#organization"},"potentialAction":[{"@type":"SearchAction","target":{"@type":"EntryPoint","urlTemplate":"https:\/\/kohenavocats.com\/ru\/?s={search_term_string}"},"query-input":{"@type":"PropertyValueSpecification","valueRequired":true,"valueName":"search_term_string"}}],"inLanguage":"ru-RU"},{"@type":"Organization","@id":"https:\/\/kohenavocats.com\/ru\/#organization","name":"Kohen Avocats","url":"https:\/\/kohenavocats.com\/ru\/","logo":{"@type":"ImageObject","inLanguage":"ru-RU","@id":"https:\/\/kohenavocats.com\/ru\/#\/schema\/logo\/image\/","url":"https:\/\/kohenavocats.com\/wp-content\/uploads\/2026\/01\/Logo-2-1.webp","contentUrl":"https:\/\/kohenavocats.com\/wp-content\/uploads\/2026\/01\/Logo-2-1.webp","width":2114,"height":1253,"caption":"Kohen Avocats"},"image":{"@id":"https:\/\/kohenavocats.com\/ru\/#\/schema\/logo\/image\/"}}]}},"jetpack_likes_enabled":false,"jetpack_sharing_enabled":true,"_links":{"self":[{"href":"https:\/\/kohenavocats.com\/ru\/wp-json\/wp\/v2\/kji_decision\/655569","targetHints":{"allow":["GET"]}}],"collection":[{"href":"https:\/\/kohenavocats.com\/ru\/wp-json\/wp\/v2\/kji_decision"}],"about":[{"href":"https:\/\/kohenavocats.com\/ru\/wp-json\/wp\/v2\/types\/kji_decision"}],"wp:attachment":[{"href":"https:\/\/kohenavocats.com\/ru\/wp-json\/wp\/v2\/media?parent=655569"}],"wp:term":[{"taxonomy":"kji_country","embeddable":true,"href":"https:\/\/kohenavocats.com\/ru\/wp-json\/wp\/v2\/kji_country?post=655569"},{"taxonomy":"kji_court","embeddable":true,"href":"https:\/\/kohenavocats.com\/ru\/wp-json\/wp\/v2\/kji_court?post=655569"},{"taxonomy":"kji_chamber","embeddable":true,"href":"https:\/\/kohenavocats.com\/ru\/wp-json\/wp\/v2\/kji_chamber?post=655569"},{"taxonomy":"kji_year","embeddable":true,"href":"https:\/\/kohenavocats.com\/ru\/wp-json\/wp\/v2\/kji_year?post=655569"},{"taxonomy":"kji_subject","embeddable":true,"href":"https:\/\/kohenavocats.com\/ru\/wp-json\/wp\/v2\/kji_subject?post=655569"},{"taxonomy":"kji_keyword","embeddable":true,"href":"https:\/\/kohenavocats.com\/ru\/wp-json\/wp\/v2\/kji_keyword?post=655569"},{"taxonomy":"kji_language","embeddable":true,"href":"https:\/\/kohenavocats.com\/ru\/wp-json\/wp\/v2\/kji_language?post=655569"}],"curies":[{"name":"wp","href":"https:\/\/api.w.org\/{rel}","templated":true}]}}