{"id":656021,"date":"2026-04-23T06:34:54","date_gmt":"2026-04-23T04:34:54","guid":{"rendered":"https:\/\/kohenavocats.com\/jurisprudences\/eclinlrbdha202525283-rechtbank-den-haag-25-11-2025-c-09-693018-je-rk-25-1757\/"},"modified":"2026-04-23T06:34:54","modified_gmt":"2026-04-23T04:34:54","slug":"eclinlrbdha202525283-rechtbank-den-haag-25-11-2025-c-09-693018-je-rk-25-1757","status":"publish","type":"kji_decision","link":"https:\/\/kohenavocats.com\/ru\/jurisprudences\/eclinlrbdha202525283-rechtbank-den-haag-25-11-2025-c-09-693018-je-rk-25-1757\/","title":{"rendered":"ECLI:NL:RBDHA:2025:25283 Rechtbank Den Haag , 25-11-2025 \/ C\/09\/693018 \/ JE RK 25-1757"},"content":{"rendered":"<div class=\"kji-decision\">\n<div class=\"kji-full-text\">\n<p><strong>Inhoudsindicatie.<\/strong> verlenging ots in combinatie met eigen rechtsingang mj.<\/p>\n<h3>RECHTBANK DEN HAAG<\/h3>\n<p>Familie- en Jeugdrecht<\/p>\n<p>Zaaknummer: C\/09\/693018 \/ JE RK 25-1757<\/p>\n<p>Datum uitspraak: 25 november 2025<\/p>\n<p>Beschikking van de kinderrechter over een verlenging ondertoezichtstelling<\/p>\n<p>in de zaak van<\/p>\n<p>de gecertificeerde instelling Stichting Jeugdbescherming west Zuid-Holland, gevestigd te Leiden,<\/p>\n<p>hierna te noemen de gecertificeerde instelling,<\/p>\n<p>over<\/p>\n<p>[de minderjarige 1]<br \/>\n , geboren op [geboortedatum 1] 2012 in [geboorteplaats] ,<\/p>\n<p>hierna te noemen [de minderjarige 1] ,<\/p>\n<p>[de minderjarige 2]<br \/>\n , geboren op [geboortedatum 2] 2014 in [geboorteplaats] ,<\/p>\n<p>hierna te noemen [de minderjarige 2] ,<\/p>\n<p>[de minderjarige 3]<br \/>\n , geboren op [geboortedatum 3] 2016 in [geboorteplaats] ,<\/p>\n<p>hierna te noemen [de minderjarige 3] .<\/p>\n<p>De kinderrechter merkt als belanghebbenden aan:<\/p>\n<p>[de moeder]<br \/>\n ,<\/p>\n<p>hierna te noemen de moeder,<\/p>\n<p>wonende op een bij de rechtbank bekend adres,<\/p>\n<p>advocaat mr. B. Beekman uit Noordwijk,<\/p>\n<p>[de vader]<br \/>\n ,<\/p>\n<p>hierna te noemen de vader,<\/p>\n<p>wonende op een bij de rechtbank bekend adres.<\/p>\n<h3>1Het verloop van de procedure<\/h3>\n<p>De kinderrechter neemt de volgende stukken mee in de beoordeling:<\/p>\n<p>&#8212; het verzoekschrift met bijlagen, ontvangen op 14 oktober 2025;<\/p>\n<p>&#8212; de e-mail van de vader met bijlage(n) van 19 november 2025.<\/p>\n<p>Op 25 november 2025 is op de zitting van deze rechtbank zowel het onderhavige verzoek als de zaak naar aanleiding van de brieven van [de minderjarige 2] (de zogenaamde \u2018informele rechtsingang\u2019, zaak- en rekestnummer C\/09\/685667 \/ FA RK 25-3845) gecombineerd behandeld. Op het laatstgenoemde verzoek wordt bij afzonderlijke beschikking beslist.<\/p>\n<p>Daarbij waren aanwezig:<\/p>\n<p>&#8212; de vader;<\/p>\n<p>&#8212; de moeder met haar advocaat;<\/p>\n<p>&#8212; [naam] als vertegenwoordiger van de gecertificeerde instelling.<\/p>\n<p>De kinderrechter heeft [de minderjarige 1] , [de minderjarige 2] en [de minderjarige 3] naar hun mening gevraagd. [de minderjarige 2] en [de minderjarige 3] hebben hierover op 24 november 2025 in raadkamer een gesprek gevoerd met de kinderrechter. Tijdens de zitting heeft de kinderrechter samengevat wat [de minderjarige 2] en [de minderjarige 3] hebben verteld. De aanwezigen hebben daarop kunnen reageren. [de minderjarige 1] heeft geen mening gegeven.<\/p>\n<h3>2De feiten<\/h3>\n<p>[de minderjarige 1] , [de minderjarige 2] en [de minderjarige 3] zijn erkend door de vader.<\/p>\n<p>De vader en de moeder zijn belast met het ouderlijk gezag over [de minderjarige 1] , [de minderjarige 2] en [de minderjarige 3] .<\/p>\n<p>[de minderjarige 1] , [de minderjarige 2] en [de minderjarige 3] verblijven afwisselend bij de vader en de moeder.<\/p>\n<p>Bij beschikking van 2 december 2024 is de ondertoezichtstelling van [de minderjarige 1] , [de minderjarige 2] en [de minderjarige 3] uitgesproken. De ondertoezichtstelling geldt tot 2 december 2025.<\/p>\n<h3>3Het verzoek<\/h3>\n<p>De gecertificeerde instelling verzoekt de ondertoezichtstelling van [de minderjarige 1] , [de minderjarige 2] en [de minderjarige 3] te verlengen voor de duur van een jaar en de beslissing uitvoerbaar bij voorraad te verklaren.<\/p>\n<p>De gecertificeerde instelling heeft het verzoek \u2013 kort en zakelijk weergegeven \u2013 als volgt gemotiveerd.<\/p>\n<p>Binnen het gezin is sprake van een voortdurende dynamiek waarin beide ouders elkaar aanwijzen als veroorzaker van de zorgen. Deze wederzijdse beschuldigingen zorgen voor een gespannen sfeer, waarin de kinderen zich klem voelen tussen de loyaliteit naar beide ouders. Er is geen gezamenlijk ouderschap zichtbaar; communicatie tussen ouders verloopt moeizaam of via de kinderen, wat hen belast en belemmert in hun ontwikkeling.<\/p>\n<p>Deze dynamiek draagt bij aan het instandhouden van het patroon van psychosomatische klachten bij de kinderen, zoals buikpijn, hoofdpijn, concentratieproblemen en slaapproblemen. De kinderen geven aan dat zij minder bij vader willen zijn, maar het is nog niet duidelijk of deze wens voortkomt uit loyaliteit, spanning, of een gevoel van onveiligheid. Er zijn visieverschillen tussen de moeder en de hulpverleners: de moeder vindt dat de dagelijkse zorg voor de kinderen goed verloopt en wil vooral hulp voor de kinderen, terwijl de hulpverleners van mening zijn dat eerst een gezamenlijk oudertraject nodig is om de situatie te verbeteren. De moeder is terughoudend om samen met de vader een traject te volgen vanwege negatieve ervaringen en stress en geeft de voorkeur aan gescheiden begeleiding. De ouderlijke strijd maakt dat er geen stabiele basis is voor vrijwillige hulpverlening. Er is onvoldoende draagvlak voor samenwerking en de ouders zijn vooral gericht op het verdedigen van hun eigen positie. Hierdoor is het niet mogelijk om in een vrijwillig kader tot duurzame verandering te komen. De gecertificeerde instelling wil in de komende periode de ouderlijke dynamiek verder analyseren, de ouders confronteren met de impact hiervan op de kinderen en de wens van de kinderen om minder bij vader te zijn zorgvuldig onderzoeken.<\/p>\n<p>Gezien de complexiteit van de situatie en het feit dat het patroon nog niet is doorbroken, wordt een verlenging van de ondertoezichtstelling met twaalf maanden verzocht.<\/p>\n<h3>4De standpunten<\/h3>\n<p>De vader is het eens met verlenging van de ondertoezichtstelling. Er is nog steeds geen hulpverlening op gang gekomen die kan leiden tot een verandering in de situatie en dat gaat volgens de vader in het vrijwillige kader zeker niet lukken.<\/p>\n<p>Namens de moeder is primair verzocht om het verzoek tot verlenging van de ondertoezichtstelling af te wijzen en subsidiair om de ondertoezichtstelling te verlengen voor een kortere periode. Volgens de moeder is hulpverlening in het vrijwillig kader mogelijk. De ouders communiceren met elkaar, geven toestemming voor hulpverlening en staan daar ook voor open. Een dwingend kader is daarom volgens de moeder niet noodzakelijk.<\/p>\n<h3>5De beoordeling<\/h3>\n<p>De kinderrechter is van oordeel dat aan de voorwaarden voor een verlenging van de ondertoezichtstelling is voldaan. De kinderrechter legt hieronder uit waarom.<\/p>\n<p>De ontwikkeling van [de minderjarige 1] , [de minderjarige 2] en [de minderjarige 3] wordt nog steeds ernstig bedreigd. Op de zitting is gebleken dat er helaas pas sinds de zomer van 2025 een vaste jeugdbeschermer beschikbaar is voor het gezin. Er zijn wel gesprekken geweest, maar de kinderen hebben inmiddels aangegeven dat zij niet meer met de jeugdbeschermer willen praten. Er is (mede) daardoor nog altijd geen verandering gekomen in de situatie en de ontwikkelingsbedreiging van de kinderen is nog niet weggenomen. Ook is de periode nog te kort geweest om te werken aan de gestelde doelen van de ondertoezichtstelling en hiervoor de eventueel benodigde hulpverlening in te zetten. De kinderrechter is van oordeel dat de komende periode moet worden benut om alsnog aan de gestelde doelen van de ondertoezichtstelling te werken en om te bezien welke resultaten hiermee kunnen worden bereikt om op die manier de ontwikkelingsbedreiging van de kinderen weg te nemen of te verminderen.<\/p>\n<p>De ondertoezichtstelling is daarom naar het oordeel van de kinderrechter nog steeds nodig. De kinderrechter verlengt de ondertoezichtstelling van [de minderjarige 1] , [de minderjarige 2] en [de minderjarige 3] voor de duur van een jaar. De kinderrechter overweegt hiertoe dat de gezinsproblematiek complex is en dat er bij verlenging voor een kortere duur, zoals namens de moeder is bepleit, niet voldoende tijd zal zijn om een resultaat te bereiken.<\/p>\n<p>De beslissing wordt van rechtswege aangetekend in het gezagsregister.<\/p>\n<p>De kinderrechter verklaart de beslissing uitvoerbaar bij voorraad, zoals is verzocht. Dat wil zeggen dat de beslissing direct geldt, ook als iemand in hoger beroep gaat.<\/p>\n<h3>6De beslissing<\/h3>\n<p>De kinderrechter:<\/p>\n<p>verlengt de ondertoezichtstelling van [de minderjarige 1] , [de minderjarige 2] en [de minderjarige 3] tot 2 december 2026;<\/p>\n<p>verklaart deze beschikking uitvoerbaar bij voorraad.<\/p>\n<p>Deze beslissing is gegeven en in het openbaar uitgesproken op 25 november 2025 door mr. C.L. Strop, kinderrechter, in aanwezigheid van D. van den Born als griffier, en op schrift gesteld op 24 december 2025.<\/p>\n<p>Tegen eindbeslissingen in deze beschikking is hoger beroep mogelijk bij het gerechtshof Den Haag. Hiervoor is een advocaat nodig. Wie kunnen hoger beroep instellen:<\/p>\n<p>degenen aan wie een afschrift van de beschikking is verstrekt of verzonden, binnen drie maanden na de dag van de uitspraak;<\/p>\n<p>andere belanghebbenden, binnen drie maanden na de betekening van deze beschikking of binnen drie maanden nadat zij op andere wijze daarvan kennis hebben genomen.<\/p>\n<h3>Voetnoten<\/h3>\n<ol>\n<li>Artikel 1:260 BW.<\/li>\n<li>Artikel 2 Besluit gezagsregisters.<\/li>\n<\/ol>\n<\/div>\n<hr class=\"kji-sep\" \/>\n<p class=\"kji-source-links\"><strong>Sources officielles :<\/strong> <a class=\"kji-source-link\" href=\"http:\/\/deeplink.rechtspraak.nl\/uitspraak?id=ECLI:NL:RBDHA:2025:25283\" target=\"_blank\" rel=\"noopener noreferrer\">consulter la page source<\/a><\/p>\n<p class=\"kji-license-note\"><em>Rechtspraak.nl open data, Creative Commons Zero. Volume cible 1.8M decisions.<\/em><\/p>\n<\/div>\n","protected":false},"excerpt":{"rendered":"<p>verlenging ots in combinatie met eigen rechtsingang mj.<\/p>\n","protected":false},"featured_media":0,"template":"","meta":{"_crdt_document":""},"kji_country":[7669],"kji_court":[7670],"kji_chamber":[],"kji_year":[8463],"kji_subject":[7646],"kji_keyword":[26478,8379,7674,7675,10142],"kji_language":[7671],"class_list":["post-656021","kji_decision","type-kji_decision","status-publish","hentry","kji_country-pays-bas","kji_court-rechtbank-den-haag","kji_year-8463","kji_subject-divers","kji_keyword-combinatie","kji_keyword-eigen","kji_keyword-rbdha","kji_keyword-rechtbank","kji_keyword-verlenging","kji_language-nl"],"yoast_head":"<!-- This site is optimized with the Yoast SEO Premium plugin v27.5 (Yoast SEO v27.5) - https:\/\/yoast.com\/product\/yoast-seo-premium-wordpress\/ -->\n<title>ECLI:NL:RBDHA:2025:25283 Rechtbank Den Haag , 25-11-2025 \/ C\/09\/693018 \/ JE RK 25-1757 - Ma\u00eetre Hassan Kohen, avocat en droit p\u00e9nal \u00e0 Paris<\/title>\n<meta name=\"robots\" content=\"index, follow, max-snippet:-1, max-image-preview:large, max-video-preview:-1\" \/>\n<link rel=\"canonical\" href=\"https:\/\/kohenavocats.com\/ru\/jurisprudences\/eclinlrbdha202525283-rechtbank-den-haag-25-11-2025-c-09-693018-je-rk-25-1757\/\" \/>\n<meta property=\"og:locale\" content=\"ru_RU\" \/>\n<meta property=\"og:type\" content=\"article\" \/>\n<meta property=\"og:title\" content=\"ECLI:NL:RBDHA:2025:25283 Rechtbank Den Haag , 25-11-2025 \/ C\/09\/693018 \/ JE RK 25-1757\" \/>\n<meta property=\"og:description\" content=\"verlenging ots in combinatie met eigen rechtsingang mj.\" \/>\n<meta property=\"og:url\" content=\"https:\/\/kohenavocats.com\/ru\/jurisprudences\/eclinlrbdha202525283-rechtbank-den-haag-25-11-2025-c-09-693018-je-rk-25-1757\/\" \/>\n<meta property=\"og:site_name\" content=\"Ma\u00eetre Hassan Kohen, avocat en droit p\u00e9nal \u00e0 Paris\" \/>\n<meta name=\"twitter:card\" content=\"summary_large_image\" \/>\n<meta name=\"twitter:label1\" content=\"\u041f\u0440\u0438\u043c\u0435\u0440\u043d\u043e\u0435 \u0432\u0440\u0435\u043c\u044f \u0434\u043b\u044f \u0447\u0442\u0435\u043d\u0438\u044f\" \/>\n\t<meta name=\"twitter:data1\" content=\"6 \u043c\u0438\u043d\u0443\u0442\" \/>\n<script type=\"application\/ld+json\" class=\"yoast-schema-graph\">{\"@context\":\"https:\\\/\\\/schema.org\",\"@graph\":[{\"@type\":\"WebPage\",\"@id\":\"https:\\\/\\\/kohenavocats.com\\\/ru\\\/jurisprudences\\\/eclinlrbdha202525283-rechtbank-den-haag-25-11-2025-c-09-693018-je-rk-25-1757\\\/\",\"url\":\"https:\\\/\\\/kohenavocats.com\\\/ru\\\/jurisprudences\\\/eclinlrbdha202525283-rechtbank-den-haag-25-11-2025-c-09-693018-je-rk-25-1757\\\/\",\"name\":\"ECLI:NL:RBDHA:2025:25283 Rechtbank Den Haag , 25-11-2025 \\\/ C\\\/09\\\/693018 \\\/ JE RK 25-1757 - Ma\u00eetre Hassan Kohen, avocat en droit p\u00e9nal \u00e0 Paris\",\"isPartOf\":{\"@id\":\"https:\\\/\\\/kohenavocats.com\\\/ru\\\/#website\"},\"datePublished\":\"2026-04-23T04:34:54+00:00\",\"breadcrumb\":{\"@id\":\"https:\\\/\\\/kohenavocats.com\\\/ru\\\/jurisprudences\\\/eclinlrbdha202525283-rechtbank-den-haag-25-11-2025-c-09-693018-je-rk-25-1757\\\/#breadcrumb\"},\"inLanguage\":\"ru-RU\",\"potentialAction\":[{\"@type\":\"ReadAction\",\"target\":[\"https:\\\/\\\/kohenavocats.com\\\/ru\\\/jurisprudences\\\/eclinlrbdha202525283-rechtbank-den-haag-25-11-2025-c-09-693018-je-rk-25-1757\\\/\"]}]},{\"@type\":\"BreadcrumbList\",\"@id\":\"https:\\\/\\\/kohenavocats.com\\\/ru\\\/jurisprudences\\\/eclinlrbdha202525283-rechtbank-den-haag-25-11-2025-c-09-693018-je-rk-25-1757\\\/#breadcrumb\",\"itemListElement\":[{\"@type\":\"ListItem\",\"position\":1,\"name\":\"Home\",\"item\":\"https:\\\/\\\/kohenavocats.com\\\/ru\\\/avocats-en-droit-penal-a-paris-conseil-et-defense-strategique\\\/\"},{\"@type\":\"ListItem\",\"position\":2,\"name\":\"Jurisprudences\",\"item\":\"https:\\\/\\\/kohenavocats.com\\\/ru\\\/jurisprudences\\\/\"},{\"@type\":\"ListItem\",\"position\":3,\"name\":\"ECLI:NL:RBDHA:2025:25283 Rechtbank Den Haag , 25-11-2025 \\\/ C\\\/09\\\/693018 \\\/ JE RK 25-1757\"}]},{\"@type\":\"WebSite\",\"@id\":\"https:\\\/\\\/kohenavocats.com\\\/ru\\\/#website\",\"url\":\"https:\\\/\\\/kohenavocats.com\\\/ru\\\/\",\"name\":\"Kohen Avocats\",\"description\":\"Ma\u00eetre Hassan Kohen, avocat p\u00e9naliste \u00e0 Paris, intervient exclusivement en droit p\u00e9nal pour la d\u00e9fense des particuliers, notamment en mati\u00e8re d\u2019accusations de viol. Il assure un accompagnement rigoureux d\u00e8s la garde \u00e0 vue jusqu\u2019\u00e0 la Cour d\u2019assises, veillant au strict respect des garanties proc\u00e9durales.\",\"publisher\":{\"@id\":\"https:\\\/\\\/kohenavocats.com\\\/ru\\\/#organization\"},\"potentialAction\":[{\"@type\":\"SearchAction\",\"target\":{\"@type\":\"EntryPoint\",\"urlTemplate\":\"https:\\\/\\\/kohenavocats.com\\\/ru\\\/?s={search_term_string}\"},\"query-input\":{\"@type\":\"PropertyValueSpecification\",\"valueRequired\":true,\"valueName\":\"search_term_string\"}}],\"inLanguage\":\"ru-RU\"},{\"@type\":\"Organization\",\"@id\":\"https:\\\/\\\/kohenavocats.com\\\/ru\\\/#organization\",\"name\":\"Kohen Avocats\",\"url\":\"https:\\\/\\\/kohenavocats.com\\\/ru\\\/\",\"logo\":{\"@type\":\"ImageObject\",\"inLanguage\":\"ru-RU\",\"@id\":\"https:\\\/\\\/kohenavocats.com\\\/ru\\\/#\\\/schema\\\/logo\\\/image\\\/\",\"url\":\"https:\\\/\\\/kohenavocats.com\\\/wp-content\\\/uploads\\\/2026\\\/01\\\/Logo-2-1.webp\",\"contentUrl\":\"https:\\\/\\\/kohenavocats.com\\\/wp-content\\\/uploads\\\/2026\\\/01\\\/Logo-2-1.webp\",\"width\":2114,\"height\":1253,\"caption\":\"Kohen Avocats\"},\"image\":{\"@id\":\"https:\\\/\\\/kohenavocats.com\\\/ru\\\/#\\\/schema\\\/logo\\\/image\\\/\"}}]}<\/script>\n<!-- \/ Yoast SEO Premium plugin. -->","yoast_head_json":{"title":"ECLI:NL:RBDHA:2025:25283 Rechtbank Den Haag , 25-11-2025 \/ C\/09\/693018 \/ JE RK 25-1757 - Ma\u00eetre Hassan Kohen, avocat en droit p\u00e9nal \u00e0 Paris","robots":{"index":"index","follow":"follow","max-snippet":"max-snippet:-1","max-image-preview":"max-image-preview:large","max-video-preview":"max-video-preview:-1"},"canonical":"https:\/\/kohenavocats.com\/ru\/jurisprudences\/eclinlrbdha202525283-rechtbank-den-haag-25-11-2025-c-09-693018-je-rk-25-1757\/","og_locale":"ru_RU","og_type":"article","og_title":"ECLI:NL:RBDHA:2025:25283 Rechtbank Den Haag , 25-11-2025 \/ C\/09\/693018 \/ JE RK 25-1757","og_description":"verlenging ots in combinatie met eigen rechtsingang mj.","og_url":"https:\/\/kohenavocats.com\/ru\/jurisprudences\/eclinlrbdha202525283-rechtbank-den-haag-25-11-2025-c-09-693018-je-rk-25-1757\/","og_site_name":"Ma\u00eetre Hassan Kohen, avocat en droit p\u00e9nal \u00e0 Paris","twitter_card":"summary_large_image","twitter_misc":{"\u041f\u0440\u0438\u043c\u0435\u0440\u043d\u043e\u0435 \u0432\u0440\u0435\u043c\u044f \u0434\u043b\u044f \u0447\u0442\u0435\u043d\u0438\u044f":"6 \u043c\u0438\u043d\u0443\u0442"},"schema":{"@context":"https:\/\/schema.org","@graph":[{"@type":"WebPage","@id":"https:\/\/kohenavocats.com\/ru\/jurisprudences\/eclinlrbdha202525283-rechtbank-den-haag-25-11-2025-c-09-693018-je-rk-25-1757\/","url":"https:\/\/kohenavocats.com\/ru\/jurisprudences\/eclinlrbdha202525283-rechtbank-den-haag-25-11-2025-c-09-693018-je-rk-25-1757\/","name":"ECLI:NL:RBDHA:2025:25283 Rechtbank Den Haag , 25-11-2025 \/ C\/09\/693018 \/ JE RK 25-1757 - Ma\u00eetre Hassan Kohen, avocat en droit p\u00e9nal \u00e0 Paris","isPartOf":{"@id":"https:\/\/kohenavocats.com\/ru\/#website"},"datePublished":"2026-04-23T04:34:54+00:00","breadcrumb":{"@id":"https:\/\/kohenavocats.com\/ru\/jurisprudences\/eclinlrbdha202525283-rechtbank-den-haag-25-11-2025-c-09-693018-je-rk-25-1757\/#breadcrumb"},"inLanguage":"ru-RU","potentialAction":[{"@type":"ReadAction","target":["https:\/\/kohenavocats.com\/ru\/jurisprudences\/eclinlrbdha202525283-rechtbank-den-haag-25-11-2025-c-09-693018-je-rk-25-1757\/"]}]},{"@type":"BreadcrumbList","@id":"https:\/\/kohenavocats.com\/ru\/jurisprudences\/eclinlrbdha202525283-rechtbank-den-haag-25-11-2025-c-09-693018-je-rk-25-1757\/#breadcrumb","itemListElement":[{"@type":"ListItem","position":1,"name":"Home","item":"https:\/\/kohenavocats.com\/ru\/avocats-en-droit-penal-a-paris-conseil-et-defense-strategique\/"},{"@type":"ListItem","position":2,"name":"Jurisprudences","item":"https:\/\/kohenavocats.com\/ru\/jurisprudences\/"},{"@type":"ListItem","position":3,"name":"ECLI:NL:RBDHA:2025:25283 Rechtbank Den Haag , 25-11-2025 \/ C\/09\/693018 \/ JE RK 25-1757"}]},{"@type":"WebSite","@id":"https:\/\/kohenavocats.com\/ru\/#website","url":"https:\/\/kohenavocats.com\/ru\/","name":"Kohen Avocats","description":"Ma\u00eetre Hassan Kohen, avocat p\u00e9naliste \u00e0 Paris, intervient exclusivement en droit p\u00e9nal pour la d\u00e9fense des particuliers, notamment en mati\u00e8re d\u2019accusations de viol. Il assure un accompagnement rigoureux d\u00e8s la garde \u00e0 vue jusqu\u2019\u00e0 la Cour d\u2019assises, veillant au strict respect des garanties proc\u00e9durales.","publisher":{"@id":"https:\/\/kohenavocats.com\/ru\/#organization"},"potentialAction":[{"@type":"SearchAction","target":{"@type":"EntryPoint","urlTemplate":"https:\/\/kohenavocats.com\/ru\/?s={search_term_string}"},"query-input":{"@type":"PropertyValueSpecification","valueRequired":true,"valueName":"search_term_string"}}],"inLanguage":"ru-RU"},{"@type":"Organization","@id":"https:\/\/kohenavocats.com\/ru\/#organization","name":"Kohen Avocats","url":"https:\/\/kohenavocats.com\/ru\/","logo":{"@type":"ImageObject","inLanguage":"ru-RU","@id":"https:\/\/kohenavocats.com\/ru\/#\/schema\/logo\/image\/","url":"https:\/\/kohenavocats.com\/wp-content\/uploads\/2026\/01\/Logo-2-1.webp","contentUrl":"https:\/\/kohenavocats.com\/wp-content\/uploads\/2026\/01\/Logo-2-1.webp","width":2114,"height":1253,"caption":"Kohen Avocats"},"image":{"@id":"https:\/\/kohenavocats.com\/ru\/#\/schema\/logo\/image\/"}}]}},"jetpack_likes_enabled":false,"jetpack_sharing_enabled":true,"_links":{"self":[{"href":"https:\/\/kohenavocats.com\/ru\/wp-json\/wp\/v2\/kji_decision\/656021","targetHints":{"allow":["GET"]}}],"collection":[{"href":"https:\/\/kohenavocats.com\/ru\/wp-json\/wp\/v2\/kji_decision"}],"about":[{"href":"https:\/\/kohenavocats.com\/ru\/wp-json\/wp\/v2\/types\/kji_decision"}],"wp:attachment":[{"href":"https:\/\/kohenavocats.com\/ru\/wp-json\/wp\/v2\/media?parent=656021"}],"wp:term":[{"taxonomy":"kji_country","embeddable":true,"href":"https:\/\/kohenavocats.com\/ru\/wp-json\/wp\/v2\/kji_country?post=656021"},{"taxonomy":"kji_court","embeddable":true,"href":"https:\/\/kohenavocats.com\/ru\/wp-json\/wp\/v2\/kji_court?post=656021"},{"taxonomy":"kji_chamber","embeddable":true,"href":"https:\/\/kohenavocats.com\/ru\/wp-json\/wp\/v2\/kji_chamber?post=656021"},{"taxonomy":"kji_year","embeddable":true,"href":"https:\/\/kohenavocats.com\/ru\/wp-json\/wp\/v2\/kji_year?post=656021"},{"taxonomy":"kji_subject","embeddable":true,"href":"https:\/\/kohenavocats.com\/ru\/wp-json\/wp\/v2\/kji_subject?post=656021"},{"taxonomy":"kji_keyword","embeddable":true,"href":"https:\/\/kohenavocats.com\/ru\/wp-json\/wp\/v2\/kji_keyword?post=656021"},{"taxonomy":"kji_language","embeddable":true,"href":"https:\/\/kohenavocats.com\/ru\/wp-json\/wp\/v2\/kji_language?post=656021"}],"curies":[{"name":"wp","href":"https:\/\/api.w.org\/{rel}","templated":true}]}}