{"id":656117,"date":"2026-04-23T06:46:04","date_gmt":"2026-04-23T04:46:04","guid":{"rendered":"https:\/\/kohenavocats.com\/jurisprudences\/eclinlrbdha202525221-rechtbank-den-haag-25-11-2025-c-09-681966-fa-rk-25-1978\/"},"modified":"2026-04-23T06:46:04","modified_gmt":"2026-04-23T04:46:04","slug":"eclinlrbdha202525221-rechtbank-den-haag-25-11-2025-c-09-681966-fa-rk-25-1978","status":"publish","type":"kji_decision","link":"https:\/\/kohenavocats.com\/ru\/jurisprudences\/eclinlrbdha202525221-rechtbank-den-haag-25-11-2025-c-09-681966-fa-rk-25-1978\/","title":{"rendered":"ECLI:NL:RBDHA:2025:25221 Rechtbank Den Haag , 25-11-2025 \/ C\/09\/681966 \/ FA RK 25-1978"},"content":{"rendered":"<div class=\"kji-decision\">\n<div class=\"kji-full-text\">\n<p><strong>Inhoudsindicatie.<\/strong> Voornaamswijziging<\/p>\n<p>Rechtbank DEN HAAG<\/p>\n<p>Enkelvoudige kamer<\/p>\n<p>Rekestnummer: FA RK 25-1978<\/p>\n<p>Zaaknummer: C\/09\/681966<\/p>\n<p>Datum beschikking: 25 november 2025<\/p>\n<h3>Voornaamswijziging en vaststellen geboortegegevens<\/h3>\n<h3>Beschikking op het op 14 maart 2025 ingekomen verzoekschrift van:<\/h3>\n<h3>[verzoeker] ,<\/h3>\n<p>verzoeker,<\/p>\n<p>wonende op een voor de rechtbank bekend adres,<\/p>\n<p>advocaat: mr. E.P.J. Appelman te Alkmaar.<\/p>\n<p>Als belanghebbende wordt aangemerkt:<\/p>\n<h3>de ambtenaar van de burgerlijke stand van de gemeente \u2019s-Gravenhage,<\/h3>\n<p>zetelend te \u2019s-Gravenhage,<\/p>\n<p>de ambtenaar.<\/p>\n<h3>Procedure<\/h3>\n<p>De rechtbank heeft kennisgenomen van de stukken, waaronder:<\/p>\n<p>\uf02d het verzoekschrift van 12 maart 2025, met bijlagen, van de zijde van verzoeker;<\/p>\n<p>\uf02d het F9 formulier van 28 maart 2025, met bijlagen, van de zijde van verzoeker;<\/p>\n<p>\uf02d het F9 formulier van 15 april 2025, met bijlage, van de zijde van verzoeker;<\/p>\n<p>\uf02d de brief van 13 juni 2025 van de zijde van de ambtenaar;<\/p>\n<p>\uf02d de brief van 23 september 2025 van de zijde van de ambtenaar;<\/p>\n<p>\uf02d de brief van 8 oktober 2025 van de zijde van de ambtenaar;<\/p>\n<p>\uf02d het F9 formulier van 10 oktober 2025 van de zijde van verzoeker.<\/p>\n<h3>Verzoek<\/h3>\n<p>Het verzoekschrift strekt ertoe dat de rechtbank last geeft tot wijziging van de voornamen van verzoeker van \u2018[voornamen]\u2019 in \u2018[voornaam]\u2019 en dat de rechtbank daarbij de geboortegegevens van verzoeker vaststelt.<\/p>\n<p>De ambtenaar is geen belanghebbende ten aanzien van de verzochte voornaamswijziging, zodat hij zich refereert aan het oordeel van de rechtbank. De ambtenaar heeft aangegeven geen bezwaar te hebben tegen vaststelling van de volgende geboortegegevens:<\/p>\n<p>Geslachtsnaam: [geslachtsnaam]<\/p>\n<p>Voornamen: [voornamen]<\/p>\n<p>Plaats van geboorte: [geboorteplaats], Iran<\/p>\n<p>Dag van geboorte: [geboortedatum]1996<\/p>\n<p>Geslacht: mannelijk<\/p>\n<h3>Feiten<\/h3>\n<p>\uf02d Uit de Basisregistratie personen blijkt dat verzoeker geboren is op [geboortedatum] 1996 te [geboorteplaats], Iran.<\/p>\n<p>\uf02d Bij Koninklijk Besluit van 25 november 2024, met nummer 2024002696, heeft verzoeker de Nederlandse nationaliteit verkregen.<\/p>\n<p>\uf02d In de registers van de Burgerlijke stand van de gemeente \u2019s-Gravenhage komt geen geboorteakte van verzoeker voor.<\/p>\n<h3>Beoordeling<\/h3>\n<p>Rechtsmacht en toepasselijk recht<\/p>\n<p>Nu verzoeker in Nederland woont, heeft de Nederlandse rechter rechtsmacht op grond van artikel 3 aanhef en onder a van het Wetboek van Burgerlijke Rechtsvordering.<\/p>\n<p>Het verzoek tot vaststelling van de geboortegegevens is gegrond op artikel 1:25c van het Burgerlijk Wetboek (BW). De rechtbank zal op dit verzoek Nederlands recht als haar interne recht toepassen.<\/p>\n<p>Op grond van artikel 10:20 BW is Nederlands recht op het verzoek tot voornaamswijziging van toepassing.<\/p>\n<p>Beoordeling<\/p>\n<p>De rechtbank stelt voorop dat een voornaamswijziging \u2013 als toegewezen \u2013 pas tot stand komt doordat van de beschikking waarbij de voornaamswijziging is gelast een latere vermelding aan de geboorteakte wordt toegevoegd. Nu de rechtbank, zoals hierna zal blijken, het verzoek tot wijziging van de voornaam zal toewijzen, zal de rechtbank eerst het vaststellen van de geboortegegevens bespreken.<\/p>\n<p>Vaststellen geboortegegevens<\/p>\n<p>Ontvankelijkheid<\/p>\n<p>Op grond van het eerste lid van artikel 1:25c BW kan, als ten aanzien van een buiten Nederland geboren persoon geen akte van geboorte overeenkomstig de plaatselijke voorschriften door een bevoegde instantie is opgemaakt of kan worden overgelegd, op verzoek van het openbaar ministerie, van een belanghebbende of van de ambtenaar de rechtbank te Den Haag de voor het opmaken van een geboorteakte noodzakelijke gegevens vaststellen, als:<\/p>\n<p>die persoon Nederlander is of te eniger tijd Nederlander dan wel Nederlands onderdaan niet-Nederlander is geweest;<\/p>\n<p>die persoon rechtmatig verblijft op grond van artikel 8, onder c en d, van de Vreemdelingenwet 2000;<\/p>\n<p>op grond van Boek 1 van het Burgerlijk Wetboek een latere vermelding aan de akte van geboorte moet worden toegevoegd.<\/p>\n<p>Aangezien verzoeker de Nederlandse nationaliteit heeft, kan verzoeker worden ontvangen in zijn verzoek.<\/p>\n<p>Inhoudelijke beoordeling<\/p>\n<p>In Nederland is geen geboorteakte ten name van verzoeker ingeschreven. Verzoeker heeft een Iraanse geboorteakte overgelegd, voorzien van een door een in Nederland be\u00ebdigde vertaler opgemaakte Nederlandstalige vertaling. Voor zover aan de hand van de kopie valt te beoordelen, voldoet de vertaling niet aan de vereisten van be\u00ebdigde vertaling in Iran en aan de vereiste legalisaties. Volgens de ambtenaar komt het document om die reden niet in aanmerking voor (ambtshalve) inschrijving in de registers van de burgerlijke stand van de gemeente \u2019s-Gravenhage. De rechtbank acht voldoende aannemelijk dat verzoeker niet kan beschikken over een overeenkomstig de plaatselijke voorschriften door een bevoegde instantie opgemaakte, voor inschrijving in de registers in Nederland vatbare, geboorteakte.<\/p>\n<p>De ambtenaar heeft in het verweerschrift aangegeven geen bezwaar te hebben tegen vaststelling van de geboortegegevens van verzoeker conform zijn voorstel.<\/p>\n<p>De rechtbank is van oordeel dat uit de overgelegde stukken voldoende aanwijzingen zijn verkregen over de omstandigheden waaronder, de datum waarop en de plaats waar de geboorte van verzoeker moet hebben plaatsgehad. Daarom zal de rechtbank op de voet van artikel 1:4 lid 4 BW de geboortegegevens vaststellen, zoals door de ambtenaar van de burgerlijke stand voorgesteld en door verzoeker bevestigd.<\/p>\n<p>Voornaamswijziging<\/p>\n<p>Naar het oordeel van de rechtbank is voldoende gebleken van een zwaarwichtig belang bij toewijzing van het verzoek tot voornaamswijziging. De gevraagde voornaam is geoorloofd naar de maatstaven van artikel 1:4, tweede lid, BW. De rechtbank zal dat verzoek derhalve toewijzen.<\/p>\n<p>Van de voornaamswijziging zal een latere vermelding worden toegevoegd aan de op te maken geboorteakte.<\/p>\n<h3>Beslissing<\/h3>\n<p>De rechtbank:<\/p>\n<p>stelt van verzoeker de volgende geboortegegevens vast:<\/p>\n<p>Geslachtsnaam : [geslachtsnaam]<br \/>\nVoornamen : [voornamen]<br \/>\nGeboortedatum : [geboortedatum]1996<br \/>\nGeboorteplaats : [geboorteplaats], Iran<br \/>\nGeslacht : mannelijk<\/p>\n<p>gelast de wijziging van de voornamen van verzoeker in die zin dat de voornaam zal luiden: \u201c[voornaam]\u201d.<\/p>\n<p>Deze beschikking is gegeven door mr. H.M. Boone, rechter, tevens kinderrechter, bijgestaan door mr. M. Meijer als griffier, en uitgesproken ter openbare zitting van 25 november 2025.<\/p>\n<\/div>\n<hr class=\"kji-sep\" \/>\n<p class=\"kji-source-links\"><strong>Sources officielles :<\/strong> <a class=\"kji-source-link\" href=\"http:\/\/deeplink.rechtspraak.nl\/uitspraak?id=ECLI:NL:RBDHA:2025:25221\" target=\"_blank\" rel=\"noopener noreferrer\">consulter la page source<\/a><\/p>\n<p class=\"kji-license-note\"><em>Rechtspraak.nl open data, Creative Commons Zero. Volume cible 1.8M decisions.<\/em><\/p>\n<\/div>\n","protected":false},"excerpt":{"rendered":"<p>Voornaamswijziging<\/p>\n","protected":false},"featured_media":0,"template":"","meta":{"_crdt_document":""},"kji_country":[7669],"kji_court":[7670],"kji_chamber":[],"kji_year":[8463],"kji_subject":[7646],"kji_keyword":[7674,7675,9888],"kji_language":[7671],"class_list":["post-656117","kji_decision","type-kji_decision","status-publish","hentry","kji_country-pays-bas","kji_court-rechtbank-den-haag","kji_year-8463","kji_subject-divers","kji_keyword-rbdha","kji_keyword-rechtbank","kji_keyword-voornaamswijziging","kji_language-nl"],"yoast_head":"<!-- This site is optimized with the Yoast SEO Premium plugin v27.5 (Yoast SEO v27.5) - https:\/\/yoast.com\/product\/yoast-seo-premium-wordpress\/ -->\n<title>ECLI:NL:RBDHA:2025:25221 Rechtbank Den Haag , 25-11-2025 \/ C\/09\/681966 \/ FA RK 25-1978 - Ma\u00eetre Hassan Kohen, avocat en droit p\u00e9nal \u00e0 Paris<\/title>\n<meta name=\"robots\" content=\"index, follow, max-snippet:-1, max-image-preview:large, max-video-preview:-1\" \/>\n<link rel=\"canonical\" href=\"https:\/\/kohenavocats.com\/ru\/jurisprudences\/eclinlrbdha202525221-rechtbank-den-haag-25-11-2025-c-09-681966-fa-rk-25-1978\/\" \/>\n<meta property=\"og:locale\" content=\"ru_RU\" \/>\n<meta property=\"og:type\" content=\"article\" \/>\n<meta property=\"og:title\" content=\"ECLI:NL:RBDHA:2025:25221 Rechtbank Den Haag , 25-11-2025 \/ C\/09\/681966 \/ FA RK 25-1978\" \/>\n<meta property=\"og:description\" content=\"Voornaamswijziging\" \/>\n<meta property=\"og:url\" content=\"https:\/\/kohenavocats.com\/ru\/jurisprudences\/eclinlrbdha202525221-rechtbank-den-haag-25-11-2025-c-09-681966-fa-rk-25-1978\/\" \/>\n<meta property=\"og:site_name\" content=\"Ma\u00eetre Hassan Kohen, avocat en droit p\u00e9nal \u00e0 Paris\" \/>\n<meta name=\"twitter:card\" content=\"summary_large_image\" \/>\n<meta name=\"twitter:label1\" content=\"\u041f\u0440\u0438\u043c\u0435\u0440\u043d\u043e\u0435 \u0432\u0440\u0435\u043c\u044f \u0434\u043b\u044f \u0447\u0442\u0435\u043d\u0438\u044f\" \/>\n\t<meta name=\"twitter:data1\" content=\"4 \u043c\u0438\u043d\u0443\u0442\u044b\" \/>\n<script type=\"application\/ld+json\" class=\"yoast-schema-graph\">{\"@context\":\"https:\\\/\\\/schema.org\",\"@graph\":[{\"@type\":\"WebPage\",\"@id\":\"https:\\\/\\\/kohenavocats.com\\\/ru\\\/jurisprudences\\\/eclinlrbdha202525221-rechtbank-den-haag-25-11-2025-c-09-681966-fa-rk-25-1978\\\/\",\"url\":\"https:\\\/\\\/kohenavocats.com\\\/ru\\\/jurisprudences\\\/eclinlrbdha202525221-rechtbank-den-haag-25-11-2025-c-09-681966-fa-rk-25-1978\\\/\",\"name\":\"ECLI:NL:RBDHA:2025:25221 Rechtbank Den Haag , 25-11-2025 \\\/ C\\\/09\\\/681966 \\\/ FA RK 25-1978 - Ma\u00eetre Hassan Kohen, avocat en droit p\u00e9nal \u00e0 Paris\",\"isPartOf\":{\"@id\":\"https:\\\/\\\/kohenavocats.com\\\/ru\\\/#website\"},\"datePublished\":\"2026-04-23T04:46:04+00:00\",\"breadcrumb\":{\"@id\":\"https:\\\/\\\/kohenavocats.com\\\/ru\\\/jurisprudences\\\/eclinlrbdha202525221-rechtbank-den-haag-25-11-2025-c-09-681966-fa-rk-25-1978\\\/#breadcrumb\"},\"inLanguage\":\"ru-RU\",\"potentialAction\":[{\"@type\":\"ReadAction\",\"target\":[\"https:\\\/\\\/kohenavocats.com\\\/ru\\\/jurisprudences\\\/eclinlrbdha202525221-rechtbank-den-haag-25-11-2025-c-09-681966-fa-rk-25-1978\\\/\"]}]},{\"@type\":\"BreadcrumbList\",\"@id\":\"https:\\\/\\\/kohenavocats.com\\\/ru\\\/jurisprudences\\\/eclinlrbdha202525221-rechtbank-den-haag-25-11-2025-c-09-681966-fa-rk-25-1978\\\/#breadcrumb\",\"itemListElement\":[{\"@type\":\"ListItem\",\"position\":1,\"name\":\"Home\",\"item\":\"https:\\\/\\\/kohenavocats.com\\\/ru\\\/avocats-en-droit-penal-a-paris-conseil-et-defense-strategique\\\/\"},{\"@type\":\"ListItem\",\"position\":2,\"name\":\"Jurisprudences\",\"item\":\"https:\\\/\\\/kohenavocats.com\\\/ru\\\/jurisprudences\\\/\"},{\"@type\":\"ListItem\",\"position\":3,\"name\":\"ECLI:NL:RBDHA:2025:25221 Rechtbank Den Haag , 25-11-2025 \\\/ C\\\/09\\\/681966 \\\/ FA RK 25-1978\"}]},{\"@type\":\"WebSite\",\"@id\":\"https:\\\/\\\/kohenavocats.com\\\/ru\\\/#website\",\"url\":\"https:\\\/\\\/kohenavocats.com\\\/ru\\\/\",\"name\":\"Kohen Avocats\",\"description\":\"Ma\u00eetre Hassan Kohen, avocat p\u00e9naliste \u00e0 Paris, intervient exclusivement en droit p\u00e9nal pour la d\u00e9fense des particuliers, notamment en mati\u00e8re d\u2019accusations de viol. Il assure un accompagnement rigoureux d\u00e8s la garde \u00e0 vue jusqu\u2019\u00e0 la Cour d\u2019assises, veillant au strict respect des garanties proc\u00e9durales.\",\"publisher\":{\"@id\":\"https:\\\/\\\/kohenavocats.com\\\/ru\\\/#organization\"},\"potentialAction\":[{\"@type\":\"SearchAction\",\"target\":{\"@type\":\"EntryPoint\",\"urlTemplate\":\"https:\\\/\\\/kohenavocats.com\\\/ru\\\/?s={search_term_string}\"},\"query-input\":{\"@type\":\"PropertyValueSpecification\",\"valueRequired\":true,\"valueName\":\"search_term_string\"}}],\"inLanguage\":\"ru-RU\"},{\"@type\":\"Organization\",\"@id\":\"https:\\\/\\\/kohenavocats.com\\\/ru\\\/#organization\",\"name\":\"Kohen Avocats\",\"url\":\"https:\\\/\\\/kohenavocats.com\\\/ru\\\/\",\"logo\":{\"@type\":\"ImageObject\",\"inLanguage\":\"ru-RU\",\"@id\":\"https:\\\/\\\/kohenavocats.com\\\/ru\\\/#\\\/schema\\\/logo\\\/image\\\/\",\"url\":\"https:\\\/\\\/kohenavocats.com\\\/wp-content\\\/uploads\\\/2026\\\/01\\\/Logo-2-1.webp\",\"contentUrl\":\"https:\\\/\\\/kohenavocats.com\\\/wp-content\\\/uploads\\\/2026\\\/01\\\/Logo-2-1.webp\",\"width\":2114,\"height\":1253,\"caption\":\"Kohen Avocats\"},\"image\":{\"@id\":\"https:\\\/\\\/kohenavocats.com\\\/ru\\\/#\\\/schema\\\/logo\\\/image\\\/\"}}]}<\/script>\n<!-- \/ Yoast SEO Premium plugin. -->","yoast_head_json":{"title":"ECLI:NL:RBDHA:2025:25221 Rechtbank Den Haag , 25-11-2025 \/ C\/09\/681966 \/ FA RK 25-1978 - Ma\u00eetre Hassan Kohen, avocat en droit p\u00e9nal \u00e0 Paris","robots":{"index":"index","follow":"follow","max-snippet":"max-snippet:-1","max-image-preview":"max-image-preview:large","max-video-preview":"max-video-preview:-1"},"canonical":"https:\/\/kohenavocats.com\/ru\/jurisprudences\/eclinlrbdha202525221-rechtbank-den-haag-25-11-2025-c-09-681966-fa-rk-25-1978\/","og_locale":"ru_RU","og_type":"article","og_title":"ECLI:NL:RBDHA:2025:25221 Rechtbank Den Haag , 25-11-2025 \/ C\/09\/681966 \/ FA RK 25-1978","og_description":"Voornaamswijziging","og_url":"https:\/\/kohenavocats.com\/ru\/jurisprudences\/eclinlrbdha202525221-rechtbank-den-haag-25-11-2025-c-09-681966-fa-rk-25-1978\/","og_site_name":"Ma\u00eetre Hassan Kohen, avocat en droit p\u00e9nal \u00e0 Paris","twitter_card":"summary_large_image","twitter_misc":{"\u041f\u0440\u0438\u043c\u0435\u0440\u043d\u043e\u0435 \u0432\u0440\u0435\u043c\u044f \u0434\u043b\u044f \u0447\u0442\u0435\u043d\u0438\u044f":"4 \u043c\u0438\u043d\u0443\u0442\u044b"},"schema":{"@context":"https:\/\/schema.org","@graph":[{"@type":"WebPage","@id":"https:\/\/kohenavocats.com\/ru\/jurisprudences\/eclinlrbdha202525221-rechtbank-den-haag-25-11-2025-c-09-681966-fa-rk-25-1978\/","url":"https:\/\/kohenavocats.com\/ru\/jurisprudences\/eclinlrbdha202525221-rechtbank-den-haag-25-11-2025-c-09-681966-fa-rk-25-1978\/","name":"ECLI:NL:RBDHA:2025:25221 Rechtbank Den Haag , 25-11-2025 \/ C\/09\/681966 \/ FA RK 25-1978 - Ma\u00eetre Hassan Kohen, avocat en droit p\u00e9nal \u00e0 Paris","isPartOf":{"@id":"https:\/\/kohenavocats.com\/ru\/#website"},"datePublished":"2026-04-23T04:46:04+00:00","breadcrumb":{"@id":"https:\/\/kohenavocats.com\/ru\/jurisprudences\/eclinlrbdha202525221-rechtbank-den-haag-25-11-2025-c-09-681966-fa-rk-25-1978\/#breadcrumb"},"inLanguage":"ru-RU","potentialAction":[{"@type":"ReadAction","target":["https:\/\/kohenavocats.com\/ru\/jurisprudences\/eclinlrbdha202525221-rechtbank-den-haag-25-11-2025-c-09-681966-fa-rk-25-1978\/"]}]},{"@type":"BreadcrumbList","@id":"https:\/\/kohenavocats.com\/ru\/jurisprudences\/eclinlrbdha202525221-rechtbank-den-haag-25-11-2025-c-09-681966-fa-rk-25-1978\/#breadcrumb","itemListElement":[{"@type":"ListItem","position":1,"name":"Home","item":"https:\/\/kohenavocats.com\/ru\/avocats-en-droit-penal-a-paris-conseil-et-defense-strategique\/"},{"@type":"ListItem","position":2,"name":"Jurisprudences","item":"https:\/\/kohenavocats.com\/ru\/jurisprudences\/"},{"@type":"ListItem","position":3,"name":"ECLI:NL:RBDHA:2025:25221 Rechtbank Den Haag , 25-11-2025 \/ C\/09\/681966 \/ FA RK 25-1978"}]},{"@type":"WebSite","@id":"https:\/\/kohenavocats.com\/ru\/#website","url":"https:\/\/kohenavocats.com\/ru\/","name":"Kohen Avocats","description":"Ma\u00eetre Hassan Kohen, avocat p\u00e9naliste \u00e0 Paris, intervient exclusivement en droit p\u00e9nal pour la d\u00e9fense des particuliers, notamment en mati\u00e8re d\u2019accusations de viol. Il assure un accompagnement rigoureux d\u00e8s la garde \u00e0 vue jusqu\u2019\u00e0 la Cour d\u2019assises, veillant au strict respect des garanties proc\u00e9durales.","publisher":{"@id":"https:\/\/kohenavocats.com\/ru\/#organization"},"potentialAction":[{"@type":"SearchAction","target":{"@type":"EntryPoint","urlTemplate":"https:\/\/kohenavocats.com\/ru\/?s={search_term_string}"},"query-input":{"@type":"PropertyValueSpecification","valueRequired":true,"valueName":"search_term_string"}}],"inLanguage":"ru-RU"},{"@type":"Organization","@id":"https:\/\/kohenavocats.com\/ru\/#organization","name":"Kohen Avocats","url":"https:\/\/kohenavocats.com\/ru\/","logo":{"@type":"ImageObject","inLanguage":"ru-RU","@id":"https:\/\/kohenavocats.com\/ru\/#\/schema\/logo\/image\/","url":"https:\/\/kohenavocats.com\/wp-content\/uploads\/2026\/01\/Logo-2-1.webp","contentUrl":"https:\/\/kohenavocats.com\/wp-content\/uploads\/2026\/01\/Logo-2-1.webp","width":2114,"height":1253,"caption":"Kohen Avocats"},"image":{"@id":"https:\/\/kohenavocats.com\/ru\/#\/schema\/logo\/image\/"}}]}},"jetpack_likes_enabled":false,"jetpack_sharing_enabled":true,"_links":{"self":[{"href":"https:\/\/kohenavocats.com\/ru\/wp-json\/wp\/v2\/kji_decision\/656117","targetHints":{"allow":["GET"]}}],"collection":[{"href":"https:\/\/kohenavocats.com\/ru\/wp-json\/wp\/v2\/kji_decision"}],"about":[{"href":"https:\/\/kohenavocats.com\/ru\/wp-json\/wp\/v2\/types\/kji_decision"}],"wp:attachment":[{"href":"https:\/\/kohenavocats.com\/ru\/wp-json\/wp\/v2\/media?parent=656117"}],"wp:term":[{"taxonomy":"kji_country","embeddable":true,"href":"https:\/\/kohenavocats.com\/ru\/wp-json\/wp\/v2\/kji_country?post=656117"},{"taxonomy":"kji_court","embeddable":true,"href":"https:\/\/kohenavocats.com\/ru\/wp-json\/wp\/v2\/kji_court?post=656117"},{"taxonomy":"kji_chamber","embeddable":true,"href":"https:\/\/kohenavocats.com\/ru\/wp-json\/wp\/v2\/kji_chamber?post=656117"},{"taxonomy":"kji_year","embeddable":true,"href":"https:\/\/kohenavocats.com\/ru\/wp-json\/wp\/v2\/kji_year?post=656117"},{"taxonomy":"kji_subject","embeddable":true,"href":"https:\/\/kohenavocats.com\/ru\/wp-json\/wp\/v2\/kji_subject?post=656117"},{"taxonomy":"kji_keyword","embeddable":true,"href":"https:\/\/kohenavocats.com\/ru\/wp-json\/wp\/v2\/kji_keyword?post=656117"},{"taxonomy":"kji_language","embeddable":true,"href":"https:\/\/kohenavocats.com\/ru\/wp-json\/wp\/v2\/kji_language?post=656117"}],"curies":[{"name":"wp","href":"https:\/\/api.w.org\/{rel}","templated":true}]}}