{"id":656118,"date":"2026-04-23T06:46:07","date_gmt":"2026-04-23T04:46:07","guid":{"rendered":"https:\/\/kohenavocats.com\/jurisprudences\/eclinlrbdha202525229-rechtbank-den-haag-25-11-2025-c-09-688010-ha-rk-25-347\/"},"modified":"2026-04-23T06:46:07","modified_gmt":"2026-04-23T04:46:07","slug":"eclinlrbdha202525229-rechtbank-den-haag-25-11-2025-c-09-688010-ha-rk-25-347","status":"publish","type":"kji_decision","link":"https:\/\/kohenavocats.com\/ru\/jurisprudences\/eclinlrbdha202525229-rechtbank-den-haag-25-11-2025-c-09-688010-ha-rk-25-347\/","title":{"rendered":"ECLI:NL:RBDHA:2025:25229 Rechtbank Den Haag , 25-11-2025 \/ C\/09\/688010 \/ HA RK 25-347"},"content":{"rendered":"<div class=\"kji-decision\">\n<div class=\"kji-full-text\">\n<p><strong>Inhoudsindicatie.<\/strong> Vaststelling staatloosheid<\/p>\n<p>Rechtbank DEN HAAG<\/p>\n<p>Enkelvoudige kamer<\/p>\n<p>Rekestnummer: HA RK 25-347<\/p>\n<p>Zaaknummer: C\/09\/688010<\/p>\n<p>Datum beschikking: 25 november 2025<\/p>\n<h3>Vaststelling van staatloosheid<\/h3>\n<h3>Beschikking op het op 7 juli 2025 ingekomen verzoekschrift van:<\/h3>\n<h3>[verzoeker] ,<\/h3>\n<p>verzoeker,<\/p>\n<p>wonende op een bij de rechtbank bekend adres,<\/p>\n<p>advocaat: mr. J. Hemelaar te Leiden.<\/p>\n<p>Als belanghebbende wordt aangemerkt:<\/p>\n<h3>DE STAAT DER NEDERLANDEN,<\/h3>\n<p>(Ministerie van Justitie en Veiligheid, Immigratie- en Naturalisatiedienst,<\/p>\n<p>verder te noemen \u201cde Staat\u201d),<\/p>\n<p>zetelende te \u2019s-Gravenhage,<\/p>\n<p>vertegenwoordigd door: mr. C. Wesenbeek.<\/p>\n<h3>Procedure<\/h3>\n<p>De rechtbank heeft kennisgenomen van de stukken, waaronder:<\/p>\n<p>&#8212; het verzoekschrift, met bijlagen;<\/p>\n<p>&#8212; de brief van 27 augustus 2025, met bijlagen, van de Staat;<\/p>\n<p>&#8212; de brief van 2 september 2025 van verzoeker.<\/p>\n<h3>Verzoek en het advies van de Staat<\/h3>\n<p>Het verzoekschrift strekt tot vaststelling van staatloosheid van verzoeker, met veroordeling van de Staat in de kosten van deze procedure.<\/p>\n<p>De Staat adviseert het verzoek ten aanzien van de vaststelling van staatloosheid van verzoeker toe te wijzen.<\/p>\n<p>Omdat het advies van de Staat overeenstemt met wat is verzocht, heeft de rechtbank aanleiding gezien om zonder mondelinge behandeling op het verzoek te beslissen. Partijen hebben hiermee ingestemd.<\/p>\n<h3>Feiten<\/h3>\n<p>De volgende feiten blijken uit het dossier dan wel zijn door de Staat vastgesteld, zodat de rechtbank deze als vaststaand aanneemt.<\/p>\n<p>&#8212; Verzoeker is geboren op [geboortedatum] 2005 te Syri\u00eb.<\/p>\n<p>&#8212; Verzoeker heeft vanaf zijn geboorte tot aan zijn vlucht naar Nederland (via Turkije en Itali\u00eb) in Syri\u00eb en Libanon verbleven.<\/p>\n<p>&#8212; Verzoeker is op 15 juli 2022 Nederland ingereisd en met ingang van 17 juli 2022 is aan hem een verblijfsvergunning asiel verleend, die geldig is tot 17 juli 2027.<\/p>\n<p>&#8212; Verzoeker beschikt over een origineel reisdocument voor Palestijnse vluchtelingen in Syri\u00eb en een originele identiteitskaart voor Palestijnse vluchtelingen in Syri\u00eb. Beide documenten zijn door Bureau Documenten van de IND en de Koninklijke Marechaussee onderzocht en echt bevonden.<\/p>\n<p>&#8212; Verzoeker beschikt ook over een origineel individueel uittreksel algemeen orgaan voor de Palestijns-Arabische Vluchtelingen (GAPAR), een origineel familieboekje GAPAR van 5 februari 2000, een origineel familieboekje GAPAR van 14 april 2008 en een uittreksel familieregister GAPAR van 4 september 2022. Deze documenten zijn onderzocht door Bureau Documenten en met een aan zekerheid grenzende waarschijnlijkheid echt bevonden.<\/p>\n<h3>Beoordeling<\/h3>\n<p>Juridisch kader<\/p>\n<p>Het verzoek is gebaseerd op artikel 2 van de Wet van 7 juni 2023, houdende regels met betrekking tot de vaststelling van staatloosheid, Staatsblad 2023, 230 (Wet vaststellingsprocedure staatloosheid).<\/p>\n<p>Op basis van lid 1 van genoemd artikel kan een ieder die, buiten een bij enige rechterlijke instantie aanhangige zaak, daarbij onmiddellijk belang heeft en in Nederland zijn woonplaats of gewone verblijfplaats heeft, bij deze rechtbank een verzoek indienen tot vaststelling van zijn staatloosheid. Het verzoek kan ook strekken tot de vaststelling dat de betrokkene op een bepaald tijdstip staatloos was. De rechtbank stelt op basis van lid 2 van dit artikel de staatloosheid vast, indien hem niet is gebleken dat de betrokkene door enige staat, krachtens diens wetgeving, als onderdaan wordt beschouwd.<\/p>\n<p>Ontvankelijkheid<\/p>\n<p>De rechtbank stelt vast dat verzoeker in Nederland woont. Verder is niet in geschil dat verzoeker onmiddellijk belang heeft bij het verzoek tot vaststelling van staatloosheid, zodat hij ontvankelijk is in zijn verzoek.<\/p>\n<p>Relevante landen<\/p>\n<p>De rechtbank ziet aanleiding om de Palestijnse Gebieden en Syri\u00eb in haar beoordeling over de staatloosheid van verzoeker te betrekken. Dit omdat verzoeker stelt, net zoals zijn ouders, van Palestijnse afkomst te zijn en in Syri\u00eb te zijn geboren en daar het grootste deel van zijn leven te hebben gewoond. De rechtbank ziet met de Staat geen aanknopingspunten om Libanon in haar beoordeling over de staatloosheid van verzoeker te betrekken.<\/p>\n<p>Wordt verzoeker als onderdaan van de Palestijnse Gebieden beschouwd?<\/p>\n<p>Gelet op de door verzoeker overgelegde documenten \u2013 welke documenten (waarschijnlijk) positief zijn beoordeeld door Bureau Documenten van de IND en de Koninklijke Marechaussee \u2013 is het aannemelijk dat verzoeker van Palestijnse afkomst is. Voor zover verzoeker de Palestijnse nationaliteit heeft, geldt het volgende.<\/p>\n<p>Uit het \u2018Algemeen Ambtsbericht Palestijnse Gebieden\u2019 (april 2022) van het Ministerie van Buitenlandse Zaken en de \u2018Werkinstructie SUA\u2019 van 11 december 2020 van de IND (nummer en titel: WI 2020\/19 Palestijnen, hierna te noemen: de Werkinstructie) volgt dat Nederland de staat Palestina, en dus ook de Palestijnse nationaliteit, niet erkent. Voor Nederland gelden Palestijnen uit de Palestijnse gebieden daarom als staatloos.<\/p>\n<p>Wordt verzoeker als onderdaan van Syri\u00eb beschouwd?<\/p>\n<p>Op grond van de nationaliteitswetgeving van Syri\u00eb (decreet 276 uit 1969; bevestiging hiervan is te vinden in het \u2018Algemeen Ambtsbericht Syri\u00eb\u2019 (mei 2022) van het Ministerie van Buitenlandse Zaken) kan de Syrische nationaliteit onder andere worden verkregen door afstamming van een Syrische vader. Een moeder kan naar Syrisch nationaliteitsrecht haar nationaliteit alleen doorgeven in het geval het kind is geboren in Syri\u00eb en de vader het kind niet heeft erkend. Van deze situaties is in dit geval niet gebleken, zodat het niet aannemelijk is dat verzoeker de Syrische nationaliteit via zijn vader of moeder kan hebben verkregen. Verzoeker beschikt ook over een Syrisch reisdocument voor Palestijnse vluchtelingen en een Syrische identiteitskaart voor Palestijnse vluchtelingen, zodat aannemelijk is dat de Syrische overheid verzoeker beschouwt als Palestijn zonder de Syrische nationaliteit.<\/p>\n<p>Uit de Werkinstructie volgt dat Palestijnen in Syri\u00eb in principe staatloos zijn en niet kunnen naturaliseren.<\/p>\n<p>Gelet op het voorgaande vindt de rechtbank het niet aannemelijk dat verzoeker beschikt over de nationaliteit van Syri\u00eb.<\/p>\n<p>Conclusie<\/p>\n<p>De rechtbank stelt vast dat niet is gebleken dat verzoeker door enige staat, krachtens diens wetgeving, als onderdaan wordt beschouwd, zodat de staatloosheid van verzoeker kan worden vastgesteld.<\/p>\n<p>Proceskosten<\/p>\n<p>De rechtbank ziet geen aanleiding voor een veroordeling van de Staat in de proceskosten van verzoeker en zal het verzoek daartoe afwijzen.<\/p>\n<h3>Beslissing<\/h3>\n<p>De rechtbank:<\/p>\n<p>*<\/p>\n<p>stelt vast dat verzoeker staatloos is;<\/p>\n<p>*<\/p>\n<p>wijst af het meer of anders verzochte.<\/p>\n<p>Deze beschikking is gegeven door mr. A.M. Brakel, rechter, bijgestaan door mr. S.G.J. Verkennis als griffier en uitgesproken ter openbare zitting van 25 november 2025.<\/p>\n<\/div>\n<hr class=\"kji-sep\" \/>\n<p class=\"kji-source-links\"><strong>Sources officielles :<\/strong> <a class=\"kji-source-link\" href=\"http:\/\/deeplink.rechtspraak.nl\/uitspraak?id=ECLI:NL:RBDHA:2025:25229\" target=\"_blank\" rel=\"noopener noreferrer\">consulter la page source<\/a><\/p>\n<p class=\"kji-license-note\"><em>Rechtspraak.nl open data, Creative Commons Zero. Volume cible 1.8M decisions.<\/em><\/p>\n<\/div>\n","protected":false},"excerpt":{"rendered":"<p>Vaststelling staatloosheid<\/p>\n","protected":false},"featured_media":0,"template":"","meta":{"_crdt_document":""},"kji_country":[7669],"kji_court":[7670],"kji_chamber":[],"kji_year":[8463],"kji_subject":[7646],"kji_keyword":[7674,7675,12282,10646],"kji_language":[7671],"class_list":["post-656118","kji_decision","type-kji_decision","status-publish","hentry","kji_country-pays-bas","kji_court-rechtbank-den-haag","kji_year-8463","kji_subject-divers","kji_keyword-rbdha","kji_keyword-rechtbank","kji_keyword-staatloosheid","kji_keyword-vaststelling","kji_language-nl"],"yoast_head":"<!-- This site is optimized with the Yoast SEO Premium plugin v27.4 (Yoast SEO v27.4) - https:\/\/yoast.com\/product\/yoast-seo-premium-wordpress\/ -->\n<title>ECLI:NL:RBDHA:2025:25229 Rechtbank Den Haag , 25-11-2025 \/ C\/09\/688010 \/ HA RK 25-347 - Ma\u00eetre Hassan Kohen, avocat en droit p\u00e9nal \u00e0 Paris<\/title>\n<meta name=\"robots\" content=\"index, follow, max-snippet:-1, max-image-preview:large, max-video-preview:-1\" \/>\n<link rel=\"canonical\" href=\"https:\/\/kohenavocats.com\/ru\/jurisprudences\/eclinlrbdha202525229-rechtbank-den-haag-25-11-2025-c-09-688010-ha-rk-25-347\/\" \/>\n<meta property=\"og:locale\" content=\"ru_RU\" \/>\n<meta property=\"og:type\" content=\"article\" \/>\n<meta property=\"og:title\" content=\"ECLI:NL:RBDHA:2025:25229 Rechtbank Den Haag , 25-11-2025 \/ C\/09\/688010 \/ HA RK 25-347\" \/>\n<meta property=\"og:description\" content=\"Vaststelling staatloosheid\" \/>\n<meta property=\"og:url\" content=\"https:\/\/kohenavocats.com\/ru\/jurisprudences\/eclinlrbdha202525229-rechtbank-den-haag-25-11-2025-c-09-688010-ha-rk-25-347\/\" \/>\n<meta property=\"og:site_name\" content=\"Ma\u00eetre Hassan Kohen, avocat en droit p\u00e9nal \u00e0 Paris\" \/>\n<meta name=\"twitter:card\" content=\"summary_large_image\" \/>\n<meta name=\"twitter:label1\" content=\"\u041f\u0440\u0438\u043c\u0435\u0440\u043d\u043e\u0435 \u0432\u0440\u0435\u043c\u044f \u0434\u043b\u044f \u0447\u0442\u0435\u043d\u0438\u044f\" \/>\n\t<meta name=\"twitter:data1\" content=\"5 \u043c\u0438\u043d\u0443\u0442\" \/>\n<script type=\"application\/ld+json\" class=\"yoast-schema-graph\">{\"@context\":\"https:\\\/\\\/schema.org\",\"@graph\":[{\"@type\":\"WebPage\",\"@id\":\"https:\\\/\\\/kohenavocats.com\\\/ru\\\/jurisprudences\\\/eclinlrbdha202525229-rechtbank-den-haag-25-11-2025-c-09-688010-ha-rk-25-347\\\/\",\"url\":\"https:\\\/\\\/kohenavocats.com\\\/ru\\\/jurisprudences\\\/eclinlrbdha202525229-rechtbank-den-haag-25-11-2025-c-09-688010-ha-rk-25-347\\\/\",\"name\":\"ECLI:NL:RBDHA:2025:25229 Rechtbank Den Haag , 25-11-2025 \\\/ C\\\/09\\\/688010 \\\/ HA RK 25-347 - Ma\u00eetre Hassan Kohen, avocat en droit p\u00e9nal \u00e0 Paris\",\"isPartOf\":{\"@id\":\"https:\\\/\\\/kohenavocats.com\\\/ru\\\/#website\"},\"datePublished\":\"2026-04-23T04:46:07+00:00\",\"breadcrumb\":{\"@id\":\"https:\\\/\\\/kohenavocats.com\\\/ru\\\/jurisprudences\\\/eclinlrbdha202525229-rechtbank-den-haag-25-11-2025-c-09-688010-ha-rk-25-347\\\/#breadcrumb\"},\"inLanguage\":\"ru-RU\",\"potentialAction\":[{\"@type\":\"ReadAction\",\"target\":[\"https:\\\/\\\/kohenavocats.com\\\/ru\\\/jurisprudences\\\/eclinlrbdha202525229-rechtbank-den-haag-25-11-2025-c-09-688010-ha-rk-25-347\\\/\"]}]},{\"@type\":\"BreadcrumbList\",\"@id\":\"https:\\\/\\\/kohenavocats.com\\\/ru\\\/jurisprudences\\\/eclinlrbdha202525229-rechtbank-den-haag-25-11-2025-c-09-688010-ha-rk-25-347\\\/#breadcrumb\",\"itemListElement\":[{\"@type\":\"ListItem\",\"position\":1,\"name\":\"Home\",\"item\":\"https:\\\/\\\/kohenavocats.com\\\/ru\\\/avocats-en-droit-penal-a-paris-conseil-et-defense-strategique\\\/\"},{\"@type\":\"ListItem\",\"position\":2,\"name\":\"Jurisprudences\",\"item\":\"https:\\\/\\\/kohenavocats.com\\\/ru\\\/jurisprudences\\\/\"},{\"@type\":\"ListItem\",\"position\":3,\"name\":\"ECLI:NL:RBDHA:2025:25229 Rechtbank Den Haag , 25-11-2025 \\\/ C\\\/09\\\/688010 \\\/ HA RK 25-347\"}]},{\"@type\":\"WebSite\",\"@id\":\"https:\\\/\\\/kohenavocats.com\\\/ru\\\/#website\",\"url\":\"https:\\\/\\\/kohenavocats.com\\\/ru\\\/\",\"name\":\"Kohen Avocats\",\"description\":\"Ma\u00eetre Hassan Kohen, avocat p\u00e9naliste \u00e0 Paris, intervient exclusivement en droit p\u00e9nal pour la d\u00e9fense des particuliers, notamment en mati\u00e8re d\u2019accusations de viol. Il assure un accompagnement rigoureux d\u00e8s la garde \u00e0 vue jusqu\u2019\u00e0 la Cour d\u2019assises, veillant au strict respect des garanties proc\u00e9durales.\",\"publisher\":{\"@id\":\"https:\\\/\\\/kohenavocats.com\\\/ru\\\/#organization\"},\"potentialAction\":[{\"@type\":\"SearchAction\",\"target\":{\"@type\":\"EntryPoint\",\"urlTemplate\":\"https:\\\/\\\/kohenavocats.com\\\/ru\\\/?s={search_term_string}\"},\"query-input\":{\"@type\":\"PropertyValueSpecification\",\"valueRequired\":true,\"valueName\":\"search_term_string\"}}],\"inLanguage\":\"ru-RU\"},{\"@type\":\"Organization\",\"@id\":\"https:\\\/\\\/kohenavocats.com\\\/ru\\\/#organization\",\"name\":\"Kohen Avocats\",\"url\":\"https:\\\/\\\/kohenavocats.com\\\/ru\\\/\",\"logo\":{\"@type\":\"ImageObject\",\"inLanguage\":\"ru-RU\",\"@id\":\"https:\\\/\\\/kohenavocats.com\\\/ru\\\/#\\\/schema\\\/logo\\\/image\\\/\",\"url\":\"https:\\\/\\\/kohenavocats.com\\\/wp-content\\\/uploads\\\/2026\\\/01\\\/Logo-2-1.webp\",\"contentUrl\":\"https:\\\/\\\/kohenavocats.com\\\/wp-content\\\/uploads\\\/2026\\\/01\\\/Logo-2-1.webp\",\"width\":2114,\"height\":1253,\"caption\":\"Kohen Avocats\"},\"image\":{\"@id\":\"https:\\\/\\\/kohenavocats.com\\\/ru\\\/#\\\/schema\\\/logo\\\/image\\\/\"}}]}<\/script>\n<!-- \/ Yoast SEO Premium plugin. -->","yoast_head_json":{"title":"ECLI:NL:RBDHA:2025:25229 Rechtbank Den Haag , 25-11-2025 \/ C\/09\/688010 \/ HA RK 25-347 - Ma\u00eetre Hassan Kohen, avocat en droit p\u00e9nal \u00e0 Paris","robots":{"index":"index","follow":"follow","max-snippet":"max-snippet:-1","max-image-preview":"max-image-preview:large","max-video-preview":"max-video-preview:-1"},"canonical":"https:\/\/kohenavocats.com\/ru\/jurisprudences\/eclinlrbdha202525229-rechtbank-den-haag-25-11-2025-c-09-688010-ha-rk-25-347\/","og_locale":"ru_RU","og_type":"article","og_title":"ECLI:NL:RBDHA:2025:25229 Rechtbank Den Haag , 25-11-2025 \/ C\/09\/688010 \/ HA RK 25-347","og_description":"Vaststelling staatloosheid","og_url":"https:\/\/kohenavocats.com\/ru\/jurisprudences\/eclinlrbdha202525229-rechtbank-den-haag-25-11-2025-c-09-688010-ha-rk-25-347\/","og_site_name":"Ma\u00eetre Hassan Kohen, avocat en droit p\u00e9nal \u00e0 Paris","twitter_card":"summary_large_image","twitter_misc":{"\u041f\u0440\u0438\u043c\u0435\u0440\u043d\u043e\u0435 \u0432\u0440\u0435\u043c\u044f \u0434\u043b\u044f \u0447\u0442\u0435\u043d\u0438\u044f":"5 \u043c\u0438\u043d\u0443\u0442"},"schema":{"@context":"https:\/\/schema.org","@graph":[{"@type":"WebPage","@id":"https:\/\/kohenavocats.com\/ru\/jurisprudences\/eclinlrbdha202525229-rechtbank-den-haag-25-11-2025-c-09-688010-ha-rk-25-347\/","url":"https:\/\/kohenavocats.com\/ru\/jurisprudences\/eclinlrbdha202525229-rechtbank-den-haag-25-11-2025-c-09-688010-ha-rk-25-347\/","name":"ECLI:NL:RBDHA:2025:25229 Rechtbank Den Haag , 25-11-2025 \/ C\/09\/688010 \/ HA RK 25-347 - Ma\u00eetre Hassan Kohen, avocat en droit p\u00e9nal \u00e0 Paris","isPartOf":{"@id":"https:\/\/kohenavocats.com\/ru\/#website"},"datePublished":"2026-04-23T04:46:07+00:00","breadcrumb":{"@id":"https:\/\/kohenavocats.com\/ru\/jurisprudences\/eclinlrbdha202525229-rechtbank-den-haag-25-11-2025-c-09-688010-ha-rk-25-347\/#breadcrumb"},"inLanguage":"ru-RU","potentialAction":[{"@type":"ReadAction","target":["https:\/\/kohenavocats.com\/ru\/jurisprudences\/eclinlrbdha202525229-rechtbank-den-haag-25-11-2025-c-09-688010-ha-rk-25-347\/"]}]},{"@type":"BreadcrumbList","@id":"https:\/\/kohenavocats.com\/ru\/jurisprudences\/eclinlrbdha202525229-rechtbank-den-haag-25-11-2025-c-09-688010-ha-rk-25-347\/#breadcrumb","itemListElement":[{"@type":"ListItem","position":1,"name":"Home","item":"https:\/\/kohenavocats.com\/ru\/avocats-en-droit-penal-a-paris-conseil-et-defense-strategique\/"},{"@type":"ListItem","position":2,"name":"Jurisprudences","item":"https:\/\/kohenavocats.com\/ru\/jurisprudences\/"},{"@type":"ListItem","position":3,"name":"ECLI:NL:RBDHA:2025:25229 Rechtbank Den Haag , 25-11-2025 \/ C\/09\/688010 \/ HA RK 25-347"}]},{"@type":"WebSite","@id":"https:\/\/kohenavocats.com\/ru\/#website","url":"https:\/\/kohenavocats.com\/ru\/","name":"Kohen Avocats","description":"Ma\u00eetre Hassan Kohen, avocat p\u00e9naliste \u00e0 Paris, intervient exclusivement en droit p\u00e9nal pour la d\u00e9fense des particuliers, notamment en mati\u00e8re d\u2019accusations de viol. Il assure un accompagnement rigoureux d\u00e8s la garde \u00e0 vue jusqu\u2019\u00e0 la Cour d\u2019assises, veillant au strict respect des garanties proc\u00e9durales.","publisher":{"@id":"https:\/\/kohenavocats.com\/ru\/#organization"},"potentialAction":[{"@type":"SearchAction","target":{"@type":"EntryPoint","urlTemplate":"https:\/\/kohenavocats.com\/ru\/?s={search_term_string}"},"query-input":{"@type":"PropertyValueSpecification","valueRequired":true,"valueName":"search_term_string"}}],"inLanguage":"ru-RU"},{"@type":"Organization","@id":"https:\/\/kohenavocats.com\/ru\/#organization","name":"Kohen Avocats","url":"https:\/\/kohenavocats.com\/ru\/","logo":{"@type":"ImageObject","inLanguage":"ru-RU","@id":"https:\/\/kohenavocats.com\/ru\/#\/schema\/logo\/image\/","url":"https:\/\/kohenavocats.com\/wp-content\/uploads\/2026\/01\/Logo-2-1.webp","contentUrl":"https:\/\/kohenavocats.com\/wp-content\/uploads\/2026\/01\/Logo-2-1.webp","width":2114,"height":1253,"caption":"Kohen Avocats"},"image":{"@id":"https:\/\/kohenavocats.com\/ru\/#\/schema\/logo\/image\/"}}]}},"jetpack_likes_enabled":false,"jetpack_sharing_enabled":true,"_links":{"self":[{"href":"https:\/\/kohenavocats.com\/ru\/wp-json\/wp\/v2\/kji_decision\/656118","targetHints":{"allow":["GET"]}}],"collection":[{"href":"https:\/\/kohenavocats.com\/ru\/wp-json\/wp\/v2\/kji_decision"}],"about":[{"href":"https:\/\/kohenavocats.com\/ru\/wp-json\/wp\/v2\/types\/kji_decision"}],"wp:attachment":[{"href":"https:\/\/kohenavocats.com\/ru\/wp-json\/wp\/v2\/media?parent=656118"}],"wp:term":[{"taxonomy":"kji_country","embeddable":true,"href":"https:\/\/kohenavocats.com\/ru\/wp-json\/wp\/v2\/kji_country?post=656118"},{"taxonomy":"kji_court","embeddable":true,"href":"https:\/\/kohenavocats.com\/ru\/wp-json\/wp\/v2\/kji_court?post=656118"},{"taxonomy":"kji_chamber","embeddable":true,"href":"https:\/\/kohenavocats.com\/ru\/wp-json\/wp\/v2\/kji_chamber?post=656118"},{"taxonomy":"kji_year","embeddable":true,"href":"https:\/\/kohenavocats.com\/ru\/wp-json\/wp\/v2\/kji_year?post=656118"},{"taxonomy":"kji_subject","embeddable":true,"href":"https:\/\/kohenavocats.com\/ru\/wp-json\/wp\/v2\/kji_subject?post=656118"},{"taxonomy":"kji_keyword","embeddable":true,"href":"https:\/\/kohenavocats.com\/ru\/wp-json\/wp\/v2\/kji_keyword?post=656118"},{"taxonomy":"kji_language","embeddable":true,"href":"https:\/\/kohenavocats.com\/ru\/wp-json\/wp\/v2\/kji_language?post=656118"}],"curies":[{"name":"wp","href":"https:\/\/api.w.org\/{rel}","templated":true}]}}