{"id":656794,"date":"2026-04-23T08:01:26","date_gmt":"2026-04-23T06:01:26","guid":{"rendered":"https:\/\/kohenavocats.com\/jurisprudences\/eclinlghams20251597-gerechtshof-amsterdam-17-06-2025-200-354-715-01-ok\/"},"modified":"2026-04-23T08:01:26","modified_gmt":"2026-04-23T06:01:26","slug":"eclinlghams20251597-gerechtshof-amsterdam-17-06-2025-200-354-715-01-ok","status":"publish","type":"kji_decision","link":"https:\/\/kohenavocats.com\/ru\/jurisprudences\/eclinlghams20251597-gerechtshof-amsterdam-17-06-2025-200-354-715-01-ok\/","title":{"rendered":"ECLI:NL:GHAMS:2025:1597 Gerechtshof Amsterdam , 17-06-2025 \/ 200.354.715\/01 OK"},"content":{"rendered":"<div class=\"kji-decision\">\n<div class=\"kji-full-text\">\n<p><strong>Inhoudsindicatie.<\/strong> OK; enqu\u00eate; aanwijzing leden raad van toezicht<\/p>\n<p>beschikking<\/p>\n<p>___________________________________________________________________<\/p>\n<p>GERECHTSHOF AMSTERDAM<\/p>\n<p>ONDERNEMINGSKAMER<\/p>\n<p>zaaknummer: 200.354.715\/01 OK<\/p>\n<p>beschikking van de Ondernemingskamer van 17 juni 2025<\/p>\n<p>inzake<\/p>\n<h3>1FNV PERSONEEL,<\/h3>\n<p>gevestigd te Utrecht,<\/p>\n<p>2. 480 LEDEN VAN DE VERENIGING FEDERATIE NEDERLANDSE VAKBEWEGING,<\/p>\n<p>als vermeld op de lijst die als bijlage aan de beschikking van 13 juni 2025 in deze zaak is gehecht,<\/p>\n<p>VERZOEKSTERS,<\/p>\n<p>advocaat: mr. J.D.A. Domela Nieuwenhuis, kantoorhoudende te Amsterdam,<\/p>\n<p>t e g e n<\/p>\n<p>de vereniging met volledige rechtsbevoegdheid,<\/p>\n<p>FEDERATIE NEDERLANDSE VAKBEWEGING,<\/p>\n<p>gevestigd te Utrecht,<\/p>\n<p>VERWEERSTER,<\/p>\n<p>niet verschenen,<\/p>\n<p>e n t e g e n<\/p>\n<h3>1HET INTERIM-BESTUUR VAN DE FEDERATIE NEDERLANDSE VAKBEWEGING,<\/h3>\n<p>BELANGHEBBENDE,<\/p>\n<p>advocaat: mr. S.M. Marges, kantoorhoudende te Utrecht,<\/p>\n<h3>2DE RAAD VAN TOEZICHT VAN DE FEDERATIE NEDERLANDSE VAKBEWEGING,<\/h3>\n<p>gevestigd te Utrecht,<\/p>\n<p>BELANGHEBBENDE,<\/p>\n<p>advocaat: mr. M.W. Josephus Jitta, kantoorhoudende te Amsterdam,<\/p>\n<p>3. DE ONDERNEMINGSRAAD VAN DE FEDERATIE NEDERLANDSE VAKBEWEGING,<\/p>\n<p>gevestigd te Utrecht,<\/p>\n<p>4. DE SECTORRAAD OVERHEID VAN DE FEDERATIE NEDERLANDSE VAKBEWEGING,<\/p>\n<p>gevestigd te Utrecht,<\/p>\n<p>5. DE SECTORRAAD VERVOER VAN DE FEDERATIE NEDERLANDSE VAKBEWEGING,<\/p>\n<p>gevestigd te Utrecht,<\/p>\n<p>6. DE SECTORRAAD DIENSTEN VAN DE FEDERATIE NEDERLANDSE VAKBEWEGING,<\/p>\n<p>gevestigd te Utrecht,<\/p>\n<p>7. DE SECTORRAAD UITKERINGSGERECHTIGDEN VAN DE FEDERATIE NEDERLANDSE VAKBEWEGING,<\/p>\n<p>gevestigd te Utrecht,<\/p>\n<p>8. DE SECTORRAAD ZORG EN WELZIJN VAN DE FEDERATIE NEDERLANDSE VAKBEWEGING,<\/p>\n<p>gevestigd te Utrecht,<\/p>\n<p>9. DE SECTORRAAD METAAL VAN DE FEDERATIE NEDERLANDSE VAKBEWEGING,<\/p>\n<p>gevestigd te Utrecht,<\/p>\n<p>BELANGHEBBENDEN,<\/p>\n<p>advocaten: mr. D. Schwartz en mr. L.C.J. Sprengers, beiden kantoorhoudende te Utrecht,<\/p>\n<h3>10HET LEDENPARLEMENT VAN DE FEDERATIE NEDERLANDSE VAKBEWEGING,<\/h3>\n<p>gevestigd te Utrecht,<\/p>\n<p>BELANGHEBBENDE,<\/p>\n<p>advocaat: mr. O.J.W. Schotel en mr. R.J. Lam\u00e9ris, beiden kantoorhoudende te Amsterdam,<\/p>\n<h3>11DE WERKORGANISATIE VAN DE FEDERATIE NEDERLANDSE VAKBEWEGING,<\/h3>\n<p>gevestigd te Utrecht,<\/p>\n<p>BELANGHEBBENDE,<\/p>\n<p>advocaat: mr. S.C.M. van Thiel, kantoorhoudende te Amsterdam.<\/p>\n<p>Hierna zullen verweerster en belanghebbende sub 2 worden aangeduid als respectievelijk FNV en de raad van toezicht.<\/p>\n<p>1. Het verloop van het geding<\/p>\n<p>Voor het verloop van het geding verwijst de Ondernemingskamer naar haar beschikking van 13 juni 2025 in deze zaak.<\/p>\n<p>Bij die beschikking van 13 juni 2025 heeft de Ondernemingskamer \u2013 voor zover nu van belang \u2013 een onderzoek bevolen naar het beleid en de gang van zaken van FNV. Daarnaast heeft Ondernemingskamer bij wijze van onmiddellijke voorziening met onmiddellijke ingang en vooralsnog voor de duur van de procedure \u2013 voor zover nodig in afwijking van de statuten \u2013 twee nader aan te wijzen en aan partijen bekend te maken personen benoemd tot leden van de raad van toezicht van FNV met gezamenlijk een beslissende stem.<\/p>\n<h3>2De gronden van de beslissing<\/h3>\n<p>De Ondernemingskamer zal de hierna onder 3. te vermelden personen aanwijzen als leden van de raad van toezicht van FNV, waarvan \u00e9\u00e9n als voorzitter, zoals bedoeld in de beschikking van 13 juni 2025.<\/p>\n<h3>3De beslissing<\/h3>\n<p>De Ondernemingskamer:<\/p>\n<p>wijst aan als leden van de raad van toezicht van de Federatie Nederlandse Vakbeweging als bedoeld in de beschikking van 13 juni 2025 in deze zaak:<\/p>\n<p>&#8212; mr. L.F. Asscher te Amsterdam (voorzitter);<\/p>\n<p>&#8212; drs. H.C.P Noten te Dalfsen;<\/p>\n<p>verklaart deze beschikking uitvoerbaar bij voorraad.<\/p>\n<p>Deze beschikking is gegeven door mr. A.W.H. Vink, voorzitter, mr. A.P. Wessels en mr. E. Loesberg, raadsheren, en drs. M.A. Scheltema en prof. dr. mr. S. ten Have, raden, in tegenwoordigheid van mr. D.I. Frans en mr. L. van Hoof, griffiers, en in het openbaar uitgesproken op 17 juni 2025.<\/p>\n<\/div>\n<hr class=\"kji-sep\" \/>\n<p class=\"kji-source-links\"><strong>Sources officielles :<\/strong> <a class=\"kji-source-link\" href=\"http:\/\/deeplink.rechtspraak.nl\/uitspraak?id=ECLI:NL:GHAMS:2025:1597\" target=\"_blank\" rel=\"noopener noreferrer\">consulter la page source<\/a><\/p>\n<p class=\"kji-license-note\"><em>Rechtspraak.nl open data, Creative Commons Zero. Volume cible 1.8M decisions.<\/em><\/p>\n<\/div>\n","protected":false},"excerpt":{"rendered":"<p>OK; enqu\u00eate; aanwijzing leden raad van toezicht<\/p>\n","protected":false},"featured_media":0,"template":"","meta":{"_crdt_document":""},"kji_country":[7669],"kji_court":[8385],"kji_chamber":[],"kji_year":[8463],"kji_subject":[7646],"kji_keyword":[14307,8000,14976,8136,8388],"kji_language":[7671],"class_list":["post-656794","kji_decision","type-kji_decision","status-publish","hentry","kji_country-pays-bas","kji_court-gerechtshof-amsterdam","kji_year-8463","kji_subject-divers","kji_keyword-aanwijzing","kji_keyword-amsterdam","kji_keyword-enquete","kji_keyword-gerechtshof","kji_keyword-ghams","kji_language-nl"],"yoast_head":"<!-- This site is optimized with the Yoast SEO Premium plugin v27.4 (Yoast SEO v27.4) - https:\/\/yoast.com\/product\/yoast-seo-premium-wordpress\/ -->\n<title>ECLI:NL:GHAMS:2025:1597 Gerechtshof Amsterdam , 17-06-2025 \/ 200.354.715\/01 OK - Ma\u00eetre Hassan Kohen, avocat en droit p\u00e9nal \u00e0 Paris<\/title>\n<meta name=\"robots\" content=\"index, follow, max-snippet:-1, max-image-preview:large, max-video-preview:-1\" \/>\n<link rel=\"canonical\" href=\"https:\/\/kohenavocats.com\/ru\/jurisprudences\/eclinlghams20251597-gerechtshof-amsterdam-17-06-2025-200-354-715-01-ok\/\" \/>\n<meta property=\"og:locale\" content=\"ru_RU\" \/>\n<meta property=\"og:type\" content=\"article\" \/>\n<meta property=\"og:title\" content=\"ECLI:NL:GHAMS:2025:1597 Gerechtshof Amsterdam , 17-06-2025 \/ 200.354.715\/01 OK\" \/>\n<meta property=\"og:description\" content=\"OK; enqu\u00eate; aanwijzing leden raad van toezicht\" \/>\n<meta property=\"og:url\" content=\"https:\/\/kohenavocats.com\/ru\/jurisprudences\/eclinlghams20251597-gerechtshof-amsterdam-17-06-2025-200-354-715-01-ok\/\" \/>\n<meta property=\"og:site_name\" content=\"Ma\u00eetre Hassan Kohen, avocat en droit p\u00e9nal \u00e0 Paris\" \/>\n<meta name=\"twitter:card\" content=\"summary_large_image\" \/>\n<meta name=\"twitter:label1\" content=\"\u041f\u0440\u0438\u043c\u0435\u0440\u043d\u043e\u0435 \u0432\u0440\u0435\u043c\u044f \u0434\u043b\u044f \u0447\u0442\u0435\u043d\u0438\u044f\" \/>\n\t<meta name=\"twitter:data1\" content=\"3 \u043c\u0438\u043d\u0443\u0442\u044b\" \/>\n<script type=\"application\/ld+json\" class=\"yoast-schema-graph\">{\"@context\":\"https:\\\/\\\/schema.org\",\"@graph\":[{\"@type\":\"WebPage\",\"@id\":\"https:\\\/\\\/kohenavocats.com\\\/ru\\\/jurisprudences\\\/eclinlghams20251597-gerechtshof-amsterdam-17-06-2025-200-354-715-01-ok\\\/\",\"url\":\"https:\\\/\\\/kohenavocats.com\\\/ru\\\/jurisprudences\\\/eclinlghams20251597-gerechtshof-amsterdam-17-06-2025-200-354-715-01-ok\\\/\",\"name\":\"ECLI:NL:GHAMS:2025:1597 Gerechtshof Amsterdam , 17-06-2025 \\\/ 200.354.715\\\/01 OK - Ma\u00eetre Hassan Kohen, avocat en droit p\u00e9nal \u00e0 Paris\",\"isPartOf\":{\"@id\":\"https:\\\/\\\/kohenavocats.com\\\/ru\\\/#website\"},\"datePublished\":\"2026-04-23T06:01:26+00:00\",\"breadcrumb\":{\"@id\":\"https:\\\/\\\/kohenavocats.com\\\/ru\\\/jurisprudences\\\/eclinlghams20251597-gerechtshof-amsterdam-17-06-2025-200-354-715-01-ok\\\/#breadcrumb\"},\"inLanguage\":\"ru-RU\",\"potentialAction\":[{\"@type\":\"ReadAction\",\"target\":[\"https:\\\/\\\/kohenavocats.com\\\/ru\\\/jurisprudences\\\/eclinlghams20251597-gerechtshof-amsterdam-17-06-2025-200-354-715-01-ok\\\/\"]}]},{\"@type\":\"BreadcrumbList\",\"@id\":\"https:\\\/\\\/kohenavocats.com\\\/ru\\\/jurisprudences\\\/eclinlghams20251597-gerechtshof-amsterdam-17-06-2025-200-354-715-01-ok\\\/#breadcrumb\",\"itemListElement\":[{\"@type\":\"ListItem\",\"position\":1,\"name\":\"Home\",\"item\":\"https:\\\/\\\/kohenavocats.com\\\/ru\\\/avocats-en-droit-penal-a-paris-conseil-et-defense-strategique\\\/\"},{\"@type\":\"ListItem\",\"position\":2,\"name\":\"Jurisprudences\",\"item\":\"https:\\\/\\\/kohenavocats.com\\\/ru\\\/jurisprudences\\\/\"},{\"@type\":\"ListItem\",\"position\":3,\"name\":\"ECLI:NL:GHAMS:2025:1597 Gerechtshof Amsterdam , 17-06-2025 \\\/ 200.354.715\\\/01 OK\"}]},{\"@type\":\"WebSite\",\"@id\":\"https:\\\/\\\/kohenavocats.com\\\/ru\\\/#website\",\"url\":\"https:\\\/\\\/kohenavocats.com\\\/ru\\\/\",\"name\":\"Kohen Avocats\",\"description\":\"Ma\u00eetre Hassan Kohen, avocat p\u00e9naliste \u00e0 Paris, intervient exclusivement en droit p\u00e9nal pour la d\u00e9fense des particuliers, notamment en mati\u00e8re d\u2019accusations de viol. Il assure un accompagnement rigoureux d\u00e8s la garde \u00e0 vue jusqu\u2019\u00e0 la Cour d\u2019assises, veillant au strict respect des garanties proc\u00e9durales.\",\"publisher\":{\"@id\":\"https:\\\/\\\/kohenavocats.com\\\/ru\\\/#organization\"},\"potentialAction\":[{\"@type\":\"SearchAction\",\"target\":{\"@type\":\"EntryPoint\",\"urlTemplate\":\"https:\\\/\\\/kohenavocats.com\\\/ru\\\/?s={search_term_string}\"},\"query-input\":{\"@type\":\"PropertyValueSpecification\",\"valueRequired\":true,\"valueName\":\"search_term_string\"}}],\"inLanguage\":\"ru-RU\"},{\"@type\":\"Organization\",\"@id\":\"https:\\\/\\\/kohenavocats.com\\\/ru\\\/#organization\",\"name\":\"Kohen Avocats\",\"url\":\"https:\\\/\\\/kohenavocats.com\\\/ru\\\/\",\"logo\":{\"@type\":\"ImageObject\",\"inLanguage\":\"ru-RU\",\"@id\":\"https:\\\/\\\/kohenavocats.com\\\/ru\\\/#\\\/schema\\\/logo\\\/image\\\/\",\"url\":\"https:\\\/\\\/kohenavocats.com\\\/wp-content\\\/uploads\\\/2026\\\/01\\\/Logo-2-1.webp\",\"contentUrl\":\"https:\\\/\\\/kohenavocats.com\\\/wp-content\\\/uploads\\\/2026\\\/01\\\/Logo-2-1.webp\",\"width\":2114,\"height\":1253,\"caption\":\"Kohen Avocats\"},\"image\":{\"@id\":\"https:\\\/\\\/kohenavocats.com\\\/ru\\\/#\\\/schema\\\/logo\\\/image\\\/\"}}]}<\/script>\n<!-- \/ Yoast SEO Premium plugin. -->","yoast_head_json":{"title":"ECLI:NL:GHAMS:2025:1597 Gerechtshof Amsterdam , 17-06-2025 \/ 200.354.715\/01 OK - Ma\u00eetre Hassan Kohen, avocat en droit p\u00e9nal \u00e0 Paris","robots":{"index":"index","follow":"follow","max-snippet":"max-snippet:-1","max-image-preview":"max-image-preview:large","max-video-preview":"max-video-preview:-1"},"canonical":"https:\/\/kohenavocats.com\/ru\/jurisprudences\/eclinlghams20251597-gerechtshof-amsterdam-17-06-2025-200-354-715-01-ok\/","og_locale":"ru_RU","og_type":"article","og_title":"ECLI:NL:GHAMS:2025:1597 Gerechtshof Amsterdam , 17-06-2025 \/ 200.354.715\/01 OK","og_description":"OK; enqu\u00eate; aanwijzing leden raad van toezicht","og_url":"https:\/\/kohenavocats.com\/ru\/jurisprudences\/eclinlghams20251597-gerechtshof-amsterdam-17-06-2025-200-354-715-01-ok\/","og_site_name":"Ma\u00eetre Hassan Kohen, avocat en droit p\u00e9nal \u00e0 Paris","twitter_card":"summary_large_image","twitter_misc":{"\u041f\u0440\u0438\u043c\u0435\u0440\u043d\u043e\u0435 \u0432\u0440\u0435\u043c\u044f \u0434\u043b\u044f \u0447\u0442\u0435\u043d\u0438\u044f":"3 \u043c\u0438\u043d\u0443\u0442\u044b"},"schema":{"@context":"https:\/\/schema.org","@graph":[{"@type":"WebPage","@id":"https:\/\/kohenavocats.com\/ru\/jurisprudences\/eclinlghams20251597-gerechtshof-amsterdam-17-06-2025-200-354-715-01-ok\/","url":"https:\/\/kohenavocats.com\/ru\/jurisprudences\/eclinlghams20251597-gerechtshof-amsterdam-17-06-2025-200-354-715-01-ok\/","name":"ECLI:NL:GHAMS:2025:1597 Gerechtshof Amsterdam , 17-06-2025 \/ 200.354.715\/01 OK - Ma\u00eetre Hassan Kohen, avocat en droit p\u00e9nal \u00e0 Paris","isPartOf":{"@id":"https:\/\/kohenavocats.com\/ru\/#website"},"datePublished":"2026-04-23T06:01:26+00:00","breadcrumb":{"@id":"https:\/\/kohenavocats.com\/ru\/jurisprudences\/eclinlghams20251597-gerechtshof-amsterdam-17-06-2025-200-354-715-01-ok\/#breadcrumb"},"inLanguage":"ru-RU","potentialAction":[{"@type":"ReadAction","target":["https:\/\/kohenavocats.com\/ru\/jurisprudences\/eclinlghams20251597-gerechtshof-amsterdam-17-06-2025-200-354-715-01-ok\/"]}]},{"@type":"BreadcrumbList","@id":"https:\/\/kohenavocats.com\/ru\/jurisprudences\/eclinlghams20251597-gerechtshof-amsterdam-17-06-2025-200-354-715-01-ok\/#breadcrumb","itemListElement":[{"@type":"ListItem","position":1,"name":"Home","item":"https:\/\/kohenavocats.com\/ru\/avocats-en-droit-penal-a-paris-conseil-et-defense-strategique\/"},{"@type":"ListItem","position":2,"name":"Jurisprudences","item":"https:\/\/kohenavocats.com\/ru\/jurisprudences\/"},{"@type":"ListItem","position":3,"name":"ECLI:NL:GHAMS:2025:1597 Gerechtshof Amsterdam , 17-06-2025 \/ 200.354.715\/01 OK"}]},{"@type":"WebSite","@id":"https:\/\/kohenavocats.com\/ru\/#website","url":"https:\/\/kohenavocats.com\/ru\/","name":"Kohen Avocats","description":"Ma\u00eetre Hassan Kohen, avocat p\u00e9naliste \u00e0 Paris, intervient exclusivement en droit p\u00e9nal pour la d\u00e9fense des particuliers, notamment en mati\u00e8re d\u2019accusations de viol. Il assure un accompagnement rigoureux d\u00e8s la garde \u00e0 vue jusqu\u2019\u00e0 la Cour d\u2019assises, veillant au strict respect des garanties proc\u00e9durales.","publisher":{"@id":"https:\/\/kohenavocats.com\/ru\/#organization"},"potentialAction":[{"@type":"SearchAction","target":{"@type":"EntryPoint","urlTemplate":"https:\/\/kohenavocats.com\/ru\/?s={search_term_string}"},"query-input":{"@type":"PropertyValueSpecification","valueRequired":true,"valueName":"search_term_string"}}],"inLanguage":"ru-RU"},{"@type":"Organization","@id":"https:\/\/kohenavocats.com\/ru\/#organization","name":"Kohen Avocats","url":"https:\/\/kohenavocats.com\/ru\/","logo":{"@type":"ImageObject","inLanguage":"ru-RU","@id":"https:\/\/kohenavocats.com\/ru\/#\/schema\/logo\/image\/","url":"https:\/\/kohenavocats.com\/wp-content\/uploads\/2026\/01\/Logo-2-1.webp","contentUrl":"https:\/\/kohenavocats.com\/wp-content\/uploads\/2026\/01\/Logo-2-1.webp","width":2114,"height":1253,"caption":"Kohen Avocats"},"image":{"@id":"https:\/\/kohenavocats.com\/ru\/#\/schema\/logo\/image\/"}}]}},"jetpack_likes_enabled":false,"jetpack_sharing_enabled":true,"_links":{"self":[{"href":"https:\/\/kohenavocats.com\/ru\/wp-json\/wp\/v2\/kji_decision\/656794","targetHints":{"allow":["GET"]}}],"collection":[{"href":"https:\/\/kohenavocats.com\/ru\/wp-json\/wp\/v2\/kji_decision"}],"about":[{"href":"https:\/\/kohenavocats.com\/ru\/wp-json\/wp\/v2\/types\/kji_decision"}],"wp:attachment":[{"href":"https:\/\/kohenavocats.com\/ru\/wp-json\/wp\/v2\/media?parent=656794"}],"wp:term":[{"taxonomy":"kji_country","embeddable":true,"href":"https:\/\/kohenavocats.com\/ru\/wp-json\/wp\/v2\/kji_country?post=656794"},{"taxonomy":"kji_court","embeddable":true,"href":"https:\/\/kohenavocats.com\/ru\/wp-json\/wp\/v2\/kji_court?post=656794"},{"taxonomy":"kji_chamber","embeddable":true,"href":"https:\/\/kohenavocats.com\/ru\/wp-json\/wp\/v2\/kji_chamber?post=656794"},{"taxonomy":"kji_year","embeddable":true,"href":"https:\/\/kohenavocats.com\/ru\/wp-json\/wp\/v2\/kji_year?post=656794"},{"taxonomy":"kji_subject","embeddable":true,"href":"https:\/\/kohenavocats.com\/ru\/wp-json\/wp\/v2\/kji_subject?post=656794"},{"taxonomy":"kji_keyword","embeddable":true,"href":"https:\/\/kohenavocats.com\/ru\/wp-json\/wp\/v2\/kji_keyword?post=656794"},{"taxonomy":"kji_language","embeddable":true,"href":"https:\/\/kohenavocats.com\/ru\/wp-json\/wp\/v2\/kji_language?post=656794"}],"curies":[{"name":"wp","href":"https:\/\/api.w.org\/{rel}","templated":true}]}}