{"id":657832,"date":"2026-04-23T10:16:22","date_gmt":"2026-04-23T08:16:22","guid":{"rendered":"https:\/\/kohenavocats.com\/jurisprudences\/eclibecabrl2022arr-20221005-1\/"},"modified":"2026-04-23T10:16:22","modified_gmt":"2026-04-23T08:16:22","slug":"eclibecabrl2022arr-20221005-1","status":"publish","type":"kji_decision","link":"https:\/\/kohenavocats.com\/ru\/jurisprudences\/eclibecabrl2022arr-20221005-1\/","title":{"rendered":"ECLI:BE:CABRL:2022:ARR.20221005.1"},"content":{"rendered":"<div class=\"kji-decision\">\n<div class=\"kji-full-text\">JUPORTAL Base de donn\u00e9es publique de la jurisprudence belge<\/p>\n<p>    <!-- continue here with main block (division \"content\") --><\/p>\n<p>            <!-- Commandes de navigation page d\u00e9tail--> <\/p>\n<p>                  Imprimer cette page<br \/>\n          &nbsp; <\/p>\n<p>          Taille d&#8217;impression          <\/p>\n<p>            S<br \/>\n            M<br \/>\n            L<br \/>\n            XL<\/p>\n<p>          &nbsp; <\/p>\n<p>                  Nouvelle recherche JUPORTAL<br \/>\n          &nbsp; <\/p>\n<p>                  Fermer l&#8217;onglet          <\/p>\n<p>        <!-- Fin commandes de navigation page d\u00e9tail --><\/p>\n<p>        &nbsp;<br \/>\nCour d&apos;appel de Bruxelles  <\/p>\n<p>            Jugement\/arr\u00eat du 05 octobre 2022            <\/p>\n<p>No ECLI:<\/p>\n<p>ECLI:BE:CABRL:2022:ARR.20221005.1<\/p>\n<p>No R\u00f4le:<\/p>\n<p>2021\/AR\/606<\/p>\n<p>Domaine juridique:<\/p>\n<p>\n Droit civil<\/p>\n<p>Date d&#8217;introduction:<\/p>\n<p>2025-03-27<\/p>\n<p>Consultations:<\/p>\n<p>133 &#8212; derni\u00e8re vue 2026-04-14 22:23<\/p>\n<p>            Fiche            <\/p>\n<p> LA COUR, Statuant contradictoirement,  Donne acte \u00e0 l&apos;Etat belge,<br \/>\n        repr\u00e9sent\u00e9 par Madame le Ministre de l&apos;lnt\u00e9rieur, des R\u00e9formes<br \/>\n        institutionnelles et du Renouveau d\u00e9mocratique, de ce qu&apos;il se d\u00e9site<br \/>\n        de sa demande de voir la Cour des march\u00e9s faire usage de sa comp\u00e9tence<br \/>\n        de pleine juridiction, Donne acte \u00e0 l&apos;Autorit\u00e9 de Protection des<br \/>\n        Donn\u00e9es (APD) de ce qu&apos;elle ne s&apos;oppose pas \u00e0 ce d\u00e9sistement,<br \/>\n        Condamne l&apos;Autorit\u00e9 de protection des donn\u00e9es (APD) aux d\u00e9pens<br \/>\n        de l&apos;instance en ce compris l&apos;indemnit\u00e9 de proc\u00e9dure liquid\u00e9e<br \/>\n        \u00e0 1.680,00 euros. Condamne l&apos;Autorit\u00e9 de protection des donn\u00e9es<br \/>\n        (APD) au paiement du droit de mise au r\u00f4le devant la cour d&apos;appel<br \/>\n        (400,00 \u20ac} au SPF FINANCES, conform\u00e9ment \u00e0 l&apos;article 269 \u00a7 1er,<br \/>\n        du Code des droits d&apos;enregistrement, d&apos;hypoth\u00e8que et de greffe.\n    <\/p>\n<p>Th\u00e9saurus UTU:<\/p>\n<p>DROIT CIVIL &#8212; VIE PRIV\u00c9E &#8212; Traitement donn\u00e9es \u00e0 caract\u00e8re personnel &#8212; Autorit\u00e9 de protection des donn\u00e9es (Commission de la protection de la vie priv\u00e9e)\n <\/p>\n<p>Mots libres:<\/p>\n<p>\nRecours contre la d\u00e9cision n\u00b0 37\/2021 du 16 mars 2021 de la Chambre<br \/>\n         contentieuse de l&apos;Autorit\u00e9 de protection des donn\u00e9es. Vu l&apos;arr\u00eat<br \/>\n         prononc\u00e9 par la Cour des march\u00e9s Ie 8 juin 2022, par lequel la Cour<br \/>\n         a :  &#8212; Re\u00e7u Ie recours et l&apos;a dit fond\u00e9 dans la mesure suivante:<br \/>\n         o Annule la d\u00e9cision n\u00b037 \/2021 du 16 mars 2021 de la Chambre contentieuse<br \/>\n         de I&apos; Autorit\u00e9 de protection des donn\u00e9es, o Ordonne la r\u00e9ouverture<br \/>\n         des d\u00e9bats aux fins pr\u00e9cis\u00e9es sous les points 14.1 \u00e0 14.3 de l&apos;arr\u00eat,<br \/>\n         o Fixe la cause \u00e0 l&apos;audience du 21 septembre 2022 \u00e0 15 h 00, &#8212;<br \/>\n         R\u00e9serv\u00e9 \u00e0 statuer pour Ie surplus en ce compris les d\u00e9pens<\/p>\n<p>            Texte de la d\u00e9cision            <\/p>\n<p>\n       Cour d&#8217;appel Bruxelles<br \/>\n       2022\/AR\/606<br \/>\n       EN CAUSE DE:<br \/>\n       L&#8217;ETAT BELGE, repr\u00e9sent\u00e9 par Madame la Ministre de l&#8217;lnt\u00e9rieur, des R\u00e9formes institutionnelles et du Renouveau d\u00e9mocratique, dont les bureaux sont \u00e9tablis \u00e0 1000 Bruxelles, rue de Louvain, 1-3, inscrit \u00e0 la BCE sous Ie num\u00e9ro 0308.356.862;<br \/>\n       PARTIE REQUERANTE,<br \/>\n       Ayant pour conseil, Me Bernard RENSON, avocat dont Ie cabinet est \u00e9tabli \u00e0 [&#8230;];<br \/>\n       CONTRE:<br \/>\n       L&#8217;AUTORITE DE PROTECTION DES DONNEES (ei-apr\u00e8s\u00ab APD\u00bb), dont Ie si\u00e8ge social est \u00e9tabli rue de la presse 35 \u00e0 1000 Bruxelles, inscrite \u00e0 la B.C.E. sous Ie num\u00e9ro 0694.679.950,<br \/>\n       PARTIE INTIMEE,<br \/>\n       Ayant pour conseils, Me Etienne KAIRIS, Me Micha\u00ebl HOUBBEN et Me Francesca BIEBUYCK, avocats dont Ie cabinet est \u00e9tabli [&#8230;]<br \/>\n       Vu l&#8217;arr\u00eat prononc\u00e9 par la Cour des march\u00e9s Ie 8 juin 2022, par lequel la Cour a:<br \/>\n       &#8212; Re\u00e7u Ie recours et l&#8217;a dit fond\u00e9 dans la mesure suivante:<br \/>\n       o Annule la d\u00e9cision n\u00b037\/2021 du 16 mars 2021 de la Chambre contentieuse de I&#8217; Autorit\u00e9 de protection des donn\u00e9es,<br \/>\n       o Ordonne la r\u00e9ouverture des d\u00e9bats aux fins pr\u00e9cis\u00e9es sous les points 14.1 \u00e0 14.3 de l&#8217;arr\u00eat,<br \/>\n       o Fixe la cause \u00e0 l&#8217;audience du 21 septembre 2022 \u00e0 15 h 00,<br \/>\n       &#8212; R\u00e9serv\u00e9 \u00e0 statuer pour Ie surplus en ce compris les d\u00e9pens.<br \/>\n       Vu les conclusions apr\u00e8s l&#8217;arr\u00eat du 8 juin 2022 d\u00e9pos\u00e9es par l&#8217;Etat beige, au terme desquelles il demande \u00e0 la Cour de:<br \/>\n       &#8212; \u00ab lui donner acte de ce qu&#8217;il se d\u00e9siste de sa demande de voir la Cour faire usage de sa comp\u00e9tence de pleine juridiction aux fins d&#8217;obtenir qu&#8217;elle d\u00e9clare la demande de X irrecevable ou en tout \u00e9tat de cause non fond\u00e9e,<br \/>\n       &#8212; condamner l&#8217;intim\u00e9e aux entiers d\u00e9pens, en ce compris une indemnit\u00e9 de proc\u00e9dure d&#8217;appel qui peut \u00eatre liquid\u00e9e \u00e0 son montant de base, tel qu&#8217;aujourd&#8217;hui index\u00e9, soit la somme de 1.680,00\u20ac\u00bb.<br \/>\n       Vu les conclusions apr\u00e8s l&#8217;arr\u00eat de la Cour des march\u00e9s du 8 juin 2022 d\u00e9pos\u00e9es par I&#8217;APD, au terme desquelles 1&#8217;APD demande \u00e0 la Cour de<br \/>\n       &#8212; \u00ab prendre acte du d\u00e9sistement par Ie SPF lnt\u00e9rieur de sa demande de voir (la) Cour faire usage de sa comp\u00e9tence de pleine juridiction,<br \/>\n       &#8212; prendre acte de l&#8217;absence d&#8217;opposition de l&#8217;APD \u00e0 un tel d\u00e9sistement,<br \/>\n       &#8212; compenser les d\u00e9pens entre les porties\u00bb.<br \/>\n       Il convient de donner acte \u00e0 l&#8217;Etat beige de son d\u00e9sistement tel qu&#8217;exprim\u00e9 dans ses conclusions apr\u00e8s l&#8217;arr\u00eat du 8 juin 2022, la Cour prenant acte de ce que I&#8217;APD ne formule aucune opposition quant \u00e0 ce.<br \/>\n       L&#8217;APD, partie succombante en la pr\u00e9sente cause, sera condamn\u00e9e aux d\u00e9pens, en ce compris l&#8217;indemnit\u00e9 de proc\u00e9dure liquid\u00e9e \u00e0 1.680,00 euros.<br \/>\n       PAR CES MOTIFS,<br \/>\n       LA COUR,<br \/>\n       Vu les dispositions de la loi du 15 juin 1935 sur l\u2019emploi des langues en mati\u00e8re judiciaire,<br \/>\n       Statuant contradictoirement,<br \/>\n       Donne acte \u00e0 l\u2019Etat belge, repr\u00e9sent\u00e9 par Madame le Ministre de l&#8217;lnt\u00e9rieur, des R\u00e9formes institutionnelles et du Renouveau d\u00e9mocratique, de ce qu\u2019il se d\u00e9site de sa demande de voir la Cour des march\u00e9s faire usage de sa comp\u00e9tence de pleine juridiction,<br \/>\n       Donne acte \u00e0 l\u2019Autorit\u00e9 de Protection des Donn\u00e9es (APD) de ce qu\u2019elle ne s\u2019oppose pas \u00e0 ce d\u00e9sistement,<br \/>\n       Condamne l&#8217;Autorit\u00e9 de protection des donn\u00e9es (APD) aux d\u00e9pens de l\u2019instance en ce compris l\u2019indemnit\u00e9 de proc\u00e9dure liquid\u00e9e \u00e0 1.680,00 euros.<br \/>\n       Condamne l&#8217;Autorit\u00e9 de protection des donn\u00e9es (APD) au paiement du droit de mise au r\u00f4le devant la cour d&#8217;appel (400,00 \u20ac} au SPF FINANCES, conform\u00e9ment \u00e0 l&#8217;article 269 \u00a7 1er, du Code des droits d&#8217;enregistrement, d&#8217;hypoth\u00e8que et de greffe.<br \/>\n       Cet arr\u00eat a \u00e9t\u00e9 prononc\u00e9 \u00e0 l\u2019audience publique du 5 octobre 2022 par :\n    <\/p>\n<p>Document PDF ECLI:BE:CABRL:2022:ARR.20221005.1\n       <\/p>\n<p>            Publication(s) li\u00e9e(s)              <\/p>\n<p>pr\u00e9c\u00e9d\u00e9 par:<\/p>\n<p>ECLI:BE:CABRL:2022:ARR.20220608.1         <\/p>\n<p>&nbsp;<\/p>\n<p>ECLI:BE:GBAPD:2021:DEC.20210316.1         <\/p>\n<p>        <!-- Commandes de navigation page d\u00e9tail--> <\/p>\n<p>                  Imprimer cette page<br \/>\n          &nbsp; <\/p>\n<p>          Taille d&#8217;impression          <\/p>\n<p>            S<br \/>\n            M<br \/>\n            L<br \/>\n            XL<\/p>\n<p>          &nbsp; <\/p>\n<p>                  Nouvelle recherche JUPORTAL<br \/>\n          &nbsp; <\/p>\n<p>                  Fermer l&#8217;onglet          <\/p>\n<p>        <!-- Fin commandes de navigation page d\u00e9tail --><\/p>\n<p><!-- Action LOG \nfunction JUPORTARecordLogViewDecision  $iubel_id        : 281717\n                                       $action_type     : VIEW\n                                      &amp;$action_startmt  : 1776199298.5925\n                                      &amp;$action_duration : 56\n                                      &amp;$addressipremote : 103.115.10.116\n                                      &amp;$latitude        : null\n                                      &amp;$longitude       : null\n                                      &amp;$accuracy        : null\n                                      &amp;$altitude        : null\n                                      &amp;$langue_view     : FR\n--><br \/>\n<!-- Action_duration 56 millisec --><br \/>\n      <!-- end of main block (division \"content\") --><\/p>\n<p>    <!-- end of division \"page_main\" --><\/p>\n<p>              &#9993; info-JUPORTAL@just.fgov.be<\/p>\n<p>              &copy;&nbsp; 2017-2026&nbsp;Service ICT &#8212; SPF Justice<\/p>\n<p>  <!-- end of division \"conteneur\" --><\/p>\n<p>  <!-- Balloon system info --><\/p>\n<p>\n          Powered by PHP 8.5.0\n      <\/p>\n<p>\n          Server Software Apache\/2.4.66\n      <\/p>\n<p>\n          == Fluctuat nec mergitur ==\n      <\/p>\n<p>  <!-- Balloon system info --><br \/>\n          <!-- BalloonObjectPrepa Start --><br \/>\n          <!-- BalloonObjectPrepa End --><\/div>\n<hr class=\"kji-sep\" \/>\n<p class=\"kji-source-links\"><strong>Sources officielles :<\/strong> <a class=\"kji-source-link\" href=\"https:\/\/juportal.be\/content\/ECLI:BE:CABRL:2022:ARR.20221005.1\/FR\" target=\"_blank\" rel=\"noopener noreferrer\">consulter la page source<\/a><\/p>\n<p class=\"kji-license-note\"><em>JUPORTAL. L avertissement officiel du portail precise qu il n existe pas de droit d auteur sur les arrets et jugements.<\/em><\/p>\n<\/div>\n","protected":false},"excerpt":{"rendered":"<p>JUPORTAL Base de donn\u00e9es publique de la jurisprudence belge Imprimer cette page Taille d&#8217;impression S M L XL Nouvelle recherche JUPORTAL Fermer l&#8217;onglet Cour d&#8217;appel de Bruxelles Jugement\/arr\u00eat du 05 octobre 2022 No ECLI: ECLI:BE:CABRL:2022:ARR.20221005.1 No R\u00f4le: 2021\/AR\/606 Domaine juridique: Droit civil Date d&#8217;introduction: 2025-03-27 Consultations: 133 &#8212; derni\u00e8re vue 2026-04-14 22:23 Fiche LA COUR, Statuant contradictoirement, Donne acte \u00e0&#8230;<\/p>\n","protected":false},"featured_media":0,"template":"","meta":{"_crdt_document":""},"kji_country":[7731],"kji_court":[33466],"kji_chamber":[],"kji_year":[32183],"kji_subject":[7612],"kji_keyword":[8683,32672,16160,7734,13496],"kji_language":[7733],"class_list":["post-657832","kji_decision","type-kji_decision","status-publish","hentry","kji_country-belgique","kji_court-eclibecabrl2022arr-20221005-1","kji_year-32183","kji_subject-fiscal","kji_keyword-arret","kji_keyword-autorite","kji_keyword-demande","kji_keyword-donnees","kji_keyword-protection","kji_language-francais"],"yoast_head":"<!-- This site is optimized with the Yoast SEO Premium plugin v27.5 (Yoast SEO v27.5) - https:\/\/yoast.com\/product\/yoast-seo-premium-wordpress\/ -->\n<title>ECLI:BE:CABRL:2022:ARR.20221005.1 - Ma\u00eetre Hassan Kohen, avocat en droit p\u00e9nal \u00e0 Paris<\/title>\n<meta name=\"robots\" content=\"index, follow, max-snippet:-1, max-image-preview:large, max-video-preview:-1\" \/>\n<link rel=\"canonical\" href=\"https:\/\/kohenavocats.com\/ru\/jurisprudences\/eclibecabrl2022arr-20221005-1\/\" \/>\n<meta property=\"og:locale\" content=\"ru_RU\" \/>\n<meta property=\"og:type\" content=\"article\" \/>\n<meta property=\"og:title\" content=\"ECLI:BE:CABRL:2022:ARR.20221005.1\" \/>\n<meta property=\"og:description\" content=\"JUPORTAL Base de donn\u00e9es publique de la jurisprudence belge Imprimer cette page Taille d&#039;impression S M L XL Nouvelle recherche JUPORTAL Fermer l&#039;onglet Cour d&#039;appel de Bruxelles Jugement\/arr\u00eat du 05 octobre 2022 No ECLI: ECLI:BE:CABRL:2022:ARR.20221005.1 No R\u00f4le: 2021\/AR\/606 Domaine juridique: Droit civil Date d&#039;introduction: 2025-03-27 Consultations: 133 - derni\u00e8re vue 2026-04-14 22:23 Fiche LA COUR, Statuant contradictoirement, Donne acte \u00e0...\" \/>\n<meta property=\"og:url\" content=\"https:\/\/kohenavocats.com\/ru\/jurisprudences\/eclibecabrl2022arr-20221005-1\/\" \/>\n<meta property=\"og:site_name\" content=\"Ma\u00eetre Hassan Kohen, avocat en droit p\u00e9nal \u00e0 Paris\" \/>\n<meta name=\"twitter:card\" content=\"summary_large_image\" \/>\n<meta name=\"twitter:label1\" content=\"\u041f\u0440\u0438\u043c\u0435\u0440\u043d\u043e\u0435 \u0432\u0440\u0435\u043c\u044f \u0434\u043b\u044f \u0447\u0442\u0435\u043d\u0438\u044f\" \/>\n\t<meta name=\"twitter:data1\" content=\"5 \u043c\u0438\u043d\u0443\u0442\" \/>\n<script type=\"application\/ld+json\" class=\"yoast-schema-graph\">{\"@context\":\"https:\\\/\\\/schema.org\",\"@graph\":[{\"@type\":\"WebPage\",\"@id\":\"https:\\\/\\\/kohenavocats.com\\\/ru\\\/jurisprudences\\\/eclibecabrl2022arr-20221005-1\\\/\",\"url\":\"https:\\\/\\\/kohenavocats.com\\\/ru\\\/jurisprudences\\\/eclibecabrl2022arr-20221005-1\\\/\",\"name\":\"ECLI:BE:CABRL:2022:ARR.20221005.1 - Ma\u00eetre Hassan Kohen, avocat en droit p\u00e9nal \u00e0 Paris\",\"isPartOf\":{\"@id\":\"https:\\\/\\\/kohenavocats.com\\\/ru\\\/#website\"},\"datePublished\":\"2026-04-23T08:16:22+00:00\",\"breadcrumb\":{\"@id\":\"https:\\\/\\\/kohenavocats.com\\\/ru\\\/jurisprudences\\\/eclibecabrl2022arr-20221005-1\\\/#breadcrumb\"},\"inLanguage\":\"ru-RU\",\"potentialAction\":[{\"@type\":\"ReadAction\",\"target\":[\"https:\\\/\\\/kohenavocats.com\\\/ru\\\/jurisprudences\\\/eclibecabrl2022arr-20221005-1\\\/\"]}]},{\"@type\":\"BreadcrumbList\",\"@id\":\"https:\\\/\\\/kohenavocats.com\\\/ru\\\/jurisprudences\\\/eclibecabrl2022arr-20221005-1\\\/#breadcrumb\",\"itemListElement\":[{\"@type\":\"ListItem\",\"position\":1,\"name\":\"Home\",\"item\":\"https:\\\/\\\/kohenavocats.com\\\/ru\\\/avocats-en-droit-penal-a-paris-conseil-et-defense-strategique\\\/\"},{\"@type\":\"ListItem\",\"position\":2,\"name\":\"Jurisprudences\",\"item\":\"https:\\\/\\\/kohenavocats.com\\\/ru\\\/jurisprudences\\\/\"},{\"@type\":\"ListItem\",\"position\":3,\"name\":\"ECLI:BE:CABRL:2022:ARR.20221005.1\"}]},{\"@type\":\"WebSite\",\"@id\":\"https:\\\/\\\/kohenavocats.com\\\/ru\\\/#website\",\"url\":\"https:\\\/\\\/kohenavocats.com\\\/ru\\\/\",\"name\":\"Kohen Avocats\",\"description\":\"Ma\u00eetre Hassan Kohen, avocat p\u00e9naliste \u00e0 Paris, intervient exclusivement en droit p\u00e9nal pour la d\u00e9fense des particuliers, notamment en mati\u00e8re d\u2019accusations de viol. Il assure un accompagnement rigoureux d\u00e8s la garde \u00e0 vue jusqu\u2019\u00e0 la Cour d\u2019assises, veillant au strict respect des garanties proc\u00e9durales.\",\"publisher\":{\"@id\":\"https:\\\/\\\/kohenavocats.com\\\/ru\\\/#organization\"},\"potentialAction\":[{\"@type\":\"SearchAction\",\"target\":{\"@type\":\"EntryPoint\",\"urlTemplate\":\"https:\\\/\\\/kohenavocats.com\\\/ru\\\/?s={search_term_string}\"},\"query-input\":{\"@type\":\"PropertyValueSpecification\",\"valueRequired\":true,\"valueName\":\"search_term_string\"}}],\"inLanguage\":\"ru-RU\"},{\"@type\":\"Organization\",\"@id\":\"https:\\\/\\\/kohenavocats.com\\\/ru\\\/#organization\",\"name\":\"Kohen Avocats\",\"url\":\"https:\\\/\\\/kohenavocats.com\\\/ru\\\/\",\"logo\":{\"@type\":\"ImageObject\",\"inLanguage\":\"ru-RU\",\"@id\":\"https:\\\/\\\/kohenavocats.com\\\/ru\\\/#\\\/schema\\\/logo\\\/image\\\/\",\"url\":\"https:\\\/\\\/kohenavocats.com\\\/wp-content\\\/uploads\\\/2026\\\/01\\\/Logo-2-1.webp\",\"contentUrl\":\"https:\\\/\\\/kohenavocats.com\\\/wp-content\\\/uploads\\\/2026\\\/01\\\/Logo-2-1.webp\",\"width\":2114,\"height\":1253,\"caption\":\"Kohen Avocats\"},\"image\":{\"@id\":\"https:\\\/\\\/kohenavocats.com\\\/ru\\\/#\\\/schema\\\/logo\\\/image\\\/\"}}]}<\/script>\n<!-- \/ Yoast SEO Premium plugin. -->","yoast_head_json":{"title":"ECLI:BE:CABRL:2022:ARR.20221005.1 - Ma\u00eetre Hassan Kohen, avocat en droit p\u00e9nal \u00e0 Paris","robots":{"index":"index","follow":"follow","max-snippet":"max-snippet:-1","max-image-preview":"max-image-preview:large","max-video-preview":"max-video-preview:-1"},"canonical":"https:\/\/kohenavocats.com\/ru\/jurisprudences\/eclibecabrl2022arr-20221005-1\/","og_locale":"ru_RU","og_type":"article","og_title":"ECLI:BE:CABRL:2022:ARR.20221005.1","og_description":"JUPORTAL Base de donn\u00e9es publique de la jurisprudence belge Imprimer cette page Taille d'impression S M L XL Nouvelle recherche JUPORTAL Fermer l'onglet Cour d'appel de Bruxelles Jugement\/arr\u00eat du 05 octobre 2022 No ECLI: ECLI:BE:CABRL:2022:ARR.20221005.1 No R\u00f4le: 2021\/AR\/606 Domaine juridique: Droit civil Date d'introduction: 2025-03-27 Consultations: 133 - derni\u00e8re vue 2026-04-14 22:23 Fiche LA COUR, Statuant contradictoirement, Donne acte \u00e0...","og_url":"https:\/\/kohenavocats.com\/ru\/jurisprudences\/eclibecabrl2022arr-20221005-1\/","og_site_name":"Ma\u00eetre Hassan Kohen, avocat en droit p\u00e9nal \u00e0 Paris","twitter_card":"summary_large_image","twitter_misc":{"\u041f\u0440\u0438\u043c\u0435\u0440\u043d\u043e\u0435 \u0432\u0440\u0435\u043c\u044f \u0434\u043b\u044f \u0447\u0442\u0435\u043d\u0438\u044f":"5 \u043c\u0438\u043d\u0443\u0442"},"schema":{"@context":"https:\/\/schema.org","@graph":[{"@type":"WebPage","@id":"https:\/\/kohenavocats.com\/ru\/jurisprudences\/eclibecabrl2022arr-20221005-1\/","url":"https:\/\/kohenavocats.com\/ru\/jurisprudences\/eclibecabrl2022arr-20221005-1\/","name":"ECLI:BE:CABRL:2022:ARR.20221005.1 - Ma\u00eetre Hassan Kohen, avocat en droit p\u00e9nal \u00e0 Paris","isPartOf":{"@id":"https:\/\/kohenavocats.com\/ru\/#website"},"datePublished":"2026-04-23T08:16:22+00:00","breadcrumb":{"@id":"https:\/\/kohenavocats.com\/ru\/jurisprudences\/eclibecabrl2022arr-20221005-1\/#breadcrumb"},"inLanguage":"ru-RU","potentialAction":[{"@type":"ReadAction","target":["https:\/\/kohenavocats.com\/ru\/jurisprudences\/eclibecabrl2022arr-20221005-1\/"]}]},{"@type":"BreadcrumbList","@id":"https:\/\/kohenavocats.com\/ru\/jurisprudences\/eclibecabrl2022arr-20221005-1\/#breadcrumb","itemListElement":[{"@type":"ListItem","position":1,"name":"Home","item":"https:\/\/kohenavocats.com\/ru\/avocats-en-droit-penal-a-paris-conseil-et-defense-strategique\/"},{"@type":"ListItem","position":2,"name":"Jurisprudences","item":"https:\/\/kohenavocats.com\/ru\/jurisprudences\/"},{"@type":"ListItem","position":3,"name":"ECLI:BE:CABRL:2022:ARR.20221005.1"}]},{"@type":"WebSite","@id":"https:\/\/kohenavocats.com\/ru\/#website","url":"https:\/\/kohenavocats.com\/ru\/","name":"Kohen Avocats","description":"Ma\u00eetre Hassan Kohen, avocat p\u00e9naliste \u00e0 Paris, intervient exclusivement en droit p\u00e9nal pour la d\u00e9fense des particuliers, notamment en mati\u00e8re d\u2019accusations de viol. Il assure un accompagnement rigoureux d\u00e8s la garde \u00e0 vue jusqu\u2019\u00e0 la Cour d\u2019assises, veillant au strict respect des garanties proc\u00e9durales.","publisher":{"@id":"https:\/\/kohenavocats.com\/ru\/#organization"},"potentialAction":[{"@type":"SearchAction","target":{"@type":"EntryPoint","urlTemplate":"https:\/\/kohenavocats.com\/ru\/?s={search_term_string}"},"query-input":{"@type":"PropertyValueSpecification","valueRequired":true,"valueName":"search_term_string"}}],"inLanguage":"ru-RU"},{"@type":"Organization","@id":"https:\/\/kohenavocats.com\/ru\/#organization","name":"Kohen Avocats","url":"https:\/\/kohenavocats.com\/ru\/","logo":{"@type":"ImageObject","inLanguage":"ru-RU","@id":"https:\/\/kohenavocats.com\/ru\/#\/schema\/logo\/image\/","url":"https:\/\/kohenavocats.com\/wp-content\/uploads\/2026\/01\/Logo-2-1.webp","contentUrl":"https:\/\/kohenavocats.com\/wp-content\/uploads\/2026\/01\/Logo-2-1.webp","width":2114,"height":1253,"caption":"Kohen Avocats"},"image":{"@id":"https:\/\/kohenavocats.com\/ru\/#\/schema\/logo\/image\/"}}]}},"jetpack_likes_enabled":false,"jetpack_sharing_enabled":true,"_links":{"self":[{"href":"https:\/\/kohenavocats.com\/ru\/wp-json\/wp\/v2\/kji_decision\/657832","targetHints":{"allow":["GET"]}}],"collection":[{"href":"https:\/\/kohenavocats.com\/ru\/wp-json\/wp\/v2\/kji_decision"}],"about":[{"href":"https:\/\/kohenavocats.com\/ru\/wp-json\/wp\/v2\/types\/kji_decision"}],"wp:attachment":[{"href":"https:\/\/kohenavocats.com\/ru\/wp-json\/wp\/v2\/media?parent=657832"}],"wp:term":[{"taxonomy":"kji_country","embeddable":true,"href":"https:\/\/kohenavocats.com\/ru\/wp-json\/wp\/v2\/kji_country?post=657832"},{"taxonomy":"kji_court","embeddable":true,"href":"https:\/\/kohenavocats.com\/ru\/wp-json\/wp\/v2\/kji_court?post=657832"},{"taxonomy":"kji_chamber","embeddable":true,"href":"https:\/\/kohenavocats.com\/ru\/wp-json\/wp\/v2\/kji_chamber?post=657832"},{"taxonomy":"kji_year","embeddable":true,"href":"https:\/\/kohenavocats.com\/ru\/wp-json\/wp\/v2\/kji_year?post=657832"},{"taxonomy":"kji_subject","embeddable":true,"href":"https:\/\/kohenavocats.com\/ru\/wp-json\/wp\/v2\/kji_subject?post=657832"},{"taxonomy":"kji_keyword","embeddable":true,"href":"https:\/\/kohenavocats.com\/ru\/wp-json\/wp\/v2\/kji_keyword?post=657832"},{"taxonomy":"kji_language","embeddable":true,"href":"https:\/\/kohenavocats.com\/ru\/wp-json\/wp\/v2\/kji_language?post=657832"}],"curies":[{"name":"wp","href":"https:\/\/api.w.org\/{rel}","templated":true}]}}