{"id":658456,"date":"2026-04-23T11:36:57","date_gmt":"2026-04-23T09:36:57","guid":{"rendered":"https:\/\/kohenavocats.com\/jurisprudences\/eclinlrbdha202524924-rechtbank-den-haag-14-10-2025-c-09-692299-fa-rk-25-7332\/"},"modified":"2026-04-23T11:36:57","modified_gmt":"2026-04-23T09:36:57","slug":"eclinlrbdha202524924-rechtbank-den-haag-14-10-2025-c-09-692299-fa-rk-25-7332","status":"publish","type":"kji_decision","link":"https:\/\/kohenavocats.com\/ru\/jurisprudences\/eclinlrbdha202524924-rechtbank-den-haag-14-10-2025-c-09-692299-fa-rk-25-7332\/","title":{"rendered":"ECLI:NL:RBDHA:2025:24924 Rechtbank Den Haag , 14-10-2025 \/ C\/09\/692299 \/ FA RK 25-7332"},"content":{"rendered":"<div class=\"kji-decision\">\n<div class=\"kji-full-text\">\n<p><strong>Inhoudsindicatie.<\/strong> Vervangende toestemming vakanties.<\/p>\n<p>Rechtbank DEN HAAG<\/p>\n<p>Enkelvoudige Kamer<\/p>\n<p>Rekestnummer: FA RK 25-7332<\/p>\n<p>Zaaknummer: C\/09\/692299<\/p>\n<p>Datum beschikking: 14 oktober 2025<\/p>\n<h3>Gezagsuitoefening<\/h3>\n<h3>Beschikking op het op 29 september 2025 ingekomen verzoek van:<\/h3>\n<h3>[de moeder] ,<\/h3>\n<p>de moeder,<\/p>\n<p>wonende op een bij de rechtbank bekend adres,<\/p>\n<p>advocaat: mr. H.H.M. de Vries-Veringa te Lisse.<\/p>\n<p>Als belanghebbende wordt aangemerkt:<\/p>\n<h3>[de vader] ,<\/h3>\n<p>de vader,<\/p>\n<p>wonende op een bij de rechtbank bekend adres.<\/p>\n<h3>Procedure<\/h3>\n<p>De rechtbank heeft kennisgenomen van de stukken, waaronder:<\/p>\n<p>het verzoekschrift van de zijde van de moeder, ingekomen op 29 september 2025;<\/p>\n<p>het bericht van 6 oktober 2025, met bijlagen, van de zijde van de moeder.<\/p>\n<p>Op 10 oktober 2025 is de zaak op de zitting van deze rechtbank behandeld. Hierbij is verschenen: de moeder met mr. J.C.G.J. van der Linden (waarnemend voor mr. H.H.M.<br \/>\nde Vries-Veringa). De vader is, hoewel behoorlijk opgeroepen, niet verschenen.<\/p>\n<h3>Feiten<\/h3>\n<p>&#8212; Partijen zijn gehuwd geweest.<\/p>\n<p>&#8212; Zij zijn de ouders van de volgende nu nog minderjarige kinderen:<\/p>\n<p>&#8212; [de minderjarige 1] , geboren op [geboortedatum 1] 2016 te [geboorteplaats 1] ;<\/p>\n<p>&#8212; [de minderjarige 2] , geboren op [geboortedatum 2] 2018 te [geboorteplaats 2] ;<\/p>\n<p>&#8212; [de minderjarige 3] , geboren op [geboortedatum 3] 2021 te [geboorteplaats 1] .<\/p>\n<p>&#8212; Partijen oefenen gezamenlijk het gezag over de kinderen uit.<\/p>\n<h3>Verzoek en verweer<\/h3>\n<p>De moeder verzoekt:<\/p>\n<p>haar vervangende toestemming te verlenen om met de kinderen op vakantie te gaan met bestemming [bestemming 1] en vertrekdatum vanuit Nederland 16 oktober 2025 en datum van terugkeer 21 oktober 2025;<\/p>\n<p>haar vervangende toestemming te verlenen om met de kinderen op vakantie te gaan met bestemming [bestemming 2] in [land 1] en vertrekdatum vanuit Nederland 27 december 2025 en datum van terugkeer 2 januari 2026,<\/p>\n<p>een en ander voor zover mogelijk met uitvoerbaarverklaring bij voorraad.<\/p>\n<p>De vader heeft geen verweer gevoerd.<\/p>\n<p>Beoordeling<\/p>\n<p>Op grond van artikel 1:253a van het Burgerlijk Wetboek kunnen, in geval van gezamenlijke uitoefening van het gezag, geschillen hieromtrent op verzoek van de ouders, of een van hen, aan de rechtbank worden voorgelegd. De rechtbank neemt een zodanige beslissing als haar in het belang van het kind wenselijk voorkomt.<\/p>\n<p>De moeder wil van 16 oktober 2025 tot en met 21 oktober 2025 met de kinderen op vakantie gaan naar [bestemming 1] en van 27 december 2025 tot en met 2 januari 2026 naar [land 1] . Aangezien de vader weigert zijn toestemming te geven voor deze vakanties, verzoekt de moeder de rechtbank vervangende toestemming te verlenen.<\/p>\n<p>De rechtbank zal het verzoek van de moeder toewijzen. De vader heeft geen verweer gevoerd tegen het verzoek en de rechtbank acht het in het belang van de kinderen dat zij met de moeder op vakantie kunnen gaan. Voor beide vakanties geldt dat het niet op momenten valt dat de kinderen volgens de zorgregeling bij de vader zijn. Voor de vakantie naar [bestemming 1] heeft de moeder op de zitting verklaard dat zij op donderdag 16 oktober 2025 na school zal vertrekken. Op vrijdag hebben de kinderen een studiedag en de week daarna hebben zij herfstvakantie. De kinderen zullen dus geen school missen. De rechtbank ziet dus geen reden om de toestemming te weigeren.<\/p>\n<h3>Beslissing<\/h3>\n<p>De rechtbank:<\/p>\n<p>verleent toestemming aan de moeder \u2013 welke toestemming die van de vader vervangt \u2013 om met de minderjarigen [de minderjarige 1] , geboren op [geboortedatum 1] 2016 te [geboorteplaats 1] , [de minderjarige 2] , geboren op [geboortedatum 2] 2018 te [geboorteplaats 2] , en [de minderjarige 3] , geboren op [geboortedatum 3] 2021 te [geboorteplaats 1] , in de periode van 16 oktober 2025 tot en met 21 oktober 2025 op vakantie te gaan naar [land 2] ;<\/p>\n<p>verleent toestemming aan de moeder \u2013 welke toestemming die van de vader vervangt \u2013 om met voormelde minderjarigen in de periode van 27 december 2025 tot en met 2 januari 2026 op vakantie te gaan naar [land 1] ;<\/p>\n<p>verklaart deze beschikking uitvoerbaar bij voorraad.<\/p>\n<p>Deze beschikking is gegeven door mr. C. van Hees, kinderrechter, in tegenwoordigheid van<br \/>\nmr. C.P.E. van de Fliert-Verburg als griffier, en uitgesproken ter openbare terechtzitting van<br \/>\n14 oktober 2025.<\/p>\n<\/div>\n<hr class=\"kji-sep\" \/>\n<p class=\"kji-source-links\"><strong>Sources officielles :<\/strong> <a class=\"kji-source-link\" href=\"http:\/\/deeplink.rechtspraak.nl\/uitspraak?id=ECLI:NL:RBDHA:2025:24924\" target=\"_blank\" rel=\"noopener noreferrer\">consulter la page source<\/a><\/p>\n<p class=\"kji-license-note\"><em>Rechtspraak.nl open data, Creative Commons Zero. Volume cible 1.8M decisions.<\/em><\/p>\n<\/div>\n","protected":false},"excerpt":{"rendered":"<p>Vervangende toestemming vakanties.<\/p>\n","protected":false},"featured_media":0,"template":"","meta":{"_crdt_document":""},"kji_country":[7669],"kji_court":[7670],"kji_chamber":[],"kji_year":[8463],"kji_subject":[7646],"kji_keyword":[7674,7675,9891,17530,9291],"kji_language":[7671],"class_list":["post-658456","kji_decision","type-kji_decision","status-publish","hentry","kji_country-pays-bas","kji_court-rechtbank-den-haag","kji_year-8463","kji_subject-divers","kji_keyword-rbdha","kji_keyword-rechtbank","kji_keyword-toestemming","kji_keyword-vakanties","kji_keyword-vervangende","kji_language-nl"],"yoast_head":"<!-- This site is optimized with the Yoast SEO Premium plugin v27.5 (Yoast SEO v27.5) - https:\/\/yoast.com\/product\/yoast-seo-premium-wordpress\/ -->\n<title>ECLI:NL:RBDHA:2025:24924 Rechtbank Den Haag , 14-10-2025 \/ C\/09\/692299 \/ FA RK 25-7332 - Ma\u00eetre Hassan Kohen, avocat en droit p\u00e9nal \u00e0 Paris<\/title>\n<meta name=\"robots\" content=\"index, follow, max-snippet:-1, max-image-preview:large, max-video-preview:-1\" \/>\n<link rel=\"canonical\" href=\"https:\/\/kohenavocats.com\/ru\/jurisprudences\/eclinlrbdha202524924-rechtbank-den-haag-14-10-2025-c-09-692299-fa-rk-25-7332\/\" \/>\n<meta property=\"og:locale\" content=\"ru_RU\" \/>\n<meta property=\"og:type\" content=\"article\" \/>\n<meta property=\"og:title\" content=\"ECLI:NL:RBDHA:2025:24924 Rechtbank Den Haag , 14-10-2025 \/ C\/09\/692299 \/ FA RK 25-7332\" \/>\n<meta property=\"og:description\" content=\"Vervangende toestemming vakanties.\" \/>\n<meta property=\"og:url\" content=\"https:\/\/kohenavocats.com\/ru\/jurisprudences\/eclinlrbdha202524924-rechtbank-den-haag-14-10-2025-c-09-692299-fa-rk-25-7332\/\" \/>\n<meta property=\"og:site_name\" content=\"Ma\u00eetre Hassan Kohen, avocat en droit p\u00e9nal \u00e0 Paris\" \/>\n<meta name=\"twitter:card\" content=\"summary_large_image\" \/>\n<meta name=\"twitter:label1\" content=\"\u041f\u0440\u0438\u043c\u0435\u0440\u043d\u043e\u0435 \u0432\u0440\u0435\u043c\u044f \u0434\u043b\u044f \u0447\u0442\u0435\u043d\u0438\u044f\" \/>\n\t<meta name=\"twitter:data1\" content=\"3 \u043c\u0438\u043d\u0443\u0442\u044b\" \/>\n<script type=\"application\/ld+json\" class=\"yoast-schema-graph\">{\"@context\":\"https:\\\/\\\/schema.org\",\"@graph\":[{\"@type\":\"WebPage\",\"@id\":\"https:\\\/\\\/kohenavocats.com\\\/ru\\\/jurisprudences\\\/eclinlrbdha202524924-rechtbank-den-haag-14-10-2025-c-09-692299-fa-rk-25-7332\\\/\",\"url\":\"https:\\\/\\\/kohenavocats.com\\\/ru\\\/jurisprudences\\\/eclinlrbdha202524924-rechtbank-den-haag-14-10-2025-c-09-692299-fa-rk-25-7332\\\/\",\"name\":\"ECLI:NL:RBDHA:2025:24924 Rechtbank Den Haag , 14-10-2025 \\\/ C\\\/09\\\/692299 \\\/ FA RK 25-7332 - Ma\u00eetre Hassan Kohen, avocat en droit p\u00e9nal \u00e0 Paris\",\"isPartOf\":{\"@id\":\"https:\\\/\\\/kohenavocats.com\\\/ru\\\/#website\"},\"datePublished\":\"2026-04-23T09:36:57+00:00\",\"breadcrumb\":{\"@id\":\"https:\\\/\\\/kohenavocats.com\\\/ru\\\/jurisprudences\\\/eclinlrbdha202524924-rechtbank-den-haag-14-10-2025-c-09-692299-fa-rk-25-7332\\\/#breadcrumb\"},\"inLanguage\":\"ru-RU\",\"potentialAction\":[{\"@type\":\"ReadAction\",\"target\":[\"https:\\\/\\\/kohenavocats.com\\\/ru\\\/jurisprudences\\\/eclinlrbdha202524924-rechtbank-den-haag-14-10-2025-c-09-692299-fa-rk-25-7332\\\/\"]}]},{\"@type\":\"BreadcrumbList\",\"@id\":\"https:\\\/\\\/kohenavocats.com\\\/ru\\\/jurisprudences\\\/eclinlrbdha202524924-rechtbank-den-haag-14-10-2025-c-09-692299-fa-rk-25-7332\\\/#breadcrumb\",\"itemListElement\":[{\"@type\":\"ListItem\",\"position\":1,\"name\":\"Home\",\"item\":\"https:\\\/\\\/kohenavocats.com\\\/ru\\\/avocats-en-droit-penal-a-paris-conseil-et-defense-strategique\\\/\"},{\"@type\":\"ListItem\",\"position\":2,\"name\":\"Jurisprudences\",\"item\":\"https:\\\/\\\/kohenavocats.com\\\/ru\\\/jurisprudences\\\/\"},{\"@type\":\"ListItem\",\"position\":3,\"name\":\"ECLI:NL:RBDHA:2025:24924 Rechtbank Den Haag , 14-10-2025 \\\/ C\\\/09\\\/692299 \\\/ FA RK 25-7332\"}]},{\"@type\":\"WebSite\",\"@id\":\"https:\\\/\\\/kohenavocats.com\\\/ru\\\/#website\",\"url\":\"https:\\\/\\\/kohenavocats.com\\\/ru\\\/\",\"name\":\"Kohen Avocats\",\"description\":\"Ma\u00eetre Hassan Kohen, avocat p\u00e9naliste \u00e0 Paris, intervient exclusivement en droit p\u00e9nal pour la d\u00e9fense des particuliers, notamment en mati\u00e8re d\u2019accusations de viol. Il assure un accompagnement rigoureux d\u00e8s la garde \u00e0 vue jusqu\u2019\u00e0 la Cour d\u2019assises, veillant au strict respect des garanties proc\u00e9durales.\",\"publisher\":{\"@id\":\"https:\\\/\\\/kohenavocats.com\\\/ru\\\/#organization\"},\"potentialAction\":[{\"@type\":\"SearchAction\",\"target\":{\"@type\":\"EntryPoint\",\"urlTemplate\":\"https:\\\/\\\/kohenavocats.com\\\/ru\\\/?s={search_term_string}\"},\"query-input\":{\"@type\":\"PropertyValueSpecification\",\"valueRequired\":true,\"valueName\":\"search_term_string\"}}],\"inLanguage\":\"ru-RU\"},{\"@type\":\"Organization\",\"@id\":\"https:\\\/\\\/kohenavocats.com\\\/ru\\\/#organization\",\"name\":\"Kohen Avocats\",\"url\":\"https:\\\/\\\/kohenavocats.com\\\/ru\\\/\",\"logo\":{\"@type\":\"ImageObject\",\"inLanguage\":\"ru-RU\",\"@id\":\"https:\\\/\\\/kohenavocats.com\\\/ru\\\/#\\\/schema\\\/logo\\\/image\\\/\",\"url\":\"https:\\\/\\\/kohenavocats.com\\\/wp-content\\\/uploads\\\/2026\\\/01\\\/Logo-2-1.webp\",\"contentUrl\":\"https:\\\/\\\/kohenavocats.com\\\/wp-content\\\/uploads\\\/2026\\\/01\\\/Logo-2-1.webp\",\"width\":2114,\"height\":1253,\"caption\":\"Kohen Avocats\"},\"image\":{\"@id\":\"https:\\\/\\\/kohenavocats.com\\\/ru\\\/#\\\/schema\\\/logo\\\/image\\\/\"}}]}<\/script>\n<!-- \/ Yoast SEO Premium plugin. -->","yoast_head_json":{"title":"ECLI:NL:RBDHA:2025:24924 Rechtbank Den Haag , 14-10-2025 \/ C\/09\/692299 \/ FA RK 25-7332 - Ma\u00eetre Hassan Kohen, avocat en droit p\u00e9nal \u00e0 Paris","robots":{"index":"index","follow":"follow","max-snippet":"max-snippet:-1","max-image-preview":"max-image-preview:large","max-video-preview":"max-video-preview:-1"},"canonical":"https:\/\/kohenavocats.com\/ru\/jurisprudences\/eclinlrbdha202524924-rechtbank-den-haag-14-10-2025-c-09-692299-fa-rk-25-7332\/","og_locale":"ru_RU","og_type":"article","og_title":"ECLI:NL:RBDHA:2025:24924 Rechtbank Den Haag , 14-10-2025 \/ C\/09\/692299 \/ FA RK 25-7332","og_description":"Vervangende toestemming vakanties.","og_url":"https:\/\/kohenavocats.com\/ru\/jurisprudences\/eclinlrbdha202524924-rechtbank-den-haag-14-10-2025-c-09-692299-fa-rk-25-7332\/","og_site_name":"Ma\u00eetre Hassan Kohen, avocat en droit p\u00e9nal \u00e0 Paris","twitter_card":"summary_large_image","twitter_misc":{"\u041f\u0440\u0438\u043c\u0435\u0440\u043d\u043e\u0435 \u0432\u0440\u0435\u043c\u044f \u0434\u043b\u044f \u0447\u0442\u0435\u043d\u0438\u044f":"3 \u043c\u0438\u043d\u0443\u0442\u044b"},"schema":{"@context":"https:\/\/schema.org","@graph":[{"@type":"WebPage","@id":"https:\/\/kohenavocats.com\/ru\/jurisprudences\/eclinlrbdha202524924-rechtbank-den-haag-14-10-2025-c-09-692299-fa-rk-25-7332\/","url":"https:\/\/kohenavocats.com\/ru\/jurisprudences\/eclinlrbdha202524924-rechtbank-den-haag-14-10-2025-c-09-692299-fa-rk-25-7332\/","name":"ECLI:NL:RBDHA:2025:24924 Rechtbank Den Haag , 14-10-2025 \/ C\/09\/692299 \/ FA RK 25-7332 - Ma\u00eetre Hassan Kohen, avocat en droit p\u00e9nal \u00e0 Paris","isPartOf":{"@id":"https:\/\/kohenavocats.com\/ru\/#website"},"datePublished":"2026-04-23T09:36:57+00:00","breadcrumb":{"@id":"https:\/\/kohenavocats.com\/ru\/jurisprudences\/eclinlrbdha202524924-rechtbank-den-haag-14-10-2025-c-09-692299-fa-rk-25-7332\/#breadcrumb"},"inLanguage":"ru-RU","potentialAction":[{"@type":"ReadAction","target":["https:\/\/kohenavocats.com\/ru\/jurisprudences\/eclinlrbdha202524924-rechtbank-den-haag-14-10-2025-c-09-692299-fa-rk-25-7332\/"]}]},{"@type":"BreadcrumbList","@id":"https:\/\/kohenavocats.com\/ru\/jurisprudences\/eclinlrbdha202524924-rechtbank-den-haag-14-10-2025-c-09-692299-fa-rk-25-7332\/#breadcrumb","itemListElement":[{"@type":"ListItem","position":1,"name":"Home","item":"https:\/\/kohenavocats.com\/ru\/avocats-en-droit-penal-a-paris-conseil-et-defense-strategique\/"},{"@type":"ListItem","position":2,"name":"Jurisprudences","item":"https:\/\/kohenavocats.com\/ru\/jurisprudences\/"},{"@type":"ListItem","position":3,"name":"ECLI:NL:RBDHA:2025:24924 Rechtbank Den Haag , 14-10-2025 \/ C\/09\/692299 \/ FA RK 25-7332"}]},{"@type":"WebSite","@id":"https:\/\/kohenavocats.com\/ru\/#website","url":"https:\/\/kohenavocats.com\/ru\/","name":"Kohen Avocats","description":"Ma\u00eetre Hassan Kohen, avocat p\u00e9naliste \u00e0 Paris, intervient exclusivement en droit p\u00e9nal pour la d\u00e9fense des particuliers, notamment en mati\u00e8re d\u2019accusations de viol. Il assure un accompagnement rigoureux d\u00e8s la garde \u00e0 vue jusqu\u2019\u00e0 la Cour d\u2019assises, veillant au strict respect des garanties proc\u00e9durales.","publisher":{"@id":"https:\/\/kohenavocats.com\/ru\/#organization"},"potentialAction":[{"@type":"SearchAction","target":{"@type":"EntryPoint","urlTemplate":"https:\/\/kohenavocats.com\/ru\/?s={search_term_string}"},"query-input":{"@type":"PropertyValueSpecification","valueRequired":true,"valueName":"search_term_string"}}],"inLanguage":"ru-RU"},{"@type":"Organization","@id":"https:\/\/kohenavocats.com\/ru\/#organization","name":"Kohen Avocats","url":"https:\/\/kohenavocats.com\/ru\/","logo":{"@type":"ImageObject","inLanguage":"ru-RU","@id":"https:\/\/kohenavocats.com\/ru\/#\/schema\/logo\/image\/","url":"https:\/\/kohenavocats.com\/wp-content\/uploads\/2026\/01\/Logo-2-1.webp","contentUrl":"https:\/\/kohenavocats.com\/wp-content\/uploads\/2026\/01\/Logo-2-1.webp","width":2114,"height":1253,"caption":"Kohen Avocats"},"image":{"@id":"https:\/\/kohenavocats.com\/ru\/#\/schema\/logo\/image\/"}}]}},"jetpack_likes_enabled":false,"jetpack_sharing_enabled":true,"_links":{"self":[{"href":"https:\/\/kohenavocats.com\/ru\/wp-json\/wp\/v2\/kji_decision\/658456","targetHints":{"allow":["GET"]}}],"collection":[{"href":"https:\/\/kohenavocats.com\/ru\/wp-json\/wp\/v2\/kji_decision"}],"about":[{"href":"https:\/\/kohenavocats.com\/ru\/wp-json\/wp\/v2\/types\/kji_decision"}],"wp:attachment":[{"href":"https:\/\/kohenavocats.com\/ru\/wp-json\/wp\/v2\/media?parent=658456"}],"wp:term":[{"taxonomy":"kji_country","embeddable":true,"href":"https:\/\/kohenavocats.com\/ru\/wp-json\/wp\/v2\/kji_country?post=658456"},{"taxonomy":"kji_court","embeddable":true,"href":"https:\/\/kohenavocats.com\/ru\/wp-json\/wp\/v2\/kji_court?post=658456"},{"taxonomy":"kji_chamber","embeddable":true,"href":"https:\/\/kohenavocats.com\/ru\/wp-json\/wp\/v2\/kji_chamber?post=658456"},{"taxonomy":"kji_year","embeddable":true,"href":"https:\/\/kohenavocats.com\/ru\/wp-json\/wp\/v2\/kji_year?post=658456"},{"taxonomy":"kji_subject","embeddable":true,"href":"https:\/\/kohenavocats.com\/ru\/wp-json\/wp\/v2\/kji_subject?post=658456"},{"taxonomy":"kji_keyword","embeddable":true,"href":"https:\/\/kohenavocats.com\/ru\/wp-json\/wp\/v2\/kji_keyword?post=658456"},{"taxonomy":"kji_language","embeddable":true,"href":"https:\/\/kohenavocats.com\/ru\/wp-json\/wp\/v2\/kji_language?post=658456"}],"curies":[{"name":"wp","href":"https:\/\/api.w.org\/{rel}","templated":true}]}}