{"id":658974,"date":"2026-04-23T12:31:54","date_gmt":"2026-04-23T10:31:54","guid":{"rendered":"https:\/\/kohenavocats.com\/jurisprudences\/bundesgerichtshof-2-strafsenat-beschluss-2022-09-13-2-str-225-22\/"},"modified":"2026-04-23T12:31:54","modified_gmt":"2026-04-23T10:31:54","slug":"bundesgerichtshof-2-strafsenat-beschluss-2022-09-13-2-str-225-22","status":"publish","type":"kji_decision","link":"https:\/\/kohenavocats.com\/ru\/jurisprudences\/bundesgerichtshof-2-strafsenat-beschluss-2022-09-13-2-str-225-22\/","title":{"rendered":"Bundesgerichtshof, 2. Strafsenat, Beschluss, 2022-09-13, 2 StR 225\/22"},"content":{"rendered":"<div class=\"kji-decision\">\n<div class=\"kji-full-text\">\n<h3>Tenor<\/h3>\n<div>\n<dl class=\"RspDL\">\n<dt><\/dt>\n<dd>\n<p>1. Auf die Revision des Angeklagten wird das Urteil des Landgerichts Aachen vom 14. Januar 2022 im Ausspruch \u00fcber die Gesamtstrafe mit der Ma\u00dfgabe aufgehoben, dass eine nachtr\u00e4gliche gerichtliche Entscheidung \u00fcber die Gesamtstrafe nach \u00a7 460, \u00a7 462 StPO zu treffen ist.<\/p>\n<\/dd>\n<\/dl>\n<dl class=\"RspDL\">\n<dt><\/dt>\n<dd>\n<\/dd>\n<\/dl>\n<dl class=\"RspDL\">\n<dt><\/dt>\n<dd>\n<p>2. Die weitergehende Revision wird verworfen.<\/p>\n<\/dd>\n<\/dl>\n<dl class=\"RspDL\">\n<dt><\/dt>\n<dd>\n<\/dd>\n<\/dl>\n<dl class=\"RspDL\">\n<dt><\/dt>\n<dd>\n<p>3. Der Angeklagte hat die Kosten seines Rechtsmittels und die der Nebenkl\u00e4gerin insoweit entstandenen notwendigen Auslagen zu tragen.<\/p>\n<\/dd>\n<\/dl>\n<dl class=\"RspDL\">\n<dt><\/dt>\n<dd>\n<\/dd>\n<\/dl><\/div>\n<h3>Gr\u00fcnde<\/h3>\n<div>\n<dl class=\"RspDL\">\n<dt>\n               <a name=\"rd_1\">1<\/a>\n            <\/dt>\n<dd>\n<p>Das Landgericht hat den Angeklagten \u2013 unter Freispruch im \u00dcbrigen \u2013 wegen K\u00f6rperverletzung in Tateinheit mit Beleidigung, Freiheitsberaubung und N\u00f6tigung unter Einbeziehung der Einzelgeldstrafen aus dem Urteil des Amtsgerichts Aachen vom 15. Mai 2020 und Aufl\u00f6sung der dort gebildeten Gesamtstrafe sowie unter weiterer Einbeziehung der Geldstrafen aus den Strafbefehlen des Amtsgerichts D\u00fcren vom 29. Juni 2020 und des Amtsgerichts J\u00fclich vom 9. Juli 2020, 19. August 2021, 26. August 2021 und vom 3. November 2021 zu einer Gesamtfreiheitsstrafe von zwei Jahren und vier Monaten verurteilt. Dar\u00fcberhinaus hat es die im letztgenannten Strafbefehl ausgesprochene Sperre f\u00fcr die Neuerteilung einer Fahrerlaubnis aufrechterhalten. Gegen dieses Urteil wendet sich der Angeklagte mit seiner auf die R\u00fcge der Verletzung materiellen Rechts gest\u00fctzten Revision.<\/p>\n<\/dd>\n<\/dl>\n<dl class=\"RspDL\">\n<dt><\/dt>\n<dd>\n<\/dd>\n<\/dl>\n<dl class=\"RspDL\">\n<dt>\n               <a name=\"rd_2\">2<\/a>\n            <\/dt>\n<dd>\n<p>Das Rechtsmittel ist aus den zutreffenden Erw\u00e4gungen in der Antragsschrift des Generalbundesanwalts unbegr\u00fcndet, soweit es den Schuld-, den Straf- sowie den Ma\u00dfregelausspruch betrifft (\u00a7 349 Abs. 2 StPO). Der Gesamtstrafenausspruch hat jedoch keinen Bestand.<\/p>\n<\/dd>\n<\/dl>\n<dl class=\"RspDL\">\n<dt><\/dt>\n<dd>\n<\/dd>\n<\/dl>\n<dl class=\"RspDL\">\n<dt>\n               <a name=\"rd_3\">3<\/a>\n            <\/dt>\n<dd>\n<p>Das Landgericht hat \u00fcbersehen, dass dem Urteil des Amtsgerichts Aachen vom 15. Mai 2020 Z\u00e4surwirkung zukommt. Die Geldstrafen aus den beiden Strafbefehlen des Amtsgerichts J\u00fclich vom 19. und 26. August 2021 konnten demnach nicht in die gem\u00e4\u00df \u00a7 55 StGB nachtr\u00e4glich zu bildende Gesamtstrafe einbezogen werden, weil die zugrundeliegenden Straftaten erst nach dem 15. Mai 2020, n\u00e4mlich am 2. Juli bzw. 7. Juni 2021, begangen worden sind. Ob die Geldstrafe aus dem Strafbefehl des Amtsgerichts J\u00fclich vom 3. November 2021 gesamtstrafenf\u00e4hig ist, kann der Senat nicht pr\u00fcfen, weil den Urteilsgr\u00fcnden nicht zu entnehmen ist, wann die mit dieser Entscheidung abgeurteilte Straftat begangen wurde.<\/p>\n<\/dd>\n<\/dl>\n<dl class=\"RspDL\">\n<dt><\/dt>\n<dd>\n<\/dd>\n<\/dl>\n<dl class=\"RspDL\">\n<dt>\n               <a name=\"rd_4\">4<\/a>\n            <\/dt>\n<dd>\n<p>Die aufgezeigten Rechtsfehler zwingen jedoch nicht zur Zur\u00fcckweisung der Sache gem\u00e4\u00df \u00a7 354 Abs. 2 Satz 1 StPO. Der Senat macht stattdessen von der M\u00f6glichkeit Gebrauch, gem\u00e4\u00df \u00a7 354 Abs. 1b Satz 1 StPO zu entscheiden, der bei Rechtsfehlern, die ausschlie\u00dflich die Bildung einer Gesamtstrafe betreffen, die M\u00f6glichkeit er\u00f6ffnet, das Tatgericht auf eine Entscheidung im Beschlusswege nach \u00a7 460, \u00a7 462 StPO zu verweisen. Bei der nachtr\u00e4glichen Bildung neuer Gesamtstrafen wird auch das mit Beschluss des Senats vom 5. Juli 2022 \u2013 2 StR 184\/22 \u2013 rechtskr\u00e4ftig gewordene Urteil des Landgerichts Aachen vom 24. Januar 2022 \u2013 67 KLs &#8212; 101 Js 598\/20 &#8212; 13\/21 \u2013 zu ber\u00fccksichtigen sein.<\/p>\n<\/dd>\n<\/dl>\n<dl class=\"RspDL\">\n<dt><\/dt>\n<dd>\n<\/dd>\n<\/dl>\n<dl class=\"RspDL\">\n<dt>\n               <a name=\"rd_5\">5<\/a>\n            <\/dt>\n<dd>\n<p>Der Angeklagte hat die Kosten seines Rechtsmittels zu tragen. Die Kostenentscheidung war nicht dem Nachverfahren gem\u00e4\u00df \u00a7\u00a7 460, 462 StPO vorzubehalten, weil sicher abzusehen ist, dass das Rechtsmittel des Angeklagten, der seine Verurteilung insgesamt angegriffen hat, nur einen geringen Teilerfolg haben kann, so dass der Senat die Kostenentscheidung gem\u00e4\u00df \u00a7 473 Abs. 1 und 4 StPO selbst treffen konnte.<\/p>\n<\/dd>\n<\/dl>\n<dl class=\"RspDL\">\n<dt><\/dt>\n<dd>\n<\/dd>\n<\/dl>\n<dl class=\"RspDL\">\n<dt><\/dt>\n<dd>\n<table class=\"Rsp\">\n<tr>\n<td colspan=\"1\" rowspan=\"1\" valign=\"top\">\n<p style=\"text-align:left\">Franke\u00a0\u00a0\u00a0\u00a0\u00a0<\/p>\n<\/td>\n<td colspan=\"1\" rowspan=\"1\" valign=\"top\">\n<p style=\"text-align:left\">\u00a0\u00a0\u00a0\u00a0\u00a0\u00a0<\/p>\n<\/td>\n<td colspan=\"1\" rowspan=\"1\" valign=\"top\">\n<p style=\"text-align:left\">Appl\u00a0\u00a0\u00a0\u00a0\u00a0<\/p>\n<\/td>\n<td colspan=\"1\" rowspan=\"1\" valign=\"top\">\n<p style=\"text-align:left\">\u00a0\u00a0\u00a0\u00a0\u00a0\u00a0<\/p>\n<\/td>\n<td colspan=\"1\" rowspan=\"1\" valign=\"top\">\n<p style=\"text-align:left\">Zeng\u00a0\u00a0\u00a0<\/p>\n<\/td>\n<\/tr>\n<tr>\n<td colspan=\"1\" rowspan=\"1\" valign=\"top\">\n<p style=\"text-align:left\">\u00a0\u00a0\u00a0\u00a0\u00a0\u00a0<\/p>\n<\/td>\n<td colspan=\"1\" rowspan=\"1\" valign=\"top\">\n<p style=\"text-align:left\">Grube\u00a0\u00a0\u00a0\u00a0\u00a0<\/p>\n<\/td>\n<td colspan=\"1\" rowspan=\"1\" valign=\"top\">\n<p style=\"text-align:left\">\u00a0\u00a0\u00a0\u00a0\u00a0\u00a0<\/p>\n<\/td>\n<td colspan=\"1\" rowspan=\"1\" valign=\"top\">\n<p style=\"text-align:left\">Lutz\u00a0\u00a0\u00a0\u00a0\u00a0<\/p>\n<\/td>\n<td colspan=\"1\" rowspan=\"1\" valign=\"top\">\n<p style=\"text-align:left\">\u00a0\u00a0\u00a0\u00a0\u00a0\u00a0<\/p>\n<\/td>\n<\/tr>\n<\/table>\n<\/dd>\n<\/dl>\n<dl class=\"RspDL\">\n<dt><\/dt>\n<dd>\n<\/dd>\n<\/dl><\/div>\n<\/div>\n<hr class=\"kji-sep\" \/>\n<p class=\"kji-source-links\"><strong>Sources officielles :<\/strong> <a class=\"kji-source-link\" href=\"http:\/\/www.rechtsprechung-im-internet.de\/jportal\/?quelle=jlink&#038;docid=jb-KORE676862022&#038;psml=bsjrsprod.psml&#038;max=true\" target=\"_blank\" rel=\"noopener noreferrer\">consulter la page source<\/a> &middot; <a class=\"kji-pdf-link\" href=\"https:\/\/www.rechtsprechung-im-internet.de\/jportal\/portal\/page\/bsjrsprod.psml\/screen\/JWPDFScreen\/filename\/BGH_2_StR_225-22_KORE676862022.pdf\" target=\"_blank\" rel=\"noopener noreferrer\">PDF officiel<\/a><\/p>\n<p class=\"kji-license-note\"><em>Rechtsprechung im Internet (BMJV\/BfJ) : les decisions sont mises a disposition gratuitement en HTML, PDF et XML pour libre utilisation et re-utilisation.<\/em><\/p>\n<\/div>\n","protected":false},"excerpt":{"rendered":"<p>Tenor 1. Auf die Revision des Angeklagten wird das Urteil des Landgerichts Aachen vom 14. Januar 2022 im Ausspruch \u00fcber die Gesamtstrafe mit der Ma\u00dfgabe aufgehoben, dass eine nachtr\u00e4gliche gerichtliche Entscheidung \u00fcber die Gesamtstrafe nach \u00a7 460, \u00a7 462 StPO zu treffen ist. 2. Die weitergehende Revision wird verworfen. 3. Der Angeklagte hat die Kosten seines Rechtsmittels und die der&#8230;<\/p>\n","protected":false},"featured_media":0,"template":"","meta":{"_crdt_document":""},"kji_country":[7802],"kji_court":[7803],"kji_chamber":[10030],"kji_year":[32183],"kji_subject":[7632],"kji_keyword":[7808,7806,8712,7809],"kji_language":[7805],"class_list":["post-658974","kji_decision","type-kji_decision","status-publish","hentry","kji_country-allemagne","kji_court-bundesgerichtshof","kji_chamber-2-strafsenat","kji_year-32183","kji_subject-penal","kji_keyword-beschluss","kji_keyword-bundesgerichtshof","kji_keyword-strafsenat","kji_keyword-tenor","kji_language-allemand"],"yoast_head":"<!-- This site is optimized with the Yoast SEO Premium plugin v27.5 (Yoast SEO v27.5) - https:\/\/yoast.com\/product\/yoast-seo-premium-wordpress\/ -->\n<title>Bundesgerichtshof, 2. Strafsenat, Beschluss, 2022-09-13, 2 StR 225\/22 - Ma\u00eetre Hassan Kohen, avocat en droit p\u00e9nal \u00e0 Paris<\/title>\n<meta name=\"robots\" content=\"index, follow, max-snippet:-1, max-image-preview:large, max-video-preview:-1\" \/>\n<link rel=\"canonical\" href=\"https:\/\/kohenavocats.com\/ru\/jurisprudences\/bundesgerichtshof-2-strafsenat-beschluss-2022-09-13-2-str-225-22\/\" \/>\n<meta property=\"og:locale\" content=\"ru_RU\" \/>\n<meta property=\"og:type\" content=\"article\" \/>\n<meta property=\"og:title\" content=\"Bundesgerichtshof, 2. Strafsenat, Beschluss, 2022-09-13, 2 StR 225\/22\" \/>\n<meta property=\"og:description\" content=\"Tenor 1. Auf die Revision des Angeklagten wird das Urteil des Landgerichts Aachen vom 14. Januar 2022 im Ausspruch \u00fcber die Gesamtstrafe mit der Ma\u00dfgabe aufgehoben, dass eine nachtr\u00e4gliche gerichtliche Entscheidung \u00fcber die Gesamtstrafe nach \u00a7 460, \u00a7 462 StPO zu treffen ist. 2. Die weitergehende Revision wird verworfen. 3. Der Angeklagte hat die Kosten seines Rechtsmittels und die der...\" \/>\n<meta property=\"og:url\" content=\"https:\/\/kohenavocats.com\/ru\/jurisprudences\/bundesgerichtshof-2-strafsenat-beschluss-2022-09-13-2-str-225-22\/\" \/>\n<meta property=\"og:site_name\" content=\"Ma\u00eetre Hassan Kohen, avocat en droit p\u00e9nal \u00e0 Paris\" \/>\n<meta name=\"twitter:card\" content=\"summary_large_image\" \/>\n<meta name=\"twitter:label1\" content=\"\u041f\u0440\u0438\u043c\u0435\u0440\u043d\u043e\u0435 \u0432\u0440\u0435\u043c\u044f \u0434\u043b\u044f \u0447\u0442\u0435\u043d\u0438\u044f\" \/>\n\t<meta name=\"twitter:data1\" content=\"2 \u043c\u0438\u043d\u0443\u0442\u044b\" \/>\n<script type=\"application\/ld+json\" class=\"yoast-schema-graph\">{\"@context\":\"https:\\\/\\\/schema.org\",\"@graph\":[{\"@type\":\"WebPage\",\"@id\":\"https:\\\/\\\/kohenavocats.com\\\/ru\\\/jurisprudences\\\/bundesgerichtshof-2-strafsenat-beschluss-2022-09-13-2-str-225-22\\\/\",\"url\":\"https:\\\/\\\/kohenavocats.com\\\/ru\\\/jurisprudences\\\/bundesgerichtshof-2-strafsenat-beschluss-2022-09-13-2-str-225-22\\\/\",\"name\":\"Bundesgerichtshof, 2. Strafsenat, Beschluss, 2022-09-13, 2 StR 225\\\/22 - Ma\u00eetre Hassan Kohen, avocat en droit p\u00e9nal \u00e0 Paris\",\"isPartOf\":{\"@id\":\"https:\\\/\\\/kohenavocats.com\\\/ru\\\/#website\"},\"datePublished\":\"2026-04-23T10:31:54+00:00\",\"breadcrumb\":{\"@id\":\"https:\\\/\\\/kohenavocats.com\\\/ru\\\/jurisprudences\\\/bundesgerichtshof-2-strafsenat-beschluss-2022-09-13-2-str-225-22\\\/#breadcrumb\"},\"inLanguage\":\"ru-RU\",\"potentialAction\":[{\"@type\":\"ReadAction\",\"target\":[\"https:\\\/\\\/kohenavocats.com\\\/ru\\\/jurisprudences\\\/bundesgerichtshof-2-strafsenat-beschluss-2022-09-13-2-str-225-22\\\/\"]}]},{\"@type\":\"BreadcrumbList\",\"@id\":\"https:\\\/\\\/kohenavocats.com\\\/ru\\\/jurisprudences\\\/bundesgerichtshof-2-strafsenat-beschluss-2022-09-13-2-str-225-22\\\/#breadcrumb\",\"itemListElement\":[{\"@type\":\"ListItem\",\"position\":1,\"name\":\"Home\",\"item\":\"https:\\\/\\\/kohenavocats.com\\\/ru\\\/avocats-en-droit-penal-a-paris-conseil-et-defense-strategique\\\/\"},{\"@type\":\"ListItem\",\"position\":2,\"name\":\"Jurisprudences\",\"item\":\"https:\\\/\\\/kohenavocats.com\\\/ru\\\/jurisprudences\\\/\"},{\"@type\":\"ListItem\",\"position\":3,\"name\":\"Bundesgerichtshof, 2. Strafsenat, Beschluss, 2022-09-13, 2 StR 225\\\/22\"}]},{\"@type\":\"WebSite\",\"@id\":\"https:\\\/\\\/kohenavocats.com\\\/ru\\\/#website\",\"url\":\"https:\\\/\\\/kohenavocats.com\\\/ru\\\/\",\"name\":\"Kohen Avocats\",\"description\":\"Ma\u00eetre Hassan Kohen, avocat p\u00e9naliste \u00e0 Paris, intervient exclusivement en droit p\u00e9nal pour la d\u00e9fense des particuliers, notamment en mati\u00e8re d\u2019accusations de viol. Il assure un accompagnement rigoureux d\u00e8s la garde \u00e0 vue jusqu\u2019\u00e0 la Cour d\u2019assises, veillant au strict respect des garanties proc\u00e9durales.\",\"publisher\":{\"@id\":\"https:\\\/\\\/kohenavocats.com\\\/ru\\\/#organization\"},\"potentialAction\":[{\"@type\":\"SearchAction\",\"target\":{\"@type\":\"EntryPoint\",\"urlTemplate\":\"https:\\\/\\\/kohenavocats.com\\\/ru\\\/?s={search_term_string}\"},\"query-input\":{\"@type\":\"PropertyValueSpecification\",\"valueRequired\":true,\"valueName\":\"search_term_string\"}}],\"inLanguage\":\"ru-RU\"},{\"@type\":\"Organization\",\"@id\":\"https:\\\/\\\/kohenavocats.com\\\/ru\\\/#organization\",\"name\":\"Kohen Avocats\",\"url\":\"https:\\\/\\\/kohenavocats.com\\\/ru\\\/\",\"logo\":{\"@type\":\"ImageObject\",\"inLanguage\":\"ru-RU\",\"@id\":\"https:\\\/\\\/kohenavocats.com\\\/ru\\\/#\\\/schema\\\/logo\\\/image\\\/\",\"url\":\"https:\\\/\\\/kohenavocats.com\\\/wp-content\\\/uploads\\\/2026\\\/01\\\/Logo-2-1.webp\",\"contentUrl\":\"https:\\\/\\\/kohenavocats.com\\\/wp-content\\\/uploads\\\/2026\\\/01\\\/Logo-2-1.webp\",\"width\":2114,\"height\":1253,\"caption\":\"Kohen Avocats\"},\"image\":{\"@id\":\"https:\\\/\\\/kohenavocats.com\\\/ru\\\/#\\\/schema\\\/logo\\\/image\\\/\"}}]}<\/script>\n<!-- \/ Yoast SEO Premium plugin. -->","yoast_head_json":{"title":"Bundesgerichtshof, 2. Strafsenat, Beschluss, 2022-09-13, 2 StR 225\/22 - Ma\u00eetre Hassan Kohen, avocat en droit p\u00e9nal \u00e0 Paris","robots":{"index":"index","follow":"follow","max-snippet":"max-snippet:-1","max-image-preview":"max-image-preview:large","max-video-preview":"max-video-preview:-1"},"canonical":"https:\/\/kohenavocats.com\/ru\/jurisprudences\/bundesgerichtshof-2-strafsenat-beschluss-2022-09-13-2-str-225-22\/","og_locale":"ru_RU","og_type":"article","og_title":"Bundesgerichtshof, 2. Strafsenat, Beschluss, 2022-09-13, 2 StR 225\/22","og_description":"Tenor 1. Auf die Revision des Angeklagten wird das Urteil des Landgerichts Aachen vom 14. Januar 2022 im Ausspruch \u00fcber die Gesamtstrafe mit der Ma\u00dfgabe aufgehoben, dass eine nachtr\u00e4gliche gerichtliche Entscheidung \u00fcber die Gesamtstrafe nach \u00a7 460, \u00a7 462 StPO zu treffen ist. 2. Die weitergehende Revision wird verworfen. 3. Der Angeklagte hat die Kosten seines Rechtsmittels und die der...","og_url":"https:\/\/kohenavocats.com\/ru\/jurisprudences\/bundesgerichtshof-2-strafsenat-beschluss-2022-09-13-2-str-225-22\/","og_site_name":"Ma\u00eetre Hassan Kohen, avocat en droit p\u00e9nal \u00e0 Paris","twitter_card":"summary_large_image","twitter_misc":{"\u041f\u0440\u0438\u043c\u0435\u0440\u043d\u043e\u0435 \u0432\u0440\u0435\u043c\u044f \u0434\u043b\u044f \u0447\u0442\u0435\u043d\u0438\u044f":"2 \u043c\u0438\u043d\u0443\u0442\u044b"},"schema":{"@context":"https:\/\/schema.org","@graph":[{"@type":"WebPage","@id":"https:\/\/kohenavocats.com\/ru\/jurisprudences\/bundesgerichtshof-2-strafsenat-beschluss-2022-09-13-2-str-225-22\/","url":"https:\/\/kohenavocats.com\/ru\/jurisprudences\/bundesgerichtshof-2-strafsenat-beschluss-2022-09-13-2-str-225-22\/","name":"Bundesgerichtshof, 2. Strafsenat, Beschluss, 2022-09-13, 2 StR 225\/22 - Ma\u00eetre Hassan Kohen, avocat en droit p\u00e9nal \u00e0 Paris","isPartOf":{"@id":"https:\/\/kohenavocats.com\/ru\/#website"},"datePublished":"2026-04-23T10:31:54+00:00","breadcrumb":{"@id":"https:\/\/kohenavocats.com\/ru\/jurisprudences\/bundesgerichtshof-2-strafsenat-beschluss-2022-09-13-2-str-225-22\/#breadcrumb"},"inLanguage":"ru-RU","potentialAction":[{"@type":"ReadAction","target":["https:\/\/kohenavocats.com\/ru\/jurisprudences\/bundesgerichtshof-2-strafsenat-beschluss-2022-09-13-2-str-225-22\/"]}]},{"@type":"BreadcrumbList","@id":"https:\/\/kohenavocats.com\/ru\/jurisprudences\/bundesgerichtshof-2-strafsenat-beschluss-2022-09-13-2-str-225-22\/#breadcrumb","itemListElement":[{"@type":"ListItem","position":1,"name":"Home","item":"https:\/\/kohenavocats.com\/ru\/avocats-en-droit-penal-a-paris-conseil-et-defense-strategique\/"},{"@type":"ListItem","position":2,"name":"Jurisprudences","item":"https:\/\/kohenavocats.com\/ru\/jurisprudences\/"},{"@type":"ListItem","position":3,"name":"Bundesgerichtshof, 2. Strafsenat, Beschluss, 2022-09-13, 2 StR 225\/22"}]},{"@type":"WebSite","@id":"https:\/\/kohenavocats.com\/ru\/#website","url":"https:\/\/kohenavocats.com\/ru\/","name":"Kohen Avocats","description":"Ma\u00eetre Hassan Kohen, avocat p\u00e9naliste \u00e0 Paris, intervient exclusivement en droit p\u00e9nal pour la d\u00e9fense des particuliers, notamment en mati\u00e8re d\u2019accusations de viol. Il assure un accompagnement rigoureux d\u00e8s la garde \u00e0 vue jusqu\u2019\u00e0 la Cour d\u2019assises, veillant au strict respect des garanties proc\u00e9durales.","publisher":{"@id":"https:\/\/kohenavocats.com\/ru\/#organization"},"potentialAction":[{"@type":"SearchAction","target":{"@type":"EntryPoint","urlTemplate":"https:\/\/kohenavocats.com\/ru\/?s={search_term_string}"},"query-input":{"@type":"PropertyValueSpecification","valueRequired":true,"valueName":"search_term_string"}}],"inLanguage":"ru-RU"},{"@type":"Organization","@id":"https:\/\/kohenavocats.com\/ru\/#organization","name":"Kohen Avocats","url":"https:\/\/kohenavocats.com\/ru\/","logo":{"@type":"ImageObject","inLanguage":"ru-RU","@id":"https:\/\/kohenavocats.com\/ru\/#\/schema\/logo\/image\/","url":"https:\/\/kohenavocats.com\/wp-content\/uploads\/2026\/01\/Logo-2-1.webp","contentUrl":"https:\/\/kohenavocats.com\/wp-content\/uploads\/2026\/01\/Logo-2-1.webp","width":2114,"height":1253,"caption":"Kohen Avocats"},"image":{"@id":"https:\/\/kohenavocats.com\/ru\/#\/schema\/logo\/image\/"}}]}},"jetpack_likes_enabled":false,"jetpack_sharing_enabled":true,"_links":{"self":[{"href":"https:\/\/kohenavocats.com\/ru\/wp-json\/wp\/v2\/kji_decision\/658974","targetHints":{"allow":["GET"]}}],"collection":[{"href":"https:\/\/kohenavocats.com\/ru\/wp-json\/wp\/v2\/kji_decision"}],"about":[{"href":"https:\/\/kohenavocats.com\/ru\/wp-json\/wp\/v2\/types\/kji_decision"}],"wp:attachment":[{"href":"https:\/\/kohenavocats.com\/ru\/wp-json\/wp\/v2\/media?parent=658974"}],"wp:term":[{"taxonomy":"kji_country","embeddable":true,"href":"https:\/\/kohenavocats.com\/ru\/wp-json\/wp\/v2\/kji_country?post=658974"},{"taxonomy":"kji_court","embeddable":true,"href":"https:\/\/kohenavocats.com\/ru\/wp-json\/wp\/v2\/kji_court?post=658974"},{"taxonomy":"kji_chamber","embeddable":true,"href":"https:\/\/kohenavocats.com\/ru\/wp-json\/wp\/v2\/kji_chamber?post=658974"},{"taxonomy":"kji_year","embeddable":true,"href":"https:\/\/kohenavocats.com\/ru\/wp-json\/wp\/v2\/kji_year?post=658974"},{"taxonomy":"kji_subject","embeddable":true,"href":"https:\/\/kohenavocats.com\/ru\/wp-json\/wp\/v2\/kji_subject?post=658974"},{"taxonomy":"kji_keyword","embeddable":true,"href":"https:\/\/kohenavocats.com\/ru\/wp-json\/wp\/v2\/kji_keyword?post=658974"},{"taxonomy":"kji_language","embeddable":true,"href":"https:\/\/kohenavocats.com\/ru\/wp-json\/wp\/v2\/kji_language?post=658974"}],"curies":[{"name":"wp","href":"https:\/\/api.w.org\/{rel}","templated":true}]}}