{"id":659870,"date":"2026-04-23T14:14:55","date_gmt":"2026-04-23T12:14:55","guid":{"rendered":"https:\/\/kohenavocats.com\/jurisprudences\/eclinlcrvb20221998-centrale-raad-van-beroep-30-08-2022-20-3203-pw\/"},"modified":"2026-04-23T14:14:55","modified_gmt":"2026-04-23T12:14:55","slug":"eclinlcrvb20221998-centrale-raad-van-beroep-30-08-2022-20-3203-pw","status":"publish","type":"kji_decision","link":"https:\/\/kohenavocats.com\/ru\/jurisprudences\/eclinlcrvb20221998-centrale-raad-van-beroep-30-08-2022-20-3203-pw\/","title":{"rendered":"ECLI:NL:CRVB:2022:1998 Centrale Raad van Beroep , 30-08-2022 \/ 20\/3203 PW"},"content":{"rendered":"<div class=\"kji-decision\">\n<div class=\"kji-full-text\">\n<p><strong>Inhoudsindicatie.<\/strong> Verzoek om terug te komen van eerder besluit afgewezen.<\/p>\n<p><strong>Inhoudsindicatie.<\/strong> De bijstand is, uitgaande van de WOZ-waarde over 2016, voor \u20ac 30.991 verleend in de vorm van een geldlening in verband met in de woning gebonden vermogen. De verlaging van de WOZ-waarde voor 2018 is geen nieuw gebleken feit of gewijzigde omstandigheid als bedoeld in artikel 4:6 van de Awb. De afwijzing van het herzieningsverzoek is ook niet evident onredelijk.<\/p>\n<p>Centrale Raad van Beroep<\/p>\n<p>Enkelvoudige kamer<\/p>\n<p>Uitspraak op het hoger beroep tegen de uitspraak van de rechtbank Rotterdam van 31 juli 2020, 19\/5984 (aangevallen uitspraak)<\/p>\n<p>Partijen:<\/p>\n<p>[appellante] te [woonplaats] (appellante)<\/p>\n<p>het college van burgemeester en wethouders van Rotterdam (college)<\/p>\n<p>Datum uitspraak: 30 augustus 2022<\/p>\n<h3>PROCESVERLOOP<\/h3>\n<p>Namens appellante heeft mr. R. Moghni, advocaat, hoger beroep ingesteld.<\/p>\n<p>Het college heeft een verweerschrift ingediend.<\/p>\n<p>Appellante heeft nadere stukken ingediend.<\/p>\n<p>Het onderzoek ter zitting heeft plaatsgevonden op 19 juli 2022. Appellante is verschenen, bijgestaan door mr. N. Talhaoui, kantoorgenoot van mr. Moghni. Het college heeft zich laten vertegenwoordigen door mr. D.J.J. Straver.<\/p>\n<h3>OVERWEGINGEN<\/h3>\n<p>1. De Raad gaat uit van de volgende in dit geding van belang zijnde feiten en omstandigheden.<\/p>\n<p>Bij besluit van 21 december 2016 heeft het college aan appellante met ingang van 4 november 2016 bijstand op grond van de Participatiewet (PW) verleend naar de norm voor een alleenstaande. Het college heeft de bijstand verstrekt in de vorm van een geldlening omdat appellante eigenaar is van de woning waarin zij woont.<\/p>\n<p>Bij besluit van 2 mei 2017 heeft het college het maximumbedrag van de geldlening vastgesteld op \u20ac 70.559,61. Hierbij heeft het college rekening gehouden met de waarde van de woning op grond van de Wet waardering onroerende zaken (WOZ-waarde) voor het belastingjaar 2016 en met de hypotheekschuld van appellante. Tegen dit besluit heeft appellante geen bezwaar gemaakt.<\/p>\n<p>De twee dochters van appellante hebben op de woning een hypotheekrecht gevestigd als zekerheidsstelling van hun kindsdelen uit de nalatenschap van de overleden echtgenoot van appellante. In verband hiermee heeft het college bij besluit van 1 augustus 2018 het besluit van 2 mei 2017 in zoverre herzien dat het vermogen in de woning lager is vastgesteld en, hiermee samenhangend, het maximumbedrag van de geldlening is vastgesteld op \u20ac 30.991,41. Hierbij heeft het college rekening gehouden met de WOZ-waarde van de woning van appellante voor het belastingjaar 2016, met de hypotheekschuld van appellante en met het hypotheekrecht dat de dochters van appellante op de woning hebben gevestigd. Ook tegen dit besluit heeft appellante geen bezwaar gemaakt.<\/p>\n<p>Bij brief van 7 mei 2019 heeft appellante het college verzocht om op basis van nieuwe gegevens het besluit van 1 augustus 2018 te herzien. Hierbij heeft appellante erop gewezen dat de gemeente Rotterdam de WOZ-waarde van haar woning voor het belastingjaar 2018 heeft bijgesteld van \u20ac 180.000,- naar \u20ac 160.000,- nadat zij bezwaar had gemaakt tegen de WOZ-beschikking voor dat belastingjaar.<\/p>\n<p>Bij besluit van 29 mei 2019, na bezwaar gehandhaafd bij besluit van 17 oktober 2019 (bestreden besluit), heeft het college het verzoek van appellante afgewezen. Aan de besluitvorming heeft het college ten grondslag gelegd dat de correctie van de WOZ-waarde voor het belastingjaar 2018 geen nieuw feit is, omdat de WOZ-beschikking voor het belastingjaar 2016 bepalend is en die correctie daar geen invloed op heeft.<\/p>\n<p>2. Bij de aangevallen uitspraak heeft de rechtbank het beroep tegen het bestreden besluit ongegrond verklaard.<\/p>\n<p>3. In hoger beroep heeft appellante zich tegen de aangevallen uitspraak gekeerd. Appellante heeft aangevoerd dat de verlaging van de WOZ-waarde voor het belastingjaar 2018 een nieuw feit is dat rechtvaardigt dat het besluit van 1 augustus 2018 wordt herzien. Het is namelijk een feit van algemene bekendheid dat woningen in de loop der tijd meer waard worden. De WOZ-waarde van de woning van appellante kan over het belastingjaar 2016 daarom niet hoger zijn geweest dan \u20ac 160.000,-.<\/p>\n<p>4. De Raad komt tot de volgende beoordeling.<\/p>\n<p>Het verzoek van appellante van 7 mei 2019 strekt ertoe dat het college terugkomt van zijn besluit van 1 augustus 2018 voor zover dat gaat over de vaststelling van het vermogen en, in samenhang hiermee, de hoogte van het maximumbedrag van de geldlening. Het college heeft hierop beslist met overeenkomstige toepassing van artikel 4:6, tweede lid, van de Algemene wet bestuursrecht. Dit betekent dat de bestuursrechter aan de hand van de aangevoerde beroepsgronden toetst of het bestuursorgaan zich terecht, zorgvuldig voorbereid en deugdelijk gemotiveerd op het standpunt heeft gesteld dat er geen nieuw gebleken feiten of veranderde omstandigheden zijn. Als het bestreden besluit die toets doorstaat, kan de bestuursrechter niettemin aan de hand van de beroepsgronden tot het oordeel komen dat de afwijzing van het herzieningsverzoek evident onredelijk is (uitspraken van 20 december 2016, ECLI:NL:CRVB:2016:4872 en van 27 december 2016, ECLI:NL:CRVB:2016:5115).<\/p>\n<p>Onder nieuw gebleken feiten en veranderde omstandigheden worden verstaan feiten of omstandigheden die n\u00e1 het eerdere besluit zijn voorgevallen, dan wel feiten of omstandigheden die weliswaar v\u00f3\u00f3r het eerdere besluit zijn voorgevallen, maar die niet v\u00f3\u00f3r dat besluit konden worden aangevoerd. Nieuw gebleken feiten zijn ook bewijsstukken van al eerder gestelde feiten of omstandigheden, als deze bewijsstukken niet eerder konden worden overgelegd.<\/p>\n<p>De verlaging van de WOZ-waarde voor het belastingjaar 2018 van \u20ac 180.000,- naar \u20ac 160.000,- is op zichzelf wel een nieuw gegeven, maar geen nieuw gebleken feit of gewijzigde omstandigheid als bedoeld in 4.2. Hierbij is het volgende van betekenis.<\/p>\n<p>De bijstandverlenende instantie kan voor de waardebepaling van een woning in Nederland in beginsel aansluiting zoeken bij de meest recente vaststelling van de WOZ-waarde van de woning. Het staat een betrokkene vrij daar een taxatierapport, opgemaakt door een be\u00ebdigd makelaar, tegenover te stellen. Dit is eerder overwogen in de uitspraak van 3 maart 2015, ECLI:NL:CRVB:2015:702. Niet in geschil is dat in het geval van appellante de meest recente vaststelling van de WOZ-waarde van haar woning de WOZ-waarde voor het belastingjaar 2016 is. Tegen de desbetreffende WOZ- beschikking heeft appellante geen bezwaar gemaakt. Vaststaat dat de WOZ-waarde voor het belastingjaar 2016 niet is gecorrigeerd.<\/p>\n<p>De correctie van de WOZ-waarde voor het belastingjaar 2018 heeft op zichzelf geen betekenis voor de WOZ-waarde voor het belastingjaar 2016 en dus ook niet voor de vaststelling van het vermogen in de woning van appellante. Aan appellante kan worden toegegeven dat niet onaannemelijk is dat de waarde van de woning voor het belastingjaar 2016 ook lager is dan \u20ac 180.000,-. Maar dit niet is vastgesteld. De WOZ-beschikking voor dat belastingjaar is namelijk ongewijzigd gebleven. Appellante heeft haar stelling dat de waarde van haar woning voor het belastingjaar 2016 onjuist is vastgesteld niet verder onderbouwd, bijvoorbeeld met een taxatierapport.<\/p>\n<p>Het college mocht het verzoek van appellante van 7 mei 2019 dan ook afwijzen met verwijzing naar zijn besluit van 1 augustus 2018. Wat appellant heeft aangevoerd over de (gevolgen van de) verlaging van de WOZ-waarde voor het belastingjaar 2018 is ook geen grond voor het oordeel dat de afwijzing van het herzieningsverzoek evident onredelijk is. De rechtbank heeft het beroep tegen het bestreden besluit dus terecht ongegrond verklaard.<\/p>\n<p>Uit 4.4 volgt dat het hoger beroep niet slaagt, zodat de aangevallen uitspraak moet worden bevestigd.<\/p>\n<p>5. Voor een veroordeling in de proceskosten bestaat geen aanleiding.<\/p>\n<h3>BESLISSING<\/h3>\n<p>De Centrale Raad van Beroep bevestigt de aangevallen uitspraak.<\/p>\n<p>Deze uitspraak is gedaan door W.F. Claessens, in tegenwoordigheid van Y.S.S. Fatni als griffier. De beslissing is uitgesproken in het openbaar op 30 augustus 2022.<\/p>\n<p>(getekend) W.F. Claessens<\/p>\n<p>(getekend) Y.S.S. Fatni<\/p>\n<\/div>\n<hr class=\"kji-sep\" \/>\n<p class=\"kji-source-links\"><strong>Sources officielles :<\/strong> <a class=\"kji-source-link\" href=\"http:\/\/deeplink.rechtspraak.nl\/uitspraak?id=ECLI:NL:CRVB:2022:1998\" target=\"_blank\" rel=\"noopener noreferrer\">consulter la page source<\/a><\/p>\n<p class=\"kji-license-note\"><em>Rechtspraak.nl open data, Creative Commons Zero. Volume cible 1.8M decisions.<\/em><\/p>\n<\/div>\n","protected":false},"excerpt":{"rendered":"<p>Verzoek om terug te komen van eerder besluit afgewezen. De bijstand is, uitgaande van de WOZ-waarde over 2016, voor \u20ac 30.991 verleend in de vorm van een geldlening in verband met in de woning gebonden vermogen. De verlaging van de WOZ-waarde voor 2018 is geen nieuw gebleken feit of gewijzigde omstandigheid als bedoeld in artikel 4:6 van de Awb. De afwijzing van het herzieningsverzoek is ook ni&#8230;<\/p>\n","protected":false},"featured_media":0,"template":"","meta":{"_crdt_document":""},"kji_country":[7669],"kji_court":[7982],"kji_chamber":[],"kji_year":[32183],"kji_subject":[7646],"kji_keyword":[7992,11344,16278,13460,7814],"kji_language":[7671],"class_list":["post-659870","kji_decision","type-kji_decision","status-publish","hentry","kji_country-pays-bas","kji_court-centrale-raad-van-beroep","kji_year-32183","kji_subject-divers","kji_keyword-beroep","kji_keyword-centrale","kji_keyword-komen","kji_keyword-terug","kji_keyword-verzoek","kji_language-nl"],"yoast_head":"<!-- This site is optimized with the Yoast SEO Premium plugin v27.4 (Yoast SEO v27.4) - https:\/\/yoast.com\/product\/yoast-seo-premium-wordpress\/ -->\n<title>ECLI:NL:CRVB:2022:1998 Centrale Raad van Beroep , 30-08-2022 \/ 20\/3203 PW - Ma\u00eetre Hassan Kohen, avocat en droit p\u00e9nal \u00e0 Paris<\/title>\n<meta name=\"robots\" content=\"index, follow, max-snippet:-1, max-image-preview:large, max-video-preview:-1\" \/>\n<link rel=\"canonical\" href=\"https:\/\/kohenavocats.com\/ru\/jurisprudences\/eclinlcrvb20221998-centrale-raad-van-beroep-30-08-2022-20-3203-pw\/\" \/>\n<meta property=\"og:locale\" content=\"ru_RU\" \/>\n<meta property=\"og:type\" content=\"article\" \/>\n<meta property=\"og:title\" content=\"ECLI:NL:CRVB:2022:1998 Centrale Raad van Beroep , 30-08-2022 \/ 20\/3203 PW\" \/>\n<meta property=\"og:description\" content=\"Verzoek om terug te komen van eerder besluit afgewezen. De bijstand is, uitgaande van de WOZ-waarde over 2016, voor \u20ac 30.991 verleend in de vorm van een geldlening in verband met in de woning gebonden vermogen. De verlaging van de WOZ-waarde voor 2018 is geen nieuw gebleken feit of gewijzigde omstandigheid als bedoeld in artikel 4:6 van de Awb. De afwijzing van het herzieningsverzoek is ook ni...\" \/>\n<meta property=\"og:url\" content=\"https:\/\/kohenavocats.com\/ru\/jurisprudences\/eclinlcrvb20221998-centrale-raad-van-beroep-30-08-2022-20-3203-pw\/\" \/>\n<meta property=\"og:site_name\" content=\"Ma\u00eetre Hassan Kohen, avocat en droit p\u00e9nal \u00e0 Paris\" \/>\n<meta name=\"twitter:card\" content=\"summary_large_image\" \/>\n<meta name=\"twitter:label1\" content=\"\u041f\u0440\u0438\u043c\u0435\u0440\u043d\u043e\u0435 \u0432\u0440\u0435\u043c\u044f \u0434\u043b\u044f \u0447\u0442\u0435\u043d\u0438\u044f\" \/>\n\t<meta name=\"twitter:data1\" content=\"6 \u043c\u0438\u043d\u0443\u0442\" \/>\n<script type=\"application\/ld+json\" class=\"yoast-schema-graph\">{\"@context\":\"https:\\\/\\\/schema.org\",\"@graph\":[{\"@type\":\"WebPage\",\"@id\":\"https:\\\/\\\/kohenavocats.com\\\/ru\\\/jurisprudences\\\/eclinlcrvb20221998-centrale-raad-van-beroep-30-08-2022-20-3203-pw\\\/\",\"url\":\"https:\\\/\\\/kohenavocats.com\\\/ru\\\/jurisprudences\\\/eclinlcrvb20221998-centrale-raad-van-beroep-30-08-2022-20-3203-pw\\\/\",\"name\":\"ECLI:NL:CRVB:2022:1998 Centrale Raad van Beroep , 30-08-2022 \\\/ 20\\\/3203 PW - Ma\u00eetre Hassan Kohen, avocat en droit p\u00e9nal \u00e0 Paris\",\"isPartOf\":{\"@id\":\"https:\\\/\\\/kohenavocats.com\\\/ru\\\/#website\"},\"datePublished\":\"2026-04-23T12:14:55+00:00\",\"breadcrumb\":{\"@id\":\"https:\\\/\\\/kohenavocats.com\\\/ru\\\/jurisprudences\\\/eclinlcrvb20221998-centrale-raad-van-beroep-30-08-2022-20-3203-pw\\\/#breadcrumb\"},\"inLanguage\":\"ru-RU\",\"potentialAction\":[{\"@type\":\"ReadAction\",\"target\":[\"https:\\\/\\\/kohenavocats.com\\\/ru\\\/jurisprudences\\\/eclinlcrvb20221998-centrale-raad-van-beroep-30-08-2022-20-3203-pw\\\/\"]}]},{\"@type\":\"BreadcrumbList\",\"@id\":\"https:\\\/\\\/kohenavocats.com\\\/ru\\\/jurisprudences\\\/eclinlcrvb20221998-centrale-raad-van-beroep-30-08-2022-20-3203-pw\\\/#breadcrumb\",\"itemListElement\":[{\"@type\":\"ListItem\",\"position\":1,\"name\":\"Home\",\"item\":\"https:\\\/\\\/kohenavocats.com\\\/ru\\\/avocats-en-droit-penal-a-paris-conseil-et-defense-strategique\\\/\"},{\"@type\":\"ListItem\",\"position\":2,\"name\":\"Jurisprudences\",\"item\":\"https:\\\/\\\/kohenavocats.com\\\/ru\\\/jurisprudences\\\/\"},{\"@type\":\"ListItem\",\"position\":3,\"name\":\"ECLI:NL:CRVB:2022:1998 Centrale Raad van Beroep , 30-08-2022 \\\/ 20\\\/3203 PW\"}]},{\"@type\":\"WebSite\",\"@id\":\"https:\\\/\\\/kohenavocats.com\\\/ru\\\/#website\",\"url\":\"https:\\\/\\\/kohenavocats.com\\\/ru\\\/\",\"name\":\"Kohen Avocats\",\"description\":\"Ma\u00eetre Hassan Kohen, avocat p\u00e9naliste \u00e0 Paris, intervient exclusivement en droit p\u00e9nal pour la d\u00e9fense des particuliers, notamment en mati\u00e8re d\u2019accusations de viol. Il assure un accompagnement rigoureux d\u00e8s la garde \u00e0 vue jusqu\u2019\u00e0 la Cour d\u2019assises, veillant au strict respect des garanties proc\u00e9durales.\",\"publisher\":{\"@id\":\"https:\\\/\\\/kohenavocats.com\\\/ru\\\/#organization\"},\"potentialAction\":[{\"@type\":\"SearchAction\",\"target\":{\"@type\":\"EntryPoint\",\"urlTemplate\":\"https:\\\/\\\/kohenavocats.com\\\/ru\\\/?s={search_term_string}\"},\"query-input\":{\"@type\":\"PropertyValueSpecification\",\"valueRequired\":true,\"valueName\":\"search_term_string\"}}],\"inLanguage\":\"ru-RU\"},{\"@type\":\"Organization\",\"@id\":\"https:\\\/\\\/kohenavocats.com\\\/ru\\\/#organization\",\"name\":\"Kohen Avocats\",\"url\":\"https:\\\/\\\/kohenavocats.com\\\/ru\\\/\",\"logo\":{\"@type\":\"ImageObject\",\"inLanguage\":\"ru-RU\",\"@id\":\"https:\\\/\\\/kohenavocats.com\\\/ru\\\/#\\\/schema\\\/logo\\\/image\\\/\",\"url\":\"https:\\\/\\\/kohenavocats.com\\\/wp-content\\\/uploads\\\/2026\\\/01\\\/Logo-2-1.webp\",\"contentUrl\":\"https:\\\/\\\/kohenavocats.com\\\/wp-content\\\/uploads\\\/2026\\\/01\\\/Logo-2-1.webp\",\"width\":2114,\"height\":1253,\"caption\":\"Kohen Avocats\"},\"image\":{\"@id\":\"https:\\\/\\\/kohenavocats.com\\\/ru\\\/#\\\/schema\\\/logo\\\/image\\\/\"}}]}<\/script>\n<!-- \/ Yoast SEO Premium plugin. -->","yoast_head_json":{"title":"ECLI:NL:CRVB:2022:1998 Centrale Raad van Beroep , 30-08-2022 \/ 20\/3203 PW - Ma\u00eetre Hassan Kohen, avocat en droit p\u00e9nal \u00e0 Paris","robots":{"index":"index","follow":"follow","max-snippet":"max-snippet:-1","max-image-preview":"max-image-preview:large","max-video-preview":"max-video-preview:-1"},"canonical":"https:\/\/kohenavocats.com\/ru\/jurisprudences\/eclinlcrvb20221998-centrale-raad-van-beroep-30-08-2022-20-3203-pw\/","og_locale":"ru_RU","og_type":"article","og_title":"ECLI:NL:CRVB:2022:1998 Centrale Raad van Beroep , 30-08-2022 \/ 20\/3203 PW","og_description":"Verzoek om terug te komen van eerder besluit afgewezen. De bijstand is, uitgaande van de WOZ-waarde over 2016, voor \u20ac 30.991 verleend in de vorm van een geldlening in verband met in de woning gebonden vermogen. De verlaging van de WOZ-waarde voor 2018 is geen nieuw gebleken feit of gewijzigde omstandigheid als bedoeld in artikel 4:6 van de Awb. De afwijzing van het herzieningsverzoek is ook ni...","og_url":"https:\/\/kohenavocats.com\/ru\/jurisprudences\/eclinlcrvb20221998-centrale-raad-van-beroep-30-08-2022-20-3203-pw\/","og_site_name":"Ma\u00eetre Hassan Kohen, avocat en droit p\u00e9nal \u00e0 Paris","twitter_card":"summary_large_image","twitter_misc":{"\u041f\u0440\u0438\u043c\u0435\u0440\u043d\u043e\u0435 \u0432\u0440\u0435\u043c\u044f \u0434\u043b\u044f \u0447\u0442\u0435\u043d\u0438\u044f":"6 \u043c\u0438\u043d\u0443\u0442"},"schema":{"@context":"https:\/\/schema.org","@graph":[{"@type":"WebPage","@id":"https:\/\/kohenavocats.com\/ru\/jurisprudences\/eclinlcrvb20221998-centrale-raad-van-beroep-30-08-2022-20-3203-pw\/","url":"https:\/\/kohenavocats.com\/ru\/jurisprudences\/eclinlcrvb20221998-centrale-raad-van-beroep-30-08-2022-20-3203-pw\/","name":"ECLI:NL:CRVB:2022:1998 Centrale Raad van Beroep , 30-08-2022 \/ 20\/3203 PW - Ma\u00eetre Hassan Kohen, avocat en droit p\u00e9nal \u00e0 Paris","isPartOf":{"@id":"https:\/\/kohenavocats.com\/ru\/#website"},"datePublished":"2026-04-23T12:14:55+00:00","breadcrumb":{"@id":"https:\/\/kohenavocats.com\/ru\/jurisprudences\/eclinlcrvb20221998-centrale-raad-van-beroep-30-08-2022-20-3203-pw\/#breadcrumb"},"inLanguage":"ru-RU","potentialAction":[{"@type":"ReadAction","target":["https:\/\/kohenavocats.com\/ru\/jurisprudences\/eclinlcrvb20221998-centrale-raad-van-beroep-30-08-2022-20-3203-pw\/"]}]},{"@type":"BreadcrumbList","@id":"https:\/\/kohenavocats.com\/ru\/jurisprudences\/eclinlcrvb20221998-centrale-raad-van-beroep-30-08-2022-20-3203-pw\/#breadcrumb","itemListElement":[{"@type":"ListItem","position":1,"name":"Home","item":"https:\/\/kohenavocats.com\/ru\/avocats-en-droit-penal-a-paris-conseil-et-defense-strategique\/"},{"@type":"ListItem","position":2,"name":"Jurisprudences","item":"https:\/\/kohenavocats.com\/ru\/jurisprudences\/"},{"@type":"ListItem","position":3,"name":"ECLI:NL:CRVB:2022:1998 Centrale Raad van Beroep , 30-08-2022 \/ 20\/3203 PW"}]},{"@type":"WebSite","@id":"https:\/\/kohenavocats.com\/ru\/#website","url":"https:\/\/kohenavocats.com\/ru\/","name":"Kohen Avocats","description":"Ma\u00eetre Hassan Kohen, avocat p\u00e9naliste \u00e0 Paris, intervient exclusivement en droit p\u00e9nal pour la d\u00e9fense des particuliers, notamment en mati\u00e8re d\u2019accusations de viol. Il assure un accompagnement rigoureux d\u00e8s la garde \u00e0 vue jusqu\u2019\u00e0 la Cour d\u2019assises, veillant au strict respect des garanties proc\u00e9durales.","publisher":{"@id":"https:\/\/kohenavocats.com\/ru\/#organization"},"potentialAction":[{"@type":"SearchAction","target":{"@type":"EntryPoint","urlTemplate":"https:\/\/kohenavocats.com\/ru\/?s={search_term_string}"},"query-input":{"@type":"PropertyValueSpecification","valueRequired":true,"valueName":"search_term_string"}}],"inLanguage":"ru-RU"},{"@type":"Organization","@id":"https:\/\/kohenavocats.com\/ru\/#organization","name":"Kohen Avocats","url":"https:\/\/kohenavocats.com\/ru\/","logo":{"@type":"ImageObject","inLanguage":"ru-RU","@id":"https:\/\/kohenavocats.com\/ru\/#\/schema\/logo\/image\/","url":"https:\/\/kohenavocats.com\/wp-content\/uploads\/2026\/01\/Logo-2-1.webp","contentUrl":"https:\/\/kohenavocats.com\/wp-content\/uploads\/2026\/01\/Logo-2-1.webp","width":2114,"height":1253,"caption":"Kohen Avocats"},"image":{"@id":"https:\/\/kohenavocats.com\/ru\/#\/schema\/logo\/image\/"}}]}},"jetpack_likes_enabled":false,"jetpack_sharing_enabled":true,"_links":{"self":[{"href":"https:\/\/kohenavocats.com\/ru\/wp-json\/wp\/v2\/kji_decision\/659870","targetHints":{"allow":["GET"]}}],"collection":[{"href":"https:\/\/kohenavocats.com\/ru\/wp-json\/wp\/v2\/kji_decision"}],"about":[{"href":"https:\/\/kohenavocats.com\/ru\/wp-json\/wp\/v2\/types\/kji_decision"}],"wp:attachment":[{"href":"https:\/\/kohenavocats.com\/ru\/wp-json\/wp\/v2\/media?parent=659870"}],"wp:term":[{"taxonomy":"kji_country","embeddable":true,"href":"https:\/\/kohenavocats.com\/ru\/wp-json\/wp\/v2\/kji_country?post=659870"},{"taxonomy":"kji_court","embeddable":true,"href":"https:\/\/kohenavocats.com\/ru\/wp-json\/wp\/v2\/kji_court?post=659870"},{"taxonomy":"kji_chamber","embeddable":true,"href":"https:\/\/kohenavocats.com\/ru\/wp-json\/wp\/v2\/kji_chamber?post=659870"},{"taxonomy":"kji_year","embeddable":true,"href":"https:\/\/kohenavocats.com\/ru\/wp-json\/wp\/v2\/kji_year?post=659870"},{"taxonomy":"kji_subject","embeddable":true,"href":"https:\/\/kohenavocats.com\/ru\/wp-json\/wp\/v2\/kji_subject?post=659870"},{"taxonomy":"kji_keyword","embeddable":true,"href":"https:\/\/kohenavocats.com\/ru\/wp-json\/wp\/v2\/kji_keyword?post=659870"},{"taxonomy":"kji_language","embeddable":true,"href":"https:\/\/kohenavocats.com\/ru\/wp-json\/wp\/v2\/kji_language?post=659870"}],"curies":[{"name":"wp","href":"https:\/\/api.w.org\/{rel}","templated":true}]}}