{"id":660254,"date":"2026-04-23T14:59:40","date_gmt":"2026-04-23T12:59:40","guid":{"rendered":"https:\/\/kohenavocats.com\/jurisprudences\/eclinlcrvb20251625-centrale-raad-van-beroep-30-10-2025-25-340-wajong-v\/"},"modified":"2026-04-23T14:59:40","modified_gmt":"2026-04-23T12:59:40","slug":"eclinlcrvb20251625-centrale-raad-van-beroep-30-10-2025-25-340-wajong-v","status":"publish","type":"kji_decision","link":"https:\/\/kohenavocats.com\/ru\/jurisprudences\/eclinlcrvb20251625-centrale-raad-van-beroep-30-10-2025-25-340-wajong-v\/","title":{"rendered":"ECLI:NL:CRVB:2025:1625 Centrale Raad van Beroep , 30-10-2025 \/ 25\/340 WAJONG-V"},"content":{"rendered":"<div class=\"kji-decision\">\n<div class=\"kji-full-text\">\n<p><strong>Inhoudsindicatie.<\/strong> De Raad verklaart het verzet ongegrond.<\/p>\n<p>Datum uitspraak: 30 oktober 2025<\/p>\n<p>25\/340 WAJONG-V<\/p>\n<p>Centrale Raad van Beroep<\/p>\n<p>Enkelvoudige kamer<\/p>\n<p>Uitspraak op het verzet in verband met het verzoek om herziening van de uitspraak van de Centrale Raad van Beroep van 22 februari 2024, 23\/3262 WAJONG<\/p>\n<p>Partijen:<\/p>\n<p>[appellant] te Peru (appellant)<\/p>\n<p>de Raad van bestuur van het Uitvoeringsinstituut werknemersverzekeringen (Uwv)<\/p>\n<h3>PROCESVERLOOP<\/h3>\n<p>In de uitspraak van 5 februari 2025 heeft de Raad het door appellant ingestelde verzoek om herziening van de uitspraak in hoger beroep afgewezen omdat appellant in zijn verzoek om herziening geen feiten of omstandigheden heeft aangevoerd als bedoeld in artikel 8:119, eerste lid van de Algemene wet bestuursrecht (Awb).<\/p>\n<p>Appellant heeft verzet ingediend. Het verzet is behandeld op zitting van 18 september 2025. Appellant heeft online aan de zitting deelgenomen. Gedaagde is niet verschenen.<\/p>\n<h3>OVERWEGINGEN<\/h3>\n<p>In verzet heeft appellant aangevoerd dat de rechter in hoger beroep niet is ingegaan op zijn standpunten.<\/p>\n<p>Appellant stelt dat de overwegingen van de Raad in de uitspraak van 22 februari 2024 gebaseerd zijn op een andere zaak. Verder heeft appellant aangevoerd dat de rechter in hoger beroep niet genoeg kennis had over het strafrecht om over zijn zaak te oordelen en appellant stelt verder dat hij in zijn verzoek om herziening feiten en omstandigheden heeft aangevoerd als bedoeld in artikel 8:119, eerste lid, van de Awb.<\/p>\n<p>De Raad overweegt dat de verwijzing naar de \u2018andere uitspraak\u2019 in de uitspraak van 22 februari 2024 een verwijzing is naar vaste rechtspraak. Dit wordt ook wel jurisprudentie genoemd. Jurisprudentie kunnen rechters gebruiken als rechtsbron om hun overwegingen en beslissingen daarop te baseren. In de uitspraak van 22 februari 2024 wordt door de Raad aangesloten bij de lijn die in eerdere uitspraken is ontwikkeld over soortgelijke zaken. Daarmee heeft de Raad in de uitspraak op het verzoek om herziening van 5 februari 2025 terecht geoordeeld dat niet is gebleken dat de feiten en omstandigheden aangevoerd door appellant in zijn verzoek om herziening, voldoen aan de vereisten zoals bedoeld in artikel 8:119, eerste lid, van de Awb. De gronden van appellant zijn in wezen argumenten waarom hij het niet eens is met de uitspraak op het hoger beroep. Daar is de herzieningsprocedure niet voor bedoeld.<\/p>\n<p>Dit betekent dat het verzet ongegrond wordt verklaard.<\/p>\n<p>Voor een proceskostenveroordeling van het verzet is geen aanleiding.<\/p>\n<h3>BESLISSING<\/h3>\n<p>De Centrale Raad van Beroep verklaart het verzet ongegrond.<\/p>\n<p>Deze uitspraak is gedaan door J.C. Boeree, in tegenwoordigheid van J. Bonnema als griffier. De beslissing is uitgesproken in het openbaar op 30 oktober 2025.<\/p>\n<p>(getekend) J.C. Boeree<\/p>\n<p>(getekend) J. Bonnema<\/p>\n<\/div>\n<hr class=\"kji-sep\" \/>\n<p class=\"kji-source-links\"><strong>Sources officielles :<\/strong> <a class=\"kji-source-link\" href=\"http:\/\/deeplink.rechtspraak.nl\/uitspraak?id=ECLI:NL:CRVB:2025:1625\" target=\"_blank\" rel=\"noopener noreferrer\">consulter la page source<\/a><\/p>\n<p class=\"kji-license-note\"><em>Rechtspraak.nl open data, Creative Commons Zero. Volume cible 1.8M decisions.<\/em><\/p>\n<\/div>\n","protected":false},"excerpt":{"rendered":"<p>De Raad verklaart het verzet ongegrond.<\/p>\n","protected":false},"featured_media":0,"template":"","meta":{"_crdt_document":""},"kji_country":[7669],"kji_court":[7982],"kji_chamber":[],"kji_year":[8463],"kji_subject":[7646],"kji_keyword":[7992,11344,8608,10600,21207],"kji_language":[7671],"class_list":["post-660254","kji_decision","type-kji_decision","status-publish","hentry","kji_country-pays-bas","kji_court-centrale-raad-van-beroep","kji_year-8463","kji_subject-divers","kji_keyword-beroep","kji_keyword-centrale","kji_keyword-verklaart","kji_keyword-verzet","kji_keyword-wajong-v","kji_language-nl"],"yoast_head":"<!-- This site is optimized with the Yoast SEO Premium plugin v27.4 (Yoast SEO v27.4) - https:\/\/yoast.com\/product\/yoast-seo-premium-wordpress\/ -->\n<title>ECLI:NL:CRVB:2025:1625 Centrale Raad van Beroep , 30-10-2025 \/ 25\/340 WAJONG-V - Ma\u00eetre Hassan Kohen, avocat en droit p\u00e9nal \u00e0 Paris<\/title>\n<meta name=\"robots\" content=\"index, follow, max-snippet:-1, max-image-preview:large, max-video-preview:-1\" \/>\n<link rel=\"canonical\" href=\"https:\/\/kohenavocats.com\/ru\/jurisprudences\/eclinlcrvb20251625-centrale-raad-van-beroep-30-10-2025-25-340-wajong-v\/\" \/>\n<meta property=\"og:locale\" content=\"ru_RU\" \/>\n<meta property=\"og:type\" content=\"article\" \/>\n<meta property=\"og:title\" content=\"ECLI:NL:CRVB:2025:1625 Centrale Raad van Beroep , 30-10-2025 \/ 25\/340 WAJONG-V\" \/>\n<meta property=\"og:description\" content=\"De Raad verklaart het verzet ongegrond.\" \/>\n<meta property=\"og:url\" content=\"https:\/\/kohenavocats.com\/ru\/jurisprudences\/eclinlcrvb20251625-centrale-raad-van-beroep-30-10-2025-25-340-wajong-v\/\" \/>\n<meta property=\"og:site_name\" content=\"Ma\u00eetre Hassan Kohen, avocat en droit p\u00e9nal \u00e0 Paris\" \/>\n<meta name=\"twitter:card\" content=\"summary_large_image\" \/>\n<meta name=\"twitter:label1\" content=\"\u041f\u0440\u0438\u043c\u0435\u0440\u043d\u043e\u0435 \u0432\u0440\u0435\u043c\u044f \u0434\u043b\u044f \u0447\u0442\u0435\u043d\u0438\u044f\" \/>\n\t<meta name=\"twitter:data1\" content=\"2 \u043c\u0438\u043d\u0443\u0442\u044b\" \/>\n<script type=\"application\/ld+json\" class=\"yoast-schema-graph\">{\"@context\":\"https:\\\/\\\/schema.org\",\"@graph\":[{\"@type\":\"WebPage\",\"@id\":\"https:\\\/\\\/kohenavocats.com\\\/ru\\\/jurisprudences\\\/eclinlcrvb20251625-centrale-raad-van-beroep-30-10-2025-25-340-wajong-v\\\/\",\"url\":\"https:\\\/\\\/kohenavocats.com\\\/ru\\\/jurisprudences\\\/eclinlcrvb20251625-centrale-raad-van-beroep-30-10-2025-25-340-wajong-v\\\/\",\"name\":\"ECLI:NL:CRVB:2025:1625 Centrale Raad van Beroep , 30-10-2025 \\\/ 25\\\/340 WAJONG-V - Ma\u00eetre Hassan Kohen, avocat en droit p\u00e9nal \u00e0 Paris\",\"isPartOf\":{\"@id\":\"https:\\\/\\\/kohenavocats.com\\\/ru\\\/#website\"},\"datePublished\":\"2026-04-23T12:59:40+00:00\",\"breadcrumb\":{\"@id\":\"https:\\\/\\\/kohenavocats.com\\\/ru\\\/jurisprudences\\\/eclinlcrvb20251625-centrale-raad-van-beroep-30-10-2025-25-340-wajong-v\\\/#breadcrumb\"},\"inLanguage\":\"ru-RU\",\"potentialAction\":[{\"@type\":\"ReadAction\",\"target\":[\"https:\\\/\\\/kohenavocats.com\\\/ru\\\/jurisprudences\\\/eclinlcrvb20251625-centrale-raad-van-beroep-30-10-2025-25-340-wajong-v\\\/\"]}]},{\"@type\":\"BreadcrumbList\",\"@id\":\"https:\\\/\\\/kohenavocats.com\\\/ru\\\/jurisprudences\\\/eclinlcrvb20251625-centrale-raad-van-beroep-30-10-2025-25-340-wajong-v\\\/#breadcrumb\",\"itemListElement\":[{\"@type\":\"ListItem\",\"position\":1,\"name\":\"Home\",\"item\":\"https:\\\/\\\/kohenavocats.com\\\/ru\\\/avocats-en-droit-penal-a-paris-conseil-et-defense-strategique\\\/\"},{\"@type\":\"ListItem\",\"position\":2,\"name\":\"Jurisprudences\",\"item\":\"https:\\\/\\\/kohenavocats.com\\\/ru\\\/jurisprudences\\\/\"},{\"@type\":\"ListItem\",\"position\":3,\"name\":\"ECLI:NL:CRVB:2025:1625 Centrale Raad van Beroep , 30-10-2025 \\\/ 25\\\/340 WAJONG-V\"}]},{\"@type\":\"WebSite\",\"@id\":\"https:\\\/\\\/kohenavocats.com\\\/ru\\\/#website\",\"url\":\"https:\\\/\\\/kohenavocats.com\\\/ru\\\/\",\"name\":\"Kohen Avocats\",\"description\":\"Ma\u00eetre Hassan Kohen, avocat p\u00e9naliste \u00e0 Paris, intervient exclusivement en droit p\u00e9nal pour la d\u00e9fense des particuliers, notamment en mati\u00e8re d\u2019accusations de viol. Il assure un accompagnement rigoureux d\u00e8s la garde \u00e0 vue jusqu\u2019\u00e0 la Cour d\u2019assises, veillant au strict respect des garanties proc\u00e9durales.\",\"publisher\":{\"@id\":\"https:\\\/\\\/kohenavocats.com\\\/ru\\\/#organization\"},\"potentialAction\":[{\"@type\":\"SearchAction\",\"target\":{\"@type\":\"EntryPoint\",\"urlTemplate\":\"https:\\\/\\\/kohenavocats.com\\\/ru\\\/?s={search_term_string}\"},\"query-input\":{\"@type\":\"PropertyValueSpecification\",\"valueRequired\":true,\"valueName\":\"search_term_string\"}}],\"inLanguage\":\"ru-RU\"},{\"@type\":\"Organization\",\"@id\":\"https:\\\/\\\/kohenavocats.com\\\/ru\\\/#organization\",\"name\":\"Kohen Avocats\",\"url\":\"https:\\\/\\\/kohenavocats.com\\\/ru\\\/\",\"logo\":{\"@type\":\"ImageObject\",\"inLanguage\":\"ru-RU\",\"@id\":\"https:\\\/\\\/kohenavocats.com\\\/ru\\\/#\\\/schema\\\/logo\\\/image\\\/\",\"url\":\"https:\\\/\\\/kohenavocats.com\\\/wp-content\\\/uploads\\\/2026\\\/01\\\/Logo-2-1.webp\",\"contentUrl\":\"https:\\\/\\\/kohenavocats.com\\\/wp-content\\\/uploads\\\/2026\\\/01\\\/Logo-2-1.webp\",\"width\":2114,\"height\":1253,\"caption\":\"Kohen Avocats\"},\"image\":{\"@id\":\"https:\\\/\\\/kohenavocats.com\\\/ru\\\/#\\\/schema\\\/logo\\\/image\\\/\"}}]}<\/script>\n<!-- \/ Yoast SEO Premium plugin. -->","yoast_head_json":{"title":"ECLI:NL:CRVB:2025:1625 Centrale Raad van Beroep , 30-10-2025 \/ 25\/340 WAJONG-V - Ma\u00eetre Hassan Kohen, avocat en droit p\u00e9nal \u00e0 Paris","robots":{"index":"index","follow":"follow","max-snippet":"max-snippet:-1","max-image-preview":"max-image-preview:large","max-video-preview":"max-video-preview:-1"},"canonical":"https:\/\/kohenavocats.com\/ru\/jurisprudences\/eclinlcrvb20251625-centrale-raad-van-beroep-30-10-2025-25-340-wajong-v\/","og_locale":"ru_RU","og_type":"article","og_title":"ECLI:NL:CRVB:2025:1625 Centrale Raad van Beroep , 30-10-2025 \/ 25\/340 WAJONG-V","og_description":"De Raad verklaart het verzet ongegrond.","og_url":"https:\/\/kohenavocats.com\/ru\/jurisprudences\/eclinlcrvb20251625-centrale-raad-van-beroep-30-10-2025-25-340-wajong-v\/","og_site_name":"Ma\u00eetre Hassan Kohen, avocat en droit p\u00e9nal \u00e0 Paris","twitter_card":"summary_large_image","twitter_misc":{"\u041f\u0440\u0438\u043c\u0435\u0440\u043d\u043e\u0435 \u0432\u0440\u0435\u043c\u044f \u0434\u043b\u044f \u0447\u0442\u0435\u043d\u0438\u044f":"2 \u043c\u0438\u043d\u0443\u0442\u044b"},"schema":{"@context":"https:\/\/schema.org","@graph":[{"@type":"WebPage","@id":"https:\/\/kohenavocats.com\/ru\/jurisprudences\/eclinlcrvb20251625-centrale-raad-van-beroep-30-10-2025-25-340-wajong-v\/","url":"https:\/\/kohenavocats.com\/ru\/jurisprudences\/eclinlcrvb20251625-centrale-raad-van-beroep-30-10-2025-25-340-wajong-v\/","name":"ECLI:NL:CRVB:2025:1625 Centrale Raad van Beroep , 30-10-2025 \/ 25\/340 WAJONG-V - Ma\u00eetre Hassan Kohen, avocat en droit p\u00e9nal \u00e0 Paris","isPartOf":{"@id":"https:\/\/kohenavocats.com\/ru\/#website"},"datePublished":"2026-04-23T12:59:40+00:00","breadcrumb":{"@id":"https:\/\/kohenavocats.com\/ru\/jurisprudences\/eclinlcrvb20251625-centrale-raad-van-beroep-30-10-2025-25-340-wajong-v\/#breadcrumb"},"inLanguage":"ru-RU","potentialAction":[{"@type":"ReadAction","target":["https:\/\/kohenavocats.com\/ru\/jurisprudences\/eclinlcrvb20251625-centrale-raad-van-beroep-30-10-2025-25-340-wajong-v\/"]}]},{"@type":"BreadcrumbList","@id":"https:\/\/kohenavocats.com\/ru\/jurisprudences\/eclinlcrvb20251625-centrale-raad-van-beroep-30-10-2025-25-340-wajong-v\/#breadcrumb","itemListElement":[{"@type":"ListItem","position":1,"name":"Home","item":"https:\/\/kohenavocats.com\/ru\/avocats-en-droit-penal-a-paris-conseil-et-defense-strategique\/"},{"@type":"ListItem","position":2,"name":"Jurisprudences","item":"https:\/\/kohenavocats.com\/ru\/jurisprudences\/"},{"@type":"ListItem","position":3,"name":"ECLI:NL:CRVB:2025:1625 Centrale Raad van Beroep , 30-10-2025 \/ 25\/340 WAJONG-V"}]},{"@type":"WebSite","@id":"https:\/\/kohenavocats.com\/ru\/#website","url":"https:\/\/kohenavocats.com\/ru\/","name":"Kohen Avocats","description":"Ma\u00eetre Hassan Kohen, avocat p\u00e9naliste \u00e0 Paris, intervient exclusivement en droit p\u00e9nal pour la d\u00e9fense des particuliers, notamment en mati\u00e8re d\u2019accusations de viol. Il assure un accompagnement rigoureux d\u00e8s la garde \u00e0 vue jusqu\u2019\u00e0 la Cour d\u2019assises, veillant au strict respect des garanties proc\u00e9durales.","publisher":{"@id":"https:\/\/kohenavocats.com\/ru\/#organization"},"potentialAction":[{"@type":"SearchAction","target":{"@type":"EntryPoint","urlTemplate":"https:\/\/kohenavocats.com\/ru\/?s={search_term_string}"},"query-input":{"@type":"PropertyValueSpecification","valueRequired":true,"valueName":"search_term_string"}}],"inLanguage":"ru-RU"},{"@type":"Organization","@id":"https:\/\/kohenavocats.com\/ru\/#organization","name":"Kohen Avocats","url":"https:\/\/kohenavocats.com\/ru\/","logo":{"@type":"ImageObject","inLanguage":"ru-RU","@id":"https:\/\/kohenavocats.com\/ru\/#\/schema\/logo\/image\/","url":"https:\/\/kohenavocats.com\/wp-content\/uploads\/2026\/01\/Logo-2-1.webp","contentUrl":"https:\/\/kohenavocats.com\/wp-content\/uploads\/2026\/01\/Logo-2-1.webp","width":2114,"height":1253,"caption":"Kohen Avocats"},"image":{"@id":"https:\/\/kohenavocats.com\/ru\/#\/schema\/logo\/image\/"}}]}},"jetpack_likes_enabled":false,"jetpack_sharing_enabled":true,"_links":{"self":[{"href":"https:\/\/kohenavocats.com\/ru\/wp-json\/wp\/v2\/kji_decision\/660254","targetHints":{"allow":["GET"]}}],"collection":[{"href":"https:\/\/kohenavocats.com\/ru\/wp-json\/wp\/v2\/kji_decision"}],"about":[{"href":"https:\/\/kohenavocats.com\/ru\/wp-json\/wp\/v2\/types\/kji_decision"}],"wp:attachment":[{"href":"https:\/\/kohenavocats.com\/ru\/wp-json\/wp\/v2\/media?parent=660254"}],"wp:term":[{"taxonomy":"kji_country","embeddable":true,"href":"https:\/\/kohenavocats.com\/ru\/wp-json\/wp\/v2\/kji_country?post=660254"},{"taxonomy":"kji_court","embeddable":true,"href":"https:\/\/kohenavocats.com\/ru\/wp-json\/wp\/v2\/kji_court?post=660254"},{"taxonomy":"kji_chamber","embeddable":true,"href":"https:\/\/kohenavocats.com\/ru\/wp-json\/wp\/v2\/kji_chamber?post=660254"},{"taxonomy":"kji_year","embeddable":true,"href":"https:\/\/kohenavocats.com\/ru\/wp-json\/wp\/v2\/kji_year?post=660254"},{"taxonomy":"kji_subject","embeddable":true,"href":"https:\/\/kohenavocats.com\/ru\/wp-json\/wp\/v2\/kji_subject?post=660254"},{"taxonomy":"kji_keyword","embeddable":true,"href":"https:\/\/kohenavocats.com\/ru\/wp-json\/wp\/v2\/kji_keyword?post=660254"},{"taxonomy":"kji_language","embeddable":true,"href":"https:\/\/kohenavocats.com\/ru\/wp-json\/wp\/v2\/kji_language?post=660254"}],"curies":[{"name":"wp","href":"https:\/\/api.w.org\/{rel}","templated":true}]}}