{"id":662190,"date":"2026-04-23T18:52:02","date_gmt":"2026-04-23T16:52:02","guid":{"rendered":"https:\/\/kohenavocats.com\/jurisprudences\/eclinlrblim202512663-rechtbank-limburg-09-07-2025-c-03-342165-ha-za-25-240\/"},"modified":"2026-04-23T18:52:02","modified_gmt":"2026-04-23T16:52:02","slug":"eclinlrblim202512663-rechtbank-limburg-09-07-2025-c-03-342165-ha-za-25-240","status":"publish","type":"kji_decision","link":"https:\/\/kohenavocats.com\/ru\/jurisprudences\/eclinlrblim202512663-rechtbank-limburg-09-07-2025-c-03-342165-ha-za-25-240\/","title":{"rendered":"ECLI:NL:RBLIM:2025:12663 Rechtbank Limburg , 09-07-2025 \/ C\/03\/342165 \/ HA ZA 25-240"},"content":{"rendered":"<div class=\"kji-decision\">\n<div class=\"kji-full-text\">\n<p><strong>Inhoudsindicatie.<\/strong> Civiel recht. Bodemzaak. Eindvonnis onbevoegd verklaring. Verwijzing naar kamer voor kantonzaken.<\/p>\n<p>vonnis<\/p>\n<h3>RECHTBANK LIMBURG<\/h3>\n<p>Burgerlijk recht<\/p>\n<p>Zittingsplaats Maastricht<\/p>\n<p>zaaknummer \/ rolnummer: C\/03\/342165 \/ HA ZA 25-240<\/p>\n<p>Vonnis (bij vervroeging) van 9 juli 2025<\/p>\n<p>in de zaak van<\/p>\n<h3>1 [eiser sub 1] ,<\/h3>\n<p>2. [eiseres sub 2],<\/p>\n<p>beiden wonend te [woonplaats 1] ,<\/p>\n<p>eisers,<\/p>\n<p>advocaat mr. C. Canters,<\/p>\n<p>tegen<\/p>\n<p>[gedaagde] , h.o.d.n. [handelsnaam],<\/p>\n<p>wonend te [woonplaats 2] ,<\/p>\n<p>gedaagde,<\/p>\n<p>advocaat mr. S.M.M. Hamers.<\/p>\n<p>Partijen zullen hierna [eisers] . en [gedaagde] genoemd worden.<\/p>\n<h3>1De procedure<\/h3>\n<p>Het verloop van de procedure blijkt uit:<\/p>\n<p>de rolbeslissing van 11 juni 2025<\/p>\n<p>de akte uitlaten bevoegdheid van [eisers] .<\/p>\n<p>de akte uitlating van [gedaagde] .<\/p>\n<p>Ten slotte is vonnis bepaald.<\/p>\n<h3>2De beoordeling<\/h3>\n<p>Bij rolbeslissing van 11 juni 2025 heeft de rechtbank partijen in de gelegenheid gesteld zich uit te laten over de vraag of sprake is van vorderingen betreffende een consumentenkoopovereenkomst en dus over de vraag of de kamer voor andere zaken dan kantonzaken bevoegd is om van het geschil kennis te nemen.<\/p>\n<p>Beide partijen kunnen zich verenigen met het voornemen om de zaak te verwijzen naar de kamer voor kantonzaken.<\/p>\n<p>Nu niet is betwist dat in onderhavige zaak sprake is van een gemengde overeenkomst, zodat de overeenkomst dient te worden aangemerkt als een consumentenkoop, zal de rechtbank, gelet op het bepaalde in artikel 93 aanhef en onder c Rv, de zaak in de staat en stand waarin deze zich bevindt verwijzen naar de kamer voor kantonzaken van deze rechtbank.<\/p>\n<p>[gedaagde] heeft verzocht [eisers] . te veroordelen in de proceskosten. Nu de rechtbank de bevoegdheid zelf bij rolbeslissing heeft opgeworpen, ziet de rechtbank geen aanleiding voor een kostenveroordeling.<\/p>\n<h3>3De beslissing<\/h3>\n<p>De rechtbank<\/p>\n<p>verwijst de zaak in de stand waarin deze zich bevindt naar de rolzitting van de kamer voor kantonzaken van deze rechtbank, locatie Maastricht, op woensdag 23 juli 2025 om 10.00 uur voor conclusie van antwoord,<\/p>\n<p>wijst partijen erop dat zij in het vervolg van de procedure niet meer vertegenwoordigd hoeven te worden door een advocaat, maar ook persoonlijk of bij gemachtigde kunnen verschijnen,<\/p>\n<p>wijst partijen erop dat het in deze procedure geheven griffierecht ingevolge art. 8 lid 4 WGBZ zal worden verlaagd en dat het teveel betaalde griffierecht door de griffier zal worden teruggestort.<\/p>\n<p>Dit vonnis is gewezen door mr. B.R.M. de Bruijn en in het openbaar uitgesproken.<\/p>\n<h3>Voetnoten<\/h3>\n<ol>\n<li>type: AH\n<p> coll:<\/li>\n<\/ol>\n<\/div>\n<hr class=\"kji-sep\" \/>\n<p class=\"kji-source-links\"><strong>Sources officielles :<\/strong> <a class=\"kji-source-link\" href=\"http:\/\/deeplink.rechtspraak.nl\/uitspraak?id=ECLI:NL:RBLIM:2025:12663\" target=\"_blank\" rel=\"noopener noreferrer\">consulter la page source<\/a><\/p>\n<p class=\"kji-license-note\"><em>Rechtspraak.nl open data, Creative Commons Zero. Volume cible 1.8M decisions.<\/em><\/p>\n<\/div>\n","protected":false},"excerpt":{"rendered":"<p>Civiel recht. Bodemzaak. Eindvonnis onbevoegd verklaring. Verwijzing naar kamer voor kantonzaken.<\/p>\n","protected":false},"featured_media":0,"template":"","meta":{"_crdt_document":""},"kji_country":[7669],"kji_court":[8080],"kji_chamber":[],"kji_year":[8463],"kji_subject":[7724],"kji_keyword":[13357,9996,9995,9172,7675],"kji_language":[7671],"class_list":["post-662190","kji_decision","type-kji_decision","status-publish","hentry","kji_country-pays-bas","kji_court-rechtbank-limburg","kji_year-8463","kji_subject-civil","kji_keyword-civiel","kji_keyword-limburg","kji_keyword-rblim","kji_keyword-recht","kji_keyword-rechtbank","kji_language-nl"],"yoast_head":"<!-- This site is optimized with the Yoast SEO Premium plugin v27.5 (Yoast SEO v27.5) - https:\/\/yoast.com\/product\/yoast-seo-premium-wordpress\/ -->\n<title>ECLI:NL:RBLIM:2025:12663 Rechtbank Limburg , 09-07-2025 \/ C\/03\/342165 \/ HA ZA 25-240 - Ma\u00eetre Hassan Kohen, avocat en droit p\u00e9nal \u00e0 Paris<\/title>\n<meta name=\"robots\" content=\"index, follow, max-snippet:-1, max-image-preview:large, max-video-preview:-1\" \/>\n<link rel=\"canonical\" href=\"https:\/\/kohenavocats.com\/ru\/jurisprudences\/eclinlrblim202512663-rechtbank-limburg-09-07-2025-c-03-342165-ha-za-25-240\/\" \/>\n<meta property=\"og:locale\" content=\"ru_RU\" \/>\n<meta property=\"og:type\" content=\"article\" \/>\n<meta property=\"og:title\" content=\"ECLI:NL:RBLIM:2025:12663 Rechtbank Limburg , 09-07-2025 \/ C\/03\/342165 \/ HA ZA 25-240\" \/>\n<meta property=\"og:description\" content=\"Civiel recht. Bodemzaak. Eindvonnis onbevoegd verklaring. Verwijzing naar kamer voor kantonzaken.\" \/>\n<meta property=\"og:url\" content=\"https:\/\/kohenavocats.com\/ru\/jurisprudences\/eclinlrblim202512663-rechtbank-limburg-09-07-2025-c-03-342165-ha-za-25-240\/\" \/>\n<meta property=\"og:site_name\" content=\"Ma\u00eetre Hassan Kohen, avocat en droit p\u00e9nal \u00e0 Paris\" \/>\n<meta name=\"twitter:card\" content=\"summary_large_image\" \/>\n<meta name=\"twitter:label1\" content=\"\u041f\u0440\u0438\u043c\u0435\u0440\u043d\u043e\u0435 \u0432\u0440\u0435\u043c\u044f \u0434\u043b\u044f \u0447\u0442\u0435\u043d\u0438\u044f\" \/>\n\t<meta name=\"twitter:data1\" content=\"2 \u043c\u0438\u043d\u0443\u0442\u044b\" \/>\n<script type=\"application\/ld+json\" class=\"yoast-schema-graph\">{\"@context\":\"https:\\\/\\\/schema.org\",\"@graph\":[{\"@type\":\"WebPage\",\"@id\":\"https:\\\/\\\/kohenavocats.com\\\/ru\\\/jurisprudences\\\/eclinlrblim202512663-rechtbank-limburg-09-07-2025-c-03-342165-ha-za-25-240\\\/\",\"url\":\"https:\\\/\\\/kohenavocats.com\\\/ru\\\/jurisprudences\\\/eclinlrblim202512663-rechtbank-limburg-09-07-2025-c-03-342165-ha-za-25-240\\\/\",\"name\":\"ECLI:NL:RBLIM:2025:12663 Rechtbank Limburg , 09-07-2025 \\\/ C\\\/03\\\/342165 \\\/ HA ZA 25-240 - Ma\u00eetre Hassan Kohen, avocat en droit p\u00e9nal \u00e0 Paris\",\"isPartOf\":{\"@id\":\"https:\\\/\\\/kohenavocats.com\\\/ru\\\/#website\"},\"datePublished\":\"2026-04-23T16:52:02+00:00\",\"breadcrumb\":{\"@id\":\"https:\\\/\\\/kohenavocats.com\\\/ru\\\/jurisprudences\\\/eclinlrblim202512663-rechtbank-limburg-09-07-2025-c-03-342165-ha-za-25-240\\\/#breadcrumb\"},\"inLanguage\":\"ru-RU\",\"potentialAction\":[{\"@type\":\"ReadAction\",\"target\":[\"https:\\\/\\\/kohenavocats.com\\\/ru\\\/jurisprudences\\\/eclinlrblim202512663-rechtbank-limburg-09-07-2025-c-03-342165-ha-za-25-240\\\/\"]}]},{\"@type\":\"BreadcrumbList\",\"@id\":\"https:\\\/\\\/kohenavocats.com\\\/ru\\\/jurisprudences\\\/eclinlrblim202512663-rechtbank-limburg-09-07-2025-c-03-342165-ha-za-25-240\\\/#breadcrumb\",\"itemListElement\":[{\"@type\":\"ListItem\",\"position\":1,\"name\":\"Home\",\"item\":\"https:\\\/\\\/kohenavocats.com\\\/ru\\\/avocats-en-droit-penal-a-paris-conseil-et-defense-strategique\\\/\"},{\"@type\":\"ListItem\",\"position\":2,\"name\":\"Jurisprudences\",\"item\":\"https:\\\/\\\/kohenavocats.com\\\/ru\\\/jurisprudences\\\/\"},{\"@type\":\"ListItem\",\"position\":3,\"name\":\"ECLI:NL:RBLIM:2025:12663 Rechtbank Limburg , 09-07-2025 \\\/ C\\\/03\\\/342165 \\\/ HA ZA 25-240\"}]},{\"@type\":\"WebSite\",\"@id\":\"https:\\\/\\\/kohenavocats.com\\\/ru\\\/#website\",\"url\":\"https:\\\/\\\/kohenavocats.com\\\/ru\\\/\",\"name\":\"Kohen Avocats\",\"description\":\"Ma\u00eetre Hassan Kohen, avocat p\u00e9naliste \u00e0 Paris, intervient exclusivement en droit p\u00e9nal pour la d\u00e9fense des particuliers, notamment en mati\u00e8re d\u2019accusations de viol. Il assure un accompagnement rigoureux d\u00e8s la garde \u00e0 vue jusqu\u2019\u00e0 la Cour d\u2019assises, veillant au strict respect des garanties proc\u00e9durales.\",\"publisher\":{\"@id\":\"https:\\\/\\\/kohenavocats.com\\\/ru\\\/#organization\"},\"potentialAction\":[{\"@type\":\"SearchAction\",\"target\":{\"@type\":\"EntryPoint\",\"urlTemplate\":\"https:\\\/\\\/kohenavocats.com\\\/ru\\\/?s={search_term_string}\"},\"query-input\":{\"@type\":\"PropertyValueSpecification\",\"valueRequired\":true,\"valueName\":\"search_term_string\"}}],\"inLanguage\":\"ru-RU\"},{\"@type\":\"Organization\",\"@id\":\"https:\\\/\\\/kohenavocats.com\\\/ru\\\/#organization\",\"name\":\"Kohen Avocats\",\"url\":\"https:\\\/\\\/kohenavocats.com\\\/ru\\\/\",\"logo\":{\"@type\":\"ImageObject\",\"inLanguage\":\"ru-RU\",\"@id\":\"https:\\\/\\\/kohenavocats.com\\\/ru\\\/#\\\/schema\\\/logo\\\/image\\\/\",\"url\":\"https:\\\/\\\/kohenavocats.com\\\/wp-content\\\/uploads\\\/2026\\\/01\\\/Logo-2-1.webp\",\"contentUrl\":\"https:\\\/\\\/kohenavocats.com\\\/wp-content\\\/uploads\\\/2026\\\/01\\\/Logo-2-1.webp\",\"width\":2114,\"height\":1253,\"caption\":\"Kohen Avocats\"},\"image\":{\"@id\":\"https:\\\/\\\/kohenavocats.com\\\/ru\\\/#\\\/schema\\\/logo\\\/image\\\/\"}}]}<\/script>\n<!-- \/ Yoast SEO Premium plugin. -->","yoast_head_json":{"title":"ECLI:NL:RBLIM:2025:12663 Rechtbank Limburg , 09-07-2025 \/ C\/03\/342165 \/ HA ZA 25-240 - Ma\u00eetre Hassan Kohen, avocat en droit p\u00e9nal \u00e0 Paris","robots":{"index":"index","follow":"follow","max-snippet":"max-snippet:-1","max-image-preview":"max-image-preview:large","max-video-preview":"max-video-preview:-1"},"canonical":"https:\/\/kohenavocats.com\/ru\/jurisprudences\/eclinlrblim202512663-rechtbank-limburg-09-07-2025-c-03-342165-ha-za-25-240\/","og_locale":"ru_RU","og_type":"article","og_title":"ECLI:NL:RBLIM:2025:12663 Rechtbank Limburg , 09-07-2025 \/ C\/03\/342165 \/ HA ZA 25-240","og_description":"Civiel recht. Bodemzaak. Eindvonnis onbevoegd verklaring. Verwijzing naar kamer voor kantonzaken.","og_url":"https:\/\/kohenavocats.com\/ru\/jurisprudences\/eclinlrblim202512663-rechtbank-limburg-09-07-2025-c-03-342165-ha-za-25-240\/","og_site_name":"Ma\u00eetre Hassan Kohen, avocat en droit p\u00e9nal \u00e0 Paris","twitter_card":"summary_large_image","twitter_misc":{"\u041f\u0440\u0438\u043c\u0435\u0440\u043d\u043e\u0435 \u0432\u0440\u0435\u043c\u044f \u0434\u043b\u044f \u0447\u0442\u0435\u043d\u0438\u044f":"2 \u043c\u0438\u043d\u0443\u0442\u044b"},"schema":{"@context":"https:\/\/schema.org","@graph":[{"@type":"WebPage","@id":"https:\/\/kohenavocats.com\/ru\/jurisprudences\/eclinlrblim202512663-rechtbank-limburg-09-07-2025-c-03-342165-ha-za-25-240\/","url":"https:\/\/kohenavocats.com\/ru\/jurisprudences\/eclinlrblim202512663-rechtbank-limburg-09-07-2025-c-03-342165-ha-za-25-240\/","name":"ECLI:NL:RBLIM:2025:12663 Rechtbank Limburg , 09-07-2025 \/ C\/03\/342165 \/ HA ZA 25-240 - Ma\u00eetre Hassan Kohen, avocat en droit p\u00e9nal \u00e0 Paris","isPartOf":{"@id":"https:\/\/kohenavocats.com\/ru\/#website"},"datePublished":"2026-04-23T16:52:02+00:00","breadcrumb":{"@id":"https:\/\/kohenavocats.com\/ru\/jurisprudences\/eclinlrblim202512663-rechtbank-limburg-09-07-2025-c-03-342165-ha-za-25-240\/#breadcrumb"},"inLanguage":"ru-RU","potentialAction":[{"@type":"ReadAction","target":["https:\/\/kohenavocats.com\/ru\/jurisprudences\/eclinlrblim202512663-rechtbank-limburg-09-07-2025-c-03-342165-ha-za-25-240\/"]}]},{"@type":"BreadcrumbList","@id":"https:\/\/kohenavocats.com\/ru\/jurisprudences\/eclinlrblim202512663-rechtbank-limburg-09-07-2025-c-03-342165-ha-za-25-240\/#breadcrumb","itemListElement":[{"@type":"ListItem","position":1,"name":"Home","item":"https:\/\/kohenavocats.com\/ru\/avocats-en-droit-penal-a-paris-conseil-et-defense-strategique\/"},{"@type":"ListItem","position":2,"name":"Jurisprudences","item":"https:\/\/kohenavocats.com\/ru\/jurisprudences\/"},{"@type":"ListItem","position":3,"name":"ECLI:NL:RBLIM:2025:12663 Rechtbank Limburg , 09-07-2025 \/ C\/03\/342165 \/ HA ZA 25-240"}]},{"@type":"WebSite","@id":"https:\/\/kohenavocats.com\/ru\/#website","url":"https:\/\/kohenavocats.com\/ru\/","name":"Kohen Avocats","description":"Ma\u00eetre Hassan Kohen, avocat p\u00e9naliste \u00e0 Paris, intervient exclusivement en droit p\u00e9nal pour la d\u00e9fense des particuliers, notamment en mati\u00e8re d\u2019accusations de viol. Il assure un accompagnement rigoureux d\u00e8s la garde \u00e0 vue jusqu\u2019\u00e0 la Cour d\u2019assises, veillant au strict respect des garanties proc\u00e9durales.","publisher":{"@id":"https:\/\/kohenavocats.com\/ru\/#organization"},"potentialAction":[{"@type":"SearchAction","target":{"@type":"EntryPoint","urlTemplate":"https:\/\/kohenavocats.com\/ru\/?s={search_term_string}"},"query-input":{"@type":"PropertyValueSpecification","valueRequired":true,"valueName":"search_term_string"}}],"inLanguage":"ru-RU"},{"@type":"Organization","@id":"https:\/\/kohenavocats.com\/ru\/#organization","name":"Kohen Avocats","url":"https:\/\/kohenavocats.com\/ru\/","logo":{"@type":"ImageObject","inLanguage":"ru-RU","@id":"https:\/\/kohenavocats.com\/ru\/#\/schema\/logo\/image\/","url":"https:\/\/kohenavocats.com\/wp-content\/uploads\/2026\/01\/Logo-2-1.webp","contentUrl":"https:\/\/kohenavocats.com\/wp-content\/uploads\/2026\/01\/Logo-2-1.webp","width":2114,"height":1253,"caption":"Kohen Avocats"},"image":{"@id":"https:\/\/kohenavocats.com\/ru\/#\/schema\/logo\/image\/"}}]}},"jetpack_likes_enabled":false,"jetpack_sharing_enabled":true,"_links":{"self":[{"href":"https:\/\/kohenavocats.com\/ru\/wp-json\/wp\/v2\/kji_decision\/662190","targetHints":{"allow":["GET"]}}],"collection":[{"href":"https:\/\/kohenavocats.com\/ru\/wp-json\/wp\/v2\/kji_decision"}],"about":[{"href":"https:\/\/kohenavocats.com\/ru\/wp-json\/wp\/v2\/types\/kji_decision"}],"wp:attachment":[{"href":"https:\/\/kohenavocats.com\/ru\/wp-json\/wp\/v2\/media?parent=662190"}],"wp:term":[{"taxonomy":"kji_country","embeddable":true,"href":"https:\/\/kohenavocats.com\/ru\/wp-json\/wp\/v2\/kji_country?post=662190"},{"taxonomy":"kji_court","embeddable":true,"href":"https:\/\/kohenavocats.com\/ru\/wp-json\/wp\/v2\/kji_court?post=662190"},{"taxonomy":"kji_chamber","embeddable":true,"href":"https:\/\/kohenavocats.com\/ru\/wp-json\/wp\/v2\/kji_chamber?post=662190"},{"taxonomy":"kji_year","embeddable":true,"href":"https:\/\/kohenavocats.com\/ru\/wp-json\/wp\/v2\/kji_year?post=662190"},{"taxonomy":"kji_subject","embeddable":true,"href":"https:\/\/kohenavocats.com\/ru\/wp-json\/wp\/v2\/kji_subject?post=662190"},{"taxonomy":"kji_keyword","embeddable":true,"href":"https:\/\/kohenavocats.com\/ru\/wp-json\/wp\/v2\/kji_keyword?post=662190"},{"taxonomy":"kji_language","embeddable":true,"href":"https:\/\/kohenavocats.com\/ru\/wp-json\/wp\/v2\/kji_language?post=662190"}],"curies":[{"name":"wp","href":"https:\/\/api.w.org\/{rel}","templated":true}]}}