{"id":662524,"date":"2026-04-23T19:38:46","date_gmt":"2026-04-23T17:38:46","guid":{"rendered":"https:\/\/kohenavocats.com\/jurisprudences\/eclinlrblim202512658-rechtbank-limburg-09-07-2025-c-03-335020-ha-za-24-445\/"},"modified":"2026-04-23T19:38:46","modified_gmt":"2026-04-23T17:38:46","slug":"eclinlrblim202512658-rechtbank-limburg-09-07-2025-c-03-335020-ha-za-24-445","status":"publish","type":"kji_decision","link":"https:\/\/kohenavocats.com\/ru\/jurisprudences\/eclinlrblim202512658-rechtbank-limburg-09-07-2025-c-03-335020-ha-za-24-445\/","title":{"rendered":"ECLI:NL:RBLIM:2025:12658 Rechtbank Limburg , 09-07-2025 \/ C\/03\/335020 \/ HA ZA 24-445"},"content":{"rendered":"<div class=\"kji-decision\">\n<div class=\"kji-full-text\">\n<p><strong>Inhoudsindicatie.<\/strong> Civiel recht. Tussenvonnis. Vordering incident tot oproeping in vrijwaring. Hoofdzaak aangehouden.<\/p>\n<p>vonnis<\/p>\n<h3>RECHTBANK LIMBURG<\/h3>\n<p>Burgerlijk recht<\/p>\n<p>Zittingsplaats Maastricht<\/p>\n<p>zaaknummer: C\/03\/335020 \/ HA ZA 24-445<\/p>\n<p>Vonnis in incident van 9 juli 2025<\/p>\n<p>in de zaak van<\/p>\n<p>de stichting<\/p>\n<p>STICHTING EIERKARTELSCHADE,<\/p>\n<p>gevestigd te Amsterdam,<\/p>\n<p>eiseres in de hoofdzaak, verweerster in het incident,<\/p>\n<p>advocaat mr. S. Tuinenga;<\/p>\n<p>tegen:<\/p>\n<p>1. de stichting<\/p>\n<p>STICHTING ADMINISTRATIEKANTOOR WULRO FOOD GROUP,<\/p>\n<p>gevestigd te Weert,<\/p>\n<p>gedaagde in de hoofdzaak,<\/p>\n<p>advocaat mr. S.H.O. Aben;<\/p>\n<p>2. de besloten vennootschap met beperkte aansprakelijkheid<\/p>\n<p>[gedaagde in de hoofdzaak sub 2]<br \/>\n ,<\/p>\n<p>gevestigd te [vestigingsplaats 1] ,<\/p>\n<p>gedaagde in de hoofdzaak,<\/p>\n<p>advocaat mr. S.H.O. Aben;<\/p>\n<p>3. de besloten vennootschap met beperkte aansprakelijkheid<\/p>\n<p>EIPRODUKTEN WULRO B.V.,<\/p>\n<p>gevestigd te Weert,<\/p>\n<p>gedaagde in de hoofdzaak,<\/p>\n<p>advocaat mr. S.H.O. Aben;<\/p>\n<p>4. de besloten vennootschap met beperkte aansprakelijkheid<\/p>\n<p>VASTE ACTIVA LIQUID B.V.,<\/p>\n<p>gevestigd te Weert,<\/p>\n<p>gedaagde in de hoofdzaak,<\/p>\n<p>advocaat mr. S.H.O. Aben;<\/p>\n<p>5. de besloten vennootschap met beperkte aansprakelijkheid<\/p>\n<p>VASTE ACTIVA POWDER B.V.,<\/p>\n<p>gevestigd te Weert,<\/p>\n<p>gedaagde in de hoofdzaak,<\/p>\n<p>advocaat mr. S.H.O. Aben;<\/p>\n<p>6. de besloten vennootschap met beperkte aansprakelijkheid<\/p>\n<p>WULRO INTERNATIONAL B.V.,<\/p>\n<p>gevestigd te Weert,<\/p>\n<p>gedaagde in de hoofdzaak,<\/p>\n<p>advocaat mr. S.H.O. Aben;<\/p>\n<p>7. de besloten vennootschap met beperkte aansprakelijkheid<\/p>\n<p>DUTCH EGG POWDER SOLUTIONS B.V.,<\/p>\n<p>gevestigd te Weert,<\/p>\n<p>gedaagde in de hoofdzaak,<\/p>\n<p>advocaat mr. S.H.O. Aben;<\/p>\n<p>8. de besloten vennootschap met beperkte aansprakelijkheid<\/p>\n<p>MARPRO B.V.,<\/p>\n<p>gevestigd te Weert,<\/p>\n<p>gedaagde in de hoofdzaak,<\/p>\n<p>advocaat mr. S.H.O. Aben;<\/p>\n<p>9. de besloten vennootschap met beperkte aansprakelijkheid<\/p>\n<p>INTEROVO B.V.,<\/p>\n<p>gevestigd te Weert,<\/p>\n<p>gedaagde in de hoofdzaak,<\/p>\n<p>advocaat mr. S.H.O. Aben;<\/p>\n<h3>10 [gedaagde in de hoofdzaak sub 10] ,<\/h3>\n<p>wonende te [woonplaats 1] ,<\/p>\n<p>gedaagde in de hoofdzaak,<\/p>\n<p>advocaat mr. S.H.O. Aben;<\/p>\n<h3>11 [gedaagde in de hoofdzaak sub 11] ,<\/h3>\n<p>wonende te [woonplaats 1] ,<\/p>\n<p>gedaagde in de hoofdzaak,<\/p>\n<p>advocaat mr. S.H.O. Aben;<\/p>\n<p>12. de besloten vennootschap met beperkte aansprakelijkheid<\/p>\n<p>INTEROVO BEHEER B.V.,<\/p>\n<p>gevestigd te Ochten,<\/p>\n<p>gedaagde in de hoofdzaak, eiseres in het incident,<\/p>\n<p>advocaat mr. J.W. Fanoy;<\/p>\n<p>13. de besloten vennootschap met beperkte aansprakelijkheid<\/p>\n<p>INTEROVO EGG GROUP B.V.,<\/p>\n<p>gevestigd te Ochten,<\/p>\n<p>gedaagde in de hoofdzaak, eiseres in het incident,<\/p>\n<p>advocaat mr. J.W. Fanoy;<\/p>\n<p>14. de besloten vennootschap met beperkte aansprakelijkheid<\/p>\n<p>INTEROVO EGG PRODUCTS B.V.,<\/p>\n<p>gevestigd te Ochten,<\/p>\n<p>gedaagde in de hoofdzaak, eiseres in het incident,<\/p>\n<p>advocaat mr. J.W. Fanoy;<\/p>\n<p>15. de besloten vennootschap met beperkte aansprakelijkheid<\/p>\n<p>INTEROVO SERVICES B.V.,<\/p>\n<p>gevestigd te Ochten,<\/p>\n<p>gedaagde in de hoofdzaak, eiseres in het incident,<\/p>\n<p>advocaat mr. J.W. Fanoy;<\/p>\n<p>16. de besloten vennootschap met beperkte aansprakelijkheid<\/p>\n<p>WEKO EIPRODUKTEN B.V.,<\/p>\n<p>gevestigd te Ochten,<\/p>\n<p>gedaagde in de hoofdzaak, eiseres in het incident,<\/p>\n<p>advocaat mr. J.W. Fanoy;<\/p>\n<p>17. de besloten vennootschap met beperkte aansprakelijkheid<\/p>\n<p>WEKO EGG TRADING B.V.,<\/p>\n<p>gevestigd te Ochten,<\/p>\n<p>gedaagde in de hoofdzaak, eiseres in het incident,<\/p>\n<p>advocaat mr. J.W. Fanoy;<\/p>\n<p>18. de besloten vennootschap met beperkte aansprakelijkheid<\/p>\n<p>INTEROVO TRADING B.V.,<\/p>\n<p>gevestigd te Ochten,<\/p>\n<p>gedaagde in de hoofdzaak, eiseres in het incident,<\/p>\n<p>advocaat mr. J.W. Fanoy;<\/p>\n<p>19. de besloten vennootschap met beperkte aansprakelijkheid<\/p>\n<p>WEKO FOOD INTERNATIONAL B.V.,<\/p>\n<p>gevestigd te Ochten,<\/p>\n<p>gedaagde in de hoofdzaak, eiseres in het incident,<\/p>\n<p>advocaat mr. J.W. Fanoy;<\/p>\n<p>20. de besloten vennootschap met beperkte aansprakelijkheid<\/p>\n<p>B.V. NEDERLANDSE INDUSTRIE VAN EIPRODUKTEN,<\/p>\n<p>gevestigd te Nunspeet,<\/p>\n<p>gedaagde in de hoofdzaak, eiseres in het incident,<\/p>\n<p>advocaat mr. J.W. Fanoy;<\/p>\n<p>21. de besloten vennootschap met beperkte aansprakelijkheid<\/p>\n<p>OVOTECH B.V.,<\/p>\n<p>gevestigd te Loerbeek,<\/p>\n<p>gedaagde in de hoofdzaak, eiseres in het incident,<\/p>\n<p>advocaat mr. J.W. Fanoy;<\/p>\n<p>22. de besloten vennootschap met beperkte aansprakelijkheid<\/p>\n<p>PAP EGGS B.V.,<\/p>\n<p>gevestigd te Nunspeet,<\/p>\n<p>gedaagde in de hoofdzaak, eiseres in het incident,<\/p>\n<p>advocaat mr. J.W. Fanoy;<\/p>\n<p>23. de besloten vennootschap met beperkte aansprakelijkheid<\/p>\n<p>[gedaagde in de hoofdzaak, eiseres in het incident sub 23]<br \/>\n ,<\/p>\n<p>gevestigd te [vestigingsplaats 2] ,<\/p>\n<p>gedaagde in de hoofdzaak, eiseres in het incident,<\/p>\n<p>advocaat mr. J.W. Fanoy;<\/p>\n<h3>24 [gedaagde in de hoofdzaak, eiser in het incident sub 24] ,<\/h3>\n<p>wonende te [woonplaats 2] ,<\/p>\n<p>gedaagde in de hoofdzaak, eiser in het incident,<\/p>\n<p>advocaat mr. J.W. Fanoy;<\/p>\n<h3>25 [gedaagde in de hoofdzaak, eiser in het incident sub 25] ,<\/h3>\n<p>wonende te [woonplaats 3] ,<\/p>\n<p>gedaagde in de hoofdzaak, eiser in het incident,<\/p>\n<p>advocaat mr. J.W. Fanoy;<\/p>\n<p>26. de besloten vennootschap met beperkte aansprakelijkheid<\/p>\n<p>[gedaagde in de hoofdzaak sub 26] ,<\/p>\n<p>gedaagde in de hoofdzaak,<\/p>\n<p>advocaat mr. J.A. van de Hel;<\/p>\n<p>27. de besloten vennootschap met beperkte aansprakelijkheid<\/p>\n<p>[gedaagde in de hoofdzaak sub 27]<\/p>\n<p>gedaagde in de hoofzaak,<\/p>\n<p>advocaat mr. J.A. van de Hel;<\/p>\n<p>28. de besloten vennootschap met beperkte aansprakelijkheid<\/p>\n<p>GLOBAL INTEGRA B.V.,<\/p>\n<p>gedaagde in de hoofdzaak,<\/p>\n<p>advocaat mr. J.A. van de Hel;<\/p>\n<p>29. de besloten vennootschap met beperkte aansprakelijkheid<\/p>\n<p>GLOBAL FOOD HOLDING B.V.,<\/p>\n<p>gedaagde in de hoofdzaak,<\/p>\n<p>advocaat mr. J.A. van de Hel;<\/p>\n<p>30. de besloten vennootschap met beperkte aansprakelijkheid<\/p>\n<p>GLOBAL FOOD GROUP,<\/p>\n<p>gedaagde in de hoofdzaak,<\/p>\n<p>advocaat mr. J.A. van de Hel;<\/p>\n<h3>31 [gedaagde in de hoofdzaak sub 31] ,<\/h3>\n<p>gedaagde in de hoofdzaak,<\/p>\n<p>advocaat mr. J.A. van de Hel;<\/p>\n<p>Partijen (in het incident) zullen hierna de Stichting (eiseres in de hoofdzaak\/verweerder in het incident), Interovo (gedaagden in de hoofdzaak onder 12 t\/m 25, eiseressen in het incident), Wulro (gedaagden in de hoofdzaak onder 1 t\/m 11) en Global (gedaagden in de hoofdzaak onder 26 t\/m 31) genoemd worden.<\/p>\n<h3>1Het verdere verloop van de procedure<\/h3>\n<p>Het verloop van de procedure blijkt uit:<\/p>\n<p>de rolbeschikking van 8 januari 2025;<\/p>\n<p>de incidentele conclusie tot oproeping in vrijwaring van Interovo;<\/p>\n<p>de incidentele conclusie van antwoord van de Stichting.<\/p>\n<p>Ten slotte is vonnis bepaald in het incident.<\/p>\n<h3>2Het geschil<\/h3>\n<h3>In het vrijwaringsincident<\/h3>\n<p>Interovo stelt dat, indien en voor zover haar verweer dat de Stichting in de hoofdzaak niet-ontvankelijk moet worden verklaard, dan wel dat de vordering van de Stichting moet worden afgewezen, wordt verworpen, zij er recht op en belang bij heeft om Wulro en Global in vrijwaring op te roepen.<\/p>\n<p>Interovo voert daartoe aan dat zij in de interne verhouding met de Wulro en Global (gedeeltelijk) niet draagplichtig is. Interovo zal in die situatie vorderen dat zij ieder bijdragen aan te betalen schadevergoeding en de kosten.<\/p>\n<p>Op grond van het vorenstaande vorderen Interovo c.s. dat de rechtbank bij vonnis, voor zoveel mogelijk uitvoerbaar bij voorraad:<\/p>\n<p>1. Interovo c.s. verlof verleent om de volgende partijen (en hun rechtsopvolgers of economische opvolgers) tegen een termijn van zes weken, althans tegen een door de rechtbank te bepalen roldatum, in vrijwaring op te roepen:<br \/>\n1. de stichting STICHTING ADMINISTRATIEKANTOOR WULRO FOOD GROUP, gevestigd te Weert;<\/p>\n<p>2. de besloten vennootschap [gedaagde in de hoofdzaak sub 2] , gevestigd te [vestigingsplaats 1] ;<\/p>\n<p>3. de besloten vennootschap EIPRODUKTEN WULRO B.V., gevestigd te Weert;<\/p>\n<p>4. de besloten vennootschap VASTE ACTIVA LIQUID B.V., gevestigd te Weert;<\/p>\n<p>5. de besloten vennootschap VASTE ACTIVA POWDER B.V., gevestigd te Weert;<\/p>\n<p>6. de besloten vennootschap WULRO INTERNATIONAL B.V., gevestigd te Weert;<\/p>\n<p>7. de besloten vennootschap DUTCH EGG POWDER SOLUTIONS B.V., gevestigd te Weert;<\/p>\n<p>8. de besloten vennootschap MARPRO B.V, gevestigd te Weert;<\/p>\n<p>9. de besloten vennootschap INTEROVO B.V., gevestigd te Weert;<\/p>\n<p>10. [gedaagde in de hoofdzaak sub 10] , woonachtig te [woonplaats 1] ;<\/p>\n<p>11. [gedaagde in de hoofdzaak sub 11] , woonachtig te [woonplaats 1] ;<\/p>\n<p>12. de besloten vennootschap [gedaagde in de hoofdzaak sub 26] , gevestigd te [vestigingsplaats 1] ;<\/p>\n<p>13. de besloten vennootschap [gedaagde in de hoofdzaak sub 27] , gevestigd te [vestigingsplaats 1] ;<\/p>\n<p>14. de besloten vennootschap GLOBAL INTEGRA B.V., gevestigd te Weert;<\/p>\n<p>15. de besloten vennootschap GLOBAL FOOD HOLDING BV., gevestigd te<\/p>\n<p>Opsel;<\/p>\n<p>16. de besloten vennootschap GLOBAL FOOD GROUP B.V., gevestigd te Opsel;<\/p>\n<p>17. [gedaagde in de hoofdzaak sub 31] , woonachtig te [woonplaats 1] ;<\/p>\n<p>2. bepaalt dat het Interovo vrijstaat aanvullend verlof te vragen om het aantal in vrijwaring op te roepen partijen uit breiden en\/of te wijzigen;<\/p>\n<p>3. bepaalt dat, voor zover de incidentele vordering van Interovo geheel of gedeeltelijk wordt afgewezen, van die beslissing hoger beroep kan worden ingesteld;<\/p>\n<p>4. de Stichting veroordeelt in de kosten van deze procedure.<\/p>\n<h3>3De beoordeling<\/h3>\n<h3>In het incident tot vrijwaring<\/h3>\n<p>Ten aanzien van de vordering onder 1 refereert de Stichting zich aan het oordeel van de rechtbank.<\/p>\n<p>De rechtbank begrijpt uit de stellingen van Interovo dat deze bedoelt te stellen dat er tussen haar enerzijds en Wulro en Global anderzijds een rechtsverhouding bestaat die Wulro en Global verplicht om Interovo te vrijwaren ter zake een mogelijke veroordeling in de hoofdzaak, hoewel Interovo niet stelt uit welke grond die vrijwaringsplicht voortvloeit. Mede gelet op het feit dat de Stichting zich heeft gerefereerd aan het oordeel van de rechtbank, is de rechtbank van oordeel dat Interovo voldoende recht op en belang heeft bij het oproepen van Wulro en Global in vrijwaring.<\/p>\n<p>Ten aanzien van de vordering onder 2 stelt de Stichting dat Interovo onvoldoende concreet is over de mogelijk alsnog in vrijwaring op te roepen partijen.<\/p>\n<p>De rechtbank is van oordeel dat de vordering onder 2 moet worden afgewezen. Uit artikel 210 lid 1 Rv volgt dat Interovo tot uiterlijk op de voor de conclusie van antwoord (in de hoofdzaak) bepaalde roldatum een vrijwaringsincident kan opwerpen. Een voorafgaand verlof is daartoe niet nodig, zodat Interovo geen belang heeft bij haar vordering voor zover zij voorafgaand aan het in artikel 210 lid 1 Rv bedoelde tijdstip een partij in vrijwaring wil oproepen. Voor zover Interovo met haar vordering beoogt dat het haar wordt toegestaan om ook na de voor het nemen van de conclusie van antwoord bepaalde roldatum gedaagden in vrijwaring op te roepen, overweegt de rechtbank dat zij op grond van het gestelde geen aanleiding ziet om van de wettelijke regeling af te wijken.<\/p>\n<p>De Stichting stelt zich verder op het standpunt dat de mogelijkheid tot het instellen van hoger beroep niet moet worden opengesteld, omdat Interovo niet heeft gesteld of onderbouwd welk zwaarwegend belang is gemoeid met het afwijken van de hoofdregel van artikel 337 lid 2 Rv dat geen hoger beroep openstaat in incidentele vonnissen. Het toestaan van tussentijds hoger beroep kan leiden tot onnodige vertraging van de procedure met aanvullende kosten voor de Stichting.<\/p>\n<p>De rechtbank is met de Stichting van oordeel dat deze vordering daarom al moet worden afgewezen omdat Interovo niet heeft onderbouwd welk belang zij heeft bij instellen van hoger beroep.<\/p>\n<p>Ten slotte voert de Stichting ten aanzien van de onder 4 gevorderde proceskostenveroordeling aan dat deze vordering dient te worden afgewezen, omdat de Stichting zich (grotendeels) refereert aan het oordeel van de rechtbank. Interovo dient volgens de Stichting in de kosten te worden veroordeeld. Voor zover de rechtbank de vordering tot kostenveroordeling niet afwijst, verzoekt de Stichting de rechtbank haar beslissing op dit punt op grond van artikel 237 lid 2 Rv aan te houden tot het eindvonnis.<\/p>\n<p>De rechtbank houdt het oordeel over deze proceskosten aan, totdat eindvonnis wordt gewezen.<\/p>\n<h3>4De beslissing<\/h3>\n<p>De rechtbank:<\/p>\n<p>in het incident tot vrijwaring<\/p>\n<p>staat toe dat:<\/p>\n<p>1. de stichting STICHTING ADMINISTRATIEKANTOOR WULRO FOOD GROUP, gevestigd te Weert;<\/p>\n<p>2. de besloten vennootschap [gedaagde in de hoofdzaak sub 2] , gevestigd te [vestigingsplaats 1] ;<\/p>\n<p>3. de besloten vennootschap EIPRODUKTEN WULRO B.V., gevestigd te Weert;<\/p>\n<p>4. de besloten vennootschap VASTE ACTIVA LIQUID B.V., gevestigd te Weert;<\/p>\n<p>5. de besloten vennootschap VASTE ACTIVA POWDER B.V., gevestigd te Weert;<\/p>\n<p>6. de besloten vennootschap WULRO INTERNATIONAL B.V., gevestigd te Weert;<\/p>\n<p>7. de besloten vennootschap DUTCH EGG POWDER SOLUTIONS B.V., gevestigd te Weert;<\/p>\n<p>8. de besloten vennootschap MARPRO B.V, gevestigd te Weert;<\/p>\n<p>9. de besloten vennootschap INTEROVO B.V., gevestigd te Weert;<\/p>\n<p>10. [gedaagde in de hoofdzaak sub 10] , woonachtig te [woonplaats 1] ;<\/p>\n<p>11. [gedaagde in de hoofdzaak sub 11] , woonachtig te [woonplaats 1] ;<\/p>\n<p>12. de besloten vennootschap [gedaagde in de hoofdzaak sub 26] , gevestigd te [vestigingsplaats 1] ;<\/p>\n<p>13. de besloten vennootschap [gedaagde in de hoofdzaak sub 27] , gevestigd te [vestigingsplaats 1] ;<\/p>\n<p>14. de besloten vennootschap GLOBAL INTEGRA B.V., gevestigd te Weert;<\/p>\n<p>15. de besloten vennootschap GLOBAL FOOD HOLDING BV., gevestigd te Opsel;<\/p>\n<p>16. de besloten vennootschap GLOBAL FOOD GROUP B.V., gevestigd te Opsel;<\/p>\n<p>17. [gedaagde in de hoofdzaak sub 31] , woonachtig te [woonplaats 1] ;<\/p>\n<p>door de eiseressen in het incident worden gedagvaard tegen de terechtzitting van<\/p>\n<p>6 augustus 2025;<\/p>\n<p>wijst af het meer of anders gevorderde;<\/p>\n<p>houdt de beslissing over de proceskosten aan, totdat eindvonnis wordt gewezen;<\/p>\n<p>in de hoofdzaak<\/p>\n<p>houdt iedere beslissing aan.<\/p>\n<p>Dit vonnis is gewezen door mr. J.J. Verhoeven, mr. E.C.M. Hurkens, en mr. M. Koelemeijer, rechters, en in het openbaar uitgesproken door mr. E.C.M. Hurkens op 9 juli 2025.<\/p>\n<h3>Voetnoten<\/h3>\n<ol>\n<li>type: MT\n<p> coll:<\/li>\n<\/ol>\n<\/div>\n<hr class=\"kji-sep\" \/>\n<p class=\"kji-source-links\"><strong>Sources officielles :<\/strong> <a class=\"kji-source-link\" href=\"http:\/\/deeplink.rechtspraak.nl\/uitspraak?id=ECLI:NL:RBLIM:2025:12658\" target=\"_blank\" rel=\"noopener noreferrer\">consulter la page source<\/a><\/p>\n<p class=\"kji-license-note\"><em>Rechtspraak.nl open data, Creative Commons Zero. Volume cible 1.8M decisions.<\/em><\/p>\n<\/div>\n","protected":false},"excerpt":{"rendered":"<p>Civiel recht. Tussenvonnis. Vordering incident tot oproeping in vrijwaring. Hoofdzaak aangehouden.<\/p>\n","protected":false},"featured_media":0,"template":"","meta":{"_crdt_document":""},"kji_country":[7669],"kji_court":[8080],"kji_chamber":[],"kji_year":[8463],"kji_subject":[7724],"kji_keyword":[13357,9996,9995,9172,7675],"kji_language":[7671],"class_list":["post-662524","kji_decision","type-kji_decision","status-publish","hentry","kji_country-pays-bas","kji_court-rechtbank-limburg","kji_year-8463","kji_subject-civil","kji_keyword-civiel","kji_keyword-limburg","kji_keyword-rblim","kji_keyword-recht","kji_keyword-rechtbank","kji_language-nl"],"yoast_head":"<!-- This site is optimized with the Yoast SEO Premium plugin v27.5 (Yoast SEO v27.5) - https:\/\/yoast.com\/product\/yoast-seo-premium-wordpress\/ -->\n<title>ECLI:NL:RBLIM:2025:12658 Rechtbank Limburg , 09-07-2025 \/ C\/03\/335020 \/ HA ZA 24-445 - Ma\u00eetre Hassan Kohen, avocat en droit p\u00e9nal \u00e0 Paris<\/title>\n<meta name=\"robots\" content=\"index, follow, max-snippet:-1, max-image-preview:large, max-video-preview:-1\" \/>\n<link rel=\"canonical\" href=\"https:\/\/kohenavocats.com\/ru\/jurisprudences\/eclinlrblim202512658-rechtbank-limburg-09-07-2025-c-03-335020-ha-za-24-445\/\" \/>\n<meta property=\"og:locale\" content=\"ru_RU\" \/>\n<meta property=\"og:type\" content=\"article\" \/>\n<meta property=\"og:title\" content=\"ECLI:NL:RBLIM:2025:12658 Rechtbank Limburg , 09-07-2025 \/ C\/03\/335020 \/ HA ZA 24-445\" \/>\n<meta property=\"og:description\" content=\"Civiel recht. Tussenvonnis. Vordering incident tot oproeping in vrijwaring. Hoofdzaak aangehouden.\" \/>\n<meta property=\"og:url\" content=\"https:\/\/kohenavocats.com\/ru\/jurisprudences\/eclinlrblim202512658-rechtbank-limburg-09-07-2025-c-03-335020-ha-za-24-445\/\" \/>\n<meta property=\"og:site_name\" content=\"Ma\u00eetre Hassan Kohen, avocat en droit p\u00e9nal \u00e0 Paris\" \/>\n<meta name=\"twitter:card\" content=\"summary_large_image\" \/>\n<meta name=\"twitter:label1\" content=\"\u041f\u0440\u0438\u043c\u0435\u0440\u043d\u043e\u0435 \u0432\u0440\u0435\u043c\u044f \u0434\u043b\u044f \u0447\u0442\u0435\u043d\u0438\u044f\" \/>\n\t<meta name=\"twitter:data1\" content=\"10 \u043c\u0438\u043d\u0443\u0442\" \/>\n<script type=\"application\/ld+json\" class=\"yoast-schema-graph\">{\"@context\":\"https:\\\/\\\/schema.org\",\"@graph\":[{\"@type\":\"WebPage\",\"@id\":\"https:\\\/\\\/kohenavocats.com\\\/ru\\\/jurisprudences\\\/eclinlrblim202512658-rechtbank-limburg-09-07-2025-c-03-335020-ha-za-24-445\\\/\",\"url\":\"https:\\\/\\\/kohenavocats.com\\\/ru\\\/jurisprudences\\\/eclinlrblim202512658-rechtbank-limburg-09-07-2025-c-03-335020-ha-za-24-445\\\/\",\"name\":\"ECLI:NL:RBLIM:2025:12658 Rechtbank Limburg , 09-07-2025 \\\/ C\\\/03\\\/335020 \\\/ HA ZA 24-445 - Ma\u00eetre Hassan Kohen, avocat en droit p\u00e9nal \u00e0 Paris\",\"isPartOf\":{\"@id\":\"https:\\\/\\\/kohenavocats.com\\\/ru\\\/#website\"},\"datePublished\":\"2026-04-23T17:38:46+00:00\",\"breadcrumb\":{\"@id\":\"https:\\\/\\\/kohenavocats.com\\\/ru\\\/jurisprudences\\\/eclinlrblim202512658-rechtbank-limburg-09-07-2025-c-03-335020-ha-za-24-445\\\/#breadcrumb\"},\"inLanguage\":\"ru-RU\",\"potentialAction\":[{\"@type\":\"ReadAction\",\"target\":[\"https:\\\/\\\/kohenavocats.com\\\/ru\\\/jurisprudences\\\/eclinlrblim202512658-rechtbank-limburg-09-07-2025-c-03-335020-ha-za-24-445\\\/\"]}]},{\"@type\":\"BreadcrumbList\",\"@id\":\"https:\\\/\\\/kohenavocats.com\\\/ru\\\/jurisprudences\\\/eclinlrblim202512658-rechtbank-limburg-09-07-2025-c-03-335020-ha-za-24-445\\\/#breadcrumb\",\"itemListElement\":[{\"@type\":\"ListItem\",\"position\":1,\"name\":\"Home\",\"item\":\"https:\\\/\\\/kohenavocats.com\\\/ru\\\/avocats-en-droit-penal-a-paris-conseil-et-defense-strategique\\\/\"},{\"@type\":\"ListItem\",\"position\":2,\"name\":\"Jurisprudences\",\"item\":\"https:\\\/\\\/kohenavocats.com\\\/ru\\\/jurisprudences\\\/\"},{\"@type\":\"ListItem\",\"position\":3,\"name\":\"ECLI:NL:RBLIM:2025:12658 Rechtbank Limburg , 09-07-2025 \\\/ C\\\/03\\\/335020 \\\/ HA ZA 24-445\"}]},{\"@type\":\"WebSite\",\"@id\":\"https:\\\/\\\/kohenavocats.com\\\/ru\\\/#website\",\"url\":\"https:\\\/\\\/kohenavocats.com\\\/ru\\\/\",\"name\":\"Kohen Avocats\",\"description\":\"Ma\u00eetre Hassan Kohen, avocat p\u00e9naliste \u00e0 Paris, intervient exclusivement en droit p\u00e9nal pour la d\u00e9fense des particuliers, notamment en mati\u00e8re d\u2019accusations de viol. Il assure un accompagnement rigoureux d\u00e8s la garde \u00e0 vue jusqu\u2019\u00e0 la Cour d\u2019assises, veillant au strict respect des garanties proc\u00e9durales.\",\"publisher\":{\"@id\":\"https:\\\/\\\/kohenavocats.com\\\/ru\\\/#organization\"},\"potentialAction\":[{\"@type\":\"SearchAction\",\"target\":{\"@type\":\"EntryPoint\",\"urlTemplate\":\"https:\\\/\\\/kohenavocats.com\\\/ru\\\/?s={search_term_string}\"},\"query-input\":{\"@type\":\"PropertyValueSpecification\",\"valueRequired\":true,\"valueName\":\"search_term_string\"}}],\"inLanguage\":\"ru-RU\"},{\"@type\":\"Organization\",\"@id\":\"https:\\\/\\\/kohenavocats.com\\\/ru\\\/#organization\",\"name\":\"Kohen Avocats\",\"url\":\"https:\\\/\\\/kohenavocats.com\\\/ru\\\/\",\"logo\":{\"@type\":\"ImageObject\",\"inLanguage\":\"ru-RU\",\"@id\":\"https:\\\/\\\/kohenavocats.com\\\/ru\\\/#\\\/schema\\\/logo\\\/image\\\/\",\"url\":\"https:\\\/\\\/kohenavocats.com\\\/wp-content\\\/uploads\\\/2026\\\/01\\\/Logo-2-1.webp\",\"contentUrl\":\"https:\\\/\\\/kohenavocats.com\\\/wp-content\\\/uploads\\\/2026\\\/01\\\/Logo-2-1.webp\",\"width\":2114,\"height\":1253,\"caption\":\"Kohen Avocats\"},\"image\":{\"@id\":\"https:\\\/\\\/kohenavocats.com\\\/ru\\\/#\\\/schema\\\/logo\\\/image\\\/\"}}]}<\/script>\n<!-- \/ Yoast SEO Premium plugin. -->","yoast_head_json":{"title":"ECLI:NL:RBLIM:2025:12658 Rechtbank Limburg , 09-07-2025 \/ C\/03\/335020 \/ HA ZA 24-445 - Ma\u00eetre Hassan Kohen, avocat en droit p\u00e9nal \u00e0 Paris","robots":{"index":"index","follow":"follow","max-snippet":"max-snippet:-1","max-image-preview":"max-image-preview:large","max-video-preview":"max-video-preview:-1"},"canonical":"https:\/\/kohenavocats.com\/ru\/jurisprudences\/eclinlrblim202512658-rechtbank-limburg-09-07-2025-c-03-335020-ha-za-24-445\/","og_locale":"ru_RU","og_type":"article","og_title":"ECLI:NL:RBLIM:2025:12658 Rechtbank Limburg , 09-07-2025 \/ C\/03\/335020 \/ HA ZA 24-445","og_description":"Civiel recht. Tussenvonnis. Vordering incident tot oproeping in vrijwaring. Hoofdzaak aangehouden.","og_url":"https:\/\/kohenavocats.com\/ru\/jurisprudences\/eclinlrblim202512658-rechtbank-limburg-09-07-2025-c-03-335020-ha-za-24-445\/","og_site_name":"Ma\u00eetre Hassan Kohen, avocat en droit p\u00e9nal \u00e0 Paris","twitter_card":"summary_large_image","twitter_misc":{"\u041f\u0440\u0438\u043c\u0435\u0440\u043d\u043e\u0435 \u0432\u0440\u0435\u043c\u044f \u0434\u043b\u044f \u0447\u0442\u0435\u043d\u0438\u044f":"10 \u043c\u0438\u043d\u0443\u0442"},"schema":{"@context":"https:\/\/schema.org","@graph":[{"@type":"WebPage","@id":"https:\/\/kohenavocats.com\/ru\/jurisprudences\/eclinlrblim202512658-rechtbank-limburg-09-07-2025-c-03-335020-ha-za-24-445\/","url":"https:\/\/kohenavocats.com\/ru\/jurisprudences\/eclinlrblim202512658-rechtbank-limburg-09-07-2025-c-03-335020-ha-za-24-445\/","name":"ECLI:NL:RBLIM:2025:12658 Rechtbank Limburg , 09-07-2025 \/ C\/03\/335020 \/ HA ZA 24-445 - Ma\u00eetre Hassan Kohen, avocat en droit p\u00e9nal \u00e0 Paris","isPartOf":{"@id":"https:\/\/kohenavocats.com\/ru\/#website"},"datePublished":"2026-04-23T17:38:46+00:00","breadcrumb":{"@id":"https:\/\/kohenavocats.com\/ru\/jurisprudences\/eclinlrblim202512658-rechtbank-limburg-09-07-2025-c-03-335020-ha-za-24-445\/#breadcrumb"},"inLanguage":"ru-RU","potentialAction":[{"@type":"ReadAction","target":["https:\/\/kohenavocats.com\/ru\/jurisprudences\/eclinlrblim202512658-rechtbank-limburg-09-07-2025-c-03-335020-ha-za-24-445\/"]}]},{"@type":"BreadcrumbList","@id":"https:\/\/kohenavocats.com\/ru\/jurisprudences\/eclinlrblim202512658-rechtbank-limburg-09-07-2025-c-03-335020-ha-za-24-445\/#breadcrumb","itemListElement":[{"@type":"ListItem","position":1,"name":"Home","item":"https:\/\/kohenavocats.com\/ru\/avocats-en-droit-penal-a-paris-conseil-et-defense-strategique\/"},{"@type":"ListItem","position":2,"name":"Jurisprudences","item":"https:\/\/kohenavocats.com\/ru\/jurisprudences\/"},{"@type":"ListItem","position":3,"name":"ECLI:NL:RBLIM:2025:12658 Rechtbank Limburg , 09-07-2025 \/ C\/03\/335020 \/ HA ZA 24-445"}]},{"@type":"WebSite","@id":"https:\/\/kohenavocats.com\/ru\/#website","url":"https:\/\/kohenavocats.com\/ru\/","name":"Kohen Avocats","description":"Ma\u00eetre Hassan Kohen, avocat p\u00e9naliste \u00e0 Paris, intervient exclusivement en droit p\u00e9nal pour la d\u00e9fense des particuliers, notamment en mati\u00e8re d\u2019accusations de viol. Il assure un accompagnement rigoureux d\u00e8s la garde \u00e0 vue jusqu\u2019\u00e0 la Cour d\u2019assises, veillant au strict respect des garanties proc\u00e9durales.","publisher":{"@id":"https:\/\/kohenavocats.com\/ru\/#organization"},"potentialAction":[{"@type":"SearchAction","target":{"@type":"EntryPoint","urlTemplate":"https:\/\/kohenavocats.com\/ru\/?s={search_term_string}"},"query-input":{"@type":"PropertyValueSpecification","valueRequired":true,"valueName":"search_term_string"}}],"inLanguage":"ru-RU"},{"@type":"Organization","@id":"https:\/\/kohenavocats.com\/ru\/#organization","name":"Kohen Avocats","url":"https:\/\/kohenavocats.com\/ru\/","logo":{"@type":"ImageObject","inLanguage":"ru-RU","@id":"https:\/\/kohenavocats.com\/ru\/#\/schema\/logo\/image\/","url":"https:\/\/kohenavocats.com\/wp-content\/uploads\/2026\/01\/Logo-2-1.webp","contentUrl":"https:\/\/kohenavocats.com\/wp-content\/uploads\/2026\/01\/Logo-2-1.webp","width":2114,"height":1253,"caption":"Kohen Avocats"},"image":{"@id":"https:\/\/kohenavocats.com\/ru\/#\/schema\/logo\/image\/"}}]}},"jetpack_likes_enabled":false,"jetpack_sharing_enabled":true,"_links":{"self":[{"href":"https:\/\/kohenavocats.com\/ru\/wp-json\/wp\/v2\/kji_decision\/662524","targetHints":{"allow":["GET"]}}],"collection":[{"href":"https:\/\/kohenavocats.com\/ru\/wp-json\/wp\/v2\/kji_decision"}],"about":[{"href":"https:\/\/kohenavocats.com\/ru\/wp-json\/wp\/v2\/types\/kji_decision"}],"wp:attachment":[{"href":"https:\/\/kohenavocats.com\/ru\/wp-json\/wp\/v2\/media?parent=662524"}],"wp:term":[{"taxonomy":"kji_country","embeddable":true,"href":"https:\/\/kohenavocats.com\/ru\/wp-json\/wp\/v2\/kji_country?post=662524"},{"taxonomy":"kji_court","embeddable":true,"href":"https:\/\/kohenavocats.com\/ru\/wp-json\/wp\/v2\/kji_court?post=662524"},{"taxonomy":"kji_chamber","embeddable":true,"href":"https:\/\/kohenavocats.com\/ru\/wp-json\/wp\/v2\/kji_chamber?post=662524"},{"taxonomy":"kji_year","embeddable":true,"href":"https:\/\/kohenavocats.com\/ru\/wp-json\/wp\/v2\/kji_year?post=662524"},{"taxonomy":"kji_subject","embeddable":true,"href":"https:\/\/kohenavocats.com\/ru\/wp-json\/wp\/v2\/kji_subject?post=662524"},{"taxonomy":"kji_keyword","embeddable":true,"href":"https:\/\/kohenavocats.com\/ru\/wp-json\/wp\/v2\/kji_keyword?post=662524"},{"taxonomy":"kji_language","embeddable":true,"href":"https:\/\/kohenavocats.com\/ru\/wp-json\/wp\/v2\/kji_language?post=662524"}],"curies":[{"name":"wp","href":"https:\/\/api.w.org\/{rel}","templated":true}]}}