{"id":662800,"date":"2026-04-23T20:07:31","date_gmt":"2026-04-23T18:07:31","guid":{"rendered":"https:\/\/kohenavocats.com\/jurisprudences\/eclinlgharl20258612-gerechtshof-arnhem-leeuwarden-23-10-2025-p25-258\/"},"modified":"2026-04-23T20:07:31","modified_gmt":"2026-04-23T18:07:31","slug":"eclinlgharl20258612-gerechtshof-arnhem-leeuwarden-23-10-2025-p25-258","status":"publish","type":"kji_decision","link":"https:\/\/kohenavocats.com\/ru\/jurisprudences\/eclinlgharl20258612-gerechtshof-arnhem-leeuwarden-23-10-2025-p25-258\/","title":{"rendered":"ECLI:NL:GHARL:2025:8612 Gerechtshof Arnhem-Leeuwarden , 23-10-2025 \/ P25\/258"},"content":{"rendered":"<div class=\"kji-decision\">\n<div class=\"kji-full-text\">\n<p><strong>Inhoudsindicatie.<\/strong> Verlenging terbeschikkingstelling (tbs). Passantenproblematiek.<\/p>\n<p><strong>Inhoudsindicatie.<\/strong> Het hof verlengt de tbs met twee jaar en gaat in op de passantenproblematiek<\/p>\n<p>TBS P25\/258<\/p>\n<p>Beslissing van 23 oktober 2025<\/p>\n<p>De kamer van het hof als bedoeld in artikel 67 van de Wet op de rechterlijke organisatie heeft te beslissen op het beroep van<\/p>\n<p>[terbeschikkinggestelde]<br \/>\n ,<\/p>\n<p>geboren op [geboorteplaats] op [geboortedag] 1993,<\/p>\n<p>verblijvende in penitentiaire inrichting (PI) [plaats] ,<\/p>\n<p>verder te noemen: de terbeschikkinggestelde.<\/p>\n<p>Het beroep is ingesteld tegen de beslissing van de rechtbank Den Haag van 27 mei 2025. Deze beslissing houdt in de verlenging van de terbeschikkingstelling met een termijn van twee jaar en \u2013 impliciet \u2013 de afwijzing van de verzoeken tot het onderzoeken van de mogelijkheid van de afgifte van een zorgmachtiging en van de mogelijkheden van een voorwaardelijke be\u00ebindiging van de verpleging van overheidswege.<\/p>\n<p>Het hof heeft gelet op de stukken, waaronder:<\/p>\n<p>\u2012 het proces-verbaal van het onderzoek in eerste aanleg;<\/p>\n<p>\u2012 de beslissing van de rechtbank Den Haag van 27 mei 2025;<\/p>\n<p>\u2012 de akte van 28 mei 2025 waarbij de terbeschikkinggestelde beroep heeft ingesteld;<\/p>\n<p>\u2012 de e-mailwisseling tussen het hof en [kliniek] (e-mails van 9 en 12 september 2025);<\/p>\n<p>\u2012 de e-mail van PI [plaats] (casemanager [naam] ) van 7 oktober 2025 over het functioneren van de terbeschikkinggestelde in de PI.<\/p>\n<p>Het hof heeft ter zitting van 9 oktober 2025 gehoord:<\/p>\n<p>\u2012 de advocaat-generaal, mr. I.M. Muller, en<\/p>\n<p>\u2012 de terbeschikkinggestelde, bijgestaan door zijn raadsman, mr. M.J. Schimmel, advocaat in Bussum.<\/p>\n<h3>Overwegingen<\/h3>\n<p>Het standpunt van de terbeschikkinggestelde<\/p>\n<p>Het hof heeft bij beslissing van 16 mei 2024 beslist tot omzetting van de terbeschikkingstelling met voorwaarden in een terbeschikkingstelling met verpleging van overheidswege. Toch verblijft de terbeschikkinggestelde nog steeds in een PI, in afwachting van plaatsing in [kliniek] . Primair bepleit de verdediging dat het hof de vordering tot verlenging van de terbeschikkingstelling zal afwijzen, omdat niet wordt voldaan aan het gevaarscriterium, en een verlenging van de terbeschikkingstelling in de huidige wachtsituatie in strijd is met de beginselen van proportionaliteit en subsidiariteit. Subsidiair bepleit de verdediging dat het hof opdracht zal geven tot een onderzoek naar de mogelijkheden van een voorwaardelijke be\u00ebindiging van de verpleging van overheidswege. Meer subsidiair bepleit de verdediging dat het hof opdracht zal geven tot een onderzoek naar de mogelijkheid van de afgifte van een zorgmachtiging. Toepassing van dat juridisch kader vergroot het aantal klinieken waarin de terbeschikkinggestelde kan worden geplaatst, en daarmee de kans op een snelle(re) opname. Meest subsidiair bepleit de verdediging dat de duur van de verlenging van de terbeschikkingstelling wordt beperkt tot een jaar, conform beslissingen van de rechtbank Gelderland (ECLI:NL:RBGEL:2025:1294) en de rechtbank Rotterdam (ECLI:NL:RBROT:2023:12341).<\/p>\n<p>Het standpunt van het openbaar ministerie<\/p>\n<p>De rechtbank heeft terecht beslist tot verlenging van de terbeschikkingstelling met twee jaar. De lange wachttijden voor plaatsing in een forensisch psychiatrisch centrum zijn heel vervelend, maar dat probleem kan in deze zaak niet worden opgelost. Bij de terbeschikkinggestelde zijn een stoornis en recidivegevaar aanwezig, waardoor wordt voldaan aan de voorwaarden voor verlenging van de terbeschikkingstelling. De rechtbank heeft terecht geoordeeld dat er onvoldoende reden is voor een onderzoek naar de mogelijkheden van een zorgmachtiging of een voorwaardelijke be\u00ebindiging van de verpleging van overheidswege. Concluderend strekt het standpunt van het openbaar ministerie tot bevestiging van de beslissing van de rechtbank.<\/p>\n<p>Het oordeel van het hof<\/p>\n<p>Verbeterd lezen van de beslissing van de rechtbank<\/p>\n<p>De rechtbank heeft weliswaar overwogen dat zij beslist tot afwijzing van de verzoeken tot het verrichten van een onderzoek naar de mogelijkheden van een voorwaardelijke be\u00ebindiging van de verpleging van overheidswege en naar de mogelijkheid van de afgifte van een zorgmachtiging, maar heeft verzuimd deze beslissingen in het dictum op te nemen. Het hof merkt dit aan als een kennelijke vergissing en leest het dictum van de rechtbank verbeterd.<\/p>\n<p>Bevestiging van de beslissing van de rechtbank<\/p>\n<p>Het hof is onder aanvulling van gronden als hierna weergegeven van oordeel dat de rechtbank op goede gronden heeft geoordeeld en op de juiste wijze heeft beslist. Daarom zal het hof de beslissing waarvan beroep met die aanvulling bevestigen.<\/p>\n<p>Proportionaliteit verlenging terbeschikkingstelling<\/p>\n<p>Naar aanleiding van het pleidooi van de raadsman heeft het hof beoordeeld of een verlenging van de terbeschikkingstelling in strijd is met het beginsel van proportionaliteit. De terbeschikkingstelling is ingegaan op 22 mei 2021 en loopt inmiddels meer dan vier jaar. De terbeschikkingstelling is opgelegd voor belaging, bedreiging met enig misdrijf tegen het leven gericht en feitelijke aanranding van de eerbaarheid. De terbeschikkingstelling is aangevangen als een terbeschikkingstelling met voorwaarden, waarna twee behandelpogingen hebben plaatsgevonden in verschillende klinieken. Omdat er geen derde behandelpoging in het kader van een terbeschikkingstelling met voorwaarden mogelijk bleek, heeft de rechtbank Den Haag op 22 december 2023 alsnog beslist tot verpleging van overheidswege, welke beslissing door dit hof op 16 mei 2024 is bevestigd. Het hof overweegt dat bij een afweging tussen de belangen van de terbeschikkinggestelde en die van de maatschappij geldt dat, naarmate de maatregel langer duurt, het belang van de terbeschikkinggestelde steeds zwaarder dient te wegen. Bij die afweging wordt de duur van de terbeschikkingstelling niet alleen bezien in relatie tot de ernst van de indexdelicten, maar worden ook de aard van de stoornis en de ernst van het recidivegevaar in aanmerking genomen. Alles overziende is het hof van oordeel dat een verlenging van de terbeschikkingstelling met twee jaar niet in strijd is met het beginsel van proportionaliteit.<\/p>\n<p>Subsidiariteit terbeschikkingstelling met verpleging en afwijzing verzoeken tot onderzoek naar de mogelijkheid van een voorwaardelijke be\u00ebindiging van de verpleging van overheidswege of de afgifte van een zorgmachtiging<\/p>\n<p>Het hof acht verlenging van de terbeschikkingstelling ook niet in strijd met het beginsel van subsidiariteit. Naar het oordeel van het hof is zowel een voorwaardelijke be\u00ebindiging van de verpleging van overheidswege als de afgifte van een zorgmachtiging in de zin van artikel 2.3 van de Wet forensische zorg geen geschikt alternatief voor de terbeschikkingstelling met verpleging van overheidswege. Hierbij heeft het hof in aanmerking genomen dat:<\/p>\n<p>\u2012 het hof op 16 mei 2024 heeft beslist dat de terbeschikkinggestelde alsnog van overheidswege zal worden verpleegd en dat nadien nog geen behandeling heeft plaatsgevonden en<\/p>\n<p>\u2012 een zorgmachtiging, anders dan een terbeschikkingstelling, niet primair gericht is op het beschermen van de veiligheid van anderen of de algemene veiligheid van personen.<\/p>\n<p>In het verlengde hiervan beslist het hof tot afwijzing van zowel het verzoek tot het onderzoeken van de mogelijkheden van een voorwaardelijke be\u00ebindiging van de verpleging van overheidswege als het verzoek tot het onderzoeken van de mogelijkheid van de afgifte van een zorgmachtiging op basis van artikel 2.3 van de Wet forensische zorg.<\/p>\n<p>Duur verlenging terbeschikkingstelling<\/p>\n<p>Het hof heeft als uitgangspunt dat de terbeschikkingstelling verlengd dient te worden met een termijn van twee jaar wanneer aannemelijk is geworden dat de behandeling en resocialisatie van de terbeschikkinggestelde in het bestaande juridische kader meer tijd in beslag zal nemen dan de tijd die resteert bij een verlenging van de terbeschikkingstelling met een termijn van een jaar. Het hof ziet in dit geval geen aanleiding om van dit uitgangspunt af te wijken.<\/p>\n<p>Passantenproblematiek<\/p>\n<p>Bij het voorgaande heeft het hof in aanmerking genomen dat het hof op 16 mei 2024 heeft beslist dat de terbeschikkinggestelde alsnog van overheidswege zal worden verpleegd en dat de terbeschikkinggestelde sindsdien (als zogenoemde passant) in een penitentiaire inrichting verblijft in afwachting van plaatsing in een forensisch psychiatrisch centrum. De huidige situatie is dat terbeschikkinggestelde op de wachtlijst staat van [kliniek] , maar dat nog niet bekend is wanneer daar een plek vrijkomt voor de terbeschikkinggestelde.<\/p>\n<p>Daarmee maakt de terbeschikkinggestelde deel uit van een groep terbeschikkinggestelden die door wachtlijsten bij tbs-klinieken aanmerkelijk langer dan een jaar in een penitentiaire inrichting verblijven in afwachting van een plaatsing in een tbs-kliniek. Deze zeer onwenselijke situatie is inmiddels algemeen bekend en verschillende rechtbanken hebben er al aandacht voor gevraagd in hun beslissingen (bijvoorbeeld in ECLI:NL:RBMNE:2025:1154). De casus van de terbeschikkinggestelde laat eens te meer zien hoe belastend dit probleem kan zijn voor getroffen terbeschikkinggestelden, die daardoor langer hun vrijheid kwijt zijn en langdurig verkeren in onzekerheid. Evenmin kunnen zij daardoor de behandelingen en begeleiding krijgen die zij nodig hebben en waarvoor de terbeschikkingstelling mede is bedoeld.<\/p>\n<p>De lange wachttijd voor plaatsing in een tbs-kliniek vormt voor het hof echter geen reden om de terbeschikkingstelling niet te verlengen of opdracht te geven tot onderzoek naar de mogelijkheden van een ander juridisch kader. Gelet op het aanwezige delictgevaar en de gronden voor het op 16 mei 2024 gegeven bevel dat de terbeschikkinggestelde alsnog van overheidswege zal worden verpleegd, is het hof van oordeel dat voortzetting van de terbeschikkingstelling met verpleging van overheidswege noodzakelijk is met het oog op de veiligheid van anderen dan wel de algemene veiligheid van personen.<\/p>\n<h3>BESLISSING<\/h3>\n<p>Het hof:<\/p>\n<p>Wijst af het verzoek tot het onderzoeken van de mogelijkheden van een voorwaardelijke be\u00ebindiging van de verpleging van overheidswege.<\/p>\n<p>Wijst af het verzoek tot het onderzoeken van de mogelijkheid van de afgifte van een zorgmachtiging op basis van artikel 2.3 van de Wet forensische zorg.<\/p>\n<p>Bevestigt met aanvulling van gronden als voormeld de beslissing van de rechtbank Den Haag van 27 mei 2025 met betrekking tot de [terbeschikkinggestelde] .<\/p>\n<p>Aldus gedaan door<\/p>\n<p>mr. A.B.A.P.M. Ficq, voorzitter,<\/p>\n<p>mr. R. Prakke-Nieuwenhuizen en mr. W.A. Holland, raadsheren,<\/p>\n<p>drs. A.W.T.M. Vissers en drs. C.J.J.C.M. van Gestel, raden,<\/p>\n<p>in tegenwoordigheid van mr. D. van der Geld, griffier,<\/p>\n<p>en op 23 oktober 2025 in het openbaar uitgesproken.<\/p>\n<p>De raden zijn buiten staat deze beslissing mede te ondertekenen.<\/p>\n<\/div>\n<hr class=\"kji-sep\" \/>\n<p class=\"kji-source-links\"><strong>Sources officielles :<\/strong> <a class=\"kji-source-link\" href=\"http:\/\/deeplink.rechtspraak.nl\/uitspraak?id=ECLI:NL:GHARL:2025:8612\" target=\"_blank\" rel=\"noopener noreferrer\">consulter la page source<\/a><\/p>\n<p class=\"kji-license-note\"><em>Rechtspraak.nl open data, Creative Commons Zero. Volume cible 1.8M decisions.<\/em><\/p>\n<\/div>\n","protected":false},"excerpt":{"rendered":"<p>Verlenging terbeschikkingstelling (tbs). Passantenproblematiek. Het hof verlengt de tbs met twee jaar en gaat in op de passantenproblematiek<\/p>\n","protected":false},"featured_media":0,"template":"","meta":{"_crdt_document":""},"kji_country":[7669],"kji_court":[8134],"kji_chamber":[],"kji_year":[8463],"kji_subject":[7646],"kji_keyword":[8137,8136,8135,15070,10142],"kji_language":[7671],"class_list":["post-662800","kji_decision","type-kji_decision","status-publish","hentry","kji_country-pays-bas","kji_court-gerechtshof-arnhem-leeuwarden","kji_year-8463","kji_subject-divers","kji_keyword-arnhem-leeuwarden","kji_keyword-gerechtshof","kji_keyword-gharl","kji_keyword-terbeschikkingstelling","kji_keyword-verlenging","kji_language-nl"],"yoast_head":"<!-- This site is optimized with the Yoast SEO Premium plugin v27.4 (Yoast SEO v27.4) - https:\/\/yoast.com\/product\/yoast-seo-premium-wordpress\/ -->\n<title>ECLI:NL:GHARL:2025:8612 Gerechtshof Arnhem-Leeuwarden , 23-10-2025 \/ P25\/258 - Ma\u00eetre Hassan Kohen, avocat en droit p\u00e9nal \u00e0 Paris<\/title>\n<meta name=\"robots\" content=\"index, follow, max-snippet:-1, max-image-preview:large, max-video-preview:-1\" \/>\n<link rel=\"canonical\" href=\"https:\/\/kohenavocats.com\/ru\/jurisprudences\/eclinlgharl20258612-gerechtshof-arnhem-leeuwarden-23-10-2025-p25-258\/\" \/>\n<meta property=\"og:locale\" content=\"ru_RU\" \/>\n<meta property=\"og:type\" content=\"article\" \/>\n<meta property=\"og:title\" content=\"ECLI:NL:GHARL:2025:8612 Gerechtshof Arnhem-Leeuwarden , 23-10-2025 \/ P25\/258\" \/>\n<meta property=\"og:description\" content=\"Verlenging terbeschikkingstelling (tbs). Passantenproblematiek. Het hof verlengt de tbs met twee jaar en gaat in op de passantenproblematiek\" \/>\n<meta property=\"og:url\" content=\"https:\/\/kohenavocats.com\/ru\/jurisprudences\/eclinlgharl20258612-gerechtshof-arnhem-leeuwarden-23-10-2025-p25-258\/\" \/>\n<meta property=\"og:site_name\" content=\"Ma\u00eetre Hassan Kohen, avocat en droit p\u00e9nal \u00e0 Paris\" \/>\n<meta name=\"twitter:card\" content=\"summary_large_image\" \/>\n<meta name=\"twitter:label1\" content=\"\u041f\u0440\u0438\u043c\u0435\u0440\u043d\u043e\u0435 \u0432\u0440\u0435\u043c\u044f \u0434\u043b\u044f \u0447\u0442\u0435\u043d\u0438\u044f\" \/>\n\t<meta name=\"twitter:data1\" content=\"8 \u043c\u0438\u043d\u0443\u0442\" \/>\n<script type=\"application\/ld+json\" class=\"yoast-schema-graph\">{\"@context\":\"https:\\\/\\\/schema.org\",\"@graph\":[{\"@type\":\"WebPage\",\"@id\":\"https:\\\/\\\/kohenavocats.com\\\/ru\\\/jurisprudences\\\/eclinlgharl20258612-gerechtshof-arnhem-leeuwarden-23-10-2025-p25-258\\\/\",\"url\":\"https:\\\/\\\/kohenavocats.com\\\/ru\\\/jurisprudences\\\/eclinlgharl20258612-gerechtshof-arnhem-leeuwarden-23-10-2025-p25-258\\\/\",\"name\":\"ECLI:NL:GHARL:2025:8612 Gerechtshof Arnhem-Leeuwarden , 23-10-2025 \\\/ P25\\\/258 - Ma\u00eetre Hassan Kohen, avocat en droit p\u00e9nal \u00e0 Paris\",\"isPartOf\":{\"@id\":\"https:\\\/\\\/kohenavocats.com\\\/ru\\\/#website\"},\"datePublished\":\"2026-04-23T18:07:31+00:00\",\"breadcrumb\":{\"@id\":\"https:\\\/\\\/kohenavocats.com\\\/ru\\\/jurisprudences\\\/eclinlgharl20258612-gerechtshof-arnhem-leeuwarden-23-10-2025-p25-258\\\/#breadcrumb\"},\"inLanguage\":\"ru-RU\",\"potentialAction\":[{\"@type\":\"ReadAction\",\"target\":[\"https:\\\/\\\/kohenavocats.com\\\/ru\\\/jurisprudences\\\/eclinlgharl20258612-gerechtshof-arnhem-leeuwarden-23-10-2025-p25-258\\\/\"]}]},{\"@type\":\"BreadcrumbList\",\"@id\":\"https:\\\/\\\/kohenavocats.com\\\/ru\\\/jurisprudences\\\/eclinlgharl20258612-gerechtshof-arnhem-leeuwarden-23-10-2025-p25-258\\\/#breadcrumb\",\"itemListElement\":[{\"@type\":\"ListItem\",\"position\":1,\"name\":\"Home\",\"item\":\"https:\\\/\\\/kohenavocats.com\\\/ru\\\/avocats-en-droit-penal-a-paris-conseil-et-defense-strategique\\\/\"},{\"@type\":\"ListItem\",\"position\":2,\"name\":\"Jurisprudences\",\"item\":\"https:\\\/\\\/kohenavocats.com\\\/ru\\\/jurisprudences\\\/\"},{\"@type\":\"ListItem\",\"position\":3,\"name\":\"ECLI:NL:GHARL:2025:8612 Gerechtshof Arnhem-Leeuwarden , 23-10-2025 \\\/ P25\\\/258\"}]},{\"@type\":\"WebSite\",\"@id\":\"https:\\\/\\\/kohenavocats.com\\\/ru\\\/#website\",\"url\":\"https:\\\/\\\/kohenavocats.com\\\/ru\\\/\",\"name\":\"Kohen Avocats\",\"description\":\"Ma\u00eetre Hassan Kohen, avocat p\u00e9naliste \u00e0 Paris, intervient exclusivement en droit p\u00e9nal pour la d\u00e9fense des particuliers, notamment en mati\u00e8re d\u2019accusations de viol. Il assure un accompagnement rigoureux d\u00e8s la garde \u00e0 vue jusqu\u2019\u00e0 la Cour d\u2019assises, veillant au strict respect des garanties proc\u00e9durales.\",\"publisher\":{\"@id\":\"https:\\\/\\\/kohenavocats.com\\\/ru\\\/#organization\"},\"potentialAction\":[{\"@type\":\"SearchAction\",\"target\":{\"@type\":\"EntryPoint\",\"urlTemplate\":\"https:\\\/\\\/kohenavocats.com\\\/ru\\\/?s={search_term_string}\"},\"query-input\":{\"@type\":\"PropertyValueSpecification\",\"valueRequired\":true,\"valueName\":\"search_term_string\"}}],\"inLanguage\":\"ru-RU\"},{\"@type\":\"Organization\",\"@id\":\"https:\\\/\\\/kohenavocats.com\\\/ru\\\/#organization\",\"name\":\"Kohen Avocats\",\"url\":\"https:\\\/\\\/kohenavocats.com\\\/ru\\\/\",\"logo\":{\"@type\":\"ImageObject\",\"inLanguage\":\"ru-RU\",\"@id\":\"https:\\\/\\\/kohenavocats.com\\\/ru\\\/#\\\/schema\\\/logo\\\/image\\\/\",\"url\":\"https:\\\/\\\/kohenavocats.com\\\/wp-content\\\/uploads\\\/2026\\\/01\\\/Logo-2-1.webp\",\"contentUrl\":\"https:\\\/\\\/kohenavocats.com\\\/wp-content\\\/uploads\\\/2026\\\/01\\\/Logo-2-1.webp\",\"width\":2114,\"height\":1253,\"caption\":\"Kohen Avocats\"},\"image\":{\"@id\":\"https:\\\/\\\/kohenavocats.com\\\/ru\\\/#\\\/schema\\\/logo\\\/image\\\/\"}}]}<\/script>\n<!-- \/ Yoast SEO Premium plugin. -->","yoast_head_json":{"title":"ECLI:NL:GHARL:2025:8612 Gerechtshof Arnhem-Leeuwarden , 23-10-2025 \/ P25\/258 - Ma\u00eetre Hassan Kohen, avocat en droit p\u00e9nal \u00e0 Paris","robots":{"index":"index","follow":"follow","max-snippet":"max-snippet:-1","max-image-preview":"max-image-preview:large","max-video-preview":"max-video-preview:-1"},"canonical":"https:\/\/kohenavocats.com\/ru\/jurisprudences\/eclinlgharl20258612-gerechtshof-arnhem-leeuwarden-23-10-2025-p25-258\/","og_locale":"ru_RU","og_type":"article","og_title":"ECLI:NL:GHARL:2025:8612 Gerechtshof Arnhem-Leeuwarden , 23-10-2025 \/ P25\/258","og_description":"Verlenging terbeschikkingstelling (tbs). Passantenproblematiek. Het hof verlengt de tbs met twee jaar en gaat in op de passantenproblematiek","og_url":"https:\/\/kohenavocats.com\/ru\/jurisprudences\/eclinlgharl20258612-gerechtshof-arnhem-leeuwarden-23-10-2025-p25-258\/","og_site_name":"Ma\u00eetre Hassan Kohen, avocat en droit p\u00e9nal \u00e0 Paris","twitter_card":"summary_large_image","twitter_misc":{"\u041f\u0440\u0438\u043c\u0435\u0440\u043d\u043e\u0435 \u0432\u0440\u0435\u043c\u044f \u0434\u043b\u044f \u0447\u0442\u0435\u043d\u0438\u044f":"8 \u043c\u0438\u043d\u0443\u0442"},"schema":{"@context":"https:\/\/schema.org","@graph":[{"@type":"WebPage","@id":"https:\/\/kohenavocats.com\/ru\/jurisprudences\/eclinlgharl20258612-gerechtshof-arnhem-leeuwarden-23-10-2025-p25-258\/","url":"https:\/\/kohenavocats.com\/ru\/jurisprudences\/eclinlgharl20258612-gerechtshof-arnhem-leeuwarden-23-10-2025-p25-258\/","name":"ECLI:NL:GHARL:2025:8612 Gerechtshof Arnhem-Leeuwarden , 23-10-2025 \/ P25\/258 - Ma\u00eetre Hassan Kohen, avocat en droit p\u00e9nal \u00e0 Paris","isPartOf":{"@id":"https:\/\/kohenavocats.com\/ru\/#website"},"datePublished":"2026-04-23T18:07:31+00:00","breadcrumb":{"@id":"https:\/\/kohenavocats.com\/ru\/jurisprudences\/eclinlgharl20258612-gerechtshof-arnhem-leeuwarden-23-10-2025-p25-258\/#breadcrumb"},"inLanguage":"ru-RU","potentialAction":[{"@type":"ReadAction","target":["https:\/\/kohenavocats.com\/ru\/jurisprudences\/eclinlgharl20258612-gerechtshof-arnhem-leeuwarden-23-10-2025-p25-258\/"]}]},{"@type":"BreadcrumbList","@id":"https:\/\/kohenavocats.com\/ru\/jurisprudences\/eclinlgharl20258612-gerechtshof-arnhem-leeuwarden-23-10-2025-p25-258\/#breadcrumb","itemListElement":[{"@type":"ListItem","position":1,"name":"Home","item":"https:\/\/kohenavocats.com\/ru\/avocats-en-droit-penal-a-paris-conseil-et-defense-strategique\/"},{"@type":"ListItem","position":2,"name":"Jurisprudences","item":"https:\/\/kohenavocats.com\/ru\/jurisprudences\/"},{"@type":"ListItem","position":3,"name":"ECLI:NL:GHARL:2025:8612 Gerechtshof Arnhem-Leeuwarden , 23-10-2025 \/ P25\/258"}]},{"@type":"WebSite","@id":"https:\/\/kohenavocats.com\/ru\/#website","url":"https:\/\/kohenavocats.com\/ru\/","name":"Kohen Avocats","description":"Ma\u00eetre Hassan Kohen, avocat p\u00e9naliste \u00e0 Paris, intervient exclusivement en droit p\u00e9nal pour la d\u00e9fense des particuliers, notamment en mati\u00e8re d\u2019accusations de viol. Il assure un accompagnement rigoureux d\u00e8s la garde \u00e0 vue jusqu\u2019\u00e0 la Cour d\u2019assises, veillant au strict respect des garanties proc\u00e9durales.","publisher":{"@id":"https:\/\/kohenavocats.com\/ru\/#organization"},"potentialAction":[{"@type":"SearchAction","target":{"@type":"EntryPoint","urlTemplate":"https:\/\/kohenavocats.com\/ru\/?s={search_term_string}"},"query-input":{"@type":"PropertyValueSpecification","valueRequired":true,"valueName":"search_term_string"}}],"inLanguage":"ru-RU"},{"@type":"Organization","@id":"https:\/\/kohenavocats.com\/ru\/#organization","name":"Kohen Avocats","url":"https:\/\/kohenavocats.com\/ru\/","logo":{"@type":"ImageObject","inLanguage":"ru-RU","@id":"https:\/\/kohenavocats.com\/ru\/#\/schema\/logo\/image\/","url":"https:\/\/kohenavocats.com\/wp-content\/uploads\/2026\/01\/Logo-2-1.webp","contentUrl":"https:\/\/kohenavocats.com\/wp-content\/uploads\/2026\/01\/Logo-2-1.webp","width":2114,"height":1253,"caption":"Kohen Avocats"},"image":{"@id":"https:\/\/kohenavocats.com\/ru\/#\/schema\/logo\/image\/"}}]}},"jetpack_likes_enabled":false,"jetpack_sharing_enabled":true,"_links":{"self":[{"href":"https:\/\/kohenavocats.com\/ru\/wp-json\/wp\/v2\/kji_decision\/662800","targetHints":{"allow":["GET"]}}],"collection":[{"href":"https:\/\/kohenavocats.com\/ru\/wp-json\/wp\/v2\/kji_decision"}],"about":[{"href":"https:\/\/kohenavocats.com\/ru\/wp-json\/wp\/v2\/types\/kji_decision"}],"wp:attachment":[{"href":"https:\/\/kohenavocats.com\/ru\/wp-json\/wp\/v2\/media?parent=662800"}],"wp:term":[{"taxonomy":"kji_country","embeddable":true,"href":"https:\/\/kohenavocats.com\/ru\/wp-json\/wp\/v2\/kji_country?post=662800"},{"taxonomy":"kji_court","embeddable":true,"href":"https:\/\/kohenavocats.com\/ru\/wp-json\/wp\/v2\/kji_court?post=662800"},{"taxonomy":"kji_chamber","embeddable":true,"href":"https:\/\/kohenavocats.com\/ru\/wp-json\/wp\/v2\/kji_chamber?post=662800"},{"taxonomy":"kji_year","embeddable":true,"href":"https:\/\/kohenavocats.com\/ru\/wp-json\/wp\/v2\/kji_year?post=662800"},{"taxonomy":"kji_subject","embeddable":true,"href":"https:\/\/kohenavocats.com\/ru\/wp-json\/wp\/v2\/kji_subject?post=662800"},{"taxonomy":"kji_keyword","embeddable":true,"href":"https:\/\/kohenavocats.com\/ru\/wp-json\/wp\/v2\/kji_keyword?post=662800"},{"taxonomy":"kji_language","embeddable":true,"href":"https:\/\/kohenavocats.com\/ru\/wp-json\/wp\/v2\/kji_language?post=662800"}],"curies":[{"name":"wp","href":"https:\/\/api.w.org\/{rel}","templated":true}]}}