{"id":662947,"date":"2026-04-23T20:23:47","date_gmt":"2026-04-23T18:23:47","guid":{"rendered":"https:\/\/kohenavocats.com\/jurisprudences\/eclinlrbgel202511352-rechtbank-gelderland-26-05-2025-940316-12\/"},"modified":"2026-04-23T20:23:47","modified_gmt":"2026-04-23T18:23:47","slug":"eclinlrbgel202511352-rechtbank-gelderland-26-05-2025-940316-12","status":"publish","type":"kji_decision","link":"https:\/\/kohenavocats.com\/ru\/jurisprudences\/eclinlrbgel202511352-rechtbank-gelderland-26-05-2025-940316-12\/","title":{"rendered":"ECLI:NL:RBGEL:2025:11352 Rechtbank Gelderland , 26-05-2025 \/ 940316.12"},"content":{"rendered":"<div class=\"kji-decision\">\n<div class=\"kji-full-text\">\n<p><strong>Inhoudsindicatie.<\/strong> Verlenging tbs maatregel met twee jaren<\/p>\n<h3>RECHTBANK GELDERLAND<\/h3>\n<p>Team strafrecht<\/p>\n<p>Zittingsplaats: Zutphen<\/p>\n<p>Parketnummer: 06\/940316-12<\/p>\n<p>Datum uitspraak: 26 mei 2025<\/p>\n<p>Beslissing van de meervoudige kamer als bedoeld in artikel 6:6:10 van het Wetboek van Strafvordering<\/p>\n<p>in de zaak van<\/p>\n<h3>de officier van justitie<\/h3>\n<p>tegen<\/p>\n<h3>[betrokkene] (hierna: betrokkene),<\/h3>\n<p>geboren op [geboortedatum] 1971 te [geboorteplaats],<\/p>\n<p>verblijvende in het Forensisch Psychiatrisch Centrum de [kliniek 1] (hierna: de kliniek)<\/p>\n<p>[adres], [postcode] in [plaats].<\/p>\n<p>Raadsman: mr. G.W. Roest, advocaat te Arnhem.<\/p>\n<h3>Procedure<\/h3>\n<p>Betrokkene is op 16 april 2023 bij vonnis van de rechtbank Gelderland veroordeeld tot onder meer de maatregel van terbeschikkingstelling met voorwaarden vanwege het meermalen plegen van bedreiging met verkrachting en feitelijke aanranding van de eerbaarheid. Deze maatregel is ingegaan op 16 april 2013. Op 2 april 2021 heeft de rechtbank de verpleging van overheidswege bevolen. De maatregel is voor het laatst verlengd bij beslissing van de rechtbank van 28 april 2023.<\/p>\n<p>Bij vordering van 4 maart 2025, ingekomen op 12 mei 2025, heeft de officier van justitie gevorderd dat deze maatregel wordt verlengd voor de duur van twee jaren.<\/p>\n<p>De rechtbank heeft verder kennis genomen van de volgende processtukken:<\/p>\n<p>het adviesrapport van de kliniek van 3 februari 2025, waarin wordt geadviseerd de terbeschikkingstelling met verpleging van overheidswege te verlengen met twee jaren;<\/p>\n<p>het advies van psychiater drs. H.A. Gerritsen van 27 januari 2025, waarin wordt geadviseerd de terbeschikkingstelling met verpleging van overheidswege te verlengen met twee jaren;<\/p>\n<p>het advies van psycholoog van P.E. Geurkink van 16 januari 2025, waarin wordt geadviseerd de terbeschikkingstelling met verpleging van overheidswege te verlengen met twee jaren;<\/p>\n<p>een afschrift van de wettelijke aantekeningen.<\/p>\n<p>Ter zitting van 12 mei 2025 zijn gehoord:<\/p>\n<p>&#8212; betrokkene;<\/p>\n<p>&#8212; zijn raadsman;<\/p>\n<p>&#8212; deskundige E. Visseren, GZ-psycholoog<\/p>\n<p>&#8212; deskundige Y. Lagerwaard, psycholoog in opleiding tot GZ-psycholoog, en<\/p>\n<p>&#8212; de officier van justitie.<\/p>\n<h3>De standpunten<\/h3>\n<p>De officier van justitie heeft ter zitting de vordering tot verlenging van de terbeschikkingstelling met twee jaar gehandhaafd, nu aan de voorwaarden voor verlenging is voldaan.<\/p>\n<p>De raadsman van betrokkene heeft zich niet verzet tegen verlenging van de terbeschikkingstelling.<\/p>\n<h3>De beoordeling<\/h3>\n<p>Indexdelict<\/p>\n<p>De terbeschikkingstelling is opgelegd vanwege het meermalen plegen van bedreiging met verkrachting en feitelijke aanranding van de eerbaarheid.<\/p>\n<p>De rechtbank overweegt dat de maatregel van terbeschikkingstelling is opgelegd in verband<\/p>\n<p>met een veroordeling voor een misdrijf dat gericht was tegen of gevaar veroorzaakte voor de<\/p>\n<p>onaantastbaarheid van het lichaam van een of meer personen. De maatregel is dus niet gemaximeerd.<\/p>\n<p>Stoornis<\/p>\n<p>Uit de rapporten van de kliniek, de psychiater en de psycholoog blijkt dat betrokkene lijdt aan een autismespectrumstoornis, een ongespecificeerde parafiele stoornis en een stoornis in alcoholgebruik die in remissie is in de huidige gereguleerde omgeving.<\/p>\n<p>Hieruit blijkt dat de stoornissen nog altijd aanwezig zijn.<\/p>\n<p>Verloop van de maatregel<\/p>\n<p>Uit het rapport van de kliniek blijkt het volgende.<\/p>\n<p>Betrokkene is op 24 april 2024 overgeplaatst van de FPC de [kliniek 2] naar FPC de [kliniek 1] voor een tweede behandelpoging, vanwege onvoldoende behandelvoortgang. Betrokkene maakt in het begin moeilijk contact met medepati\u00ebnten en is wat meer op zichzelf. In contact met het behandelteam wordt betrokkene ervaren als erg spraakzaam, waar hij soms wel moeite heeft om bij de kern van een gesprek te blijven. Betrokkene start met gesprekken over seksualiteit middels het behandelprotocol Seksueel Grensoverschrijdend Gedrag (SGG) en psycho-educatie autisme en wordt verder aangemeld voor Mentaliseren Bevorderende Therapie en de carrousel vaktherapie. Tijdens gesprekken in therapie\u00ebn wordt betrokkene aanvankelijk als wat oppervlakkig ervaren maar gaandeweg lukt het hem beter om over therapie inhoudelijke onderwerpen de diepte in te gaan. Binnen de structuur van het FPC zijn er over het algemeen weinig problemen zichtbaar, behalve bij plotseling veranderende situaties (zoals insluiting vanwege een calamiteit). Bij dergelijke momenten en wanneer betrokkene een afwijzing ervaart, is een snelle oploop van spanning zichtbaar. Betrokkene wijst dan anderen af in het contact en zegt overgeplaatst te willen worden. Na rust en aandacht van het team neemt dit weer af. Betrokkene heeft al diverse behandelingen gevolgd, maar deze hebben nog onvoldoende resultaat opgeleverd in het voorkomen van delictgerelateerd gedrag. Begeleid verlof is in het verleden steeds zonder problemen verlopen, maar bij onbegeleide vrijheden vervalt hij in delictgerelateerd gedrag. Aangezien betrokkene zich binnen de gesloten setting van het FPC goed inzet voor zijn behandelingen, zich begeleidbaar opstelt en begeleid verlof altijd zonder problemen is verlopen, wordt de komende periode gekeken naar de mogelijkheid van begeleid verlof om te toetsen hoe hij omgaat met het opnieuw uitbreiden van vrijheden. Afhankelijk hiervan en van het resultaat van de behandelingen wordt gekeken naar de meest passende vervolgvoorziening. Daarbij wordt onder andere gedacht aan Fivoor de Blink Resocialisatie Rotterdam of een longcarevoorziening.<\/p>\n<p>Uit de toelichting van de deskundige ter zitting blijkt dat betrokkene goed meewerkt. Betrokkene zit goed in een structuur en is gestart met verdere behandeling. Ook is betrokkene gestart met muziektherapie. Er wordt gekeken naar het verlof van betrokkene en hierin worden stappen gezet. Het is lastig te voorspellen hoe het er over twee jaren uit zal zien. Als alles goed verloopt, dan zou betrokkene in de fase van onbegeleid verlof kunnen zitten.<\/p>\n<p>Recidivegevaar<\/p>\n<p>Uit zowel het rapport van de kliniek, als uit de rapporten van de psycholoog en psychiater blijkt dat indien het tbs-kader zou worden be\u00ebindigd, het risico op een terugval in gewelddadig gedrag ingeschat wordt als hoog. Er is dan sprake van weinig tot een redelijk aantal beschermende factoren. Met name het wegvallen van professionele hulpverlening gecombineerd met het ontbreken van een voldoende steunend netwerk kunnen leiden tot vereenzaming, wat risicoverhogend is.<\/p>\n<p>Hieruit blijkt dat de kans op herhaling bij onmiddellijke be\u00ebindiging van de terbeschikkingstelling onverminderd groot is.<\/p>\n<p>Conclusie<\/p>\n<p>De rechtbank overweegt dat de risicobepalende stoornissen nog altijd aanwezig zijn en dat de risico\u2019s op recidive onverminderd hoog zijn bij be\u00ebindiging van de maatregel.<\/p>\n<p>Uit de rapporten en de toelichting van de deskundige ter zitting blijkt dat betrokkene de afgelopen periode positief heeft doorlopen. Zo werkt betrokkene mee aan zijn behandelingen en worden er stappen gezet in het verlof van betrokkene. Het is van belang dat de komende periode wordt gemonitord hoe de behandelingen en het verlof verlopen. Afhankelijk hiervan, en van het resultaat van de behandelingen wordt gekeken naar de meest passende vervolgvoorziening. Hiervoor zal naar verwachting nog in ieder geval twee jaren nodig zijn.<\/p>\n<p>Op grond van op het voorgaande is de rechtbank van oordeel dat de veiligheid van anderen en de algemene veiligheid van personen de verlenging van de maatregel vereisen. De rechtbank zal de terbeschikkingstelling daarom, overeenkomstig de vordering en het advies, met twee jaren verlengen.<\/p>\n<h3>De beslissing<\/h3>\n<p>De rechtbank:<\/p>\n<p>verlengt de termijn van de terbeschikkingstelling van [betrokkene] met twee jaren.<\/p>\n<p>Deze beslissing is gegeven door mr. M.S. de Vries, als voorzitter, mr. J.M.J.M. Doon en mr. A.T.G. van Wandelen, als rechters in tegenwoordigheid van mr. E. Wisseborn, griffier, en uitgesproken ter openbare terechtzitting van deze rechtbank op 26 mei 2025.<\/p>\n<p>Mr. M.S. de Vries is buiten staat deze beslissing mede te ondertekenen.<\/p>\n<\/div>\n<hr class=\"kji-sep\" \/>\n<p class=\"kji-source-links\"><strong>Sources officielles :<\/strong> <a class=\"kji-source-link\" href=\"http:\/\/deeplink.rechtspraak.nl\/uitspraak?id=ECLI:NL:RBGEL:2025:11352\" target=\"_blank\" rel=\"noopener noreferrer\">consulter la page source<\/a><\/p>\n<p class=\"kji-license-note\"><em>Rechtspraak.nl open data, Creative Commons Zero. Volume cible 1.8M decisions.<\/em><\/p>\n<\/div>\n","protected":false},"excerpt":{"rendered":"<p>Verlenging tbs maatregel met twee jaren<\/p>\n","protected":false},"featured_media":0,"template":"","meta":{"_crdt_document":""},"kji_country":[7669],"kji_court":[7864],"kji_chamber":[],"kji_year":[8463],"kji_subject":[7646],"kji_keyword":[7867,11383,7866,7675,10142],"kji_language":[7671],"class_list":["post-662947","kji_decision","type-kji_decision","status-publish","hentry","kji_country-pays-bas","kji_court-rechtbank-gelderland","kji_year-8463","kji_subject-divers","kji_keyword-gelderland","kji_keyword-maatregel","kji_keyword-rbgel","kji_keyword-rechtbank","kji_keyword-verlenging","kji_language-nl"],"yoast_head":"<!-- This site is optimized with the Yoast SEO Premium plugin v27.5 (Yoast SEO v27.5) - https:\/\/yoast.com\/product\/yoast-seo-premium-wordpress\/ -->\n<title>ECLI:NL:RBGEL:2025:11352 Rechtbank Gelderland , 26-05-2025 \/ 940316.12 - Ma\u00eetre Hassan Kohen, avocat en droit p\u00e9nal \u00e0 Paris<\/title>\n<meta name=\"robots\" content=\"index, follow, max-snippet:-1, max-image-preview:large, max-video-preview:-1\" \/>\n<link rel=\"canonical\" href=\"https:\/\/kohenavocats.com\/ru\/jurisprudences\/eclinlrbgel202511352-rechtbank-gelderland-26-05-2025-940316-12\/\" \/>\n<meta property=\"og:locale\" content=\"ru_RU\" \/>\n<meta property=\"og:type\" content=\"article\" \/>\n<meta property=\"og:title\" content=\"ECLI:NL:RBGEL:2025:11352 Rechtbank Gelderland , 26-05-2025 \/ 940316.12\" \/>\n<meta property=\"og:description\" content=\"Verlenging tbs maatregel met twee jaren\" \/>\n<meta property=\"og:url\" content=\"https:\/\/kohenavocats.com\/ru\/jurisprudences\/eclinlrbgel202511352-rechtbank-gelderland-26-05-2025-940316-12\/\" \/>\n<meta property=\"og:site_name\" content=\"Ma\u00eetre Hassan Kohen, avocat en droit p\u00e9nal \u00e0 Paris\" \/>\n<meta name=\"twitter:card\" content=\"summary_large_image\" \/>\n<meta name=\"twitter:label1\" content=\"\u041f\u0440\u0438\u043c\u0435\u0440\u043d\u043e\u0435 \u0432\u0440\u0435\u043c\u044f \u0434\u043b\u044f \u0447\u0442\u0435\u043d\u0438\u044f\" \/>\n\t<meta name=\"twitter:data1\" content=\"6 \u043c\u0438\u043d\u0443\u0442\" \/>\n<script type=\"application\/ld+json\" class=\"yoast-schema-graph\">{\"@context\":\"https:\\\/\\\/schema.org\",\"@graph\":[{\"@type\":\"WebPage\",\"@id\":\"https:\\\/\\\/kohenavocats.com\\\/ru\\\/jurisprudences\\\/eclinlrbgel202511352-rechtbank-gelderland-26-05-2025-940316-12\\\/\",\"url\":\"https:\\\/\\\/kohenavocats.com\\\/ru\\\/jurisprudences\\\/eclinlrbgel202511352-rechtbank-gelderland-26-05-2025-940316-12\\\/\",\"name\":\"ECLI:NL:RBGEL:2025:11352 Rechtbank Gelderland , 26-05-2025 \\\/ 940316.12 - Ma\u00eetre Hassan Kohen, avocat en droit p\u00e9nal \u00e0 Paris\",\"isPartOf\":{\"@id\":\"https:\\\/\\\/kohenavocats.com\\\/ru\\\/#website\"},\"datePublished\":\"2026-04-23T18:23:47+00:00\",\"breadcrumb\":{\"@id\":\"https:\\\/\\\/kohenavocats.com\\\/ru\\\/jurisprudences\\\/eclinlrbgel202511352-rechtbank-gelderland-26-05-2025-940316-12\\\/#breadcrumb\"},\"inLanguage\":\"ru-RU\",\"potentialAction\":[{\"@type\":\"ReadAction\",\"target\":[\"https:\\\/\\\/kohenavocats.com\\\/ru\\\/jurisprudences\\\/eclinlrbgel202511352-rechtbank-gelderland-26-05-2025-940316-12\\\/\"]}]},{\"@type\":\"BreadcrumbList\",\"@id\":\"https:\\\/\\\/kohenavocats.com\\\/ru\\\/jurisprudences\\\/eclinlrbgel202511352-rechtbank-gelderland-26-05-2025-940316-12\\\/#breadcrumb\",\"itemListElement\":[{\"@type\":\"ListItem\",\"position\":1,\"name\":\"Home\",\"item\":\"https:\\\/\\\/kohenavocats.com\\\/ru\\\/avocats-en-droit-penal-a-paris-conseil-et-defense-strategique\\\/\"},{\"@type\":\"ListItem\",\"position\":2,\"name\":\"Jurisprudences\",\"item\":\"https:\\\/\\\/kohenavocats.com\\\/ru\\\/jurisprudences\\\/\"},{\"@type\":\"ListItem\",\"position\":3,\"name\":\"ECLI:NL:RBGEL:2025:11352 Rechtbank Gelderland , 26-05-2025 \\\/ 940316.12\"}]},{\"@type\":\"WebSite\",\"@id\":\"https:\\\/\\\/kohenavocats.com\\\/ru\\\/#website\",\"url\":\"https:\\\/\\\/kohenavocats.com\\\/ru\\\/\",\"name\":\"Kohen Avocats\",\"description\":\"Ma\u00eetre Hassan Kohen, avocat p\u00e9naliste \u00e0 Paris, intervient exclusivement en droit p\u00e9nal pour la d\u00e9fense des particuliers, notamment en mati\u00e8re d\u2019accusations de viol. Il assure un accompagnement rigoureux d\u00e8s la garde \u00e0 vue jusqu\u2019\u00e0 la Cour d\u2019assises, veillant au strict respect des garanties proc\u00e9durales.\",\"publisher\":{\"@id\":\"https:\\\/\\\/kohenavocats.com\\\/ru\\\/#organization\"},\"potentialAction\":[{\"@type\":\"SearchAction\",\"target\":{\"@type\":\"EntryPoint\",\"urlTemplate\":\"https:\\\/\\\/kohenavocats.com\\\/ru\\\/?s={search_term_string}\"},\"query-input\":{\"@type\":\"PropertyValueSpecification\",\"valueRequired\":true,\"valueName\":\"search_term_string\"}}],\"inLanguage\":\"ru-RU\"},{\"@type\":\"Organization\",\"@id\":\"https:\\\/\\\/kohenavocats.com\\\/ru\\\/#organization\",\"name\":\"Kohen Avocats\",\"url\":\"https:\\\/\\\/kohenavocats.com\\\/ru\\\/\",\"logo\":{\"@type\":\"ImageObject\",\"inLanguage\":\"ru-RU\",\"@id\":\"https:\\\/\\\/kohenavocats.com\\\/ru\\\/#\\\/schema\\\/logo\\\/image\\\/\",\"url\":\"https:\\\/\\\/kohenavocats.com\\\/wp-content\\\/uploads\\\/2026\\\/01\\\/Logo-2-1.webp\",\"contentUrl\":\"https:\\\/\\\/kohenavocats.com\\\/wp-content\\\/uploads\\\/2026\\\/01\\\/Logo-2-1.webp\",\"width\":2114,\"height\":1253,\"caption\":\"Kohen Avocats\"},\"image\":{\"@id\":\"https:\\\/\\\/kohenavocats.com\\\/ru\\\/#\\\/schema\\\/logo\\\/image\\\/\"}}]}<\/script>\n<!-- \/ Yoast SEO Premium plugin. -->","yoast_head_json":{"title":"ECLI:NL:RBGEL:2025:11352 Rechtbank Gelderland , 26-05-2025 \/ 940316.12 - Ma\u00eetre Hassan Kohen, avocat en droit p\u00e9nal \u00e0 Paris","robots":{"index":"index","follow":"follow","max-snippet":"max-snippet:-1","max-image-preview":"max-image-preview:large","max-video-preview":"max-video-preview:-1"},"canonical":"https:\/\/kohenavocats.com\/ru\/jurisprudences\/eclinlrbgel202511352-rechtbank-gelderland-26-05-2025-940316-12\/","og_locale":"ru_RU","og_type":"article","og_title":"ECLI:NL:RBGEL:2025:11352 Rechtbank Gelderland , 26-05-2025 \/ 940316.12","og_description":"Verlenging tbs maatregel met twee jaren","og_url":"https:\/\/kohenavocats.com\/ru\/jurisprudences\/eclinlrbgel202511352-rechtbank-gelderland-26-05-2025-940316-12\/","og_site_name":"Ma\u00eetre Hassan Kohen, avocat en droit p\u00e9nal \u00e0 Paris","twitter_card":"summary_large_image","twitter_misc":{"\u041f\u0440\u0438\u043c\u0435\u0440\u043d\u043e\u0435 \u0432\u0440\u0435\u043c\u044f \u0434\u043b\u044f \u0447\u0442\u0435\u043d\u0438\u044f":"6 \u043c\u0438\u043d\u0443\u0442"},"schema":{"@context":"https:\/\/schema.org","@graph":[{"@type":"WebPage","@id":"https:\/\/kohenavocats.com\/ru\/jurisprudences\/eclinlrbgel202511352-rechtbank-gelderland-26-05-2025-940316-12\/","url":"https:\/\/kohenavocats.com\/ru\/jurisprudences\/eclinlrbgel202511352-rechtbank-gelderland-26-05-2025-940316-12\/","name":"ECLI:NL:RBGEL:2025:11352 Rechtbank Gelderland , 26-05-2025 \/ 940316.12 - Ma\u00eetre Hassan Kohen, avocat en droit p\u00e9nal \u00e0 Paris","isPartOf":{"@id":"https:\/\/kohenavocats.com\/ru\/#website"},"datePublished":"2026-04-23T18:23:47+00:00","breadcrumb":{"@id":"https:\/\/kohenavocats.com\/ru\/jurisprudences\/eclinlrbgel202511352-rechtbank-gelderland-26-05-2025-940316-12\/#breadcrumb"},"inLanguage":"ru-RU","potentialAction":[{"@type":"ReadAction","target":["https:\/\/kohenavocats.com\/ru\/jurisprudences\/eclinlrbgel202511352-rechtbank-gelderland-26-05-2025-940316-12\/"]}]},{"@type":"BreadcrumbList","@id":"https:\/\/kohenavocats.com\/ru\/jurisprudences\/eclinlrbgel202511352-rechtbank-gelderland-26-05-2025-940316-12\/#breadcrumb","itemListElement":[{"@type":"ListItem","position":1,"name":"Home","item":"https:\/\/kohenavocats.com\/ru\/avocats-en-droit-penal-a-paris-conseil-et-defense-strategique\/"},{"@type":"ListItem","position":2,"name":"Jurisprudences","item":"https:\/\/kohenavocats.com\/ru\/jurisprudences\/"},{"@type":"ListItem","position":3,"name":"ECLI:NL:RBGEL:2025:11352 Rechtbank Gelderland , 26-05-2025 \/ 940316.12"}]},{"@type":"WebSite","@id":"https:\/\/kohenavocats.com\/ru\/#website","url":"https:\/\/kohenavocats.com\/ru\/","name":"Kohen Avocats","description":"Ma\u00eetre Hassan Kohen, avocat p\u00e9naliste \u00e0 Paris, intervient exclusivement en droit p\u00e9nal pour la d\u00e9fense des particuliers, notamment en mati\u00e8re d\u2019accusations de viol. Il assure un accompagnement rigoureux d\u00e8s la garde \u00e0 vue jusqu\u2019\u00e0 la Cour d\u2019assises, veillant au strict respect des garanties proc\u00e9durales.","publisher":{"@id":"https:\/\/kohenavocats.com\/ru\/#organization"},"potentialAction":[{"@type":"SearchAction","target":{"@type":"EntryPoint","urlTemplate":"https:\/\/kohenavocats.com\/ru\/?s={search_term_string}"},"query-input":{"@type":"PropertyValueSpecification","valueRequired":true,"valueName":"search_term_string"}}],"inLanguage":"ru-RU"},{"@type":"Organization","@id":"https:\/\/kohenavocats.com\/ru\/#organization","name":"Kohen Avocats","url":"https:\/\/kohenavocats.com\/ru\/","logo":{"@type":"ImageObject","inLanguage":"ru-RU","@id":"https:\/\/kohenavocats.com\/ru\/#\/schema\/logo\/image\/","url":"https:\/\/kohenavocats.com\/wp-content\/uploads\/2026\/01\/Logo-2-1.webp","contentUrl":"https:\/\/kohenavocats.com\/wp-content\/uploads\/2026\/01\/Logo-2-1.webp","width":2114,"height":1253,"caption":"Kohen Avocats"},"image":{"@id":"https:\/\/kohenavocats.com\/ru\/#\/schema\/logo\/image\/"}}]}},"jetpack_likes_enabled":false,"jetpack_sharing_enabled":true,"_links":{"self":[{"href":"https:\/\/kohenavocats.com\/ru\/wp-json\/wp\/v2\/kji_decision\/662947","targetHints":{"allow":["GET"]}}],"collection":[{"href":"https:\/\/kohenavocats.com\/ru\/wp-json\/wp\/v2\/kji_decision"}],"about":[{"href":"https:\/\/kohenavocats.com\/ru\/wp-json\/wp\/v2\/types\/kji_decision"}],"wp:attachment":[{"href":"https:\/\/kohenavocats.com\/ru\/wp-json\/wp\/v2\/media?parent=662947"}],"wp:term":[{"taxonomy":"kji_country","embeddable":true,"href":"https:\/\/kohenavocats.com\/ru\/wp-json\/wp\/v2\/kji_country?post=662947"},{"taxonomy":"kji_court","embeddable":true,"href":"https:\/\/kohenavocats.com\/ru\/wp-json\/wp\/v2\/kji_court?post=662947"},{"taxonomy":"kji_chamber","embeddable":true,"href":"https:\/\/kohenavocats.com\/ru\/wp-json\/wp\/v2\/kji_chamber?post=662947"},{"taxonomy":"kji_year","embeddable":true,"href":"https:\/\/kohenavocats.com\/ru\/wp-json\/wp\/v2\/kji_year?post=662947"},{"taxonomy":"kji_subject","embeddable":true,"href":"https:\/\/kohenavocats.com\/ru\/wp-json\/wp\/v2\/kji_subject?post=662947"},{"taxonomy":"kji_keyword","embeddable":true,"href":"https:\/\/kohenavocats.com\/ru\/wp-json\/wp\/v2\/kji_keyword?post=662947"},{"taxonomy":"kji_language","embeddable":true,"href":"https:\/\/kohenavocats.com\/ru\/wp-json\/wp\/v2\/kji_language?post=662947"}],"curies":[{"name":"wp","href":"https:\/\/api.w.org\/{rel}","templated":true}]}}