{"id":662949,"date":"2026-04-23T20:23:50","date_gmt":"2026-04-23T18:23:50","guid":{"rendered":"https:\/\/kohenavocats.com\/jurisprudences\/eclinlrbgel202511353-rechtbank-gelderland-26-05-2025-307844-21\/"},"modified":"2026-04-23T20:23:50","modified_gmt":"2026-04-23T18:23:50","slug":"eclinlrbgel202511353-rechtbank-gelderland-26-05-2025-307844-21","status":"publish","type":"kji_decision","link":"https:\/\/kohenavocats.com\/ru\/jurisprudences\/eclinlrbgel202511353-rechtbank-gelderland-26-05-2025-307844-21\/","title":{"rendered":"ECLI:NL:RBGEL:2025:11353 Rechtbank Gelderland , 26-05-2025 \/ 307844.21"},"content":{"rendered":"<div class=\"kji-decision\">\n<div class=\"kji-full-text\">\n<p><strong>Inhoudsindicatie.<\/strong> Verlenging tbs maatregel met twee jaren<\/p>\n<h3>RECHTBANK GELDERLAND<\/h3>\n<p>Team strafrecht<\/p>\n<p>Zittingsplaats: Zutphen<\/p>\n<p>Parketnummer: 05\/307844-21<\/p>\n<p>Datum uitspraak: 26 mei 2025<\/p>\n<p>Beslissing van de meervoudige kamer als bedoeld in artikel 6:6:10 van het Wetboek van Strafvordering<\/p>\n<p>in de zaak van<\/p>\n<h3>de officier van justitie<\/h3>\n<p>tegen<\/p>\n<h3>[betrokkene],<\/h3>\n<p>geboren op [geboortedatum] 1987 te [geboorteplaats] (Guinee),<\/p>\n<p>verblijvende in de [kliniek] (hierna: de kliniek)<\/p>\n<p>[adres], [postcode] in [plaats].<\/p>\n<p>raadsvrouw, mr. M.W. Bouwman, advocaat te Groningen<\/p>\n<h3>Procedure<\/h3>\n<p>Betrokkene is op 23 maart 2023 bij arrest van het Hof Arnhem-Leeuwarden veroordeeld vanwege poging tot doodslag tot terbeschikkingstelling met bevel tot verpleging van overheidswege. Deze maatregel is ingegaan op 12 april 2023.<\/p>\n<p>Bij vordering van 6 maart 2025, ingekomen op diezelfde datum, heeft de officier van justitie gevorderd dat deze maatregel wordt verlengd voor de duur van twee jaren.<\/p>\n<p>De rechtbank heeft verder kennis genomen van de volgende processtukken:<\/p>\n<p>het adviesrapport van de kliniek van 11 februari 2025, waarin wordt geadviseerd de terbeschikkingstelling met verpleging van overheidswege te verlengen met twee jaren;<\/p>\n<p>een afschrift van de wettelijke aantekeningen.<\/p>\n<p>Ter zitting van 12 mei 2025 zijn gehoord:<\/p>\n<p>&#8212; betrokkene;<\/p>\n<p>&#8212; zijn raadsvrouw;<\/p>\n<p>&#8212; deskundige M. Hendriks, behandelco\u00f6rdinator, en<\/p>\n<p>&#8212; de officier van justitie.<\/p>\n<h3>De standpunten<\/h3>\n<p>De officier van justitie heeft ter zitting de vordering tot verlenging van de terbeschikkingstelling met twee jaar gehandhaafd, nu aan de voorwaarden voor verlenging is voldaan.<\/p>\n<p>De raadsvrouw van betrokkene heeft gepleit voor een beperking van de verlenging tot \u00e9\u00e9n jaar. De raadsvrouw heeft aangevoerd dat de behandeling van betrokkene niet voortvarend genoeg is verlopen. Door de maatregel met \u00e9\u00e9n jaar te verlengen kan er zicht worden gehouden op de voortgang van de behandeling. De kliniek heeft namelijk een inspanningsverplichting.<\/p>\n<h3>De beoordeling<\/h3>\n<p>Indexdelict<\/p>\n<p>De terbeschikkingstelling is opgelegd vanwege poging tot doodslag.<\/p>\n<p>De rechtbank overweegt dat de maatregel van terbeschikkingstelling is opgelegd in verband<\/p>\n<p>met een veroordeling voor een misdrijf dat gericht was tegen of gevaar veroorzaakte voor de<\/p>\n<p>onaantastbaarheid van het lichaam van een of meer personen. De maatregel is dus niet gemaximeerd<\/p>\n<p>Stoornis<\/p>\n<p>Uit het rapport van de kliniek blijkt dat betrokkene lijdt aan een gespecificeerde schizofreniespectrum of andere psychotische stoornis (parano\u00efde psychotisch).<\/p>\n<p>De stoornis is dus nog altijd aanwezig.<\/p>\n<p>Verloop van de maatregel<\/p>\n<p>Betrokkene verblijft sinds 20 februari 2024 in de kliniek. Sindsdien doorloopt hij de assessmentfase. Het responsiviteitsonderzoek en de traumascreening zijn afgerond. Betrokkene neemt momenteel deel aan muziektherapie. In november 2024 is gestart met de delictanalyse. Dit traject loopt nog. Betrokkene is open en meewerkend in het contact met het behandelteam en houdt zich aan afspraken. Wanneer betrokkene onduidelijkheid ervaart omtrent contact met zijn netwerk of financi\u00ebn geeft dit hem veel stress. Betrokkene volgt zijn programma trouw, neemt deel aan diverse behandelonderdelen en werkt mee aan vroegsignalering. In de kliniek heeft er een verandering in medicatie plaatsgevonden, waardoor er een sterke verbetering wordt gezien in het toestandsbeeld van betrokkene. Hij is thans adequaat ingesteld op medicatie, heeft in de afgelopen rapportageperiode stabiel gefunctioneerd en symptomen van psychotische ontregeling zijn niet meer waargenomen. Betrokkene is sinds zijn opname abstinent van middelen. Op 6 december 2024 is betrokkene doorgestroomd naar een intramurale behandelafdeling. Dit is een afdeling waar met name persoonlijkheidsstoornissen behandeld worden. Uitspraken over het einddoel zijn nog prematuur en afhankelijk van de vorderingen die betrokkene maakt in de behandeling. Er kan gesteld worden dat er binnen de huidige kaders en structuur sprake is van een stabiel functioneren. Echter moet de delictanalyse nog worden afgerond en moeten diverse delictgeralateerde behandelonderdelen nog worden opgestart. Het zal tijd kosten om nieuwe (coping)vaardigheden aan te leren en te generaliseren naar meerdere en prikkelrijkere situaties. Er moet worden getoetst hoe betrokkene omgaat met toenemende vrijheden, verantwoordelijkheden en confrontatie met stressoren.<\/p>\n<p>Uit de toelichting van de deskundige ter zitting blijkt dat betrokkene last heeft van personele problemen in de kliniek. De delictanalyse is daardoor nog niet afgerond en ook de muziektherapie is vanwege personele wisselingen gestopt.. Betrokkene staat op de wachtlijst voor diagnostische onderzoeken.. Er is dan ook aardig wat vertraging in de behandeling opgelopen. Desondanks functioneert betrokkene prima in de kliniek. De kliniek denkt dat de sleutel bij de inname van medicatie ligt. Betrokkene krijgt antipsychotica via een depot. Er wordt gekeken of er eerder een verlofaanvraag ingediend kan worden. Het ziekte-inzicht en ziektebesef lijkt bij betrokkene afwezig.<\/p>\n<p>Recidivegevaar<\/p>\n<p>Uit het rapport van de kliniek blijkt dat indien het tbs-kader zou worden be\u00ebindigd en betrokkene zonder begeleiding op zichzelf teruggeworpen zou worden, de inschatting is dat betrokkene zal stoppen met medicatie &#8212; waardoor betrokkene (weer) psychotisch decompenseert en terechtkomt in een soortgelijke situatie als tijdens het indexdelict. Betrokkene zal zich na verloop van tijd in het nauw gedreven voelen en zichzelf willen beschermen. Omdat betrokkene nog geen behandeling heeft genoten en dus nog niet over adequate coping beschikt zal hij waarschijnlijk reageren met (fors) fysiek geweld. Er wordt bij einde tbs niet direct gevaar gezien. Vermoedelijk zullen betrokkenes parano\u00efde idee\u00ebn over tijd verergeren en uiteindelijk leiden tot het toepassen van geweld.<\/p>\n<p>Hieruit blijkt dat de kans op herhaling bij onmiddellijke be\u00ebindiging van de terbeschikkingstelling onverminderd groot is.<\/p>\n<p>Conclusie<\/p>\n<p>De rechtbank overweegt dat de risicobepalende stoornissen nog altijd aanwezig zijn en dat de risico\u2019s op recidive onverminderd hoog zijn bij be\u00ebindiging van de maatregel.<\/p>\n<p>Uit de rapportages en de toelichting van de deskundige ter zitting blijkt dat betrokkene de afgelopen periode positief heeft doorlopen. Er kan gesteld worden dat er binnen de huidige kaders en structuur sprake is van een stabiel functioneren. De delictanalyse moet nog worden afgerond en er moeten diverse delictgeralateerde behandelonderdelen nog worden opgestart. Het zal tijd kosten om nieuwe (coping)vaardigheden aan te leren en te generaliseren naar meerdere en prikkelrijkere situaties. Er moet worden getoetst hoe betrokkene omgaat met toenemende vrijheden, verantwoordelijkheden en confrontatie met stressoren. Hiervoor zal naar verwachting nog in ieder geval twee jaren nodig zijn. De rechtbank ziet geen redenen om de beschikkingstelling met \u00e9\u00e9n jaar te verlengen. De rechtbank ziet dat de kliniek haar best doet om ondanks personele problemen zo snel mogelijk alle nodige behandelingen in te zetten. Daarnaast wordt er ingezet op het eerder aanvragen van verlof. De rechtbank ziet gelet op het voorgaande geen aanleiding om de maatregel met \u00e9\u00e9n jaar te verlengen.<\/p>\n<p>Op grond van het voorgaande is de rechtbank van oordeel dat de veiligheid van anderen en de algemene veiligheid van personen de verlenging van de maatregel vereisen. De rechtbank zal de terbeschikkingstelling gelet op het voorgaande, overeenkomstig de vordering en het advies, met twee jaren verlengen.<\/p>\n<h3>De beslissing<\/h3>\n<p>De rechtbank:<\/p>\n<p>verlengt de termijn van de terbeschikkingstelling van [betrokkene] met twee jaren.<\/p>\n<p>Deze beslissing is gegeven door mr. M.S. de Vries, als voorzitter, mr. J.M.J.M. Doon en mr. A.T.G. van Wandelen, als rechters in tegenwoordigheid van mr. E. Wisseborn, griffier, en uitgesproken ter openbare terechtzitting van deze rechtbank op 26 mei 2025.<\/p>\n<h3>Mr. M.S. de Vries is buiten staat deze beslissing mede te ondertekenen.<\/h3>\n<\/div>\n<hr class=\"kji-sep\" \/>\n<p class=\"kji-source-links\"><strong>Sources officielles :<\/strong> <a class=\"kji-source-link\" href=\"http:\/\/deeplink.rechtspraak.nl\/uitspraak?id=ECLI:NL:RBGEL:2025:11353\" target=\"_blank\" rel=\"noopener noreferrer\">consulter la page source<\/a><\/p>\n<p class=\"kji-license-note\"><em>Rechtspraak.nl open data, Creative Commons Zero. Volume cible 1.8M decisions.<\/em><\/p>\n<\/div>\n","protected":false},"excerpt":{"rendered":"<p>Verlenging tbs maatregel met twee jaren<\/p>\n","protected":false},"featured_media":0,"template":"","meta":{"_crdt_document":""},"kji_country":[7669],"kji_court":[7864],"kji_chamber":[],"kji_year":[8463],"kji_subject":[7646],"kji_keyword":[7867,11383,7866,7675,10142],"kji_language":[7671],"class_list":["post-662949","kji_decision","type-kji_decision","status-publish","hentry","kji_country-pays-bas","kji_court-rechtbank-gelderland","kji_year-8463","kji_subject-divers","kji_keyword-gelderland","kji_keyword-maatregel","kji_keyword-rbgel","kji_keyword-rechtbank","kji_keyword-verlenging","kji_language-nl"],"yoast_head":"<!-- This site is optimized with the Yoast SEO Premium plugin v27.4 (Yoast SEO v27.4) - https:\/\/yoast.com\/product\/yoast-seo-premium-wordpress\/ -->\n<title>ECLI:NL:RBGEL:2025:11353 Rechtbank Gelderland , 26-05-2025 \/ 307844.21 - Ma\u00eetre Hassan Kohen, avocat en droit p\u00e9nal \u00e0 Paris<\/title>\n<meta name=\"robots\" content=\"index, follow, max-snippet:-1, max-image-preview:large, max-video-preview:-1\" \/>\n<link rel=\"canonical\" href=\"https:\/\/kohenavocats.com\/ru\/jurisprudences\/eclinlrbgel202511353-rechtbank-gelderland-26-05-2025-307844-21\/\" \/>\n<meta property=\"og:locale\" content=\"ru_RU\" \/>\n<meta property=\"og:type\" content=\"article\" \/>\n<meta property=\"og:title\" content=\"ECLI:NL:RBGEL:2025:11353 Rechtbank Gelderland , 26-05-2025 \/ 307844.21\" \/>\n<meta property=\"og:description\" content=\"Verlenging tbs maatregel met twee jaren\" \/>\n<meta property=\"og:url\" content=\"https:\/\/kohenavocats.com\/ru\/jurisprudences\/eclinlrbgel202511353-rechtbank-gelderland-26-05-2025-307844-21\/\" \/>\n<meta property=\"og:site_name\" content=\"Ma\u00eetre Hassan Kohen, avocat en droit p\u00e9nal \u00e0 Paris\" \/>\n<meta name=\"twitter:card\" content=\"summary_large_image\" \/>\n<meta name=\"twitter:label1\" content=\"\u041f\u0440\u0438\u043c\u0435\u0440\u043d\u043e\u0435 \u0432\u0440\u0435\u043c\u044f \u0434\u043b\u044f \u0447\u0442\u0435\u043d\u0438\u044f\" \/>\n\t<meta name=\"twitter:data1\" content=\"6 \u043c\u0438\u043d\u0443\u0442\" \/>\n<script type=\"application\/ld+json\" class=\"yoast-schema-graph\">{\"@context\":\"https:\\\/\\\/schema.org\",\"@graph\":[{\"@type\":\"WebPage\",\"@id\":\"https:\\\/\\\/kohenavocats.com\\\/ru\\\/jurisprudences\\\/eclinlrbgel202511353-rechtbank-gelderland-26-05-2025-307844-21\\\/\",\"url\":\"https:\\\/\\\/kohenavocats.com\\\/ru\\\/jurisprudences\\\/eclinlrbgel202511353-rechtbank-gelderland-26-05-2025-307844-21\\\/\",\"name\":\"ECLI:NL:RBGEL:2025:11353 Rechtbank Gelderland , 26-05-2025 \\\/ 307844.21 - Ma\u00eetre Hassan Kohen, avocat en droit p\u00e9nal \u00e0 Paris\",\"isPartOf\":{\"@id\":\"https:\\\/\\\/kohenavocats.com\\\/ru\\\/#website\"},\"datePublished\":\"2026-04-23T18:23:50+00:00\",\"breadcrumb\":{\"@id\":\"https:\\\/\\\/kohenavocats.com\\\/ru\\\/jurisprudences\\\/eclinlrbgel202511353-rechtbank-gelderland-26-05-2025-307844-21\\\/#breadcrumb\"},\"inLanguage\":\"ru-RU\",\"potentialAction\":[{\"@type\":\"ReadAction\",\"target\":[\"https:\\\/\\\/kohenavocats.com\\\/ru\\\/jurisprudences\\\/eclinlrbgel202511353-rechtbank-gelderland-26-05-2025-307844-21\\\/\"]}]},{\"@type\":\"BreadcrumbList\",\"@id\":\"https:\\\/\\\/kohenavocats.com\\\/ru\\\/jurisprudences\\\/eclinlrbgel202511353-rechtbank-gelderland-26-05-2025-307844-21\\\/#breadcrumb\",\"itemListElement\":[{\"@type\":\"ListItem\",\"position\":1,\"name\":\"Home\",\"item\":\"https:\\\/\\\/kohenavocats.com\\\/ru\\\/avocats-en-droit-penal-a-paris-conseil-et-defense-strategique\\\/\"},{\"@type\":\"ListItem\",\"position\":2,\"name\":\"Jurisprudences\",\"item\":\"https:\\\/\\\/kohenavocats.com\\\/ru\\\/jurisprudences\\\/\"},{\"@type\":\"ListItem\",\"position\":3,\"name\":\"ECLI:NL:RBGEL:2025:11353 Rechtbank Gelderland , 26-05-2025 \\\/ 307844.21\"}]},{\"@type\":\"WebSite\",\"@id\":\"https:\\\/\\\/kohenavocats.com\\\/ru\\\/#website\",\"url\":\"https:\\\/\\\/kohenavocats.com\\\/ru\\\/\",\"name\":\"Kohen Avocats\",\"description\":\"Ma\u00eetre Hassan Kohen, avocat p\u00e9naliste \u00e0 Paris, intervient exclusivement en droit p\u00e9nal pour la d\u00e9fense des particuliers, notamment en mati\u00e8re d\u2019accusations de viol. Il assure un accompagnement rigoureux d\u00e8s la garde \u00e0 vue jusqu\u2019\u00e0 la Cour d\u2019assises, veillant au strict respect des garanties proc\u00e9durales.\",\"publisher\":{\"@id\":\"https:\\\/\\\/kohenavocats.com\\\/ru\\\/#organization\"},\"potentialAction\":[{\"@type\":\"SearchAction\",\"target\":{\"@type\":\"EntryPoint\",\"urlTemplate\":\"https:\\\/\\\/kohenavocats.com\\\/ru\\\/?s={search_term_string}\"},\"query-input\":{\"@type\":\"PropertyValueSpecification\",\"valueRequired\":true,\"valueName\":\"search_term_string\"}}],\"inLanguage\":\"ru-RU\"},{\"@type\":\"Organization\",\"@id\":\"https:\\\/\\\/kohenavocats.com\\\/ru\\\/#organization\",\"name\":\"Kohen Avocats\",\"url\":\"https:\\\/\\\/kohenavocats.com\\\/ru\\\/\",\"logo\":{\"@type\":\"ImageObject\",\"inLanguage\":\"ru-RU\",\"@id\":\"https:\\\/\\\/kohenavocats.com\\\/ru\\\/#\\\/schema\\\/logo\\\/image\\\/\",\"url\":\"https:\\\/\\\/kohenavocats.com\\\/wp-content\\\/uploads\\\/2026\\\/01\\\/Logo-2-1.webp\",\"contentUrl\":\"https:\\\/\\\/kohenavocats.com\\\/wp-content\\\/uploads\\\/2026\\\/01\\\/Logo-2-1.webp\",\"width\":2114,\"height\":1253,\"caption\":\"Kohen Avocats\"},\"image\":{\"@id\":\"https:\\\/\\\/kohenavocats.com\\\/ru\\\/#\\\/schema\\\/logo\\\/image\\\/\"}}]}<\/script>\n<!-- \/ Yoast SEO Premium plugin. -->","yoast_head_json":{"title":"ECLI:NL:RBGEL:2025:11353 Rechtbank Gelderland , 26-05-2025 \/ 307844.21 - Ma\u00eetre Hassan Kohen, avocat en droit p\u00e9nal \u00e0 Paris","robots":{"index":"index","follow":"follow","max-snippet":"max-snippet:-1","max-image-preview":"max-image-preview:large","max-video-preview":"max-video-preview:-1"},"canonical":"https:\/\/kohenavocats.com\/ru\/jurisprudences\/eclinlrbgel202511353-rechtbank-gelderland-26-05-2025-307844-21\/","og_locale":"ru_RU","og_type":"article","og_title":"ECLI:NL:RBGEL:2025:11353 Rechtbank Gelderland , 26-05-2025 \/ 307844.21","og_description":"Verlenging tbs maatregel met twee jaren","og_url":"https:\/\/kohenavocats.com\/ru\/jurisprudences\/eclinlrbgel202511353-rechtbank-gelderland-26-05-2025-307844-21\/","og_site_name":"Ma\u00eetre Hassan Kohen, avocat en droit p\u00e9nal \u00e0 Paris","twitter_card":"summary_large_image","twitter_misc":{"\u041f\u0440\u0438\u043c\u0435\u0440\u043d\u043e\u0435 \u0432\u0440\u0435\u043c\u044f \u0434\u043b\u044f \u0447\u0442\u0435\u043d\u0438\u044f":"6 \u043c\u0438\u043d\u0443\u0442"},"schema":{"@context":"https:\/\/schema.org","@graph":[{"@type":"WebPage","@id":"https:\/\/kohenavocats.com\/ru\/jurisprudences\/eclinlrbgel202511353-rechtbank-gelderland-26-05-2025-307844-21\/","url":"https:\/\/kohenavocats.com\/ru\/jurisprudences\/eclinlrbgel202511353-rechtbank-gelderland-26-05-2025-307844-21\/","name":"ECLI:NL:RBGEL:2025:11353 Rechtbank Gelderland , 26-05-2025 \/ 307844.21 - Ma\u00eetre Hassan Kohen, avocat en droit p\u00e9nal \u00e0 Paris","isPartOf":{"@id":"https:\/\/kohenavocats.com\/ru\/#website"},"datePublished":"2026-04-23T18:23:50+00:00","breadcrumb":{"@id":"https:\/\/kohenavocats.com\/ru\/jurisprudences\/eclinlrbgel202511353-rechtbank-gelderland-26-05-2025-307844-21\/#breadcrumb"},"inLanguage":"ru-RU","potentialAction":[{"@type":"ReadAction","target":["https:\/\/kohenavocats.com\/ru\/jurisprudences\/eclinlrbgel202511353-rechtbank-gelderland-26-05-2025-307844-21\/"]}]},{"@type":"BreadcrumbList","@id":"https:\/\/kohenavocats.com\/ru\/jurisprudences\/eclinlrbgel202511353-rechtbank-gelderland-26-05-2025-307844-21\/#breadcrumb","itemListElement":[{"@type":"ListItem","position":1,"name":"Home","item":"https:\/\/kohenavocats.com\/ru\/avocats-en-droit-penal-a-paris-conseil-et-defense-strategique\/"},{"@type":"ListItem","position":2,"name":"Jurisprudences","item":"https:\/\/kohenavocats.com\/ru\/jurisprudences\/"},{"@type":"ListItem","position":3,"name":"ECLI:NL:RBGEL:2025:11353 Rechtbank Gelderland , 26-05-2025 \/ 307844.21"}]},{"@type":"WebSite","@id":"https:\/\/kohenavocats.com\/ru\/#website","url":"https:\/\/kohenavocats.com\/ru\/","name":"Kohen Avocats","description":"Ma\u00eetre Hassan Kohen, avocat p\u00e9naliste \u00e0 Paris, intervient exclusivement en droit p\u00e9nal pour la d\u00e9fense des particuliers, notamment en mati\u00e8re d\u2019accusations de viol. Il assure un accompagnement rigoureux d\u00e8s la garde \u00e0 vue jusqu\u2019\u00e0 la Cour d\u2019assises, veillant au strict respect des garanties proc\u00e9durales.","publisher":{"@id":"https:\/\/kohenavocats.com\/ru\/#organization"},"potentialAction":[{"@type":"SearchAction","target":{"@type":"EntryPoint","urlTemplate":"https:\/\/kohenavocats.com\/ru\/?s={search_term_string}"},"query-input":{"@type":"PropertyValueSpecification","valueRequired":true,"valueName":"search_term_string"}}],"inLanguage":"ru-RU"},{"@type":"Organization","@id":"https:\/\/kohenavocats.com\/ru\/#organization","name":"Kohen Avocats","url":"https:\/\/kohenavocats.com\/ru\/","logo":{"@type":"ImageObject","inLanguage":"ru-RU","@id":"https:\/\/kohenavocats.com\/ru\/#\/schema\/logo\/image\/","url":"https:\/\/kohenavocats.com\/wp-content\/uploads\/2026\/01\/Logo-2-1.webp","contentUrl":"https:\/\/kohenavocats.com\/wp-content\/uploads\/2026\/01\/Logo-2-1.webp","width":2114,"height":1253,"caption":"Kohen Avocats"},"image":{"@id":"https:\/\/kohenavocats.com\/ru\/#\/schema\/logo\/image\/"}}]}},"jetpack_likes_enabled":false,"jetpack_sharing_enabled":true,"_links":{"self":[{"href":"https:\/\/kohenavocats.com\/ru\/wp-json\/wp\/v2\/kji_decision\/662949","targetHints":{"allow":["GET"]}}],"collection":[{"href":"https:\/\/kohenavocats.com\/ru\/wp-json\/wp\/v2\/kji_decision"}],"about":[{"href":"https:\/\/kohenavocats.com\/ru\/wp-json\/wp\/v2\/types\/kji_decision"}],"wp:attachment":[{"href":"https:\/\/kohenavocats.com\/ru\/wp-json\/wp\/v2\/media?parent=662949"}],"wp:term":[{"taxonomy":"kji_country","embeddable":true,"href":"https:\/\/kohenavocats.com\/ru\/wp-json\/wp\/v2\/kji_country?post=662949"},{"taxonomy":"kji_court","embeddable":true,"href":"https:\/\/kohenavocats.com\/ru\/wp-json\/wp\/v2\/kji_court?post=662949"},{"taxonomy":"kji_chamber","embeddable":true,"href":"https:\/\/kohenavocats.com\/ru\/wp-json\/wp\/v2\/kji_chamber?post=662949"},{"taxonomy":"kji_year","embeddable":true,"href":"https:\/\/kohenavocats.com\/ru\/wp-json\/wp\/v2\/kji_year?post=662949"},{"taxonomy":"kji_subject","embeddable":true,"href":"https:\/\/kohenavocats.com\/ru\/wp-json\/wp\/v2\/kji_subject?post=662949"},{"taxonomy":"kji_keyword","embeddable":true,"href":"https:\/\/kohenavocats.com\/ru\/wp-json\/wp\/v2\/kji_keyword?post=662949"},{"taxonomy":"kji_language","embeddable":true,"href":"https:\/\/kohenavocats.com\/ru\/wp-json\/wp\/v2\/kji_language?post=662949"}],"curies":[{"name":"wp","href":"https:\/\/api.w.org\/{rel}","templated":true}]}}