{"id":663432,"date":"2026-04-23T21:07:40","date_gmt":"2026-04-23T19:07:40","guid":{"rendered":"https:\/\/kohenavocats.com\/jurisprudences\/tribunal-federal-suisse-28-juin-2022-n-6b-695-2022\/"},"modified":"2026-04-23T21:07:40","modified_gmt":"2026-04-23T19:07:40","slug":"tribunal-federal-suisse-28-juin-2022-n-6b-695-2022","status":"publish","type":"kji_decision","link":"https:\/\/kohenavocats.com\/ru\/jurisprudences\/tribunal-federal-suisse-28-juin-2022-n-6b-695-2022\/","title":{"rendered":"Tribunal f\u00e9d\u00e9ral suisse, 28 juin 2022, n\u00b0 6B 695-2022"},"content":{"rendered":"<div class=\"kji-decision\">\n<div class=\"kji-full-text\">\n<p>Bundesgericht<\/p>\n<p>Tribunal f\u00e9d\u00e9ral<\/p>\n<p>Tribunale federale<\/p>\n<p>Tribunal federal<\/p>\n<p>6B_695\/2022<\/p>\n<p>Urteil vom 28. Juni 2022<\/p>\n<p>Strafrechtliche Abteilung<\/p>\n<p>Besetzung<\/p>\n<p>Bundesrichter Denys, als pr\u00e4sidierendes Mitglied,<\/p>\n<p>Gerichtsschreiberin Frey Krieger.<\/p>\n<p>Verfahrensbeteiligte<\/p>\n<p>A.________,<\/p>\n<p>Beschwerdef\u00fchrer,<\/p>\n<p>gegen<\/p>\n<p>Staatsanwaltschaft des Kantons Schaffhausen, Bahnhofstrasse 29, 8200 Schaffhausen,<\/p>\n<p>Beschwerdegegnerin.<\/p>\n<p>Gegenstand<\/p>\n<p>Versp\u00e4tete Berufungsanmeldung, Nichteintreten auf Rechtsmittel; Nichteintreten,<\/p>\n<p>Beschwerde gegen die Verf\u00fcgung des Obergerichts des Kantons Schaffhausen vom 20. Mai 2022 (50\/2022\/10).<\/p>\n<p>Das pr\u00e4sidierende Mitglied zieht in Erw\u00e4gung:<\/p>\n<p>1.<\/p>\n<p>Mit Urteil vom 15. Februar 2022 sprach das Kantonsgericht Schaffhausen den Beschwerdef\u00fchrer der Drohung schuldig und verurteilte ihn zu einer bedingt ausgesprochenen Geldstrafe von 45 Tagess\u00e4tzen zu Fr. 30.&#8212; bei einer Probezeit von zwei Jahren und einer Busse von Fr. 300.&#8212;. Damit einhergehend ordnete es die Einziehung und Vernichtung des beschlagnahmten Sturmgewehrs an. Mit E-Mail vom 16. M\u00e4rz 2022 ersuchte der Beschwerdef\u00fchrer um eine &quot;schriftliche Stellungnahme des Urteils&quot;; mit Schreiben vom 31. M\u00e4rz 2022 meldete er beim Kantonsgericht sinngem\u00e4ss Berufung an.<\/p>\n<p>Mit Verf\u00fcgung vom 20. Mai 2022 entschied das Obergericht des Kantons Schaffhausen, dass die Berufungsanmeldung zufolge versp\u00e4teter Eingabe offensichtlich unzul\u00e4ssig sei, nachdem das erstinstanzliche Urteil anl\u00e4sslich der Hauptverhandlung vom 15. Februar 2022 m\u00fcndlich er\u00f6ffnet, das Urteilsdispositiv am 16. Februar 2022 spediert und vom Beschwerdef\u00fchrer am 21. Februar 2022 entgegengenommen worden sei.<\/p>\n<p>Der Beschwerdef\u00fchrer wendet sich mit Beschwerde in Strafsachen an das Bundesgericht. Er macht geltend, dass keine versp\u00e4tete Berufung vorliege. Er habe &quot;w\u00e4hrend der Verhandlung&quot; gesagt, dass er &quot;in Berufung&quot; gehe. Diese Aussage m\u00fcsse sowohl (auf einem Tontr\u00e4ger) aufgezeichnet als auch (schriftlich) protokolliert worden sein.<\/p>\n<p>2.<\/p>\n<p>Die Beschwerde an das Bundesgericht ist zu begr\u00fcnden (Art. 42 Abs. 1 BGG). In der Begr\u00fcndung ist in gedr\u00e4ngter Form darzulegen, inwiefern der angefochtene Akt Recht verletzt (Art. 42 Abs. 2 BGG; BGE 143 I 377 E. 1.2 und 1.3). Die Begr\u00fcndung muss sachbezogen sein und erkennen lassen, dass und weshalb nach Auffassung des Beschwerdef\u00fchrers Recht verletzt ist (BGE 142 I 99 E. 1.7.1; 140 III 86 E. 2; 139 I 306 E. 1.2). Die Bestimmungen von Art. 95 ff. BGG nennen die vor Bundesgericht zul\u00e4ssigen Beschwerdegr\u00fcnde. Hinsichtlich der Verletzung von Grundrechten besteht eine qualifizierte R\u00fcgepflicht (Art. 106 Abs. 2 BGG).<\/p>\n<p>3.<\/p>\n<p>Der implizite Vorwurf des Beschwerdef\u00fchrers, die Vorinstanz habe ignoriert, dass er die Berufung m\u00fcndlich zu Protokoll angemeldet gehabt habe, erweist sich als aktenwidrig. Mithin geht solches nicht aus den vom Bundesgericht beigezogenen vorinstanzlichen Verfahrensakten hervor, und zwar weder aus dem schriftlichen Protokoll noch aus der Tonaufzeichnung. Im \u00dcbrigen legt der Beschwerdef\u00fchrer nicht dar, was an den vorinstanzlichen Erw\u00e4gungen willk\u00fcrlich oder sonstwie bundesrechtswidrig sein k\u00f6nnte. Er setzt sich damit nicht auseinander. Damit ergibt sich aus der Beschwerde nicht, inwiefern der Nichteintretensentscheid das geltende Recht im Sinne von Art. 95 BGG verletzen k\u00f6nnte. Sie gen\u00fcgt den Begr\u00fcndungsanforderungen nach Art. 42 Abs. 2 BGG nicht. Darauf ist im Verfahren nach Art. 108 BGG nicht einzutreten.<\/p>\n<p>4.<\/p>\n<p>Auf eine Kostenauflage kann ausnahmsweise verzichtet werden (Art. 66 Abs. 1 BGG).<\/p>\n<p>Demnach erkennt das pr\u00e4sidierende Mitglied:<\/p>\n<p>1.<\/p>\n<p>Auf die Beschwerde wird nicht eingetreten<\/p>\n<p>2.<\/p>\n<p>Es werden keine Kosten erhoben.<\/p>\n<p>3.<\/p>\n<p>Dieses Urteil wird den Parteien und dem Obergericht des Kantons Schaffhausen schriftlich mitgeteilt.<\/p>\n<p>Lausanne, 28. Juni 2022<\/p>\n<p>Im Namen der Strafrechtlichen Abteilung<\/p>\n<p>des Schweizerischen Bundesgerichts<\/p>\n<p>Das pr\u00e4sidierende Mitglied: Denys<\/p>\n<p>Die Gerichtsschreiberin: Frey Krieger<\/p>\n<\/div>\n<hr class=\"kji-sep\" \/>\n<p class=\"kji-source-links\"><strong>Sources officielles :<\/strong> <a class=\"kji-source-link\" href=\"https:\/\/search.bger.ch\/ext\/eurospider\/live\/fr\/php\/aza\/http\/index.php?lang=fr&#038;type=highlight_simple_query&#038;page=1&#038;from_date=&#038;to_date=&#038;sort=relevance&#038;insertion_date=&#038;top_subcollection_aza=all&#038;query_words=rechtsmittel&#038;rank=6&#038;azaclir=aza&#038;highlight_docid=aza%3A%2F%2F28-06-2022-6B_695-2022&#038;number_of_ranks=26713\" target=\"_blank\" rel=\"noopener noreferrer\">consulter la page source<\/a><\/p>\n<p class=\"kji-license-note\"><em>Source officielle Tribunal federal suisse. Contenu HTML public, PDF non garanti en version gratuite.<\/em><\/p>\n<\/div>\n","protected":false},"excerpt":{"rendered":"<p>Bundesgericht Tribunal f\u00e9d\u00e9ral Tribunale federale Tribunal federal 6B_695\/2022 Urteil vom 28. Juni 2022 Strafrechtliche Abteilung Besetzung Bundesrichter Denys, als pr\u00e4sidierendes Mitglied, Gerichtsschreiberin Frey Krieger. Verfahrensbeteiligte A.________, Beschwerdef\u00fchrer, gegen Staatsanwaltschaft des Kantons Schaffhausen, Bahnhofstrasse 29, 8200 Schaffhausen, Beschwerdegegnerin. Gegenstand Versp\u00e4tete Berufungsanmeldung, Nichteintreten auf Rechtsmittel; Nichteintreten, Beschwerde gegen die Verf\u00fcgung des Obergerichts des Kantons Schaffhausen vom 20&#8230;.<\/p>\n","protected":false},"featured_media":0,"template":"","meta":{"_crdt_document":""},"kji_country":[9676],"kji_court":[9677],"kji_chamber":[10143],"kji_year":[32183],"kji_subject":[7632],"kji_keyword":[9799,9679,9680,7636],"kji_language":[7685],"class_list":["post-663432","kji_decision","type-kji_decision","status-publish","hentry","kji_country-suisse","kji_court-tribunal-federal-suisse","kji_chamber-cour-de-droit-penal","kji_year-32183","kji_subject-penal","kji_keyword-bundesgericht","kji_keyword-federal","kji_keyword-suisse","kji_keyword-tribunal","kji_language-italien"],"yoast_head":"<!-- This site is optimized with the Yoast SEO Premium plugin v27.5 (Yoast SEO v27.5) - https:\/\/yoast.com\/product\/yoast-seo-premium-wordpress\/ -->\n<title>Tribunal f\u00e9d\u00e9ral suisse, 28 juin 2022, n\u00b0 6B 695-2022 - Ma\u00eetre Hassan Kohen, avocat en droit p\u00e9nal \u00e0 Paris<\/title>\n<meta name=\"robots\" content=\"index, follow, max-snippet:-1, max-image-preview:large, max-video-preview:-1\" \/>\n<link rel=\"canonical\" href=\"https:\/\/kohenavocats.com\/ru\/jurisprudences\/tribunal-federal-suisse-28-juin-2022-n-6b-695-2022\/\" \/>\n<meta property=\"og:locale\" content=\"ru_RU\" \/>\n<meta property=\"og:type\" content=\"article\" \/>\n<meta property=\"og:title\" content=\"Tribunal f\u00e9d\u00e9ral suisse, 28 juin 2022, n\u00b0 6B 695-2022\" \/>\n<meta property=\"og:description\" content=\"Bundesgericht Tribunal f\u00e9d\u00e9ral Tribunale federale Tribunal federal 6B_695\/2022 Urteil vom 28. Juni 2022 Strafrechtliche Abteilung Besetzung Bundesrichter Denys, als pr\u00e4sidierendes Mitglied, Gerichtsschreiberin Frey Krieger. Verfahrensbeteiligte A.________, Beschwerdef\u00fchrer, gegen Staatsanwaltschaft des Kantons Schaffhausen, Bahnhofstrasse 29, 8200 Schaffhausen, Beschwerdegegnerin. Gegenstand Versp\u00e4tete Berufungsanmeldung, Nichteintreten auf Rechtsmittel; Nichteintreten, Beschwerde gegen die Verf\u00fcgung des Obergerichts des Kantons Schaffhausen vom 20....\" \/>\n<meta property=\"og:url\" content=\"https:\/\/kohenavocats.com\/ru\/jurisprudences\/tribunal-federal-suisse-28-juin-2022-n-6b-695-2022\/\" \/>\n<meta property=\"og:site_name\" content=\"Ma\u00eetre Hassan Kohen, avocat en droit p\u00e9nal \u00e0 Paris\" \/>\n<meta name=\"twitter:card\" content=\"summary_large_image\" \/>\n<meta name=\"twitter:label1\" content=\"\u041f\u0440\u0438\u043c\u0435\u0440\u043d\u043e\u0435 \u0432\u0440\u0435\u043c\u044f \u0434\u043b\u044f \u0447\u0442\u0435\u043d\u0438\u044f\" \/>\n\t<meta name=\"twitter:data1\" content=\"3 \u043c\u0438\u043d\u0443\u0442\u044b\" \/>\n<script type=\"application\/ld+json\" class=\"yoast-schema-graph\">{\"@context\":\"https:\\\/\\\/schema.org\",\"@graph\":[{\"@type\":\"WebPage\",\"@id\":\"https:\\\/\\\/kohenavocats.com\\\/ru\\\/jurisprudences\\\/tribunal-federal-suisse-28-juin-2022-n-6b-695-2022\\\/\",\"url\":\"https:\\\/\\\/kohenavocats.com\\\/ru\\\/jurisprudences\\\/tribunal-federal-suisse-28-juin-2022-n-6b-695-2022\\\/\",\"name\":\"Tribunal f\u00e9d\u00e9ral suisse, 28 juin 2022, n\u00b0 6B 695-2022 - Ma\u00eetre Hassan Kohen, avocat en droit p\u00e9nal \u00e0 Paris\",\"isPartOf\":{\"@id\":\"https:\\\/\\\/kohenavocats.com\\\/ru\\\/#website\"},\"datePublished\":\"2026-04-23T19:07:40+00:00\",\"breadcrumb\":{\"@id\":\"https:\\\/\\\/kohenavocats.com\\\/ru\\\/jurisprudences\\\/tribunal-federal-suisse-28-juin-2022-n-6b-695-2022\\\/#breadcrumb\"},\"inLanguage\":\"ru-RU\",\"potentialAction\":[{\"@type\":\"ReadAction\",\"target\":[\"https:\\\/\\\/kohenavocats.com\\\/ru\\\/jurisprudences\\\/tribunal-federal-suisse-28-juin-2022-n-6b-695-2022\\\/\"]}]},{\"@type\":\"BreadcrumbList\",\"@id\":\"https:\\\/\\\/kohenavocats.com\\\/ru\\\/jurisprudences\\\/tribunal-federal-suisse-28-juin-2022-n-6b-695-2022\\\/#breadcrumb\",\"itemListElement\":[{\"@type\":\"ListItem\",\"position\":1,\"name\":\"Home\",\"item\":\"https:\\\/\\\/kohenavocats.com\\\/ru\\\/avocats-en-droit-penal-a-paris-conseil-et-defense-strategique\\\/\"},{\"@type\":\"ListItem\",\"position\":2,\"name\":\"Jurisprudences\",\"item\":\"https:\\\/\\\/kohenavocats.com\\\/ru\\\/jurisprudences\\\/\"},{\"@type\":\"ListItem\",\"position\":3,\"name\":\"Tribunal f\u00e9d\u00e9ral suisse, 28 juin 2022, n\u00b0 6B 695-2022\"}]},{\"@type\":\"WebSite\",\"@id\":\"https:\\\/\\\/kohenavocats.com\\\/ru\\\/#website\",\"url\":\"https:\\\/\\\/kohenavocats.com\\\/ru\\\/\",\"name\":\"Kohen Avocats\",\"description\":\"Ma\u00eetre Hassan Kohen, avocat p\u00e9naliste \u00e0 Paris, intervient exclusivement en droit p\u00e9nal pour la d\u00e9fense des particuliers, notamment en mati\u00e8re d\u2019accusations de viol. Il assure un accompagnement rigoureux d\u00e8s la garde \u00e0 vue jusqu\u2019\u00e0 la Cour d\u2019assises, veillant au strict respect des garanties proc\u00e9durales.\",\"publisher\":{\"@id\":\"https:\\\/\\\/kohenavocats.com\\\/ru\\\/#organization\"},\"potentialAction\":[{\"@type\":\"SearchAction\",\"target\":{\"@type\":\"EntryPoint\",\"urlTemplate\":\"https:\\\/\\\/kohenavocats.com\\\/ru\\\/?s={search_term_string}\"},\"query-input\":{\"@type\":\"PropertyValueSpecification\",\"valueRequired\":true,\"valueName\":\"search_term_string\"}}],\"inLanguage\":\"ru-RU\"},{\"@type\":\"Organization\",\"@id\":\"https:\\\/\\\/kohenavocats.com\\\/ru\\\/#organization\",\"name\":\"Kohen Avocats\",\"url\":\"https:\\\/\\\/kohenavocats.com\\\/ru\\\/\",\"logo\":{\"@type\":\"ImageObject\",\"inLanguage\":\"ru-RU\",\"@id\":\"https:\\\/\\\/kohenavocats.com\\\/ru\\\/#\\\/schema\\\/logo\\\/image\\\/\",\"url\":\"https:\\\/\\\/kohenavocats.com\\\/wp-content\\\/uploads\\\/2026\\\/01\\\/Logo-2-1.webp\",\"contentUrl\":\"https:\\\/\\\/kohenavocats.com\\\/wp-content\\\/uploads\\\/2026\\\/01\\\/Logo-2-1.webp\",\"width\":2114,\"height\":1253,\"caption\":\"Kohen Avocats\"},\"image\":{\"@id\":\"https:\\\/\\\/kohenavocats.com\\\/ru\\\/#\\\/schema\\\/logo\\\/image\\\/\"}}]}<\/script>\n<!-- \/ Yoast SEO Premium plugin. -->","yoast_head_json":{"title":"Tribunal f\u00e9d\u00e9ral suisse, 28 juin 2022, n\u00b0 6B 695-2022 - Ma\u00eetre Hassan Kohen, avocat en droit p\u00e9nal \u00e0 Paris","robots":{"index":"index","follow":"follow","max-snippet":"max-snippet:-1","max-image-preview":"max-image-preview:large","max-video-preview":"max-video-preview:-1"},"canonical":"https:\/\/kohenavocats.com\/ru\/jurisprudences\/tribunal-federal-suisse-28-juin-2022-n-6b-695-2022\/","og_locale":"ru_RU","og_type":"article","og_title":"Tribunal f\u00e9d\u00e9ral suisse, 28 juin 2022, n\u00b0 6B 695-2022","og_description":"Bundesgericht Tribunal f\u00e9d\u00e9ral Tribunale federale Tribunal federal 6B_695\/2022 Urteil vom 28. Juni 2022 Strafrechtliche Abteilung Besetzung Bundesrichter Denys, als pr\u00e4sidierendes Mitglied, Gerichtsschreiberin Frey Krieger. Verfahrensbeteiligte A.________, Beschwerdef\u00fchrer, gegen Staatsanwaltschaft des Kantons Schaffhausen, Bahnhofstrasse 29, 8200 Schaffhausen, Beschwerdegegnerin. Gegenstand Versp\u00e4tete Berufungsanmeldung, Nichteintreten auf Rechtsmittel; Nichteintreten, Beschwerde gegen die Verf\u00fcgung des Obergerichts des Kantons Schaffhausen vom 20....","og_url":"https:\/\/kohenavocats.com\/ru\/jurisprudences\/tribunal-federal-suisse-28-juin-2022-n-6b-695-2022\/","og_site_name":"Ma\u00eetre Hassan Kohen, avocat en droit p\u00e9nal \u00e0 Paris","twitter_card":"summary_large_image","twitter_misc":{"\u041f\u0440\u0438\u043c\u0435\u0440\u043d\u043e\u0435 \u0432\u0440\u0435\u043c\u044f \u0434\u043b\u044f \u0447\u0442\u0435\u043d\u0438\u044f":"3 \u043c\u0438\u043d\u0443\u0442\u044b"},"schema":{"@context":"https:\/\/schema.org","@graph":[{"@type":"WebPage","@id":"https:\/\/kohenavocats.com\/ru\/jurisprudences\/tribunal-federal-suisse-28-juin-2022-n-6b-695-2022\/","url":"https:\/\/kohenavocats.com\/ru\/jurisprudences\/tribunal-federal-suisse-28-juin-2022-n-6b-695-2022\/","name":"Tribunal f\u00e9d\u00e9ral suisse, 28 juin 2022, n\u00b0 6B 695-2022 - Ma\u00eetre Hassan Kohen, avocat en droit p\u00e9nal \u00e0 Paris","isPartOf":{"@id":"https:\/\/kohenavocats.com\/ru\/#website"},"datePublished":"2026-04-23T19:07:40+00:00","breadcrumb":{"@id":"https:\/\/kohenavocats.com\/ru\/jurisprudences\/tribunal-federal-suisse-28-juin-2022-n-6b-695-2022\/#breadcrumb"},"inLanguage":"ru-RU","potentialAction":[{"@type":"ReadAction","target":["https:\/\/kohenavocats.com\/ru\/jurisprudences\/tribunal-federal-suisse-28-juin-2022-n-6b-695-2022\/"]}]},{"@type":"BreadcrumbList","@id":"https:\/\/kohenavocats.com\/ru\/jurisprudences\/tribunal-federal-suisse-28-juin-2022-n-6b-695-2022\/#breadcrumb","itemListElement":[{"@type":"ListItem","position":1,"name":"Home","item":"https:\/\/kohenavocats.com\/ru\/avocats-en-droit-penal-a-paris-conseil-et-defense-strategique\/"},{"@type":"ListItem","position":2,"name":"Jurisprudences","item":"https:\/\/kohenavocats.com\/ru\/jurisprudences\/"},{"@type":"ListItem","position":3,"name":"Tribunal f\u00e9d\u00e9ral suisse, 28 juin 2022, n\u00b0 6B 695-2022"}]},{"@type":"WebSite","@id":"https:\/\/kohenavocats.com\/ru\/#website","url":"https:\/\/kohenavocats.com\/ru\/","name":"Kohen Avocats","description":"Ma\u00eetre Hassan Kohen, avocat p\u00e9naliste \u00e0 Paris, intervient exclusivement en droit p\u00e9nal pour la d\u00e9fense des particuliers, notamment en mati\u00e8re d\u2019accusations de viol. Il assure un accompagnement rigoureux d\u00e8s la garde \u00e0 vue jusqu\u2019\u00e0 la Cour d\u2019assises, veillant au strict respect des garanties proc\u00e9durales.","publisher":{"@id":"https:\/\/kohenavocats.com\/ru\/#organization"},"potentialAction":[{"@type":"SearchAction","target":{"@type":"EntryPoint","urlTemplate":"https:\/\/kohenavocats.com\/ru\/?s={search_term_string}"},"query-input":{"@type":"PropertyValueSpecification","valueRequired":true,"valueName":"search_term_string"}}],"inLanguage":"ru-RU"},{"@type":"Organization","@id":"https:\/\/kohenavocats.com\/ru\/#organization","name":"Kohen Avocats","url":"https:\/\/kohenavocats.com\/ru\/","logo":{"@type":"ImageObject","inLanguage":"ru-RU","@id":"https:\/\/kohenavocats.com\/ru\/#\/schema\/logo\/image\/","url":"https:\/\/kohenavocats.com\/wp-content\/uploads\/2026\/01\/Logo-2-1.webp","contentUrl":"https:\/\/kohenavocats.com\/wp-content\/uploads\/2026\/01\/Logo-2-1.webp","width":2114,"height":1253,"caption":"Kohen Avocats"},"image":{"@id":"https:\/\/kohenavocats.com\/ru\/#\/schema\/logo\/image\/"}}]}},"jetpack_likes_enabled":false,"jetpack_sharing_enabled":true,"_links":{"self":[{"href":"https:\/\/kohenavocats.com\/ru\/wp-json\/wp\/v2\/kji_decision\/663432","targetHints":{"allow":["GET"]}}],"collection":[{"href":"https:\/\/kohenavocats.com\/ru\/wp-json\/wp\/v2\/kji_decision"}],"about":[{"href":"https:\/\/kohenavocats.com\/ru\/wp-json\/wp\/v2\/types\/kji_decision"}],"wp:attachment":[{"href":"https:\/\/kohenavocats.com\/ru\/wp-json\/wp\/v2\/media?parent=663432"}],"wp:term":[{"taxonomy":"kji_country","embeddable":true,"href":"https:\/\/kohenavocats.com\/ru\/wp-json\/wp\/v2\/kji_country?post=663432"},{"taxonomy":"kji_court","embeddable":true,"href":"https:\/\/kohenavocats.com\/ru\/wp-json\/wp\/v2\/kji_court?post=663432"},{"taxonomy":"kji_chamber","embeddable":true,"href":"https:\/\/kohenavocats.com\/ru\/wp-json\/wp\/v2\/kji_chamber?post=663432"},{"taxonomy":"kji_year","embeddable":true,"href":"https:\/\/kohenavocats.com\/ru\/wp-json\/wp\/v2\/kji_year?post=663432"},{"taxonomy":"kji_subject","embeddable":true,"href":"https:\/\/kohenavocats.com\/ru\/wp-json\/wp\/v2\/kji_subject?post=663432"},{"taxonomy":"kji_keyword","embeddable":true,"href":"https:\/\/kohenavocats.com\/ru\/wp-json\/wp\/v2\/kji_keyword?post=663432"},{"taxonomy":"kji_language","embeddable":true,"href":"https:\/\/kohenavocats.com\/ru\/wp-json\/wp\/v2\/kji_language?post=663432"}],"curies":[{"name":"wp","href":"https:\/\/api.w.org\/{rel}","templated":true}]}}