{"id":664988,"date":"2026-04-23T23:17:33","date_gmt":"2026-04-23T21:17:33","guid":{"rendered":"https:\/\/kohenavocats.com\/jurisprudences\/cour-de-cassation-5-mai-2022-n-2022-00024\/"},"modified":"2026-04-23T23:17:36","modified_gmt":"2026-04-23T21:17:36","slug":"cour-de-cassation-5-mai-2022-n-2022-00024","status":"publish","type":"kji_decision","link":"https:\/\/kohenavocats.com\/ru\/jurisprudences\/cour-de-cassation-5-mai-2022-n-2022-00024\/","title":{"rendered":"Cour de cassation, 5 mai 2022, n\u00b0 2022-00024"},"content":{"rendered":"<div class=\"kji-decision\">\n<div class=\"kji-full-text\">\n<p>1<\/p>\n<p>N\u00b0 63 \/ 2022 p\u00e9nal du 05.05.2022 Not. 13226\/ 20\/CD Num\u00e9ro CAS -2022-00024 du registre.<\/p>\n<p>La Cour de cassation du Grand- Duch\u00e9 de Luxembourg, a rendu en son audience publique du jeudi, cinq mai deux mille vingt-deux,<\/p>\n<p>l&#039;arr\u00eat qui suit :<\/p>\n<p>Entre :<\/p>\n<p>le MINISTERE PUBLIC, exer\u00e7ant l\u2019action publique pour la r\u00e9pression des crimes et d\u00e9lits,<\/p>\n<p>et<\/p>\n<p>A),<\/p>\n<p>pr\u00e9venu,<\/p>\n<p>sur la requ\u00eate en r\u00e8glement de juges d\u00e9pos\u00e9e au greffe de la Cour le 10 mars 2022 par le procureur g\u00e9n\u00e9ral d\u2019Etat.<\/p>\n<p>___________________________________________________________________<\/p>\n<p>Vu la requ\u00eate en r\u00e8glement de juges pr\u00e9sent\u00e9e le 10 mars 2022 par le procureur g\u00e9n\u00e9ral d\u2019Etat ;<\/p>\n<p>Vu l\u2019information adress\u00e9e par lettre recommand\u00e9e \u00e0 la poste \u00e0 Ma\u00eetre Eric SAYS, avocat, conseil du pr\u00e9venu A) ;<\/p>\n<p>Sur les conclusions du pr emier avocat g\u00e9n\u00e9ral Marie- Jeanne KAPPWEILER.<\/p>\n<p>Vu les articles 525 \u00e0 532 du Code de proc\u00e9dure p\u00e9nale, 38 de la loi modifi\u00e9e du 7 mars 1980 sur l\u2019organisation judiciaire, 37 et 49 de la loi modifi\u00e9e du 18 f\u00e9vrier 1885 sur les pourvois et la proc\u00e9dure en cassation.<\/p>\n<p>Par ordonnance num\u00e9ro 856\/21 (XIX e ) du 27 octobre 2021, la chambre du conseil du tribunal d\u2019arrondissement de Luxembourg a renvoy\u00e9 A) devant une chambre correctionnelle de ce m\u00eame tribunal, pour avoir<\/p>\n<p>I. \u00ab en tant qu\u2019auteur, sinon coauteur ou complice,<\/p>\n<p>principalement<\/p>\n<p>1) a) principalement :<\/p>\n<p>le 6 juin 2020, entre 16.42 heures et 16.57 heures, \u00e0 L-1817 Luxembourg, rue d\u2019Ivoix,<\/p>\n<p>d\u2019avoir frauduleusement soustrait au pr\u00e9judice de P) , n\u00e9 le____, la voiture de marque FIAT, mod\u00e8le Punto, de couleur blanche, immatricul\u00e9e GJ8491, ainsi que les cl\u00e9s de contact de ce v\u00e9hicule, et au pr\u00e9judice de D) , n\u00e9 le _____, un t\u00e9l\u00e9phone portable de marque iPHONE 8+, de couleur noire, une d\u00e9claration d\u2019imp\u00f4ts et une chaise de camping, partant des choses appartenant \u00e0 autrui ;<\/p>\n<p>b) subsidiairement :<\/p>\n<p>le 6 juin 2020, apr\u00e8s 16.42 heures, \u00e0 Luxembourg, sur le parking de la soci\u00e9t\u00e9 IVT SARL, sis \u00e0 L-2611 Luxembourg, 23, route de Thionville,<\/p>\n<p>d\u2019avoir frauduleusement recel\u00e9 au pr\u00e9judice de P) , n\u00e9 le ____, la voiture de marque FIAT, mod\u00e8le Punto, de couleur blanche, immatricul\u00e9e GJ8491, ainsi que les cl\u00e9s de contact de ce v\u00e9hicule, et au pr\u00e9judice de D) , n\u00e9 le ____, un t\u00e9l\u00e9phone portable de marque iPHONE 8+, de couleur noire, une d\u00e9claration d\u2019imp\u00f4ts et une chaise de camping, pr\u00e9alablement vol\u00e9s au pr\u00e9judice de ces derniers par des personnes non autrement identifi\u00e9es ;<\/p>\n<p>2) le 6 juin 2020, apr\u00e8s 16.42 heures, \u00e0 Luxembourg,<\/p>\n<p>\u00e9tant auteur de l\u2019infraction primaire libell\u00e9e sous I.1) a), d\u2019avoir d\u00e9tenu la voiture de marque FIAT, mod\u00e8le Punto, de couleur blanche, immatricul\u00e9e GJ8491, ainsi que les cl\u00e9s de contact de ce v\u00e9hicule, un t\u00e9l\u00e9phone portable de marque iPHONE 8+, de couleur noire, formant l\u2019objet ou le produit de l\u2019infraction libell\u00e9e sous I.1) a), sachant aux instants o\u00f9 il les recevait, qu\u2019ils provenaient de cette infraction ;<\/p>\n<p>subsidiairement<\/p>\n<p>le samedi 6 juin 2020, entre 16.42 heures et 16.57 heures, \u00e0 L-1817 Luxembourg, rue d\u2019Ivoix,<\/p>\n<p>d\u2019avoir soustrait frauduleusement au pr\u00e9judice de D), n\u00e9 le ____, son v\u00e9hicule de marque FIAT Punto immatricul\u00e9 GJ8491 (L), partant un objet ne lui appartenant pas. \u00bb.<\/p>\n<p>Par jugement num\u00e9ro 322\/2022 du 27 janvier 2022, le tribunal d\u2019arrondissement de Luxembourg, si\u00e9geant en mati\u00e8re correctionnelle, s\u2019est d\u00e9clar\u00e9 incomp\u00e9tent ratione materiae pour conna\u00eetre des faits libell\u00e9s sub I. 1), ceux-ci \u00e9tant<\/p>\n<p>3 susceptibles d\u2019\u00eatre qualifi\u00e9s non pas de vol simple , mais de vol \u00e0 l\u2019aide de fausses clefs.<\/p>\n<p>L\u2019ordonnance de la chambre du conseil et le jugement du tribunal d\u2019arrondissement pr\u00e9cit\u00e9s sont coul\u00e9s en force de chose jug\u00e9e.<\/p>\n<p>Ces d\u00e9cisions sont contradictoires entre elles.<\/p>\n<p>Il en r\u00e9sulte un conflit n\u00e9gatif de juridictions qui entrave le cours de la justice, obstacle qui ne peut \u00eatre lev\u00e9 que par un r\u00e8glement de juges.<\/p>\n<p>Il y a lieu de renvoyer la cause et le pr\u00e9venu devant la chambre du conseil du tribunal d\u2019arrondissement de Luxembourg, autrement compos\u00e9e, pour se prononcer sur la qualification des faits et le renvoi devant la juridiction du fond comp\u00e9tente .<\/p>\n<p>PAR CES MOTIFS,<\/p>\n<p>la Cour de cassation :<\/p>\n<p>r\u00e9glant de juges, sans s\u2019arr\u00eater \u00e0 l\u2019ordonnance num\u00e9ro 856\/21 (XIX e ) rendue le 27 octobre 2021 par la chambre du conseil du tribunal d\u2019arrondissement de Luxembourg, ni au jugement num\u00e9ro 322\/2022 rendu le 27 janvier 2022 par le tribunal d\u2019arrondissement de Luxembourg, si\u00e9geant en mati\u00e8re correctionnelle, lesquels ordonnance et jugement seront r\u00e9put\u00e9s nuls et non avenus ;<\/p>\n<p>renvoie la cause et le pr\u00e9venu devant la chambre du conseil du tribunal d\u2019arrondissement de Luxembourg, autrement compos\u00e9e, pour, sur l\u2019instruction faite ou \u00e0 compl\u00e9ter, s\u2019il y a lieu, \u00eatre statu\u00e9 conform\u00e9ment \u00e0 la loi tant sur les pr\u00e9ventions que sur la comp\u00e9tence ;<\/p>\n<p>r\u00e9serve les frais de la pr\u00e9sente instance pour y \u00eatre statu\u00e9 en m\u00eame temps que sur le fond ;<\/p>\n<p>ordonne qu\u2019\u00e0 la diligence du procureur g\u00e9n\u00e9ral d\u2019Etat, le pr\u00e9sent arr\u00eat soit transcrit sur les registres du tribunal d\u2019arrondissement de Luxembourg et qu\u2019une mention renvoyant \u00e0 la transcription de cet arr\u00eat soit consign\u00e9e en marge des minutes de l\u2019ordonnance du 27 octobre 2021 et du jugement du 27 janvier 2022, pr\u00e9c it\u00e9s.<\/p>\n<p>Ainsi jug\u00e9 par la Cour de cassation du Grand- Duch\u00e9 de Luxembourg en son audience publique du jeudi, cinq mai deux mille vingt-deux, \u00e0 la Cit\u00e9 Judiciaire, B\u00e2timent CR, Plateau du St. Esprit, compos\u00e9e de :<\/p>\n<p>4 Roger LINDEN, pr\u00e9sident de la Cour, Th\u00e9a HARLES-WALCH, conseiller \u00e0 la Cour de cassation, Christiane JUNCK, conseiller \u00e0 la Cour de cassation, Agn\u00e8s ZAGO, conseiller \u00e0 la Cour de cassation, Jean ENGELS, premier conseiller \u00e0 la Cour d\u2019appel,<\/p>\n<p>qui, \u00e0 l\u2019exception du pr\u00e9sident Roger LINDEN, qui se trouvait dans l\u2019impossibilit\u00e9 de signer, ont sign\u00e9 le pr\u00e9sent arr\u00eat avec le greffier \u00e0 la Cour Daniel SCHROEDER.<\/p>\n<p>La lecture du pr\u00e9sent arr\u00eat a \u00e9t\u00e9 faite en la susdite audience publique par le conseiller Th\u00e9a HARLES-WALCH en pr\u00e9sence du premier avocat g\u00e9n\u00e9ral Marc HARPES et du greffier Daniel SCHROEDER.<\/p>\n<\/div>\n<hr class=\"kji-sep\" \/>\n<p class=\"kji-source-links\"><strong>Sources officielles :<\/strong> <a class=\"kji-source-link\" href=\"https:\/\/data.public.lu\/fr\/datasets\/cour-de-cassation\/\" target=\"_blank\" rel=\"noopener noreferrer\">consulter la page source<\/a> &middot; <a class=\"kji-pdf-link\" href=\"https:\/\/download.data.public.lu\/resources\/cour-de-cassation\/20240806-154506\/20220505-cas-2022-00024-63a-accessible.pdf\" target=\"_blank\" rel=\"noopener noreferrer\">PDF officiel<\/a><\/p>\n<p class=\"kji-license-note\"><em>Licence CC BY-ND 4.0 (Administration judiciaire, data.public.lu). Republication autorisee avec attribution, sans modification editoriale du texte integral.<\/em><\/p>\n<\/div>\n","protected":false},"excerpt":{"rendered":"<p>1 N\u00b0 63 \/ 2022 p\u00e9nal du 05.05.2022 Not. 13226\/ 20\/CD Num\u00e9ro CAS -2022-00024 du registre. La Cour de cassation du Grand- Duch\u00e9 de Luxembourg, a rendu en son audience publique du jeudi, cinq mai deux mille vingt-deux, l&#8217;arr\u00eat qui suit : Entre : le\u2026<\/p>\n","protected":false},"featured_media":0,"template":"","meta":{"_crdt_document":""},"kji_country":[8418],"kji_court":[8423],"kji_chamber":[],"kji_year":[32183],"kji_subject":[7724],"kji_keyword":[8424],"kji_language":[7733],"class_list":["post-664988","kji_decision","type-kji_decision","status-publish","hentry","kji_country-luxembourg","kji_court-cour-de-cassation","kji_year-32183","kji_subject-civil","kji_keyword-cassation","kji_language-francais"],"yoast_head":"<!-- This site is optimized with the Yoast SEO Premium plugin v27.5 (Yoast SEO v27.5) - https:\/\/yoast.com\/product\/yoast-seo-premium-wordpress\/ -->\n<title>Cour de cassation, 5 mai 2022, n\u00b0 2022-00024 - Ma\u00eetre Hassan Kohen, avocat en droit p\u00e9nal \u00e0 Paris<\/title>\n<meta name=\"robots\" content=\"index, follow, max-snippet:-1, max-image-preview:large, max-video-preview:-1\" \/>\n<link rel=\"canonical\" href=\"https:\/\/kohenavocats.com\/ru\/jurisprudences\/cour-de-cassation-5-mai-2022-n-2022-00024\/\" \/>\n<meta property=\"og:locale\" content=\"ru_RU\" \/>\n<meta property=\"og:type\" content=\"article\" \/>\n<meta property=\"og:title\" content=\"Cour de cassation, 5 mai 2022, n\u00b0 2022-00024\" \/>\n<meta property=\"og:description\" content=\"1 N\u00b0 63 \/ 2022 p\u00e9nal du 05.05.2022 Not. 13226\/ 20\/CD Num\u00e9ro CAS -2022-00024 du registre. La Cour de cassation du Grand- Duch\u00e9 de Luxembourg, a rendu en son audience publique du jeudi, cinq mai deux mille vingt-deux, l&#039;arr\u00eat qui suit : Entre : le\u2026\" \/>\n<meta property=\"og:url\" content=\"https:\/\/kohenavocats.com\/ru\/jurisprudences\/cour-de-cassation-5-mai-2022-n-2022-00024\/\" \/>\n<meta property=\"og:site_name\" content=\"Ma\u00eetre Hassan Kohen, avocat en droit p\u00e9nal \u00e0 Paris\" \/>\n<meta property=\"article:modified_time\" content=\"2026-04-23T21:17:36+00:00\" \/>\n<meta name=\"twitter:card\" content=\"summary_large_image\" \/>\n<meta name=\"twitter:label1\" content=\"\u041f\u0440\u0438\u043c\u0435\u0440\u043d\u043e\u0435 \u0432\u0440\u0435\u043c\u044f \u0434\u043b\u044f \u0447\u0442\u0435\u043d\u0438\u044f\" \/>\n\t<meta name=\"twitter:data1\" content=\"5 \u043c\u0438\u043d\u0443\u0442\" \/>\n<script type=\"application\/ld+json\" class=\"yoast-schema-graph\">{\"@context\":\"https:\\\/\\\/schema.org\",\"@graph\":[{\"@type\":\"WebPage\",\"@id\":\"https:\\\/\\\/kohenavocats.com\\\/ru\\\/jurisprudences\\\/cour-de-cassation-5-mai-2022-n-2022-00024\\\/\",\"url\":\"https:\\\/\\\/kohenavocats.com\\\/ru\\\/jurisprudences\\\/cour-de-cassation-5-mai-2022-n-2022-00024\\\/\",\"name\":\"Cour de cassation, 5 mai 2022, n\u00b0 2022-00024 - Ma\u00eetre Hassan Kohen, avocat en droit p\u00e9nal \u00e0 Paris\",\"isPartOf\":{\"@id\":\"https:\\\/\\\/kohenavocats.com\\\/ru\\\/#website\"},\"datePublished\":\"2026-04-23T21:17:33+00:00\",\"dateModified\":\"2026-04-23T21:17:36+00:00\",\"breadcrumb\":{\"@id\":\"https:\\\/\\\/kohenavocats.com\\\/ru\\\/jurisprudences\\\/cour-de-cassation-5-mai-2022-n-2022-00024\\\/#breadcrumb\"},\"inLanguage\":\"ru-RU\",\"potentialAction\":[{\"@type\":\"ReadAction\",\"target\":[\"https:\\\/\\\/kohenavocats.com\\\/ru\\\/jurisprudences\\\/cour-de-cassation-5-mai-2022-n-2022-00024\\\/\"]}]},{\"@type\":\"BreadcrumbList\",\"@id\":\"https:\\\/\\\/kohenavocats.com\\\/ru\\\/jurisprudences\\\/cour-de-cassation-5-mai-2022-n-2022-00024\\\/#breadcrumb\",\"itemListElement\":[{\"@type\":\"ListItem\",\"position\":1,\"name\":\"Home\",\"item\":\"https:\\\/\\\/kohenavocats.com\\\/ru\\\/avocats-en-droit-penal-a-paris-conseil-et-defense-strategique\\\/\"},{\"@type\":\"ListItem\",\"position\":2,\"name\":\"Jurisprudences\",\"item\":\"https:\\\/\\\/kohenavocats.com\\\/ru\\\/jurisprudences\\\/\"},{\"@type\":\"ListItem\",\"position\":3,\"name\":\"Cour de cassation, 5 mai 2022, n\u00b0 2022-00024\"}]},{\"@type\":\"WebSite\",\"@id\":\"https:\\\/\\\/kohenavocats.com\\\/ru\\\/#website\",\"url\":\"https:\\\/\\\/kohenavocats.com\\\/ru\\\/\",\"name\":\"Kohen Avocats\",\"description\":\"Ma\u00eetre Hassan Kohen, avocat p\u00e9naliste \u00e0 Paris, intervient exclusivement en droit p\u00e9nal pour la d\u00e9fense des particuliers, notamment en mati\u00e8re d\u2019accusations de viol. Il assure un accompagnement rigoureux d\u00e8s la garde \u00e0 vue jusqu\u2019\u00e0 la Cour d\u2019assises, veillant au strict respect des garanties proc\u00e9durales.\",\"publisher\":{\"@id\":\"https:\\\/\\\/kohenavocats.com\\\/ru\\\/#organization\"},\"potentialAction\":[{\"@type\":\"SearchAction\",\"target\":{\"@type\":\"EntryPoint\",\"urlTemplate\":\"https:\\\/\\\/kohenavocats.com\\\/ru\\\/?s={search_term_string}\"},\"query-input\":{\"@type\":\"PropertyValueSpecification\",\"valueRequired\":true,\"valueName\":\"search_term_string\"}}],\"inLanguage\":\"ru-RU\"},{\"@type\":\"Organization\",\"@id\":\"https:\\\/\\\/kohenavocats.com\\\/ru\\\/#organization\",\"name\":\"Kohen Avocats\",\"url\":\"https:\\\/\\\/kohenavocats.com\\\/ru\\\/\",\"logo\":{\"@type\":\"ImageObject\",\"inLanguage\":\"ru-RU\",\"@id\":\"https:\\\/\\\/kohenavocats.com\\\/ru\\\/#\\\/schema\\\/logo\\\/image\\\/\",\"url\":\"https:\\\/\\\/kohenavocats.com\\\/wp-content\\\/uploads\\\/2026\\\/01\\\/Logo-2-1.webp\",\"contentUrl\":\"https:\\\/\\\/kohenavocats.com\\\/wp-content\\\/uploads\\\/2026\\\/01\\\/Logo-2-1.webp\",\"width\":2114,\"height\":1253,\"caption\":\"Kohen Avocats\"},\"image\":{\"@id\":\"https:\\\/\\\/kohenavocats.com\\\/ru\\\/#\\\/schema\\\/logo\\\/image\\\/\"}}]}<\/script>\n<!-- \/ Yoast SEO Premium plugin. -->","yoast_head_json":{"title":"Cour de cassation, 5 mai 2022, n\u00b0 2022-00024 - Ma\u00eetre Hassan Kohen, avocat en droit p\u00e9nal \u00e0 Paris","robots":{"index":"index","follow":"follow","max-snippet":"max-snippet:-1","max-image-preview":"max-image-preview:large","max-video-preview":"max-video-preview:-1"},"canonical":"https:\/\/kohenavocats.com\/ru\/jurisprudences\/cour-de-cassation-5-mai-2022-n-2022-00024\/","og_locale":"ru_RU","og_type":"article","og_title":"Cour de cassation, 5 mai 2022, n\u00b0 2022-00024","og_description":"1 N\u00b0 63 \/ 2022 p\u00e9nal du 05.05.2022 Not. 13226\/ 20\/CD Num\u00e9ro CAS -2022-00024 du registre. La Cour de cassation du Grand- Duch\u00e9 de Luxembourg, a rendu en son audience publique du jeudi, cinq mai deux mille vingt-deux, l'arr\u00eat qui suit : Entre : le\u2026","og_url":"https:\/\/kohenavocats.com\/ru\/jurisprudences\/cour-de-cassation-5-mai-2022-n-2022-00024\/","og_site_name":"Ma\u00eetre Hassan Kohen, avocat en droit p\u00e9nal \u00e0 Paris","article_modified_time":"2026-04-23T21:17:36+00:00","twitter_card":"summary_large_image","twitter_misc":{"\u041f\u0440\u0438\u043c\u0435\u0440\u043d\u043e\u0435 \u0432\u0440\u0435\u043c\u044f \u0434\u043b\u044f \u0447\u0442\u0435\u043d\u0438\u044f":"5 \u043c\u0438\u043d\u0443\u0442"},"schema":{"@context":"https:\/\/schema.org","@graph":[{"@type":"WebPage","@id":"https:\/\/kohenavocats.com\/ru\/jurisprudences\/cour-de-cassation-5-mai-2022-n-2022-00024\/","url":"https:\/\/kohenavocats.com\/ru\/jurisprudences\/cour-de-cassation-5-mai-2022-n-2022-00024\/","name":"Cour de cassation, 5 mai 2022, n\u00b0 2022-00024 - Ma\u00eetre Hassan Kohen, avocat en droit p\u00e9nal \u00e0 Paris","isPartOf":{"@id":"https:\/\/kohenavocats.com\/ru\/#website"},"datePublished":"2026-04-23T21:17:33+00:00","dateModified":"2026-04-23T21:17:36+00:00","breadcrumb":{"@id":"https:\/\/kohenavocats.com\/ru\/jurisprudences\/cour-de-cassation-5-mai-2022-n-2022-00024\/#breadcrumb"},"inLanguage":"ru-RU","potentialAction":[{"@type":"ReadAction","target":["https:\/\/kohenavocats.com\/ru\/jurisprudences\/cour-de-cassation-5-mai-2022-n-2022-00024\/"]}]},{"@type":"BreadcrumbList","@id":"https:\/\/kohenavocats.com\/ru\/jurisprudences\/cour-de-cassation-5-mai-2022-n-2022-00024\/#breadcrumb","itemListElement":[{"@type":"ListItem","position":1,"name":"Home","item":"https:\/\/kohenavocats.com\/ru\/avocats-en-droit-penal-a-paris-conseil-et-defense-strategique\/"},{"@type":"ListItem","position":2,"name":"Jurisprudences","item":"https:\/\/kohenavocats.com\/ru\/jurisprudences\/"},{"@type":"ListItem","position":3,"name":"Cour de cassation, 5 mai 2022, n\u00b0 2022-00024"}]},{"@type":"WebSite","@id":"https:\/\/kohenavocats.com\/ru\/#website","url":"https:\/\/kohenavocats.com\/ru\/","name":"Kohen Avocats","description":"Ma\u00eetre Hassan Kohen, avocat p\u00e9naliste \u00e0 Paris, intervient exclusivement en droit p\u00e9nal pour la d\u00e9fense des particuliers, notamment en mati\u00e8re d\u2019accusations de viol. Il assure un accompagnement rigoureux d\u00e8s la garde \u00e0 vue jusqu\u2019\u00e0 la Cour d\u2019assises, veillant au strict respect des garanties proc\u00e9durales.","publisher":{"@id":"https:\/\/kohenavocats.com\/ru\/#organization"},"potentialAction":[{"@type":"SearchAction","target":{"@type":"EntryPoint","urlTemplate":"https:\/\/kohenavocats.com\/ru\/?s={search_term_string}"},"query-input":{"@type":"PropertyValueSpecification","valueRequired":true,"valueName":"search_term_string"}}],"inLanguage":"ru-RU"},{"@type":"Organization","@id":"https:\/\/kohenavocats.com\/ru\/#organization","name":"Kohen Avocats","url":"https:\/\/kohenavocats.com\/ru\/","logo":{"@type":"ImageObject","inLanguage":"ru-RU","@id":"https:\/\/kohenavocats.com\/ru\/#\/schema\/logo\/image\/","url":"https:\/\/kohenavocats.com\/wp-content\/uploads\/2026\/01\/Logo-2-1.webp","contentUrl":"https:\/\/kohenavocats.com\/wp-content\/uploads\/2026\/01\/Logo-2-1.webp","width":2114,"height":1253,"caption":"Kohen Avocats"},"image":{"@id":"https:\/\/kohenavocats.com\/ru\/#\/schema\/logo\/image\/"}}]}},"jetpack_likes_enabled":false,"jetpack_sharing_enabled":true,"_links":{"self":[{"href":"https:\/\/kohenavocats.com\/ru\/wp-json\/wp\/v2\/kji_decision\/664988","targetHints":{"allow":["GET"]}}],"collection":[{"href":"https:\/\/kohenavocats.com\/ru\/wp-json\/wp\/v2\/kji_decision"}],"about":[{"href":"https:\/\/kohenavocats.com\/ru\/wp-json\/wp\/v2\/types\/kji_decision"}],"wp:attachment":[{"href":"https:\/\/kohenavocats.com\/ru\/wp-json\/wp\/v2\/media?parent=664988"}],"wp:term":[{"taxonomy":"kji_country","embeddable":true,"href":"https:\/\/kohenavocats.com\/ru\/wp-json\/wp\/v2\/kji_country?post=664988"},{"taxonomy":"kji_court","embeddable":true,"href":"https:\/\/kohenavocats.com\/ru\/wp-json\/wp\/v2\/kji_court?post=664988"},{"taxonomy":"kji_chamber","embeddable":true,"href":"https:\/\/kohenavocats.com\/ru\/wp-json\/wp\/v2\/kji_chamber?post=664988"},{"taxonomy":"kji_year","embeddable":true,"href":"https:\/\/kohenavocats.com\/ru\/wp-json\/wp\/v2\/kji_year?post=664988"},{"taxonomy":"kji_subject","embeddable":true,"href":"https:\/\/kohenavocats.com\/ru\/wp-json\/wp\/v2\/kji_subject?post=664988"},{"taxonomy":"kji_keyword","embeddable":true,"href":"https:\/\/kohenavocats.com\/ru\/wp-json\/wp\/v2\/kji_keyword?post=664988"},{"taxonomy":"kji_language","embeddable":true,"href":"https:\/\/kohenavocats.com\/ru\/wp-json\/wp\/v2\/kji_language?post=664988"}],"curies":[{"name":"wp","href":"https:\/\/api.w.org\/{rel}","templated":true}]}}