{"id":664996,"date":"2026-04-23T23:17:52","date_gmt":"2026-04-23T21:17:52","guid":{"rendered":"https:\/\/kohenavocats.com\/jurisprudences\/cour-superieure-de-justice-4-mai-2022-n-2020-01028\/"},"modified":"2026-04-23T23:17:57","modified_gmt":"2026-04-23T21:17:57","slug":"cour-superieure-de-justice-4-mai-2022-n-2020-01028","status":"publish","type":"kji_decision","link":"https:\/\/kohenavocats.com\/ru\/jurisprudences\/cour-superieure-de-justice-4-mai-2022-n-2020-01028\/","title":{"rendered":"Cour sup\u00e9rieure de justice, 4 mai 2022, n\u00b0 2020-01028"},"content":{"rendered":"<div class=\"kji-decision\">\n<div class=\"kji-full-text\">\n<p>Arr\u00eat N\u00b086\/22 &#8212; I &#8212; CIV<\/p>\n<p>Arr\u00eat civil<\/p>\n<p>Audience publique du quatre mai deux mille vingt-deux<\/p>\n<p>Num\u00e9ro CAL-2020-01028 du r\u00f4le Composition :<\/p>\n<p>Jeanne GUILLAUME, pr\u00e9sident de chambre, Yannick DIDLINGER, conseiller , Thierry SCHILTZ, conseiller, E4le SCHAEFER, greffier assum\u00e9.<\/p>\n<p>E n t r e :<\/p>\n<p>A., n\u00e9e le \u2026 \u00e0 \u2026, demeurant \u00e0 \u2026, \u2026,<\/p>\n<p>appelante aux termes d\u2019un exploit de l\u2019huissier de justice Mich\u00e8le BAUSTERT de Luxembourg du 10 novembre 2020,<\/p>\n<p>comparant par Ma\u00eetre Anne HERTZOG, avocat \u00e0 la Cour, demeurant \u00e0 Luxembourg,<\/p>\n<p>e t :<\/p>\n<p>B., n\u00e9 le \u2026 \u00e0 \u2026, demeurant \u00e0 \u2026, \u2026,<\/p>\n<p>intim\u00e9 aux fins du susdit exploit BAUSTERT,<\/p>\n<p>comparant par Ma\u00eetre Perrine LAURICELLA, avocat \u00e0 la Cour, demeurant \u00e0 Luxembourg.<\/p>\n<p>&#8212;&#8212;&#8212;&#8212;&#8212;&#8212;&#8212;&#8212;&#8212;&#8212;<\/p>\n<p>L A C O U R D &#039; A P P E L:<\/p>\n<p>Saisi d\u2019une demande principale en divorce introduite le 3 novembre 2017 par A. contre B. et d\u2019une demande reconventionnelle en divorce, le tribunal d\u2019arrondissement de Luxembourg, statuant en continuation d\u2019un jugement du 7 f\u00e9vrier 2019 ayant, notamment, prononc\u00e9 le divorce entre A. et B. aux torts exclusifs de B. et confi\u00e9 la garde des enfants communs mineurs E1, n\u00e9 le \u2026, E2, n\u00e9e le \u2026, et E3, n\u00e9e le \u2026, \u00e0 A., d\u2019un jugement du 6 juin 2019 ayant, notamment, avant tout autre progr\u00e8s, accord\u00e9 \u00e0 B., \u00e0 l\u2019\u00e9gard des enfants E2 et E3 un droit de visite provisoire \u00e0 exercer pendant le premier mois, un samedi sur deux de 14.00 heures \u00e0 18.00 heures, au domicile de sa s\u0153ur C. , domicili\u00e9e \u00e0 \u2026, \u2026, et apr\u00e8s un mois chaque semaine, soit un samedi, soit un dimanche, de 14.00 heures \u00e0 18.00 heures \u00e9galement au domicile de sa s\u0153ur C. , domicili\u00e9e \u00e0 \u2026, \u2026, et d \u2019un jugement du 11 juillet 2019 ayant, notamment, avant tout autre progr\u00e8s, accord\u00e9 \u00e0 B., \u00e0 l\u2019\u00e9gard des enfants E2 et E3 un droit de visite provisoire \u00e0 exercer un dimanche sur deux de 12.00 heures \u00e0 20.00 heures, a, par jugement du 8 octobre 2020, constat\u00e9 que l\u2019enfant E1 est devenu majeur en cours d\u2019instance, de sorte que les demandes relatives \u00e0 sa personne sont devenues sans objet, dit non fond\u00e9e la demande de A. \u00e0 se voir confier exclusivement l\u2019exercice de l\u2019autorit\u00e9 parentale, dit que l\u2019autorit\u00e9 parentale sur les enfants E2 et E3 est exerc\u00e9e conjointement par A. et B., fix\u00e9 le domicile l\u00e9gal et la r\u00e9sidence habituelle des enfants E2 et E3 au domicile de A. , dit que, sauf autre accord entre parents, B. exerce un droit de visite provisoire \u00e0 l\u2019\u00e9gard des enfants E2 et E3 par l\u2019interm\u00e9diaire du Service Treff-Punkt \u00e0 L- 5374 Munsbach, 31, rue du Parc, suivant les modalit\u00e9s \u00e0 fixer par les responsables dudit service, invit\u00e9 le Service Treff-Punkt \u00e0 d\u00e9poser un rapport relatif au d\u00e9roulement des rencontres entre le p\u00e8re et les enfants pour le 31 mars 2021 au plus tard, enjoint \u00e0 B. de se soumettre \u00e0 un suivi th\u00e9rapeutique avec les enfants E2 et E3 et commis pour y proc\u00e9der l\u2019association sans but lucratif AFP-Solidarit\u00e9- Famille, \u00e9tabli \u00e0 L-1331 Luxembourg, 39, boulevard Grande-Duchesse Charlotte, avec la mission de travailler le lien entre le p\u00e8re et les enfants, dit que l\u2019association sans but lucratif AFP-Solidarit\u00e9- Famille consignera ses observations quant au d\u00e9roulement du travail th\u00e9rapeutique entam\u00e9 par la famille dans un rapport \u00e0 d\u00e9poser au greffe du tribunal pour le 31 mars 2021 au plus tard, r\u00e9serv\u00e9 la demande de B. \u00e0 se voir accorder un droit de visite chaque deuxi\u00e8me dimanche, condamn\u00e9 B. \u00e0 payer \u00e0 A. le montant de 300 euros, soit 100 euros par enfant et par mois, \u00e0 titre de contribution \u00e0 l\u2019\u00e9ducation et \u00e0 l\u2019entretien des enfants E1 , E2 et E3, y non compris les allocations familiales, cette pension \u00e9tant payable et portable le premier jour du mois et pour la premi\u00e8re fois le premier jour du mois qui suivra le jour o\u00f9 le divorce aura acquis force de chose jug\u00e9e et \u00e0 adapter de plein droit et sans mise en demeure pr\u00e9alable aux variations du nombre-indice du co\u00fbt de la vie, dans la mesure o\u00f9 les revenus du d\u00e9biteur d\u2019aliments y sont adapt\u00e9s, r\u00e9serv\u00e9 les demandes respectives des parties en obtention d\u2019une indemnit\u00e9 de proc\u00e9dure, les frais et les d\u00e9pens de l\u2019instance et tenu l\u2019affaire en suspens.<\/p>\n<p>De ce jugement, dont il n\u2019est pas \u00e9tabli qu\u2019il lui a \u00e9t\u00e9 signifi\u00e9, A. a relev\u00e9 appel par exploit d\u2019huissier de justice du 10 novembre 2020.<\/p>\n<p>Elle limite son appel au montant de la contribution mensuelle de B. \u00e0 l\u2019entretien et \u00e0 l\u2019\u00e9ducation des trois enfants communs, ainsi qu\u2019\u00e0 sa contribution \u00e0 leurs frais extraordinaires.<\/p>\n<p>A titre principal, elle demande l\u2019annulation du jugement entrepris en ce que les juges n\u2019ont pas r\u00e9pondu \u00e0 sa demande relative \u00e0 la prise en charge des frais extraordinaires des enfants, soit pour omission de statuer, soit pour d\u00e9faut de motifs.<\/p>\n<p>Subsidiairement, elle demande \u00e0 la Cour, par r\u00e9formation, de condamner B. \u00e0 participer \u00e0 hauteur de leur moiti\u00e9 aux frais extraordinaires expos\u00e9s dans l\u2019int\u00e9r\u00eat des trois enfants communs et \u00e0 lui payer le montant de 200 euros par mois par enfant \u00e0 titre de contribution \u00e0 l\u2019entretien et \u00e0 l\u2019\u00e9ducation des enfants E1, E2 et E3, allocations familiales non comprises, de dire que ce montant est payable et portable le premier jour de chaque mois et pour la premi\u00e8re fois le premier jour du mois suivant la signification de l\u2019arr\u00eat \u00e0 intervenir et dire que ce montant est rattach\u00e9 automatiquement et sans mise en demeure pr\u00e9alable \u00e0 l\u2019\u00e9chelle mobile des salaires.<\/p>\n<p>A. expose \u00e0 l\u2019appui de son appel que les juges de premi\u00e8re instance ont pris acte de sa demande relative aux frais extraordinaires mais qu\u2019ils ont omis de r\u00e9pondre \u00e0 ses conclusions sur ce point et que le dispositif du jugement entrepris ne contient aucune r\u00e9f\u00e9rence y relative.<\/p>\n<p>L\u2019appelante critique ensuite les juges de premi\u00e8re instance pour avoir retenu que B. contribue \u00e0 hauteur de 850 euros par mois au loyer du logement de sa compagne, alors qu\u2019il n\u2019a vers\u00e9 que deux virements pour les mois de novembre et d\u00e9cembre 2019, sans cependant \u00e9tablir la r\u00e9alit\u00e9 et la r\u00e9gularit\u00e9 desdits paiements. Elle leur reproche, en outre, d\u2019avoir indiqu\u00e9 qu\u2019elle n\u2019avait pas contest\u00e9 que B. payait 500 euros par mois \u00e0 titre de pension alimentaire pour les enfants E4 et E5 issus d\u2019une pr\u00e9c\u00e9dente union, alors qu\u2019elle l\u2019avait explicitement contest\u00e9 dans ses conclusions en premi\u00e8re instance. Elle en conclut que l\u2019appr\u00e9ciation faite par les juges de premi\u00e8re instance de la situation financi\u00e8re de B. est erron\u00e9e, que son disponible mensuel est plus \u00e9lev\u00e9 que le montant de 220 euros retenu en premi\u00e8re instance et que les juges ont partant fix\u00e9 sa contribution \u00e0 un montant trop bas.<\/p>\n<p>Appr\u00e9ciation de la Cour<\/p>\n<p>L\u2019appel qui a \u00e9t\u00e9 introduit dans les forme et d\u00e9lai de la loi et qui n\u2019est pas sp\u00e9cialement critiqu\u00e9 \u00e0 cet \u00e9gard, est recevable.<\/p>\n<p>Par courrier du 9 ao\u00fbt 2021, Ma\u00eetre Perrine LAURICELLA a inform\u00e9 la Cour qu\u2019elle n\u2019occupait plus pour B. .<\/p>\n<p>En application de l\u2019article 74 du Nouveau Code de proc\u00e9dure civile, un jugement est contradictoire d\u00e8s lors que les parties comparaissent en personne ou par mandataire. Aux termes de l\u2019article 197, alin\u00e9a 2, du Nouveau Code de proc\u00e9dure civile, ni le demandeur ni le d\u00e9fendeur ne peuvent r\u00e9voquer leur avocat sans en constituer un autre et les proc\u00e9dures faites et jugements obtenus contre l\u2019avocat r\u00e9voqu\u00e9 et non remplac\u00e9 restent valables, l\u2019avocat restant formellement constitu\u00e9 en cas de d\u00e9p\u00f4t de mandat jusqu\u2019\u00e0 constitution de nouvel avocat.<\/p>\n<p>4 Par cons\u00e9quent, le pr\u00e9sent arr\u00eat sera prononc\u00e9 contradictoirement \u00e0 l\u2019\u00e9gard de B. qui reste repr\u00e9sent\u00e9 par son avocat, r\u00e9voqu\u00e9 mais non remplac\u00e9, dans le cadre de la pr\u00e9sente proc\u00e9dure.<\/p>\n<p>La Cour statue au vu des \u00e9l\u00e9ments dont elle dispose.<\/p>\n<p>Pour des raisons de logique juridique, il y a d\u2019abord lieu d\u2019analyser le volet relatif aux frais extraordinaires des enfants et la demande aff\u00e9rente tendant \u00e0 l\u2019annulation du jugement.<\/p>\n<p>&#8212; La contribution de B. aux frais extraordinaires des enfants E1, E2 et E3<\/p>\n<p>Il r\u00e9sulte des jugements des 6 juin 2019 et 11 juillet 2019 que A. a demand\u00e9 la condamnation de B. \u00e0 lui payer la moiti\u00e9 des frais et d\u00e9penses extraordinaires de leurs enfants. A la demande des parties, le tribunal a sursis \u00e0 statuer sur cette demande.<\/p>\n<p>Dans les motifs du jugement du 8 octobre 2020, les juges de premi\u00e8re instance se r\u00e9f\u00e8rent \u00e0 nouveau \u00e0 la demande de A. tendant \u00e0 voir condamner B. \u00e0 lui payer les frais extraordinaires relatifs \u00e0 l\u2019entretien des enfants, tels que les frais m\u00e9dicaux et les frais de voyage scolaire. Ils pr\u00e9cisent que les frais d\u2019ost\u00e9opathie, les frais de lunettes et autres frais m\u00e9dicaux, ainsi que les frais d\u2019inscription \u00e0 une auto- \u00e9cole pour l\u2019enfant E1 , tels qu\u2019invoqu\u00e9s par A., constituent des frais extraordinaires, \u00e9tant donn\u00e9 qu\u2019ils visent une d\u00e9pense exceptionnelle et sont \u00e0 supporter par moiti\u00e9 par chacune des parties et ils indiquent, dans la motivation de leur jugement, qu\u2019il y a lieu de condamner B. \u00e0 payer A. la moiti\u00e9 des frais extraordinaires des enfants E1, E2 et E3.<\/p>\n<p>L\u2019article 89 de la Constitution sanctionne l\u2019absence de motifs qui est un vice de forme pouvant rev\u00eatir la forme d\u2019un d\u00e9faut total de motifs, d\u2019une contradiction de motifs, d\u2019un motif dubitatif ou hypoth\u00e9tique ou d\u2019un d\u00e9faut de r\u00e9ponse \u00e0 conclusion. Le d\u00e9faut de r\u00e9ponse \u00e0 conclusions \u00e9quivaut \u00e0 un d\u00e9faut de motifs, qui est un vice de forme. Une d\u00e9cision judiciaire est r\u00e9guli\u00e8re en la forme d\u00e8s qu\u2019elle comporte une motivation expresse ou implicite, f\u00fbt-elle incompl\u00e8te ou vici\u00e9e, sur le point consid\u00e9r\u00e9. Le d\u00e9faut de motifs suppose donc l\u2019absence de toute motivation sur le point consid\u00e9r\u00e9.<\/p>\n<p>En l\u2019esp\u00e8ce, les juges de premi\u00e8re instance ont pris position, dans leur motivation, par rapport \u00e0 la demande de A. , le jugement contenant ainsi une motivation sur le point concern\u00e9.<\/p>\n<p>Le dispositif dudit jugement reste cependant muet quant \u00e0 la prise en charge des frais extraordinaires.<\/p>\n<p>Constitue une omission de statuer celle par laquelle le juge omet de reprendre dans son dispositif une pr\u00e9tention sur laquelle il s\u2019est expliqu\u00e9 dans ses motifs (Cass. fr. com., 22 janvier 2002).<\/p>\n<p>La demande au sujet de laquelle il a \u00e9t\u00e9 omis de statuer est \u00e0 consid\u00e9rer comme une demande qui a \u00e9t\u00e9 rejet\u00e9e.<\/p>\n<p>5 L\u2019omission de statuer se r\u00e9pare par la r\u00e9formation de la d\u00e9cision incompl\u00e8te.<\/p>\n<p>Apr\u00e8s avoir retenu, dans les motifs de leur d\u00e9cision, que B. \u00e9tait \u00e0 condamner \u00e0 la moiti\u00e9 des frais extraordinaires des enfants communs E1 , E2 et E3, il incombait n\u00e9cessairement aux juges de reprendre la condamnation dans le dispositif du jugement.<\/p>\n<p>Au vu des d\u00e9veloppements qui pr\u00e9c\u00e8dent, la demande principale en annulation du jugement n\u2019est pas fond\u00e9e, la demande subsidiaire de A. en r\u00e9formation est fond\u00e9e et il y a lieu de r\u00e9former le jugement en ce sens.<\/p>\n<p>&#8212; La contribution de B. \u00e0 l\u2019entretien et \u00e0 l\u2019\u00e9ducation des enfants E1, E2 et E3<\/p>\n<p>A. critique l\u2019analyse que les juges de premi\u00e8re instance ont faite de la situation financi\u00e8re de B. en ce qu\u2019ils ont retenu des frais de logement de 850 euros par mois et dit qu\u2019elle n\u2019avait pas contest\u00e9 que l\u2019intim\u00e9 payait une pension alimentaire de 500 euros par mois en faveur des enfants E4 et E5 issus d\u2019une pr\u00e9c\u00e9dente union.<\/p>\n<p>En ce qui concerne les frais de logement, il n\u2019est pas contest\u00e9 que B. vit en concubinage avec sa nouvelle compagne. Les juges de premi\u00e8re instance ont retenu qu\u2019il r\u00e9sultait des pi\u00e8ces vers\u00e9es que B. a vir\u00e9 au courant des mois de novembre et d\u00e9cembre 2019 la somme de 850 euros sur le compte bancaire de sa compagne avec comm e communication \u00ab contribution loyer \u00bb.<\/p>\n<p>Etant donn\u00e9 qu\u2019il appartient au juge de consid\u00e9rer la situation des parties telle qu\u2019elle se pr\u00e9sente au moment de sa d\u00e9cision et que B. ne fournit pas la moindre preuve qu\u2019il s\u2019est acquitt\u00e9, outre les virements mentionn\u00e9s concernant les mois de novembre et d\u00e9cembre 2019, d\u2019une contribution aux frais de logement de sa compagne ou qu\u2019il ait actuellement une quelconque d\u00e9pense locative, il y a lieu d\u2019en faire abstraction.<\/p>\n<p>En ce qui concerne la pension alimentaire en faveur des enfants E4 et E5, il r\u00e9sulte des conclusions notifi\u00e9es le 25 f\u00e9vrier 2020 dans le cadre de la premi\u00e8re instance, que A. a indiqu\u00e9 \u00ab qu\u2019il ne r\u00e9sulte pas des pi\u00e8ces adverses que ce montant serait effectivement vers\u00e9, de sorte que ce poste est contest\u00e9 \u00bb. A d\u00e9faut pour B. d\u2019\u00e9tablir, en premi\u00e8re instance comme en instance d\u2019appel, qu\u2019il s\u2019acquitte r\u00e9ellement de cette obligation alimentaire \u00e0 l\u2019\u00e9gard des enfants E4 et E5, il y a pareillement lieu d\u2019en faire abstraction dans le cadre de la d\u00e9termination des capacit\u00e9s financi\u00e8res de B. .<\/p>\n<p>A d\u00e9faut d\u2019autres contestations concernant l\u2019analyse par les juges de premi\u00e8re instance de la situation financi\u00e8res des parties, il y a lieu de retenir que A. dispose d\u2019un disponible mensuel de 470 euros et B. d\u2019un disponible mensuel de 1.560 euros.<\/p>\n<p>Au vu des capacit\u00e9s contributives des parties et des besoins des enfants, dont l\u2019analyse par les juges des premi\u00e8re instance n\u2019a pas non plus \u00e9t\u00e9 critiqu\u00e9e, il convient de fixer la contribution mensuelle de B. \u00e0 l\u2019entretien et \u00e0 l\u2019\u00e9ducation des trois enfants communs \u00e0 200 euros par enfant, allocations familiales non comprises, ce montant \u00e9tant payable et portable le premier<\/p>\n<p>6 jour de chaque mois et pour la premi\u00e8re fois le premier jour du mois suivant la signification du pr\u00e9sent arr\u00eat, comme sollicit\u00e9 par l\u2019appelante, et rattach\u00e9 automatiquement et sans mise en demeure pr\u00e9alable \u00e0 l\u2019\u00e9chelle mobile des salaires.<\/p>\n<p>L\u2019appel de A. est partant fond\u00e9 et le jugement entrepris est \u00e0 r\u00e9former en ce sens.<\/p>\n<p>&#8212; Les demandes accessoires<\/p>\n<p>Les frais et d\u00e9pens de la premi\u00e8re instance ayant \u00e9t\u00e9 r\u00e9serv\u00e9s par les juges de premi\u00e8re instance, la demande de A. y relative est \u00e0 d\u00e9clarer irrecevable.<\/p>\n<p>Conform\u00e9ment aux dispositions de l\u2019article 238 du Nouveau Code de proc\u00e9dure civile, B. est \u00e0 condamner aux frais et d\u00e9pens de l\u2019instance d\u2019appel, avec distraction au profit de Ma\u00eetre Anne Hertzog qui la demande, sur ses affirmations de droit.<\/p>\n<p>A. n\u2019\u00e9tablissant pas l\u2019iniquit\u00e9 requise par l\u2019article 240 du Nouveau Code de proc\u00e9dure civile, sa demande en allocation d\u2019une indemnit\u00e9 de proc\u00e9dure sur cette base n\u2019est pas fond\u00e9e.<\/p>\n<p>P A R C E S M O T I F S<\/p>\n<p>la Cour d\u2019appel, premi\u00e8re chambre, si\u00e9geant en mati\u00e8re civile, statuant contradictoirement,<\/p>\n<p>dit l\u2019appel limit\u00e9 recevable, sauf en ce qui concerne les frais et d\u00e9pens de la premi\u00e8re instance,<\/p>\n<p>le dit partiellement fond\u00e9,<\/p>\n<p>r\u00e9formant,<\/p>\n<p>condamne B. \u00e0 payer \u00e0 A. une contribution mensuelle \u00e0 l\u2019entretien et \u00e0 l\u2019\u00e9ducation des enfants communs E1 , n\u00e9 le \u2026 , E2, n\u00e9e le \u2026 , et E3, n\u00e9e le \u2026, de 200 euros par enfant, allocations familiales non comprises, ce montant \u00e9tant payable et portable le premier jour de chaque mois et pour la premi\u00e8re fois le premier jour du mois suivant la signification du pr\u00e9sent arr\u00eat et rattach\u00e9 automatiquement et sans mise en demeure pr\u00e9alable \u00e0 l\u2019\u00e9chelle mobile des salaires,<\/p>\n<p>condamne B. \u00e0 prendre en charge la moiti\u00e9 des frais extraordinaires des enfants communs E1, n\u00e9 le \u2026 , E2, n\u00e9e le \u2026 , et E3, n\u00e9e le \u2026 ,<\/p>\n<p>confirme le jugement d\u00e9f\u00e9r\u00e9 pour le surplus dans la mesure o\u00f9 il a \u00e9t\u00e9 entrepris,<\/p>\n<p>dit non fond\u00e9e la demande de A. sur base de l\u2019article 240 du Nouveau Code de proc\u00e9dure civile,<\/p>\n<p>condamne B. aux frais et d\u00e9pens de l\u2019instance d\u2019appel, avec distraction au profit de Ma\u00eetre Anne Hertzog qui la demande, sur ses affirmations de droit.<\/p>\n<\/div>\n<hr class=\"kji-sep\" \/>\n<p class=\"kji-source-links\"><strong>Sources officielles :<\/strong> <a class=\"kji-source-link\" href=\"https:\/\/data.public.lu\/fr\/datasets\/cour-superieure-de-justice-1e-chambre\/\" target=\"_blank\" rel=\"noopener noreferrer\">consulter la page source<\/a> &middot; <a class=\"kji-pdf-link\" href=\"https:\/\/download.data.public.lu\/resources\/cour-superieure-de-justice-1e-chambre\/20240827-124034\/20220504-cal-2020-01028-86.a-accessible.pdf\" target=\"_blank\" rel=\"noopener noreferrer\">PDF officiel<\/a><\/p>\n<p class=\"kji-license-note\"><em>Licence CC BY-ND 4.0 (Administration judiciaire, data.public.lu). Republication autorisee avec attribution, sans modification editoriale du texte integral.<\/em><\/p>\n<\/div>\n","protected":false},"excerpt":{"rendered":"<p>Arr\u00eat N\u00b086\/22 &#8212; I &#8212; CIV Arr\u00eat civil Audience publique du quatre mai deux mille vingt-deux Num\u00e9ro CAL-2020-01028 du r\u00f4le Composition : Jeanne GUILLAUME, pr\u00e9sident de chambre, Yannick DIDLINGER, conseiller , Thierry SCHILTZ, conseiller, E4le SCHAEFER, greffier assum\u00e9. E n t r e : A.,\u2026<\/p>\n","protected":false},"featured_media":0,"template":"","meta":{"_crdt_document":""},"kji_country":[8418],"kji_court":[12305],"kji_chamber":[12306],"kji_year":[32183],"kji_subject":[7724],"kji_keyword":[8683,9055,12307],"kji_language":[7733],"class_list":["post-664996","kji_decision","type-kji_decision","status-publish","hentry","kji_country-luxembourg","kji_court-cour-superieure-de-justice","kji_chamber-1e-chambre","kji_year-32183","kji_subject-civil","kji_keyword-arret","kji_keyword-justice","kji_keyword-superieure","kji_language-francais"],"yoast_head":"<!-- This site is optimized with the Yoast SEO Premium plugin v27.4 (Yoast SEO v27.4) - https:\/\/yoast.com\/product\/yoast-seo-premium-wordpress\/ -->\n<title>Cour sup\u00e9rieure de justice, 4 mai 2022, n\u00b0 2020-01028 - Ma\u00eetre Hassan Kohen, avocat en droit p\u00e9nal \u00e0 Paris<\/title>\n<meta name=\"robots\" content=\"index, follow, max-snippet:-1, max-image-preview:large, max-video-preview:-1\" \/>\n<link rel=\"canonical\" href=\"https:\/\/kohenavocats.com\/ru\/jurisprudences\/cour-superieure-de-justice-4-mai-2022-n-2020-01028\/\" \/>\n<meta property=\"og:locale\" content=\"ru_RU\" \/>\n<meta property=\"og:type\" content=\"article\" \/>\n<meta property=\"og:title\" content=\"Cour sup\u00e9rieure de justice, 4 mai 2022, n\u00b0 2020-01028\" \/>\n<meta property=\"og:description\" content=\"Arr\u00eat N\u00b086\/22 - I - CIV Arr\u00eat civil Audience publique du quatre mai deux mille vingt-deux Num\u00e9ro CAL-2020-01028 du r\u00f4le Composition : Jeanne GUILLAUME, pr\u00e9sident de chambre, Yannick DIDLINGER, conseiller , Thierry SCHILTZ, conseiller, E4le SCHAEFER, greffier assum\u00e9. E n t r e : A.,\u2026\" \/>\n<meta property=\"og:url\" content=\"https:\/\/kohenavocats.com\/ru\/jurisprudences\/cour-superieure-de-justice-4-mai-2022-n-2020-01028\/\" \/>\n<meta property=\"og:site_name\" content=\"Ma\u00eetre Hassan Kohen, avocat en droit p\u00e9nal \u00e0 Paris\" \/>\n<meta property=\"article:modified_time\" content=\"2026-04-23T21:17:57+00:00\" \/>\n<meta name=\"twitter:card\" content=\"summary_large_image\" \/>\n<meta name=\"twitter:label1\" content=\"\u041f\u0440\u0438\u043c\u0435\u0440\u043d\u043e\u0435 \u0432\u0440\u0435\u043c\u044f \u0434\u043b\u044f \u0447\u0442\u0435\u043d\u0438\u044f\" \/>\n\t<meta name=\"twitter:data1\" content=\"14 \u043c\u0438\u043d\u0443\u0442\" \/>\n<script type=\"application\/ld+json\" class=\"yoast-schema-graph\">{\"@context\":\"https:\\\/\\\/schema.org\",\"@graph\":[{\"@type\":\"WebPage\",\"@id\":\"https:\\\/\\\/kohenavocats.com\\\/ru\\\/jurisprudences\\\/cour-superieure-de-justice-4-mai-2022-n-2020-01028\\\/\",\"url\":\"https:\\\/\\\/kohenavocats.com\\\/ru\\\/jurisprudences\\\/cour-superieure-de-justice-4-mai-2022-n-2020-01028\\\/\",\"name\":\"Cour sup\u00e9rieure de justice, 4 mai 2022, n\u00b0 2020-01028 - Ma\u00eetre Hassan Kohen, avocat en droit p\u00e9nal \u00e0 Paris\",\"isPartOf\":{\"@id\":\"https:\\\/\\\/kohenavocats.com\\\/ru\\\/#website\"},\"datePublished\":\"2026-04-23T21:17:52+00:00\",\"dateModified\":\"2026-04-23T21:17:57+00:00\",\"breadcrumb\":{\"@id\":\"https:\\\/\\\/kohenavocats.com\\\/ru\\\/jurisprudences\\\/cour-superieure-de-justice-4-mai-2022-n-2020-01028\\\/#breadcrumb\"},\"inLanguage\":\"ru-RU\",\"potentialAction\":[{\"@type\":\"ReadAction\",\"target\":[\"https:\\\/\\\/kohenavocats.com\\\/ru\\\/jurisprudences\\\/cour-superieure-de-justice-4-mai-2022-n-2020-01028\\\/\"]}]},{\"@type\":\"BreadcrumbList\",\"@id\":\"https:\\\/\\\/kohenavocats.com\\\/ru\\\/jurisprudences\\\/cour-superieure-de-justice-4-mai-2022-n-2020-01028\\\/#breadcrumb\",\"itemListElement\":[{\"@type\":\"ListItem\",\"position\":1,\"name\":\"Home\",\"item\":\"https:\\\/\\\/kohenavocats.com\\\/ru\\\/avocats-en-droit-penal-a-paris-conseil-et-defense-strategique\\\/\"},{\"@type\":\"ListItem\",\"position\":2,\"name\":\"Jurisprudences\",\"item\":\"https:\\\/\\\/kohenavocats.com\\\/ru\\\/jurisprudences\\\/\"},{\"@type\":\"ListItem\",\"position\":3,\"name\":\"Cour sup\u00e9rieure de justice, 4 mai 2022, n\u00b0 2020-01028\"}]},{\"@type\":\"WebSite\",\"@id\":\"https:\\\/\\\/kohenavocats.com\\\/ru\\\/#website\",\"url\":\"https:\\\/\\\/kohenavocats.com\\\/ru\\\/\",\"name\":\"Kohen Avocats\",\"description\":\"Ma\u00eetre Hassan Kohen, avocat p\u00e9naliste \u00e0 Paris, intervient exclusivement en droit p\u00e9nal pour la d\u00e9fense des particuliers, notamment en mati\u00e8re d\u2019accusations de viol. Il assure un accompagnement rigoureux d\u00e8s la garde \u00e0 vue jusqu\u2019\u00e0 la Cour d\u2019assises, veillant au strict respect des garanties proc\u00e9durales.\",\"publisher\":{\"@id\":\"https:\\\/\\\/kohenavocats.com\\\/ru\\\/#organization\"},\"potentialAction\":[{\"@type\":\"SearchAction\",\"target\":{\"@type\":\"EntryPoint\",\"urlTemplate\":\"https:\\\/\\\/kohenavocats.com\\\/ru\\\/?s={search_term_string}\"},\"query-input\":{\"@type\":\"PropertyValueSpecification\",\"valueRequired\":true,\"valueName\":\"search_term_string\"}}],\"inLanguage\":\"ru-RU\"},{\"@type\":\"Organization\",\"@id\":\"https:\\\/\\\/kohenavocats.com\\\/ru\\\/#organization\",\"name\":\"Kohen Avocats\",\"url\":\"https:\\\/\\\/kohenavocats.com\\\/ru\\\/\",\"logo\":{\"@type\":\"ImageObject\",\"inLanguage\":\"ru-RU\",\"@id\":\"https:\\\/\\\/kohenavocats.com\\\/ru\\\/#\\\/schema\\\/logo\\\/image\\\/\",\"url\":\"https:\\\/\\\/kohenavocats.com\\\/wp-content\\\/uploads\\\/2026\\\/01\\\/Logo-2-1.webp\",\"contentUrl\":\"https:\\\/\\\/kohenavocats.com\\\/wp-content\\\/uploads\\\/2026\\\/01\\\/Logo-2-1.webp\",\"width\":2114,\"height\":1253,\"caption\":\"Kohen Avocats\"},\"image\":{\"@id\":\"https:\\\/\\\/kohenavocats.com\\\/ru\\\/#\\\/schema\\\/logo\\\/image\\\/\"}}]}<\/script>\n<!-- \/ Yoast SEO Premium plugin. -->","yoast_head_json":{"title":"Cour sup\u00e9rieure de justice, 4 mai 2022, n\u00b0 2020-01028 - Ma\u00eetre Hassan Kohen, avocat en droit p\u00e9nal \u00e0 Paris","robots":{"index":"index","follow":"follow","max-snippet":"max-snippet:-1","max-image-preview":"max-image-preview:large","max-video-preview":"max-video-preview:-1"},"canonical":"https:\/\/kohenavocats.com\/ru\/jurisprudences\/cour-superieure-de-justice-4-mai-2022-n-2020-01028\/","og_locale":"ru_RU","og_type":"article","og_title":"Cour sup\u00e9rieure de justice, 4 mai 2022, n\u00b0 2020-01028","og_description":"Arr\u00eat N\u00b086\/22 - I - CIV Arr\u00eat civil Audience publique du quatre mai deux mille vingt-deux Num\u00e9ro CAL-2020-01028 du r\u00f4le Composition : Jeanne GUILLAUME, pr\u00e9sident de chambre, Yannick DIDLINGER, conseiller , Thierry SCHILTZ, conseiller, E4le SCHAEFER, greffier assum\u00e9. E n t r e : A.,\u2026","og_url":"https:\/\/kohenavocats.com\/ru\/jurisprudences\/cour-superieure-de-justice-4-mai-2022-n-2020-01028\/","og_site_name":"Ma\u00eetre Hassan Kohen, avocat en droit p\u00e9nal \u00e0 Paris","article_modified_time":"2026-04-23T21:17:57+00:00","twitter_card":"summary_large_image","twitter_misc":{"\u041f\u0440\u0438\u043c\u0435\u0440\u043d\u043e\u0435 \u0432\u0440\u0435\u043c\u044f \u0434\u043b\u044f \u0447\u0442\u0435\u043d\u0438\u044f":"14 \u043c\u0438\u043d\u0443\u0442"},"schema":{"@context":"https:\/\/schema.org","@graph":[{"@type":"WebPage","@id":"https:\/\/kohenavocats.com\/ru\/jurisprudences\/cour-superieure-de-justice-4-mai-2022-n-2020-01028\/","url":"https:\/\/kohenavocats.com\/ru\/jurisprudences\/cour-superieure-de-justice-4-mai-2022-n-2020-01028\/","name":"Cour sup\u00e9rieure de justice, 4 mai 2022, n\u00b0 2020-01028 - Ma\u00eetre Hassan Kohen, avocat en droit p\u00e9nal \u00e0 Paris","isPartOf":{"@id":"https:\/\/kohenavocats.com\/ru\/#website"},"datePublished":"2026-04-23T21:17:52+00:00","dateModified":"2026-04-23T21:17:57+00:00","breadcrumb":{"@id":"https:\/\/kohenavocats.com\/ru\/jurisprudences\/cour-superieure-de-justice-4-mai-2022-n-2020-01028\/#breadcrumb"},"inLanguage":"ru-RU","potentialAction":[{"@type":"ReadAction","target":["https:\/\/kohenavocats.com\/ru\/jurisprudences\/cour-superieure-de-justice-4-mai-2022-n-2020-01028\/"]}]},{"@type":"BreadcrumbList","@id":"https:\/\/kohenavocats.com\/ru\/jurisprudences\/cour-superieure-de-justice-4-mai-2022-n-2020-01028\/#breadcrumb","itemListElement":[{"@type":"ListItem","position":1,"name":"Home","item":"https:\/\/kohenavocats.com\/ru\/avocats-en-droit-penal-a-paris-conseil-et-defense-strategique\/"},{"@type":"ListItem","position":2,"name":"Jurisprudences","item":"https:\/\/kohenavocats.com\/ru\/jurisprudences\/"},{"@type":"ListItem","position":3,"name":"Cour sup\u00e9rieure de justice, 4 mai 2022, n\u00b0 2020-01028"}]},{"@type":"WebSite","@id":"https:\/\/kohenavocats.com\/ru\/#website","url":"https:\/\/kohenavocats.com\/ru\/","name":"Kohen Avocats","description":"Ma\u00eetre Hassan Kohen, avocat p\u00e9naliste \u00e0 Paris, intervient exclusivement en droit p\u00e9nal pour la d\u00e9fense des particuliers, notamment en mati\u00e8re d\u2019accusations de viol. Il assure un accompagnement rigoureux d\u00e8s la garde \u00e0 vue jusqu\u2019\u00e0 la Cour d\u2019assises, veillant au strict respect des garanties proc\u00e9durales.","publisher":{"@id":"https:\/\/kohenavocats.com\/ru\/#organization"},"potentialAction":[{"@type":"SearchAction","target":{"@type":"EntryPoint","urlTemplate":"https:\/\/kohenavocats.com\/ru\/?s={search_term_string}"},"query-input":{"@type":"PropertyValueSpecification","valueRequired":true,"valueName":"search_term_string"}}],"inLanguage":"ru-RU"},{"@type":"Organization","@id":"https:\/\/kohenavocats.com\/ru\/#organization","name":"Kohen Avocats","url":"https:\/\/kohenavocats.com\/ru\/","logo":{"@type":"ImageObject","inLanguage":"ru-RU","@id":"https:\/\/kohenavocats.com\/ru\/#\/schema\/logo\/image\/","url":"https:\/\/kohenavocats.com\/wp-content\/uploads\/2026\/01\/Logo-2-1.webp","contentUrl":"https:\/\/kohenavocats.com\/wp-content\/uploads\/2026\/01\/Logo-2-1.webp","width":2114,"height":1253,"caption":"Kohen Avocats"},"image":{"@id":"https:\/\/kohenavocats.com\/ru\/#\/schema\/logo\/image\/"}}]}},"jetpack_likes_enabled":false,"jetpack_sharing_enabled":true,"_links":{"self":[{"href":"https:\/\/kohenavocats.com\/ru\/wp-json\/wp\/v2\/kji_decision\/664996","targetHints":{"allow":["GET"]}}],"collection":[{"href":"https:\/\/kohenavocats.com\/ru\/wp-json\/wp\/v2\/kji_decision"}],"about":[{"href":"https:\/\/kohenavocats.com\/ru\/wp-json\/wp\/v2\/types\/kji_decision"}],"wp:attachment":[{"href":"https:\/\/kohenavocats.com\/ru\/wp-json\/wp\/v2\/media?parent=664996"}],"wp:term":[{"taxonomy":"kji_country","embeddable":true,"href":"https:\/\/kohenavocats.com\/ru\/wp-json\/wp\/v2\/kji_country?post=664996"},{"taxonomy":"kji_court","embeddable":true,"href":"https:\/\/kohenavocats.com\/ru\/wp-json\/wp\/v2\/kji_court?post=664996"},{"taxonomy":"kji_chamber","embeddable":true,"href":"https:\/\/kohenavocats.com\/ru\/wp-json\/wp\/v2\/kji_chamber?post=664996"},{"taxonomy":"kji_year","embeddable":true,"href":"https:\/\/kohenavocats.com\/ru\/wp-json\/wp\/v2\/kji_year?post=664996"},{"taxonomy":"kji_subject","embeddable":true,"href":"https:\/\/kohenavocats.com\/ru\/wp-json\/wp\/v2\/kji_subject?post=664996"},{"taxonomy":"kji_keyword","embeddable":true,"href":"https:\/\/kohenavocats.com\/ru\/wp-json\/wp\/v2\/kji_keyword?post=664996"},{"taxonomy":"kji_language","embeddable":true,"href":"https:\/\/kohenavocats.com\/ru\/wp-json\/wp\/v2\/kji_language?post=664996"}],"curies":[{"name":"wp","href":"https:\/\/api.w.org\/{rel}","templated":true}]}}