{"id":668249,"date":"2026-04-24T04:35:16","date_gmt":"2026-04-24T02:35:16","guid":{"rendered":"https:\/\/kohenavocats.com\/jurisprudences\/eclinlrbdha202523755-rechtbank-den-haag-20-11-2025-c-09-694661-fa-rk-25-8642\/"},"modified":"2026-04-24T04:35:16","modified_gmt":"2026-04-24T02:35:16","slug":"eclinlrbdha202523755-rechtbank-den-haag-20-11-2025-c-09-694661-fa-rk-25-8642","status":"publish","type":"kji_decision","link":"https:\/\/kohenavocats.com\/ru\/jurisprudences\/eclinlrbdha202523755-rechtbank-den-haag-20-11-2025-c-09-694661-fa-rk-25-8642\/","title":{"rendered":"ECLI:NL:RBDHA:2025:23755 Rechtbank Den Haag , 20-11-2025 \/ C\/09\/694661 \/ FA RK 25-8642"},"content":{"rendered":"<div class=\"kji-decision\">\n<div class=\"kji-full-text\">\n<p><strong>Inhoudsindicatie.<\/strong> Wvggz &#8212; voortzetting van de crisismaatregel. Er is bij betrokkene sprake van chronische su\u00efcidaliteit. Op dit moment is er sprake van een acute fase waarvoor opname noodzakelijk is.<\/p>\n<h3>RECHTBANK DEN HAAG<\/h3>\n<p>Team Jeugd- en Zorgrecht<\/p>\n<p>Zaak-\/rekestnr.: C\/09\/694661 \/ FA RK 25-8642<\/p>\n<p>Datum beschikking: 20 november 2025<\/p>\n<h3>Machtiging tot voortzetting van de crisismaatregel<\/h3>\n<p>Beschikking naar aanleiding van het op 17 november 2025 door de officier van justitie ingediende verzoek tot voortzetting van een crisismaatregel, als bedoeld in artikel 7:7 van de Wet verplichte geestelijke gezondheidszorg (Wvggz), ten aanzien van:<\/p>\n<h3>[betrokkene],<\/h3>\n<p>hierna te noemen: betrokkene,<\/p>\n<p>geboren op [geboortedatum] 1973 te [geboorteplaats],<\/p>\n<p>wonende te [woonplaats],<\/p>\n<p>thans verblijvende in de accommodatie [zorginstelling] te [plaats],<\/p>\n<p>advocaat: mr. J.B. Peters te Zoetermeer.<\/p>\n<h3>Procesverloop<\/h3>\n<p>Bij verzoekschrift heeft de officier van justitie verzocht om voortzetting van de op 14 november 2025 genomen crisismaatregel.<\/p>\n<p>Bij het verzoekschrift zijn de volgende bijlagen gevoegd:<\/p>\n<p>een afschrift van de beschikking van de burgemeester van de [gemeente] tot het nemen van de crisismaatregel;<\/p>\n<p>een op 14 november 2025 ondertekende medische verklaring van [naam 1], psychiater, die betrokkene heeft onderzocht maar niet bij de behandeling betrokken was;<\/p>\n<p>&#8212; een brief van de officier van justitie van 17 november 2025, waaruit blijkt dat er ten aanzien van betrokkene geen recente politiemutaties zijn en betrokkene geen justiti\u00eble documentatie heeft.<\/p>\n<p>De mondelinge behandeling van het verzoek heeft plaatsgevonden op 20 november 2025. Daarbij zijn de volgende personen gehoord:<\/p>\n<p>&#8212; betrokkene, bijgestaan door haar advocaat;<\/p>\n<p>&#8212; de basisarts, [naam 2];<\/p>\n<p>&#8212; de verpleegkundige, [naam 3].<\/p>\n<p>Omdat door de officier van justitie een nadere toelichting op of motivering van het verzoek niet nodig werd geacht en het de rechtbank ter zitting is gebleken dat diens aanwezigheid ook niet noodzakelijk was om tot een inhoudelijke beslissing te kunnen komen, is de officier van justitie niet gehoord.<\/p>\n<h3>Standpunten ter zitting<\/h3>\n<p>Betrokkene vindt de huidige opname overdreven en onzin. In de thuissituatie was er door overprikkeling minder contact met de hulpverleners. Dat is wel vaker het geval. Door de huidige opname wordt het ernstig nadeel heus niet afgewend. De su\u00efcidaliteit is chronisch en speelt al sinds de puberteit. Daarvoor word je blijkbaar niet opgenomen maar w\u00e8l als er sprake is van acute su\u00efcidaliteit.<\/p>\n<p>De advocaat pleit voor afwijzing van het verzoek. Er is bij betrokkene sprake van chronische su\u00efcidaliteit. Zij zit al jaren in deze toestand en is onlangs aangemeld voor een euthanasietraject. De accommodatie wil betrokkene comfort bieden in dit traject, maar na de vele behandelingen die betrokkene in de afgelopen jaren heeft gehad, blijkt een behandeling niet meer mogelijk te zijn. De doodswens bij betrokkene komt niet voort vanuit een stoornis. De intrinsieke motivatie tot be\u00ebindiging van haar leven speelt al vele tientallen jaren bij betrokkene. Betrokkene heeft geen su\u00efcidepoging ondernomen, maar wacht het euthanasietraject af. De voortzetting van de crisismaatregel dient te worden afgewezen op grond van het ontbreken van de causaliteit. Door de huidige opname wordt het su\u00efcidegevaar niet afgewend. Vanuit het perspectief van betrokkene brengt de onbehandelde katatonie geen risico met zich mee. Zij zou er vrede mee hebben als zij daardoor komt te overlijden.<\/p>\n<p>De basisarts heeft naar voren gebracht dat betrokkene al heel lang bekend is met su\u00efcidaliteit en depressieve klachten. Zij is nu opgenomen op basis van het vermoeden van een acuut katatoon beeld. Wordt dat niet behandeld dan is dat levensbedreigend. Bij opname sprak en at betrokkene nauwelijks. Betrokkene krijgt daarom daarvoor Lorazepam. Het risico op su\u00efcide is nog steeds aanwezig. Wanneer betrokkene op dit moment met ontslag zal gaan, is het risico heel groot dat zij zich daadwerkelijk van het leven zal beroven. Zodra het katatone beeld helemaal is geweken wordt de Lorazepam afgebouwd en kan betrokkene terugkeren naar huis om daar het door verlangde euthanasietraject te vervolgen.<\/p>\n<p>De verpleegkundige heeft hieraan toegevoegd dat betrokkene vanmorgen nog een poging heeft gedaan om de afdeling te ontvluchten. Naar aanleiding van dit incident heeft betrokkene een briefje overhandigd aan de verpleging met daarop haar doodswens (\u2018maak me maar dood; voor iedereen beter. Ik ben er klaar voor\u2019).<\/p>\n<p>Hieruit blijkt dat het risico op su\u00efcide actueel en serieus is.<\/p>\n<h3>Beoordeling<\/h3>\n<p>Uit de overgelegde stukken en het behandelde ter zitting is gebleken dat er ten aanzien van betrokkene sprake is van onmiddellijk dreigend ernstig nadeel, gelegen in:<\/p>\n<p>&#8212; levensgevaar;<\/p>\n<p>-ernstige verwaarlozing.<\/p>\n<p>Uit de stukken en hetgeen ter zitting is besproken is gebleken dat betrokkene al vele jaren bekend is met een chronische doodswens is en het doen van su\u00efcidale uitingen. Zij heeft een euthanasietraject ingezet maar loopt aan tegen een hele lange wachtlijst. In de zomer van 2025 is betrokkene ook opgenomen geweest vanwege acute su\u00efcidaliteit. Sinds de meest recente opname houdt betrokkene het contact af met haar ambulante behandelaren. In de afgelopen tijd heeft zij haar medicatie niet ingenomen. Betrokkene maakt een sterk vermagerde indruk, oogt onverzorgd en is mutistisch.<\/p>\n<p>Vermoed wordt dat dit nadeel wordt veroorzaakt door gedrag dat voortvloeit uit een psychische stoornis, te weten mutisme bij een depressie ten gevolge van een onderliggende autismespectrumstoornis. Volgens de arts is, anders dan de advocaat bepleitte, behandeling voor het mutistisch beeld mogelijk.<\/p>\n<p>De crisissituatie is zo ernstig dat de procedure voor een zorgmachtiging niet kan worden afgewacht.<\/p>\n<p>De rechtbank is van oordeel dat, anders dan de in de crisismaatregel genoemde zorg, de volgende vormen van verplichte zorg noodzakelijk zijn om het nadeel af te wenden, te weten:<\/p>\n<p>&#8212; toedienen van medicatie;<\/p>\n<p>&#8212; verrichten medische controles;<\/p>\n<p>&#8212; beperken van de bewegingsvrijheid;<\/p>\n<p>&#8212; aanbrengen van beperkingen in de vrijheid het eigen leven in te richten, die tot gevolg hebben dat betrokkene iets moet doen of nalaten, waaronder het gebruik van communicatiemiddelen;<\/p>\n<p>&#8212; opnemen in een accommodatie.<\/p>\n<p>Gelet op hetgeen ter zitting is besproken ziet de rechtbank geen aanleiding voor het opleggen van verplichte zorg in de vorm van:<\/p>\n<p>&#8212; toedienen van vocht;<\/p>\n<p>&#8212; toedienen van voeding;<\/p>\n<p>&#8212; andere medische handelingen en therapeutische maatregelen;<\/p>\n<p>&#8212; insluiten;<\/p>\n<p>&#8212; uitoefenen van toezicht op betrokkene;<\/p>\n<p>&#8212; onderzoek aan kleding of lichaam.<\/p>\n<p>Niet gebleken is dat deze vormen van zorg in het verleden noodzakelijk zijn geweest en niet voorzienbaar is dat het opleggen hiervan direct noodzakelijk zal zijn. Het verzoek zal daarom in zoverre worden afgewezen.<\/p>\n<p>Betrokkene verzet zich tegen deze zorg. Betrokkene heeft tijdens de opname fysieke en verbale agressie getoond. Haar wens tot overlijden overheerst en het niet krijgen van zorg kan daarbij behulpzaam zijn. Haar verzet is dan ook consequent en wordt ook constant geuit.<\/p>\n<p>Er zijn geen minder bezwarende alternatieven die hetzelfde beoogde effect hebben. De voorgestelde verplichte zorg is bovendien evenredig en naar verwachting effectief. Uit de stukken blijkt verder dat rekening is gehouden met de voorwaarden die noodzakelijk zijn om deelname van betrokkene aan het maatschappelijk leven te bevorderen, alsmede met de veiligheid van betrokkene.<\/p>\n<p>De rechtbank stelt vast dat er op dit moment sprake is van acute su\u00efcidaliteit bij een mutistisch beeld. Om het ernstig nadeel af te wenden is de inzet van verplichte zorg noodzakelijk. Gelet op het voorgaande zal een machtiging tot voortzetting van de crisismaatregel worden verleend, welke machtiging een geldigheidsduur heeft van drie weken na heden.<\/p>\n<h3>Beslissing<\/h3>\n<p>De rechtbank:<\/p>\n<p>verleent een machtiging tot voortzetting van de crisismaatregel ten aanzien van:<\/p>\n<h3>[betrokkene],<\/h3>\n<p>geboren op [geboortedatum] 1973 te [geboorteplaats],<\/p>\n<p>inhoudende dat bij wijze van verplichte zorg de volgende maatregelen kunnen worden getroffen:<\/p>\n<p>&#8212; toedienen van medicatie;<\/p>\n<p>&#8212; verrichten medische controles;<\/p>\n<p>&#8212; beperken van de bewegingsvrijheid;<\/p>\n<p>&#8212; aanbrengen van beperkingen in de vrijheid het eigen leven in te richten, die tot gevolg hebben dat betrokkene iets moet doen of nalaten, waaronder het gebruik van communicatiemiddelen;<\/p>\n<p>&#8212; opnemen in een accommodatie;<\/p>\n<p>bepaalt dat deze machtiging geldt tot en met 11 december 2025;<\/p>\n<p>wijst af het meer of anders verzochte.<\/p>\n<p>Deze beschikking is gegeven door mr. M.L. Sandberg-Crommelin, rechter, bijgestaan door P.S.R. Nieman als griffier, en uitgesproken ter openbare zitting van 20 november 2025.<\/p>\n<p>De schriftelijke uitwerking van deze beschikking is vastgesteld op 27 november 2025.<\/p>\n<p>Tegen deze beschikking staat het rechtsmiddel van cassatie open.<\/p>\n<\/div>\n<hr class=\"kji-sep\" \/>\n<p class=\"kji-source-links\"><strong>Sources officielles :<\/strong> <a class=\"kji-source-link\" href=\"http:\/\/deeplink.rechtspraak.nl\/uitspraak?id=ECLI:NL:RBDHA:2025:23755\" target=\"_blank\" rel=\"noopener noreferrer\">consulter la page source<\/a><\/p>\n<p class=\"kji-license-note\"><em>Rechtspraak.nl open data, Creative Commons Zero. Volume cible 1.8M decisions.<\/em><\/p>\n<\/div>\n","protected":false},"excerpt":{"rendered":"<p>Wvggz &#8212; voortzetting van de crisismaatregel. Er is bij betrokkene sprake van chronische su\u00efcidaliteit. Op dit moment is er sprake van een acute fase waarvoor opname noodzakelijk is.<\/p>\n","protected":false},"featured_media":0,"template":"","meta":{"_crdt_document":""},"kji_country":[7669],"kji_court":[7670],"kji_chamber":[],"kji_year":[8463],"kji_subject":[7646],"kji_keyword":[7674,7675,9074,11156,11513],"kji_language":[7671],"class_list":["post-668249","kji_decision","type-kji_decision","status-publish","hentry","kji_country-pays-bas","kji_court-rechtbank-den-haag","kji_year-8463","kji_subject-divers","kji_keyword-rbdha","kji_keyword-rechtbank","kji_keyword-sprake","kji_keyword-voortzetting","kji_keyword-wvggz","kji_language-nl"],"yoast_head":"<!-- This site is optimized with the Yoast SEO Premium plugin v27.5 (Yoast SEO v27.5) - https:\/\/yoast.com\/product\/yoast-seo-premium-wordpress\/ -->\n<title>ECLI:NL:RBDHA:2025:23755 Rechtbank Den Haag , 20-11-2025 \/ C\/09\/694661 \/ FA RK 25-8642 - Ma\u00eetre Hassan Kohen, avocat en droit p\u00e9nal \u00e0 Paris<\/title>\n<meta name=\"robots\" content=\"index, follow, max-snippet:-1, max-image-preview:large, max-video-preview:-1\" \/>\n<link rel=\"canonical\" href=\"https:\/\/kohenavocats.com\/ru\/jurisprudences\/eclinlrbdha202523755-rechtbank-den-haag-20-11-2025-c-09-694661-fa-rk-25-8642\/\" \/>\n<meta property=\"og:locale\" content=\"ru_RU\" \/>\n<meta property=\"og:type\" content=\"article\" \/>\n<meta property=\"og:title\" content=\"ECLI:NL:RBDHA:2025:23755 Rechtbank Den Haag , 20-11-2025 \/ C\/09\/694661 \/ FA RK 25-8642\" \/>\n<meta property=\"og:description\" content=\"Wvggz - voortzetting van de crisismaatregel. Er is bij betrokkene sprake van chronische su\u00efcidaliteit. Op dit moment is er sprake van een acute fase waarvoor opname noodzakelijk is.\" \/>\n<meta property=\"og:url\" content=\"https:\/\/kohenavocats.com\/ru\/jurisprudences\/eclinlrbdha202523755-rechtbank-den-haag-20-11-2025-c-09-694661-fa-rk-25-8642\/\" \/>\n<meta property=\"og:site_name\" content=\"Ma\u00eetre Hassan Kohen, avocat en droit p\u00e9nal \u00e0 Paris\" \/>\n<meta name=\"twitter:card\" content=\"summary_large_image\" \/>\n<meta name=\"twitter:label1\" content=\"\u041f\u0440\u0438\u043c\u0435\u0440\u043d\u043e\u0435 \u0432\u0440\u0435\u043c\u044f \u0434\u043b\u044f \u0447\u0442\u0435\u043d\u0438\u044f\" \/>\n\t<meta name=\"twitter:data1\" content=\"7 \u043c\u0438\u043d\u0443\u0442\" \/>\n<script type=\"application\/ld+json\" class=\"yoast-schema-graph\">{\"@context\":\"https:\\\/\\\/schema.org\",\"@graph\":[{\"@type\":\"WebPage\",\"@id\":\"https:\\\/\\\/kohenavocats.com\\\/ru\\\/jurisprudences\\\/eclinlrbdha202523755-rechtbank-den-haag-20-11-2025-c-09-694661-fa-rk-25-8642\\\/\",\"url\":\"https:\\\/\\\/kohenavocats.com\\\/ru\\\/jurisprudences\\\/eclinlrbdha202523755-rechtbank-den-haag-20-11-2025-c-09-694661-fa-rk-25-8642\\\/\",\"name\":\"ECLI:NL:RBDHA:2025:23755 Rechtbank Den Haag , 20-11-2025 \\\/ C\\\/09\\\/694661 \\\/ FA RK 25-8642 - Ma\u00eetre Hassan Kohen, avocat en droit p\u00e9nal \u00e0 Paris\",\"isPartOf\":{\"@id\":\"https:\\\/\\\/kohenavocats.com\\\/ru\\\/#website\"},\"datePublished\":\"2026-04-24T02:35:16+00:00\",\"breadcrumb\":{\"@id\":\"https:\\\/\\\/kohenavocats.com\\\/ru\\\/jurisprudences\\\/eclinlrbdha202523755-rechtbank-den-haag-20-11-2025-c-09-694661-fa-rk-25-8642\\\/#breadcrumb\"},\"inLanguage\":\"ru-RU\",\"potentialAction\":[{\"@type\":\"ReadAction\",\"target\":[\"https:\\\/\\\/kohenavocats.com\\\/ru\\\/jurisprudences\\\/eclinlrbdha202523755-rechtbank-den-haag-20-11-2025-c-09-694661-fa-rk-25-8642\\\/\"]}]},{\"@type\":\"BreadcrumbList\",\"@id\":\"https:\\\/\\\/kohenavocats.com\\\/ru\\\/jurisprudences\\\/eclinlrbdha202523755-rechtbank-den-haag-20-11-2025-c-09-694661-fa-rk-25-8642\\\/#breadcrumb\",\"itemListElement\":[{\"@type\":\"ListItem\",\"position\":1,\"name\":\"Home\",\"item\":\"https:\\\/\\\/kohenavocats.com\\\/ru\\\/avocats-en-droit-penal-a-paris-conseil-et-defense-strategique\\\/\"},{\"@type\":\"ListItem\",\"position\":2,\"name\":\"Jurisprudences\",\"item\":\"https:\\\/\\\/kohenavocats.com\\\/ru\\\/jurisprudences\\\/\"},{\"@type\":\"ListItem\",\"position\":3,\"name\":\"ECLI:NL:RBDHA:2025:23755 Rechtbank Den Haag , 20-11-2025 \\\/ C\\\/09\\\/694661 \\\/ FA RK 25-8642\"}]},{\"@type\":\"WebSite\",\"@id\":\"https:\\\/\\\/kohenavocats.com\\\/ru\\\/#website\",\"url\":\"https:\\\/\\\/kohenavocats.com\\\/ru\\\/\",\"name\":\"Kohen Avocats\",\"description\":\"Ma\u00eetre Hassan Kohen, avocat p\u00e9naliste \u00e0 Paris, intervient exclusivement en droit p\u00e9nal pour la d\u00e9fense des particuliers, notamment en mati\u00e8re d\u2019accusations de viol. Il assure un accompagnement rigoureux d\u00e8s la garde \u00e0 vue jusqu\u2019\u00e0 la Cour d\u2019assises, veillant au strict respect des garanties proc\u00e9durales.\",\"publisher\":{\"@id\":\"https:\\\/\\\/kohenavocats.com\\\/ru\\\/#organization\"},\"potentialAction\":[{\"@type\":\"SearchAction\",\"target\":{\"@type\":\"EntryPoint\",\"urlTemplate\":\"https:\\\/\\\/kohenavocats.com\\\/ru\\\/?s={search_term_string}\"},\"query-input\":{\"@type\":\"PropertyValueSpecification\",\"valueRequired\":true,\"valueName\":\"search_term_string\"}}],\"inLanguage\":\"ru-RU\"},{\"@type\":\"Organization\",\"@id\":\"https:\\\/\\\/kohenavocats.com\\\/ru\\\/#organization\",\"name\":\"Kohen Avocats\",\"url\":\"https:\\\/\\\/kohenavocats.com\\\/ru\\\/\",\"logo\":{\"@type\":\"ImageObject\",\"inLanguage\":\"ru-RU\",\"@id\":\"https:\\\/\\\/kohenavocats.com\\\/ru\\\/#\\\/schema\\\/logo\\\/image\\\/\",\"url\":\"https:\\\/\\\/kohenavocats.com\\\/wp-content\\\/uploads\\\/2026\\\/01\\\/Logo-2-1.webp\",\"contentUrl\":\"https:\\\/\\\/kohenavocats.com\\\/wp-content\\\/uploads\\\/2026\\\/01\\\/Logo-2-1.webp\",\"width\":2114,\"height\":1253,\"caption\":\"Kohen Avocats\"},\"image\":{\"@id\":\"https:\\\/\\\/kohenavocats.com\\\/ru\\\/#\\\/schema\\\/logo\\\/image\\\/\"}}]}<\/script>\n<!-- \/ Yoast SEO Premium plugin. -->","yoast_head_json":{"title":"ECLI:NL:RBDHA:2025:23755 Rechtbank Den Haag , 20-11-2025 \/ C\/09\/694661 \/ FA RK 25-8642 - Ma\u00eetre Hassan Kohen, avocat en droit p\u00e9nal \u00e0 Paris","robots":{"index":"index","follow":"follow","max-snippet":"max-snippet:-1","max-image-preview":"max-image-preview:large","max-video-preview":"max-video-preview:-1"},"canonical":"https:\/\/kohenavocats.com\/ru\/jurisprudences\/eclinlrbdha202523755-rechtbank-den-haag-20-11-2025-c-09-694661-fa-rk-25-8642\/","og_locale":"ru_RU","og_type":"article","og_title":"ECLI:NL:RBDHA:2025:23755 Rechtbank Den Haag , 20-11-2025 \/ C\/09\/694661 \/ FA RK 25-8642","og_description":"Wvggz - voortzetting van de crisismaatregel. Er is bij betrokkene sprake van chronische su\u00efcidaliteit. Op dit moment is er sprake van een acute fase waarvoor opname noodzakelijk is.","og_url":"https:\/\/kohenavocats.com\/ru\/jurisprudences\/eclinlrbdha202523755-rechtbank-den-haag-20-11-2025-c-09-694661-fa-rk-25-8642\/","og_site_name":"Ma\u00eetre Hassan Kohen, avocat en droit p\u00e9nal \u00e0 Paris","twitter_card":"summary_large_image","twitter_misc":{"\u041f\u0440\u0438\u043c\u0435\u0440\u043d\u043e\u0435 \u0432\u0440\u0435\u043c\u044f \u0434\u043b\u044f \u0447\u0442\u0435\u043d\u0438\u044f":"7 \u043c\u0438\u043d\u0443\u0442"},"schema":{"@context":"https:\/\/schema.org","@graph":[{"@type":"WebPage","@id":"https:\/\/kohenavocats.com\/ru\/jurisprudences\/eclinlrbdha202523755-rechtbank-den-haag-20-11-2025-c-09-694661-fa-rk-25-8642\/","url":"https:\/\/kohenavocats.com\/ru\/jurisprudences\/eclinlrbdha202523755-rechtbank-den-haag-20-11-2025-c-09-694661-fa-rk-25-8642\/","name":"ECLI:NL:RBDHA:2025:23755 Rechtbank Den Haag , 20-11-2025 \/ C\/09\/694661 \/ FA RK 25-8642 - Ma\u00eetre Hassan Kohen, avocat en droit p\u00e9nal \u00e0 Paris","isPartOf":{"@id":"https:\/\/kohenavocats.com\/ru\/#website"},"datePublished":"2026-04-24T02:35:16+00:00","breadcrumb":{"@id":"https:\/\/kohenavocats.com\/ru\/jurisprudences\/eclinlrbdha202523755-rechtbank-den-haag-20-11-2025-c-09-694661-fa-rk-25-8642\/#breadcrumb"},"inLanguage":"ru-RU","potentialAction":[{"@type":"ReadAction","target":["https:\/\/kohenavocats.com\/ru\/jurisprudences\/eclinlrbdha202523755-rechtbank-den-haag-20-11-2025-c-09-694661-fa-rk-25-8642\/"]}]},{"@type":"BreadcrumbList","@id":"https:\/\/kohenavocats.com\/ru\/jurisprudences\/eclinlrbdha202523755-rechtbank-den-haag-20-11-2025-c-09-694661-fa-rk-25-8642\/#breadcrumb","itemListElement":[{"@type":"ListItem","position":1,"name":"Home","item":"https:\/\/kohenavocats.com\/ru\/avocats-en-droit-penal-a-paris-conseil-et-defense-strategique\/"},{"@type":"ListItem","position":2,"name":"Jurisprudences","item":"https:\/\/kohenavocats.com\/ru\/jurisprudences\/"},{"@type":"ListItem","position":3,"name":"ECLI:NL:RBDHA:2025:23755 Rechtbank Den Haag , 20-11-2025 \/ C\/09\/694661 \/ FA RK 25-8642"}]},{"@type":"WebSite","@id":"https:\/\/kohenavocats.com\/ru\/#website","url":"https:\/\/kohenavocats.com\/ru\/","name":"Kohen Avocats","description":"Ma\u00eetre Hassan Kohen, avocat p\u00e9naliste \u00e0 Paris, intervient exclusivement en droit p\u00e9nal pour la d\u00e9fense des particuliers, notamment en mati\u00e8re d\u2019accusations de viol. Il assure un accompagnement rigoureux d\u00e8s la garde \u00e0 vue jusqu\u2019\u00e0 la Cour d\u2019assises, veillant au strict respect des garanties proc\u00e9durales.","publisher":{"@id":"https:\/\/kohenavocats.com\/ru\/#organization"},"potentialAction":[{"@type":"SearchAction","target":{"@type":"EntryPoint","urlTemplate":"https:\/\/kohenavocats.com\/ru\/?s={search_term_string}"},"query-input":{"@type":"PropertyValueSpecification","valueRequired":true,"valueName":"search_term_string"}}],"inLanguage":"ru-RU"},{"@type":"Organization","@id":"https:\/\/kohenavocats.com\/ru\/#organization","name":"Kohen Avocats","url":"https:\/\/kohenavocats.com\/ru\/","logo":{"@type":"ImageObject","inLanguage":"ru-RU","@id":"https:\/\/kohenavocats.com\/ru\/#\/schema\/logo\/image\/","url":"https:\/\/kohenavocats.com\/wp-content\/uploads\/2026\/01\/Logo-2-1.webp","contentUrl":"https:\/\/kohenavocats.com\/wp-content\/uploads\/2026\/01\/Logo-2-1.webp","width":2114,"height":1253,"caption":"Kohen Avocats"},"image":{"@id":"https:\/\/kohenavocats.com\/ru\/#\/schema\/logo\/image\/"}}]}},"jetpack_likes_enabled":false,"jetpack_sharing_enabled":true,"_links":{"self":[{"href":"https:\/\/kohenavocats.com\/ru\/wp-json\/wp\/v2\/kji_decision\/668249","targetHints":{"allow":["GET"]}}],"collection":[{"href":"https:\/\/kohenavocats.com\/ru\/wp-json\/wp\/v2\/kji_decision"}],"about":[{"href":"https:\/\/kohenavocats.com\/ru\/wp-json\/wp\/v2\/types\/kji_decision"}],"wp:attachment":[{"href":"https:\/\/kohenavocats.com\/ru\/wp-json\/wp\/v2\/media?parent=668249"}],"wp:term":[{"taxonomy":"kji_country","embeddable":true,"href":"https:\/\/kohenavocats.com\/ru\/wp-json\/wp\/v2\/kji_country?post=668249"},{"taxonomy":"kji_court","embeddable":true,"href":"https:\/\/kohenavocats.com\/ru\/wp-json\/wp\/v2\/kji_court?post=668249"},{"taxonomy":"kji_chamber","embeddable":true,"href":"https:\/\/kohenavocats.com\/ru\/wp-json\/wp\/v2\/kji_chamber?post=668249"},{"taxonomy":"kji_year","embeddable":true,"href":"https:\/\/kohenavocats.com\/ru\/wp-json\/wp\/v2\/kji_year?post=668249"},{"taxonomy":"kji_subject","embeddable":true,"href":"https:\/\/kohenavocats.com\/ru\/wp-json\/wp\/v2\/kji_subject?post=668249"},{"taxonomy":"kji_keyword","embeddable":true,"href":"https:\/\/kohenavocats.com\/ru\/wp-json\/wp\/v2\/kji_keyword?post=668249"},{"taxonomy":"kji_language","embeddable":true,"href":"https:\/\/kohenavocats.com\/ru\/wp-json\/wp\/v2\/kji_language?post=668249"}],"curies":[{"name":"wp","href":"https:\/\/api.w.org\/{rel}","templated":true}]}}