{"id":668508,"date":"2026-04-24T04:54:47","date_gmt":"2026-04-24T02:54:47","guid":{"rendered":"https:\/\/kohenavocats.com\/jurisprudences\/acordao-supremo-tribunal-de-justica-processo-1511-19-0t8stb-a-e1-s1-2022-05-11\/"},"modified":"2026-04-24T04:54:47","modified_gmt":"2026-04-24T02:54:47","slug":"acordao-supremo-tribunal-de-justica-processo-1511-19-0t8stb-a-e1-s1-2022-05-11","status":"publish","type":"kji_decision","link":"https:\/\/kohenavocats.com\/ru\/jurisprudences\/acordao-supremo-tribunal-de-justica-processo-1511-19-0t8stb-a-e1-s1-2022-05-11\/","title":{"rendered":"Ac\u00f3rd\u00e3o Supremo Tribunal de Justi\u00e7a \u2013 Processo 1511\/19.0T8STB-A.E1.S1 \u2013 2022-05-11"},"content":{"rendered":"<div class=\"kji-decision\">\n<p class=\"kji-summary\">Relator: ISA?AS P?DUA. I &#8212; A regra ? de que o credor n?o pode exigir o cumprimento de uma obriga??o antes do vencimento\/decurso do prazo (para ele previsto), sendo esse prazo estabelecido em benef?cio do devedor. II &#8212; Regra essa que sofre de algumas exce??es, entre as quais se encontra aquela contemplada no art?. 781? do C. Civil, e do qual resulta a perda do benef?cio do prazo pelo devedor (principal) a favor do credor. III &#8212; Benef?cio de prazo esse (do art?. 781? do C. Civil) ? traduzido em poder antecipar o vencimento de todas presta??es futuras, referentes a uma obriga??o cuja satisfa??o est? escalonada no tempo, sempre que o devedor deixe de liquidar uma delas ? que o credor, num regime com car?ter supletivo, pode exercer ou n?o facultativamente. IV &#8212; A perda de benef?cio do prazo pelo devedor a favor do credor n?o se estende, por?m, ao seu fiador, e bem como aos seus demais co-obrigados e a terceiros (art?. 782?, do C. Civil). V &#8212; S? assim n?o suceder?, num regime que igualmente se apresenta com natureza supletiva, se as partes outorgantes, ? luz do princ?pio liberdade contratual (?nsito no art?. 405?, n?. 1, do CC), tiverem expressamente convencionado o contr?rio. VI &#8212; N?o o tendo feito, o credor s? poder? exigir do fiador do devedor principal (ou dos demais co-obrigados deste) o imediato pagamento da totalidade da d?vida antecipada se previamente o tiver interpelado, com essa comina??o\/advert?ncia, para por termo ? mora, pagando as quantias em d?vida vencidas pelo decurso do prazo contratual para elas estipulado. VII &#8212; A cita??o do fiador na a??o executiva, que contra si instaurou o credor com vista a obter dele o pagamento da totalidade de tal cr?dito (que ali se apresenta como litigioso), n?o tem a virtualidade, por n?o ser o meio id?neo para o efeito, de substituir a referida interpela??o (pr?via).<\/p>\n<hr class=\"kji-sep\" \/>\n<p class=\"kji-source-links\"><strong>Sources officielles :<\/strong> <a class=\"kji-source-link\" href=\"https:\/\/www.dgsi.pt\/jstj.nsf\/954f0ce6ad9dd8b980256b5f003fa814\/5cc8b737fe9e8094802588400030eb63?OpenDocument&#038;ExpandSection=1\" target=\"_blank\" rel=\"noopener noreferrer\">consulter la page source<\/a><\/p>\n<p class=\"kji-license-note\"><em>Portails officiels portugais (DGSI \/ Tribunal Constitucional). Republication en metadata_only par prudence licencielle ; consulter la source officielle pour le texte authentique.<\/em><\/p>\n<\/div>\n","protected":false},"excerpt":{"rendered":"<p>Relator: ISA?AS P?DUA. I &#8212; A regra ? de que o credor n?o pode exigir o cumprimento de uma obriga??o antes do vencimento\/decurso do prazo (para ele previsto), sendo esse prazo estabelecido em benef?cio do devedor. II &#8212; Regra essa que sofre de algumas exce??es, entre as quais se encontra aquela contemplada no art?. 781? do C. Civil, e do qual resulta a perda do benef?cio do prazo pelo devedor (principal) a favor do credor. III &#8212; Benef?cio de prazo esse (do art?. 781? do C. Civil) ? traduzido em poder antecipar o vencimento de todas presta??es futuras, referentes a uma obriga??o cuja satisfa??o est? escalonada no tempo, sempre que o devedor deixe de liquidar uma delas ? que o credor, num regime com car?ter supletivo, pode exercer ou n?o facultativamente. IV &#8212; A perda de benef?cio do prazo pelo devedor a favor do credor n?o se estende, por?m, ao seu fiador, e bem como aos seus demais co-obrigados e a terceiros (art?. 782?, do C. Civil). V &#8212; S? assim n?o suceder?, num regime que igualmente se apresenta com natureza supletiva, se as partes outorgantes, ? luz do princ?pio liberdade contratual (?nsito no art?. 405?, n?. 1, do CC), tiverem expressamente convencionado o contr?rio. VI &#8212; N?o o tendo feito, o credor s? poder? exigir do fiador do devedor principal (ou dos demais co-obrigados deste) o imediato pagamento da totalidade da d?vida antecipada se previamente o tiver interpelado, com essa comina??o\/advert?ncia, para por termo ? mora, pagando as quantias em d?vida vencidas pelo decurso do prazo contratual para elas estipulado. VII &#8212; A cita??o do fiador na a??o executiva, que contra si instaurou o credor com vista a obter dele o pagamento da totalidade de tal cr?dito (que ali se apresenta como litigioso), n?o tem a virtualidade, por n?o ser o meio id?neo para o efeito, de substituir a referida interpela??o (pr?via).<\/p>\n","protected":false},"featured_media":0,"template":"","meta":{"_crdt_document":""},"kji_country":[7762],"kji_court":[7763],"kji_chamber":[9174],"kji_year":[32183],"kji_subject":[7724],"kji_keyword":[7772,7774,7771,7773,7636],"kji_language":[7770],"class_list":["post-668508","kji_decision","type-kji_decision","status-publish","hentry","kji_country-portugal","kji_court-supremo-tribunal-de-justica","kji_chamber-1-seco","kji_year-32183","kji_subject-civil","kji_keyword-acordao","kji_keyword-justica","kji_keyword-processo","kji_keyword-supremo","kji_keyword-tribunal","kji_language-pt"],"yoast_head":"<!-- This site is optimized with the Yoast SEO Premium plugin v27.5 (Yoast SEO v27.5) - https:\/\/yoast.com\/product\/yoast-seo-premium-wordpress\/ -->\n<title>Ac\u00f3rd\u00e3o Supremo Tribunal de Justi\u00e7a \u2013 Processo 1511\/19.0T8STB-A.E1.S1 \u2013 2022-05-11 - Ma\u00eetre Hassan Kohen, avocat en droit p\u00e9nal \u00e0 Paris<\/title>\n<meta name=\"robots\" content=\"index, follow, max-snippet:-1, max-image-preview:large, max-video-preview:-1\" \/>\n<link rel=\"canonical\" href=\"https:\/\/kohenavocats.com\/ru\/jurisprudences\/acordao-supremo-tribunal-de-justica-processo-1511-19-0t8stb-a-e1-s1-2022-05-11\/\" \/>\n<meta property=\"og:locale\" content=\"ru_RU\" \/>\n<meta property=\"og:type\" content=\"article\" \/>\n<meta property=\"og:title\" content=\"Ac\u00f3rd\u00e3o Supremo Tribunal de Justi\u00e7a \u2013 Processo 1511\/19.0T8STB-A.E1.S1 \u2013 2022-05-11\" \/>\n<meta property=\"og:description\" content=\"Relator: ISA?AS P?DUA. I - A regra ? de que o credor n?o pode exigir o cumprimento de uma obriga??o antes do vencimento\/decurso do prazo (para ele previsto), sendo esse prazo estabelecido em benef?cio do devedor. II - Regra essa que sofre de algumas exce??es, entre as quais se encontra aquela contemplada no art?. 781? do C. Civil, e do qual resulta a perda do benef?cio do prazo pelo devedor (principal) a favor do credor. III - Benef?cio de prazo esse (do art?. 781? do C. Civil) ? traduzido em poder antecipar o vencimento de todas presta??es futuras, referentes a uma obriga??o cuja satisfa??o est? escalonada no tempo, sempre que o devedor deixe de liquidar uma delas ? que o credor, num regime com car?ter supletivo, pode exercer ou n?o facultativamente. IV - A perda de benef?cio do prazo pelo devedor a favor do credor n?o se estende, por?m, ao seu fiador, e bem como aos seus demais co-obrigados e a terceiros (art?. 782?, do C. Civil). V - S? assim n?o suceder?, num regime que igualmente se apresenta com natureza supletiva, se as partes outorgantes, ? luz do princ?pio liberdade contratual (?nsito no art?. 405?, n?. 1, do CC), tiverem expressamente convencionado o contr?rio. VI - N?o o tendo feito, o credor s? poder? exigir do fiador do devedor principal (ou dos demais co-obrigados deste) o imediato pagamento da totalidade da d?vida antecipada se previamente o tiver interpelado, com essa comina??o\/advert?ncia, para por termo ? mora, pagando as quantias em d?vida vencidas pelo decurso do prazo contratual para elas estipulado. VII - A cita??o do fiador na a??o executiva, que contra si instaurou o credor com vista a obter dele o pagamento da totalidade de tal cr?dito (que ali se apresenta como litigioso), n?o tem a virtualidade, por n?o ser o meio id?neo para o efeito, de substituir a referida interpela??o (pr?via).\" \/>\n<meta property=\"og:url\" content=\"https:\/\/kohenavocats.com\/ru\/jurisprudences\/acordao-supremo-tribunal-de-justica-processo-1511-19-0t8stb-a-e1-s1-2022-05-11\/\" \/>\n<meta property=\"og:site_name\" content=\"Ma\u00eetre Hassan Kohen, avocat en droit p\u00e9nal \u00e0 Paris\" \/>\n<meta name=\"twitter:card\" content=\"summary_large_image\" \/>\n<meta name=\"twitter:label1\" content=\"\u041f\u0440\u0438\u043c\u0435\u0440\u043d\u043e\u0435 \u0432\u0440\u0435\u043c\u044f \u0434\u043b\u044f \u0447\u0442\u0435\u043d\u0438\u044f\" \/>\n\t<meta name=\"twitter:data1\" content=\"2 \u043c\u0438\u043d\u0443\u0442\u044b\" \/>\n<script type=\"application\/ld+json\" class=\"yoast-schema-graph\">{\"@context\":\"https:\\\/\\\/schema.org\",\"@graph\":[{\"@type\":\"WebPage\",\"@id\":\"https:\\\/\\\/kohenavocats.com\\\/ru\\\/jurisprudences\\\/acordao-supremo-tribunal-de-justica-processo-1511-19-0t8stb-a-e1-s1-2022-05-11\\\/\",\"url\":\"https:\\\/\\\/kohenavocats.com\\\/ru\\\/jurisprudences\\\/acordao-supremo-tribunal-de-justica-processo-1511-19-0t8stb-a-e1-s1-2022-05-11\\\/\",\"name\":\"Ac\u00f3rd\u00e3o Supremo Tribunal de Justi\u00e7a \u2013 Processo 1511\\\/19.0T8STB-A.E1.S1 \u2013 2022-05-11 - Ma\u00eetre Hassan Kohen, avocat en droit p\u00e9nal \u00e0 Paris\",\"isPartOf\":{\"@id\":\"https:\\\/\\\/kohenavocats.com\\\/ru\\\/#website\"},\"datePublished\":\"2026-04-24T02:54:47+00:00\",\"breadcrumb\":{\"@id\":\"https:\\\/\\\/kohenavocats.com\\\/ru\\\/jurisprudences\\\/acordao-supremo-tribunal-de-justica-processo-1511-19-0t8stb-a-e1-s1-2022-05-11\\\/#breadcrumb\"},\"inLanguage\":\"ru-RU\",\"potentialAction\":[{\"@type\":\"ReadAction\",\"target\":[\"https:\\\/\\\/kohenavocats.com\\\/ru\\\/jurisprudences\\\/acordao-supremo-tribunal-de-justica-processo-1511-19-0t8stb-a-e1-s1-2022-05-11\\\/\"]}]},{\"@type\":\"BreadcrumbList\",\"@id\":\"https:\\\/\\\/kohenavocats.com\\\/ru\\\/jurisprudences\\\/acordao-supremo-tribunal-de-justica-processo-1511-19-0t8stb-a-e1-s1-2022-05-11\\\/#breadcrumb\",\"itemListElement\":[{\"@type\":\"ListItem\",\"position\":1,\"name\":\"Home\",\"item\":\"https:\\\/\\\/kohenavocats.com\\\/ru\\\/avocats-en-droit-penal-a-paris-conseil-et-defense-strategique\\\/\"},{\"@type\":\"ListItem\",\"position\":2,\"name\":\"Jurisprudences\",\"item\":\"https:\\\/\\\/kohenavocats.com\\\/ru\\\/jurisprudences\\\/\"},{\"@type\":\"ListItem\",\"position\":3,\"name\":\"Ac\u00f3rd\u00e3o Supremo Tribunal de Justi\u00e7a \u2013 Processo 1511\\\/19.0T8STB-A.E1.S1 \u2013 2022-05-11\"}]},{\"@type\":\"WebSite\",\"@id\":\"https:\\\/\\\/kohenavocats.com\\\/ru\\\/#website\",\"url\":\"https:\\\/\\\/kohenavocats.com\\\/ru\\\/\",\"name\":\"Kohen Avocats\",\"description\":\"Ma\u00eetre Hassan Kohen, avocat p\u00e9naliste \u00e0 Paris, intervient exclusivement en droit p\u00e9nal pour la d\u00e9fense des particuliers, notamment en mati\u00e8re d\u2019accusations de viol. Il assure un accompagnement rigoureux d\u00e8s la garde \u00e0 vue jusqu\u2019\u00e0 la Cour d\u2019assises, veillant au strict respect des garanties proc\u00e9durales.\",\"publisher\":{\"@id\":\"https:\\\/\\\/kohenavocats.com\\\/ru\\\/#organization\"},\"potentialAction\":[{\"@type\":\"SearchAction\",\"target\":{\"@type\":\"EntryPoint\",\"urlTemplate\":\"https:\\\/\\\/kohenavocats.com\\\/ru\\\/?s={search_term_string}\"},\"query-input\":{\"@type\":\"PropertyValueSpecification\",\"valueRequired\":true,\"valueName\":\"search_term_string\"}}],\"inLanguage\":\"ru-RU\"},{\"@type\":\"Organization\",\"@id\":\"https:\\\/\\\/kohenavocats.com\\\/ru\\\/#organization\",\"name\":\"Kohen Avocats\",\"url\":\"https:\\\/\\\/kohenavocats.com\\\/ru\\\/\",\"logo\":{\"@type\":\"ImageObject\",\"inLanguage\":\"ru-RU\",\"@id\":\"https:\\\/\\\/kohenavocats.com\\\/ru\\\/#\\\/schema\\\/logo\\\/image\\\/\",\"url\":\"https:\\\/\\\/kohenavocats.com\\\/wp-content\\\/uploads\\\/2026\\\/01\\\/Logo-2-1.webp\",\"contentUrl\":\"https:\\\/\\\/kohenavocats.com\\\/wp-content\\\/uploads\\\/2026\\\/01\\\/Logo-2-1.webp\",\"width\":2114,\"height\":1253,\"caption\":\"Kohen Avocats\"},\"image\":{\"@id\":\"https:\\\/\\\/kohenavocats.com\\\/ru\\\/#\\\/schema\\\/logo\\\/image\\\/\"}}]}<\/script>\n<!-- \/ Yoast SEO Premium plugin. -->","yoast_head_json":{"title":"Ac\u00f3rd\u00e3o Supremo Tribunal de Justi\u00e7a \u2013 Processo 1511\/19.0T8STB-A.E1.S1 \u2013 2022-05-11 - Ma\u00eetre Hassan Kohen, avocat en droit p\u00e9nal \u00e0 Paris","robots":{"index":"index","follow":"follow","max-snippet":"max-snippet:-1","max-image-preview":"max-image-preview:large","max-video-preview":"max-video-preview:-1"},"canonical":"https:\/\/kohenavocats.com\/ru\/jurisprudences\/acordao-supremo-tribunal-de-justica-processo-1511-19-0t8stb-a-e1-s1-2022-05-11\/","og_locale":"ru_RU","og_type":"article","og_title":"Ac\u00f3rd\u00e3o Supremo Tribunal de Justi\u00e7a \u2013 Processo 1511\/19.0T8STB-A.E1.S1 \u2013 2022-05-11","og_description":"Relator: ISA?AS P?DUA. I - A regra ? de que o credor n?o pode exigir o cumprimento de uma obriga??o antes do vencimento\/decurso do prazo (para ele previsto), sendo esse prazo estabelecido em benef?cio do devedor. II - Regra essa que sofre de algumas exce??es, entre as quais se encontra aquela contemplada no art?. 781? do C. Civil, e do qual resulta a perda do benef?cio do prazo pelo devedor (principal) a favor do credor. III - Benef?cio de prazo esse (do art?. 781? do C. Civil) ? traduzido em poder antecipar o vencimento de todas presta??es futuras, referentes a uma obriga??o cuja satisfa??o est? escalonada no tempo, sempre que o devedor deixe de liquidar uma delas ? que o credor, num regime com car?ter supletivo, pode exercer ou n?o facultativamente. IV - A perda de benef?cio do prazo pelo devedor a favor do credor n?o se estende, por?m, ao seu fiador, e bem como aos seus demais co-obrigados e a terceiros (art?. 782?, do C. Civil). V - S? assim n?o suceder?, num regime que igualmente se apresenta com natureza supletiva, se as partes outorgantes, ? luz do princ?pio liberdade contratual (?nsito no art?. 405?, n?. 1, do CC), tiverem expressamente convencionado o contr?rio. VI - N?o o tendo feito, o credor s? poder? exigir do fiador do devedor principal (ou dos demais co-obrigados deste) o imediato pagamento da totalidade da d?vida antecipada se previamente o tiver interpelado, com essa comina??o\/advert?ncia, para por termo ? mora, pagando as quantias em d?vida vencidas pelo decurso do prazo contratual para elas estipulado. VII - A cita??o do fiador na a??o executiva, que contra si instaurou o credor com vista a obter dele o pagamento da totalidade de tal cr?dito (que ali se apresenta como litigioso), n?o tem a virtualidade, por n?o ser o meio id?neo para o efeito, de substituir a referida interpela??o (pr?via).","og_url":"https:\/\/kohenavocats.com\/ru\/jurisprudences\/acordao-supremo-tribunal-de-justica-processo-1511-19-0t8stb-a-e1-s1-2022-05-11\/","og_site_name":"Ma\u00eetre Hassan Kohen, avocat en droit p\u00e9nal \u00e0 Paris","twitter_card":"summary_large_image","twitter_misc":{"\u041f\u0440\u0438\u043c\u0435\u0440\u043d\u043e\u0435 \u0432\u0440\u0435\u043c\u044f \u0434\u043b\u044f \u0447\u0442\u0435\u043d\u0438\u044f":"2 \u043c\u0438\u043d\u0443\u0442\u044b"},"schema":{"@context":"https:\/\/schema.org","@graph":[{"@type":"WebPage","@id":"https:\/\/kohenavocats.com\/ru\/jurisprudences\/acordao-supremo-tribunal-de-justica-processo-1511-19-0t8stb-a-e1-s1-2022-05-11\/","url":"https:\/\/kohenavocats.com\/ru\/jurisprudences\/acordao-supremo-tribunal-de-justica-processo-1511-19-0t8stb-a-e1-s1-2022-05-11\/","name":"Ac\u00f3rd\u00e3o Supremo Tribunal de Justi\u00e7a \u2013 Processo 1511\/19.0T8STB-A.E1.S1 \u2013 2022-05-11 - Ma\u00eetre Hassan Kohen, avocat en droit p\u00e9nal \u00e0 Paris","isPartOf":{"@id":"https:\/\/kohenavocats.com\/ru\/#website"},"datePublished":"2026-04-24T02:54:47+00:00","breadcrumb":{"@id":"https:\/\/kohenavocats.com\/ru\/jurisprudences\/acordao-supremo-tribunal-de-justica-processo-1511-19-0t8stb-a-e1-s1-2022-05-11\/#breadcrumb"},"inLanguage":"ru-RU","potentialAction":[{"@type":"ReadAction","target":["https:\/\/kohenavocats.com\/ru\/jurisprudences\/acordao-supremo-tribunal-de-justica-processo-1511-19-0t8stb-a-e1-s1-2022-05-11\/"]}]},{"@type":"BreadcrumbList","@id":"https:\/\/kohenavocats.com\/ru\/jurisprudences\/acordao-supremo-tribunal-de-justica-processo-1511-19-0t8stb-a-e1-s1-2022-05-11\/#breadcrumb","itemListElement":[{"@type":"ListItem","position":1,"name":"Home","item":"https:\/\/kohenavocats.com\/ru\/avocats-en-droit-penal-a-paris-conseil-et-defense-strategique\/"},{"@type":"ListItem","position":2,"name":"Jurisprudences","item":"https:\/\/kohenavocats.com\/ru\/jurisprudences\/"},{"@type":"ListItem","position":3,"name":"Ac\u00f3rd\u00e3o Supremo Tribunal de Justi\u00e7a \u2013 Processo 1511\/19.0T8STB-A.E1.S1 \u2013 2022-05-11"}]},{"@type":"WebSite","@id":"https:\/\/kohenavocats.com\/ru\/#website","url":"https:\/\/kohenavocats.com\/ru\/","name":"Kohen Avocats","description":"Ma\u00eetre Hassan Kohen, avocat p\u00e9naliste \u00e0 Paris, intervient exclusivement en droit p\u00e9nal pour la d\u00e9fense des particuliers, notamment en mati\u00e8re d\u2019accusations de viol. Il assure un accompagnement rigoureux d\u00e8s la garde \u00e0 vue jusqu\u2019\u00e0 la Cour d\u2019assises, veillant au strict respect des garanties proc\u00e9durales.","publisher":{"@id":"https:\/\/kohenavocats.com\/ru\/#organization"},"potentialAction":[{"@type":"SearchAction","target":{"@type":"EntryPoint","urlTemplate":"https:\/\/kohenavocats.com\/ru\/?s={search_term_string}"},"query-input":{"@type":"PropertyValueSpecification","valueRequired":true,"valueName":"search_term_string"}}],"inLanguage":"ru-RU"},{"@type":"Organization","@id":"https:\/\/kohenavocats.com\/ru\/#organization","name":"Kohen Avocats","url":"https:\/\/kohenavocats.com\/ru\/","logo":{"@type":"ImageObject","inLanguage":"ru-RU","@id":"https:\/\/kohenavocats.com\/ru\/#\/schema\/logo\/image\/","url":"https:\/\/kohenavocats.com\/wp-content\/uploads\/2026\/01\/Logo-2-1.webp","contentUrl":"https:\/\/kohenavocats.com\/wp-content\/uploads\/2026\/01\/Logo-2-1.webp","width":2114,"height":1253,"caption":"Kohen Avocats"},"image":{"@id":"https:\/\/kohenavocats.com\/ru\/#\/schema\/logo\/image\/"}}]}},"jetpack_likes_enabled":false,"jetpack_sharing_enabled":true,"_links":{"self":[{"href":"https:\/\/kohenavocats.com\/ru\/wp-json\/wp\/v2\/kji_decision\/668508","targetHints":{"allow":["GET"]}}],"collection":[{"href":"https:\/\/kohenavocats.com\/ru\/wp-json\/wp\/v2\/kji_decision"}],"about":[{"href":"https:\/\/kohenavocats.com\/ru\/wp-json\/wp\/v2\/types\/kji_decision"}],"wp:attachment":[{"href":"https:\/\/kohenavocats.com\/ru\/wp-json\/wp\/v2\/media?parent=668508"}],"wp:term":[{"taxonomy":"kji_country","embeddable":true,"href":"https:\/\/kohenavocats.com\/ru\/wp-json\/wp\/v2\/kji_country?post=668508"},{"taxonomy":"kji_court","embeddable":true,"href":"https:\/\/kohenavocats.com\/ru\/wp-json\/wp\/v2\/kji_court?post=668508"},{"taxonomy":"kji_chamber","embeddable":true,"href":"https:\/\/kohenavocats.com\/ru\/wp-json\/wp\/v2\/kji_chamber?post=668508"},{"taxonomy":"kji_year","embeddable":true,"href":"https:\/\/kohenavocats.com\/ru\/wp-json\/wp\/v2\/kji_year?post=668508"},{"taxonomy":"kji_subject","embeddable":true,"href":"https:\/\/kohenavocats.com\/ru\/wp-json\/wp\/v2\/kji_subject?post=668508"},{"taxonomy":"kji_keyword","embeddable":true,"href":"https:\/\/kohenavocats.com\/ru\/wp-json\/wp\/v2\/kji_keyword?post=668508"},{"taxonomy":"kji_language","embeddable":true,"href":"https:\/\/kohenavocats.com\/ru\/wp-json\/wp\/v2\/kji_language?post=668508"}],"curies":[{"name":"wp","href":"https:\/\/api.w.org\/{rel}","templated":true}]}}