{"id":668563,"date":"2026-04-24T05:04:00","date_gmt":"2026-04-24T03:04:00","guid":{"rendered":"https:\/\/kohenavocats.com\/jurisprudences\/acordao-supremo-tribunal-de-justica-processo-3028-17-8t8lra-c1-s1-2022-05-11\/"},"modified":"2026-04-24T05:04:00","modified_gmt":"2026-04-24T03:04:00","slug":"acordao-supremo-tribunal-de-justica-processo-3028-17-8t8lra-c1-s1-2022-05-11","status":"publish","type":"kji_decision","link":"https:\/\/kohenavocats.com\/ru\/jurisprudences\/acordao-supremo-tribunal-de-justica-processo-3028-17-8t8lra-c1-s1-2022-05-11\/","title":{"rendered":"Ac\u00f3rd\u00e3o Supremo Tribunal de Justi\u00e7a \u2013 Processo 3028\/17.8T8LRA.C1.S1 \u2013 2022-05-11"},"content":{"rendered":"<div class=\"kji-decision\">\n<p class=\"kji-summary\">Relator: JORGE DIAS. I &#8212; N?o se verificando qualquer das exce??es previstas na parte final da norma do n? 3 do art. 674? do CPC, ou seja, n?o se verificando erro ou viola??o das regras de direito probat?rio suscet?vel de sindic?ncia deste STJ, a fundamenta??o alegada pela recorrente n?o pode ser objeto do recurso de revista, devendo manter-se intoc?vel, por isso, a materialidade f?ctica dada por assente pela Rela??o. II &#8212; N?o resultando dos factos provados mat?ria, da qual possa ser feita a imputa??o ao autor, condutor do veloc?pede, a viola??o de qualquer norma estradal (conduta il?cita), tamb?m n?o temos como relevante na ocorr?ncia do acidente a din?mica pr?pria da circula??o do mesmo em veloc?pede. III &#8212; Tendo a condutora do ve?culo segurado da r? efetuado a manobra de sa?da do estacionamento e entrada na via de circula??o, de marcha atr?s e sem se assegurar que podia efetuar essa manobra em seguran?a e estando, no momento do embate, atravessada na via de circula??o e a ocupar a semi faixa de rodagem onde circulava o autor e quase toda a outra semi faixa, ? respons?vel pela ocorr?ncia desse acidente ocorrido. IV &#8212; Ter o autor formulado na a??o um pedido de indemniza??o l?quido n?o impede o Tribunal de proferir senten?a de condena??o em quantia a liquidar posteriormente, desde que a mat?ria de facto revele a exist?ncia de um dano patrimonial, apesar de se mostrar insuficiente para a sua quantifica??o. V &#8212; O rendimento mensal auferido pelo autor ? o efetivamente provado nos autos, como vencimento, no montante de 2700,00?, sendo r? alheia ? mat?ria de fiscalidade a que o autor esteja obrigado, assim como ? alheia ao cumprimento, ou n?o, da obriga??o fiscal pelo mesmo autor. VI &#8212; Na determina??o do montante da justa indemniza??o destinada a ressarcir danos futuros, perante a constata??o da impossibilidade de averiguar o valor concreto dos danos, tem a jurisprud?ncia recorrido ao ju?zo de equidade a que se reporta o art. 566?, n.? 3, do C?d. Civil, a partir dos elementos de facto apurados, conjugados com diversos crit?rios de c?lculo de natureza instrumental. VII &#8212; A jurisprud?ncia do STJ tem entendido que a indemniza??o por d?fice funcional sofrido em acidente n?o deve ser calculada com base no rendimento anual auferido no ?mbito da atividade profissional habitual do lesado, quando esse d?fice funcional n?o implica incapacidade parcial permanente para o exerc?cio da atividade que exerce, envolvendo apenas esfor?os suplementares. VIII &#8212; Na indemniza??o por danos n?o patrimoniais devem ser observados os padr?es de indemniza??o seguidos pela pr?tica jurisprudencial, procurando &#8212; at? por uma quest?o de justi?a relativa &#8212; uma aplica??o tendencialmente uniformizadora ainda que evolutiva do direito. IX &#8212; N?o se pode atender s? ? pr?tica seguida pela jurisprud?ncia de equivaler indemniza??es para factos semelhantes e estagnarem os montantes indemnizat?rios porque os termos de compara??o se referem a situa??es passadas, devendo ser tida em conta a evolu??o, fazendo o acompanhamento do aumento do custo de vida (infla??o) e o aumento dos rendimentos m?dios das pessoas. X &#8212; Face ao que disp?e o Ac?rd?o Uniformizador n? 4\/2002, tendo sido fixados os montantes indemnizat?rios pelo Tribunal da Rela??o e os mesmos confirmados por este ac?rd?o por corretamente fixados, tais quantias encontram-se atualizadas a essa mesma data em que foram fixados e n?o ? data atual.<\/p>\n<hr class=\"kji-sep\" \/>\n<p class=\"kji-source-links\"><strong>Sources officielles :<\/strong> <a class=\"kji-source-link\" href=\"https:\/\/www.dgsi.pt\/jstj.nsf\/954f0ce6ad9dd8b980256b5f003fa814\/bb9a7d2f730bc0108025884000307774?OpenDocument&#038;ExpandSection=1\" target=\"_blank\" rel=\"noopener noreferrer\">consulter la page source<\/a><\/p>\n<p class=\"kji-license-note\"><em>Portails officiels portugais (DGSI \/ Tribunal Constitucional). Republication en metadata_only par prudence licencielle ; consulter la source officielle pour le texte authentique.<\/em><\/p>\n<\/div>\n","protected":false},"excerpt":{"rendered":"<p>Relator: JORGE DIAS. I &#8212; N?o se verificando qualquer das exce??es previstas na parte final da norma do n? 3 do art. 674? do CPC, ou seja, n?o se verificando erro ou viola??o das regras de direito probat?rio suscet?vel de sindic?ncia deste STJ, a fundamenta??o alegada pela recorrente n?o pode ser objeto do recurso de revista, devendo manter-se intoc?vel, por isso, a materialidade f?ctica dada por assente pela Rela??o. II &#8212; N?o resultando dos factos provados mat?ria, da qual possa ser feita a imputa??o ao autor, condutor do veloc?pede, a viola??o de qualquer norma estradal (conduta il?cita), tamb?m n?o temos como relevante na ocorr?ncia do acidente a din?mica pr?pria da circula??o do mesmo em veloc?pede. III &#8212; Tendo a condutora do ve?culo segurado da r? efetuado a manobra de sa?da do estacionamento e entrada na via de circula??o, de marcha atr?s e sem se assegurar que podia efetuar essa manobra em seguran?a e estando, no momento do embate, atravessada na via de circula??o e a ocupar a semi faixa de rodagem onde circulava o autor e quase toda a outra semi faixa, ? respons?vel pela ocorr?ncia desse acidente ocorrido. IV &#8212; Ter o autor formulado na a??o um pedido de indemniza??o l?quido n?o impede o Tribunal de proferir senten?a de condena??o em quantia a liquidar posteriormente, desde que a mat?ria de facto revele a exist?ncia de um dano patrimonial, apesar de se mostrar insuficiente para a sua quantifica??o. V &#8212; O rendimento mensal auferido pelo autor ? o efetivamente provado nos autos, como vencimento, no montante de 2700,00?, sendo r? alheia ? mat?ria de fiscalidade a que o autor esteja obrigado, assim como ? alheia ao cumprimento, ou n?o, da obriga??o fiscal pelo mesmo autor. VI &#8212; Na determina??o do montante da justa indemniza??o destinada a ressarcir danos futuros, perante a constata??o da impossibilidade de averiguar o valor concreto dos danos, tem a jurisprud?ncia recorrido ao ju?zo de equidade a que se reporta o art. 566?, n.? 3, do C?d. Civil, a partir dos elementos de facto apurados, conjugados com diversos crit?rios de c?lculo de natureza instrumental. VII &#8212; A jurisprud?ncia do STJ tem entendido que a indemniza??o por d?fice funcional sofrido em acidente n?o deve ser calculada com base no rendimento anual auferido no ?mbito da atividade profissional habitual do lesado, quando esse d?fice funcional n?o implica incapacidade parcial permanente para o exerc?cio da atividade que exerce, envolvendo apenas esfor?os suplementares. VIII &#8212; Na indemniza??o por danos n?o patrimoniais devem ser observados os padr?es de indemniza??o seguidos pela pr?tica jurisprudencial, procurando &#8212; at? por uma quest?o de justi?a relativa &#8212; uma aplica??o tendencialmente uniformizadora ainda que evolutiva do direito. IX &#8212; N?o se pode atender s? ? pr?tica seguida pela jurisprud?ncia de equivaler indemniza??es para factos semelhantes e estagnarem os montantes indemnizat?rios porque os termos de compara??o se referem a situa??es passadas, devendo ser tida em conta a evolu??o, fazendo o acompanhamento do aumento do custo de vida (infla??o) e o aumento dos rendimentos m?dios das pessoas. X &#8212; Face ao que disp?e o Ac?rd?o Uniformizador n? 4\/2002, tendo sido fixados os montantes indemnizat?rios pelo Tribunal da Rela??o e os mesmos confirmados por este ac?rd?o por corretamente fixados, tais quantias encontram-se atualizadas a essa mesma data em que foram fixados e n?o ? data atual.<\/p>\n","protected":false},"featured_media":0,"template":"","meta":{"_crdt_document":""},"kji_country":[7762],"kji_court":[7763],"kji_chamber":[9174],"kji_year":[32183],"kji_subject":[7660],"kji_keyword":[7772,7774,7771,7773,7636],"kji_language":[7770],"class_list":["post-668563","kji_decision","type-kji_decision","status-publish","hentry","kji_country-portugal","kji_court-supremo-tribunal-de-justica","kji_chamber-1-seco","kji_year-32183","kji_subject-constitutionnel","kji_keyword-acordao","kji_keyword-justica","kji_keyword-processo","kji_keyword-supremo","kji_keyword-tribunal","kji_language-pt"],"yoast_head":"<!-- This site is optimized with the Yoast SEO Premium plugin v27.4 (Yoast SEO v27.4) - https:\/\/yoast.com\/product\/yoast-seo-premium-wordpress\/ -->\n<title>Ac\u00f3rd\u00e3o Supremo Tribunal de Justi\u00e7a \u2013 Processo 3028\/17.8T8LRA.C1.S1 \u2013 2022-05-11 - Ma\u00eetre Hassan Kohen, avocat en droit p\u00e9nal \u00e0 Paris<\/title>\n<meta name=\"robots\" content=\"index, follow, max-snippet:-1, max-image-preview:large, max-video-preview:-1\" \/>\n<link rel=\"canonical\" href=\"https:\/\/kohenavocats.com\/ru\/jurisprudences\/acordao-supremo-tribunal-de-justica-processo-3028-17-8t8lra-c1-s1-2022-05-11\/\" \/>\n<meta property=\"og:locale\" content=\"ru_RU\" \/>\n<meta property=\"og:type\" content=\"article\" \/>\n<meta property=\"og:title\" content=\"Ac\u00f3rd\u00e3o Supremo Tribunal de Justi\u00e7a \u2013 Processo 3028\/17.8T8LRA.C1.S1 \u2013 2022-05-11\" \/>\n<meta property=\"og:description\" content=\"Relator: JORGE DIAS. I - N?o se verificando qualquer das exce??es previstas na parte final da norma do n? 3 do art. 674? do CPC, ou seja, n?o se verificando erro ou viola??o das regras de direito probat?rio suscet?vel de sindic?ncia deste STJ, a fundamenta??o alegada pela recorrente n?o pode ser objeto do recurso de revista, devendo manter-se intoc?vel, por isso, a materialidade f?ctica dada por assente pela Rela??o. II - N?o resultando dos factos provados mat?ria, da qual possa ser feita a imputa??o ao autor, condutor do veloc?pede, a viola??o de qualquer norma estradal (conduta il?cita), tamb?m n?o temos como relevante na ocorr?ncia do acidente a din?mica pr?pria da circula??o do mesmo em veloc?pede. III - Tendo a condutora do ve?culo segurado da r? efetuado a manobra de sa?da do estacionamento e entrada na via de circula??o, de marcha atr?s e sem se assegurar que podia efetuar essa manobra em seguran?a e estando, no momento do embate, atravessada na via de circula??o e a ocupar a semi faixa de rodagem onde circulava o autor e quase toda a outra semi faixa, ? respons?vel pela ocorr?ncia desse acidente ocorrido. IV - Ter o autor formulado na a??o um pedido de indemniza??o l?quido n?o impede o Tribunal de proferir senten?a de condena??o em quantia a liquidar posteriormente, desde que a mat?ria de facto revele a exist?ncia de um dano patrimonial, apesar de se mostrar insuficiente para a sua quantifica??o. V - O rendimento mensal auferido pelo autor ? o efetivamente provado nos autos, como vencimento, no montante de 2700,00?, sendo r? alheia ? mat?ria de fiscalidade a que o autor esteja obrigado, assim como ? alheia ao cumprimento, ou n?o, da obriga??o fiscal pelo mesmo autor. VI - Na determina??o do montante da justa indemniza??o destinada a ressarcir danos futuros, perante a constata??o da impossibilidade de averiguar o valor concreto dos danos, tem a jurisprud?ncia recorrido ao ju?zo de equidade a que se reporta o art. 566?, n.? 3, do C?d. Civil, a partir dos elementos de facto apurados, conjugados com diversos crit?rios de c?lculo de natureza instrumental. VII - A jurisprud?ncia do STJ tem entendido que a indemniza??o por d?fice funcional sofrido em acidente n?o deve ser calculada com base no rendimento anual auferido no ?mbito da atividade profissional habitual do lesado, quando esse d?fice funcional n?o implica incapacidade parcial permanente para o exerc?cio da atividade que exerce, envolvendo apenas esfor?os suplementares. VIII - Na indemniza??o por danos n?o patrimoniais devem ser observados os padr?es de indemniza??o seguidos pela pr?tica jurisprudencial, procurando - at? por uma quest?o de justi?a relativa - uma aplica??o tendencialmente uniformizadora ainda que evolutiva do direito. IX - N?o se pode atender s? ? pr?tica seguida pela jurisprud?ncia de equivaler indemniza??es para factos semelhantes e estagnarem os montantes indemnizat?rios porque os termos de compara??o se referem a situa??es passadas, devendo ser tida em conta a evolu??o, fazendo o acompanhamento do aumento do custo de vida (infla??o) e o aumento dos rendimentos m?dios das pessoas. X - Face ao que disp?e o Ac?rd?o Uniformizador n? 4\/2002, tendo sido fixados os montantes indemnizat?rios pelo Tribunal da Rela??o e os mesmos confirmados por este ac?rd?o por corretamente fixados, tais quantias encontram-se atualizadas a essa mesma data em que foram fixados e n?o ? data atual.\" \/>\n<meta property=\"og:url\" content=\"https:\/\/kohenavocats.com\/ru\/jurisprudences\/acordao-supremo-tribunal-de-justica-processo-3028-17-8t8lra-c1-s1-2022-05-11\/\" \/>\n<meta property=\"og:site_name\" content=\"Ma\u00eetre Hassan Kohen, avocat en droit p\u00e9nal \u00e0 Paris\" \/>\n<meta name=\"twitter:card\" content=\"summary_large_image\" \/>\n<meta name=\"twitter:label1\" content=\"\u041f\u0440\u0438\u043c\u0435\u0440\u043d\u043e\u0435 \u0432\u0440\u0435\u043c\u044f \u0434\u043b\u044f \u0447\u0442\u0435\u043d\u0438\u044f\" \/>\n\t<meta name=\"twitter:data1\" content=\"3 \u043c\u0438\u043d\u0443\u0442\u044b\" \/>\n<script type=\"application\/ld+json\" class=\"yoast-schema-graph\">{\"@context\":\"https:\\\/\\\/schema.org\",\"@graph\":[{\"@type\":\"WebPage\",\"@id\":\"https:\\\/\\\/kohenavocats.com\\\/ru\\\/jurisprudences\\\/acordao-supremo-tribunal-de-justica-processo-3028-17-8t8lra-c1-s1-2022-05-11\\\/\",\"url\":\"https:\\\/\\\/kohenavocats.com\\\/ru\\\/jurisprudences\\\/acordao-supremo-tribunal-de-justica-processo-3028-17-8t8lra-c1-s1-2022-05-11\\\/\",\"name\":\"Ac\u00f3rd\u00e3o Supremo Tribunal de Justi\u00e7a \u2013 Processo 3028\\\/17.8T8LRA.C1.S1 \u2013 2022-05-11 - Ma\u00eetre Hassan Kohen, avocat en droit p\u00e9nal \u00e0 Paris\",\"isPartOf\":{\"@id\":\"https:\\\/\\\/kohenavocats.com\\\/ru\\\/#website\"},\"datePublished\":\"2026-04-24T03:04:00+00:00\",\"breadcrumb\":{\"@id\":\"https:\\\/\\\/kohenavocats.com\\\/ru\\\/jurisprudences\\\/acordao-supremo-tribunal-de-justica-processo-3028-17-8t8lra-c1-s1-2022-05-11\\\/#breadcrumb\"},\"inLanguage\":\"ru-RU\",\"potentialAction\":[{\"@type\":\"ReadAction\",\"target\":[\"https:\\\/\\\/kohenavocats.com\\\/ru\\\/jurisprudences\\\/acordao-supremo-tribunal-de-justica-processo-3028-17-8t8lra-c1-s1-2022-05-11\\\/\"]}]},{\"@type\":\"BreadcrumbList\",\"@id\":\"https:\\\/\\\/kohenavocats.com\\\/ru\\\/jurisprudences\\\/acordao-supremo-tribunal-de-justica-processo-3028-17-8t8lra-c1-s1-2022-05-11\\\/#breadcrumb\",\"itemListElement\":[{\"@type\":\"ListItem\",\"position\":1,\"name\":\"Home\",\"item\":\"https:\\\/\\\/kohenavocats.com\\\/ru\\\/avocats-en-droit-penal-a-paris-conseil-et-defense-strategique\\\/\"},{\"@type\":\"ListItem\",\"position\":2,\"name\":\"Jurisprudences\",\"item\":\"https:\\\/\\\/kohenavocats.com\\\/ru\\\/jurisprudences\\\/\"},{\"@type\":\"ListItem\",\"position\":3,\"name\":\"Ac\u00f3rd\u00e3o Supremo Tribunal de Justi\u00e7a \u2013 Processo 3028\\\/17.8T8LRA.C1.S1 \u2013 2022-05-11\"}]},{\"@type\":\"WebSite\",\"@id\":\"https:\\\/\\\/kohenavocats.com\\\/ru\\\/#website\",\"url\":\"https:\\\/\\\/kohenavocats.com\\\/ru\\\/\",\"name\":\"Kohen Avocats\",\"description\":\"Ma\u00eetre Hassan Kohen, avocat p\u00e9naliste \u00e0 Paris, intervient exclusivement en droit p\u00e9nal pour la d\u00e9fense des particuliers, notamment en mati\u00e8re d\u2019accusations de viol. Il assure un accompagnement rigoureux d\u00e8s la garde \u00e0 vue jusqu\u2019\u00e0 la Cour d\u2019assises, veillant au strict respect des garanties proc\u00e9durales.\",\"publisher\":{\"@id\":\"https:\\\/\\\/kohenavocats.com\\\/ru\\\/#organization\"},\"potentialAction\":[{\"@type\":\"SearchAction\",\"target\":{\"@type\":\"EntryPoint\",\"urlTemplate\":\"https:\\\/\\\/kohenavocats.com\\\/ru\\\/?s={search_term_string}\"},\"query-input\":{\"@type\":\"PropertyValueSpecification\",\"valueRequired\":true,\"valueName\":\"search_term_string\"}}],\"inLanguage\":\"ru-RU\"},{\"@type\":\"Organization\",\"@id\":\"https:\\\/\\\/kohenavocats.com\\\/ru\\\/#organization\",\"name\":\"Kohen Avocats\",\"url\":\"https:\\\/\\\/kohenavocats.com\\\/ru\\\/\",\"logo\":{\"@type\":\"ImageObject\",\"inLanguage\":\"ru-RU\",\"@id\":\"https:\\\/\\\/kohenavocats.com\\\/ru\\\/#\\\/schema\\\/logo\\\/image\\\/\",\"url\":\"https:\\\/\\\/kohenavocats.com\\\/wp-content\\\/uploads\\\/2026\\\/01\\\/Logo-2-1.webp\",\"contentUrl\":\"https:\\\/\\\/kohenavocats.com\\\/wp-content\\\/uploads\\\/2026\\\/01\\\/Logo-2-1.webp\",\"width\":2114,\"height\":1253,\"caption\":\"Kohen Avocats\"},\"image\":{\"@id\":\"https:\\\/\\\/kohenavocats.com\\\/ru\\\/#\\\/schema\\\/logo\\\/image\\\/\"}}]}<\/script>\n<!-- \/ Yoast SEO Premium plugin. -->","yoast_head_json":{"title":"Ac\u00f3rd\u00e3o Supremo Tribunal de Justi\u00e7a \u2013 Processo 3028\/17.8T8LRA.C1.S1 \u2013 2022-05-11 - Ma\u00eetre Hassan Kohen, avocat en droit p\u00e9nal \u00e0 Paris","robots":{"index":"index","follow":"follow","max-snippet":"max-snippet:-1","max-image-preview":"max-image-preview:large","max-video-preview":"max-video-preview:-1"},"canonical":"https:\/\/kohenavocats.com\/ru\/jurisprudences\/acordao-supremo-tribunal-de-justica-processo-3028-17-8t8lra-c1-s1-2022-05-11\/","og_locale":"ru_RU","og_type":"article","og_title":"Ac\u00f3rd\u00e3o Supremo Tribunal de Justi\u00e7a \u2013 Processo 3028\/17.8T8LRA.C1.S1 \u2013 2022-05-11","og_description":"Relator: JORGE DIAS. I - N?o se verificando qualquer das exce??es previstas na parte final da norma do n? 3 do art. 674? do CPC, ou seja, n?o se verificando erro ou viola??o das regras de direito probat?rio suscet?vel de sindic?ncia deste STJ, a fundamenta??o alegada pela recorrente n?o pode ser objeto do recurso de revista, devendo manter-se intoc?vel, por isso, a materialidade f?ctica dada por assente pela Rela??o. II - N?o resultando dos factos provados mat?ria, da qual possa ser feita a imputa??o ao autor, condutor do veloc?pede, a viola??o de qualquer norma estradal (conduta il?cita), tamb?m n?o temos como relevante na ocorr?ncia do acidente a din?mica pr?pria da circula??o do mesmo em veloc?pede. III - Tendo a condutora do ve?culo segurado da r? efetuado a manobra de sa?da do estacionamento e entrada na via de circula??o, de marcha atr?s e sem se assegurar que podia efetuar essa manobra em seguran?a e estando, no momento do embate, atravessada na via de circula??o e a ocupar a semi faixa de rodagem onde circulava o autor e quase toda a outra semi faixa, ? respons?vel pela ocorr?ncia desse acidente ocorrido. IV - Ter o autor formulado na a??o um pedido de indemniza??o l?quido n?o impede o Tribunal de proferir senten?a de condena??o em quantia a liquidar posteriormente, desde que a mat?ria de facto revele a exist?ncia de um dano patrimonial, apesar de se mostrar insuficiente para a sua quantifica??o. V - O rendimento mensal auferido pelo autor ? o efetivamente provado nos autos, como vencimento, no montante de 2700,00?, sendo r? alheia ? mat?ria de fiscalidade a que o autor esteja obrigado, assim como ? alheia ao cumprimento, ou n?o, da obriga??o fiscal pelo mesmo autor. VI - Na determina??o do montante da justa indemniza??o destinada a ressarcir danos futuros, perante a constata??o da impossibilidade de averiguar o valor concreto dos danos, tem a jurisprud?ncia recorrido ao ju?zo de equidade a que se reporta o art. 566?, n.? 3, do C?d. Civil, a partir dos elementos de facto apurados, conjugados com diversos crit?rios de c?lculo de natureza instrumental. VII - A jurisprud?ncia do STJ tem entendido que a indemniza??o por d?fice funcional sofrido em acidente n?o deve ser calculada com base no rendimento anual auferido no ?mbito da atividade profissional habitual do lesado, quando esse d?fice funcional n?o implica incapacidade parcial permanente para o exerc?cio da atividade que exerce, envolvendo apenas esfor?os suplementares. VIII - Na indemniza??o por danos n?o patrimoniais devem ser observados os padr?es de indemniza??o seguidos pela pr?tica jurisprudencial, procurando - at? por uma quest?o de justi?a relativa - uma aplica??o tendencialmente uniformizadora ainda que evolutiva do direito. IX - N?o se pode atender s? ? pr?tica seguida pela jurisprud?ncia de equivaler indemniza??es para factos semelhantes e estagnarem os montantes indemnizat?rios porque os termos de compara??o se referem a situa??es passadas, devendo ser tida em conta a evolu??o, fazendo o acompanhamento do aumento do custo de vida (infla??o) e o aumento dos rendimentos m?dios das pessoas. X - Face ao que disp?e o Ac?rd?o Uniformizador n? 4\/2002, tendo sido fixados os montantes indemnizat?rios pelo Tribunal da Rela??o e os mesmos confirmados por este ac?rd?o por corretamente fixados, tais quantias encontram-se atualizadas a essa mesma data em que foram fixados e n?o ? data atual.","og_url":"https:\/\/kohenavocats.com\/ru\/jurisprudences\/acordao-supremo-tribunal-de-justica-processo-3028-17-8t8lra-c1-s1-2022-05-11\/","og_site_name":"Ma\u00eetre Hassan Kohen, avocat en droit p\u00e9nal \u00e0 Paris","twitter_card":"summary_large_image","twitter_misc":{"\u041f\u0440\u0438\u043c\u0435\u0440\u043d\u043e\u0435 \u0432\u0440\u0435\u043c\u044f \u0434\u043b\u044f \u0447\u0442\u0435\u043d\u0438\u044f":"3 \u043c\u0438\u043d\u0443\u0442\u044b"},"schema":{"@context":"https:\/\/schema.org","@graph":[{"@type":"WebPage","@id":"https:\/\/kohenavocats.com\/ru\/jurisprudences\/acordao-supremo-tribunal-de-justica-processo-3028-17-8t8lra-c1-s1-2022-05-11\/","url":"https:\/\/kohenavocats.com\/ru\/jurisprudences\/acordao-supremo-tribunal-de-justica-processo-3028-17-8t8lra-c1-s1-2022-05-11\/","name":"Ac\u00f3rd\u00e3o Supremo Tribunal de Justi\u00e7a \u2013 Processo 3028\/17.8T8LRA.C1.S1 \u2013 2022-05-11 - Ma\u00eetre Hassan Kohen, avocat en droit p\u00e9nal \u00e0 Paris","isPartOf":{"@id":"https:\/\/kohenavocats.com\/ru\/#website"},"datePublished":"2026-04-24T03:04:00+00:00","breadcrumb":{"@id":"https:\/\/kohenavocats.com\/ru\/jurisprudences\/acordao-supremo-tribunal-de-justica-processo-3028-17-8t8lra-c1-s1-2022-05-11\/#breadcrumb"},"inLanguage":"ru-RU","potentialAction":[{"@type":"ReadAction","target":["https:\/\/kohenavocats.com\/ru\/jurisprudences\/acordao-supremo-tribunal-de-justica-processo-3028-17-8t8lra-c1-s1-2022-05-11\/"]}]},{"@type":"BreadcrumbList","@id":"https:\/\/kohenavocats.com\/ru\/jurisprudences\/acordao-supremo-tribunal-de-justica-processo-3028-17-8t8lra-c1-s1-2022-05-11\/#breadcrumb","itemListElement":[{"@type":"ListItem","position":1,"name":"Home","item":"https:\/\/kohenavocats.com\/ru\/avocats-en-droit-penal-a-paris-conseil-et-defense-strategique\/"},{"@type":"ListItem","position":2,"name":"Jurisprudences","item":"https:\/\/kohenavocats.com\/ru\/jurisprudences\/"},{"@type":"ListItem","position":3,"name":"Ac\u00f3rd\u00e3o Supremo Tribunal de Justi\u00e7a \u2013 Processo 3028\/17.8T8LRA.C1.S1 \u2013 2022-05-11"}]},{"@type":"WebSite","@id":"https:\/\/kohenavocats.com\/ru\/#website","url":"https:\/\/kohenavocats.com\/ru\/","name":"Kohen Avocats","description":"Ma\u00eetre Hassan Kohen, avocat p\u00e9naliste \u00e0 Paris, intervient exclusivement en droit p\u00e9nal pour la d\u00e9fense des particuliers, notamment en mati\u00e8re d\u2019accusations de viol. Il assure un accompagnement rigoureux d\u00e8s la garde \u00e0 vue jusqu\u2019\u00e0 la Cour d\u2019assises, veillant au strict respect des garanties proc\u00e9durales.","publisher":{"@id":"https:\/\/kohenavocats.com\/ru\/#organization"},"potentialAction":[{"@type":"SearchAction","target":{"@type":"EntryPoint","urlTemplate":"https:\/\/kohenavocats.com\/ru\/?s={search_term_string}"},"query-input":{"@type":"PropertyValueSpecification","valueRequired":true,"valueName":"search_term_string"}}],"inLanguage":"ru-RU"},{"@type":"Organization","@id":"https:\/\/kohenavocats.com\/ru\/#organization","name":"Kohen Avocats","url":"https:\/\/kohenavocats.com\/ru\/","logo":{"@type":"ImageObject","inLanguage":"ru-RU","@id":"https:\/\/kohenavocats.com\/ru\/#\/schema\/logo\/image\/","url":"https:\/\/kohenavocats.com\/wp-content\/uploads\/2026\/01\/Logo-2-1.webp","contentUrl":"https:\/\/kohenavocats.com\/wp-content\/uploads\/2026\/01\/Logo-2-1.webp","width":2114,"height":1253,"caption":"Kohen Avocats"},"image":{"@id":"https:\/\/kohenavocats.com\/ru\/#\/schema\/logo\/image\/"}}]}},"jetpack_likes_enabled":false,"jetpack_sharing_enabled":true,"_links":{"self":[{"href":"https:\/\/kohenavocats.com\/ru\/wp-json\/wp\/v2\/kji_decision\/668563","targetHints":{"allow":["GET"]}}],"collection":[{"href":"https:\/\/kohenavocats.com\/ru\/wp-json\/wp\/v2\/kji_decision"}],"about":[{"href":"https:\/\/kohenavocats.com\/ru\/wp-json\/wp\/v2\/types\/kji_decision"}],"wp:attachment":[{"href":"https:\/\/kohenavocats.com\/ru\/wp-json\/wp\/v2\/media?parent=668563"}],"wp:term":[{"taxonomy":"kji_country","embeddable":true,"href":"https:\/\/kohenavocats.com\/ru\/wp-json\/wp\/v2\/kji_country?post=668563"},{"taxonomy":"kji_court","embeddable":true,"href":"https:\/\/kohenavocats.com\/ru\/wp-json\/wp\/v2\/kji_court?post=668563"},{"taxonomy":"kji_chamber","embeddable":true,"href":"https:\/\/kohenavocats.com\/ru\/wp-json\/wp\/v2\/kji_chamber?post=668563"},{"taxonomy":"kji_year","embeddable":true,"href":"https:\/\/kohenavocats.com\/ru\/wp-json\/wp\/v2\/kji_year?post=668563"},{"taxonomy":"kji_subject","embeddable":true,"href":"https:\/\/kohenavocats.com\/ru\/wp-json\/wp\/v2\/kji_subject?post=668563"},{"taxonomy":"kji_keyword","embeddable":true,"href":"https:\/\/kohenavocats.com\/ru\/wp-json\/wp\/v2\/kji_keyword?post=668563"},{"taxonomy":"kji_language","embeddable":true,"href":"https:\/\/kohenavocats.com\/ru\/wp-json\/wp\/v2\/kji_language?post=668563"}],"curies":[{"name":"wp","href":"https:\/\/api.w.org\/{rel}","templated":true}]}}