{"id":668586,"date":"2026-04-24T05:05:00","date_gmt":"2026-04-24T03:05:00","guid":{"rendered":"https:\/\/kohenavocats.com\/jurisprudences\/eclinlogeac2022377-gerecht-in-eerste-aanleg-van-curacao-06-05-2022-555-00218-21\/"},"modified":"2026-04-24T05:05:00","modified_gmt":"2026-04-24T03:05:00","slug":"eclinlogeac2022377-gerecht-in-eerste-aanleg-van-curacao-06-05-2022-555-00218-21","status":"publish","type":"kji_decision","link":"https:\/\/kohenavocats.com\/ru\/jurisprudences\/eclinlogeac2022377-gerecht-in-eerste-aanleg-van-curacao-06-05-2022-555-00218-21\/","title":{"rendered":"ECLI:NL:OGEAC:2022:377 Gerecht in eerste aanleg van Cura\u00e7ao , 06-05-2022 \/ 555.00218-21"},"content":{"rendered":"<div class=\"kji-decision\">\n<div class=\"kji-full-text\">\n<p><strong>Inhoudsindicatie.<\/strong> Opzetheling. Autocriminaliteit.<\/p>\n<h3>Parketnummer: 555.00218-21<\/h3>\n<p>Uitspraak: 6 mei 2022 Tegenspraak<\/p>\n<h3>Vonnis van dit Gerecht<\/h3>\n<p>in de strafzaak tegen de verdachte:<\/p>\n<h3>[Verdachte],<\/h3>\n<p>geboren [1976] in [Land],<\/p>\n<p>wonende op [adres].<\/p>\n<p>Onderzoek van de zaak<\/p>\n<p>Dit vonnis is gewezen naar aanleiding van het onderzoek ter terechtzitting van<\/p>\n<p>1 april 2022 (inhoudelijke behandeling) en 6 mei 2022 (sluiting).<\/p>\n<p>Het Gerecht heeft kennisgenomen van de vordering van de officier van justitie<\/p>\n<p>mr. B. Niks en van hetgeen door de verdachte en zijn raadsman mr. M.O. Gomes naar voren is gebracht.<\/p>\n<p>Tenlastelegging<\/p>\n<p>Aan de verdachte is ten laste gelegd dat:<\/p>\n<p>hij in de periode van 19 februari 2020 om 23:00 uur tot en met 20 februari 2020 om 02:30 uur, tezamen en in vereniging met een ander of anderen, althans alleen, met het oogmerk van wederrechtelijke toe-eigening heeft weggenomen, een motorrijtuig (van het merk Hyundai, model Elantra, bouwjaar 2017, [kentekennummer], in elk geval enig goed, geheel of ten dele toebehorende aan [eigenaar auto], in elk geval aan een ander of anderen dan aan verdachte en\/of zijn mededader(s), waarbij verdachte en\/of zijn mededader(s) zich de toegang tot de plaats des misdrijfs heeft\/hebben verschaft en\/of de\/het weg te nemen goed(eren) onder zijn\/hun bereik heeft\/hebben gebracht door middel van braak en\/of verbreking, te weten door een of meerder (glazen) ruit(en) te breken, en\/of door inklimming en\/of door middel van een valse sleutel.<\/p>\n<p>subsidiair<\/p>\n<p>dat hij in de periode van 17 januari 2020 tot en met 7 oktober 2021 te Cura\u00e7ao, tezamen en in vereniging met een ander of anderen, althans alleen, een motorrijtuig (van het merk Hyundai, model Elantra, bouwjaar 2017, voorzien van [kentekennummer], heeft verworven, voorhanden heeft gehad en\/of heeft overgedragen, terwijl hij ten tijde van het verwerven of het voorhanden krijgen van boven omschreven goed(eren)wist of begreep, althans redelijkerwijs had moeten vermoeden, dat het (een) door misdrijf verkregen goed(eren) betrof.<\/p>\n<p>Voor zover in de tenlastelegging taal- en\/of schrijffouten voorkomen, zal het Gerecht deze verbeterd lezen. De verdachte wordt daardoor niet in de verdediging geschaad.<\/p>\n<p>Parti\u00eble vrijspraak<\/p>\n<p>Met de officier van justitie en de raadsman van de verdachte is het Gerecht van oordeel dat het dossier geen aanwijzingen bevat om te komen tot een bewezenverklaring van de primair tenlastegelegde diefstal. Het Gerecht zal de verdachte in zoverre dan ook vrijspreken.<\/p>\n<p>Bewezenverklaring<\/p>\n<p>Het Gerecht acht wettig en overtuigend bewezen hetgeen aan de verdachte subsidiair is ten laste gelegd, met dien verstande dat:<\/p>\n<p>hij in de periode van 19 februari 2020 tot en met 5 oktober 2021 te Cura\u00e7ao, een motorrijtuig van het merk Hyundai, model Elantra, bouwjaar 2017 heeft verworven en voorhanden heeft gehad, terwijl hij ten tijde van het verwerven of het voorhanden krijgen van boven omschreven goed wist dat het een door misdrijf verkregen goed betrof.<\/p>\n<p>Hetgeen subsidiair meer of anders is ten laste gelegd, is niet bewezen. De verdachte moet hiervan worden vrijgesproken.<\/p>\n<p>Het Gerecht grondt zijn overtuiging dat de verdachte het subsidiair bewezen verklaarde heeft begaan op de feiten en omstandigheden die in de bewijsmiddelen zijn vervat. Deze zijn opgenomen in het vonnis.<\/p>\n<p>Bewijsmiddelen<\/p>\n<p>1. De verklaring van de verdachte, afgelegd ter terechtzitting in eerste aanleg van 1 april 2022. Deze verklaring houdt in, voor zover van belang en zakelijk weergegeven:<\/p>\n<p>Ik heb de auto die bij mij in beslag is genomen gekocht van een man genaamd [bijnaam]. Ik heb eerst een keuringskaart, een contactslot en een chassisnummer van hem gekocht. Hij zei dat hij ook een auto zou regelen. Dat heeft hij ook gedaan. Ik kon die auto op een gegeven moment bij hem thuis ophalen. Dit is de auto die later door de politie in beslag is genomen. Er zat toen geen kenteken op de auto. Ik heb het contactslot en het chassisnummer dat ik eerder van hem heb gekocht, zelf in die auto gelast.<\/p>\n<p>2. Een proces-verbaal van aangifte van 20 februari 2020, in de wettelijke vorm opgemaakt door de bevoegde opsporingsambtenaar [naam] (pagina 16 e.v.). Dit proces-verbaal houdt in, voor zover van belang en zakelijk weergegeven, als de op 20 februari 2020 tegenover verbalisant afgelegde verklaring van [eigenaar auto]:<\/p>\n<p>Ik ben eigenaar van autobedrijf [naam]. Op 10 februari 2020 heb ik mijn grijze personenauto van het merk Hyundai, model Elantra, [kentekennummer], bouwjaar 2017 en [chassisnummer] verhuurd aan [betrokkene]. Op 20 februari 2020 stelde [betrokkene] mij op de hoogte dat hij de auto op 19 februari 2020 omstreeks 23:00 uur op de Margrietlaan\/Regentesselaan heeft geparkeerd en dat de auto daar niet meer stond toen hij omstreeks 02.30 uur daar terugkeerde.<\/p>\n<p>3. Een proces-verbaal van bevindingen van 7 oktober 2021, in de wettelijke vorm opgemaakt door de bevoegde opsporingsambtenaren [naam] en [naam] (pagina 21 e.v.), alsmede een proces-verbaal van correctie van 31 maart 2022, in de wettelijke vorm opgemaakt door de bevoegde opsporingsambtenaar [naam]. Deze processen-verbaal houden in, voor zover van belang en zakelijk weergegeven, als mededeling van verbalisanten of \u00e9\u00e9n of meer van hen:<\/p>\n<p>Op 15 september 2021 is tijdens een huiszoeking op [adres] een boordcomputer van een personenauto van het merk Hyundai in beslag genomen. Uit onderzoek is gebleken dat het VIN-nummer bij deze boordcomputer is [VIN-nummer].<\/p>\n<p>Dit VIN-nummer bleek bij controle in het kentekenbestand te horen bij een grijze personenauto van het merk Hyundai, model Elantra, [kentekennummer]. Dit voertuig stond op naam van [moeder verdachte], wonend op [adres].<\/p>\n<p>Bij het raadplegen van Forensys bleek dat deze personenauto op 24 mei 2019 omstreeks 03.39 uur op de Snipweg betrokken was bij een aanrijding, waarbij deze auto zwaar beschadigd was (total loss) na een botsing tegen een muur. Het wrak was niet meer te repareren. Gebleken is dat deze auto ten tijde van de aanrijding eigendom was van Economy Car Rental (Budget Car Rental).<\/p>\n<p>Uit navraag bij Budget Car Rental bleek dat het wrak met [kentekennummer] op 23 september 2019 aan [betrokkene 2] is verkocht. Uit de historische lijst van het Keuringslokaal blijkt dat dit voertuig door [betrokkenen 2] werd doorverkocht aan [betrokkene 3] en dat het voertuig op 17 januari 2020 op naam van [moeder verdachte] is overgeschreven en tot op heden op haar naam staat. De auto is op 5 oktober 2020 in het belang van het onderzoek in beslag genomen.<\/p>\n<p>De personenauto is voor onderzoek naar Crown Automotive gebracht voor het uitlezen van de boordcomputer. Bij het uitlezen bleek het VIN-nummer te zijn (naar het Gerecht is gebleken) [VIN-nummer].<\/p>\n<p>Nadere overweging van het Gerecht<\/p>\n<p>Het Gerecht heeft geconstateerd dat in het proces-verbaal van bevindingen hier als VIN nummer is vermeld [VIN-nummer]. Blijkens het proces-verbaal van correctie van 31 maart 2022, in de wettelijke vorm opgemaakt door de bevoegde opsporingsambtenaar [naam] blijkt dat dit onjuist is en dat het juiste VIN-nummer is [VIN-nummer].<\/p>\n<p>Conclusie<\/p>\n<p>Een deel van de balk met het VIN-nummer van de auto met [kentekennummer] is uitgesneden en op de balk met het VIN-nummer van de auto met [kentekennummer] gemonteerd door middel van solderen en afwerken met bodyfiller.<\/p>\n<p>Het dashboard van de auto met [kentekennummer] is uit het wrak verwijderd en in de auto met [kentekennummer] gebouwd. De sticker in het bestuurdersportier werd eveneens vervalst.<\/p>\n<p>Strafbaarheid en kwalificatie van het bewezen verklaarde<\/p>\n<p>Er zijn geen feiten of omstandigheden aannemelijk geworden die de strafbaarheid van het bewezenverklaarde uitsluiten.<\/p>\n<p>Het bewezenverklaarde wordt als volgt gekwalificeerd:<\/p>\n<h3>opzetheling.<\/h3>\n<p>Strafbaarheid van de verdachte<\/p>\n<p>Er zijn geen feiten of omstandigheden aannemelijk geworden die de strafbaarheid van de verdachte uitsluiten, zodat de verdachte strafbaar is.<\/p>\n<p>Oplegging van straf<\/p>\n<p>De officier van justitie heeft gevorderd dat de verdachte voor het subsidiair ten laste gelegde zal worden veroordeeld tot een gevangenisstraf voor de duur van 90 dagen, waarvan 80 dagen voorwaardelijk met een proeftijd van 3 jaren met als bijzondere voorwaarde dat de verdachte zich gedurende de proeftijd zal gedragen naar de voorschriften die hem door of namens de reclassering worden gegeven. Daarnaast vordert hij een werkstraf voor de duur van 150 uren, bij niet naar behoren verrichten te vervangen door 75 dagen hechtenis.<\/p>\n<p>De raadsman heeft een strafmaatverweer gevoerd.<\/p>\n<p>Het Gerecht overweegt als volgt.<\/p>\n<p>Bij de bepaling van de op te leggen straf wordt gelet op de aard en de ernst van hetgeen bewezen is verklaard, op de omstandigheden waaronder het bewezen verklaarde is begaan, op de mate waarin de gedraging aan de verdachte te verwijten en op de persoon van de verdachte, zoals een en ander bij het onderzoek ter terechtzitting naar voren is gekomen. Daarbij wordt rekening gehouden met de ernst van het bewezen verklaarde in verhouding tot andere strafbare feiten, zoals die onder meer tot uitdrukking komt in het hierop gestelde wettelijke strafmaximum en in de straffen die voor soortgelijke feiten worden opgelegd.<\/p>\n<p>De verdachte heeft zich schuldig gemaakt aan opzetheling van een personenauto, door die auto, waarvan hij wist dat deze was gestolen, te kopen. Het is algemeen bekend dat autocriminaliteit een groot probleem is in Cura\u00e7ao. De verdachte heeft door zijn handelen bijgedragen aan de instandhouding van die vorm van criminaliteit, die immers alleen loont wanneer er afnemers zijn voor gestolen goederen. Het Gerecht neemt het de verdachte kwalijk dat hij zich, naar eigen zeggen, heeft laten leiden door zijn penibele financi\u00eble situatie, zonder oog te hebben voor de schade en overlast die daardoor aan een ander wordt berokkend.<\/p>\n<p>Daar staat tegenover dat de verdachte blijkens zijn strafkaart van 24 november 2021 niet eerder strafrechtelijk is veroordeeld. Daarnaast heeft de verdachte bij de politie en ter terechtzitting openheid van zaken heeft gegeven en heeft hij spijt betuigd.<\/p>\n<p>Het Gerecht heeft ook acht geslagen op het reclasseringsrapport van 30 maart 2022.<\/p>\n<p>De reclassering schat het recidiverisico in als gering. Tijdens het contact met de verdachte zijn geen aandachtspunten naar voren gekomen. Hulpverlening aan de verdachte wordt dan ook niet noodzakelijk geacht. Het Gerecht ziet daarom geen reden tot oplegging van de door de officier van justitie gevorderde voorwaardelijke gevangenisstraf met als bijzondere voorwaarde het reclasseringstoezicht.<\/p>\n<p>Het Gerecht komt alles afwegende tot een andere straf dan door de officier van justitie gevorderd. Het Gerecht acht oplegging van een werkstraf voor de duur van 200 uren passend en geboden.<\/p>\n<p>Toepasselijke wettelijke voorschriften<\/p>\n<p>De op te leggen straf is gegrond op de artikelen 1:45, 1:46 en 2:397 van het Wetboek van Strafrecht.<\/p>\n<h3>BESLISSING<\/h3>\n<p>Het Gerecht:<\/p>\n<p>verklaart niet bewezen hetgeen aan de verdachte primair ten laste is gelegd en spreekt hem daarvan vrij;<\/p>\n<p>verklaart wettig en overtuigend bewezen dat de verdachte het subsidiair ten laste gelegde feit heeft begaan;<\/p>\n<p>verklaart niet bewezen hetgeen aan de verdachte meer of anders ten laste is gelegd dan hierboven bewezen is verklaard en spreekt hem daarvan vrij;<\/p>\n<p>kwalificeert het bewezen verklaarde als hiervoor omschreven;<\/p>\n<p>verklaart het bewezen verklaarde strafbaar en de verdachte daarvoor strafbaar;<\/p>\n<p>veroordeelt de verdachte tot een taakstraf, bestaande uit een werkstraf voor de duur van 200 (tweehonderd) uren, indien niet naar behoren verricht te vervangen door 100 (honderd) dagen hechtenis;<\/p>\n<p>beveelt dat de tijd die door de verdachte v\u00f3\u00f3r de tenuitvoerlegging van deze uitspraak in voorarrest is doorgebracht, bij de uitvoering van de opgelegde taakstraf in mindering zal worden gebracht, naar de maatstaf van 2 (twee) uren taakstraf per in voorarrest doorgebrachte dag.<\/p>\n<p>Dit vonnis is gewezen door de rechter mr. G. Verbeek, bijgestaan door<\/p>\n<p>mr. J. Mulder, griffier, en op 6 mei 2022 uitgesproken ter openbare terechtzitting van het Gerecht in Cura\u00e7ao.<\/p>\n<\/div>\n<hr class=\"kji-sep\" \/>\n<p class=\"kji-source-links\"><strong>Sources officielles :<\/strong> <a class=\"kji-source-link\" href=\"http:\/\/deeplink.rechtspraak.nl\/uitspraak?id=ECLI:NL:OGEAC:2022:377\" target=\"_blank\" rel=\"noopener noreferrer\">consulter la page source<\/a><\/p>\n<p class=\"kji-license-note\"><em>Rechtspraak.nl open data, Creative Commons Zero. Volume cible 1.8M decisions.<\/em><\/p>\n<\/div>\n","protected":false},"excerpt":{"rendered":"<p>Opzetheling. Autocriminaliteit.<\/p>\n","protected":false},"featured_media":0,"template":"","meta":{"_crdt_document":""},"kji_country":[7669],"kji_court":[10123],"kji_chamber":[],"kji_year":[32183],"kji_subject":[7632],"kji_keyword":[8376,10644,7812,10091,10643],"kji_language":[7671],"class_list":["post-668586","kji_decision","type-kji_decision","status-publish","hentry","kji_country-pays-bas","kji_court-gerecht-in-eerste-aanleg-van-curacao","kji_year-32183","kji_subject-penal","kji_keyword-aanleg","kji_keyword-curacao","kji_keyword-eerste","kji_keyword-gerecht","kji_keyword-ogeac","kji_language-nl"],"yoast_head":"<!-- This site is optimized with the Yoast SEO Premium plugin v27.5 (Yoast SEO v27.5) - https:\/\/yoast.com\/product\/yoast-seo-premium-wordpress\/ -->\n<title>ECLI:NL:OGEAC:2022:377 Gerecht in eerste aanleg van Cura\u00e7ao , 06-05-2022 \/ 555.00218-21 - Ma\u00eetre Hassan Kohen, avocat en droit p\u00e9nal \u00e0 Paris<\/title>\n<meta name=\"robots\" content=\"index, follow, max-snippet:-1, max-image-preview:large, max-video-preview:-1\" \/>\n<link rel=\"canonical\" href=\"https:\/\/kohenavocats.com\/ru\/jurisprudences\/eclinlogeac2022377-gerecht-in-eerste-aanleg-van-curacao-06-05-2022-555-00218-21\/\" \/>\n<meta property=\"og:locale\" content=\"ru_RU\" \/>\n<meta property=\"og:type\" content=\"article\" \/>\n<meta property=\"og:title\" content=\"ECLI:NL:OGEAC:2022:377 Gerecht in eerste aanleg van Cura\u00e7ao , 06-05-2022 \/ 555.00218-21\" \/>\n<meta property=\"og:description\" content=\"Opzetheling. Autocriminaliteit.\" \/>\n<meta property=\"og:url\" content=\"https:\/\/kohenavocats.com\/ru\/jurisprudences\/eclinlogeac2022377-gerecht-in-eerste-aanleg-van-curacao-06-05-2022-555-00218-21\/\" \/>\n<meta property=\"og:site_name\" content=\"Ma\u00eetre Hassan Kohen, avocat en droit p\u00e9nal \u00e0 Paris\" \/>\n<meta name=\"twitter:card\" content=\"summary_large_image\" \/>\n<meta name=\"twitter:label1\" content=\"\u041f\u0440\u0438\u043c\u0435\u0440\u043d\u043e\u0435 \u0432\u0440\u0435\u043c\u044f \u0434\u043b\u044f \u0447\u0442\u0435\u043d\u0438\u044f\" \/>\n\t<meta name=\"twitter:data1\" content=\"9 \u043c\u0438\u043d\u0443\u0442\" \/>\n<script type=\"application\/ld+json\" class=\"yoast-schema-graph\">{\"@context\":\"https:\\\/\\\/schema.org\",\"@graph\":[{\"@type\":\"WebPage\",\"@id\":\"https:\\\/\\\/kohenavocats.com\\\/ru\\\/jurisprudences\\\/eclinlogeac2022377-gerecht-in-eerste-aanleg-van-curacao-06-05-2022-555-00218-21\\\/\",\"url\":\"https:\\\/\\\/kohenavocats.com\\\/ru\\\/jurisprudences\\\/eclinlogeac2022377-gerecht-in-eerste-aanleg-van-curacao-06-05-2022-555-00218-21\\\/\",\"name\":\"ECLI:NL:OGEAC:2022:377 Gerecht in eerste aanleg van Cura\u00e7ao , 06-05-2022 \\\/ 555.00218-21 - Ma\u00eetre Hassan Kohen, avocat en droit p\u00e9nal \u00e0 Paris\",\"isPartOf\":{\"@id\":\"https:\\\/\\\/kohenavocats.com\\\/ru\\\/#website\"},\"datePublished\":\"2026-04-24T03:05:00+00:00\",\"breadcrumb\":{\"@id\":\"https:\\\/\\\/kohenavocats.com\\\/ru\\\/jurisprudences\\\/eclinlogeac2022377-gerecht-in-eerste-aanleg-van-curacao-06-05-2022-555-00218-21\\\/#breadcrumb\"},\"inLanguage\":\"ru-RU\",\"potentialAction\":[{\"@type\":\"ReadAction\",\"target\":[\"https:\\\/\\\/kohenavocats.com\\\/ru\\\/jurisprudences\\\/eclinlogeac2022377-gerecht-in-eerste-aanleg-van-curacao-06-05-2022-555-00218-21\\\/\"]}]},{\"@type\":\"BreadcrumbList\",\"@id\":\"https:\\\/\\\/kohenavocats.com\\\/ru\\\/jurisprudences\\\/eclinlogeac2022377-gerecht-in-eerste-aanleg-van-curacao-06-05-2022-555-00218-21\\\/#breadcrumb\",\"itemListElement\":[{\"@type\":\"ListItem\",\"position\":1,\"name\":\"Home\",\"item\":\"https:\\\/\\\/kohenavocats.com\\\/ru\\\/avocats-en-droit-penal-a-paris-conseil-et-defense-strategique\\\/\"},{\"@type\":\"ListItem\",\"position\":2,\"name\":\"Jurisprudences\",\"item\":\"https:\\\/\\\/kohenavocats.com\\\/ru\\\/jurisprudences\\\/\"},{\"@type\":\"ListItem\",\"position\":3,\"name\":\"ECLI:NL:OGEAC:2022:377 Gerecht in eerste aanleg van Cura\u00e7ao , 06-05-2022 \\\/ 555.00218-21\"}]},{\"@type\":\"WebSite\",\"@id\":\"https:\\\/\\\/kohenavocats.com\\\/ru\\\/#website\",\"url\":\"https:\\\/\\\/kohenavocats.com\\\/ru\\\/\",\"name\":\"Kohen Avocats\",\"description\":\"Ma\u00eetre Hassan Kohen, avocat p\u00e9naliste \u00e0 Paris, intervient exclusivement en droit p\u00e9nal pour la d\u00e9fense des particuliers, notamment en mati\u00e8re d\u2019accusations de viol. Il assure un accompagnement rigoureux d\u00e8s la garde \u00e0 vue jusqu\u2019\u00e0 la Cour d\u2019assises, veillant au strict respect des garanties proc\u00e9durales.\",\"publisher\":{\"@id\":\"https:\\\/\\\/kohenavocats.com\\\/ru\\\/#organization\"},\"potentialAction\":[{\"@type\":\"SearchAction\",\"target\":{\"@type\":\"EntryPoint\",\"urlTemplate\":\"https:\\\/\\\/kohenavocats.com\\\/ru\\\/?s={search_term_string}\"},\"query-input\":{\"@type\":\"PropertyValueSpecification\",\"valueRequired\":true,\"valueName\":\"search_term_string\"}}],\"inLanguage\":\"ru-RU\"},{\"@type\":\"Organization\",\"@id\":\"https:\\\/\\\/kohenavocats.com\\\/ru\\\/#organization\",\"name\":\"Kohen Avocats\",\"url\":\"https:\\\/\\\/kohenavocats.com\\\/ru\\\/\",\"logo\":{\"@type\":\"ImageObject\",\"inLanguage\":\"ru-RU\",\"@id\":\"https:\\\/\\\/kohenavocats.com\\\/ru\\\/#\\\/schema\\\/logo\\\/image\\\/\",\"url\":\"https:\\\/\\\/kohenavocats.com\\\/wp-content\\\/uploads\\\/2026\\\/01\\\/Logo-2-1.webp\",\"contentUrl\":\"https:\\\/\\\/kohenavocats.com\\\/wp-content\\\/uploads\\\/2026\\\/01\\\/Logo-2-1.webp\",\"width\":2114,\"height\":1253,\"caption\":\"Kohen Avocats\"},\"image\":{\"@id\":\"https:\\\/\\\/kohenavocats.com\\\/ru\\\/#\\\/schema\\\/logo\\\/image\\\/\"}}]}<\/script>\n<!-- \/ Yoast SEO Premium plugin. -->","yoast_head_json":{"title":"ECLI:NL:OGEAC:2022:377 Gerecht in eerste aanleg van Cura\u00e7ao , 06-05-2022 \/ 555.00218-21 - Ma\u00eetre Hassan Kohen, avocat en droit p\u00e9nal \u00e0 Paris","robots":{"index":"index","follow":"follow","max-snippet":"max-snippet:-1","max-image-preview":"max-image-preview:large","max-video-preview":"max-video-preview:-1"},"canonical":"https:\/\/kohenavocats.com\/ru\/jurisprudences\/eclinlogeac2022377-gerecht-in-eerste-aanleg-van-curacao-06-05-2022-555-00218-21\/","og_locale":"ru_RU","og_type":"article","og_title":"ECLI:NL:OGEAC:2022:377 Gerecht in eerste aanleg van Cura\u00e7ao , 06-05-2022 \/ 555.00218-21","og_description":"Opzetheling. Autocriminaliteit.","og_url":"https:\/\/kohenavocats.com\/ru\/jurisprudences\/eclinlogeac2022377-gerecht-in-eerste-aanleg-van-curacao-06-05-2022-555-00218-21\/","og_site_name":"Ma\u00eetre Hassan Kohen, avocat en droit p\u00e9nal \u00e0 Paris","twitter_card":"summary_large_image","twitter_misc":{"\u041f\u0440\u0438\u043c\u0435\u0440\u043d\u043e\u0435 \u0432\u0440\u0435\u043c\u044f \u0434\u043b\u044f \u0447\u0442\u0435\u043d\u0438\u044f":"9 \u043c\u0438\u043d\u0443\u0442"},"schema":{"@context":"https:\/\/schema.org","@graph":[{"@type":"WebPage","@id":"https:\/\/kohenavocats.com\/ru\/jurisprudences\/eclinlogeac2022377-gerecht-in-eerste-aanleg-van-curacao-06-05-2022-555-00218-21\/","url":"https:\/\/kohenavocats.com\/ru\/jurisprudences\/eclinlogeac2022377-gerecht-in-eerste-aanleg-van-curacao-06-05-2022-555-00218-21\/","name":"ECLI:NL:OGEAC:2022:377 Gerecht in eerste aanleg van Cura\u00e7ao , 06-05-2022 \/ 555.00218-21 - Ma\u00eetre Hassan Kohen, avocat en droit p\u00e9nal \u00e0 Paris","isPartOf":{"@id":"https:\/\/kohenavocats.com\/ru\/#website"},"datePublished":"2026-04-24T03:05:00+00:00","breadcrumb":{"@id":"https:\/\/kohenavocats.com\/ru\/jurisprudences\/eclinlogeac2022377-gerecht-in-eerste-aanleg-van-curacao-06-05-2022-555-00218-21\/#breadcrumb"},"inLanguage":"ru-RU","potentialAction":[{"@type":"ReadAction","target":["https:\/\/kohenavocats.com\/ru\/jurisprudences\/eclinlogeac2022377-gerecht-in-eerste-aanleg-van-curacao-06-05-2022-555-00218-21\/"]}]},{"@type":"BreadcrumbList","@id":"https:\/\/kohenavocats.com\/ru\/jurisprudences\/eclinlogeac2022377-gerecht-in-eerste-aanleg-van-curacao-06-05-2022-555-00218-21\/#breadcrumb","itemListElement":[{"@type":"ListItem","position":1,"name":"Home","item":"https:\/\/kohenavocats.com\/ru\/avocats-en-droit-penal-a-paris-conseil-et-defense-strategique\/"},{"@type":"ListItem","position":2,"name":"Jurisprudences","item":"https:\/\/kohenavocats.com\/ru\/jurisprudences\/"},{"@type":"ListItem","position":3,"name":"ECLI:NL:OGEAC:2022:377 Gerecht in eerste aanleg van Cura\u00e7ao , 06-05-2022 \/ 555.00218-21"}]},{"@type":"WebSite","@id":"https:\/\/kohenavocats.com\/ru\/#website","url":"https:\/\/kohenavocats.com\/ru\/","name":"Kohen Avocats","description":"Ma\u00eetre Hassan Kohen, avocat p\u00e9naliste \u00e0 Paris, intervient exclusivement en droit p\u00e9nal pour la d\u00e9fense des particuliers, notamment en mati\u00e8re d\u2019accusations de viol. Il assure un accompagnement rigoureux d\u00e8s la garde \u00e0 vue jusqu\u2019\u00e0 la Cour d\u2019assises, veillant au strict respect des garanties proc\u00e9durales.","publisher":{"@id":"https:\/\/kohenavocats.com\/ru\/#organization"},"potentialAction":[{"@type":"SearchAction","target":{"@type":"EntryPoint","urlTemplate":"https:\/\/kohenavocats.com\/ru\/?s={search_term_string}"},"query-input":{"@type":"PropertyValueSpecification","valueRequired":true,"valueName":"search_term_string"}}],"inLanguage":"ru-RU"},{"@type":"Organization","@id":"https:\/\/kohenavocats.com\/ru\/#organization","name":"Kohen Avocats","url":"https:\/\/kohenavocats.com\/ru\/","logo":{"@type":"ImageObject","inLanguage":"ru-RU","@id":"https:\/\/kohenavocats.com\/ru\/#\/schema\/logo\/image\/","url":"https:\/\/kohenavocats.com\/wp-content\/uploads\/2026\/01\/Logo-2-1.webp","contentUrl":"https:\/\/kohenavocats.com\/wp-content\/uploads\/2026\/01\/Logo-2-1.webp","width":2114,"height":1253,"caption":"Kohen Avocats"},"image":{"@id":"https:\/\/kohenavocats.com\/ru\/#\/schema\/logo\/image\/"}}]}},"jetpack_likes_enabled":false,"jetpack_sharing_enabled":true,"_links":{"self":[{"href":"https:\/\/kohenavocats.com\/ru\/wp-json\/wp\/v2\/kji_decision\/668586","targetHints":{"allow":["GET"]}}],"collection":[{"href":"https:\/\/kohenavocats.com\/ru\/wp-json\/wp\/v2\/kji_decision"}],"about":[{"href":"https:\/\/kohenavocats.com\/ru\/wp-json\/wp\/v2\/types\/kji_decision"}],"wp:attachment":[{"href":"https:\/\/kohenavocats.com\/ru\/wp-json\/wp\/v2\/media?parent=668586"}],"wp:term":[{"taxonomy":"kji_country","embeddable":true,"href":"https:\/\/kohenavocats.com\/ru\/wp-json\/wp\/v2\/kji_country?post=668586"},{"taxonomy":"kji_court","embeddable":true,"href":"https:\/\/kohenavocats.com\/ru\/wp-json\/wp\/v2\/kji_court?post=668586"},{"taxonomy":"kji_chamber","embeddable":true,"href":"https:\/\/kohenavocats.com\/ru\/wp-json\/wp\/v2\/kji_chamber?post=668586"},{"taxonomy":"kji_year","embeddable":true,"href":"https:\/\/kohenavocats.com\/ru\/wp-json\/wp\/v2\/kji_year?post=668586"},{"taxonomy":"kji_subject","embeddable":true,"href":"https:\/\/kohenavocats.com\/ru\/wp-json\/wp\/v2\/kji_subject?post=668586"},{"taxonomy":"kji_keyword","embeddable":true,"href":"https:\/\/kohenavocats.com\/ru\/wp-json\/wp\/v2\/kji_keyword?post=668586"},{"taxonomy":"kji_language","embeddable":true,"href":"https:\/\/kohenavocats.com\/ru\/wp-json\/wp\/v2\/kji_language?post=668586"}],"curies":[{"name":"wp","href":"https:\/\/api.w.org\/{rel}","templated":true}]}}