{"id":668980,"date":"2026-04-24T05:38:37","date_gmt":"2026-04-24T03:38:37","guid":{"rendered":"https:\/\/kohenavocats.com\/jurisprudences\/eclinlrbnho202514230-rechtbank-noord-holland-13-11-2025-15-276589-22\/"},"modified":"2026-04-24T05:38:37","modified_gmt":"2026-04-24T03:38:37","slug":"eclinlrbnho202514230-rechtbank-noord-holland-13-11-2025-15-276589-22","status":"publish","type":"kji_decision","link":"https:\/\/kohenavocats.com\/ru\/jurisprudences\/eclinlrbnho202514230-rechtbank-noord-holland-13-11-2025-15-276589-22\/","title":{"rendered":"ECLI:NL:RBNHO:2025:14230 Rechtbank Noord-Holland , 13-11-2025 \/ 15-276589-22"},"content":{"rendered":"<div class=\"kji-decision\">\n<div class=\"kji-full-text\">\n<p><strong>Inhoudsindicatie.<\/strong> MK Jeugdstrafrecht. Verlenging PIJ-maatregel.<\/p>\n<h3>RECHTBANK NOORD-HOLLAND<\/h3>\n<p>Familie &amp; Jeugd<\/p>\n<p>Locatie Alkmaar<\/p>\n<p>Meervoudige raadkamer jeugdstrafzaken<\/p>\n<p>Parketnummer: 15\/276589-22<\/p>\n<p>Uitspraakdatum: 13 november 2025<\/p>\n<p>BESLISSING (ex artikel 6:6:31 Sv) van de rechtbank Noord-Holland, meervoudige raadkamer voor de behandeling van jeugdstrafzaken, naar aanleiding van de op<\/p>\n<p>16 oktober 2025 ter griffie van deze rechtbank ingediende vordering van de officier van justitie, welke vordering ertoe strekt dat de rechtbank de termijn van de maatregel van plaatsing in een inrichting voor jeugdigen (hierna: de PIJ-maatregel of de maatregel) van<\/p>\n<p>[betrokkene]<br \/>\n ,<\/p>\n<p>geboren op [geboortedatum] te [plaats] ( [land] ),<\/p>\n<p>thans verblijvende op een bij de rechtbank bekend adres,<\/p>\n<p>hierna te noemen betrokkene,<\/p>\n<p>zal verlengen met twaalf maanden.<\/p>\n<h3>1De procedure<\/h3>\n<p>De rechtbank heeft kennisgenomen van de processtukken waaronder:<\/p>\n<p>het vonnis van deze rechtbank van 29 juni 2023 waarbij aan betrokkene de maatregel is opgelegd voor doodslag. Dit is een misdrijf dat gericht is tegen of gevaar veroorzaakt voor de onaantastbaarheid van het lichaam van \u00e9\u00e9n of meer personen;<\/p>\n<p>een ingevolge artikel 6:6:31, vijfde lid, van het Wetboek van Strafvordering recent opgemaakt, met redenen omkleed advies, gedateerd 15 oktober 2025 en ondertekend door [gedragsdeskundige] , als gedragsdeskundige werkzaam bij de justiti\u00eble jeugdinrichting, met daarbij als bijlage aantekeningen omtrent de lichamelijke en geestelijke gesteldheid van de betrokkene;<\/p>\n<p>de vordering van de officier van justitie d.d. 16 oktober 2025.<\/p>\n<p>Tijdens de behandeling in raadkamer van 13 november 2025 zijn gehoord betrokkene, zijn raadsman mr. M.J. Bouwman, de officier van justitie [officier van justitie] , alsmede de deskundige [gedragsdeskundige] , voornoemd.<\/p>\n<p>Tevens waren aanwezig [zus] , de zus van het slachtoffer, bijgestaan door haar advocaat mr. L. van Gaalen-Van Beuzekom.<\/p>\n<p>Als toehoorders waren verder aanwezig [casemanager] , casemanager slachtofferhulp, [nabestaande] , nabestaande, en twee journalisten van het Noord Hollands Dagblad.<\/p>\n<p>Van dit verhoor is afzonderlijk proces-verbaal opgemaakt.<\/p>\n<h3>2Het standpunt van de inrichting<\/h3>\n<p>In het advies is onder meer &#8212; zakelijk weergegeven &#8212; het volgende opgenomen:<\/p>\n<p>Verloop behandeling<\/p>\n<p>Binnen de PIJ-maatregel wordt gezien dat betrokkene zich binnen de kaders van de JJI steeds meer open stelt. Alhoewel het betrokkene nog altijd ontbreekt aan probleembesef, krijgt hij steeds meer zicht op zijn binnenwereld. Hij durft emoties te tonen richting het behandelend team en kan moeilijke situaties bespreekbaar maken. Wel wordt gezien dat betrokkene moeite heeft met het omgaan met teleurstellingen, waarbij frustratie en spanning oploopt.<\/p>\n<p>Betrokkene is zowel intrinsiek als extrinsiek gemotiveerd voor zijn traject. Hij heeft Leren van Delict gevolgd, waar hij zich actief voor heeft ingezet. Daarnaast volgt betrokkene dramatherapie.<\/p>\n<p>Betrokkene heeft binnen de JJI zijn MBO-1 diploma gehaald en zet zich in voor het behalen van certificaten. Hij is zich verder aan het ori\u00ebnteren op zijn toekomst en wil graag een MBO-opleiding volgen en werken. Ook is hij zich samen met de individueel trajectbegeleider aan het richten op eventuele uitstroomplekken.<\/p>\n<p>Sinds maart 2025 gaat betrokkene met begeleid verlof. Tijdens de verloven houdt hij zich aan de afspraken en stelt zich begeleidbaar op. Betrokkene heeft voornamelijk sociale verloven, waarbij hij werkt aan het opbouwen van de band met zijn familie en het wennen aan vrijheden.<\/p>\n<p>Betrokkene heeft cognitieve gedragstherapie gevolgd, maar dit bleek niet aan te sluiten bij zijn behandelbehoefte. Hij had namelijk vooral last had van intrusieve beelden met betrekking tot het indexdelict en deze behandeling is daarom niet succesvol afgerond. Betrokkene heeft verder geen andere behandelingen gevolgd specifiek gericht op zijn angstklachten. Waar de angstklachten na Leren van Delict afnamen en niet meer doorvoeld werden, lijken deze op dit moment wel weer aanwezig. De angstklachten lijken voort te komen uit de te nemen stappen richting resocialisatie en de verwachtingen die hierbij aan betrokkene worden gesteld.<\/p>\n<p>Gevaar voor herhaling<\/p>\n<p>De inschatting is dat op korte- en lange termijn, kaders, externe sturing en behandeling nodig<\/p>\n<p>zullen blijven. Binnen de structuur en kaders van de JJI wordt het recidiverisico als matig ingeschat. Betrokkene profiteert van de begeleiding die hij krijgt en is gericht op de toekomst. Wanneer deze kaders wegvallen wordt echter verwacht dat betrokkene nog onvoldoende vaardigheden heeft om zich staande te houden, waardoor de kans op recidive op zal lopen tot een matig risico. In de komende periode zal hieraan worden gewerkt middels gerichte behandeling en begeleiding ten behoeve van resocialisatie.<\/p>\n<p>Conclusie en advies<\/p>\n<p>Op basis van de afgelopen periode zijn de kaders van de PIJ-maatregel ook de komende periode nog noodzakelijk voor het verder verminderen van het aanwezige recidiverisico (matig) en het versterken van de beschermende factoren (redelijk). De maatregel wordt in het belang van de ontwikkeling van betrokkene noodzakelijk geacht, zodat hij zich verder in kleine stappen kan ontwikkelen in een omgeving die aangesloten is op zijn begeleidingsbehoefte. Daarnaast is het van belang dat wordt toegewerkt naar een passende uitstroom middels een STP met passend risicomanagement.<\/p>\n<p>De deskundige heeft bij de behandeling van de vordering dit advies toegelicht en onderschreven en heeft daaraan &#8212; zakelijk weergegeven &#8212; toegevoegd, dat het opstarten van het onbegeleide verlof lang op zich laat wachten. Dit is teleurstellend voor betrokkene en hij spreekt dit ook uit. Hierin heeft hij een stap gezet. Als het onbegeleid verlof goed verloopt, is het de bedoeling dat betrokkene in juni of juli 2026 met STP gaat.<\/p>\n<h3>3Het standpunt van de officier van justitie<\/h3>\n<p>De officier van justitie heeft geconcludeerd tot verlenging van de termijn van de maatregel met twaalf maanden.<\/p>\n<p>Betrokkene zet zich in voor therapie en het is hem gelukt om een diploma te halen. Er zijn nog wel vervolgstappen te zetten. Om de stijgende lijn door te zetten is structuur voor betrokkene noodzakelijk. Het is van belang dat betrokkene alle vervolgstappen doorloopt. Een verlenging van de maatregel met twaalf maanden is daarom nodig.<\/p>\n<h3>4Het standpunt van betrokkene en zijn raadsman<\/h3>\n<p>Betrokkene is het eens met verlenging van de maatregel met twaalf maanden. Betrokkene heeft veel spijt van wat hij heeft gedaan en heeft dit tijdens de zitting aan de aanwezige nabestaanden overgebracht. Door de behandeling binnen de JJI heeft betrokkene vooruitgang gemaakt.<\/p>\n<p>De raadsman van betrokkene heeft zich op het standpunt gesteld dat aan de wettelijke voorwaarden voor verlenging van de PIJ-maatregel is voldaan. Door omstandigheden die buiten de invloedsfeer van betrokkene liggen, is het verloftraject gestagneerd. Er is inmiddels aandacht voor het verlof en gezien wordt dat betrokkene beter kan omgaan met teleurstellingen op dit punt. Een verlenging van de maatregel voor de duur van twaalf maanden acht de raadsman passend.<\/p>\n<h3>5De beoordeling<\/h3>\n<p>De rechtbank heeft bij het onderzoek in raadkamer bevonden dat zij bevoegd is om over de vordering te oordelen en dat de officier van justitie daarin ontvankelijk is.<\/p>\n<p>De rechtbank is van oordeel dat aan alle wettelijke vereisten voor verlenging van de plaatsing in een inrichting voor jeugdigen is voldaan. De maatregel is opgelegd ter zake van een misdrijf, dat gericht is tegen of gevaar veroorzaakt voor de onaantastbaarheid van het lichaam van personen. De veiligheid van anderen, dan wel de algemene veiligheid van personen vereisen nog steeds het voortduren van de maatregel en de maatregel is &#8212; gezien in het licht van de overgelegde rapportage en de toelichting daarop &#8212; nog steeds in het belang van een zo gunstig mogelijke verdere ontwikkeling van veroordeelde.<\/p>\n<p>De rechtbank constateert dat betrokkene de afgelopen twee jaar stappen heeft gezet en dat sprake is van positieve ontwikkelingen. Betrokkene zet zich in voor zijn behandeling en is hiervoor ook steeds meer intrinsiek gemotiveerd. Daarnaast is gebleken dat betrokkene gebaat is bij de kaders en structuur die hem binnen de JJI geboden worden. Het onbegeleide verlof zal naar verwachting binnenkort opgestart worden. Het zal nodig zijn om deze nieuwe stap vanuit de JJI goed te blijven monitoren. Ook zijn de komende twaalf maanden nog nodig om het recidiverisico nog meer te verlagen.<\/p>\n<p>Op grond van wat de rechtbank hiervoor heeft overwogen ligt de vordering van de officier van justitie voor toewijzing gereed.<\/p>\n<h3>6Toepasselijke wetsbepalingen<\/h3>\n<p>De te geven beslissing is gegrond op artikel 6:6:31 van het Wetboek van Strafvordering.<\/p>\n<h3>7De beslissing<\/h3>\n<p>De rechtbank:<\/p>\n<p>verlengt de termijn van plaatsing in een inrichting voor jeugdigen van [betrokkene] , geboren op [geboortedatum] te [plaats] ( [land] ), voor de duur van twaalf maanden.<\/p>\n<p>Samenstelling rechtbank en uitspraakdatum<\/p>\n<p>Deze beslissing is gegeven door<\/p>\n<p>mr. C.E. Voskens, voorzitter,<\/p>\n<p>mr. A.K. Mireku en mr. J. Lintjer, allen (kinder)rechter,<\/p>\n<p>in tegenwoordigheid van mr. N.S. van Lede \u2013 Terhaar sive Droste<\/p>\n<p>en in het openbaar uitgesproken op 13 november 2025.<\/p>\n<\/div>\n<hr class=\"kji-sep\" \/>\n<p class=\"kji-source-links\"><strong>Sources officielles :<\/strong> <a class=\"kji-source-link\" href=\"http:\/\/deeplink.rechtspraak.nl\/uitspraak?id=ECLI:NL:RBNHO:2025:14230\" target=\"_blank\" rel=\"noopener noreferrer\">consulter la page source<\/a><\/p>\n<p class=\"kji-license-note\"><em>Rechtspraak.nl open data, Creative Commons Zero. Volume cible 1.8M decisions.<\/em><\/p>\n<\/div>\n","protected":false},"excerpt":{"rendered":"<p>MK Jeugdstrafrecht. Verlenging PIJ-maatregel.<\/p>\n","protected":false},"featured_media":0,"template":"","meta":{"_crdt_document":""},"kji_country":[7669],"kji_court":[7895],"kji_chamber":[],"kji_year":[8463],"kji_subject":[7632],"kji_keyword":[10506,8393,8392,7675,10142],"kji_language":[7671],"class_list":["post-668980","kji_decision","type-kji_decision","status-publish","hentry","kji_country-pays-bas","kji_court-rechtbank-noord-holland","kji_year-8463","kji_subject-penal","kji_keyword-jeugdstrafrecht","kji_keyword-noord-holland","kji_keyword-rbnho","kji_keyword-rechtbank","kji_keyword-verlenging","kji_language-nl"],"yoast_head":"<!-- This site is optimized with the Yoast SEO Premium plugin v27.4 (Yoast SEO v27.4) - https:\/\/yoast.com\/product\/yoast-seo-premium-wordpress\/ -->\n<title>ECLI:NL:RBNHO:2025:14230 Rechtbank Noord-Holland , 13-11-2025 \/ 15-276589-22 - Ma\u00eetre Hassan Kohen, avocat en droit p\u00e9nal \u00e0 Paris<\/title>\n<meta name=\"robots\" content=\"index, follow, max-snippet:-1, max-image-preview:large, max-video-preview:-1\" \/>\n<link rel=\"canonical\" href=\"https:\/\/kohenavocats.com\/ru\/jurisprudences\/eclinlrbnho202514230-rechtbank-noord-holland-13-11-2025-15-276589-22\/\" \/>\n<meta property=\"og:locale\" content=\"ru_RU\" \/>\n<meta property=\"og:type\" content=\"article\" \/>\n<meta property=\"og:title\" content=\"ECLI:NL:RBNHO:2025:14230 Rechtbank Noord-Holland , 13-11-2025 \/ 15-276589-22\" \/>\n<meta property=\"og:description\" content=\"MK Jeugdstrafrecht. Verlenging PIJ-maatregel.\" \/>\n<meta property=\"og:url\" content=\"https:\/\/kohenavocats.com\/ru\/jurisprudences\/eclinlrbnho202514230-rechtbank-noord-holland-13-11-2025-15-276589-22\/\" \/>\n<meta property=\"og:site_name\" content=\"Ma\u00eetre Hassan Kohen, avocat en droit p\u00e9nal \u00e0 Paris\" \/>\n<meta name=\"twitter:card\" content=\"summary_large_image\" \/>\n<meta name=\"twitter:label1\" content=\"\u041f\u0440\u0438\u043c\u0435\u0440\u043d\u043e\u0435 \u0432\u0440\u0435\u043c\u044f \u0434\u043b\u044f \u0447\u0442\u0435\u043d\u0438\u044f\" \/>\n\t<meta name=\"twitter:data1\" content=\"7 \u043c\u0438\u043d\u0443\u0442\" \/>\n<script type=\"application\/ld+json\" class=\"yoast-schema-graph\">{\"@context\":\"https:\\\/\\\/schema.org\",\"@graph\":[{\"@type\":\"WebPage\",\"@id\":\"https:\\\/\\\/kohenavocats.com\\\/ru\\\/jurisprudences\\\/eclinlrbnho202514230-rechtbank-noord-holland-13-11-2025-15-276589-22\\\/\",\"url\":\"https:\\\/\\\/kohenavocats.com\\\/ru\\\/jurisprudences\\\/eclinlrbnho202514230-rechtbank-noord-holland-13-11-2025-15-276589-22\\\/\",\"name\":\"ECLI:NL:RBNHO:2025:14230 Rechtbank Noord-Holland , 13-11-2025 \\\/ 15-276589-22 - Ma\u00eetre Hassan Kohen, avocat en droit p\u00e9nal \u00e0 Paris\",\"isPartOf\":{\"@id\":\"https:\\\/\\\/kohenavocats.com\\\/ru\\\/#website\"},\"datePublished\":\"2026-04-24T03:38:37+00:00\",\"breadcrumb\":{\"@id\":\"https:\\\/\\\/kohenavocats.com\\\/ru\\\/jurisprudences\\\/eclinlrbnho202514230-rechtbank-noord-holland-13-11-2025-15-276589-22\\\/#breadcrumb\"},\"inLanguage\":\"ru-RU\",\"potentialAction\":[{\"@type\":\"ReadAction\",\"target\":[\"https:\\\/\\\/kohenavocats.com\\\/ru\\\/jurisprudences\\\/eclinlrbnho202514230-rechtbank-noord-holland-13-11-2025-15-276589-22\\\/\"]}]},{\"@type\":\"BreadcrumbList\",\"@id\":\"https:\\\/\\\/kohenavocats.com\\\/ru\\\/jurisprudences\\\/eclinlrbnho202514230-rechtbank-noord-holland-13-11-2025-15-276589-22\\\/#breadcrumb\",\"itemListElement\":[{\"@type\":\"ListItem\",\"position\":1,\"name\":\"Home\",\"item\":\"https:\\\/\\\/kohenavocats.com\\\/ru\\\/avocats-en-droit-penal-a-paris-conseil-et-defense-strategique\\\/\"},{\"@type\":\"ListItem\",\"position\":2,\"name\":\"Jurisprudences\",\"item\":\"https:\\\/\\\/kohenavocats.com\\\/ru\\\/jurisprudences\\\/\"},{\"@type\":\"ListItem\",\"position\":3,\"name\":\"ECLI:NL:RBNHO:2025:14230 Rechtbank Noord-Holland , 13-11-2025 \\\/ 15-276589-22\"}]},{\"@type\":\"WebSite\",\"@id\":\"https:\\\/\\\/kohenavocats.com\\\/ru\\\/#website\",\"url\":\"https:\\\/\\\/kohenavocats.com\\\/ru\\\/\",\"name\":\"Kohen Avocats\",\"description\":\"Ma\u00eetre Hassan Kohen, avocat p\u00e9naliste \u00e0 Paris, intervient exclusivement en droit p\u00e9nal pour la d\u00e9fense des particuliers, notamment en mati\u00e8re d\u2019accusations de viol. Il assure un accompagnement rigoureux d\u00e8s la garde \u00e0 vue jusqu\u2019\u00e0 la Cour d\u2019assises, veillant au strict respect des garanties proc\u00e9durales.\",\"publisher\":{\"@id\":\"https:\\\/\\\/kohenavocats.com\\\/ru\\\/#organization\"},\"potentialAction\":[{\"@type\":\"SearchAction\",\"target\":{\"@type\":\"EntryPoint\",\"urlTemplate\":\"https:\\\/\\\/kohenavocats.com\\\/ru\\\/?s={search_term_string}\"},\"query-input\":{\"@type\":\"PropertyValueSpecification\",\"valueRequired\":true,\"valueName\":\"search_term_string\"}}],\"inLanguage\":\"ru-RU\"},{\"@type\":\"Organization\",\"@id\":\"https:\\\/\\\/kohenavocats.com\\\/ru\\\/#organization\",\"name\":\"Kohen Avocats\",\"url\":\"https:\\\/\\\/kohenavocats.com\\\/ru\\\/\",\"logo\":{\"@type\":\"ImageObject\",\"inLanguage\":\"ru-RU\",\"@id\":\"https:\\\/\\\/kohenavocats.com\\\/ru\\\/#\\\/schema\\\/logo\\\/image\\\/\",\"url\":\"https:\\\/\\\/kohenavocats.com\\\/wp-content\\\/uploads\\\/2026\\\/01\\\/Logo-2-1.webp\",\"contentUrl\":\"https:\\\/\\\/kohenavocats.com\\\/wp-content\\\/uploads\\\/2026\\\/01\\\/Logo-2-1.webp\",\"width\":2114,\"height\":1253,\"caption\":\"Kohen Avocats\"},\"image\":{\"@id\":\"https:\\\/\\\/kohenavocats.com\\\/ru\\\/#\\\/schema\\\/logo\\\/image\\\/\"}}]}<\/script>\n<!-- \/ Yoast SEO Premium plugin. -->","yoast_head_json":{"title":"ECLI:NL:RBNHO:2025:14230 Rechtbank Noord-Holland , 13-11-2025 \/ 15-276589-22 - Ma\u00eetre Hassan Kohen, avocat en droit p\u00e9nal \u00e0 Paris","robots":{"index":"index","follow":"follow","max-snippet":"max-snippet:-1","max-image-preview":"max-image-preview:large","max-video-preview":"max-video-preview:-1"},"canonical":"https:\/\/kohenavocats.com\/ru\/jurisprudences\/eclinlrbnho202514230-rechtbank-noord-holland-13-11-2025-15-276589-22\/","og_locale":"ru_RU","og_type":"article","og_title":"ECLI:NL:RBNHO:2025:14230 Rechtbank Noord-Holland , 13-11-2025 \/ 15-276589-22","og_description":"MK Jeugdstrafrecht. Verlenging PIJ-maatregel.","og_url":"https:\/\/kohenavocats.com\/ru\/jurisprudences\/eclinlrbnho202514230-rechtbank-noord-holland-13-11-2025-15-276589-22\/","og_site_name":"Ma\u00eetre Hassan Kohen, avocat en droit p\u00e9nal \u00e0 Paris","twitter_card":"summary_large_image","twitter_misc":{"\u041f\u0440\u0438\u043c\u0435\u0440\u043d\u043e\u0435 \u0432\u0440\u0435\u043c\u044f \u0434\u043b\u044f \u0447\u0442\u0435\u043d\u0438\u044f":"7 \u043c\u0438\u043d\u0443\u0442"},"schema":{"@context":"https:\/\/schema.org","@graph":[{"@type":"WebPage","@id":"https:\/\/kohenavocats.com\/ru\/jurisprudences\/eclinlrbnho202514230-rechtbank-noord-holland-13-11-2025-15-276589-22\/","url":"https:\/\/kohenavocats.com\/ru\/jurisprudences\/eclinlrbnho202514230-rechtbank-noord-holland-13-11-2025-15-276589-22\/","name":"ECLI:NL:RBNHO:2025:14230 Rechtbank Noord-Holland , 13-11-2025 \/ 15-276589-22 - Ma\u00eetre Hassan Kohen, avocat en droit p\u00e9nal \u00e0 Paris","isPartOf":{"@id":"https:\/\/kohenavocats.com\/ru\/#website"},"datePublished":"2026-04-24T03:38:37+00:00","breadcrumb":{"@id":"https:\/\/kohenavocats.com\/ru\/jurisprudences\/eclinlrbnho202514230-rechtbank-noord-holland-13-11-2025-15-276589-22\/#breadcrumb"},"inLanguage":"ru-RU","potentialAction":[{"@type":"ReadAction","target":["https:\/\/kohenavocats.com\/ru\/jurisprudences\/eclinlrbnho202514230-rechtbank-noord-holland-13-11-2025-15-276589-22\/"]}]},{"@type":"BreadcrumbList","@id":"https:\/\/kohenavocats.com\/ru\/jurisprudences\/eclinlrbnho202514230-rechtbank-noord-holland-13-11-2025-15-276589-22\/#breadcrumb","itemListElement":[{"@type":"ListItem","position":1,"name":"Home","item":"https:\/\/kohenavocats.com\/ru\/avocats-en-droit-penal-a-paris-conseil-et-defense-strategique\/"},{"@type":"ListItem","position":2,"name":"Jurisprudences","item":"https:\/\/kohenavocats.com\/ru\/jurisprudences\/"},{"@type":"ListItem","position":3,"name":"ECLI:NL:RBNHO:2025:14230 Rechtbank Noord-Holland , 13-11-2025 \/ 15-276589-22"}]},{"@type":"WebSite","@id":"https:\/\/kohenavocats.com\/ru\/#website","url":"https:\/\/kohenavocats.com\/ru\/","name":"Kohen Avocats","description":"Ma\u00eetre Hassan Kohen, avocat p\u00e9naliste \u00e0 Paris, intervient exclusivement en droit p\u00e9nal pour la d\u00e9fense des particuliers, notamment en mati\u00e8re d\u2019accusations de viol. Il assure un accompagnement rigoureux d\u00e8s la garde \u00e0 vue jusqu\u2019\u00e0 la Cour d\u2019assises, veillant au strict respect des garanties proc\u00e9durales.","publisher":{"@id":"https:\/\/kohenavocats.com\/ru\/#organization"},"potentialAction":[{"@type":"SearchAction","target":{"@type":"EntryPoint","urlTemplate":"https:\/\/kohenavocats.com\/ru\/?s={search_term_string}"},"query-input":{"@type":"PropertyValueSpecification","valueRequired":true,"valueName":"search_term_string"}}],"inLanguage":"ru-RU"},{"@type":"Organization","@id":"https:\/\/kohenavocats.com\/ru\/#organization","name":"Kohen Avocats","url":"https:\/\/kohenavocats.com\/ru\/","logo":{"@type":"ImageObject","inLanguage":"ru-RU","@id":"https:\/\/kohenavocats.com\/ru\/#\/schema\/logo\/image\/","url":"https:\/\/kohenavocats.com\/wp-content\/uploads\/2026\/01\/Logo-2-1.webp","contentUrl":"https:\/\/kohenavocats.com\/wp-content\/uploads\/2026\/01\/Logo-2-1.webp","width":2114,"height":1253,"caption":"Kohen Avocats"},"image":{"@id":"https:\/\/kohenavocats.com\/ru\/#\/schema\/logo\/image\/"}}]}},"jetpack_likes_enabled":false,"jetpack_sharing_enabled":true,"_links":{"self":[{"href":"https:\/\/kohenavocats.com\/ru\/wp-json\/wp\/v2\/kji_decision\/668980","targetHints":{"allow":["GET"]}}],"collection":[{"href":"https:\/\/kohenavocats.com\/ru\/wp-json\/wp\/v2\/kji_decision"}],"about":[{"href":"https:\/\/kohenavocats.com\/ru\/wp-json\/wp\/v2\/types\/kji_decision"}],"wp:attachment":[{"href":"https:\/\/kohenavocats.com\/ru\/wp-json\/wp\/v2\/media?parent=668980"}],"wp:term":[{"taxonomy":"kji_country","embeddable":true,"href":"https:\/\/kohenavocats.com\/ru\/wp-json\/wp\/v2\/kji_country?post=668980"},{"taxonomy":"kji_court","embeddable":true,"href":"https:\/\/kohenavocats.com\/ru\/wp-json\/wp\/v2\/kji_court?post=668980"},{"taxonomy":"kji_chamber","embeddable":true,"href":"https:\/\/kohenavocats.com\/ru\/wp-json\/wp\/v2\/kji_chamber?post=668980"},{"taxonomy":"kji_year","embeddable":true,"href":"https:\/\/kohenavocats.com\/ru\/wp-json\/wp\/v2\/kji_year?post=668980"},{"taxonomy":"kji_subject","embeddable":true,"href":"https:\/\/kohenavocats.com\/ru\/wp-json\/wp\/v2\/kji_subject?post=668980"},{"taxonomy":"kji_keyword","embeddable":true,"href":"https:\/\/kohenavocats.com\/ru\/wp-json\/wp\/v2\/kji_keyword?post=668980"},{"taxonomy":"kji_language","embeddable":true,"href":"https:\/\/kohenavocats.com\/ru\/wp-json\/wp\/v2\/kji_language?post=668980"}],"curies":[{"name":"wp","href":"https:\/\/api.w.org\/{rel}","templated":true}]}}