{"id":668981,"date":"2026-04-24T05:38:39","date_gmt":"2026-04-24T03:38:39","guid":{"rendered":"https:\/\/kohenavocats.com\/jurisprudences\/eclinlgharl20257135-gerechtshof-arnhem-leeuwarden-13-11-2025-200-356-582-01\/"},"modified":"2026-04-24T05:38:39","modified_gmt":"2026-04-24T03:38:39","slug":"eclinlgharl20257135-gerechtshof-arnhem-leeuwarden-13-11-2025-200-356-582-01","status":"publish","type":"kji_decision","link":"https:\/\/kohenavocats.com\/ru\/jurisprudences\/eclinlgharl20257135-gerechtshof-arnhem-leeuwarden-13-11-2025-200-356-582-01\/","title":{"rendered":"ECLI:NL:GHARL:2025:7135 Gerechtshof Arnhem-Leeuwarden , 13-11-2025 \/ 200.356.582\/01"},"content":{"rendered":"<div class=\"kji-decision\">\n<div class=\"kji-full-text\">\n<p><strong>Inhoudsindicatie.<\/strong> Verzoek tot verlenen van een machtiging tot uithuisplaatsing bij de andere ouder met gezag en wijziging hoofdverblijfplaats. In het belang van het kind verzet de moeder zich in hoger beroep niet langer tegen het verzoek van de vader de hoofdverblijfplaats van het kind bij hem te bepalen.<\/p>\n<p>GERECHTSHOF ARNHEM-LEEUWARDEN<\/p>\n<p>locatie Arnhem, afdeling civiel<\/p>\n<p>zaaknummers gerechtshof 200.356.582 (uithuisplaatsing) en 200.356.586 (hoofdverblijfplaats)<\/p>\n<p>zaaknummers rechtbank Gelderland 449974 (uithuisplaatsing) en 445560 (hoofdverblijfplaats)<\/p>\n<p>beschikking van 13 november 2025<\/p>\n<p>in de zaak van<\/p>\n<p>[appellant] (de vader)<\/p>\n<p>die woont in [woonplaats1]<\/p>\n<p>verzoeker in hoger beroep in beide zaken<\/p>\n<p>advocaat: mr. H.L. Thiescheffer<\/p>\n<p>en<\/p>\n<p>[ge\u00efntimeerde] (de moeder)<\/p>\n<p>die woont in [woonplaats2]<\/p>\n<p>verweerster in beide zaken<\/p>\n<p>advocaat: mr. R.J.W.C. Giebels<\/p>\n<p>en<\/p>\n<p>de raad voor de kinderbescherming (de raad)<\/p>\n<p>die is gevestigd in Arnhem<\/p>\n<p>verweerder in de zaak met nummer 200.356.582.<\/p>\n<p>Als overige belanghebbende in beide zaken is aangemerkt:<\/p>\n<p>de gecertificeerde instelling<\/p>\n<p>Stichting Jeugdbescherming Gelderland (de GI)<\/p>\n<p>die is gevestigd te Arnhem.<\/p>\n<h3>1De procedure in eerste aanleg<\/h3>\n<p>In de zaak met nummer 200.356.582<\/p>\n<p>Het hof verwijst voor het geding in eerste aanleg naar de beschikking van de kinderrechter in de rechtbank Gelderland, locatie Zutphen, van 10 juni 2025, uitgesproken onder het hiervoor genoemde zaaknummer 449974.<\/p>\n<p>In de zaak met nummer 200.356.586<\/p>\n<p>Het hof verwijst voor het geding in eerste aanleg naar de beschikking van de rechtbank Gelderland, locatie Zutphen, van 10 juni 2025, uitgesproken onder het hiervoor genoemde zaaknummer 445560.<\/p>\n<h3>2De procedure in hoger beroep<\/h3>\n<p>Gelet op de onderlinge samenhang en verwevenheid van de zaken en beslissingen ziet het hof aanleiding om alle zaken in \u00e9\u00e9n beschikking te bespreken.<\/p>\n<p>In de zaak met nummer 200.356.582<\/p>\n<p>Het verloop van de procedure blijkt uit:<\/p>\n<p>het beroepschrift<\/p>\n<p>het verweerschrift van de moeder<\/p>\n<p>het verweerschrift van de raad<\/p>\n<p>het journaalbericht namens de vader van 26 september 2025 met bijlagen<\/p>\n<p>het journaalbericht namens de vader van 7 oktober 2025<\/p>\n<p>een brief van de raad van 8 oktober 2025 met een gewijzigd standpunt<\/p>\n<p>In de zaak met nummer 200.356.586<\/p>\n<p>Het verloop van de procedure blijkt uit:<\/p>\n<p>het beroepschrift<\/p>\n<p>het verweerschrift van de moeder<\/p>\n<p>het journaalbericht namens de vader van 26 september 2025 met bijlagen<\/p>\n<p>het journaalbericht namens de vader van 7 oktober 2025<\/p>\n<p>In beide zaken<\/p>\n<p>De mondelinge behandeling heeft op 10 oktober 2025 plaatsgevonden. Aanwezig waren:<\/p>\n<p>&#8212; de vader met zijn advocaat;<\/p>\n<p>&#8212; de moeder met haar advocaat;<\/p>\n<p>&#8212; een vertegenwoordiger van de raad;<\/p>\n<p>&#8212; twee vertegenwoordigers van de GI.<\/p>\n<h3>3De feiten in beide zaken<\/h3>\n<p>De vader en de moeder zijn de ouders van [minderjarige] , geboren op [geboortedatum] .<\/p>\n<p>De ouders hebben samen het gezag over [minderjarige] .<\/p>\n<p>[minderjarige] heeft haar hoofdverblijfplaats bij de moeder. Sinds 13 maart 2025 woonde [minderjarige] bij oma (vaderszijde) en ging zij ieder weekend naar de vader, maar vanaf half april 2025 woont [minderjarige] volledig bij de vader en zijn partner.<\/p>\n<p>4. Het oordeel van het hof<\/p>\n<p>In de zaak met nummer 200.356.586 (hoofdverblijfplaats)<\/p>\n<p>De bestreden beschikking<\/p>\n<p>In de bestreden beschikking van 10 juni 2025 (met zaaknummer 445560) heeft de rechtbank, voor zover hier van belang, het verzoek van de vader om de hoofdverblijfplaats van [minderjarige] bij hem te bepalen, afgewezen.<\/p>\n<p>Wettelijke bepaling<\/p>\n<p>De ouders hebben samen het gezag over [minderjarige] en dat betekent onder andere dat zij samen beslissen over de hoofdverblijfplaats. Een geschil daarover kan op verzoek van de ouders of van een van hen aan de rechter worden voorgelegd (artikel 1:253a lid 1 BW). De rechter kan een afspraak van de ouders over de hoofdverblijfplaats wijzigen als de omstandigheden daarna zijn gewijzigd (artikel 1:253a lid 4 in samenhang met artikel 1:377e BW). De rechter neemt een zodanige beslissing als in het belang van het kind wenselijk voorkomt.<\/p>\n<p>Het hof stelt allereerst vast dat de omstandigheden zijn gewijzigd sinds de ouders kennelijk onderling hebben afgesproken dat [minderjarige] haar hoofdverblijfplaats bij de moeder heeft, alleen al omdat [minderjarige] vanaf april 2025 volledig bij vader woont.<\/p>\n<p>Oordeel van het hof<\/p>\n<p>Op de zitting hebben de ouders overeenstemming bereikt over het wijzigen van de hoofdverblijfplaats van [minderjarige] van de moeder naar de vader. De moeder heeft verklaard in het belang van [minderjarige] de beslissing te hebben genomen zich niet langer te verzetten tegen dit verzoek van de vader, omdat er dan rust en duidelijkheid voor [minderjarige] komt.<\/p>\n<p>Het hof is van oordeel dat wat de ouders hebben afgesproken over de hoofdverblijfplaats van [minderjarige] in haar belang is en zal daarom de bestreden beschikking op dit punt vernietigen en alsnog haar hoofdverblijfplaats bij de vader bepalen.<\/p>\n<p>In de zaak met nummer 200.356.582 (uithuisplaatsing)<\/p>\n<p>De bestreden beschikking<\/p>\n<p>In de bestreden beschikking van 10 juni 2025 (met zaaknummer 449974) heeft de kinderrechter [minderjarige] onder toezicht van de GI gesteld vanaf 10 juni 2025 tot 10 juni 2026 en een machtiging tot uithuisplaatsing van [minderjarige] verleend bij de andere met gezag belaste ouder, te weten de vader, voor de duur van de ondertoezichtstelling.<\/p>\n<p>Wettelijke bepaling<\/p>\n<p>De kinderrechter kan een machtiging geven een kind uit huis te plaatsen. De rechter kan die machtiging geven als dat noodzakelijk is voor de verzorging en opvoeding van een kind of voor onderzoek van een kind (artikel 1:265b lid 1 Burgerlijk Wetboek (BW)).<\/p>\n<p>Oordeel van het hof<\/p>\n<p>Zoals hiervoor onder rechtsoverweging 4.4 blijkt zijn de ouders het erover eens en is ook het hof van oordeel dat het in het belang van [minderjarige] is dat zij bij de vader woont, reden waarom het hof de beslissing ten aanzien van de machtiging tot uithuisplaatsing bij de andere ouder met gezag (de vader) bekrachtigt voor zover deze zich uitstrekt over de periode tot de datum van deze beschikking en vernietigt met ingang van de datum van deze beschikking omdat het hof vanaf dat moment de hoofdverblijfplaats van [minderjarige] bij de vader zal bepalen.<\/p>\n<h3>5De beslissing<\/h3>\n<p>Het hof:<\/p>\n<p>In de zaak met nummer 200.356.582 (uithuisplaatsing)<\/p>\n<p>bekrachtigt de beschikking van de kinderrechter in de rechtbank Gelderland, locatie Zutphen, van 10 juni 2025 (met zaaknummer 449974) over de machtiging tot uithuisplaatsing van [minderjarige] voor zover deze zich uitstrekt over de periode tot heden;<\/p>\n<p>vernietigt de beschikking van de kinderrechter in de rechtbank Gelderland, locatie Zutphen, van 10 juni 2025 (met zaaknummer 449974) over de machtiging tot uithuisplaatsing van [minderjarige] met ingang van de datum van deze beschikking en beslist:<\/p>\n<p>wijst het verzoek van de raad tot het verlenen van een machtiging tot uithuisplaatsing van [minderjarige] alsnog af;<\/p>\n<p>In de zaak met nummer 200.356.586 (hoofdverblijfplaats)<\/p>\n<p>vernietigt de beschikking van de rechtbank Gelderland, locatie Zutphen, van 10 juni 2025 (met zaaknummer 445560) voor zover daarbij een beslissing is genomen over de hoofdverblijfplaats van [minderjarige] en opnieuw beschikkende:<\/p>\n<p>bepaalt dat [minderjarige] , geboren op [geboortedatum] , voortaan haar hoofdverblijfplaats bij de vader heeft;<\/p>\n<p>verklaart deze beschikking uitvoerbaar bij voorraad voor zover het de beslissingen onder 5.2 tot en met 5.5 van dit dictum betreft.<\/p>\n<p>Deze beschikking is gegeven door mrs. S. Kuijpers, P.B. Kamminga en D.J.I. Kroezen en is in het openbaar uitgesproken op 13 november 2025.<\/p>\n<\/div>\n<hr class=\"kji-sep\" \/>\n<p class=\"kji-source-links\"><strong>Sources officielles :<\/strong> <a class=\"kji-source-link\" href=\"http:\/\/deeplink.rechtspraak.nl\/uitspraak?id=ECLI:NL:GHARL:2025:7135\" target=\"_blank\" rel=\"noopener noreferrer\">consulter la page source<\/a><\/p>\n<p class=\"kji-license-note\"><em>Rechtspraak.nl open data, Creative Commons Zero. Volume cible 1.8M decisions.<\/em><\/p>\n<\/div>\n","protected":false},"excerpt":{"rendered":"<p>Verzoek tot verlenen van een machtiging tot uithuisplaatsing bij de andere ouder met gezag en wijziging hoofdverblijfplaats. In het belang van het kind verzet de moeder zich in hoger beroep niet langer tegen het verzoek van de vader de hoofdverblijfplaats van het kind bij hem te bepalen.<\/p>\n","protected":false},"featured_media":0,"template":"","meta":{"_crdt_document":""},"kji_country":[7669],"kji_court":[8134],"kji_chamber":[],"kji_year":[8463],"kji_subject":[7646],"kji_keyword":[8137,8136,8135,9893,7814],"kji_language":[7671],"class_list":["post-668981","kji_decision","type-kji_decision","status-publish","hentry","kji_country-pays-bas","kji_court-gerechtshof-arnhem-leeuwarden","kji_year-8463","kji_subject-divers","kji_keyword-arnhem-leeuwarden","kji_keyword-gerechtshof","kji_keyword-gharl","kji_keyword-hoofdverblijfplaats","kji_keyword-verzoek","kji_language-nl"],"yoast_head":"<!-- This site is optimized with the Yoast SEO Premium plugin v27.4 (Yoast SEO v27.4) - https:\/\/yoast.com\/product\/yoast-seo-premium-wordpress\/ -->\n<title>ECLI:NL:GHARL:2025:7135 Gerechtshof Arnhem-Leeuwarden , 13-11-2025 \/ 200.356.582\/01 - Ma\u00eetre Hassan Kohen, avocat en droit p\u00e9nal \u00e0 Paris<\/title>\n<meta name=\"robots\" content=\"index, follow, max-snippet:-1, max-image-preview:large, max-video-preview:-1\" \/>\n<link rel=\"canonical\" href=\"https:\/\/kohenavocats.com\/ru\/jurisprudences\/eclinlgharl20257135-gerechtshof-arnhem-leeuwarden-13-11-2025-200-356-582-01\/\" \/>\n<meta property=\"og:locale\" content=\"ru_RU\" \/>\n<meta property=\"og:type\" content=\"article\" \/>\n<meta property=\"og:title\" content=\"ECLI:NL:GHARL:2025:7135 Gerechtshof Arnhem-Leeuwarden , 13-11-2025 \/ 200.356.582\/01\" \/>\n<meta property=\"og:description\" content=\"Verzoek tot verlenen van een machtiging tot uithuisplaatsing bij de andere ouder met gezag en wijziging hoofdverblijfplaats. In het belang van het kind verzet de moeder zich in hoger beroep niet langer tegen het verzoek van de vader de hoofdverblijfplaats van het kind bij hem te bepalen.\" \/>\n<meta property=\"og:url\" content=\"https:\/\/kohenavocats.com\/ru\/jurisprudences\/eclinlgharl20257135-gerechtshof-arnhem-leeuwarden-13-11-2025-200-356-582-01\/\" \/>\n<meta property=\"og:site_name\" content=\"Ma\u00eetre Hassan Kohen, avocat en droit p\u00e9nal \u00e0 Paris\" \/>\n<meta name=\"twitter:card\" content=\"summary_large_image\" \/>\n<meta name=\"twitter:label1\" content=\"\u041f\u0440\u0438\u043c\u0435\u0440\u043d\u043e\u0435 \u0432\u0440\u0435\u043c\u044f \u0434\u043b\u044f \u0447\u0442\u0435\u043d\u0438\u044f\" \/>\n\t<meta name=\"twitter:data1\" content=\"5 \u043c\u0438\u043d\u0443\u0442\" \/>\n<script type=\"application\/ld+json\" class=\"yoast-schema-graph\">{\"@context\":\"https:\\\/\\\/schema.org\",\"@graph\":[{\"@type\":\"WebPage\",\"@id\":\"https:\\\/\\\/kohenavocats.com\\\/ru\\\/jurisprudences\\\/eclinlgharl20257135-gerechtshof-arnhem-leeuwarden-13-11-2025-200-356-582-01\\\/\",\"url\":\"https:\\\/\\\/kohenavocats.com\\\/ru\\\/jurisprudences\\\/eclinlgharl20257135-gerechtshof-arnhem-leeuwarden-13-11-2025-200-356-582-01\\\/\",\"name\":\"ECLI:NL:GHARL:2025:7135 Gerechtshof Arnhem-Leeuwarden , 13-11-2025 \\\/ 200.356.582\\\/01 - Ma\u00eetre Hassan Kohen, avocat en droit p\u00e9nal \u00e0 Paris\",\"isPartOf\":{\"@id\":\"https:\\\/\\\/kohenavocats.com\\\/ru\\\/#website\"},\"datePublished\":\"2026-04-24T03:38:39+00:00\",\"breadcrumb\":{\"@id\":\"https:\\\/\\\/kohenavocats.com\\\/ru\\\/jurisprudences\\\/eclinlgharl20257135-gerechtshof-arnhem-leeuwarden-13-11-2025-200-356-582-01\\\/#breadcrumb\"},\"inLanguage\":\"ru-RU\",\"potentialAction\":[{\"@type\":\"ReadAction\",\"target\":[\"https:\\\/\\\/kohenavocats.com\\\/ru\\\/jurisprudences\\\/eclinlgharl20257135-gerechtshof-arnhem-leeuwarden-13-11-2025-200-356-582-01\\\/\"]}]},{\"@type\":\"BreadcrumbList\",\"@id\":\"https:\\\/\\\/kohenavocats.com\\\/ru\\\/jurisprudences\\\/eclinlgharl20257135-gerechtshof-arnhem-leeuwarden-13-11-2025-200-356-582-01\\\/#breadcrumb\",\"itemListElement\":[{\"@type\":\"ListItem\",\"position\":1,\"name\":\"Home\",\"item\":\"https:\\\/\\\/kohenavocats.com\\\/ru\\\/avocats-en-droit-penal-a-paris-conseil-et-defense-strategique\\\/\"},{\"@type\":\"ListItem\",\"position\":2,\"name\":\"Jurisprudences\",\"item\":\"https:\\\/\\\/kohenavocats.com\\\/ru\\\/jurisprudences\\\/\"},{\"@type\":\"ListItem\",\"position\":3,\"name\":\"ECLI:NL:GHARL:2025:7135 Gerechtshof Arnhem-Leeuwarden , 13-11-2025 \\\/ 200.356.582\\\/01\"}]},{\"@type\":\"WebSite\",\"@id\":\"https:\\\/\\\/kohenavocats.com\\\/ru\\\/#website\",\"url\":\"https:\\\/\\\/kohenavocats.com\\\/ru\\\/\",\"name\":\"Kohen Avocats\",\"description\":\"Ma\u00eetre Hassan Kohen, avocat p\u00e9naliste \u00e0 Paris, intervient exclusivement en droit p\u00e9nal pour la d\u00e9fense des particuliers, notamment en mati\u00e8re d\u2019accusations de viol. Il assure un accompagnement rigoureux d\u00e8s la garde \u00e0 vue jusqu\u2019\u00e0 la Cour d\u2019assises, veillant au strict respect des garanties proc\u00e9durales.\",\"publisher\":{\"@id\":\"https:\\\/\\\/kohenavocats.com\\\/ru\\\/#organization\"},\"potentialAction\":[{\"@type\":\"SearchAction\",\"target\":{\"@type\":\"EntryPoint\",\"urlTemplate\":\"https:\\\/\\\/kohenavocats.com\\\/ru\\\/?s={search_term_string}\"},\"query-input\":{\"@type\":\"PropertyValueSpecification\",\"valueRequired\":true,\"valueName\":\"search_term_string\"}}],\"inLanguage\":\"ru-RU\"},{\"@type\":\"Organization\",\"@id\":\"https:\\\/\\\/kohenavocats.com\\\/ru\\\/#organization\",\"name\":\"Kohen Avocats\",\"url\":\"https:\\\/\\\/kohenavocats.com\\\/ru\\\/\",\"logo\":{\"@type\":\"ImageObject\",\"inLanguage\":\"ru-RU\",\"@id\":\"https:\\\/\\\/kohenavocats.com\\\/ru\\\/#\\\/schema\\\/logo\\\/image\\\/\",\"url\":\"https:\\\/\\\/kohenavocats.com\\\/wp-content\\\/uploads\\\/2026\\\/01\\\/Logo-2-1.webp\",\"contentUrl\":\"https:\\\/\\\/kohenavocats.com\\\/wp-content\\\/uploads\\\/2026\\\/01\\\/Logo-2-1.webp\",\"width\":2114,\"height\":1253,\"caption\":\"Kohen Avocats\"},\"image\":{\"@id\":\"https:\\\/\\\/kohenavocats.com\\\/ru\\\/#\\\/schema\\\/logo\\\/image\\\/\"}}]}<\/script>\n<!-- \/ Yoast SEO Premium plugin. -->","yoast_head_json":{"title":"ECLI:NL:GHARL:2025:7135 Gerechtshof Arnhem-Leeuwarden , 13-11-2025 \/ 200.356.582\/01 - Ma\u00eetre Hassan Kohen, avocat en droit p\u00e9nal \u00e0 Paris","robots":{"index":"index","follow":"follow","max-snippet":"max-snippet:-1","max-image-preview":"max-image-preview:large","max-video-preview":"max-video-preview:-1"},"canonical":"https:\/\/kohenavocats.com\/ru\/jurisprudences\/eclinlgharl20257135-gerechtshof-arnhem-leeuwarden-13-11-2025-200-356-582-01\/","og_locale":"ru_RU","og_type":"article","og_title":"ECLI:NL:GHARL:2025:7135 Gerechtshof Arnhem-Leeuwarden , 13-11-2025 \/ 200.356.582\/01","og_description":"Verzoek tot verlenen van een machtiging tot uithuisplaatsing bij de andere ouder met gezag en wijziging hoofdverblijfplaats. In het belang van het kind verzet de moeder zich in hoger beroep niet langer tegen het verzoek van de vader de hoofdverblijfplaats van het kind bij hem te bepalen.","og_url":"https:\/\/kohenavocats.com\/ru\/jurisprudences\/eclinlgharl20257135-gerechtshof-arnhem-leeuwarden-13-11-2025-200-356-582-01\/","og_site_name":"Ma\u00eetre Hassan Kohen, avocat en droit p\u00e9nal \u00e0 Paris","twitter_card":"summary_large_image","twitter_misc":{"\u041f\u0440\u0438\u043c\u0435\u0440\u043d\u043e\u0435 \u0432\u0440\u0435\u043c\u044f \u0434\u043b\u044f \u0447\u0442\u0435\u043d\u0438\u044f":"5 \u043c\u0438\u043d\u0443\u0442"},"schema":{"@context":"https:\/\/schema.org","@graph":[{"@type":"WebPage","@id":"https:\/\/kohenavocats.com\/ru\/jurisprudences\/eclinlgharl20257135-gerechtshof-arnhem-leeuwarden-13-11-2025-200-356-582-01\/","url":"https:\/\/kohenavocats.com\/ru\/jurisprudences\/eclinlgharl20257135-gerechtshof-arnhem-leeuwarden-13-11-2025-200-356-582-01\/","name":"ECLI:NL:GHARL:2025:7135 Gerechtshof Arnhem-Leeuwarden , 13-11-2025 \/ 200.356.582\/01 - Ma\u00eetre Hassan Kohen, avocat en droit p\u00e9nal \u00e0 Paris","isPartOf":{"@id":"https:\/\/kohenavocats.com\/ru\/#website"},"datePublished":"2026-04-24T03:38:39+00:00","breadcrumb":{"@id":"https:\/\/kohenavocats.com\/ru\/jurisprudences\/eclinlgharl20257135-gerechtshof-arnhem-leeuwarden-13-11-2025-200-356-582-01\/#breadcrumb"},"inLanguage":"ru-RU","potentialAction":[{"@type":"ReadAction","target":["https:\/\/kohenavocats.com\/ru\/jurisprudences\/eclinlgharl20257135-gerechtshof-arnhem-leeuwarden-13-11-2025-200-356-582-01\/"]}]},{"@type":"BreadcrumbList","@id":"https:\/\/kohenavocats.com\/ru\/jurisprudences\/eclinlgharl20257135-gerechtshof-arnhem-leeuwarden-13-11-2025-200-356-582-01\/#breadcrumb","itemListElement":[{"@type":"ListItem","position":1,"name":"Home","item":"https:\/\/kohenavocats.com\/ru\/avocats-en-droit-penal-a-paris-conseil-et-defense-strategique\/"},{"@type":"ListItem","position":2,"name":"Jurisprudences","item":"https:\/\/kohenavocats.com\/ru\/jurisprudences\/"},{"@type":"ListItem","position":3,"name":"ECLI:NL:GHARL:2025:7135 Gerechtshof Arnhem-Leeuwarden , 13-11-2025 \/ 200.356.582\/01"}]},{"@type":"WebSite","@id":"https:\/\/kohenavocats.com\/ru\/#website","url":"https:\/\/kohenavocats.com\/ru\/","name":"Kohen Avocats","description":"Ma\u00eetre Hassan Kohen, avocat p\u00e9naliste \u00e0 Paris, intervient exclusivement en droit p\u00e9nal pour la d\u00e9fense des particuliers, notamment en mati\u00e8re d\u2019accusations de viol. Il assure un accompagnement rigoureux d\u00e8s la garde \u00e0 vue jusqu\u2019\u00e0 la Cour d\u2019assises, veillant au strict respect des garanties proc\u00e9durales.","publisher":{"@id":"https:\/\/kohenavocats.com\/ru\/#organization"},"potentialAction":[{"@type":"SearchAction","target":{"@type":"EntryPoint","urlTemplate":"https:\/\/kohenavocats.com\/ru\/?s={search_term_string}"},"query-input":{"@type":"PropertyValueSpecification","valueRequired":true,"valueName":"search_term_string"}}],"inLanguage":"ru-RU"},{"@type":"Organization","@id":"https:\/\/kohenavocats.com\/ru\/#organization","name":"Kohen Avocats","url":"https:\/\/kohenavocats.com\/ru\/","logo":{"@type":"ImageObject","inLanguage":"ru-RU","@id":"https:\/\/kohenavocats.com\/ru\/#\/schema\/logo\/image\/","url":"https:\/\/kohenavocats.com\/wp-content\/uploads\/2026\/01\/Logo-2-1.webp","contentUrl":"https:\/\/kohenavocats.com\/wp-content\/uploads\/2026\/01\/Logo-2-1.webp","width":2114,"height":1253,"caption":"Kohen Avocats"},"image":{"@id":"https:\/\/kohenavocats.com\/ru\/#\/schema\/logo\/image\/"}}]}},"jetpack_likes_enabled":false,"jetpack_sharing_enabled":true,"_links":{"self":[{"href":"https:\/\/kohenavocats.com\/ru\/wp-json\/wp\/v2\/kji_decision\/668981","targetHints":{"allow":["GET"]}}],"collection":[{"href":"https:\/\/kohenavocats.com\/ru\/wp-json\/wp\/v2\/kji_decision"}],"about":[{"href":"https:\/\/kohenavocats.com\/ru\/wp-json\/wp\/v2\/types\/kji_decision"}],"wp:attachment":[{"href":"https:\/\/kohenavocats.com\/ru\/wp-json\/wp\/v2\/media?parent=668981"}],"wp:term":[{"taxonomy":"kji_country","embeddable":true,"href":"https:\/\/kohenavocats.com\/ru\/wp-json\/wp\/v2\/kji_country?post=668981"},{"taxonomy":"kji_court","embeddable":true,"href":"https:\/\/kohenavocats.com\/ru\/wp-json\/wp\/v2\/kji_court?post=668981"},{"taxonomy":"kji_chamber","embeddable":true,"href":"https:\/\/kohenavocats.com\/ru\/wp-json\/wp\/v2\/kji_chamber?post=668981"},{"taxonomy":"kji_year","embeddable":true,"href":"https:\/\/kohenavocats.com\/ru\/wp-json\/wp\/v2\/kji_year?post=668981"},{"taxonomy":"kji_subject","embeddable":true,"href":"https:\/\/kohenavocats.com\/ru\/wp-json\/wp\/v2\/kji_subject?post=668981"},{"taxonomy":"kji_keyword","embeddable":true,"href":"https:\/\/kohenavocats.com\/ru\/wp-json\/wp\/v2\/kji_keyword?post=668981"},{"taxonomy":"kji_language","embeddable":true,"href":"https:\/\/kohenavocats.com\/ru\/wp-json\/wp\/v2\/kji_language?post=668981"}],"curies":[{"name":"wp","href":"https:\/\/api.w.org\/{rel}","templated":true}]}}