{"id":669660,"date":"2026-04-24T06:39:05","date_gmt":"2026-04-24T04:39:05","guid":{"rendered":"https:\/\/kohenavocats.com\/jurisprudences\/eclinlrbdha202524082-rechtbank-den-haag-11-08-2025-nl25-9707-en-nl25-9709\/"},"modified":"2026-04-24T06:39:05","modified_gmt":"2026-04-24T04:39:05","slug":"eclinlrbdha202524082-rechtbank-den-haag-11-08-2025-nl25-9707-en-nl25-9709","status":"publish","type":"kji_decision","link":"https:\/\/kohenavocats.com\/ru\/jurisprudences\/eclinlrbdha202524082-rechtbank-den-haag-11-08-2025-nl25-9707-en-nl25-9709\/","title":{"rendered":"ECLI:NL:RBDHA:2025:24082 Rechtbank Den Haag , 11-08-2025 \/ NL25.9707 en NL25.9709"},"content":{"rendered":"<div class=\"kji-decision\">\n<div class=\"kji-full-text\">\n<p><strong>Inhoudsindicatie.<\/strong> Wijziging verblijfsvergunning; humanitaire gronden; belangenafweging 8 EVRM; beroep is ongegrond; voorlopige voorziening is niet-ontvankelijk.<\/p>\n<p>RECHTBANK DEN HAAG<\/p>\n<p>Bestuursrecht<\/p>\n<p>zaaknummers: NL25.9707 en NL25.9709<\/p>\n<p>uitspraak van de enkelvoudige kamer en de voorzieningenrechter in de zaak tussen<\/p>\n<h3>[eiser], V-nummer: [v-nummer], eiser\/verzoeker (hierna: eiser)<\/h3>\n<p>(gemachtigde: mr. P.C.M. van Schijndel),<\/p>\n<p>en<\/p>\n<h3>de minister van Asiel en Migratie, verweerder<\/h3>\n<p>(gemachtigde: [naam 1]).<\/p>\n<h3>Inleiding<\/h3>\n<p>1. In deze uitspraak beoordeelt de rechtbank het beroep van eiser tegen de afwijzing van zijn aanvraag voor het wijzigen van het doel van zijn verblijfsvergunning en beoordeelt de voorzieningenrechter het verzoek om een voorlopige voorziening van eiser.<\/p>\n<p>Verweerder heeft de aanvraag met het besluit van 2 augustus 2023 afgewezen. Met het bestreden besluit van 13 februari 2025 op het bezwaar van eiser is verweerder bij de afwijzing van de aanvraag gebleven.<\/p>\n<p>Verweerder heeft op het beroep gereageerd met een verweerschrift.<\/p>\n<p>2. De rechtbank heeft het beroep op 10 juli 2025 op zitting behandeld. Hieraan hebben deelgenomen: eiser, de gemachtigde van eiser en de gemachtigde van verweerder.<\/p>\n<h3>Beoordeling door de rechtbank<\/h3>\n<p>Waar gaat deze zaak over?<\/p>\n<p>3. Eiser is geboren op [geboortedatum] 1966 en heeft de Marokkaanse nationaliteit. Eiser had een verblijfsvergunning regulier voor bepaalde tijd voor het doel \u2018verblijf als familie- of gezinslid\u2019 bij zijn ex-echtgenote, [naam 2]. Deze verblijfsvergunning is bij besluit van 17 mei 2022 met terugwerkende kracht ingetrokken vanaf 24 maart 2022. Eiser heeft geen bezwaar ingediend tegen dit besluit. Het besluit is daarom onherroepelijk geworden. Eiser wil zijn verblijf in Nederland voorzetten en heeft op 23 februari 2023 een aanvraag ingediend voor een verblijfsvergunning regulier voor bepaalde tijd voor het doel \u2018niet-tijdelijke humanitaire gronden\u2019.<\/p>\n<p>4. Verweerder heeft deze aanvraag van eiser afgewezen, omdat de aanvraag tot wijziging niet tijdig is ingediend. De aanvraag is ingediend nadat de verblijfsvergunning van eiser is ingetrokken en deze termijnoverschrijding kan eiser worden toegerekend. Daarnaast heeft eiser niet aangetoond dat er bijzondere individuele klemmende redenen van humanitaire aard zijn, op grond waarvan het onredelijk zou zijn om van eiser te verlangen dat hij terugkeert naar zijn land van herkomst (Marokko), en eiser heeft niet aangetoond blijvend op verblijf in Nederland aangewezen te zijn. Verweerder is verder van oordeel dat het belang van de Nederlandse overheid zwaarder weegt dan het persoonlijk belang van eiser om zijn priv\u00e9leven in Nederland uit te oefenen. De afwijzing van de aanvraag is daarom niet in strijd met artikel 8 van het EVRM.<\/p>\n<p>Wat vindt eiser in beroep?<\/p>\n<p>5. Volgens eiser heeft verweerder een onjuiste belangenafweging in het kader van artikel 8 EVRM gemaakt. Eiser heeft een beschermenswaardig priv\u00e9leven, omdat hij is ge\u00efntegreerd in Nederland en omdat hij geen banden meer heeft met zijn land van herkomst.<\/p>\n<p>Op 14 jarige leeftijd is eiser in het kader van gezinshereniging naar Nederland gekomen en hij heeft sindsdien rechtmatig verblijf gehad in Nederland. In 1996 werd eiser verwijderd naar Marokko. Eiser is geworteld in de Nederlandse samenleving en heeft zich nooit kunnen wortelen in Marokko. Eiser heeft ook rechtmatig verblijf in Nederland gehad toen hij in het kader van gezinshereniging met zijn inmiddels ex-echtgenote naar Nederland mocht komen. Eiser spreekt de Nederlandse taal, heeft langdurig in Nederland verbleven, werkt in Nederland en heeft familie in Nederland. Eiser heeft ook diploma\u2019s en bewijsstukken overgelegd waaruit zijn inburgering in Nederland blijkt. De leeftijd waarop eiser was toen hij in Nederland arriveerde en Nederland verliet, zijn vormende jaren in de ontwikkeling van een kind. Eiser verwijst daarbij naar een rapport over de psychologische schade bij uitzetting van minderjarigen. Het belang van eiser bij inwilliging van zijn aanvraag is groter dan de belangen van de Nederlandse overheid bij de weigering daarvan. Daarnaast heeft de Nederlandse overheid geen economisch belang om verblijf te weigeren, omdat eiser een baan en inkomen heeft en daardoor juist een bijdrage levert aan het economisch welzijn van Nederland. Weigering door verweerder om de verzochte verblijfsvergunning te verlenen levert een schending op van het recht tot eerbiediging van het priv\u00e9leven in de zin van artikel 8 van het EVRM.<\/p>\n<p>Wat is het oordeel van de rechtbank?<\/p>\n<p>6. Niet in geschil is dat er in dit geval sprake is van priv\u00e9leven in de zin van artikel 8 van het EVRM. Het gaat in dit geval om de vraag of verweerder de belangenafweging in het nadeel van eiser heeft kunnen laten uitvallen.<\/p>\n<p>7. Uit vaste rechtspraak blijkt dat verweerder bij de belangenafweging in het kader van het door artikel 8 van het EVRM beschermde recht op eerbiediging van het priv\u00e9leven een \u2018fair balance\u2019 moet vinden tussen het belang van de vreemdelingen enerzijds en het Nederlands algemeen belang dat is gediend bij het uitvoeren van een restrictief toelatingsbeleid anderzijds. Daarbij moet hij alle voor die belangenafweging van betekenis zijnde feiten en omstandigheden kenbaar betrekken.<\/p>\n<p>8. De rechtbank is van oordeel dat verweerder heeft mogen concluderen dat het economisch belang van de Nederlandse overheid zwaarder weegt dan eisers persoonlijke belang op priv\u00e9leven in Nederland. Verweerder heeft in het nadeel van eiser mogen wegen dat eiser niet meer aan de voorwaarden voor verblijfsvergunning onder de beperking \u2018verblijf als familie- of gezinslid\u2019 bij zijn ex-echtgenote voldoet en deze ook is ingetrokken. Ook heeft verweerder aan het feit dat eiser over eigen inkomen beschikt op goede gronden weinig gewicht toegekend, omdat eiser na intrekking van zijn verblijfsvergunning niet mocht werken. De ter zitting ingenomen stelling dat eiser tijdens de afwachting van het beroep wel arbeid mocht verrichten en hij daartoe een sticker met een verblijfsaantekening zou hebben gekregen, is niet onderbouwd.<\/p>\n<p>9. Verweerder heeft zich verder op het standpunt mogen stellen dat de door eiser aangevoerde omstandigheden dat hij in Nederland werkt, opleidingen heeft gevolgd en contact heeft met de buren, niet zo bijzonder zijn dat eiser daarom een sterkere binding met Nederland heeft dan met Marokko, waardoor aan hem een verblijfsvergunning moet worden verleend. Verweerder heeft daarbij mogen betrekken dat eiser een belangrijk deel van zijn leven in Marokko heeft gewoond. Eiser is in Marokko geboren en heeft daar gewoond tot zijn komst naar Nederland toen hij 14 jaar was. Eiser heeft na zijn vertrek uit Nederland in 1996 (hij was toen 30 jaar) in Marokko verbleven en daar hebben grote levensgebeurtenissen plaatsgevonden, zoals een huwelijk, waaruit 4 kinderen zijn geboren en een scheiding. Met betrekking tot de stelling van eiser dat hij geen familie- en\/of gezinsleven heeft in Marokko, wat daar ook van zij, heeft verweerder er op mogen wijzen dat verwacht mag worden dat eiser zich zonder familie of vrienden zelfstandig kan redden dan wel opnieuw vriendschappen kan opbouwen. Hoewel eiser de Nederlandse taal beheerst en dit in zijn voordeel weegt, heeft verweerder kunnen concluderen dat dit in samenhang met de overige omstandigheden onvoldoende is om de balans naar eiser te laten uitslaan.<\/p>\n<p>10. De rechtbank is daarom van oordeel dat verweerder in het bestreden besluit alle relevante feiten en omstandigheden heeft meegewogen in de belangenafweging en zich voldoende gemotiveerd op het standpunt heeft gesteld dat de belangenafweging in het nadeel van eiser uitvalt.<\/p>\n<p>11. Met betrekking tot het door eiser aangehaalde rapport van Kalverboer en Zijlstra, merkt verweerder op goede gronden op dat dit ziet op psychologische schade bij uitzetting bij minderjarigen tussen de 6 en 18 jaar oud terwijl eiser bij de uitzetting ongeveer 30 jaar oud was. Verweerder heeft zich daarom op het standpunt mogen stellen dat de ontwikkelingsrisico\u2019s zoals beschreven in het rapport niet van toepassing zijn op eiser.<\/p>\n<h3>Conclusie en gevolgen<\/h3>\n<p>12. Het beroep is ongegrond. Dat betekent dat verweerder op goede gronden de aanvraag voor een verblijfsvergunning regulier voor bepaalde tijd voor het doel \u2018niet-tijdelijke humanitaire gronden\u2019 heeft afgewezen.<\/p>\n<p>13. Het verzoek om een voorlopige voorziening wordt buiten zitting afgedaan en niet-ontvankelijk verklaard, nu er uitspraak is gedaan in het beroep en er niet langer sprake is van connexiteit.<\/p>\n<p>14. Eiser krijgt daarom het griffierecht niet terug. Hij krijgt ook geen vergoeding van zijn proceskosten.<\/p>\n<h3>Beslissing<\/h3>\n<p>De rechtbank verklaart het beroep ongegrond.<\/p>\n<p>De voorzieningenrechter verklaart het verzoek om een voorlopige voorziening niet-ontvankelijk.<\/p>\n<p>Deze uitspraak is gedaan door mr. A.M. de Wit, (voorzieningen)rechter, in aanwezigheid van mr. L.W.H. Schippers, griffier.<\/p>\n<p>De beslissing is uitgesproken in het openbaar en bekendgemaakt op:<\/p>\n<p>Informatie over hoger beroep<\/p>\n<p>Een partij die het niet eens is met deze uitspraak op het beroep, kan een hogerberoepschrift sturen naar de Afdeling bestuursrechtspraak van de Raad van State waarin wordt uitgelegd waarom deze partij het niet eens is met deze uitspraak. Het hogerberoepschrift moet worden ingediend binnen vier weken na de dag waarop deze uitspraak is verzonden. Kan de indiener de behandeling van het hoger beroep niet afwachten, omdat de zaak spoed heeft, dan kan de indiener de voorzieningenrechter van de Afdeling bestuursrechtspraak van de Raad van State vragen om een voorlopige voorziening (een tijdelijke maatregel) te treffen.<\/p>\n<p>Tegen de uitspraak op het verzoek om een voorlopige voorziening staat geen hoger beroep op verzet open.<\/p>\n<h3>Voetnoten<\/h3>\n<ol>\n<li>Verdrag tot bescherming van de rechten van de mens en de fundamentele vrijheden (EVRM).<\/li>\n<li>M.E. Kalverboer en A.E. Zijlstra, \u2018De schade die kinderen oplopen als ze na langdurig verblijf in Nederland gedwongen worden uitgezet\u2019, DCI-Nederland 2006 (<a href=\"https:\/\/www.rug.nl\/research\/study-centre-for-children-migration-and-law\/publications\/schadenota.pdf\" rel=\"nofollow\">https:\/\/www.rug.nl\/research\/study-centre-for-children-migration-and-law\/publications\/schadenota.pdf<\/a>).<\/li>\n<li>Onder meer de uitspraak van de Afdeling Bestuursrechtspraak van de Raad van State (de Afdeling) van 23 juli 2019, ECLI:NL:RVS:2019:2516.<\/li>\n<li>Op grond van artikel 8:81 en 8:83, derde lid, van de Algemene wet bestuursrecht.<\/li>\n<\/ol>\n<\/div>\n<hr class=\"kji-sep\" \/>\n<p class=\"kji-source-links\"><strong>Sources officielles :<\/strong> <a class=\"kji-source-link\" href=\"http:\/\/deeplink.rechtspraak.nl\/uitspraak?id=ECLI:NL:RBDHA:2025:24082\" target=\"_blank\" rel=\"noopener noreferrer\">consulter la page source<\/a><\/p>\n<p class=\"kji-license-note\"><em>Rechtspraak.nl open data, Creative Commons Zero. Volume cible 1.8M decisions.<\/em><\/p>\n<\/div>\n","protected":false},"excerpt":{"rendered":"<p>Wijziging verblijfsvergunning; humanitaire gronden; belangenafweging 8 EVRM; beroep is ongegrond; voorlopige voorziening is niet-ontvankelijk.<\/p>\n","protected":false},"featured_media":0,"template":"","meta":{"_crdt_document":""},"kji_country":[7669],"kji_court":[7670],"kji_chamber":[],"kji_year":[8463],"kji_subject":[7612],"kji_keyword":[21147,7674,7675,14604,10180],"kji_language":[7671],"class_list":["post-669660","kji_decision","type-kji_decision","status-publish","hentry","kji_country-pays-bas","kji_court-rechtbank-den-haag","kji_year-8463","kji_subject-fiscal","kji_keyword-humanitaire","kji_keyword-rbdha","kji_keyword-rechtbank","kji_keyword-verblijfsvergunning","kji_keyword-wijziging","kji_language-nl"],"yoast_head":"<!-- This site is optimized with the Yoast SEO Premium plugin v27.5 (Yoast SEO v27.5) - https:\/\/yoast.com\/product\/yoast-seo-premium-wordpress\/ -->\n<title>ECLI:NL:RBDHA:2025:24082 Rechtbank Den Haag , 11-08-2025 \/ NL25.9707 en NL25.9709 - Ma\u00eetre Hassan Kohen, avocat en droit p\u00e9nal \u00e0 Paris<\/title>\n<meta name=\"robots\" content=\"index, follow, max-snippet:-1, max-image-preview:large, max-video-preview:-1\" \/>\n<link rel=\"canonical\" href=\"https:\/\/kohenavocats.com\/ru\/jurisprudences\/eclinlrbdha202524082-rechtbank-den-haag-11-08-2025-nl25-9707-en-nl25-9709\/\" \/>\n<meta property=\"og:locale\" content=\"ru_RU\" \/>\n<meta property=\"og:type\" content=\"article\" \/>\n<meta property=\"og:title\" content=\"ECLI:NL:RBDHA:2025:24082 Rechtbank Den Haag , 11-08-2025 \/ NL25.9707 en NL25.9709\" \/>\n<meta property=\"og:description\" content=\"Wijziging verblijfsvergunning; humanitaire gronden; belangenafweging 8 EVRM; beroep is ongegrond; voorlopige voorziening is niet-ontvankelijk.\" \/>\n<meta property=\"og:url\" content=\"https:\/\/kohenavocats.com\/ru\/jurisprudences\/eclinlrbdha202524082-rechtbank-den-haag-11-08-2025-nl25-9707-en-nl25-9709\/\" \/>\n<meta property=\"og:site_name\" content=\"Ma\u00eetre Hassan Kohen, avocat en droit p\u00e9nal \u00e0 Paris\" \/>\n<meta name=\"twitter:card\" content=\"summary_large_image\" \/>\n<meta name=\"twitter:label1\" content=\"\u041f\u0440\u0438\u043c\u0435\u0440\u043d\u043e\u0435 \u0432\u0440\u0435\u043c\u044f \u0434\u043b\u044f \u0447\u0442\u0435\u043d\u0438\u044f\" \/>\n\t<meta name=\"twitter:data1\" content=\"8 \u043c\u0438\u043d\u0443\u0442\" \/>\n<script type=\"application\/ld+json\" class=\"yoast-schema-graph\">{\"@context\":\"https:\\\/\\\/schema.org\",\"@graph\":[{\"@type\":\"WebPage\",\"@id\":\"https:\\\/\\\/kohenavocats.com\\\/ru\\\/jurisprudences\\\/eclinlrbdha202524082-rechtbank-den-haag-11-08-2025-nl25-9707-en-nl25-9709\\\/\",\"url\":\"https:\\\/\\\/kohenavocats.com\\\/ru\\\/jurisprudences\\\/eclinlrbdha202524082-rechtbank-den-haag-11-08-2025-nl25-9707-en-nl25-9709\\\/\",\"name\":\"ECLI:NL:RBDHA:2025:24082 Rechtbank Den Haag , 11-08-2025 \\\/ NL25.9707 en NL25.9709 - Ma\u00eetre Hassan Kohen, avocat en droit p\u00e9nal \u00e0 Paris\",\"isPartOf\":{\"@id\":\"https:\\\/\\\/kohenavocats.com\\\/ru\\\/#website\"},\"datePublished\":\"2026-04-24T04:39:05+00:00\",\"breadcrumb\":{\"@id\":\"https:\\\/\\\/kohenavocats.com\\\/ru\\\/jurisprudences\\\/eclinlrbdha202524082-rechtbank-den-haag-11-08-2025-nl25-9707-en-nl25-9709\\\/#breadcrumb\"},\"inLanguage\":\"ru-RU\",\"potentialAction\":[{\"@type\":\"ReadAction\",\"target\":[\"https:\\\/\\\/kohenavocats.com\\\/ru\\\/jurisprudences\\\/eclinlrbdha202524082-rechtbank-den-haag-11-08-2025-nl25-9707-en-nl25-9709\\\/\"]}]},{\"@type\":\"BreadcrumbList\",\"@id\":\"https:\\\/\\\/kohenavocats.com\\\/ru\\\/jurisprudences\\\/eclinlrbdha202524082-rechtbank-den-haag-11-08-2025-nl25-9707-en-nl25-9709\\\/#breadcrumb\",\"itemListElement\":[{\"@type\":\"ListItem\",\"position\":1,\"name\":\"Home\",\"item\":\"https:\\\/\\\/kohenavocats.com\\\/ru\\\/avocats-en-droit-penal-a-paris-conseil-et-defense-strategique\\\/\"},{\"@type\":\"ListItem\",\"position\":2,\"name\":\"Jurisprudences\",\"item\":\"https:\\\/\\\/kohenavocats.com\\\/ru\\\/jurisprudences\\\/\"},{\"@type\":\"ListItem\",\"position\":3,\"name\":\"ECLI:NL:RBDHA:2025:24082 Rechtbank Den Haag , 11-08-2025 \\\/ NL25.9707 en NL25.9709\"}]},{\"@type\":\"WebSite\",\"@id\":\"https:\\\/\\\/kohenavocats.com\\\/ru\\\/#website\",\"url\":\"https:\\\/\\\/kohenavocats.com\\\/ru\\\/\",\"name\":\"Kohen Avocats\",\"description\":\"Ma\u00eetre Hassan Kohen, avocat p\u00e9naliste \u00e0 Paris, intervient exclusivement en droit p\u00e9nal pour la d\u00e9fense des particuliers, notamment en mati\u00e8re d\u2019accusations de viol. Il assure un accompagnement rigoureux d\u00e8s la garde \u00e0 vue jusqu\u2019\u00e0 la Cour d\u2019assises, veillant au strict respect des garanties proc\u00e9durales.\",\"publisher\":{\"@id\":\"https:\\\/\\\/kohenavocats.com\\\/ru\\\/#organization\"},\"potentialAction\":[{\"@type\":\"SearchAction\",\"target\":{\"@type\":\"EntryPoint\",\"urlTemplate\":\"https:\\\/\\\/kohenavocats.com\\\/ru\\\/?s={search_term_string}\"},\"query-input\":{\"@type\":\"PropertyValueSpecification\",\"valueRequired\":true,\"valueName\":\"search_term_string\"}}],\"inLanguage\":\"ru-RU\"},{\"@type\":\"Organization\",\"@id\":\"https:\\\/\\\/kohenavocats.com\\\/ru\\\/#organization\",\"name\":\"Kohen Avocats\",\"url\":\"https:\\\/\\\/kohenavocats.com\\\/ru\\\/\",\"logo\":{\"@type\":\"ImageObject\",\"inLanguage\":\"ru-RU\",\"@id\":\"https:\\\/\\\/kohenavocats.com\\\/ru\\\/#\\\/schema\\\/logo\\\/image\\\/\",\"url\":\"https:\\\/\\\/kohenavocats.com\\\/wp-content\\\/uploads\\\/2026\\\/01\\\/Logo-2-1.webp\",\"contentUrl\":\"https:\\\/\\\/kohenavocats.com\\\/wp-content\\\/uploads\\\/2026\\\/01\\\/Logo-2-1.webp\",\"width\":2114,\"height\":1253,\"caption\":\"Kohen Avocats\"},\"image\":{\"@id\":\"https:\\\/\\\/kohenavocats.com\\\/ru\\\/#\\\/schema\\\/logo\\\/image\\\/\"}}]}<\/script>\n<!-- \/ Yoast SEO Premium plugin. -->","yoast_head_json":{"title":"ECLI:NL:RBDHA:2025:24082 Rechtbank Den Haag , 11-08-2025 \/ NL25.9707 en NL25.9709 - Ma\u00eetre Hassan Kohen, avocat en droit p\u00e9nal \u00e0 Paris","robots":{"index":"index","follow":"follow","max-snippet":"max-snippet:-1","max-image-preview":"max-image-preview:large","max-video-preview":"max-video-preview:-1"},"canonical":"https:\/\/kohenavocats.com\/ru\/jurisprudences\/eclinlrbdha202524082-rechtbank-den-haag-11-08-2025-nl25-9707-en-nl25-9709\/","og_locale":"ru_RU","og_type":"article","og_title":"ECLI:NL:RBDHA:2025:24082 Rechtbank Den Haag , 11-08-2025 \/ NL25.9707 en NL25.9709","og_description":"Wijziging verblijfsvergunning; humanitaire gronden; belangenafweging 8 EVRM; beroep is ongegrond; voorlopige voorziening is niet-ontvankelijk.","og_url":"https:\/\/kohenavocats.com\/ru\/jurisprudences\/eclinlrbdha202524082-rechtbank-den-haag-11-08-2025-nl25-9707-en-nl25-9709\/","og_site_name":"Ma\u00eetre Hassan Kohen, avocat en droit p\u00e9nal \u00e0 Paris","twitter_card":"summary_large_image","twitter_misc":{"\u041f\u0440\u0438\u043c\u0435\u0440\u043d\u043e\u0435 \u0432\u0440\u0435\u043c\u044f \u0434\u043b\u044f \u0447\u0442\u0435\u043d\u0438\u044f":"8 \u043c\u0438\u043d\u0443\u0442"},"schema":{"@context":"https:\/\/schema.org","@graph":[{"@type":"WebPage","@id":"https:\/\/kohenavocats.com\/ru\/jurisprudences\/eclinlrbdha202524082-rechtbank-den-haag-11-08-2025-nl25-9707-en-nl25-9709\/","url":"https:\/\/kohenavocats.com\/ru\/jurisprudences\/eclinlrbdha202524082-rechtbank-den-haag-11-08-2025-nl25-9707-en-nl25-9709\/","name":"ECLI:NL:RBDHA:2025:24082 Rechtbank Den Haag , 11-08-2025 \/ NL25.9707 en NL25.9709 - Ma\u00eetre Hassan Kohen, avocat en droit p\u00e9nal \u00e0 Paris","isPartOf":{"@id":"https:\/\/kohenavocats.com\/ru\/#website"},"datePublished":"2026-04-24T04:39:05+00:00","breadcrumb":{"@id":"https:\/\/kohenavocats.com\/ru\/jurisprudences\/eclinlrbdha202524082-rechtbank-den-haag-11-08-2025-nl25-9707-en-nl25-9709\/#breadcrumb"},"inLanguage":"ru-RU","potentialAction":[{"@type":"ReadAction","target":["https:\/\/kohenavocats.com\/ru\/jurisprudences\/eclinlrbdha202524082-rechtbank-den-haag-11-08-2025-nl25-9707-en-nl25-9709\/"]}]},{"@type":"BreadcrumbList","@id":"https:\/\/kohenavocats.com\/ru\/jurisprudences\/eclinlrbdha202524082-rechtbank-den-haag-11-08-2025-nl25-9707-en-nl25-9709\/#breadcrumb","itemListElement":[{"@type":"ListItem","position":1,"name":"Home","item":"https:\/\/kohenavocats.com\/ru\/avocats-en-droit-penal-a-paris-conseil-et-defense-strategique\/"},{"@type":"ListItem","position":2,"name":"Jurisprudences","item":"https:\/\/kohenavocats.com\/ru\/jurisprudences\/"},{"@type":"ListItem","position":3,"name":"ECLI:NL:RBDHA:2025:24082 Rechtbank Den Haag , 11-08-2025 \/ NL25.9707 en NL25.9709"}]},{"@type":"WebSite","@id":"https:\/\/kohenavocats.com\/ru\/#website","url":"https:\/\/kohenavocats.com\/ru\/","name":"Kohen Avocats","description":"Ma\u00eetre Hassan Kohen, avocat p\u00e9naliste \u00e0 Paris, intervient exclusivement en droit p\u00e9nal pour la d\u00e9fense des particuliers, notamment en mati\u00e8re d\u2019accusations de viol. Il assure un accompagnement rigoureux d\u00e8s la garde \u00e0 vue jusqu\u2019\u00e0 la Cour d\u2019assises, veillant au strict respect des garanties proc\u00e9durales.","publisher":{"@id":"https:\/\/kohenavocats.com\/ru\/#organization"},"potentialAction":[{"@type":"SearchAction","target":{"@type":"EntryPoint","urlTemplate":"https:\/\/kohenavocats.com\/ru\/?s={search_term_string}"},"query-input":{"@type":"PropertyValueSpecification","valueRequired":true,"valueName":"search_term_string"}}],"inLanguage":"ru-RU"},{"@type":"Organization","@id":"https:\/\/kohenavocats.com\/ru\/#organization","name":"Kohen Avocats","url":"https:\/\/kohenavocats.com\/ru\/","logo":{"@type":"ImageObject","inLanguage":"ru-RU","@id":"https:\/\/kohenavocats.com\/ru\/#\/schema\/logo\/image\/","url":"https:\/\/kohenavocats.com\/wp-content\/uploads\/2026\/01\/Logo-2-1.webp","contentUrl":"https:\/\/kohenavocats.com\/wp-content\/uploads\/2026\/01\/Logo-2-1.webp","width":2114,"height":1253,"caption":"Kohen Avocats"},"image":{"@id":"https:\/\/kohenavocats.com\/ru\/#\/schema\/logo\/image\/"}}]}},"jetpack_likes_enabled":false,"jetpack_sharing_enabled":true,"_links":{"self":[{"href":"https:\/\/kohenavocats.com\/ru\/wp-json\/wp\/v2\/kji_decision\/669660","targetHints":{"allow":["GET"]}}],"collection":[{"href":"https:\/\/kohenavocats.com\/ru\/wp-json\/wp\/v2\/kji_decision"}],"about":[{"href":"https:\/\/kohenavocats.com\/ru\/wp-json\/wp\/v2\/types\/kji_decision"}],"wp:attachment":[{"href":"https:\/\/kohenavocats.com\/ru\/wp-json\/wp\/v2\/media?parent=669660"}],"wp:term":[{"taxonomy":"kji_country","embeddable":true,"href":"https:\/\/kohenavocats.com\/ru\/wp-json\/wp\/v2\/kji_country?post=669660"},{"taxonomy":"kji_court","embeddable":true,"href":"https:\/\/kohenavocats.com\/ru\/wp-json\/wp\/v2\/kji_court?post=669660"},{"taxonomy":"kji_chamber","embeddable":true,"href":"https:\/\/kohenavocats.com\/ru\/wp-json\/wp\/v2\/kji_chamber?post=669660"},{"taxonomy":"kji_year","embeddable":true,"href":"https:\/\/kohenavocats.com\/ru\/wp-json\/wp\/v2\/kji_year?post=669660"},{"taxonomy":"kji_subject","embeddable":true,"href":"https:\/\/kohenavocats.com\/ru\/wp-json\/wp\/v2\/kji_subject?post=669660"},{"taxonomy":"kji_keyword","embeddable":true,"href":"https:\/\/kohenavocats.com\/ru\/wp-json\/wp\/v2\/kji_keyword?post=669660"},{"taxonomy":"kji_language","embeddable":true,"href":"https:\/\/kohenavocats.com\/ru\/wp-json\/wp\/v2\/kji_language?post=669660"}],"curies":[{"name":"wp","href":"https:\/\/api.w.org\/{rel}","templated":true}]}}