{"id":669718,"date":"2026-04-24T06:43:23","date_gmt":"2026-04-24T04:43:23","guid":{"rendered":"https:\/\/kohenavocats.com\/jurisprudences\/eclinlghshe20242265-gerechtshof-s-hertogenbosch-15-07-2024-20-002866-22\/"},"modified":"2026-04-24T06:43:23","modified_gmt":"2026-04-24T04:43:23","slug":"eclinlghshe20242265-gerechtshof-s-hertogenbosch-15-07-2024-20-002866-22","status":"publish","type":"kji_decision","link":"https:\/\/kohenavocats.com\/ru\/jurisprudences\/eclinlghshe20242265-gerechtshof-s-hertogenbosch-15-07-2024-20-002866-22\/","title":{"rendered":"ECLI:NL:GHSHE:2024:2265 Gerechtshof &#8216;s-Hertogenbosch , 15-07-2024 \/ 20-002866-22"},"content":{"rendered":"<div class=\"kji-decision\">\n<div class=\"kji-full-text\">\n<p><strong>Inhoudsindicatie.<\/strong> Mishandeling.<\/p>\n<p>Parketnummer : 20-001265-22<\/p>\n<p>Uitspraak : 15 juli 2024<\/p>\n<p>VERSTEK (onip)<\/p>\n<h3>Arrest van de meervoudige kamer voor strafzaken van het gerechtshof<\/h3>\n<h3>&#039;s-Hertogenbosch<\/h3>\n<p>gewezen op het hoger beroep tegen het vonnis van de kantonrechter in de rechtbank Zeeland-West-Brabant, zittingsplaats Middelburg, van 25 mei 2022, in de strafzaak met parketnummer 96-297109-19 tegen:<\/p>\n<h3>[verdachte] ,<\/h3>\n<p>geboren te [geboorteplaats] op [geboortedag] 1986,<\/p>\n<p>wonende te [adres] .<\/p>\n<p>Hoger beroep<\/p>\n<p>Bij vonnis waarvan beroep heeft de kantonrechter het tenlastegelegde bewezenverklaard, het bewezenverklaarde feit niet strafbaar verklaard en de verdachte ontslagen van alle rechtsvervolging.<\/p>\n<p>De officier van justitie heeft tegen voormeld vonnis hoger beroep ingesteld.<\/p>\n<p>Onderzoek van de zaak<\/p>\n<p>Dit arrest is gewezen naar aanleiding van het onderzoek op de terechtzitting in hoger beroep en in eerste aanleg.<\/p>\n<p>Het hof heeft kennisgenomen van de vordering van de advocaat-generaal.<\/p>\n<p>De advocaat-generaal heeft gevorderd dat het hof het vonnis waarvan beroep en de strafbeschikking zal vernietigen en opnieuw rechtdoende, het tenlastegelegde bewezen zal verklaren en de verdachte daarvoor zal veroordelen tot een geldboete van \u20ac 150,00, subsidiair 3 dagen hechtenis.<\/p>\n<p>Vonnis waarvan beroep<\/p>\n<p>Het beroepen vonnis zal worden vernietigd omdat het niet te verenigen is met de hierna te geven beslissing.<\/p>\n<p>Tenlastelegging<\/p>\n<p>Aan de verdachte is tenlastegelegd dat:<\/p>\n<p>hij op of omstreeks 13 oktober 2019 in de gemeente Goes, op een openbare plaats,<\/p>\n<p> te weten de [locatie] , heeft deelgenomen aan een samenscholing en\/of zich<\/p>\n<p> onnodig heeft opgedrongen en\/of heeft gevochten en\/of door uitdagend gedrag<\/p>\n<p> aanleiding heeft gegeven tot ongeregeldheden, immers heeft hij, verdachte, toen<\/p>\n<p> aldaar een ander persoon een kopstoot gegeven en vervolgens een rechterhoek,<\/p>\n<p> tengevolge waarvan die persoon &quot;out&quot; is gegaan en op de grond is gevallen;<\/p>\n<p>Zijnde de terminologie in deze tenlastelegging, voor zover daaraan betekenis is gegeven, gebezigd in de zin van Algemene plaatselijke verordening van de gemeente Goes.<\/p>\n<p>De in de tenlastelegging voorkomende taal- en\/of schrijffouten of omissies zijn verbeterd. De verdachte is daardoor niet geschaad in de verdediging.<\/p>\n<p>Bewezenverklaring<\/p>\n<p>Het hof acht wettig en overtuigend bewezen dat de verdachte het tenlastegelegde heeft begaan, met dien verstande dat:<\/p>\n<p>hij op 13 oktober 2019 in de gemeente Goes op een openbare plaats, te weten de [locatie] , heeft gevochten, immers heeft hij, verdachte, toen aldaar een ander persoon een kopstoot gegeven en vervolgens een rechterhoek, tengevolge waarvan die persoon &quot;out&quot; is gegaan en op de grond is gevallen.<\/p>\n<p>Het hof acht niet bewezen hetgeen de verdachte meer of anders ten laste is gelegd dan hierboven bewezen is verklaard, zodat hij daarvan zal worden vrijgesproken.<\/p>\n<p>Bewijsmiddelen<\/p>\n<p>De paginanummers die in onderstaande bewijsmiddelen zijn genoemd verwijzen naar pagina\u2019s van het dossier van de politie-eenheid Zeeland, Basisteam Oosterscheldebekken, zaaknummer 002154319.<\/p>\n<p>Alle te noemen processen-verbaal zijn in de wettelijke vorm opgemaakt door daartoe bevoegde verbalisanten. Alle verklaringen zijn, voor zover nodig, zakelijk weergegeven.<\/p>\n<p>1. Het proces-verbaal van overtreding d.d. 19 december 2019, inhoudende het relaas van verbalisanten [verbalisant 1] , [verbalisant 2] , [verbalisant 3] en [verbalisant 4]:<\/p>\n<p>Overtredingsgegevens \/ waarneming<br \/>\nDatum: 13-10-2019<br \/>\nGemeente: Goes<br \/>\nLocatie: [locatie]<br \/>\nSoort weg: Een voor het openbaar verkeer openstaande weg<\/p>\n<p>Wij kregen te horen dat er in de [locatie] een vechtpartij geweest was. Ter plaatse zagen wij dat er een jongeman, dhr. [slachtoffer] , op de grond zat met een aantal mensen er om heen. [slachtoffer] had een kopstoot en een klap gekregen van [verdachte] . [slachtoffer] gaf aan dat hij geen aangifte wilde doen van mishandeling. Door collega [verbalisant 3] werden de camerabeelden in de [locatie] op het bureau bekeken en op de camerabeelden was te zien dat verdachte [verdachte] driftig op slachtoffer [slachtoffer] inliep, zijn armen rekte en strekte en zijn handen tot een vuist balde. [verdachte] stond recht voor [slachtoffer] en gaf hem een kopstoot en meteen daarna een rechterhoek, waarna [slachtoffer] meteen &quot;out&quot; ging en op de grond viel.<\/p>\n<p>Wij zijn daarna met meerdere eenheden ter plaatse om het verhaal aan te horen. Meerdere getuigen bevestigde het verhaal dat [verdachte] driftig op [slachtoffer] afliep en hem een kopstoot en een klap gaf, waardoor [slachtoffer] op de grond viel.<\/p>\n<p>Verdachte werd staande gehouden en verstrekte mij, [verbalisant 1] , desgevraagd de volgende personalia:<br \/>\nAchternaam: [verdachte]<br \/>\nVoornamen: [verdachte]<br \/>\nGeboren: [geboortedag] 1986<\/p>\n<p>Bewijsoverwegingen<\/p>\n<p>De beslissing dat het bewezenverklaarde door de verdachte is begaan, berust op de feiten en omstandigheden als vervat in de hierboven bedoelde bewijsmiddelen in onderlinge samenhang beschouwd.<\/p>\n<p>Elk bewijsmiddel wordt &#8212; ook in zijn onderdelen &#8212; slechts gebruikt tot bewijs van dat bewezenverklaarde feit, of die bewezenverklaarde feiten, waarop het blijkens zijn inhoud betrekking heeft<\/p>\n<p>Overwegingen ten aanzien van de strafbaarheid<\/p>\n<p>De advocaat-generaal heeft zich ter terechtzitting in hoger beroep op het standpunt gesteld dat het bepaalde in het Wetboek van Strafrecht (hierna: Sr) niet in de weg staan aan de verbindendheid van artikel 2:1 van de Algemene plaatselijke verordening (hierna: APV) Goes 2018. Volgens de advocaat-generaal is het zogenoemd vechtverbod ex artikel 2:1, eerste lid, van de APV Goes 2018 ingegeven uit een motief van openbare orde en heeft het daarmee een ander motief dan de artikelen 141, 300 en 306 Sr. Met het vechtverbod kan door de politie effectief worden opgetreden tegen lichtere vormen van geweldpleging.<\/p>\n<p>Het hof overweegt hieromtrent het volgende.<\/p>\n<p>Algemene Plaatselijke Verordening Goes 2018<\/p>\n<p>Ingevolge artikel 2:1, eerste lid, (Samenscholing en ongeregeldheden) van de APV Goes 2018 is het verboden op een openbare plaats deel te nemen aan een samenscholing, onnodig op te dringen, te vechten of door uitdagend gedrag aanleiding te geven tot ongeregeldheden.<\/p>\n<p>De toelichting op dit artikellid houdt onder meer in:<\/p>\n<p>\u201cHet vechtverbod is opgenomen omdat het Wetboek van strafrecht onvoldoende handvatten biedt. Indien namelijk twee personen vechten, er geen sprake is van noemenswaardig lichamelijk letsel en er geen aangifte wordt gedaan, is het voor de politie bijzonder moeilijk om alsnog op te treden met als grondslag het Wetboek van Strafrecht. Vechten op straat draagt bij aan subjectieve onveiligheidsgevoelens van winkelend en uitgaanspubliek. Daarnaast is het slecht voor het imago van de gemeente.\u201d<\/p>\n<p>Het hof ziet zich voor de vraag gesteld of de strafbepalingen in artikelen 141, 300 en 306 Sr in de weg staan aan de verbindendheid van artikel 2:1, eerste lid, van de APV Goes 2018, voor zover dit inhoudt een verbod tot \u2018vechten\u2019.<\/p>\n<p>De eerste vraag die in de onderhavige zaak in dit verband beantwoord dient te worden is in hoeverre er ruimte voor de gemeentelijke wetgever is om het \u2018vechten\u2019 strafbaar te stellen. Uit artikel 121 van de Gemeentewet volgt dat een gemeentelijke verordening niet in strijd mag zijn met hogere regelingen. Een hogere regeling mag worden aangevuld wanneer daar een ander motief aan ten grondslag ligt dan het aan de hogere regeling ten grondslag liggende motief.<\/p>\n<p>Het hof overweegt in dit verband dat de artikelen 300 tot en met 306 Sr het belang van het menselijk leven, het menselijk lichaam en de lichamelijke integriteit (met daarin ook de gezondheid besloten) beschermt. Artikel 2:1, eerste lid, van de APV Goes 2018 strekt blijkens de tekst en de toelichting op dit artikel tot bescherming van de openbare orde en berust daarmee op een ander motief dan de artikelen 300 tot en met 306 Sr. In zoverre is het hof dan ook van oordeel dat de artikelen 300 tot en met 306 Sr niet in de weg staan aan de verbindendheid van artikel 2:1, eerste lid, van de APV Goes 2018, voor zover dit inhoudt een verbod tot \u2018vechten\u2019.<\/p>\n<p>Artikel 141 Sr, inhoudende openlijke geweldpleging, dient ter bescherming van de openbare orde. Het hof merkt op dat dit motief gelijk is aan het motief van artikel 2:1, eerste lid, van de APV Goes 2018. Het hof ziet zich vervolgens voor de vraag gesteld of het in artikel 2:1, eerste lid, van de APV Goes 2018 verboden \u201cvechten\u201d niet de in artikel 141 Sr strafbaar gestelde gedragingen dupliceert. Deze vraag moet naar het oordeel van het hof ontkennend worden beantwoord. Het hof overweegt in dit verband dat de gedragingen die onder de reikwijdte van artikel 141 Sr vallen vereisen dat deze gedragingen tezamen en in vereniging met een of meer anderen zijn gepleegd. Het vechtverbod zoals opgenomen in artikel 2:1, eerste lid, van de APV Goes 2018 is daarentegen gericht op het voorkomen van vechtpartijen in de openbare ruimte die de rust en veiligheid verstoren, waarbij niet vereist is dat het feit in vereniging gepleegd wordt. Het hof is daarom van oordeel dat het bepaalde in artikel 2:1, eerste lid, van de APV Goes 2018 voor zover dit inhoudt een verbod op \u2018vechten\u2019 in zijn algemeenheid een toelaatbare aanvulling vormt op de bepalingen van het Wetboek van Strafrecht, in het bijzonder het bepaalde in artikel 141 van dit wetboek. Het hof ziet daarom geen grond om deze APV-bepaling onverbindend te achten wegens strijd met het bepaalde in artikel 121 van de Gemeentewet.<\/p>\n<p>In dit concrete geval blijkt voorts uit niets dat het tenlastegelegde geweld daadwerkelijk werd gepleegd door de verdachte tezamen en in vereniging met een of meer andere personen. Reeds hierom bestaat evenmin grond om het bepaalde in artikel 2:1, eerste lid, van de APV 2018 voor zover dit inhoudt een verbod op \u2018vechten\u2019 in dit concrete geval buiten toepassing te laten wegens strijd met het bepaalde in artikel 121 van de Gemeentewet.<\/p>\n<p>Ook overigens zijn geen feiten en omstandigheden aannemelijk geworden die aan de strafbaarheid van het bewezenverklaarde in de weg staan.<\/p>\n<p>Kwalificatie van het bewezenverklaarde<\/p>\n<p>Het bewezenverklaarde wordt als volgt gekwalificeerd:<\/p>\n<p>overtreding van artikel 2:1, eerste lid, van de Algemene plaatselijke verordening Goes 2018.<\/p>\n<p>Er zijn geen feiten of omstandigheden aannemelijk geworden die de strafbaarheid van het bewezenverklaarde uitsluiten. Het feit is strafbaar.<\/p>\n<p>Strafbaarheid van de verdachte<\/p>\n<p>Er zijn geen feiten of omstandigheden aannemelijk geworden die de strafbaarheid van verdachte uitsluiten. De verdachte is daarom strafbaar voor het hiervoor bewezenverklaarde.<\/p>\n<p>Op te leggen sanctie<\/p>\n<p>Het hof heeft bij de bepaling van de op te leggen straf gelet op de aard en de ernst van hetgeen bewezen is verklaard, op de omstandigheden waaronder het bewezenverklaarde is begaan en op de persoon van de verdachte, zoals een en ander uit het onderzoek ter terechtzitting naar voren is gekomen. Daarnaast is gelet op de verhouding tot andere strafbare feiten, zoals onder meer tot uitdrukking komende in de hierop gestelde wettelijke strafmaxima en in de straffen die voor soortgelijke feiten worden opgelegd.<\/p>\n<p>Ten laste van de verdachte is bewezenverklaard dat hij zich schuldig heeft gemaakt aan overtreding van artikel 2:1, eerste lid, van de APV Goes 2018 door te vechten. Daarbij heeft de verdachte een ander persoon een kopstoot gegeven en vervolgens een rechterhoek, waarna die persoon &quot;out&quot; is gegaan en op de grond is gevallen. Bovendien vond het voorval plaats op een openbare plaats, waardoor meerdere omstanders getuige zijn geweest van het geweld, hetgeen bijdraagt aan gevoelens van onveiligheid in de openbare\/publieke ruimte.<\/p>\n<p>Ten aanzien van de persoon van de verdachte heeft het hof acht geslagen op het uittreksel uit de Justiti\u00eble Documentatie d.d. 29 april 2024, waaruit blijkt dat de verdachte niet eerder onherroepelijk voor een soortgelijk strafbaar feit is veroordeeld. Uit voornoemd uittreksel blijkt voorts dat het bepaalde in artikel 63 van het Wetboek van Strafrecht van toepassing is.<\/p>\n<p>Alles omstandigheden afwegende acht het hof, evenals de advocaat-generaal, oplegging van een geldboete van \u20ac 150,00, subsidiair 3 dagen hechtenis passend en geboden.<\/p>\n<p>Ten aanzien van de berechting binnen een redelijke termijn overweegt het hof het volgende.<\/p>\n<p>Het hof stelt voorop dat elke verdachte recht heeft op een afdoening van zijn strafzaak binnen een redelijke termijn als bedoeld in artikel 6 van het EVRM. Deze waarborg strekt er onder meer toe te voorkomen dat een verdachte langer dan redelijk is onder de dreiging van een strafvervolging zou moeten leven.<\/p>\n<p>In onderhavige zaak is het hof gebleken dat de redelijke termijn in de fase van eerste aanleg is overschreden. De verdachte is immers op 13 oktober 2019 staande gehouden door de politie en de kantonrechter heeft op 25 mei 2022 vonnis gewezen. Gelet hierop is er in de fase van eerste aanleg sprake van een overschrijding van bijna 7 maanden.<\/p>\n<p>Op 8 juni 2022 heeft de officier van justitie hoger beroep ingesteld. Op 15 juli 2024 zal het hof arrest wijzen. Daarmee is de redelijke termijn die voor deze fase doorgaans eveneens op twee jaren wordt gesteld met bijna 2 maanden overschreden.<\/p>\n<p>Aldus is de redelijke termijn zowel in de eerste aanleg als in hoger beroep overschreden, terwijl dit de verdachte niet valt toe te rekenen. Nu het hof volstaat met het opleggen van een geldboete van \u20ac 150,00, zal het hof volstaan met een constatering van deze overschrijding en daaraan geen (verdere) consequenties verbinden.<\/p>\n<p>Toepasselijke wettelijke voorschriften<\/p>\n<p>De beslissing is gegrond op de artikelen 23, 24c en 63 van het Wetboek van Strafrecht en artikel 2:1 van de Algemene plaatselijke verordening Goes 2018, zoals deze ten tijde van het bewezenverklaarde rechtens golden dan wel ten tijde van het wijzen van dit arrest rechtens gelden.<\/p>\n<h3>BESLISSING<\/h3>\n<p>Het hof:<\/p>\n<p>vernietigt het vonnis waarvan beroep en doet opnieuw recht:<\/p>\n<p>vernietigt de ten aanzien van de verdachte uitgevaardigde strafbeschikking van 27 december 2019;<\/p>\n<p>verklaart zoals hiervoor overwogen bewezen dat de verdachte het tenlastegelegde heeft begaan;<\/p>\n<p>verklaart niet bewezen hetgeen de verdachte meer of anders is tenlastegelegd dan hierboven is bewezenverklaard en spreekt de verdachte daarvan vrij;<\/p>\n<p>verklaart het bewezenverklaarde strafbaar, kwalificeert dit als hiervoor vermeld en verklaart de verdachte strafbaar;<\/p>\n<p>veroordeelt de verdachte tot een geldboete van \u20ac 150,00 (honderdvijftig euro), bij gebreke van betaling en verhaal te vervangen door 3 (drie) dagen hechtenis.<\/p>\n<p>Aldus gewezen door:<\/p>\n<p>mr. O.A.J.M. Lavrijssen, voorzitter,<\/p>\n<p>mr. T. van de Woestijne en mr. K.J. van Dijk, raadsheren,<\/p>\n<p>in tegenwoordigheid van mr. L. van Harskamp, griffier,<\/p>\n<p>en op 15 juli 2024 ter openbare terechtzitting uitgesproken.<\/p>\n<\/div>\n<hr class=\"kji-sep\" \/>\n<p class=\"kji-source-links\"><strong>Sources officielles :<\/strong> <a class=\"kji-source-link\" href=\"http:\/\/deeplink.rechtspraak.nl\/uitspraak?id=ECLI:NL:GHSHE:2024:2265\" target=\"_blank\" rel=\"noopener noreferrer\">consulter la page source<\/a><\/p>\n<p class=\"kji-license-note\"><em>Rechtspraak.nl open data, Creative Commons Zero. Volume cible 1.8M decisions.<\/em><\/p>\n<\/div>\n","protected":false},"excerpt":{"rendered":"<p>Mishandeling.<\/p>\n","protected":false},"featured_media":0,"template":"","meta":{"_crdt_document":""},"kji_country":[7669],"kji_court":[8088],"kji_chamber":[],"kji_year":[8677],"kji_subject":[7625],"kji_keyword":[8136,9170,8303,9171],"kji_language":[7671],"class_list":["post-669718","kji_decision","type-kji_decision","status-publish","hentry","kji_country-pays-bas","kji_court-gerechtshof-s-hertogenbosch","kji_year-8677","kji_subject-commercial","kji_keyword-gerechtshof","kji_keyword-ghshe","kji_keyword-mishandeling","kji_keyword-s-hertogenbosch","kji_language-nl"],"yoast_head":"<!-- This site is optimized with the Yoast SEO Premium plugin v27.5 (Yoast SEO v27.5) - https:\/\/yoast.com\/product\/yoast-seo-premium-wordpress\/ -->\n<title>ECLI:NL:GHSHE:2024:2265 Gerechtshof &#039;s-Hertogenbosch , 15-07-2024 \/ 20-002866-22 - Ma\u00eetre Hassan Kohen, avocat en droit p\u00e9nal \u00e0 Paris<\/title>\n<meta name=\"robots\" content=\"index, follow, max-snippet:-1, max-image-preview:large, max-video-preview:-1\" \/>\n<link rel=\"canonical\" href=\"https:\/\/kohenavocats.com\/ru\/jurisprudences\/eclinlghshe20242265-gerechtshof-s-hertogenbosch-15-07-2024-20-002866-22\/\" \/>\n<meta property=\"og:locale\" content=\"ru_RU\" \/>\n<meta property=\"og:type\" content=\"article\" \/>\n<meta property=\"og:title\" content=\"ECLI:NL:GHSHE:2024:2265 Gerechtshof &#039;s-Hertogenbosch , 15-07-2024 \/ 20-002866-22\" \/>\n<meta property=\"og:description\" content=\"Mishandeling.\" \/>\n<meta property=\"og:url\" content=\"https:\/\/kohenavocats.com\/ru\/jurisprudences\/eclinlghshe20242265-gerechtshof-s-hertogenbosch-15-07-2024-20-002866-22\/\" \/>\n<meta property=\"og:site_name\" content=\"Ma\u00eetre Hassan Kohen, avocat en droit p\u00e9nal \u00e0 Paris\" \/>\n<meta name=\"twitter:card\" content=\"summary_large_image\" \/>\n<meta name=\"twitter:label1\" content=\"\u041f\u0440\u0438\u043c\u0435\u0440\u043d\u043e\u0435 \u0432\u0440\u0435\u043c\u044f \u0434\u043b\u044f \u0447\u0442\u0435\u043d\u0438\u044f\" \/>\n\t<meta name=\"twitter:data1\" content=\"11 \u043c\u0438\u043d\u0443\u0442\" \/>\n<script type=\"application\/ld+json\" class=\"yoast-schema-graph\">{\"@context\":\"https:\\\/\\\/schema.org\",\"@graph\":[{\"@type\":\"WebPage\",\"@id\":\"https:\\\/\\\/kohenavocats.com\\\/ru\\\/jurisprudences\\\/eclinlghshe20242265-gerechtshof-s-hertogenbosch-15-07-2024-20-002866-22\\\/\",\"url\":\"https:\\\/\\\/kohenavocats.com\\\/ru\\\/jurisprudences\\\/eclinlghshe20242265-gerechtshof-s-hertogenbosch-15-07-2024-20-002866-22\\\/\",\"name\":\"ECLI:NL:GHSHE:2024:2265 Gerechtshof 's-Hertogenbosch , 15-07-2024 \\\/ 20-002866-22 - Ma\u00eetre Hassan Kohen, avocat en droit p\u00e9nal \u00e0 Paris\",\"isPartOf\":{\"@id\":\"https:\\\/\\\/kohenavocats.com\\\/ru\\\/#website\"},\"datePublished\":\"2026-04-24T04:43:23+00:00\",\"breadcrumb\":{\"@id\":\"https:\\\/\\\/kohenavocats.com\\\/ru\\\/jurisprudences\\\/eclinlghshe20242265-gerechtshof-s-hertogenbosch-15-07-2024-20-002866-22\\\/#breadcrumb\"},\"inLanguage\":\"ru-RU\",\"potentialAction\":[{\"@type\":\"ReadAction\",\"target\":[\"https:\\\/\\\/kohenavocats.com\\\/ru\\\/jurisprudences\\\/eclinlghshe20242265-gerechtshof-s-hertogenbosch-15-07-2024-20-002866-22\\\/\"]}]},{\"@type\":\"BreadcrumbList\",\"@id\":\"https:\\\/\\\/kohenavocats.com\\\/ru\\\/jurisprudences\\\/eclinlghshe20242265-gerechtshof-s-hertogenbosch-15-07-2024-20-002866-22\\\/#breadcrumb\",\"itemListElement\":[{\"@type\":\"ListItem\",\"position\":1,\"name\":\"Home\",\"item\":\"https:\\\/\\\/kohenavocats.com\\\/ru\\\/avocats-en-droit-penal-a-paris-conseil-et-defense-strategique\\\/\"},{\"@type\":\"ListItem\",\"position\":2,\"name\":\"Jurisprudences\",\"item\":\"https:\\\/\\\/kohenavocats.com\\\/ru\\\/jurisprudences\\\/\"},{\"@type\":\"ListItem\",\"position\":3,\"name\":\"ECLI:NL:GHSHE:2024:2265 Gerechtshof &lsquo;s-Hertogenbosch , 15-07-2024 \\\/ 20-002866-22\"}]},{\"@type\":\"WebSite\",\"@id\":\"https:\\\/\\\/kohenavocats.com\\\/ru\\\/#website\",\"url\":\"https:\\\/\\\/kohenavocats.com\\\/ru\\\/\",\"name\":\"Kohen Avocats\",\"description\":\"Ma\u00eetre Hassan Kohen, avocat p\u00e9naliste \u00e0 Paris, intervient exclusivement en droit p\u00e9nal pour la d\u00e9fense des particuliers, notamment en mati\u00e8re d\u2019accusations de viol. Il assure un accompagnement rigoureux d\u00e8s la garde \u00e0 vue jusqu\u2019\u00e0 la Cour d\u2019assises, veillant au strict respect des garanties proc\u00e9durales.\",\"publisher\":{\"@id\":\"https:\\\/\\\/kohenavocats.com\\\/ru\\\/#organization\"},\"potentialAction\":[{\"@type\":\"SearchAction\",\"target\":{\"@type\":\"EntryPoint\",\"urlTemplate\":\"https:\\\/\\\/kohenavocats.com\\\/ru\\\/?s={search_term_string}\"},\"query-input\":{\"@type\":\"PropertyValueSpecification\",\"valueRequired\":true,\"valueName\":\"search_term_string\"}}],\"inLanguage\":\"ru-RU\"},{\"@type\":\"Organization\",\"@id\":\"https:\\\/\\\/kohenavocats.com\\\/ru\\\/#organization\",\"name\":\"Kohen Avocats\",\"url\":\"https:\\\/\\\/kohenavocats.com\\\/ru\\\/\",\"logo\":{\"@type\":\"ImageObject\",\"inLanguage\":\"ru-RU\",\"@id\":\"https:\\\/\\\/kohenavocats.com\\\/ru\\\/#\\\/schema\\\/logo\\\/image\\\/\",\"url\":\"https:\\\/\\\/kohenavocats.com\\\/wp-content\\\/uploads\\\/2026\\\/01\\\/Logo-2-1.webp\",\"contentUrl\":\"https:\\\/\\\/kohenavocats.com\\\/wp-content\\\/uploads\\\/2026\\\/01\\\/Logo-2-1.webp\",\"width\":2114,\"height\":1253,\"caption\":\"Kohen Avocats\"},\"image\":{\"@id\":\"https:\\\/\\\/kohenavocats.com\\\/ru\\\/#\\\/schema\\\/logo\\\/image\\\/\"}}]}<\/script>\n<!-- \/ Yoast SEO Premium plugin. -->","yoast_head_json":{"title":"ECLI:NL:GHSHE:2024:2265 Gerechtshof 's-Hertogenbosch , 15-07-2024 \/ 20-002866-22 - Ma\u00eetre Hassan Kohen, avocat en droit p\u00e9nal \u00e0 Paris","robots":{"index":"index","follow":"follow","max-snippet":"max-snippet:-1","max-image-preview":"max-image-preview:large","max-video-preview":"max-video-preview:-1"},"canonical":"https:\/\/kohenavocats.com\/ru\/jurisprudences\/eclinlghshe20242265-gerechtshof-s-hertogenbosch-15-07-2024-20-002866-22\/","og_locale":"ru_RU","og_type":"article","og_title":"ECLI:NL:GHSHE:2024:2265 Gerechtshof 's-Hertogenbosch , 15-07-2024 \/ 20-002866-22","og_description":"Mishandeling.","og_url":"https:\/\/kohenavocats.com\/ru\/jurisprudences\/eclinlghshe20242265-gerechtshof-s-hertogenbosch-15-07-2024-20-002866-22\/","og_site_name":"Ma\u00eetre Hassan Kohen, avocat en droit p\u00e9nal \u00e0 Paris","twitter_card":"summary_large_image","twitter_misc":{"\u041f\u0440\u0438\u043c\u0435\u0440\u043d\u043e\u0435 \u0432\u0440\u0435\u043c\u044f \u0434\u043b\u044f \u0447\u0442\u0435\u043d\u0438\u044f":"11 \u043c\u0438\u043d\u0443\u0442"},"schema":{"@context":"https:\/\/schema.org","@graph":[{"@type":"WebPage","@id":"https:\/\/kohenavocats.com\/ru\/jurisprudences\/eclinlghshe20242265-gerechtshof-s-hertogenbosch-15-07-2024-20-002866-22\/","url":"https:\/\/kohenavocats.com\/ru\/jurisprudences\/eclinlghshe20242265-gerechtshof-s-hertogenbosch-15-07-2024-20-002866-22\/","name":"ECLI:NL:GHSHE:2024:2265 Gerechtshof 's-Hertogenbosch , 15-07-2024 \/ 20-002866-22 - Ma\u00eetre Hassan Kohen, avocat en droit p\u00e9nal \u00e0 Paris","isPartOf":{"@id":"https:\/\/kohenavocats.com\/ru\/#website"},"datePublished":"2026-04-24T04:43:23+00:00","breadcrumb":{"@id":"https:\/\/kohenavocats.com\/ru\/jurisprudences\/eclinlghshe20242265-gerechtshof-s-hertogenbosch-15-07-2024-20-002866-22\/#breadcrumb"},"inLanguage":"ru-RU","potentialAction":[{"@type":"ReadAction","target":["https:\/\/kohenavocats.com\/ru\/jurisprudences\/eclinlghshe20242265-gerechtshof-s-hertogenbosch-15-07-2024-20-002866-22\/"]}]},{"@type":"BreadcrumbList","@id":"https:\/\/kohenavocats.com\/ru\/jurisprudences\/eclinlghshe20242265-gerechtshof-s-hertogenbosch-15-07-2024-20-002866-22\/#breadcrumb","itemListElement":[{"@type":"ListItem","position":1,"name":"Home","item":"https:\/\/kohenavocats.com\/ru\/avocats-en-droit-penal-a-paris-conseil-et-defense-strategique\/"},{"@type":"ListItem","position":2,"name":"Jurisprudences","item":"https:\/\/kohenavocats.com\/ru\/jurisprudences\/"},{"@type":"ListItem","position":3,"name":"ECLI:NL:GHSHE:2024:2265 Gerechtshof &lsquo;s-Hertogenbosch , 15-07-2024 \/ 20-002866-22"}]},{"@type":"WebSite","@id":"https:\/\/kohenavocats.com\/ru\/#website","url":"https:\/\/kohenavocats.com\/ru\/","name":"Kohen Avocats","description":"Ma\u00eetre Hassan Kohen, avocat p\u00e9naliste \u00e0 Paris, intervient exclusivement en droit p\u00e9nal pour la d\u00e9fense des particuliers, notamment en mati\u00e8re d\u2019accusations de viol. Il assure un accompagnement rigoureux d\u00e8s la garde \u00e0 vue jusqu\u2019\u00e0 la Cour d\u2019assises, veillant au strict respect des garanties proc\u00e9durales.","publisher":{"@id":"https:\/\/kohenavocats.com\/ru\/#organization"},"potentialAction":[{"@type":"SearchAction","target":{"@type":"EntryPoint","urlTemplate":"https:\/\/kohenavocats.com\/ru\/?s={search_term_string}"},"query-input":{"@type":"PropertyValueSpecification","valueRequired":true,"valueName":"search_term_string"}}],"inLanguage":"ru-RU"},{"@type":"Organization","@id":"https:\/\/kohenavocats.com\/ru\/#organization","name":"Kohen Avocats","url":"https:\/\/kohenavocats.com\/ru\/","logo":{"@type":"ImageObject","inLanguage":"ru-RU","@id":"https:\/\/kohenavocats.com\/ru\/#\/schema\/logo\/image\/","url":"https:\/\/kohenavocats.com\/wp-content\/uploads\/2026\/01\/Logo-2-1.webp","contentUrl":"https:\/\/kohenavocats.com\/wp-content\/uploads\/2026\/01\/Logo-2-1.webp","width":2114,"height":1253,"caption":"Kohen Avocats"},"image":{"@id":"https:\/\/kohenavocats.com\/ru\/#\/schema\/logo\/image\/"}}]}},"jetpack_likes_enabled":false,"jetpack_sharing_enabled":true,"_links":{"self":[{"href":"https:\/\/kohenavocats.com\/ru\/wp-json\/wp\/v2\/kji_decision\/669718","targetHints":{"allow":["GET"]}}],"collection":[{"href":"https:\/\/kohenavocats.com\/ru\/wp-json\/wp\/v2\/kji_decision"}],"about":[{"href":"https:\/\/kohenavocats.com\/ru\/wp-json\/wp\/v2\/types\/kji_decision"}],"wp:attachment":[{"href":"https:\/\/kohenavocats.com\/ru\/wp-json\/wp\/v2\/media?parent=669718"}],"wp:term":[{"taxonomy":"kji_country","embeddable":true,"href":"https:\/\/kohenavocats.com\/ru\/wp-json\/wp\/v2\/kji_country?post=669718"},{"taxonomy":"kji_court","embeddable":true,"href":"https:\/\/kohenavocats.com\/ru\/wp-json\/wp\/v2\/kji_court?post=669718"},{"taxonomy":"kji_chamber","embeddable":true,"href":"https:\/\/kohenavocats.com\/ru\/wp-json\/wp\/v2\/kji_chamber?post=669718"},{"taxonomy":"kji_year","embeddable":true,"href":"https:\/\/kohenavocats.com\/ru\/wp-json\/wp\/v2\/kji_year?post=669718"},{"taxonomy":"kji_subject","embeddable":true,"href":"https:\/\/kohenavocats.com\/ru\/wp-json\/wp\/v2\/kji_subject?post=669718"},{"taxonomy":"kji_keyword","embeddable":true,"href":"https:\/\/kohenavocats.com\/ru\/wp-json\/wp\/v2\/kji_keyword?post=669718"},{"taxonomy":"kji_language","embeddable":true,"href":"https:\/\/kohenavocats.com\/ru\/wp-json\/wp\/v2\/kji_language?post=669718"}],"curies":[{"name":"wp","href":"https:\/\/api.w.org\/{rel}","templated":true}]}}