{"id":670084,"date":"2026-04-24T07:17:11","date_gmt":"2026-04-24T05:17:11","guid":{"rendered":"https:\/\/kohenavocats.com\/jurisprudences\/eclinlgharl20257064-gerechtshof-arnhem-leeuwarden-11-11-2025-200-358-607\/"},"modified":"2026-04-24T07:17:11","modified_gmt":"2026-04-24T05:17:11","slug":"eclinlgharl20257064-gerechtshof-arnhem-leeuwarden-11-11-2025-200-358-607","status":"publish","type":"kji_decision","link":"https:\/\/kohenavocats.com\/ru\/jurisprudences\/eclinlgharl20257064-gerechtshof-arnhem-leeuwarden-11-11-2025-200-358-607\/","title":{"rendered":"ECLI:NL:GHARL:2025:7064 Gerechtshof Arnhem-Leeuwarden , 11-11-2025 \/ 200.358.607"},"content":{"rendered":"<div class=\"kji-decision\">\n<div class=\"kji-full-text\">\n<p><strong>Inhoudsindicatie.<\/strong> Verlenging ondertoezichtstelling.<\/p>\n<p>GERECHTSHOF ARNHEM-LEEUWARDEN<\/p>\n<p>locatie Arnhem, afdeling civiel<\/p>\n<p>zaaknummer gerechtshof 200.358.607<\/p>\n<p>zaaknummer rechtbank Midden-Nederland 594534<\/p>\n<p>beschikking van 11 december 2025<\/p>\n<p>over de ondertoezichtstelling van [minderjarige 1] ( [minderjarige 1] ) en [minderjarige 2] ( [minderjarige 2] )<\/p>\n<p>in de zaak van<\/p>\n<p>[verzoeker] (de vader)<\/p>\n<p>die woont in [woonplaats 1]<\/p>\n<p>advocaat: mr. W.Y. Hofstra<\/p>\n<p>en<\/p>\n<p>de gecertificeerde instelling<\/p>\n<p>Stichting Leger des Heils Jeugdbescherming en Jeugdreclassering (de GI)<\/p>\n<p>die is gevestigd in Groningen<\/p>\n<p>en<\/p>\n<p>[belanghebbende]<br \/>\n (de moeder)<br \/>\ndie woont in [woonplaats 1]<br \/>\nadvocaat: mr. M.M. van Maanen<\/p>\n<h3>1Samenvatting<\/h3>\n<p>De kinderrechter in de rechtbank Midden-Nederland, locatie Utrecht, heeft de ondertoezichtstelling van [minderjarige 1] en [minderjarige 2] verlengd tot 12 juli 2026. Het hof beslist dat dit zo moet blijven en legt hierna uit waarom.<\/p>\n<h3>2De feiten<\/h3>\n<p>De vader en de moeder zijn de ouders van:<\/p>\n<p>&#8212; [minderjarige 1] , geboren [in] 2014 en<\/p>\n<p>&#8212; [minderjarige 2] , geboren [in] 2017.<\/p>\n<p>De ouders hebben samen het gezag over [minderjarige 1] . De moeder heeft het gezag over [minderjarige 2] .<\/p>\n<p>De kinderen wonen bij de moeder.<\/p>\n<p>De kinderen staan sinds 12 oktober 2022 onder toezicht van de GI. De ondertoezichtstelling loopt nog tot 12 juli 2025.<\/p>\n<p>Tussen de ouders loopt een procedure bij de rechtbank over het verzoek van de vader om samen met de moeder het gezag over [minderjarige 2] te verkrijgen, over het verzoek van de moeder om alleen het gezag over [minderjarige 1] te krijgen en over de omgangs-\/zorgregeling van de vader met [minderjarige 1] en [minderjarige 2] .<\/p>\n<h3>3De procedure bij de kinderrechter<\/h3>\n<p>De GI heeft verzocht de ondertoezichtstelling van de kinderen te verlengen met een jaar.<\/p>\n<p>De kinderrechter heeft het verzoek van de GI toegewezen en de ondertoezichtstelling van de kinderen verlengd tot 12 juli 2026.<\/p>\n<p>Die beslissing is vastgelegd in een beschikking van 3 juli 2025.<\/p>\n<h3>4De procedure bij het hof<\/h3>\n<p>De vader is het niet eens met de beslissing van de kinderrechter. Hij komt daarvan in hoger beroep. Hij wil dat het hof de beslissing van de kinderrechter ongedaan maakt.<\/p>\n<p>De GI wil dat de beslissing in stand blijft.<\/p>\n<p>De moeder wil ook dat de beslissing in stand blijft.<\/p>\n<p>De informatie die het hof heeft ontvangen<\/p>\n<p>Het hof heeft de volgende stukken ontvangen:<\/p>\n<p>het beroepschrift<\/p>\n<p>het verweerschrift van de GI<\/p>\n<p>[minderjarige 1] en [minderjarige 2] hebben op 3 november 2025 gesproken met een raadsheer en een griffier van het hof. Zij hebben verteld wat zij vinden van de verlenging van de ondertoezichtstelling.<\/p>\n<p>De zitting bij het hof was op 4 november 2025. Aanwezig waren:<\/p>\n<p>de vader met zijn advocaat<\/p>\n<p>de moeder<\/p>\n<p>een vertegenwoordiger van de GI.<\/p>\n<h3>5Het oordeel van het hof<\/h3>\n<p>Wat staat in de wet?<\/p>\n<p>De kinderrechter kan een kind onder toezicht stellen als het kind ernstig in zijn ontwikkeling wordt bedreigd. Dat is als er grote zorgen zijn over zijn ontwikkeling. Ook moet vast komen te staan dat de ouders niet of niet genoeg meewerken aan vrijwillige hulpverlening.<br \/>\nTen slotte moet de kinderrechter ervan kunnen uitgaan dat de ouders de opvoeding en verzorging binnen een aanvaardbare termijn weer helemaal zelf op zich kunnen nemen. Dat is de periode van onzekerheid die een kind kan overbruggen zonder ernstige schade op te lopen in zijn ontwikkeling.<\/p>\n<p>De kinderrechter kan de ondertoezichtstelling verlengen. Dat mag steeds voor maximaal een jaar.<\/p>\n<p>Hoe oordeelt het hof?<\/p>\n<p>De kinderrechter heeft de ondertoezichtstelling van de kinderen terecht verlengd. Zoals de kinderrechter heeft overwogen zijn er de nodige zorgen over de kinderen. [minderjarige 1] heeft een posttraumatische stressstoornis (ptss) en hij heeft een grote weerstand tegen het contact met de vader. [minderjarige 1] heeft al drie jaar geen contact met de vader. Daarbij zit hij bij zijn moeder in de klas en dit lijkt niet goed voor [minderjarige 1] \u2019s ontwikkeling te zijn. [minderjarige 1] kreeg eerst psychomotorische therapie (pmt) en dat is recent afgerond. Hij is net gestart met beeldende therapie en daarin zal eventueel diagnostiek worden verricht.<\/p>\n<p>[minderjarige 2] heeft wekelijks contact met de vader en dat vindt ze leuk. Zij heeft geen hulpverlening.<\/p>\n<p>De rechter dient zo veel als mogelijk te bewerkstelligen dat er contact is tussen een kind en een ouder. In dat kader is het belangrijk dat de weerstand van [minderjarige 1] tegen het contact met de vader nog verder in kaart wordt gebracht. Het hof verwacht dat de ouders dit samen niet zal lukken en dat de GI hierin een rol moet hebben. Positief is dat de vader inmiddels inziet dat het voor [minderjarige 1] belangrijk is dat [minderjarige 1] \u2019s tempo wordt gevolgd in het mogelijk herstel van het contact.<\/p>\n<p>Verder fungeert de GI nog als buffer in de communicatie tussen de ouders, waardoor er meer rust is. De enige communicatie tussen de ouders is een wekelijkse mail van de moeder aan de vader over hoe het met [minderjarige 1] en [minderjarige 2] gaat. Op de mondelinge behandeling heeft het hof van de GI begrepen dat de vader op een negatieve manier daarop reageert richting de jeugdbeschermer en derden. Het hof is het met de GI eens dat dat niet in het belang van de kinderen is.<\/p>\n<p>Voor [minderjarige 2] is het belangrijk dat het contact dat zij momenteel heeft met de vader wordt voortgezet en eventueel wordt uitgebreid. De bedoeling is dat [minderjarige 2] iedere week op woensdagmiddag contact heeft met de vader, maar op de mondelinge behandeling in hoger beroep bleek dat dit niet iedere week lukt omdat er niet altijd iemand beschikbaar is voor de begeleiding. De jeugdbeschermer brengt [minderjarige 2] naar de vader en blijft de eerste vijftien minuten bij het contact aanwezig. Hij komt vijftien minuten voor het einde van het contactmoment weer terug om het laatste stukje daarvan te begeleiden en [minderjarige 2] weer naar huis te brengen. De moeder vindt dat de achtjarige [minderjarige 2] die begeleiding nog nodig heeft vanwege de spanningen tussen de ouders en omdat [minderjarige 2] een behoorlijke reactie heeft op het contact met de vader. De vader vindt de begeleiding niet nodig. Wat betreft de praktische uitvoering van het contactmoment zijn beide ouders het er wel over eens dat [minderjarige 2] , alhoewel ze pas acht jaar oud is, zelfstandig \u2013 zonder begeleiding \u2013 de route van huis naar de vader zou kunnen lopen. [minderjarige 2] heeft in het gesprek met het hof ook gezegd dat ze best alleen naar de vader (en weer terug naar de moeder) zou kunnen lopen.<\/p>\n<p>Op grond van de huidige situatie kan het hof zich voorstellen dat de resterende termijn van de ondertoezichtstelling wordt benut om te proberen te komen tot een afronding van de ondertoezichtstelling en een overdracht van de hulpverlening \u2013 van [minderjarige 1] \u2013 naar het vrijwillige kader. Het hof begrijpt dat op 20 november 2025 de mondelinge behandeling staat gepland in de lopende procedure bij de rechtbank over het gezag over de kinderen en het contact met de vader. Na de beslissing hierover hebben de ouders meer duidelijkheid over hoe zij verder moeten. De GI kan met de ouders het nodige regelen ter uitvoering van die beslissing en dit nog monitoren. Ook kan de GI de tussenliggende periode gebruiken om de ouders en [minderjarige 2] te begeleiden naar een contactmoment waarbij [minderjarige 2] zelfstandig naar de vader gaat, zonder begeleiding het contact met hem aangaat en weer terug naar huis gaat.<\/p>\n<p>Verder kunnen er afspraken worden gemaakt tussen de ouders over het \u2013 in de toekomst \u2013 faciliteren van het contactherstel tussen de vader en [minderjarige 1] . Daarbij is ook van belang dat aandacht wordt besteed aan de wijze waarop de vader op de communicatie van de moeder reageert, om te voorkomen dat die communicatie een negatieve impact heeft op de moeder en de kinderen.<\/p>\n<p>Met de kinderen is tijdens de gesprekken besproken dat zij de uitkomst van deze procedure van de moeder zullen horen.<\/p>\n<p>Proceskosten<\/p>\n<p>Iedere partij moet de eigen kosten dragen (compensatie van proceskosten), omdat het hier gaat om een ondertoezichtstelling.<\/p>\n<p>Uitvoerbaar bij voorraad<\/p>\n<p>De beslissing in deze uitspraak kan ook worden uitgevoerd als een van partijen de beslissing van het hof voorlegt aan de Hoge Raad (uitvoerbaarheid bij voorraad).<\/p>\n<h3>6De beslissing<\/h3>\n<p>Het hof:<\/p>\n<p>bekrachtigt de beschikking van de rechtbank Midden-Nederland, locatie Utrecht, van 3 juli 2025;<\/p>\n<p>compenseert de kosten van het geding in hoger beroep.<\/p>\n<p>Deze beschikking is gegeven door mrs. R. Prakke-Nieuwenhuizen, M.H.F. van Vugt en H. Phaff, bijgestaan door mr. L.J.G. Scheffer-Overbeek als griffier en in het openbaar uitgesproken op 11 november 2025.<\/p>\n<h3>Voetnoten<\/h3>\n<ol>\n<li>artikel 1:255 lid 1 onder a en b BW<\/li>\n<li>artikel 1:260 lid 1 BW<\/li>\n<\/ol>\n<\/div>\n<hr class=\"kji-sep\" \/>\n<p class=\"kji-source-links\"><strong>Sources officielles :<\/strong> <a class=\"kji-source-link\" href=\"http:\/\/deeplink.rechtspraak.nl\/uitspraak?id=ECLI:NL:GHARL:2025:7064\" target=\"_blank\" rel=\"noopener noreferrer\">consulter la page source<\/a><\/p>\n<p class=\"kji-license-note\"><em>Rechtspraak.nl open data, Creative Commons Zero. Volume cible 1.8M decisions.<\/em><\/p>\n<\/div>\n","protected":false},"excerpt":{"rendered":"<p>Verlenging ondertoezichtstelling.<\/p>\n","protected":false},"featured_media":0,"template":"","meta":{"_crdt_document":""},"kji_country":[7669],"kji_court":[8134],"kji_chamber":[],"kji_year":[8463],"kji_subject":[7646],"kji_keyword":[8137,8136,8135,10199,10142],"kji_language":[7671],"class_list":["post-670084","kji_decision","type-kji_decision","status-publish","hentry","kji_country-pays-bas","kji_court-gerechtshof-arnhem-leeuwarden","kji_year-8463","kji_subject-divers","kji_keyword-arnhem-leeuwarden","kji_keyword-gerechtshof","kji_keyword-gharl","kji_keyword-ondertoezichtstelling","kji_keyword-verlenging","kji_language-nl"],"yoast_head":"<!-- This site is optimized with the Yoast SEO Premium plugin v27.4 (Yoast SEO v27.4) - https:\/\/yoast.com\/product\/yoast-seo-premium-wordpress\/ -->\n<title>ECLI:NL:GHARL:2025:7064 Gerechtshof Arnhem-Leeuwarden , 11-11-2025 \/ 200.358.607 - Ma\u00eetre Hassan Kohen, avocat en droit p\u00e9nal \u00e0 Paris<\/title>\n<meta name=\"robots\" content=\"index, follow, max-snippet:-1, max-image-preview:large, max-video-preview:-1\" \/>\n<link rel=\"canonical\" href=\"https:\/\/kohenavocats.com\/ru\/jurisprudences\/eclinlgharl20257064-gerechtshof-arnhem-leeuwarden-11-11-2025-200-358-607\/\" \/>\n<meta property=\"og:locale\" content=\"ru_RU\" \/>\n<meta property=\"og:type\" content=\"article\" \/>\n<meta property=\"og:title\" content=\"ECLI:NL:GHARL:2025:7064 Gerechtshof Arnhem-Leeuwarden , 11-11-2025 \/ 200.358.607\" \/>\n<meta property=\"og:description\" content=\"Verlenging ondertoezichtstelling.\" \/>\n<meta property=\"og:url\" content=\"https:\/\/kohenavocats.com\/ru\/jurisprudences\/eclinlgharl20257064-gerechtshof-arnhem-leeuwarden-11-11-2025-200-358-607\/\" \/>\n<meta property=\"og:site_name\" content=\"Ma\u00eetre Hassan Kohen, avocat en droit p\u00e9nal \u00e0 Paris\" \/>\n<meta name=\"twitter:card\" content=\"summary_large_image\" \/>\n<meta name=\"twitter:label1\" content=\"\u041f\u0440\u0438\u043c\u0435\u0440\u043d\u043e\u0435 \u0432\u0440\u0435\u043c\u044f \u0434\u043b\u044f \u0447\u0442\u0435\u043d\u0438\u044f\" \/>\n\t<meta name=\"twitter:data1\" content=\"7 \u043c\u0438\u043d\u0443\u0442\" \/>\n<script type=\"application\/ld+json\" class=\"yoast-schema-graph\">{\"@context\":\"https:\\\/\\\/schema.org\",\"@graph\":[{\"@type\":\"WebPage\",\"@id\":\"https:\\\/\\\/kohenavocats.com\\\/ru\\\/jurisprudences\\\/eclinlgharl20257064-gerechtshof-arnhem-leeuwarden-11-11-2025-200-358-607\\\/\",\"url\":\"https:\\\/\\\/kohenavocats.com\\\/ru\\\/jurisprudences\\\/eclinlgharl20257064-gerechtshof-arnhem-leeuwarden-11-11-2025-200-358-607\\\/\",\"name\":\"ECLI:NL:GHARL:2025:7064 Gerechtshof Arnhem-Leeuwarden , 11-11-2025 \\\/ 200.358.607 - Ma\u00eetre Hassan Kohen, avocat en droit p\u00e9nal \u00e0 Paris\",\"isPartOf\":{\"@id\":\"https:\\\/\\\/kohenavocats.com\\\/ru\\\/#website\"},\"datePublished\":\"2026-04-24T05:17:11+00:00\",\"breadcrumb\":{\"@id\":\"https:\\\/\\\/kohenavocats.com\\\/ru\\\/jurisprudences\\\/eclinlgharl20257064-gerechtshof-arnhem-leeuwarden-11-11-2025-200-358-607\\\/#breadcrumb\"},\"inLanguage\":\"ru-RU\",\"potentialAction\":[{\"@type\":\"ReadAction\",\"target\":[\"https:\\\/\\\/kohenavocats.com\\\/ru\\\/jurisprudences\\\/eclinlgharl20257064-gerechtshof-arnhem-leeuwarden-11-11-2025-200-358-607\\\/\"]}]},{\"@type\":\"BreadcrumbList\",\"@id\":\"https:\\\/\\\/kohenavocats.com\\\/ru\\\/jurisprudences\\\/eclinlgharl20257064-gerechtshof-arnhem-leeuwarden-11-11-2025-200-358-607\\\/#breadcrumb\",\"itemListElement\":[{\"@type\":\"ListItem\",\"position\":1,\"name\":\"Home\",\"item\":\"https:\\\/\\\/kohenavocats.com\\\/ru\\\/avocats-en-droit-penal-a-paris-conseil-et-defense-strategique\\\/\"},{\"@type\":\"ListItem\",\"position\":2,\"name\":\"Jurisprudences\",\"item\":\"https:\\\/\\\/kohenavocats.com\\\/ru\\\/jurisprudences\\\/\"},{\"@type\":\"ListItem\",\"position\":3,\"name\":\"ECLI:NL:GHARL:2025:7064 Gerechtshof Arnhem-Leeuwarden , 11-11-2025 \\\/ 200.358.607\"}]},{\"@type\":\"WebSite\",\"@id\":\"https:\\\/\\\/kohenavocats.com\\\/ru\\\/#website\",\"url\":\"https:\\\/\\\/kohenavocats.com\\\/ru\\\/\",\"name\":\"Kohen Avocats\",\"description\":\"Ma\u00eetre Hassan Kohen, avocat p\u00e9naliste \u00e0 Paris, intervient exclusivement en droit p\u00e9nal pour la d\u00e9fense des particuliers, notamment en mati\u00e8re d\u2019accusations de viol. Il assure un accompagnement rigoureux d\u00e8s la garde \u00e0 vue jusqu\u2019\u00e0 la Cour d\u2019assises, veillant au strict respect des garanties proc\u00e9durales.\",\"publisher\":{\"@id\":\"https:\\\/\\\/kohenavocats.com\\\/ru\\\/#organization\"},\"potentialAction\":[{\"@type\":\"SearchAction\",\"target\":{\"@type\":\"EntryPoint\",\"urlTemplate\":\"https:\\\/\\\/kohenavocats.com\\\/ru\\\/?s={search_term_string}\"},\"query-input\":{\"@type\":\"PropertyValueSpecification\",\"valueRequired\":true,\"valueName\":\"search_term_string\"}}],\"inLanguage\":\"ru-RU\"},{\"@type\":\"Organization\",\"@id\":\"https:\\\/\\\/kohenavocats.com\\\/ru\\\/#organization\",\"name\":\"Kohen Avocats\",\"url\":\"https:\\\/\\\/kohenavocats.com\\\/ru\\\/\",\"logo\":{\"@type\":\"ImageObject\",\"inLanguage\":\"ru-RU\",\"@id\":\"https:\\\/\\\/kohenavocats.com\\\/ru\\\/#\\\/schema\\\/logo\\\/image\\\/\",\"url\":\"https:\\\/\\\/kohenavocats.com\\\/wp-content\\\/uploads\\\/2026\\\/01\\\/Logo-2-1.webp\",\"contentUrl\":\"https:\\\/\\\/kohenavocats.com\\\/wp-content\\\/uploads\\\/2026\\\/01\\\/Logo-2-1.webp\",\"width\":2114,\"height\":1253,\"caption\":\"Kohen Avocats\"},\"image\":{\"@id\":\"https:\\\/\\\/kohenavocats.com\\\/ru\\\/#\\\/schema\\\/logo\\\/image\\\/\"}}]}<\/script>\n<!-- \/ Yoast SEO Premium plugin. -->","yoast_head_json":{"title":"ECLI:NL:GHARL:2025:7064 Gerechtshof Arnhem-Leeuwarden , 11-11-2025 \/ 200.358.607 - Ma\u00eetre Hassan Kohen, avocat en droit p\u00e9nal \u00e0 Paris","robots":{"index":"index","follow":"follow","max-snippet":"max-snippet:-1","max-image-preview":"max-image-preview:large","max-video-preview":"max-video-preview:-1"},"canonical":"https:\/\/kohenavocats.com\/ru\/jurisprudences\/eclinlgharl20257064-gerechtshof-arnhem-leeuwarden-11-11-2025-200-358-607\/","og_locale":"ru_RU","og_type":"article","og_title":"ECLI:NL:GHARL:2025:7064 Gerechtshof Arnhem-Leeuwarden , 11-11-2025 \/ 200.358.607","og_description":"Verlenging ondertoezichtstelling.","og_url":"https:\/\/kohenavocats.com\/ru\/jurisprudences\/eclinlgharl20257064-gerechtshof-arnhem-leeuwarden-11-11-2025-200-358-607\/","og_site_name":"Ma\u00eetre Hassan Kohen, avocat en droit p\u00e9nal \u00e0 Paris","twitter_card":"summary_large_image","twitter_misc":{"\u041f\u0440\u0438\u043c\u0435\u0440\u043d\u043e\u0435 \u0432\u0440\u0435\u043c\u044f \u0434\u043b\u044f \u0447\u0442\u0435\u043d\u0438\u044f":"7 \u043c\u0438\u043d\u0443\u0442"},"schema":{"@context":"https:\/\/schema.org","@graph":[{"@type":"WebPage","@id":"https:\/\/kohenavocats.com\/ru\/jurisprudences\/eclinlgharl20257064-gerechtshof-arnhem-leeuwarden-11-11-2025-200-358-607\/","url":"https:\/\/kohenavocats.com\/ru\/jurisprudences\/eclinlgharl20257064-gerechtshof-arnhem-leeuwarden-11-11-2025-200-358-607\/","name":"ECLI:NL:GHARL:2025:7064 Gerechtshof Arnhem-Leeuwarden , 11-11-2025 \/ 200.358.607 - Ma\u00eetre Hassan Kohen, avocat en droit p\u00e9nal \u00e0 Paris","isPartOf":{"@id":"https:\/\/kohenavocats.com\/ru\/#website"},"datePublished":"2026-04-24T05:17:11+00:00","breadcrumb":{"@id":"https:\/\/kohenavocats.com\/ru\/jurisprudences\/eclinlgharl20257064-gerechtshof-arnhem-leeuwarden-11-11-2025-200-358-607\/#breadcrumb"},"inLanguage":"ru-RU","potentialAction":[{"@type":"ReadAction","target":["https:\/\/kohenavocats.com\/ru\/jurisprudences\/eclinlgharl20257064-gerechtshof-arnhem-leeuwarden-11-11-2025-200-358-607\/"]}]},{"@type":"BreadcrumbList","@id":"https:\/\/kohenavocats.com\/ru\/jurisprudences\/eclinlgharl20257064-gerechtshof-arnhem-leeuwarden-11-11-2025-200-358-607\/#breadcrumb","itemListElement":[{"@type":"ListItem","position":1,"name":"Home","item":"https:\/\/kohenavocats.com\/ru\/avocats-en-droit-penal-a-paris-conseil-et-defense-strategique\/"},{"@type":"ListItem","position":2,"name":"Jurisprudences","item":"https:\/\/kohenavocats.com\/ru\/jurisprudences\/"},{"@type":"ListItem","position":3,"name":"ECLI:NL:GHARL:2025:7064 Gerechtshof Arnhem-Leeuwarden , 11-11-2025 \/ 200.358.607"}]},{"@type":"WebSite","@id":"https:\/\/kohenavocats.com\/ru\/#website","url":"https:\/\/kohenavocats.com\/ru\/","name":"Kohen Avocats","description":"Ma\u00eetre Hassan Kohen, avocat p\u00e9naliste \u00e0 Paris, intervient exclusivement en droit p\u00e9nal pour la d\u00e9fense des particuliers, notamment en mati\u00e8re d\u2019accusations de viol. Il assure un accompagnement rigoureux d\u00e8s la garde \u00e0 vue jusqu\u2019\u00e0 la Cour d\u2019assises, veillant au strict respect des garanties proc\u00e9durales.","publisher":{"@id":"https:\/\/kohenavocats.com\/ru\/#organization"},"potentialAction":[{"@type":"SearchAction","target":{"@type":"EntryPoint","urlTemplate":"https:\/\/kohenavocats.com\/ru\/?s={search_term_string}"},"query-input":{"@type":"PropertyValueSpecification","valueRequired":true,"valueName":"search_term_string"}}],"inLanguage":"ru-RU"},{"@type":"Organization","@id":"https:\/\/kohenavocats.com\/ru\/#organization","name":"Kohen Avocats","url":"https:\/\/kohenavocats.com\/ru\/","logo":{"@type":"ImageObject","inLanguage":"ru-RU","@id":"https:\/\/kohenavocats.com\/ru\/#\/schema\/logo\/image\/","url":"https:\/\/kohenavocats.com\/wp-content\/uploads\/2026\/01\/Logo-2-1.webp","contentUrl":"https:\/\/kohenavocats.com\/wp-content\/uploads\/2026\/01\/Logo-2-1.webp","width":2114,"height":1253,"caption":"Kohen Avocats"},"image":{"@id":"https:\/\/kohenavocats.com\/ru\/#\/schema\/logo\/image\/"}}]}},"jetpack_likes_enabled":false,"jetpack_sharing_enabled":true,"_links":{"self":[{"href":"https:\/\/kohenavocats.com\/ru\/wp-json\/wp\/v2\/kji_decision\/670084","targetHints":{"allow":["GET"]}}],"collection":[{"href":"https:\/\/kohenavocats.com\/ru\/wp-json\/wp\/v2\/kji_decision"}],"about":[{"href":"https:\/\/kohenavocats.com\/ru\/wp-json\/wp\/v2\/types\/kji_decision"}],"wp:attachment":[{"href":"https:\/\/kohenavocats.com\/ru\/wp-json\/wp\/v2\/media?parent=670084"}],"wp:term":[{"taxonomy":"kji_country","embeddable":true,"href":"https:\/\/kohenavocats.com\/ru\/wp-json\/wp\/v2\/kji_country?post=670084"},{"taxonomy":"kji_court","embeddable":true,"href":"https:\/\/kohenavocats.com\/ru\/wp-json\/wp\/v2\/kji_court?post=670084"},{"taxonomy":"kji_chamber","embeddable":true,"href":"https:\/\/kohenavocats.com\/ru\/wp-json\/wp\/v2\/kji_chamber?post=670084"},{"taxonomy":"kji_year","embeddable":true,"href":"https:\/\/kohenavocats.com\/ru\/wp-json\/wp\/v2\/kji_year?post=670084"},{"taxonomy":"kji_subject","embeddable":true,"href":"https:\/\/kohenavocats.com\/ru\/wp-json\/wp\/v2\/kji_subject?post=670084"},{"taxonomy":"kji_keyword","embeddable":true,"href":"https:\/\/kohenavocats.com\/ru\/wp-json\/wp\/v2\/kji_keyword?post=670084"},{"taxonomy":"kji_language","embeddable":true,"href":"https:\/\/kohenavocats.com\/ru\/wp-json\/wp\/v2\/kji_language?post=670084"}],"curies":[{"name":"wp","href":"https:\/\/api.w.org\/{rel}","templated":true}]}}