{"id":670345,"date":"2026-04-24T07:39:47","date_gmt":"2026-04-24T05:39:47","guid":{"rendered":"https:\/\/kohenavocats.com\/jurisprudences\/acordao-supremo-tribunal-de-justica-processo-6244-15-3t8vnf-b-g1-s1-2022-04-21\/"},"modified":"2026-04-24T07:39:47","modified_gmt":"2026-04-24T05:39:47","slug":"acordao-supremo-tribunal-de-justica-processo-6244-15-3t8vnf-b-g1-s1-2022-04-21","status":"publish","type":"kji_decision","link":"https:\/\/kohenavocats.com\/ru\/jurisprudences\/acordao-supremo-tribunal-de-justica-processo-6244-15-3t8vnf-b-g1-s1-2022-04-21\/","title":{"rendered":"Ac\u00f3rd\u00e3o Supremo Tribunal de Justi\u00e7a \u2013 Processo 6244\/15.3T8VNF-B.G1.S1 \u2013 2022-04-21"},"content":{"rendered":"<div class=\"kji-decision\">\n<p class=\"kji-summary\">Relator: CATARINA SERRA. I. Tendo sido suscitada ao Tribunal recorrido uma quest?o que mantinha uma clara rela??o de prejudicialidade com outra que j? havia sido enunciada, apreciada e decidida nos autos, o Tribunal recorrido n?o podia sen?o ter decidido em conformidade com a decis?o anterior, sob pena de se gerar o risco de contradi??o entre os fundamentos de duas decis?es e de, na pr?tica, se inutilizar o direito que a decis?o anterior havia definido. II. Existe legitimidade material ou ad substantiam sempre que o autor seja titular do direito que alega (legitimidade material activa) e o r?u seja titular da obriga??o alegada (legitimidade material passiva). III. Do confronto entre o Estatuto das Estradas da Rede Rodovi?ria Nacional (aprovado pela Lei n.? 34\/2015 de 27.04) e os Estatutos da Infraestruturas de Portugal, S.A. (aprovado pelo DL n.? 91\/2015, de 29.05), resulta que, enquanto o IMT ? Instituto da Mobilidade e dos Transportes, I.P., tem compet?ncias em mat?ria de regulamenta??o t?cnica, coordena??o, fiscaliza??o e planeamento no ?mbito do sector rodovi?rio, a IP ? Infraestruturas de Portugal, S.A., tem a seu cargo todas as actividades respeitantes ? concep??o, ao projecto, ? constru??o, ao financiamento, ? conserva??o, ? explora??o, ? requalifica??o, ao alargamento e ? moderniza??o das redes rodovi?ria e ferrovi?ria nacionais, cabendo, portanto, a esta ?ltima assumir os encargos da gest?o do processo expropriativo no caso de extin??o de servid?o non aedificandi, nomeadamente a obriga??o de pagar ? expropriada a ?justa indemniza??o? a que alude o artigo 1.? do C?digo das Expropria??es.<\/p>\n<hr class=\"kji-sep\" \/>\n<p class=\"kji-source-links\"><strong>Sources officielles :<\/strong> <a class=\"kji-source-link\" href=\"https:\/\/www.dgsi.pt\/jstj.nsf\/954f0ce6ad9dd8b980256b5f003fa814\/a7ce8229a86c6fc88025882b0080a43f?OpenDocument&#038;ExpandSection=1\" target=\"_blank\" rel=\"noopener noreferrer\">consulter la page source<\/a><\/p>\n<p class=\"kji-license-note\"><em>Portails officiels portugais (DGSI \/ Tribunal Constitucional). Republication en metadata_only par prudence licencielle ; consulter la source officielle pour le texte authentique.<\/em><\/p>\n<\/div>\n","protected":false},"excerpt":{"rendered":"<p>Relator: CATARINA SERRA. I. Tendo sido suscitada ao Tribunal recorrido uma quest?o que mantinha uma clara rela??o de prejudicialidade com outra que j? havia sido enunciada, apreciada e decidida nos autos, o Tribunal recorrido n?o podia sen?o ter decidido em conformidade com a decis?o anterior, sob pena de se gerar o risco de contradi??o entre os fundamentos de duas decis?es e de, na pr?tica, se inutilizar o direito que a decis?o anterior havia definido. II. Existe legitimidade material ou ad substantiam sempre que o autor seja titular do direito que alega (legitimidade material activa) e o r?u seja titular da obriga??o alegada (legitimidade material passiva). III. Do confronto entre o Estatuto das Estradas da Rede Rodovi?ria Nacional (aprovado pela Lei n.? 34\/2015 de 27.04) e os Estatutos da Infraestruturas de Portugal, S.A. (aprovado pelo DL n.? 91\/2015, de 29.05), resulta que, enquanto o IMT ? Instituto da Mobilidade e dos Transportes, I.P., tem compet?ncias em mat?ria de regulamenta??o t?cnica, coordena??o, fiscaliza??o e planeamento no ?mbito do sector rodovi?rio, a IP ? Infraestruturas de Portugal, S.A., tem a seu cargo todas as actividades respeitantes ? concep??o, ao projecto, ? constru??o, ao financiamento, ? conserva??o, ? explora??o, ? requalifica??o, ao alargamento e ? moderniza??o das redes rodovi?ria e ferrovi?ria nacionais, cabendo, portanto, a esta ?ltima assumir os encargos da gest?o do processo expropriativo no caso de extin??o de servid?o non aedificandi, nomeadamente a obriga??o de pagar ? expropriada a ?justa indemniza??o? a que alude o artigo 1.? do C?digo das Expropria??es.<\/p>\n","protected":false},"featured_media":0,"template":"","meta":{"_crdt_document":""},"kji_country":[7762],"kji_court":[7763],"kji_chamber":[8784],"kji_year":[32183],"kji_subject":[7612],"kji_keyword":[7772,7774,7771,7773,7636],"kji_language":[7770],"class_list":["post-670345","kji_decision","type-kji_decision","status-publish","hentry","kji_country-portugal","kji_court-supremo-tribunal-de-justica","kji_chamber-2-seco","kji_year-32183","kji_subject-fiscal","kji_keyword-acordao","kji_keyword-justica","kji_keyword-processo","kji_keyword-supremo","kji_keyword-tribunal","kji_language-pt"],"yoast_head":"<!-- This site is optimized with the Yoast SEO Premium plugin v27.4 (Yoast SEO v27.4) - https:\/\/yoast.com\/product\/yoast-seo-premium-wordpress\/ -->\n<title>Ac\u00f3rd\u00e3o Supremo Tribunal de Justi\u00e7a \u2013 Processo 6244\/15.3T8VNF-B.G1.S1 \u2013 2022-04-21 - Ma\u00eetre Hassan Kohen, avocat en droit p\u00e9nal \u00e0 Paris<\/title>\n<meta name=\"robots\" content=\"index, follow, max-snippet:-1, max-image-preview:large, max-video-preview:-1\" \/>\n<link rel=\"canonical\" href=\"https:\/\/kohenavocats.com\/ru\/jurisprudences\/acordao-supremo-tribunal-de-justica-processo-6244-15-3t8vnf-b-g1-s1-2022-04-21\/\" \/>\n<meta property=\"og:locale\" content=\"ru_RU\" \/>\n<meta property=\"og:type\" content=\"article\" \/>\n<meta property=\"og:title\" content=\"Ac\u00f3rd\u00e3o Supremo Tribunal de Justi\u00e7a \u2013 Processo 6244\/15.3T8VNF-B.G1.S1 \u2013 2022-04-21\" \/>\n<meta property=\"og:description\" content=\"Relator: CATARINA SERRA. I. Tendo sido suscitada ao Tribunal recorrido uma quest?o que mantinha uma clara rela??o de prejudicialidade com outra que j? havia sido enunciada, apreciada e decidida nos autos, o Tribunal recorrido n?o podia sen?o ter decidido em conformidade com a decis?o anterior, sob pena de se gerar o risco de contradi??o entre os fundamentos de duas decis?es e de, na pr?tica, se inutilizar o direito que a decis?o anterior havia definido. II. Existe legitimidade material ou ad substantiam sempre que o autor seja titular do direito que alega (legitimidade material activa) e o r?u seja titular da obriga??o alegada (legitimidade material passiva). III. Do confronto entre o Estatuto das Estradas da Rede Rodovi?ria Nacional (aprovado pela Lei n.? 34\/2015 de 27.04) e os Estatutos da Infraestruturas de Portugal, S.A. (aprovado pelo DL n.? 91\/2015, de 29.05), resulta que, enquanto o IMT ? Instituto da Mobilidade e dos Transportes, I.P., tem compet?ncias em mat?ria de regulamenta??o t?cnica, coordena??o, fiscaliza??o e planeamento no ?mbito do sector rodovi?rio, a IP ? Infraestruturas de Portugal, S.A., tem a seu cargo todas as actividades respeitantes ? concep??o, ao projecto, ? constru??o, ao financiamento, ? conserva??o, ? explora??o, ? requalifica??o, ao alargamento e ? moderniza??o das redes rodovi?ria e ferrovi?ria nacionais, cabendo, portanto, a esta ?ltima assumir os encargos da gest?o do processo expropriativo no caso de extin??o de servid?o non aedificandi, nomeadamente a obriga??o de pagar ? expropriada a ?justa indemniza??o? a que alude o artigo 1.? do C?digo das Expropria??es.\" \/>\n<meta property=\"og:url\" content=\"https:\/\/kohenavocats.com\/ru\/jurisprudences\/acordao-supremo-tribunal-de-justica-processo-6244-15-3t8vnf-b-g1-s1-2022-04-21\/\" \/>\n<meta property=\"og:site_name\" content=\"Ma\u00eetre Hassan Kohen, avocat en droit p\u00e9nal \u00e0 Paris\" \/>\n<meta name=\"twitter:card\" content=\"summary_large_image\" \/>\n<meta name=\"twitter:label1\" content=\"\u041f\u0440\u0438\u043c\u0435\u0440\u043d\u043e\u0435 \u0432\u0440\u0435\u043c\u044f \u0434\u043b\u044f \u0447\u0442\u0435\u043d\u0438\u044f\" \/>\n\t<meta name=\"twitter:data1\" content=\"1 \u043c\u0438\u043d\u0443\u0442\u0430\" \/>\n<script type=\"application\/ld+json\" class=\"yoast-schema-graph\">{\"@context\":\"https:\\\/\\\/schema.org\",\"@graph\":[{\"@type\":\"WebPage\",\"@id\":\"https:\\\/\\\/kohenavocats.com\\\/ru\\\/jurisprudences\\\/acordao-supremo-tribunal-de-justica-processo-6244-15-3t8vnf-b-g1-s1-2022-04-21\\\/\",\"url\":\"https:\\\/\\\/kohenavocats.com\\\/ru\\\/jurisprudences\\\/acordao-supremo-tribunal-de-justica-processo-6244-15-3t8vnf-b-g1-s1-2022-04-21\\\/\",\"name\":\"Ac\u00f3rd\u00e3o Supremo Tribunal de Justi\u00e7a \u2013 Processo 6244\\\/15.3T8VNF-B.G1.S1 \u2013 2022-04-21 - Ma\u00eetre Hassan Kohen, avocat en droit p\u00e9nal \u00e0 Paris\",\"isPartOf\":{\"@id\":\"https:\\\/\\\/kohenavocats.com\\\/ru\\\/#website\"},\"datePublished\":\"2026-04-24T05:39:47+00:00\",\"breadcrumb\":{\"@id\":\"https:\\\/\\\/kohenavocats.com\\\/ru\\\/jurisprudences\\\/acordao-supremo-tribunal-de-justica-processo-6244-15-3t8vnf-b-g1-s1-2022-04-21\\\/#breadcrumb\"},\"inLanguage\":\"ru-RU\",\"potentialAction\":[{\"@type\":\"ReadAction\",\"target\":[\"https:\\\/\\\/kohenavocats.com\\\/ru\\\/jurisprudences\\\/acordao-supremo-tribunal-de-justica-processo-6244-15-3t8vnf-b-g1-s1-2022-04-21\\\/\"]}]},{\"@type\":\"BreadcrumbList\",\"@id\":\"https:\\\/\\\/kohenavocats.com\\\/ru\\\/jurisprudences\\\/acordao-supremo-tribunal-de-justica-processo-6244-15-3t8vnf-b-g1-s1-2022-04-21\\\/#breadcrumb\",\"itemListElement\":[{\"@type\":\"ListItem\",\"position\":1,\"name\":\"Home\",\"item\":\"https:\\\/\\\/kohenavocats.com\\\/ru\\\/avocats-en-droit-penal-a-paris-conseil-et-defense-strategique\\\/\"},{\"@type\":\"ListItem\",\"position\":2,\"name\":\"Jurisprudences\",\"item\":\"https:\\\/\\\/kohenavocats.com\\\/ru\\\/jurisprudences\\\/\"},{\"@type\":\"ListItem\",\"position\":3,\"name\":\"Ac\u00f3rd\u00e3o Supremo Tribunal de Justi\u00e7a \u2013 Processo 6244\\\/15.3T8VNF-B.G1.S1 \u2013 2022-04-21\"}]},{\"@type\":\"WebSite\",\"@id\":\"https:\\\/\\\/kohenavocats.com\\\/ru\\\/#website\",\"url\":\"https:\\\/\\\/kohenavocats.com\\\/ru\\\/\",\"name\":\"Kohen Avocats\",\"description\":\"Ma\u00eetre Hassan Kohen, avocat p\u00e9naliste \u00e0 Paris, intervient exclusivement en droit p\u00e9nal pour la d\u00e9fense des particuliers, notamment en mati\u00e8re d\u2019accusations de viol. Il assure un accompagnement rigoureux d\u00e8s la garde \u00e0 vue jusqu\u2019\u00e0 la Cour d\u2019assises, veillant au strict respect des garanties proc\u00e9durales.\",\"publisher\":{\"@id\":\"https:\\\/\\\/kohenavocats.com\\\/ru\\\/#organization\"},\"potentialAction\":[{\"@type\":\"SearchAction\",\"target\":{\"@type\":\"EntryPoint\",\"urlTemplate\":\"https:\\\/\\\/kohenavocats.com\\\/ru\\\/?s={search_term_string}\"},\"query-input\":{\"@type\":\"PropertyValueSpecification\",\"valueRequired\":true,\"valueName\":\"search_term_string\"}}],\"inLanguage\":\"ru-RU\"},{\"@type\":\"Organization\",\"@id\":\"https:\\\/\\\/kohenavocats.com\\\/ru\\\/#organization\",\"name\":\"Kohen Avocats\",\"url\":\"https:\\\/\\\/kohenavocats.com\\\/ru\\\/\",\"logo\":{\"@type\":\"ImageObject\",\"inLanguage\":\"ru-RU\",\"@id\":\"https:\\\/\\\/kohenavocats.com\\\/ru\\\/#\\\/schema\\\/logo\\\/image\\\/\",\"url\":\"https:\\\/\\\/kohenavocats.com\\\/wp-content\\\/uploads\\\/2026\\\/01\\\/Logo-2-1.webp\",\"contentUrl\":\"https:\\\/\\\/kohenavocats.com\\\/wp-content\\\/uploads\\\/2026\\\/01\\\/Logo-2-1.webp\",\"width\":2114,\"height\":1253,\"caption\":\"Kohen Avocats\"},\"image\":{\"@id\":\"https:\\\/\\\/kohenavocats.com\\\/ru\\\/#\\\/schema\\\/logo\\\/image\\\/\"}}]}<\/script>\n<!-- \/ Yoast SEO Premium plugin. -->","yoast_head_json":{"title":"Ac\u00f3rd\u00e3o Supremo Tribunal de Justi\u00e7a \u2013 Processo 6244\/15.3T8VNF-B.G1.S1 \u2013 2022-04-21 - Ma\u00eetre Hassan Kohen, avocat en droit p\u00e9nal \u00e0 Paris","robots":{"index":"index","follow":"follow","max-snippet":"max-snippet:-1","max-image-preview":"max-image-preview:large","max-video-preview":"max-video-preview:-1"},"canonical":"https:\/\/kohenavocats.com\/ru\/jurisprudences\/acordao-supremo-tribunal-de-justica-processo-6244-15-3t8vnf-b-g1-s1-2022-04-21\/","og_locale":"ru_RU","og_type":"article","og_title":"Ac\u00f3rd\u00e3o Supremo Tribunal de Justi\u00e7a \u2013 Processo 6244\/15.3T8VNF-B.G1.S1 \u2013 2022-04-21","og_description":"Relator: CATARINA SERRA. I. Tendo sido suscitada ao Tribunal recorrido uma quest?o que mantinha uma clara rela??o de prejudicialidade com outra que j? havia sido enunciada, apreciada e decidida nos autos, o Tribunal recorrido n?o podia sen?o ter decidido em conformidade com a decis?o anterior, sob pena de se gerar o risco de contradi??o entre os fundamentos de duas decis?es e de, na pr?tica, se inutilizar o direito que a decis?o anterior havia definido. II. Existe legitimidade material ou ad substantiam sempre que o autor seja titular do direito que alega (legitimidade material activa) e o r?u seja titular da obriga??o alegada (legitimidade material passiva). III. Do confronto entre o Estatuto das Estradas da Rede Rodovi?ria Nacional (aprovado pela Lei n.? 34\/2015 de 27.04) e os Estatutos da Infraestruturas de Portugal, S.A. (aprovado pelo DL n.? 91\/2015, de 29.05), resulta que, enquanto o IMT ? Instituto da Mobilidade e dos Transportes, I.P., tem compet?ncias em mat?ria de regulamenta??o t?cnica, coordena??o, fiscaliza??o e planeamento no ?mbito do sector rodovi?rio, a IP ? Infraestruturas de Portugal, S.A., tem a seu cargo todas as actividades respeitantes ? concep??o, ao projecto, ? constru??o, ao financiamento, ? conserva??o, ? explora??o, ? requalifica??o, ao alargamento e ? moderniza??o das redes rodovi?ria e ferrovi?ria nacionais, cabendo, portanto, a esta ?ltima assumir os encargos da gest?o do processo expropriativo no caso de extin??o de servid?o non aedificandi, nomeadamente a obriga??o de pagar ? expropriada a ?justa indemniza??o? a que alude o artigo 1.? do C?digo das Expropria??es.","og_url":"https:\/\/kohenavocats.com\/ru\/jurisprudences\/acordao-supremo-tribunal-de-justica-processo-6244-15-3t8vnf-b-g1-s1-2022-04-21\/","og_site_name":"Ma\u00eetre Hassan Kohen, avocat en droit p\u00e9nal \u00e0 Paris","twitter_card":"summary_large_image","twitter_misc":{"\u041f\u0440\u0438\u043c\u0435\u0440\u043d\u043e\u0435 \u0432\u0440\u0435\u043c\u044f \u0434\u043b\u044f \u0447\u0442\u0435\u043d\u0438\u044f":"1 \u043c\u0438\u043d\u0443\u0442\u0430"},"schema":{"@context":"https:\/\/schema.org","@graph":[{"@type":"WebPage","@id":"https:\/\/kohenavocats.com\/ru\/jurisprudences\/acordao-supremo-tribunal-de-justica-processo-6244-15-3t8vnf-b-g1-s1-2022-04-21\/","url":"https:\/\/kohenavocats.com\/ru\/jurisprudences\/acordao-supremo-tribunal-de-justica-processo-6244-15-3t8vnf-b-g1-s1-2022-04-21\/","name":"Ac\u00f3rd\u00e3o Supremo Tribunal de Justi\u00e7a \u2013 Processo 6244\/15.3T8VNF-B.G1.S1 \u2013 2022-04-21 - Ma\u00eetre Hassan Kohen, avocat en droit p\u00e9nal \u00e0 Paris","isPartOf":{"@id":"https:\/\/kohenavocats.com\/ru\/#website"},"datePublished":"2026-04-24T05:39:47+00:00","breadcrumb":{"@id":"https:\/\/kohenavocats.com\/ru\/jurisprudences\/acordao-supremo-tribunal-de-justica-processo-6244-15-3t8vnf-b-g1-s1-2022-04-21\/#breadcrumb"},"inLanguage":"ru-RU","potentialAction":[{"@type":"ReadAction","target":["https:\/\/kohenavocats.com\/ru\/jurisprudences\/acordao-supremo-tribunal-de-justica-processo-6244-15-3t8vnf-b-g1-s1-2022-04-21\/"]}]},{"@type":"BreadcrumbList","@id":"https:\/\/kohenavocats.com\/ru\/jurisprudences\/acordao-supremo-tribunal-de-justica-processo-6244-15-3t8vnf-b-g1-s1-2022-04-21\/#breadcrumb","itemListElement":[{"@type":"ListItem","position":1,"name":"Home","item":"https:\/\/kohenavocats.com\/ru\/avocats-en-droit-penal-a-paris-conseil-et-defense-strategique\/"},{"@type":"ListItem","position":2,"name":"Jurisprudences","item":"https:\/\/kohenavocats.com\/ru\/jurisprudences\/"},{"@type":"ListItem","position":3,"name":"Ac\u00f3rd\u00e3o Supremo Tribunal de Justi\u00e7a \u2013 Processo 6244\/15.3T8VNF-B.G1.S1 \u2013 2022-04-21"}]},{"@type":"WebSite","@id":"https:\/\/kohenavocats.com\/ru\/#website","url":"https:\/\/kohenavocats.com\/ru\/","name":"Kohen Avocats","description":"Ma\u00eetre Hassan Kohen, avocat p\u00e9naliste \u00e0 Paris, intervient exclusivement en droit p\u00e9nal pour la d\u00e9fense des particuliers, notamment en mati\u00e8re d\u2019accusations de viol. Il assure un accompagnement rigoureux d\u00e8s la garde \u00e0 vue jusqu\u2019\u00e0 la Cour d\u2019assises, veillant au strict respect des garanties proc\u00e9durales.","publisher":{"@id":"https:\/\/kohenavocats.com\/ru\/#organization"},"potentialAction":[{"@type":"SearchAction","target":{"@type":"EntryPoint","urlTemplate":"https:\/\/kohenavocats.com\/ru\/?s={search_term_string}"},"query-input":{"@type":"PropertyValueSpecification","valueRequired":true,"valueName":"search_term_string"}}],"inLanguage":"ru-RU"},{"@type":"Organization","@id":"https:\/\/kohenavocats.com\/ru\/#organization","name":"Kohen Avocats","url":"https:\/\/kohenavocats.com\/ru\/","logo":{"@type":"ImageObject","inLanguage":"ru-RU","@id":"https:\/\/kohenavocats.com\/ru\/#\/schema\/logo\/image\/","url":"https:\/\/kohenavocats.com\/wp-content\/uploads\/2026\/01\/Logo-2-1.webp","contentUrl":"https:\/\/kohenavocats.com\/wp-content\/uploads\/2026\/01\/Logo-2-1.webp","width":2114,"height":1253,"caption":"Kohen Avocats"},"image":{"@id":"https:\/\/kohenavocats.com\/ru\/#\/schema\/logo\/image\/"}}]}},"jetpack_likes_enabled":false,"jetpack_sharing_enabled":true,"_links":{"self":[{"href":"https:\/\/kohenavocats.com\/ru\/wp-json\/wp\/v2\/kji_decision\/670345","targetHints":{"allow":["GET"]}}],"collection":[{"href":"https:\/\/kohenavocats.com\/ru\/wp-json\/wp\/v2\/kji_decision"}],"about":[{"href":"https:\/\/kohenavocats.com\/ru\/wp-json\/wp\/v2\/types\/kji_decision"}],"wp:attachment":[{"href":"https:\/\/kohenavocats.com\/ru\/wp-json\/wp\/v2\/media?parent=670345"}],"wp:term":[{"taxonomy":"kji_country","embeddable":true,"href":"https:\/\/kohenavocats.com\/ru\/wp-json\/wp\/v2\/kji_country?post=670345"},{"taxonomy":"kji_court","embeddable":true,"href":"https:\/\/kohenavocats.com\/ru\/wp-json\/wp\/v2\/kji_court?post=670345"},{"taxonomy":"kji_chamber","embeddable":true,"href":"https:\/\/kohenavocats.com\/ru\/wp-json\/wp\/v2\/kji_chamber?post=670345"},{"taxonomy":"kji_year","embeddable":true,"href":"https:\/\/kohenavocats.com\/ru\/wp-json\/wp\/v2\/kji_year?post=670345"},{"taxonomy":"kji_subject","embeddable":true,"href":"https:\/\/kohenavocats.com\/ru\/wp-json\/wp\/v2\/kji_subject?post=670345"},{"taxonomy":"kji_keyword","embeddable":true,"href":"https:\/\/kohenavocats.com\/ru\/wp-json\/wp\/v2\/kji_keyword?post=670345"},{"taxonomy":"kji_language","embeddable":true,"href":"https:\/\/kohenavocats.com\/ru\/wp-json\/wp\/v2\/kji_language?post=670345"}],"curies":[{"name":"wp","href":"https:\/\/api.w.org\/{rel}","templated":true}]}}