{"id":671793,"date":"2026-04-24T11:12:40","date_gmt":"2026-04-24T09:12:40","guid":{"rendered":"https:\/\/kohenavocats.com\/jurisprudences\/cour-superieure-de-justice-16-mars-2022-n-2021-01117\/"},"modified":"2026-04-24T11:12:43","modified_gmt":"2026-04-24T09:12:43","slug":"cour-superieure-de-justice-16-mars-2022-n-2021-01117","status":"publish","type":"kji_decision","link":"https:\/\/kohenavocats.com\/ru\/jurisprudences\/cour-superieure-de-justice-16-mars-2022-n-2021-01117\/","title":{"rendered":"Cour sup\u00e9rieure de justice, 16 mars 2022, n\u00b0 2021-01117"},"content":{"rendered":"<div class=\"kji-decision\">\n<div class=\"kji-full-text\">\n<p>Arr\u00eat N\u00b051\/22 &#8212; I &#8212; CIV (aff.fam.)<\/p>\n<p>Arr\u00eat civil<\/p>\n<p>Audience publique du seize mars deux mille vingt-deux<\/p>\n<p>Num\u00e9ro CAL-2021- 01117 du r\u00f4le<\/p>\n<p>rendu par la premi\u00e8re chambre de la Cour d\u2019appel, si\u00e9geant en mati\u00e8re civile, dans la cause<\/p>\n<p>E n t r e :<\/p>\n<p>A., n\u00e9 le \u2026 \u00e0 \u2026, demeurant \u00e0 \u2026, \u2026 ,<\/p>\n<p>appelant aux termes d\u2019une requ\u00eate d\u00e9pos\u00e9e au greffe de la Cour d\u2019appel le 25 novembre 2021,<\/p>\n<p>repr\u00e9sent\u00e9 par Ma\u00eetre Romain HELLENBRAND, avocat, en remplacement de Ma\u00eetre Yvette NGONO YAH, avocat \u00e0 la Cour, les deux demeurant \u00e0 Luxembourg,<\/p>\n<p>e t :<\/p>\n<p>B., n\u00e9e le \u2026 \u00e0 \u2026, demeurant \u00e0 \u2026, \u2026 ,<\/p>\n<p>intim\u00e9e aux fins de la susdite requ\u00eate,<\/p>\n<p>repr\u00e9sent\u00e9e par Ma\u00eetre Fran\u00e7oise NSAN-NWET, avocat \u00e0 la Cour, demeurant \u00e0 Esch- sur-Alzette.<\/p>\n<p>&#8212;&#8212;&#8212;&#8212;&#8212;&#8212;&#8212;&#8212;&#8212;&#8212;<\/p>\n<p>L A C O U R D &#039; A P P E L :<\/p>\n<p>Par jugement du 21 octobre 2021, le juge aux affaires familiales, statuant en continuation du jugement du 9 juillet 2020, a, notamment , condamn\u00e9 A. \u00e0 payer \u00e0 B. une contribution \u00e0 l\u2019entretien et \u00e0 l\u2019\u00e9ducation de l\u2019enfant commun mineur C., n\u00e9 le \u2026, de 150 euros par mois, allocations familiales non comprises, dit que cette contribution est payable et portable le premier jour de chaque mois et pour la premi\u00e8re fois le 1 er juillet 2018 et qu\u2019elle est \u00e0 adapter de plein droit et sans mise en demeure pr\u00e9alable aux variations du nombre-indice du co\u00fbt de la vie, dans la mesure o\u00f9 les revenus du d\u00e9biteur<\/p>\n<p>2 d\u2019aliments y sont adapt\u00e9s, dit qu\u2019en outre A. devra participer \u00e0 hauteur de 50% aux frais extraordinaires d\u00e9bours\u00e9s dans l\u2019int\u00e9r\u00eat de l\u2019enfant commun C..<\/p>\n<p>En outre, et avant tout autre progr\u00e8s en cause, il a ordonn\u00e9 une expertise et au besoin un suivi psychiatrique\/th\u00e9rapeutique de A. et commis pour y proc\u00e9der le d octeur P1., psychiatre, avec la mission, dans un rapport \u00e9crit, motiv\u00e9 et d\u00e9taill\u00e9<\/p>\n<p>1. de se prononcer sur l\u2019\u00e9tat psychique et la sant\u00e9 mentale de A. et notamment de dire s\u2019il souffre d\u2019un trouble psychique, d\u2019un probl\u00e8me impliquant une tendance aux comportements violents et\/ou impulsifs et de dire, en cas de d\u00e9tection d\u2019un probl\u00e8me, si celui-ci est de nature \u00e0 entraver son comportement ou ses capacit\u00e9s parentales \u00e0 l\u2019\u00e9gard de l\u2019enfant commun mineur C. , n\u00e9 le &#8230;; 2. de se prononcer, en cas de d\u00e9tection d\u2019un trouble, sur les moyens et th\u00e9rapies utiles pour y rem\u00e9dier et de v\u00e9rifier dans la mesure du possible la volont\u00e9 sinc\u00e8re de A. de se soumettre \u00e0 de telles mesures ; 3. d\u2019assurer, le cas \u00e9ch\u00e9ant, la prise en charge n\u00e9cessaire de A. ; 4. de se prononcer sur les capacit\u00e9s parentales\/\u00e9ducatives de A. et notamment sur son aptitude et sur les modalit\u00e9s d\u2019un droit de visite et d\u2019h\u00e9bergement \u00e0 exercer \u00e0 l\u2019\u00e9gard de l\u2019enfant commun et sur ses capacit\u00e9s \u00e0 respecter le principe de coparentalit\u00e9.<\/p>\n<p>Le juge aux affaires familiales a encore fix\u00e9 la continuation des d\u00e9bats \u00e0 une audience ult\u00e9rieure et r\u00e9serv\u00e9 le surplus.<\/p>\n<p>Par requ\u00eate d\u00e9pos\u00e9e au greffe de la Cour en date du 25 novembre 2021, A. a relev\u00e9 appel du jugement du 21 octobre 2021.<\/p>\n<p>Il demande \u00e0 la Cour, par r\u00e9formation du jugement entrepris, de constater l\u2019absence de fondement, notamment l\u2019absence de motifs \u00e0 la suspension de son droit de visite, de dire qu\u2019il n\u2019y a pas lieu d\u2019ordonner une expertise psychiatrique\/psychologique de sa personne, de dire que son droit de visite ne peut \u00eatre suspendu et qu\u2019il \u00ab continuera \u00e0 visiter son fils C. \u00bb.<\/p>\n<p>A titre subsidiaire, il demande \u00e0 la Cour d\u2019ordonner une expertise psychiatrique\/psychologique des deux parties et de d\u00e9signer pour y proc\u00e9der le m\u00e9decin qu\u2019il lui plaira, sauf le docteur P1. d\u00e9sign\u00e9 par la partie intim\u00e9e.<\/p>\n<p>A titre encore plus subsidiaire, il demande \u00e0 la Cour d\u2019ordonner une expertise psychiatrique\/psychologique de l\u2019intim\u00e9e et de d\u00e9signer pour y proc\u00e9der le m\u00e9decin qu\u2019il lui plaira, sauf le d octeur P1. d\u00e9sign\u00e9 par la partie intim\u00e9e et de maintenir le droit de visite et d\u2019h\u00e9bergement qui lui avait \u00e9t\u00e9 accord\u00e9 en attendant le r\u00e9sultat de l\u2019expertise.<\/p>\n<p>Enfin, il demande que l\u2019intim\u00e9e soit condamn\u00e9e au paiement d\u2019une indemnit\u00e9 de proc\u00e9dure de 1.500 euros, ainsi que des frais et d\u00e9pens de l\u2019instance.<\/p>\n<p>Suivant ordonnance du 12 janvier 2022, la Cour a d\u00e9l\u00e9gu\u00e9 la pr\u00e9sente affaire \u00e0 un magistrat unique sur base de l\u2019article 1007- 10 du Nouveau Code proc\u00e9dure civile.<\/p>\n<p>A. fait plaider \u00e0 l\u2019appui de son appel que la suspension de son droit de visite serait pr\u00e9judiciable \u00e0 l\u2019enfant commun mineur, puisque tous les liens entre ce dernier et son p\u00e8re seraient coup\u00e9s. Rien dans son comportement ne justifierait une suspension de son droit de visite \u00e0 l\u2019\u00e9gard de son fils.<\/p>\n<p>B. demande la confirmation du jugement entrepris, insistant sur le manque d\u2019int\u00e9r\u00eat de l\u2019appelant pour l\u2019enfant C. . L\u2019appelant serait en effet parti en &#8230; pendant quatre mois sans en informer qui que ce soit, de sorte que l\u2019enfant aurait \u00e9t\u00e9 perturb\u00e9 par son absence et qu\u2019elle aurait d\u00fb faire appel \u00e0 un psychologue pour le prendre en charge. Elle se r\u00e9f\u00e8re en outre aux diff\u00e9rentes appr\u00e9ciations des professionnels qui sont intervenus dans le dossier, pour conclure que l\u2019appelant consomme de l\u2019alcool et des drogues, a un lourd pass\u00e9 judiciaire et pr\u00e9sente un comportement particuli\u00e8rement inqui\u00e9tant et violent qui justifie la suspension du droit de visite en attendant le r\u00e9sultat de l\u2019expertise et de l\u2019\u00e9ventuelle prise en charge de l\u2019appelant par un psychiatre.<\/p>\n<p>L\u2019appel serait en outre irrecevable, la d\u00e9cision du juge aux affaires familiales n\u2019\u00e9tant pas d\u00e9finitive.<\/p>\n<p>A titre reconventionnel, elle sollicite la condamnation de l\u2019appelant au paiement du montant de 1.000 euros sur base de l\u2019article 6- 1 du Code civil, au motif que l\u2019appel de A. aurait pour seul but de la \u00ab salir \u00bb en soutenant qu\u2019elle serait une drogu\u00e9e, ce qui serait faux.<\/p>\n<p>En outre, elle demande une indemnit\u00e9 de proc\u00e9dure de 700 euros.<\/p>\n<p>Quant \u00e0 la recevabilit\u00e9 de son appel, A. r\u00e9plique qu\u2019il \u00ab maintient sa demande alors que l\u2019enfant aime son p\u00e8re \u00bb.<\/p>\n<p>&#8212; Quant \u00e0 la recevabilit\u00e9 de l\u2019appel<\/p>\n<p>Aux termes de l\u2019article 579 du Nouveau Code de proc\u00e9dure civile, les jugements qui tranchent dans leur dispositif une partie du principal et ordonnent une mesure d&#039;instruction ou une mesure provisoire peuvent \u00ea tre imm\u00e9diatement frapp\u00e9 s d&#039;appel comme les jugements qui tranchent tout le principal. L\u2019 article 580 du m\u00eame code poursuit que les autres jugements ne peuvent \u00eatre frapp\u00e9 s d\u2019appel ind\u00e9 pendamment des jugements sur le fond.<\/p>\n<p>Il y a d\u00e9cision sur une partie du principal si le jugement, sans \u00e9 puiser le fond, tranche d\u00e9 finitivement une question faisant partie de l\u2019objet du litige, de sorte que lors de la continuation des d\u00e9 bats, le juge est li\u00e9 par cette d\u00e9cision et ne peut plus revenir sur ce qu\u2019il a d\u00e9 cid\u00e9.<\/p>\n<p>Le principal s\u2019entend des pr\u00e9tentions respectives des parties qui fixent l\u2019objet du litige et cette notion se trouve d\u00e9termin\u00e9e non pas par une conception \u00e9troite de l\u2019objet du litige qui serait consid\u00e9r\u00e9\u0301 comme le but ultime recherch\u00e9 par le demandeur, mais par les questions et pr\u00e9tentions pr\u00e9alables des parties que le tribunal doit trancher dans le cadre de son raisonnement et qui s\u2019imposent \u00e0 lui au cours de la suite de l\u2019instance, sous la r\u00e9serve toutefois que la question litigieuse connect\u00e9e \u00e0 l\u2019objet de la demande doit conduire au rejet des pr\u00e9tentions sur lesquelles elle se fonde (cf. Cass. 27 novembre<\/p>\n<p>4 2014, no 83\/14, registre n\u00b03385, JTL 2015, no 38, p. 52 et ss, observations Th. Hoscheit).<\/p>\n<p>En l\u2019esp\u00e8ce, le juge aux affaires familiales a \u00e9t\u00e9 saisi d\u2019 une requ\u00eate de A. en obtention d\u2019un droit de visite et d\u2019h\u00e9bergement usuel \u00e0 l\u2019\u00e9gard de l\u2019enfant commun C..<\/p>\n<p>Au vu des \u00e9l\u00e9ments du dossier, il a, avant tout autre progr\u00e8s en cause, ordonn\u00e9 une expertise psychiatrique de l\u2019appelant et, retenant que le comportement de ce dernier constituait actuellement un danger r\u00e9el et s\u00e9rieux pour le bien- \u00eatre physique et mental de l\u2019enfant, a, dans l\u2019int\u00e9r\u00eat de ce dernier, suspendu le droit de visite de l\u2019appelant en attendant les r\u00e9sultat s de l\u2019expertise psychiatrique.<\/p>\n<p>Le fait d\u2019ordonner une expertise psychiatrique de A. et de suspendre son droit de visite en attendant le r\u00e9sultat de l\u2019expertise a un caract\u00e8re provisoire, le juge aux affaires familiales n\u2019ayant pas encore tranch\u00e9 d\u00e9finitivement l\u2019objet du litige et n\u2019\u00e9tant pas li\u00e9 par cette d\u00e9cision lors de la continuation des d\u00e9bats.<\/p>\n<p>Il suit de ce qui pr\u00e9c\u00e8de que l\u2019appel dirig\u00e9 contre le jugement entrepris est irrecevable.<\/p>\n<p>&#8212; Quant aux dommages et int\u00e9r\u00eats pour proc\u00e9dure abusive et vexatoire<\/p>\n<p>L&#039;exercice d&#039;une action en justice ne d\u00e9g\u00e9n\u00e8re en faute, pouvant donner lieu \u00e0 des dommages et int\u00e9r\u00eats, que s&#039;il constitue un acte de malice ou de mauvaise foi ou au moins une erreur grossi\u00e8re \u00e9quipollente au dol ou si le demandeur a agi avec une l\u00e9g\u00e8ret\u00e9 bl\u00e2mable.<\/p>\n<p>La preuve d\u2019une telle faute dans le chef de l\u2019appelant faisant d\u00e9faut en l&#039;occurrence, un abus de droit laisse d\u2019\u00eatre \u00e9tabli, de sorte que B. est \u00e0 d\u00e9bouter de sa demande en dommages et int\u00e9r\u00eats sur base de l\u2019article 6- 1 du Code civil.<\/p>\n<p>&#8212; Quant aux demandes accessoires<\/p>\n<p>B. ne justifiant pas de l\u2019iniquit\u00e9 requise par l\u2019article 240 du Nouveau Code de proc\u00e9dure civile, sa demande en allocation d\u2019une indemnit\u00e9 de proc\u00e9dure pour l\u2019instance d\u2019appel n\u2019est pas fond\u00e9e.<\/p>\n<p>Eu \u00e9gard \u00e0 l\u2019issue du litige, A. est \u00e0 d\u00e9bouter de sa demande en allocation d\u2019une indemnit\u00e9 de proc\u00e9dure et il y a lieu de le condamner aux frais et d\u00e9pens de l\u2019instance.<\/p>\n<p>P A R C E S M O T I F S<\/p>\n<p>la Cour d\u2019appel, premi\u00e8re chambre, si\u00e9geant en mati\u00e8re d\u2019appel contre une d\u00e9cision du juge aux affaires familiales, statuant contradictoirement,<\/p>\n<p>vu l\u2019article 1007- 10 du Nouveau Code de proc\u00e9dure civile,<\/p>\n<p>dit l\u2019appel irrecevable,<\/p>\n<p>d\u00e9boute B. de sa demande en paiement de dommages et int\u00e9r\u00eats sur base de l\u2019article 6-1 du Code civil,<\/p>\n<p>d\u00e9boute les parties de leurs demandes respectives en allocation d\u2019une indemnit\u00e9 de proc\u00e9dure,<\/p>\n<p>condamne A. aux frais et d\u00e9pens de l\u2019instance d\u2019appel.<\/p>\n<p>Ainsi fait, jug\u00e9 et prononc\u00e9 \u00e0 l\u2019audience publique o\u00f9 \u00e9taient pr\u00e9sentes :<\/p>\n<p>Jeanne GUILLAUME, pr\u00e9sident de chambre, Amra ADROVIC, greffier.<\/p>\n<\/div>\n<hr class=\"kji-sep\" \/>\n<p class=\"kji-source-links\"><strong>Sources officielles :<\/strong> <a class=\"kji-source-link\" href=\"https:\/\/data.public.lu\/fr\/datasets\/cour-superieure-de-justice-1e-chambre\/\" target=\"_blank\" rel=\"noopener noreferrer\">consulter la page source<\/a> &middot; <a class=\"kji-pdf-link\" href=\"https:\/\/download.data.public.lu\/resources\/cour-superieure-de-justice-1e-chambre\/20240827-123853\/20220316-cal-2021-01117-51.a-accessible.pdf\" target=\"_blank\" rel=\"noopener noreferrer\">PDF officiel<\/a><\/p>\n<p class=\"kji-license-note\"><em>Licence CC BY-ND 4.0 (Administration judiciaire, data.public.lu). Republication autorisee avec attribution, sans modification editoriale du texte integral.<\/em><\/p>\n<\/div>\n","protected":false},"excerpt":{"rendered":"<p>Arr\u00eat N\u00b051\/22 &#8212; I &#8212; CIV (aff.fam.) Arr\u00eat civil Audience publique du seize mars deux mille vingt-deux Num\u00e9ro CAL-2021- 01117 du r\u00f4le rendu par la premi\u00e8re chambre de la Cour d\u2019appel, si\u00e9geant en mati\u00e8re civile, dans la cause E n t r e : A.,\u2026<\/p>\n","protected":false},"featured_media":0,"template":"","meta":{"_crdt_document":""},"kji_country":[8418],"kji_court":[12305],"kji_chamber":[12306],"kji_year":[32183],"kji_subject":[7724],"kji_keyword":[8683,9055,12307],"kji_language":[7733],"class_list":["post-671793","kji_decision","type-kji_decision","status-publish","hentry","kji_country-luxembourg","kji_court-cour-superieure-de-justice","kji_chamber-1e-chambre","kji_year-32183","kji_subject-civil","kji_keyword-arret","kji_keyword-justice","kji_keyword-superieure","kji_language-francais"],"yoast_head":"<!-- This site is optimized with the Yoast SEO Premium plugin v27.4 (Yoast SEO v27.4) - https:\/\/yoast.com\/product\/yoast-seo-premium-wordpress\/ -->\n<title>Cour sup\u00e9rieure de justice, 16 mars 2022, n\u00b0 2021-01117 - Ma\u00eetre Hassan Kohen, avocat en droit p\u00e9nal \u00e0 Paris<\/title>\n<meta name=\"robots\" content=\"index, follow, max-snippet:-1, max-image-preview:large, max-video-preview:-1\" \/>\n<link rel=\"canonical\" href=\"https:\/\/kohenavocats.com\/ru\/jurisprudences\/cour-superieure-de-justice-16-mars-2022-n-2021-01117\/\" \/>\n<meta property=\"og:locale\" content=\"ru_RU\" \/>\n<meta property=\"og:type\" content=\"article\" \/>\n<meta property=\"og:title\" content=\"Cour sup\u00e9rieure de justice, 16 mars 2022, n\u00b0 2021-01117\" \/>\n<meta property=\"og:description\" content=\"Arr\u00eat N\u00b051\/22 - I - CIV (aff.fam.) Arr\u00eat civil Audience publique du seize mars deux mille vingt-deux Num\u00e9ro CAL-2021- 01117 du r\u00f4le rendu par la premi\u00e8re chambre de la Cour d\u2019appel, si\u00e9geant en mati\u00e8re civile, dans la cause E n t r e : A.,\u2026\" \/>\n<meta property=\"og:url\" content=\"https:\/\/kohenavocats.com\/ru\/jurisprudences\/cour-superieure-de-justice-16-mars-2022-n-2021-01117\/\" \/>\n<meta property=\"og:site_name\" content=\"Ma\u00eetre Hassan Kohen, avocat en droit p\u00e9nal \u00e0 Paris\" \/>\n<meta property=\"article:modified_time\" content=\"2026-04-24T09:12:43+00:00\" \/>\n<meta name=\"twitter:card\" content=\"summary_large_image\" \/>\n<meta name=\"twitter:label1\" content=\"\u041f\u0440\u0438\u043c\u0435\u0440\u043d\u043e\u0435 \u0432\u0440\u0435\u043c\u044f \u0434\u043b\u044f \u0447\u0442\u0435\u043d\u0438\u044f\" \/>\n\t<meta name=\"twitter:data1\" content=\"9 \u043c\u0438\u043d\u0443\u0442\" \/>\n<script type=\"application\/ld+json\" class=\"yoast-schema-graph\">{\"@context\":\"https:\\\/\\\/schema.org\",\"@graph\":[{\"@type\":\"WebPage\",\"@id\":\"https:\\\/\\\/kohenavocats.com\\\/ru\\\/jurisprudences\\\/cour-superieure-de-justice-16-mars-2022-n-2021-01117\\\/\",\"url\":\"https:\\\/\\\/kohenavocats.com\\\/ru\\\/jurisprudences\\\/cour-superieure-de-justice-16-mars-2022-n-2021-01117\\\/\",\"name\":\"Cour sup\u00e9rieure de justice, 16 mars 2022, n\u00b0 2021-01117 - Ma\u00eetre Hassan Kohen, avocat en droit p\u00e9nal \u00e0 Paris\",\"isPartOf\":{\"@id\":\"https:\\\/\\\/kohenavocats.com\\\/ru\\\/#website\"},\"datePublished\":\"2026-04-24T09:12:40+00:00\",\"dateModified\":\"2026-04-24T09:12:43+00:00\",\"breadcrumb\":{\"@id\":\"https:\\\/\\\/kohenavocats.com\\\/ru\\\/jurisprudences\\\/cour-superieure-de-justice-16-mars-2022-n-2021-01117\\\/#breadcrumb\"},\"inLanguage\":\"ru-RU\",\"potentialAction\":[{\"@type\":\"ReadAction\",\"target\":[\"https:\\\/\\\/kohenavocats.com\\\/ru\\\/jurisprudences\\\/cour-superieure-de-justice-16-mars-2022-n-2021-01117\\\/\"]}]},{\"@type\":\"BreadcrumbList\",\"@id\":\"https:\\\/\\\/kohenavocats.com\\\/ru\\\/jurisprudences\\\/cour-superieure-de-justice-16-mars-2022-n-2021-01117\\\/#breadcrumb\",\"itemListElement\":[{\"@type\":\"ListItem\",\"position\":1,\"name\":\"Home\",\"item\":\"https:\\\/\\\/kohenavocats.com\\\/ru\\\/avocats-en-droit-penal-a-paris-conseil-et-defense-strategique\\\/\"},{\"@type\":\"ListItem\",\"position\":2,\"name\":\"Jurisprudences\",\"item\":\"https:\\\/\\\/kohenavocats.com\\\/ru\\\/jurisprudences\\\/\"},{\"@type\":\"ListItem\",\"position\":3,\"name\":\"Cour sup\u00e9rieure de justice, 16 mars 2022, n\u00b0 2021-01117\"}]},{\"@type\":\"WebSite\",\"@id\":\"https:\\\/\\\/kohenavocats.com\\\/ru\\\/#website\",\"url\":\"https:\\\/\\\/kohenavocats.com\\\/ru\\\/\",\"name\":\"Kohen Avocats\",\"description\":\"Ma\u00eetre Hassan Kohen, avocat p\u00e9naliste \u00e0 Paris, intervient exclusivement en droit p\u00e9nal pour la d\u00e9fense des particuliers, notamment en mati\u00e8re d\u2019accusations de viol. Il assure un accompagnement rigoureux d\u00e8s la garde \u00e0 vue jusqu\u2019\u00e0 la Cour d\u2019assises, veillant au strict respect des garanties proc\u00e9durales.\",\"publisher\":{\"@id\":\"https:\\\/\\\/kohenavocats.com\\\/ru\\\/#organization\"},\"potentialAction\":[{\"@type\":\"SearchAction\",\"target\":{\"@type\":\"EntryPoint\",\"urlTemplate\":\"https:\\\/\\\/kohenavocats.com\\\/ru\\\/?s={search_term_string}\"},\"query-input\":{\"@type\":\"PropertyValueSpecification\",\"valueRequired\":true,\"valueName\":\"search_term_string\"}}],\"inLanguage\":\"ru-RU\"},{\"@type\":\"Organization\",\"@id\":\"https:\\\/\\\/kohenavocats.com\\\/ru\\\/#organization\",\"name\":\"Kohen Avocats\",\"url\":\"https:\\\/\\\/kohenavocats.com\\\/ru\\\/\",\"logo\":{\"@type\":\"ImageObject\",\"inLanguage\":\"ru-RU\",\"@id\":\"https:\\\/\\\/kohenavocats.com\\\/ru\\\/#\\\/schema\\\/logo\\\/image\\\/\",\"url\":\"https:\\\/\\\/kohenavocats.com\\\/wp-content\\\/uploads\\\/2026\\\/01\\\/Logo-2-1.webp\",\"contentUrl\":\"https:\\\/\\\/kohenavocats.com\\\/wp-content\\\/uploads\\\/2026\\\/01\\\/Logo-2-1.webp\",\"width\":2114,\"height\":1253,\"caption\":\"Kohen Avocats\"},\"image\":{\"@id\":\"https:\\\/\\\/kohenavocats.com\\\/ru\\\/#\\\/schema\\\/logo\\\/image\\\/\"}}]}<\/script>\n<!-- \/ Yoast SEO Premium plugin. -->","yoast_head_json":{"title":"Cour sup\u00e9rieure de justice, 16 mars 2022, n\u00b0 2021-01117 - Ma\u00eetre Hassan Kohen, avocat en droit p\u00e9nal \u00e0 Paris","robots":{"index":"index","follow":"follow","max-snippet":"max-snippet:-1","max-image-preview":"max-image-preview:large","max-video-preview":"max-video-preview:-1"},"canonical":"https:\/\/kohenavocats.com\/ru\/jurisprudences\/cour-superieure-de-justice-16-mars-2022-n-2021-01117\/","og_locale":"ru_RU","og_type":"article","og_title":"Cour sup\u00e9rieure de justice, 16 mars 2022, n\u00b0 2021-01117","og_description":"Arr\u00eat N\u00b051\/22 - I - CIV (aff.fam.) Arr\u00eat civil Audience publique du seize mars deux mille vingt-deux Num\u00e9ro CAL-2021- 01117 du r\u00f4le rendu par la premi\u00e8re chambre de la Cour d\u2019appel, si\u00e9geant en mati\u00e8re civile, dans la cause E n t r e : A.,\u2026","og_url":"https:\/\/kohenavocats.com\/ru\/jurisprudences\/cour-superieure-de-justice-16-mars-2022-n-2021-01117\/","og_site_name":"Ma\u00eetre Hassan Kohen, avocat en droit p\u00e9nal \u00e0 Paris","article_modified_time":"2026-04-24T09:12:43+00:00","twitter_card":"summary_large_image","twitter_misc":{"\u041f\u0440\u0438\u043c\u0435\u0440\u043d\u043e\u0435 \u0432\u0440\u0435\u043c\u044f \u0434\u043b\u044f \u0447\u0442\u0435\u043d\u0438\u044f":"9 \u043c\u0438\u043d\u0443\u0442"},"schema":{"@context":"https:\/\/schema.org","@graph":[{"@type":"WebPage","@id":"https:\/\/kohenavocats.com\/ru\/jurisprudences\/cour-superieure-de-justice-16-mars-2022-n-2021-01117\/","url":"https:\/\/kohenavocats.com\/ru\/jurisprudences\/cour-superieure-de-justice-16-mars-2022-n-2021-01117\/","name":"Cour sup\u00e9rieure de justice, 16 mars 2022, n\u00b0 2021-01117 - Ma\u00eetre Hassan Kohen, avocat en droit p\u00e9nal \u00e0 Paris","isPartOf":{"@id":"https:\/\/kohenavocats.com\/ru\/#website"},"datePublished":"2026-04-24T09:12:40+00:00","dateModified":"2026-04-24T09:12:43+00:00","breadcrumb":{"@id":"https:\/\/kohenavocats.com\/ru\/jurisprudences\/cour-superieure-de-justice-16-mars-2022-n-2021-01117\/#breadcrumb"},"inLanguage":"ru-RU","potentialAction":[{"@type":"ReadAction","target":["https:\/\/kohenavocats.com\/ru\/jurisprudences\/cour-superieure-de-justice-16-mars-2022-n-2021-01117\/"]}]},{"@type":"BreadcrumbList","@id":"https:\/\/kohenavocats.com\/ru\/jurisprudences\/cour-superieure-de-justice-16-mars-2022-n-2021-01117\/#breadcrumb","itemListElement":[{"@type":"ListItem","position":1,"name":"Home","item":"https:\/\/kohenavocats.com\/ru\/avocats-en-droit-penal-a-paris-conseil-et-defense-strategique\/"},{"@type":"ListItem","position":2,"name":"Jurisprudences","item":"https:\/\/kohenavocats.com\/ru\/jurisprudences\/"},{"@type":"ListItem","position":3,"name":"Cour sup\u00e9rieure de justice, 16 mars 2022, n\u00b0 2021-01117"}]},{"@type":"WebSite","@id":"https:\/\/kohenavocats.com\/ru\/#website","url":"https:\/\/kohenavocats.com\/ru\/","name":"Kohen Avocats","description":"Ma\u00eetre Hassan Kohen, avocat p\u00e9naliste \u00e0 Paris, intervient exclusivement en droit p\u00e9nal pour la d\u00e9fense des particuliers, notamment en mati\u00e8re d\u2019accusations de viol. Il assure un accompagnement rigoureux d\u00e8s la garde \u00e0 vue jusqu\u2019\u00e0 la Cour d\u2019assises, veillant au strict respect des garanties proc\u00e9durales.","publisher":{"@id":"https:\/\/kohenavocats.com\/ru\/#organization"},"potentialAction":[{"@type":"SearchAction","target":{"@type":"EntryPoint","urlTemplate":"https:\/\/kohenavocats.com\/ru\/?s={search_term_string}"},"query-input":{"@type":"PropertyValueSpecification","valueRequired":true,"valueName":"search_term_string"}}],"inLanguage":"ru-RU"},{"@type":"Organization","@id":"https:\/\/kohenavocats.com\/ru\/#organization","name":"Kohen Avocats","url":"https:\/\/kohenavocats.com\/ru\/","logo":{"@type":"ImageObject","inLanguage":"ru-RU","@id":"https:\/\/kohenavocats.com\/ru\/#\/schema\/logo\/image\/","url":"https:\/\/kohenavocats.com\/wp-content\/uploads\/2026\/01\/Logo-2-1.webp","contentUrl":"https:\/\/kohenavocats.com\/wp-content\/uploads\/2026\/01\/Logo-2-1.webp","width":2114,"height":1253,"caption":"Kohen Avocats"},"image":{"@id":"https:\/\/kohenavocats.com\/ru\/#\/schema\/logo\/image\/"}}]}},"jetpack_likes_enabled":false,"jetpack_sharing_enabled":true,"_links":{"self":[{"href":"https:\/\/kohenavocats.com\/ru\/wp-json\/wp\/v2\/kji_decision\/671793","targetHints":{"allow":["GET"]}}],"collection":[{"href":"https:\/\/kohenavocats.com\/ru\/wp-json\/wp\/v2\/kji_decision"}],"about":[{"href":"https:\/\/kohenavocats.com\/ru\/wp-json\/wp\/v2\/types\/kji_decision"}],"wp:attachment":[{"href":"https:\/\/kohenavocats.com\/ru\/wp-json\/wp\/v2\/media?parent=671793"}],"wp:term":[{"taxonomy":"kji_country","embeddable":true,"href":"https:\/\/kohenavocats.com\/ru\/wp-json\/wp\/v2\/kji_country?post=671793"},{"taxonomy":"kji_court","embeddable":true,"href":"https:\/\/kohenavocats.com\/ru\/wp-json\/wp\/v2\/kji_court?post=671793"},{"taxonomy":"kji_chamber","embeddable":true,"href":"https:\/\/kohenavocats.com\/ru\/wp-json\/wp\/v2\/kji_chamber?post=671793"},{"taxonomy":"kji_year","embeddable":true,"href":"https:\/\/kohenavocats.com\/ru\/wp-json\/wp\/v2\/kji_year?post=671793"},{"taxonomy":"kji_subject","embeddable":true,"href":"https:\/\/kohenavocats.com\/ru\/wp-json\/wp\/v2\/kji_subject?post=671793"},{"taxonomy":"kji_keyword","embeddable":true,"href":"https:\/\/kohenavocats.com\/ru\/wp-json\/wp\/v2\/kji_keyword?post=671793"},{"taxonomy":"kji_language","embeddable":true,"href":"https:\/\/kohenavocats.com\/ru\/wp-json\/wp\/v2\/kji_language?post=671793"}],"curies":[{"name":"wp","href":"https:\/\/api.w.org\/{rel}","templated":true}]}}