{"id":671858,"date":"2026-04-24T11:26:27","date_gmt":"2026-04-24T09:26:27","guid":{"rendered":"https:\/\/kohenavocats.com\/jurisprudences\/acordao-supremo-tribunal-de-justica-processo-405-14-0tbsts-p1-s1-2022-03-15\/"},"modified":"2026-04-24T11:26:27","modified_gmt":"2026-04-24T09:26:27","slug":"acordao-supremo-tribunal-de-justica-processo-405-14-0tbsts-p1-s1-2022-03-15","status":"publish","type":"kji_decision","link":"https:\/\/kohenavocats.com\/ru\/jurisprudences\/acordao-supremo-tribunal-de-justica-processo-405-14-0tbsts-p1-s1-2022-03-15\/","title":{"rendered":"Ac\u00f3rd\u00e3o Supremo Tribunal de Justi\u00e7a \u2013 Processo 405\/14.0TBSTS.P1.S1 \u2013 2022-03-15"},"content":{"rendered":"<div class=\"kji-decision\">\n<p class=\"kji-summary\">Relator: ANT?NIO BARATEIRO MARTINS. I &#8212; A refer?ncia feita no n.? 2 do art. 29.? da Lei de Imprensa ? atua??o do Diretor n?o tem o prop?sito de, com fundamento em tal n.? 2, responsabilizar o Diretor pessoal e diretamente pelos danos causados pela publica??o que constitua um il?cito civil, mas t?o s? o prop?sito de estabelecer tal interven??o do Diretor como requisito da responsabilidade solid?ria e objetiva da empresa jornal?stica; o que, por?m, n?o significa a ?irresponsabilidade? do Diretor em rela??o aos conte?dos noticiosos de que n?o seja autor. II &#8212; Efetivamente, o Diretor de uma publica??o peri?dica que permite a publica??o de not?cia que preenche a previs?o dos arts. 483.? e ss. do CC ?, nos termos gerais (para que, ali?s, remete o art. 29.?, n.? 1, da Lei de Imprensa), solidariamente respons?vel ? juntamente com os autores do escrito e a empresa jornal?stica propriet?ria ? pelo ressarcimento dos danos sofridos pelo lesado. III &#8212; Sendo de presumir, face ?s compet?ncias atribu?das por lei ao Diretor, principalmente a de orientar, superintender e determinar o conte?do da publica??o (cfr. art. 20.?, n.? 1, al. a), da Lei de Imprensa), que o que foi publicado foi tido como aceite e autorizado por ele, o que leva a que se diga que a responsabilidade do Diretor da publica??o, pelos respetivos conte?dos, resulta da pr?pria titularidade da fun??o e das compet?ncias que a lei lhe comete, integrando assim uma presun??o legal de culpa (iuris tantum), pelo que, demandado o Diretor, como respons?vel, ? a ele que cabe alegar e provar os factos suscet?veis de ilidirem tal presun??o legal de culpa (? a ele que cabe fazer a prova de que ignorava, de forma n?o culposa, o conte?do do escrito, ou de que este foi publicado com a sua oposi??o).<\/p>\n<hr class=\"kji-sep\" \/>\n<p class=\"kji-source-links\"><strong>Sources officielles :<\/strong> <a class=\"kji-source-link\" href=\"https:\/\/www.dgsi.pt\/jstj.nsf\/954f0ce6ad9dd8b980256b5f003fa814\/ee99c21e474b90da802588070032f12c?OpenDocument&#038;ExpandSection=1\" target=\"_blank\" rel=\"noopener noreferrer\">consulter la page source<\/a><\/p>\n<p class=\"kji-license-note\"><em>Portails officiels portugais (DGSI \/ Tribunal Constitucional). Republication en metadata_only par prudence licencielle ; consulter la source officielle pour le texte authentique.<\/em><\/p>\n<\/div>\n","protected":false},"excerpt":{"rendered":"<p>Relator: ANT?NIO BARATEIRO MARTINS. I &#8212; A refer?ncia feita no n.? 2 do art. 29.? da Lei de Imprensa ? atua??o do Diretor n?o tem o prop?sito de, com fundamento em tal n.? 2, responsabilizar o Diretor pessoal e diretamente pelos danos causados pela publica??o que constitua um il?cito civil, mas t?o s? o prop?sito de estabelecer tal interven??o do Diretor como requisito da responsabilidade solid?ria e objetiva da empresa jornal?stica; o que, por?m, n?o significa a ?irresponsabilidade? do Diretor em rela??o aos conte?dos noticiosos de que n?o seja autor. II &#8212; Efetivamente, o Diretor de uma publica??o peri?dica que permite a publica??o de not?cia que preenche a previs?o dos arts. 483.? e ss. do CC ?, nos termos gerais (para que, ali?s, remete o art. 29.?, n.? 1, da Lei de Imprensa), solidariamente respons?vel ? juntamente com os autores do escrito e a empresa jornal?stica propriet?ria ? pelo ressarcimento dos danos sofridos pelo lesado. III &#8212; Sendo de presumir, face ?s compet?ncias atribu?das por lei ao Diretor, principalmente a de orientar, superintender e determinar o conte?do da publica??o (cfr. art. 20.?, n.? 1, al. a), da Lei de Imprensa), que o que foi publicado foi tido como aceite e autorizado por ele, o que leva a que se diga que a responsabilidade do Diretor da publica??o, pelos respetivos conte?dos, resulta da pr?pria titularidade da fun??o e das compet?ncias que a lei lhe comete, integrando assim uma presun??o legal de culpa (iuris tantum), pelo que, demandado o Diretor, como respons?vel, ? a ele que cabe alegar e provar os factos suscet?veis de ilidirem tal presun??o legal de culpa (? a ele que cabe fazer a prova de que ignorava, de forma n?o culposa, o conte?do do escrito, ou de que este foi publicado com a sua oposi??o).<\/p>\n","protected":false},"featured_media":0,"template":"","meta":{"_crdt_document":""},"kji_country":[7762],"kji_court":[7763],"kji_chamber":[8887],"kji_year":[32183],"kji_subject":[7724],"kji_keyword":[7772,7774,7773,35553,7636],"kji_language":[7770],"class_list":["post-671858","kji_decision","type-kji_decision","status-publish","hentry","kji_country-portugal","kji_court-supremo-tribunal-de-justica","kji_chamber-6-seco","kji_year-32183","kji_subject-civil","kji_keyword-acordao","kji_keyword-justica","kji_keyword-supremo","kji_keyword-tbsts","kji_keyword-tribunal","kji_language-pt"],"yoast_head":"<!-- This site is optimized with the Yoast SEO Premium plugin v27.5 (Yoast SEO v27.5) - https:\/\/yoast.com\/product\/yoast-seo-premium-wordpress\/ -->\n<title>Ac\u00f3rd\u00e3o Supremo Tribunal de Justi\u00e7a \u2013 Processo 405\/14.0TBSTS.P1.S1 \u2013 2022-03-15 - Ma\u00eetre Hassan Kohen, avocat en droit p\u00e9nal \u00e0 Paris<\/title>\n<meta name=\"robots\" content=\"index, follow, max-snippet:-1, max-image-preview:large, max-video-preview:-1\" \/>\n<link rel=\"canonical\" href=\"https:\/\/kohenavocats.com\/ru\/jurisprudences\/acordao-supremo-tribunal-de-justica-processo-405-14-0tbsts-p1-s1-2022-03-15\/\" \/>\n<meta property=\"og:locale\" content=\"ru_RU\" \/>\n<meta property=\"og:type\" content=\"article\" \/>\n<meta property=\"og:title\" content=\"Ac\u00f3rd\u00e3o Supremo Tribunal de Justi\u00e7a \u2013 Processo 405\/14.0TBSTS.P1.S1 \u2013 2022-03-15\" \/>\n<meta property=\"og:description\" content=\"Relator: ANT?NIO BARATEIRO MARTINS. I - A refer?ncia feita no n.? 2 do art. 29.? da Lei de Imprensa ? atua??o do Diretor n?o tem o prop?sito de, com fundamento em tal n.? 2, responsabilizar o Diretor pessoal e diretamente pelos danos causados pela publica??o que constitua um il?cito civil, mas t?o s? o prop?sito de estabelecer tal interven??o do Diretor como requisito da responsabilidade solid?ria e objetiva da empresa jornal?stica; o que, por?m, n?o significa a ?irresponsabilidade? do Diretor em rela??o aos conte?dos noticiosos de que n?o seja autor. II - Efetivamente, o Diretor de uma publica??o peri?dica que permite a publica??o de not?cia que preenche a previs?o dos arts. 483.? e ss. do CC ?, nos termos gerais (para que, ali?s, remete o art. 29.?, n.? 1, da Lei de Imprensa), solidariamente respons?vel ? juntamente com os autores do escrito e a empresa jornal?stica propriet?ria ? pelo ressarcimento dos danos sofridos pelo lesado. III - Sendo de presumir, face ?s compet?ncias atribu?das por lei ao Diretor, principalmente a de orientar, superintender e determinar o conte?do da publica??o (cfr. art. 20.?, n.? 1, al. a), da Lei de Imprensa), que o que foi publicado foi tido como aceite e autorizado por ele, o que leva a que se diga que a responsabilidade do Diretor da publica??o, pelos respetivos conte?dos, resulta da pr?pria titularidade da fun??o e das compet?ncias que a lei lhe comete, integrando assim uma presun??o legal de culpa (iuris tantum), pelo que, demandado o Diretor, como respons?vel, ? a ele que cabe alegar e provar os factos suscet?veis de ilidirem tal presun??o legal de culpa (? a ele que cabe fazer a prova de que ignorava, de forma n?o culposa, o conte?do do escrito, ou de que este foi publicado com a sua oposi??o).\" \/>\n<meta property=\"og:url\" content=\"https:\/\/kohenavocats.com\/ru\/jurisprudences\/acordao-supremo-tribunal-de-justica-processo-405-14-0tbsts-p1-s1-2022-03-15\/\" \/>\n<meta property=\"og:site_name\" content=\"Ma\u00eetre Hassan Kohen, avocat en droit p\u00e9nal \u00e0 Paris\" \/>\n<meta name=\"twitter:card\" content=\"summary_large_image\" \/>\n<meta name=\"twitter:label1\" content=\"\u041f\u0440\u0438\u043c\u0435\u0440\u043d\u043e\u0435 \u0432\u0440\u0435\u043c\u044f \u0434\u043b\u044f \u0447\u0442\u0435\u043d\u0438\u044f\" \/>\n\t<meta name=\"twitter:data1\" content=\"2 \u043c\u0438\u043d\u0443\u0442\u044b\" \/>\n<script type=\"application\/ld+json\" class=\"yoast-schema-graph\">{\"@context\":\"https:\\\/\\\/schema.org\",\"@graph\":[{\"@type\":\"WebPage\",\"@id\":\"https:\\\/\\\/kohenavocats.com\\\/ru\\\/jurisprudences\\\/acordao-supremo-tribunal-de-justica-processo-405-14-0tbsts-p1-s1-2022-03-15\\\/\",\"url\":\"https:\\\/\\\/kohenavocats.com\\\/ru\\\/jurisprudences\\\/acordao-supremo-tribunal-de-justica-processo-405-14-0tbsts-p1-s1-2022-03-15\\\/\",\"name\":\"Ac\u00f3rd\u00e3o Supremo Tribunal de Justi\u00e7a \u2013 Processo 405\\\/14.0TBSTS.P1.S1 \u2013 2022-03-15 - Ma\u00eetre Hassan Kohen, avocat en droit p\u00e9nal \u00e0 Paris\",\"isPartOf\":{\"@id\":\"https:\\\/\\\/kohenavocats.com\\\/ru\\\/#website\"},\"datePublished\":\"2026-04-24T09:26:27+00:00\",\"breadcrumb\":{\"@id\":\"https:\\\/\\\/kohenavocats.com\\\/ru\\\/jurisprudences\\\/acordao-supremo-tribunal-de-justica-processo-405-14-0tbsts-p1-s1-2022-03-15\\\/#breadcrumb\"},\"inLanguage\":\"ru-RU\",\"potentialAction\":[{\"@type\":\"ReadAction\",\"target\":[\"https:\\\/\\\/kohenavocats.com\\\/ru\\\/jurisprudences\\\/acordao-supremo-tribunal-de-justica-processo-405-14-0tbsts-p1-s1-2022-03-15\\\/\"]}]},{\"@type\":\"BreadcrumbList\",\"@id\":\"https:\\\/\\\/kohenavocats.com\\\/ru\\\/jurisprudences\\\/acordao-supremo-tribunal-de-justica-processo-405-14-0tbsts-p1-s1-2022-03-15\\\/#breadcrumb\",\"itemListElement\":[{\"@type\":\"ListItem\",\"position\":1,\"name\":\"Home\",\"item\":\"https:\\\/\\\/kohenavocats.com\\\/ru\\\/avocats-en-droit-penal-a-paris-conseil-et-defense-strategique\\\/\"},{\"@type\":\"ListItem\",\"position\":2,\"name\":\"Jurisprudences\",\"item\":\"https:\\\/\\\/kohenavocats.com\\\/ru\\\/jurisprudences\\\/\"},{\"@type\":\"ListItem\",\"position\":3,\"name\":\"Ac\u00f3rd\u00e3o Supremo Tribunal de Justi\u00e7a \u2013 Processo 405\\\/14.0TBSTS.P1.S1 \u2013 2022-03-15\"}]},{\"@type\":\"WebSite\",\"@id\":\"https:\\\/\\\/kohenavocats.com\\\/ru\\\/#website\",\"url\":\"https:\\\/\\\/kohenavocats.com\\\/ru\\\/\",\"name\":\"Kohen Avocats\",\"description\":\"Ma\u00eetre Hassan Kohen, avocat p\u00e9naliste \u00e0 Paris, intervient exclusivement en droit p\u00e9nal pour la d\u00e9fense des particuliers, notamment en mati\u00e8re d\u2019accusations de viol. Il assure un accompagnement rigoureux d\u00e8s la garde \u00e0 vue jusqu\u2019\u00e0 la Cour d\u2019assises, veillant au strict respect des garanties proc\u00e9durales.\",\"publisher\":{\"@id\":\"https:\\\/\\\/kohenavocats.com\\\/ru\\\/#organization\"},\"potentialAction\":[{\"@type\":\"SearchAction\",\"target\":{\"@type\":\"EntryPoint\",\"urlTemplate\":\"https:\\\/\\\/kohenavocats.com\\\/ru\\\/?s={search_term_string}\"},\"query-input\":{\"@type\":\"PropertyValueSpecification\",\"valueRequired\":true,\"valueName\":\"search_term_string\"}}],\"inLanguage\":\"ru-RU\"},{\"@type\":\"Organization\",\"@id\":\"https:\\\/\\\/kohenavocats.com\\\/ru\\\/#organization\",\"name\":\"Kohen Avocats\",\"url\":\"https:\\\/\\\/kohenavocats.com\\\/ru\\\/\",\"logo\":{\"@type\":\"ImageObject\",\"inLanguage\":\"ru-RU\",\"@id\":\"https:\\\/\\\/kohenavocats.com\\\/ru\\\/#\\\/schema\\\/logo\\\/image\\\/\",\"url\":\"https:\\\/\\\/kohenavocats.com\\\/wp-content\\\/uploads\\\/2026\\\/01\\\/Logo-2-1.webp\",\"contentUrl\":\"https:\\\/\\\/kohenavocats.com\\\/wp-content\\\/uploads\\\/2026\\\/01\\\/Logo-2-1.webp\",\"width\":2114,\"height\":1253,\"caption\":\"Kohen Avocats\"},\"image\":{\"@id\":\"https:\\\/\\\/kohenavocats.com\\\/ru\\\/#\\\/schema\\\/logo\\\/image\\\/\"}}]}<\/script>\n<!-- \/ Yoast SEO Premium plugin. -->","yoast_head_json":{"title":"Ac\u00f3rd\u00e3o Supremo Tribunal de Justi\u00e7a \u2013 Processo 405\/14.0TBSTS.P1.S1 \u2013 2022-03-15 - Ma\u00eetre Hassan Kohen, avocat en droit p\u00e9nal \u00e0 Paris","robots":{"index":"index","follow":"follow","max-snippet":"max-snippet:-1","max-image-preview":"max-image-preview:large","max-video-preview":"max-video-preview:-1"},"canonical":"https:\/\/kohenavocats.com\/ru\/jurisprudences\/acordao-supremo-tribunal-de-justica-processo-405-14-0tbsts-p1-s1-2022-03-15\/","og_locale":"ru_RU","og_type":"article","og_title":"Ac\u00f3rd\u00e3o Supremo Tribunal de Justi\u00e7a \u2013 Processo 405\/14.0TBSTS.P1.S1 \u2013 2022-03-15","og_description":"Relator: ANT?NIO BARATEIRO MARTINS. I - A refer?ncia feita no n.? 2 do art. 29.? da Lei de Imprensa ? atua??o do Diretor n?o tem o prop?sito de, com fundamento em tal n.? 2, responsabilizar o Diretor pessoal e diretamente pelos danos causados pela publica??o que constitua um il?cito civil, mas t?o s? o prop?sito de estabelecer tal interven??o do Diretor como requisito da responsabilidade solid?ria e objetiva da empresa jornal?stica; o que, por?m, n?o significa a ?irresponsabilidade? do Diretor em rela??o aos conte?dos noticiosos de que n?o seja autor. II - Efetivamente, o Diretor de uma publica??o peri?dica que permite a publica??o de not?cia que preenche a previs?o dos arts. 483.? e ss. do CC ?, nos termos gerais (para que, ali?s, remete o art. 29.?, n.? 1, da Lei de Imprensa), solidariamente respons?vel ? juntamente com os autores do escrito e a empresa jornal?stica propriet?ria ? pelo ressarcimento dos danos sofridos pelo lesado. III - Sendo de presumir, face ?s compet?ncias atribu?das por lei ao Diretor, principalmente a de orientar, superintender e determinar o conte?do da publica??o (cfr. art. 20.?, n.? 1, al. a), da Lei de Imprensa), que o que foi publicado foi tido como aceite e autorizado por ele, o que leva a que se diga que a responsabilidade do Diretor da publica??o, pelos respetivos conte?dos, resulta da pr?pria titularidade da fun??o e das compet?ncias que a lei lhe comete, integrando assim uma presun??o legal de culpa (iuris tantum), pelo que, demandado o Diretor, como respons?vel, ? a ele que cabe alegar e provar os factos suscet?veis de ilidirem tal presun??o legal de culpa (? a ele que cabe fazer a prova de que ignorava, de forma n?o culposa, o conte?do do escrito, ou de que este foi publicado com a sua oposi??o).","og_url":"https:\/\/kohenavocats.com\/ru\/jurisprudences\/acordao-supremo-tribunal-de-justica-processo-405-14-0tbsts-p1-s1-2022-03-15\/","og_site_name":"Ma\u00eetre Hassan Kohen, avocat en droit p\u00e9nal \u00e0 Paris","twitter_card":"summary_large_image","twitter_misc":{"\u041f\u0440\u0438\u043c\u0435\u0440\u043d\u043e\u0435 \u0432\u0440\u0435\u043c\u044f \u0434\u043b\u044f \u0447\u0442\u0435\u043d\u0438\u044f":"2 \u043c\u0438\u043d\u0443\u0442\u044b"},"schema":{"@context":"https:\/\/schema.org","@graph":[{"@type":"WebPage","@id":"https:\/\/kohenavocats.com\/ru\/jurisprudences\/acordao-supremo-tribunal-de-justica-processo-405-14-0tbsts-p1-s1-2022-03-15\/","url":"https:\/\/kohenavocats.com\/ru\/jurisprudences\/acordao-supremo-tribunal-de-justica-processo-405-14-0tbsts-p1-s1-2022-03-15\/","name":"Ac\u00f3rd\u00e3o Supremo Tribunal de Justi\u00e7a \u2013 Processo 405\/14.0TBSTS.P1.S1 \u2013 2022-03-15 - Ma\u00eetre Hassan Kohen, avocat en droit p\u00e9nal \u00e0 Paris","isPartOf":{"@id":"https:\/\/kohenavocats.com\/ru\/#website"},"datePublished":"2026-04-24T09:26:27+00:00","breadcrumb":{"@id":"https:\/\/kohenavocats.com\/ru\/jurisprudences\/acordao-supremo-tribunal-de-justica-processo-405-14-0tbsts-p1-s1-2022-03-15\/#breadcrumb"},"inLanguage":"ru-RU","potentialAction":[{"@type":"ReadAction","target":["https:\/\/kohenavocats.com\/ru\/jurisprudences\/acordao-supremo-tribunal-de-justica-processo-405-14-0tbsts-p1-s1-2022-03-15\/"]}]},{"@type":"BreadcrumbList","@id":"https:\/\/kohenavocats.com\/ru\/jurisprudences\/acordao-supremo-tribunal-de-justica-processo-405-14-0tbsts-p1-s1-2022-03-15\/#breadcrumb","itemListElement":[{"@type":"ListItem","position":1,"name":"Home","item":"https:\/\/kohenavocats.com\/ru\/avocats-en-droit-penal-a-paris-conseil-et-defense-strategique\/"},{"@type":"ListItem","position":2,"name":"Jurisprudences","item":"https:\/\/kohenavocats.com\/ru\/jurisprudences\/"},{"@type":"ListItem","position":3,"name":"Ac\u00f3rd\u00e3o Supremo Tribunal de Justi\u00e7a \u2013 Processo 405\/14.0TBSTS.P1.S1 \u2013 2022-03-15"}]},{"@type":"WebSite","@id":"https:\/\/kohenavocats.com\/ru\/#website","url":"https:\/\/kohenavocats.com\/ru\/","name":"Kohen Avocats","description":"Ma\u00eetre Hassan Kohen, avocat p\u00e9naliste \u00e0 Paris, intervient exclusivement en droit p\u00e9nal pour la d\u00e9fense des particuliers, notamment en mati\u00e8re d\u2019accusations de viol. Il assure un accompagnement rigoureux d\u00e8s la garde \u00e0 vue jusqu\u2019\u00e0 la Cour d\u2019assises, veillant au strict respect des garanties proc\u00e9durales.","publisher":{"@id":"https:\/\/kohenavocats.com\/ru\/#organization"},"potentialAction":[{"@type":"SearchAction","target":{"@type":"EntryPoint","urlTemplate":"https:\/\/kohenavocats.com\/ru\/?s={search_term_string}"},"query-input":{"@type":"PropertyValueSpecification","valueRequired":true,"valueName":"search_term_string"}}],"inLanguage":"ru-RU"},{"@type":"Organization","@id":"https:\/\/kohenavocats.com\/ru\/#organization","name":"Kohen Avocats","url":"https:\/\/kohenavocats.com\/ru\/","logo":{"@type":"ImageObject","inLanguage":"ru-RU","@id":"https:\/\/kohenavocats.com\/ru\/#\/schema\/logo\/image\/","url":"https:\/\/kohenavocats.com\/wp-content\/uploads\/2026\/01\/Logo-2-1.webp","contentUrl":"https:\/\/kohenavocats.com\/wp-content\/uploads\/2026\/01\/Logo-2-1.webp","width":2114,"height":1253,"caption":"Kohen Avocats"},"image":{"@id":"https:\/\/kohenavocats.com\/ru\/#\/schema\/logo\/image\/"}}]}},"jetpack_likes_enabled":false,"jetpack_sharing_enabled":true,"_links":{"self":[{"href":"https:\/\/kohenavocats.com\/ru\/wp-json\/wp\/v2\/kji_decision\/671858","targetHints":{"allow":["GET"]}}],"collection":[{"href":"https:\/\/kohenavocats.com\/ru\/wp-json\/wp\/v2\/kji_decision"}],"about":[{"href":"https:\/\/kohenavocats.com\/ru\/wp-json\/wp\/v2\/types\/kji_decision"}],"wp:attachment":[{"href":"https:\/\/kohenavocats.com\/ru\/wp-json\/wp\/v2\/media?parent=671858"}],"wp:term":[{"taxonomy":"kji_country","embeddable":true,"href":"https:\/\/kohenavocats.com\/ru\/wp-json\/wp\/v2\/kji_country?post=671858"},{"taxonomy":"kji_court","embeddable":true,"href":"https:\/\/kohenavocats.com\/ru\/wp-json\/wp\/v2\/kji_court?post=671858"},{"taxonomy":"kji_chamber","embeddable":true,"href":"https:\/\/kohenavocats.com\/ru\/wp-json\/wp\/v2\/kji_chamber?post=671858"},{"taxonomy":"kji_year","embeddable":true,"href":"https:\/\/kohenavocats.com\/ru\/wp-json\/wp\/v2\/kji_year?post=671858"},{"taxonomy":"kji_subject","embeddable":true,"href":"https:\/\/kohenavocats.com\/ru\/wp-json\/wp\/v2\/kji_subject?post=671858"},{"taxonomy":"kji_keyword","embeddable":true,"href":"https:\/\/kohenavocats.com\/ru\/wp-json\/wp\/v2\/kji_keyword?post=671858"},{"taxonomy":"kji_language","embeddable":true,"href":"https:\/\/kohenavocats.com\/ru\/wp-json\/wp\/v2\/kji_language?post=671858"}],"curies":[{"name":"wp","href":"https:\/\/api.w.org\/{rel}","templated":true}]}}