{"id":671967,"date":"2026-04-24T11:42:02","date_gmt":"2026-04-24T09:42:02","guid":{"rendered":"https:\/\/kohenavocats.com\/jurisprudences\/eclinlgharl20257914-gerechtshof-arnhem-leeuwarden-03-12-2025-21-003192-25\/"},"modified":"2026-04-24T11:42:02","modified_gmt":"2026-04-24T09:42:02","slug":"eclinlgharl20257914-gerechtshof-arnhem-leeuwarden-03-12-2025-21-003192-25","status":"publish","type":"kji_decision","link":"https:\/\/kohenavocats.com\/ru\/jurisprudences\/eclinlgharl20257914-gerechtshof-arnhem-leeuwarden-03-12-2025-21-003192-25\/","title":{"rendered":"ECLI:NL:GHARL:2025:7914 Gerechtshof Arnhem-Leeuwarden , 03-12-2025 \/ 21-003192-25"},"content":{"rendered":"<div class=\"kji-decision\">\n<div class=\"kji-full-text\">\n<p><strong>Inhoudsindicatie.<\/strong> Bevestiging van het vonnis van de rechtbank ten aanzien van de bewezenverklaring, de kwalificatie en de strafbaarheid van verdachte. Verdachte wordt veroordeeld voor het medeplegen van wederrechtelijke vrijheidsberoving, het medeplegen van afpersing en openlijke geweldpleging tegen personen. Het hof heeft het adolescentenstrafrecht toegepast en verdachte een jeugddetentie van twintig maanden, met aftrek van voorarrest, waarvan vijf maanden voorwaardelijk met een proeftijd van twee jaren en bijzondere voorwaarden opgelegd.<\/p>\n<p>Afdeling strafrecht<\/p>\n<p>Parketnummer: 21-003192-25<\/p>\n<p>Uitspraakdatum: 3 december 2025<\/p>\n<p>TEGENSPRAAK<\/p>\n<p>Arrest van de meervoudige kamer voor strafzaken van het gerechtshof Arnhem-Leeuwarden, zittingsplaats Zwolle, gewezen op het hoger beroep, ingesteld tegen het vonnis van de rechtbank Noord-Nederland, zittingsplaats Leeuwarden, van 3 juli 2025 in de in eerste aanleg gevoegde strafzaken, parketnummers 18-369816-24 en 18-217876-24, tegen<\/p>\n<h3>[verdachte] ,<\/h3>\n<p>geboren op [geboortedatum] 2002 in [geboorteplaats] ,<\/p>\n<p>wonende te [adres] ,<\/p>\n<p>op dit moment verblijvende in [P.I.] .<\/p>\n<h3>Hoger beroep<\/h3>\n<p>Verdachte heeft hoger beroep ingesteld tegen het vonnis van de rechtbank Noord-Nederland.<\/p>\n<h3>Onderzoek van de zaak<\/h3>\n<p>Dit arrest is gewezen naar aanleiding van het onderzoek op de terechtzitting van het hof van 3 december 2025 en, overeenkomstig het bepaalde bij artikel 422 van het Wetboek van Strafvordering, het onderzoek op de terechtzitting in eerste aanleg.<\/p>\n<p>Het hof heeft kennisgenomen van de vordering van de advocaat-generaal, strekkende tot:<\/p>\n<p>bevestiging van het vonnis van de rechtbank, met uitzondering van de strafoplegging;<\/p>\n<p>toepassing van het adolescentenstrafrecht;<\/p>\n<p>veroordeling van verdachte tot een jeugddetentie van 24 maanden waarvan zes maanden voorwaardelijk met een proeftijd van twee jaren en met daaraan gekoppeld de bijzondere voorwaarden zoals die door de rechtbank zijn opgelegd.<\/p>\n<p>Deze vordering is na voorlezing aan het hof overhandigd.<\/p>\n<p>Verder heeft het hof kennisgenomen van wat verdachte en zijn raadsman, mr. P.R. Logemann, en de advocaat van de benadeelde partij, mr. B. Helmich, hebben aangevoerd.<\/p>\n<p>Het hof heeft onmiddellijk na het sluiten van het onderzoek ter terechtzitting uitspraak gedaan.<\/p>\n<h3>Het vonnis waarvan beroep<\/h3>\n<p>De rechtbank heeft bij voornoemd vonnis, waartegen het hoger beroep gericht is:<\/p>\n<p>verdachte ter zake van het onder 1 en 2 primair tenlastegelegde in de zaak met parketnummer 18-369816-24 en het primair tenlastegelegde in de zaak met parketnummer 18-217876-24 veroordeeld tot een gevangenisstraf van dertig maanden waarvan tien maanden voorwaardelijk met een proeftijd van drie jaren en met daaraan gekoppeld een aantal bijzondere voorwaarden;<\/p>\n<p>de vorderingen van de benadeelde partijen [benadeelde 1] , [benadeelde 2] en [benadeelde 3] volledig en hoofdelijk toegewezen, deze vermeerderd met de wettelijke rente en de schadevergoedingsmaatregel opgelegd.<\/p>\n<p>Het hof is van oordeel dat de rechtbank voor wat betreft de bewezenverklaring, de kwalificatie, de strafbaarheid van verdachte en vorderingen van de benadeelde partijen op juiste wijze heeft beslist. Het hof zal het vonnis ten aanzien van deze onderdelen bevestigen.<\/p>\n<p>Het hof komt ten aanzien van de strafoplegging tot een andere beslissing dan de rechtbank. In zoverre zal het vonnis dan ook worden vernietigd.<\/p>\n<h3>Oplegging van straf<\/h3>\n<p>De hierna te melden strafoplegging is in overeenstemming met de aard en de ernst van het bewezenverklaarde en de omstandigheden waaronder dit is begaan, mede gelet op de persoon van verdachte, zoals van een en ander bij het onderzoek ter terechtzitting is gebleken.<\/p>\n<p>Adolescentenstrafrecht<\/p>\n<p>Het hof dient eerst de vraag te beantwoorden of in het kader van het zogenoemde adolescentenstrafrecht (hierna: ASR) de toepassing van het jeugdstrafrecht aan de orde is. Ten tijde van de bewezenverklaarde feiten was verdachte 22 jaar oud, zodat in beginsel het volwassenenstrafrecht dient te worden toegepast. Op grond van artikel 77c van het Wetboek van Strafrecht kan de rechter adolescenten van 18 tot 23 jaar berechten volgens het jeugdstrafrecht, als hij daartoe grond vindt in de persoonlijkheid van de dader of de omstandigheden waaronder de feiten zijn begaan.<\/p>\n<p>Het hof heeft acht geslagen op het rapport van reclasseringswerker [naam] van 29 september 2025. Hieruit volgt dat na het toepassen van het wegingskader ASR, en overleg met de Raad voor de Kinderbescherming, zij op basis van de dossierinhoudelijke informatie, het jeugdstrafrecht ge\u00efndiceerd achten. Verdachte lijkt affectief, sociaal en economisch nog afhankelijk te zijn van zijn ouders en het familiesysteem en laat zich positief door zijn moeder be\u00efnvloeden. De reclassering hecht daarbij minder waarde aan zijn woning die door z\u2019n ouders is gekocht en zijn werk in het bedrijf van zijn vader, als het gaat om de mate waarin dit afspiegelt hoe verdachte zich zelfstandig staande kan houden. Hetzelfde geldt voor zijn rol als vader voor zijn zoontje. Zonder de bemoeienis van zijn moeder, is het lastiger voor hem vorm te geven aan deze rol. Het huidige wegingskader ASR, geeft geen richting over het wegen van de aard van de tenlastegelegde feiten. Een vrijheidsberoving, doelgericht en gepleegd met mededaders, kan gezien worden als een doordachte en vergaande criminele handeling. De reclassering weegt daarbij ook de invloed van mededaders, het sociale netwerk en andere factoren zoals beschreven in de analyse delictscenario mee. In hun weging was dat geen reden om het volwassenstrafrecht toe te passen. Het is aannemelijk dat ADHD en de licht verstandelijke beperking bij verdachte een rol speelden in de coping en het gedrag dat leidde tot waar verdachte zich schuldig aan heeft gemaakt.<\/p>\n<p>Gelet op voormeld rapport, het standpunt van de advocaat-generaal en de raadsman, en al hetgeen overigens uit het dossier en op de zitting is gebleken over de persoon van verdachte, zal het hof het ASR toepassen. Het hof schaart zich achter de overwegingen opgenomen in het rapport. Verdachte zal daarom worden berecht op grond van het jeugdstrafrecht met het daarbij behorende sanctiestelsel.<\/p>\n<p>Aard en de ernst van de feiten<\/p>\n<p>Verdachte heeft zich samen met anderen schuldig gemaakt aan ontvoering en afpersing. Het slachtoffer zou verdachte op enig moment hebben gefilmd, terwijl deze seks had. Verdachte had onenigheid met het slachtoffer over het feit of deze film was verwijderd of niet. Hij is vervolgens met de medeverdachten naar de woning van het slachtoffer gegaan. Toen het gesprek met het slachtoffer niet verliep zoals hij wilde, heeft hij besloten het slachtoffer in een auto mee te nemen. Een van zijn medeverdachten had een op een vuurwapen gelijkend voorwerp meegenomen en hiermee hebben ze het slachtoffer bedreigd en gedwongen bij hen in de auto te stappen. Onderweg in de auto moest het slachtoffer een tas over zijn hoofd doen, zodat hij niet kon zien waar ze heen gingen. Ook moest hij onder bedreiging van het wapen zijn telefoon aan verdachte afstaan. Ze hebben het slachtoffer meegenomen naar het bos bij [plaats] . Daar hebben ze met zijn allen het slachtoffer gedwongen zich uit te kleden en zijn kleding af te staan. Toen hij dit niet wilde, werd hij geschopt en geslagen. Ook heeft verdachte hem bedreigd met het op een vuurwapen gelijkend voorwerp en heeft hij hiermee het slachtoffer geslagen. Het slachtoffer lag op een gegeven moment op de grond in zijn onderbroek en een T-shirt toen een auto hen naderde. De verdachten zijn toen weggegaan en hebben hem aan zijn lot overgelaten. Het was die avond koud en nat. Het slachtoffer heeft een korte broek en zijn schoenen teruggevonden en is vervolgens verder het bos in gerend. Uiteindelijk heeft hij hulp gevraagd aan een echtpaar en dat heeft hem thuis gebracht.<\/p>\n<p>Het jonge slachtoffer van toen negentien jaar oud is aldus een aantal uren van zijn vrijheid beroofd geweest, is ernstig mishandeld, vernederd, ge\u00efntimideerd en heeft in doodsangst verkeerd. Het is onduidelijk wat de verdachten met hem hadden gedaan wanneer ze niet door een passerende auto waren gestoord. Uit de schriftelijke slachtofferverklaring op de zitting van de rechtbank blijkt dat dit grote gevolgen voor het slachtoffer heeft gehad. Hij wordt \u2019s nachts geplaagd door flashbacks en beleeft dan opnieuw de angstige momenten. Het gevoel van machteloosheid en het overgeleverd zijn laat hem maar niet los.<\/p>\n<p>Verdachte is degene geweest die steeds het initiatief nam en de leiding had. Hij heeft in een conflict zijn toevlucht genomen tot grove inbreuken op de geestelijke en lichamelijke integriteit van een ander. Hij heeft hierin anderen meegenomen. Dit is onacceptabel.<\/p>\n<p>Daarnaast heeft verdachte zich ook schuldig gemaakt aan openlijk in vereniging geweld plegen tegen personen. Tijdens zijn werk als koerier kreeg hij een verkeersconflict. Hij heeft vervolgens contact gemaakt met zijn collega\u2019s en de auto van het slachtoffer klemgereden. Toen zijn collega\u2019s kwamen, heeft hij samen met een collega het slachtoffer mishandeld en ook de schoonzoon van het slachtoffer, die zijn schoonvader te hulp wilde schieten, werd door verdachte en zijn collega mishandeld. Er werd fors geweld tegen het gezicht van de slachtoffers gebruikt. Hierdoor liep de schoonzoon van het slachtoffer een gebroken neus op. Verdachte is ook hier boos geworden, had zijn emoties niet onder controle en heeft vervolgens anderen hierin meegenomen. Ook deze slachtoffers hebben hiervan nadelige gevolgen ervaren. Naast het lichamelijk letsel zijn ze ook angstig en extra alert geworden op de openbare weg.<\/p>\n<p>Persoon van verdachte<\/p>\n<p>Het hof heeft gelet op het de verdachte betreffende uittreksel van de Justiti\u00eble Documentatie van 30 oktober 2025, waaruit blijkt dat verdachte niet eerder onherroepelijk is veroordeeld voor (soortgelijke) strafbare feiten.<\/p>\n<p>Het hof heeft verder acht geslagen op voornoemd rapport van de reclassering. Hieruit volgt dat verdachte een enigszins kwetsbare jongeman is met een belaste voorgeschiedenis.<\/p>\n<p>Op te leggen straf<\/p>\n<p>Gelet op de aard en ernst van het de bewezen verklaarde feiten, zoals hiervoor uiteengezet, is het hof van oordeel dat in beginsel een langdurige onvoorwaardelijke jeugddetentie passend en geboden is. Het hof heeft met betrekking tot de aard en de ernst van de bewezen verklaarde feiten verder acht geslagen op de verhouding tot andere strafbare feiten, zoals onder meer tot uitdrukking komt in het hierop gestelde wettelijk strafmaximum in het jeugdstrafrecht en in de straffen die voor soortgelijke feiten worden opgelegd.<\/p>\n<p>Gelet op het voorgaande, in onderling verband en samenhang bezien, is het hof van oordeel dat een jeugddetentie van twintig maanden waarvan vijf maanden voorwaardelijk met een proeftijd van twee jaren met daaraan gekoppeld de bijzondere voorwaarden zoals hieronder vermeld, passend en geboden is.<\/p>\n<p>Het hof adviseert nadrukkelijk, vanwege de kwetsbaarheid en be\u00efnvloedbaarheid van verdachte, om de tenuitvoerlegging van het nog resterende deel van de onvoorwaardelijke jeugddetentie ten uitvoer te leggen in de [instelling] .<\/p>\n<h3>Wetsartikelen<\/h3>\n<p>De straf is gebaseerd op de artikelen 36f, 47, 77c, 77g, 77i, 77x, 77y, 77z, 77aa, 77gg, 141, 282, 312 en 317 van het Wetboek van Strafrecht.<\/p>\n<p>Deze voorschriften zijn toegepast, zoals zij golden op het moment van het bewezenverklaarde.<\/p>\n<h3>BESLISSING<\/h3>\n<p>Het hof:<\/p>\n<p>Vernietigt het vonnis waarvan beroep ten aanzien van de strafoplegging en doet in zoverre opnieuw recht.<\/p>\n<p>Veroordeelt de verdachte tot jeugddetentie voor de duur van 20 (twintig) maanden.<\/p>\n<p>Bepaalt dat een gedeelte van de jeugddetentie, groot 5 (vijf) maanden, niet ten uitvoer zal worden gelegd, tenzij de rechter later anders mocht gelasten omdat de verdachte zich voor het einde van een proeftijd van 2 (twee) jaren aan een strafbaar feit heeft schuldig gemaakt of de verdachte gedurende de proeftijd van 2 (twee) jaren ten behoeve van het vaststellen van zijn\/haar identiteit geen medewerking heeft verleend aan het nemen van een of meer vingerafdrukken of geen identiteitsbewijs als bedoeld in artikel 1 van de Wet op de identificatieplicht ter inzage heeft aangeboden of geen medewerking heeft verleend aan het reclasseringstoezicht, bedoeld in artikel 77aa, eerste tot en met het vierde lid, van het Wetboek van Strafrecht, de medewerking aan huisbezoeken en het zich melden bij de reclasseringsinstelling zo vaak en zolang als de reclasseringsinstelling dat noodzakelijk acht daaronder begrepen, dan wel de hierna te noemen bijzondere voorwaarde(n) niet heeft nageleefd.<\/p>\n<h3>Stelt als bijzondere voorwaarden dat veroordeelde gedurende de proeftijd:<\/h3>\n<p>&#8212; zich uiterlijk vijf dagen na ommekomst van het onvoorwaardelijk opgelegde deel van de jeugddetentie meldt bij [reclassering] en dat hij zich vervolgens blijft melden op de afspraken met de reclassering zo vaak en zolang de reclassering dat nodig vindt;<\/p>\n<p>&#8212; zich onder ambulante behandeling zal stellen van de Geestelijke Gezondheidszorg [locatie] , of een soortgelijke instelling, zulks op aanwijzing van de reclassering, op de tijden en plaatsen als door of namens die zorginstelling aan te geven, waarbij hij zich zal houden aan de huisregels en aanwijzingen die de zorgverlener geeft voor de behandeling;<\/p>\n<p>&#8212; zich op geen enkele wijze -direct of indirect- contact heeft of zoekt met aangever [aangever] , geboren op [geboortedatum] 2005;<\/p>\n<p>&#8212; zich niet bevindt in de straat [straatnaam] te [plaats] .<\/p>\n<p>Geeft opdracht aan de reclassering tot het houden van toezicht op de naleving van voormelde bijzondere voorwaarden en de verdachte ten behoeve daarvan te begeleiden.<\/p>\n<p>Met betrekking tot de plaats waar en de wijze waarop deze straf zal worden ten uitvoer gelegd adviseert het hof om de jeugddetentie ten uitvoer te leggen in [instelling] .<\/p>\n<p>Beveelt dat de tijd die door de verdachte v\u00f3\u00f3r de tenuitvoerlegging van deze uitspraak in enige in artikel 27, eerste lid, van het Wetboek van Strafrecht bedoelde vorm van voorarrest is doorgebracht, bij de uitvoering van de opgelegde jeugddetentie in mindering zal worden gebracht, voor zover die tijd niet reeds op een andere straf in mindering is gebracht.<\/p>\n<p>Bevestigt het vonnis waarvan beroep voor het overige.<\/p>\n<p>Dit arrest is gewezen door mr. A.J. Rietveld, mr. H.J. Deuring en mr. L. Pieters, in aanwezigheid van de griffier mr. A. Abdulkarim en is uitgesproken op de openbare zitting van het hof van 3 december 2025.<\/p>\n<\/div>\n<hr class=\"kji-sep\" \/>\n<p class=\"kji-source-links\"><strong>Sources officielles :<\/strong> <a class=\"kji-source-link\" href=\"http:\/\/deeplink.rechtspraak.nl\/uitspraak?id=ECLI:NL:GHARL:2025:7914\" target=\"_blank\" rel=\"noopener noreferrer\">consulter la page source<\/a><\/p>\n<p class=\"kji-license-note\"><em>Rechtspraak.nl open data, Creative Commons Zero. Volume cible 1.8M decisions.<\/em><\/p>\n<\/div>\n","protected":false},"excerpt":{"rendered":"<p>Bevestiging van het vonnis van de rechtbank ten aanzien van de bewezenverklaring, de kwalificatie en de strafbaarheid van verdachte. Verdachte wordt veroordeeld voor het medeplegen van wederrechtelijke vrijheidsberoving, het medeplegen van afpersing en openlijke geweldpleging tegen personen. Het hof heeft het adolescentenstrafrecht toegepast en verdachte een jeugddetentie van twintig maanden, m&#8230;<\/p>\n","protected":false},"featured_media":0,"template":"","meta":{"_crdt_document":""},"kji_country":[7669],"kji_court":[8134],"kji_chamber":[],"kji_year":[8463],"kji_subject":[7632],"kji_keyword":[10188,8114,8072],"kji_language":[7671],"class_list":["post-671967","kji_decision","type-kji_decision","status-publish","hentry","kji_country-pays-bas","kji_court-gerechtshof-arnhem-leeuwarden","kji_year-8463","kji_subject-penal","kji_keyword-maanden","kji_keyword-medeplegen","kji_keyword-verdachte","kji_language-nl"],"yoast_head":"<!-- This site is optimized with the Yoast SEO Premium plugin v27.5 (Yoast SEO v27.5) - https:\/\/yoast.com\/product\/yoast-seo-premium-wordpress\/ -->\n<title>ECLI:NL:GHARL:2025:7914 Gerechtshof Arnhem-Leeuwarden , 03-12-2025 \/ 21-003192-25 - Ma\u00eetre Hassan Kohen, avocat en droit p\u00e9nal \u00e0 Paris<\/title>\n<meta name=\"robots\" content=\"index, follow, max-snippet:-1, max-image-preview:large, max-video-preview:-1\" \/>\n<link rel=\"canonical\" href=\"https:\/\/kohenavocats.com\/ru\/jurisprudences\/eclinlgharl20257914-gerechtshof-arnhem-leeuwarden-03-12-2025-21-003192-25\/\" \/>\n<meta property=\"og:locale\" content=\"ru_RU\" \/>\n<meta property=\"og:type\" content=\"article\" \/>\n<meta property=\"og:title\" content=\"ECLI:NL:GHARL:2025:7914 Gerechtshof Arnhem-Leeuwarden , 03-12-2025 \/ 21-003192-25\" \/>\n<meta property=\"og:description\" content=\"Bevestiging van het vonnis van de rechtbank ten aanzien van de bewezenverklaring, de kwalificatie en de strafbaarheid van verdachte. Verdachte wordt veroordeeld voor het medeplegen van wederrechtelijke vrijheidsberoving, het medeplegen van afpersing en openlijke geweldpleging tegen personen. Het hof heeft het adolescentenstrafrecht toegepast en verdachte een jeugddetentie van twintig maanden, m...\" \/>\n<meta property=\"og:url\" content=\"https:\/\/kohenavocats.com\/ru\/jurisprudences\/eclinlgharl20257914-gerechtshof-arnhem-leeuwarden-03-12-2025-21-003192-25\/\" \/>\n<meta property=\"og:site_name\" content=\"Ma\u00eetre Hassan Kohen, avocat en droit p\u00e9nal \u00e0 Paris\" \/>\n<meta name=\"twitter:card\" content=\"summary_large_image\" \/>\n<meta name=\"twitter:label1\" content=\"\u041f\u0440\u0438\u043c\u0435\u0440\u043d\u043e\u0435 \u0432\u0440\u0435\u043c\u044f \u0434\u043b\u044f \u0447\u0442\u0435\u043d\u0438\u044f\" \/>\n\t<meta name=\"twitter:data1\" content=\"11 \u043c\u0438\u043d\u0443\u0442\" \/>\n<script type=\"application\/ld+json\" class=\"yoast-schema-graph\">{\"@context\":\"https:\\\/\\\/schema.org\",\"@graph\":[{\"@type\":\"WebPage\",\"@id\":\"https:\\\/\\\/kohenavocats.com\\\/ru\\\/jurisprudences\\\/eclinlgharl20257914-gerechtshof-arnhem-leeuwarden-03-12-2025-21-003192-25\\\/\",\"url\":\"https:\\\/\\\/kohenavocats.com\\\/ru\\\/jurisprudences\\\/eclinlgharl20257914-gerechtshof-arnhem-leeuwarden-03-12-2025-21-003192-25\\\/\",\"name\":\"ECLI:NL:GHARL:2025:7914 Gerechtshof Arnhem-Leeuwarden , 03-12-2025 \\\/ 21-003192-25 - Ma\u00eetre Hassan Kohen, avocat en droit p\u00e9nal \u00e0 Paris\",\"isPartOf\":{\"@id\":\"https:\\\/\\\/kohenavocats.com\\\/ru\\\/#website\"},\"datePublished\":\"2026-04-24T09:42:02+00:00\",\"breadcrumb\":{\"@id\":\"https:\\\/\\\/kohenavocats.com\\\/ru\\\/jurisprudences\\\/eclinlgharl20257914-gerechtshof-arnhem-leeuwarden-03-12-2025-21-003192-25\\\/#breadcrumb\"},\"inLanguage\":\"ru-RU\",\"potentialAction\":[{\"@type\":\"ReadAction\",\"target\":[\"https:\\\/\\\/kohenavocats.com\\\/ru\\\/jurisprudences\\\/eclinlgharl20257914-gerechtshof-arnhem-leeuwarden-03-12-2025-21-003192-25\\\/\"]}]},{\"@type\":\"BreadcrumbList\",\"@id\":\"https:\\\/\\\/kohenavocats.com\\\/ru\\\/jurisprudences\\\/eclinlgharl20257914-gerechtshof-arnhem-leeuwarden-03-12-2025-21-003192-25\\\/#breadcrumb\",\"itemListElement\":[{\"@type\":\"ListItem\",\"position\":1,\"name\":\"Home\",\"item\":\"https:\\\/\\\/kohenavocats.com\\\/ru\\\/avocats-en-droit-penal-a-paris-conseil-et-defense-strategique\\\/\"},{\"@type\":\"ListItem\",\"position\":2,\"name\":\"Jurisprudences\",\"item\":\"https:\\\/\\\/kohenavocats.com\\\/ru\\\/jurisprudences\\\/\"},{\"@type\":\"ListItem\",\"position\":3,\"name\":\"ECLI:NL:GHARL:2025:7914 Gerechtshof Arnhem-Leeuwarden , 03-12-2025 \\\/ 21-003192-25\"}]},{\"@type\":\"WebSite\",\"@id\":\"https:\\\/\\\/kohenavocats.com\\\/ru\\\/#website\",\"url\":\"https:\\\/\\\/kohenavocats.com\\\/ru\\\/\",\"name\":\"Kohen Avocats\",\"description\":\"Ma\u00eetre Hassan Kohen, avocat p\u00e9naliste \u00e0 Paris, intervient exclusivement en droit p\u00e9nal pour la d\u00e9fense des particuliers, notamment en mati\u00e8re d\u2019accusations de viol. Il assure un accompagnement rigoureux d\u00e8s la garde \u00e0 vue jusqu\u2019\u00e0 la Cour d\u2019assises, veillant au strict respect des garanties proc\u00e9durales.\",\"publisher\":{\"@id\":\"https:\\\/\\\/kohenavocats.com\\\/ru\\\/#organization\"},\"potentialAction\":[{\"@type\":\"SearchAction\",\"target\":{\"@type\":\"EntryPoint\",\"urlTemplate\":\"https:\\\/\\\/kohenavocats.com\\\/ru\\\/?s={search_term_string}\"},\"query-input\":{\"@type\":\"PropertyValueSpecification\",\"valueRequired\":true,\"valueName\":\"search_term_string\"}}],\"inLanguage\":\"ru-RU\"},{\"@type\":\"Organization\",\"@id\":\"https:\\\/\\\/kohenavocats.com\\\/ru\\\/#organization\",\"name\":\"Kohen Avocats\",\"url\":\"https:\\\/\\\/kohenavocats.com\\\/ru\\\/\",\"logo\":{\"@type\":\"ImageObject\",\"inLanguage\":\"ru-RU\",\"@id\":\"https:\\\/\\\/kohenavocats.com\\\/ru\\\/#\\\/schema\\\/logo\\\/image\\\/\",\"url\":\"https:\\\/\\\/kohenavocats.com\\\/wp-content\\\/uploads\\\/2026\\\/01\\\/Logo-2-1.webp\",\"contentUrl\":\"https:\\\/\\\/kohenavocats.com\\\/wp-content\\\/uploads\\\/2026\\\/01\\\/Logo-2-1.webp\",\"width\":2114,\"height\":1253,\"caption\":\"Kohen Avocats\"},\"image\":{\"@id\":\"https:\\\/\\\/kohenavocats.com\\\/ru\\\/#\\\/schema\\\/logo\\\/image\\\/\"}}]}<\/script>\n<!-- \/ Yoast SEO Premium plugin. -->","yoast_head_json":{"title":"ECLI:NL:GHARL:2025:7914 Gerechtshof Arnhem-Leeuwarden , 03-12-2025 \/ 21-003192-25 - Ma\u00eetre Hassan Kohen, avocat en droit p\u00e9nal \u00e0 Paris","robots":{"index":"index","follow":"follow","max-snippet":"max-snippet:-1","max-image-preview":"max-image-preview:large","max-video-preview":"max-video-preview:-1"},"canonical":"https:\/\/kohenavocats.com\/ru\/jurisprudences\/eclinlgharl20257914-gerechtshof-arnhem-leeuwarden-03-12-2025-21-003192-25\/","og_locale":"ru_RU","og_type":"article","og_title":"ECLI:NL:GHARL:2025:7914 Gerechtshof Arnhem-Leeuwarden , 03-12-2025 \/ 21-003192-25","og_description":"Bevestiging van het vonnis van de rechtbank ten aanzien van de bewezenverklaring, de kwalificatie en de strafbaarheid van verdachte. Verdachte wordt veroordeeld voor het medeplegen van wederrechtelijke vrijheidsberoving, het medeplegen van afpersing en openlijke geweldpleging tegen personen. Het hof heeft het adolescentenstrafrecht toegepast en verdachte een jeugddetentie van twintig maanden, m...","og_url":"https:\/\/kohenavocats.com\/ru\/jurisprudences\/eclinlgharl20257914-gerechtshof-arnhem-leeuwarden-03-12-2025-21-003192-25\/","og_site_name":"Ma\u00eetre Hassan Kohen, avocat en droit p\u00e9nal \u00e0 Paris","twitter_card":"summary_large_image","twitter_misc":{"\u041f\u0440\u0438\u043c\u0435\u0440\u043d\u043e\u0435 \u0432\u0440\u0435\u043c\u044f \u0434\u043b\u044f \u0447\u0442\u0435\u043d\u0438\u044f":"11 \u043c\u0438\u043d\u0443\u0442"},"schema":{"@context":"https:\/\/schema.org","@graph":[{"@type":"WebPage","@id":"https:\/\/kohenavocats.com\/ru\/jurisprudences\/eclinlgharl20257914-gerechtshof-arnhem-leeuwarden-03-12-2025-21-003192-25\/","url":"https:\/\/kohenavocats.com\/ru\/jurisprudences\/eclinlgharl20257914-gerechtshof-arnhem-leeuwarden-03-12-2025-21-003192-25\/","name":"ECLI:NL:GHARL:2025:7914 Gerechtshof Arnhem-Leeuwarden , 03-12-2025 \/ 21-003192-25 - Ma\u00eetre Hassan Kohen, avocat en droit p\u00e9nal \u00e0 Paris","isPartOf":{"@id":"https:\/\/kohenavocats.com\/ru\/#website"},"datePublished":"2026-04-24T09:42:02+00:00","breadcrumb":{"@id":"https:\/\/kohenavocats.com\/ru\/jurisprudences\/eclinlgharl20257914-gerechtshof-arnhem-leeuwarden-03-12-2025-21-003192-25\/#breadcrumb"},"inLanguage":"ru-RU","potentialAction":[{"@type":"ReadAction","target":["https:\/\/kohenavocats.com\/ru\/jurisprudences\/eclinlgharl20257914-gerechtshof-arnhem-leeuwarden-03-12-2025-21-003192-25\/"]}]},{"@type":"BreadcrumbList","@id":"https:\/\/kohenavocats.com\/ru\/jurisprudences\/eclinlgharl20257914-gerechtshof-arnhem-leeuwarden-03-12-2025-21-003192-25\/#breadcrumb","itemListElement":[{"@type":"ListItem","position":1,"name":"Home","item":"https:\/\/kohenavocats.com\/ru\/avocats-en-droit-penal-a-paris-conseil-et-defense-strategique\/"},{"@type":"ListItem","position":2,"name":"Jurisprudences","item":"https:\/\/kohenavocats.com\/ru\/jurisprudences\/"},{"@type":"ListItem","position":3,"name":"ECLI:NL:GHARL:2025:7914 Gerechtshof Arnhem-Leeuwarden , 03-12-2025 \/ 21-003192-25"}]},{"@type":"WebSite","@id":"https:\/\/kohenavocats.com\/ru\/#website","url":"https:\/\/kohenavocats.com\/ru\/","name":"Kohen Avocats","description":"Ma\u00eetre Hassan Kohen, avocat p\u00e9naliste \u00e0 Paris, intervient exclusivement en droit p\u00e9nal pour la d\u00e9fense des particuliers, notamment en mati\u00e8re d\u2019accusations de viol. Il assure un accompagnement rigoureux d\u00e8s la garde \u00e0 vue jusqu\u2019\u00e0 la Cour d\u2019assises, veillant au strict respect des garanties proc\u00e9durales.","publisher":{"@id":"https:\/\/kohenavocats.com\/ru\/#organization"},"potentialAction":[{"@type":"SearchAction","target":{"@type":"EntryPoint","urlTemplate":"https:\/\/kohenavocats.com\/ru\/?s={search_term_string}"},"query-input":{"@type":"PropertyValueSpecification","valueRequired":true,"valueName":"search_term_string"}}],"inLanguage":"ru-RU"},{"@type":"Organization","@id":"https:\/\/kohenavocats.com\/ru\/#organization","name":"Kohen Avocats","url":"https:\/\/kohenavocats.com\/ru\/","logo":{"@type":"ImageObject","inLanguage":"ru-RU","@id":"https:\/\/kohenavocats.com\/ru\/#\/schema\/logo\/image\/","url":"https:\/\/kohenavocats.com\/wp-content\/uploads\/2026\/01\/Logo-2-1.webp","contentUrl":"https:\/\/kohenavocats.com\/wp-content\/uploads\/2026\/01\/Logo-2-1.webp","width":2114,"height":1253,"caption":"Kohen Avocats"},"image":{"@id":"https:\/\/kohenavocats.com\/ru\/#\/schema\/logo\/image\/"}}]}},"jetpack_likes_enabled":false,"jetpack_sharing_enabled":true,"_links":{"self":[{"href":"https:\/\/kohenavocats.com\/ru\/wp-json\/wp\/v2\/kji_decision\/671967","targetHints":{"allow":["GET"]}}],"collection":[{"href":"https:\/\/kohenavocats.com\/ru\/wp-json\/wp\/v2\/kji_decision"}],"about":[{"href":"https:\/\/kohenavocats.com\/ru\/wp-json\/wp\/v2\/types\/kji_decision"}],"wp:attachment":[{"href":"https:\/\/kohenavocats.com\/ru\/wp-json\/wp\/v2\/media?parent=671967"}],"wp:term":[{"taxonomy":"kji_country","embeddable":true,"href":"https:\/\/kohenavocats.com\/ru\/wp-json\/wp\/v2\/kji_country?post=671967"},{"taxonomy":"kji_court","embeddable":true,"href":"https:\/\/kohenavocats.com\/ru\/wp-json\/wp\/v2\/kji_court?post=671967"},{"taxonomy":"kji_chamber","embeddable":true,"href":"https:\/\/kohenavocats.com\/ru\/wp-json\/wp\/v2\/kji_chamber?post=671967"},{"taxonomy":"kji_year","embeddable":true,"href":"https:\/\/kohenavocats.com\/ru\/wp-json\/wp\/v2\/kji_year?post=671967"},{"taxonomy":"kji_subject","embeddable":true,"href":"https:\/\/kohenavocats.com\/ru\/wp-json\/wp\/v2\/kji_subject?post=671967"},{"taxonomy":"kji_keyword","embeddable":true,"href":"https:\/\/kohenavocats.com\/ru\/wp-json\/wp\/v2\/kji_keyword?post=671967"},{"taxonomy":"kji_language","embeddable":true,"href":"https:\/\/kohenavocats.com\/ru\/wp-json\/wp\/v2\/kji_language?post=671967"}],"curies":[{"name":"wp","href":"https:\/\/api.w.org\/{rel}","templated":true}]}}