{"id":672489,"date":"2026-04-24T13:13:28","date_gmt":"2026-04-24T11:13:28","guid":{"rendered":"https:\/\/kohenavocats.com\/jurisprudences\/tribunal-federal-suisse-1-mars-2022-n-9c-103-2022\/"},"modified":"2026-04-24T13:13:28","modified_gmt":"2026-04-24T11:13:28","slug":"tribunal-federal-suisse-1-mars-2022-n-9c-103-2022","status":"publish","type":"kji_decision","link":"https:\/\/kohenavocats.com\/ru\/jurisprudences\/tribunal-federal-suisse-1-mars-2022-n-9c-103-2022\/","title":{"rendered":"Tribunal f\u00e9d\u00e9ral suisse, 1 mars 2022, n\u00b0 9C 103-2022"},"content":{"rendered":"<div class=\"kji-decision\">\n<div class=\"kji-full-text\">\n<p>Bundesgericht<\/p>\n<p>Tribunal f\u00e9d\u00e9ral<\/p>\n<p>Tribunale federale<\/p>\n<p>Tribunal federal<\/p>\n<p>9C_103\/2022<\/p>\n<p>Arr\u00eat du 1er mars 2022<\/p>\n<p>IIe Cour de droit social<\/p>\n<p>Composition<\/p>\n<p>M. le Juge f\u00e9d\u00e9ral Parrino, Pr\u00e9sident.<\/p>\n<p>Greffier : M. Berthoud.<\/p>\n<p>Participants \u00e0 la proc\u00e9dure<\/p>\n<p>A.________,<\/p>\n<p>recourant,<\/p>\n<p>contre<\/p>\n<p>intim\u00e9 inconnu,<\/p>\n<p>intim\u00e9.<\/p>\n<p>Objet<\/p>\n<p>Assurance-vieillesse et survivants,<\/p>\n<p>recours contre le jugement du Tribunal cantonal du Valais du 6 d\u00e9cembre 2021 (S1 19 159)<\/p>\n<p>Vu :<\/p>\n<p>la lettre d\u00e9pos\u00e9e le 30 d\u00e9cembre 2021 (timbre postal), par laquelle A.________ a d\u00e9clar\u00e9 faire opposition au jugement du 6 d\u00e9cembre 2021 du Tribunal cantonal du Valais S1 19 159,<\/p>\n<p>l&#039;ordonnance du 5 janvier 2022, par laquelle le Tribunal f\u00e9d\u00e9ral a d&#039;une part inform\u00e9 A.________ du fait que le recours ne semblait pas remplir les exigences de forme pos\u00e9es par la loi (n\u00e9cessit\u00e9 de formuler des conclusions et une motivation) et que seule une rectification dans le d\u00e9lai de recours \u00e9tait possible, d&#039;autre part l&#039;a invit\u00e9 \u00e0 produire le jugement attaqu\u00e9 jusqu&#039;au 31 janvier 2022 \u00e0 d\u00e9faut de quoi il ne serait pas donn\u00e9 suite \u00e0 son envoi,<\/p>\n<p>l&#039;\u00e9criture d\u00e9pos\u00e9e le 17 janvier 2022 par A.________ \u00e0 la suite de cet avertissement,<\/p>\n<p>consid\u00e9rant :<\/p>\n<p>que selon l&#039;art. 42 al. 1 et 2 LTF, le recours doit indiquer, entre autres exigences, les conclusions, les motifs et les moyens de preuve, en exposant succinctement en quoi l&#039;acte attaqu\u00e9 est contraire au droit,<\/p>\n<p>qu&#039;en l&#039;occurrence, les deux \u00e9critures du recourant des 30 d\u00e9cembre 2021 et 17 janvier 2022 ne contiennent pas de conclusions, ou des conclusions insuffisantes,<\/p>\n<p>que l&#039;on ne peut pas en d\u00e9duire en quoi les constatations des premiers juges seraient inexactes, au sens de l&#039;art. 97 al. 1 LTF, ni en quoi l&#039;acte attaqu\u00e9 serait contraire au droit,<\/p>\n<p>que, partant, le recours ne r\u00e9pond pas aux exigences de l&#039;art. 42 al. 1 et 2 LTF,<\/p>\n<p>qu&#039;en outre, le recourant a ignor\u00e9 l&#039;avertissement signifi\u00e9 dans l&#039;ordonnance du 5 janvier 2022 et n&#039;a pas produit le jugement attaqu\u00e9, si bien qu&#039;une des conditions de recevabilit\u00e9 du recours fait \u00e9galement d\u00e9faut (cf. art. 42 al. 5 LTF),<\/p>\n<p>que le recours doit d\u00e8s lors \u00eatre d\u00e9clar\u00e9 irrecevable selon la proc\u00e9dure simplifi\u00e9e de l&#039;art. 108 al. 1 let. b LTF,<\/p>\n<p>qu&#039;en application de l&#039;art. 66 al. 1, 2\u00e8me phrase, LTF, il convient de renoncer \u00e0 la perception des frais judiciaires,<\/p>\n<p>par ces motifs, le Pr\u00e9sident prononce :<\/p>\n<p>1.<\/p>\n<p>Le recours est irrecevable.<\/p>\n<p>2.<\/p>\n<p>Il n&#039;est pas per\u00e7u de frais judiciaires.<\/p>\n<p>3.<\/p>\n<p>Le pr\u00e9sent arr\u00eat est communiqu\u00e9 au recourant, au Tribunal cantonal du Valais et \u00e0 l&#039;Office f\u00e9d\u00e9ral des assurances sociales.<\/p>\n<p>Lucerne, le 1er mars 2022<\/p>\n<p>Au nom de la IIe Cour de droit social<\/p>\n<p>du Tribunal f\u00e9d\u00e9ral suisse<\/p>\n<p>Le Pr\u00e9sident : Parrino<\/p>\n<p>Le Greffier : Berthoud<\/p>\n<\/div>\n<hr class=\"kji-sep\" \/>\n<p class=\"kji-source-links\"><strong>Sources officielles :<\/strong> <a class=\"kji-source-link\" href=\"https:\/\/search.bger.ch\/ext\/eurospider\/live\/fr\/php\/aza\/http\/index.php?lang=fr&#038;type=highlight_simple_query&#038;page=4&#038;from_date=&#038;to_date=&#038;sort=relevance&#038;insertion_date=&#038;top_subcollection_aza=all&#038;query_words=intime&#038;rank=39&#038;azaclir=aza&#038;highlight_docid=aza%3A%2F%2F01-03-2022-9C_103-2022&#038;number_of_ranks=23370\" target=\"_blank\" rel=\"noopener noreferrer\">consulter la page source<\/a><\/p>\n<p class=\"kji-license-note\"><em>Source officielle Tribunal federal suisse. Contenu HTML public, PDF non garanti en version gratuite.<\/em><\/p>\n<\/div>\n","protected":false},"excerpt":{"rendered":"<p>Bundesgericht Tribunal f\u00e9d\u00e9ral Tribunale federale Tribunal federal 9C_103\/2022 Arr\u00eat du 1er mars 2022 IIe Cour de droit social Composition M. le Juge f\u00e9d\u00e9ral Parrino, Pr\u00e9sident. Greffier : M. Berthoud. Participants \u00e0 la proc\u00e9dure A.________, recourant, contre intim\u00e9 inconnu, intim\u00e9. Objet Assurance-vieillesse et survivants, recours contre le jugement du Tribunal cantonal du Valais du 6 d\u00e9cembre&#8230;<\/p>\n","protected":false},"featured_media":0,"template":"","meta":{"_crdt_document":""},"kji_country":[9676],"kji_court":[9677],"kji_chamber":[33233],"kji_year":[32183],"kji_subject":[7712],"kji_keyword":[9799,9679,9680,7636],"kji_language":[7733],"class_list":["post-672489","kji_decision","type-kji_decision","status-publish","hentry","kji_country-suisse","kji_court-tribunal-federal-suisse","kji_chamber-cour-de-droit-social","kji_year-32183","kji_subject-social","kji_keyword-bundesgericht","kji_keyword-federal","kji_keyword-suisse","kji_keyword-tribunal","kji_language-francais"],"yoast_head":"<!-- This site is optimized with the Yoast SEO Premium plugin v27.5 (Yoast SEO v27.5) - https:\/\/yoast.com\/product\/yoast-seo-premium-wordpress\/ -->\n<title>Tribunal f\u00e9d\u00e9ral suisse, 1 mars 2022, n\u00b0 9C 103-2022 - Ma\u00eetre Hassan Kohen, avocat en droit p\u00e9nal \u00e0 Paris<\/title>\n<meta name=\"robots\" content=\"index, follow, max-snippet:-1, max-image-preview:large, max-video-preview:-1\" \/>\n<link rel=\"canonical\" href=\"https:\/\/kohenavocats.com\/ru\/jurisprudences\/tribunal-federal-suisse-1-mars-2022-n-9c-103-2022\/\" \/>\n<meta property=\"og:locale\" content=\"ru_RU\" \/>\n<meta property=\"og:type\" content=\"article\" \/>\n<meta property=\"og:title\" content=\"Tribunal f\u00e9d\u00e9ral suisse, 1 mars 2022, n\u00b0 9C 103-2022\" \/>\n<meta property=\"og:description\" content=\"Bundesgericht Tribunal f\u00e9d\u00e9ral Tribunale federale Tribunal federal 9C_103\/2022 Arr\u00eat du 1er mars 2022 IIe Cour de droit social Composition M. le Juge f\u00e9d\u00e9ral Parrino, Pr\u00e9sident. Greffier : M. Berthoud. Participants \u00e0 la proc\u00e9dure A.________, recourant, contre intim\u00e9 inconnu, intim\u00e9. Objet Assurance-vieillesse et survivants, recours contre le jugement du Tribunal cantonal du Valais du 6 d\u00e9cembre...\" \/>\n<meta property=\"og:url\" content=\"https:\/\/kohenavocats.com\/ru\/jurisprudences\/tribunal-federal-suisse-1-mars-2022-n-9c-103-2022\/\" \/>\n<meta property=\"og:site_name\" content=\"Ma\u00eetre Hassan Kohen, avocat en droit p\u00e9nal \u00e0 Paris\" \/>\n<meta name=\"twitter:card\" content=\"summary_large_image\" \/>\n<meta name=\"twitter:label1\" content=\"\u041f\u0440\u0438\u043c\u0435\u0440\u043d\u043e\u0435 \u0432\u0440\u0435\u043c\u044f \u0434\u043b\u044f \u0447\u0442\u0435\u043d\u0438\u044f\" \/>\n\t<meta name=\"twitter:data1\" content=\"2 \u043c\u0438\u043d\u0443\u0442\u044b\" \/>\n<script type=\"application\/ld+json\" class=\"yoast-schema-graph\">{\"@context\":\"https:\\\/\\\/schema.org\",\"@graph\":[{\"@type\":\"WebPage\",\"@id\":\"https:\\\/\\\/kohenavocats.com\\\/ru\\\/jurisprudences\\\/tribunal-federal-suisse-1-mars-2022-n-9c-103-2022\\\/\",\"url\":\"https:\\\/\\\/kohenavocats.com\\\/ru\\\/jurisprudences\\\/tribunal-federal-suisse-1-mars-2022-n-9c-103-2022\\\/\",\"name\":\"Tribunal f\u00e9d\u00e9ral suisse, 1 mars 2022, n\u00b0 9C 103-2022 - Ma\u00eetre Hassan Kohen, avocat en droit p\u00e9nal \u00e0 Paris\",\"isPartOf\":{\"@id\":\"https:\\\/\\\/kohenavocats.com\\\/ru\\\/#website\"},\"datePublished\":\"2026-04-24T11:13:28+00:00\",\"breadcrumb\":{\"@id\":\"https:\\\/\\\/kohenavocats.com\\\/ru\\\/jurisprudences\\\/tribunal-federal-suisse-1-mars-2022-n-9c-103-2022\\\/#breadcrumb\"},\"inLanguage\":\"ru-RU\",\"potentialAction\":[{\"@type\":\"ReadAction\",\"target\":[\"https:\\\/\\\/kohenavocats.com\\\/ru\\\/jurisprudences\\\/tribunal-federal-suisse-1-mars-2022-n-9c-103-2022\\\/\"]}]},{\"@type\":\"BreadcrumbList\",\"@id\":\"https:\\\/\\\/kohenavocats.com\\\/ru\\\/jurisprudences\\\/tribunal-federal-suisse-1-mars-2022-n-9c-103-2022\\\/#breadcrumb\",\"itemListElement\":[{\"@type\":\"ListItem\",\"position\":1,\"name\":\"Home\",\"item\":\"https:\\\/\\\/kohenavocats.com\\\/ru\\\/avocats-en-droit-penal-a-paris-conseil-et-defense-strategique\\\/\"},{\"@type\":\"ListItem\",\"position\":2,\"name\":\"Jurisprudences\",\"item\":\"https:\\\/\\\/kohenavocats.com\\\/ru\\\/jurisprudences\\\/\"},{\"@type\":\"ListItem\",\"position\":3,\"name\":\"Tribunal f\u00e9d\u00e9ral suisse, 1 mars 2022, n\u00b0 9C 103-2022\"}]},{\"@type\":\"WebSite\",\"@id\":\"https:\\\/\\\/kohenavocats.com\\\/ru\\\/#website\",\"url\":\"https:\\\/\\\/kohenavocats.com\\\/ru\\\/\",\"name\":\"Kohen Avocats\",\"description\":\"Ma\u00eetre Hassan Kohen, avocat p\u00e9naliste \u00e0 Paris, intervient exclusivement en droit p\u00e9nal pour la d\u00e9fense des particuliers, notamment en mati\u00e8re d\u2019accusations de viol. Il assure un accompagnement rigoureux d\u00e8s la garde \u00e0 vue jusqu\u2019\u00e0 la Cour d\u2019assises, veillant au strict respect des garanties proc\u00e9durales.\",\"publisher\":{\"@id\":\"https:\\\/\\\/kohenavocats.com\\\/ru\\\/#organization\"},\"potentialAction\":[{\"@type\":\"SearchAction\",\"target\":{\"@type\":\"EntryPoint\",\"urlTemplate\":\"https:\\\/\\\/kohenavocats.com\\\/ru\\\/?s={search_term_string}\"},\"query-input\":{\"@type\":\"PropertyValueSpecification\",\"valueRequired\":true,\"valueName\":\"search_term_string\"}}],\"inLanguage\":\"ru-RU\"},{\"@type\":\"Organization\",\"@id\":\"https:\\\/\\\/kohenavocats.com\\\/ru\\\/#organization\",\"name\":\"Kohen Avocats\",\"url\":\"https:\\\/\\\/kohenavocats.com\\\/ru\\\/\",\"logo\":{\"@type\":\"ImageObject\",\"inLanguage\":\"ru-RU\",\"@id\":\"https:\\\/\\\/kohenavocats.com\\\/ru\\\/#\\\/schema\\\/logo\\\/image\\\/\",\"url\":\"https:\\\/\\\/kohenavocats.com\\\/wp-content\\\/uploads\\\/2026\\\/01\\\/Logo-2-1.webp\",\"contentUrl\":\"https:\\\/\\\/kohenavocats.com\\\/wp-content\\\/uploads\\\/2026\\\/01\\\/Logo-2-1.webp\",\"width\":2114,\"height\":1253,\"caption\":\"Kohen Avocats\"},\"image\":{\"@id\":\"https:\\\/\\\/kohenavocats.com\\\/ru\\\/#\\\/schema\\\/logo\\\/image\\\/\"}}]}<\/script>\n<!-- \/ Yoast SEO Premium plugin. -->","yoast_head_json":{"title":"Tribunal f\u00e9d\u00e9ral suisse, 1 mars 2022, n\u00b0 9C 103-2022 - Ma\u00eetre Hassan Kohen, avocat en droit p\u00e9nal \u00e0 Paris","robots":{"index":"index","follow":"follow","max-snippet":"max-snippet:-1","max-image-preview":"max-image-preview:large","max-video-preview":"max-video-preview:-1"},"canonical":"https:\/\/kohenavocats.com\/ru\/jurisprudences\/tribunal-federal-suisse-1-mars-2022-n-9c-103-2022\/","og_locale":"ru_RU","og_type":"article","og_title":"Tribunal f\u00e9d\u00e9ral suisse, 1 mars 2022, n\u00b0 9C 103-2022","og_description":"Bundesgericht Tribunal f\u00e9d\u00e9ral Tribunale federale Tribunal federal 9C_103\/2022 Arr\u00eat du 1er mars 2022 IIe Cour de droit social Composition M. le Juge f\u00e9d\u00e9ral Parrino, Pr\u00e9sident. Greffier : M. Berthoud. Participants \u00e0 la proc\u00e9dure A.________, recourant, contre intim\u00e9 inconnu, intim\u00e9. Objet Assurance-vieillesse et survivants, recours contre le jugement du Tribunal cantonal du Valais du 6 d\u00e9cembre...","og_url":"https:\/\/kohenavocats.com\/ru\/jurisprudences\/tribunal-federal-suisse-1-mars-2022-n-9c-103-2022\/","og_site_name":"Ma\u00eetre Hassan Kohen, avocat en droit p\u00e9nal \u00e0 Paris","twitter_card":"summary_large_image","twitter_misc":{"\u041f\u0440\u0438\u043c\u0435\u0440\u043d\u043e\u0435 \u0432\u0440\u0435\u043c\u044f \u0434\u043b\u044f \u0447\u0442\u0435\u043d\u0438\u044f":"2 \u043c\u0438\u043d\u0443\u0442\u044b"},"schema":{"@context":"https:\/\/schema.org","@graph":[{"@type":"WebPage","@id":"https:\/\/kohenavocats.com\/ru\/jurisprudences\/tribunal-federal-suisse-1-mars-2022-n-9c-103-2022\/","url":"https:\/\/kohenavocats.com\/ru\/jurisprudences\/tribunal-federal-suisse-1-mars-2022-n-9c-103-2022\/","name":"Tribunal f\u00e9d\u00e9ral suisse, 1 mars 2022, n\u00b0 9C 103-2022 - Ma\u00eetre Hassan Kohen, avocat en droit p\u00e9nal \u00e0 Paris","isPartOf":{"@id":"https:\/\/kohenavocats.com\/ru\/#website"},"datePublished":"2026-04-24T11:13:28+00:00","breadcrumb":{"@id":"https:\/\/kohenavocats.com\/ru\/jurisprudences\/tribunal-federal-suisse-1-mars-2022-n-9c-103-2022\/#breadcrumb"},"inLanguage":"ru-RU","potentialAction":[{"@type":"ReadAction","target":["https:\/\/kohenavocats.com\/ru\/jurisprudences\/tribunal-federal-suisse-1-mars-2022-n-9c-103-2022\/"]}]},{"@type":"BreadcrumbList","@id":"https:\/\/kohenavocats.com\/ru\/jurisprudences\/tribunal-federal-suisse-1-mars-2022-n-9c-103-2022\/#breadcrumb","itemListElement":[{"@type":"ListItem","position":1,"name":"Home","item":"https:\/\/kohenavocats.com\/ru\/avocats-en-droit-penal-a-paris-conseil-et-defense-strategique\/"},{"@type":"ListItem","position":2,"name":"Jurisprudences","item":"https:\/\/kohenavocats.com\/ru\/jurisprudences\/"},{"@type":"ListItem","position":3,"name":"Tribunal f\u00e9d\u00e9ral suisse, 1 mars 2022, n\u00b0 9C 103-2022"}]},{"@type":"WebSite","@id":"https:\/\/kohenavocats.com\/ru\/#website","url":"https:\/\/kohenavocats.com\/ru\/","name":"Kohen Avocats","description":"Ma\u00eetre Hassan Kohen, avocat p\u00e9naliste \u00e0 Paris, intervient exclusivement en droit p\u00e9nal pour la d\u00e9fense des particuliers, notamment en mati\u00e8re d\u2019accusations de viol. Il assure un accompagnement rigoureux d\u00e8s la garde \u00e0 vue jusqu\u2019\u00e0 la Cour d\u2019assises, veillant au strict respect des garanties proc\u00e9durales.","publisher":{"@id":"https:\/\/kohenavocats.com\/ru\/#organization"},"potentialAction":[{"@type":"SearchAction","target":{"@type":"EntryPoint","urlTemplate":"https:\/\/kohenavocats.com\/ru\/?s={search_term_string}"},"query-input":{"@type":"PropertyValueSpecification","valueRequired":true,"valueName":"search_term_string"}}],"inLanguage":"ru-RU"},{"@type":"Organization","@id":"https:\/\/kohenavocats.com\/ru\/#organization","name":"Kohen Avocats","url":"https:\/\/kohenavocats.com\/ru\/","logo":{"@type":"ImageObject","inLanguage":"ru-RU","@id":"https:\/\/kohenavocats.com\/ru\/#\/schema\/logo\/image\/","url":"https:\/\/kohenavocats.com\/wp-content\/uploads\/2026\/01\/Logo-2-1.webp","contentUrl":"https:\/\/kohenavocats.com\/wp-content\/uploads\/2026\/01\/Logo-2-1.webp","width":2114,"height":1253,"caption":"Kohen Avocats"},"image":{"@id":"https:\/\/kohenavocats.com\/ru\/#\/schema\/logo\/image\/"}}]}},"jetpack_likes_enabled":false,"jetpack_sharing_enabled":true,"_links":{"self":[{"href":"https:\/\/kohenavocats.com\/ru\/wp-json\/wp\/v2\/kji_decision\/672489","targetHints":{"allow":["GET"]}}],"collection":[{"href":"https:\/\/kohenavocats.com\/ru\/wp-json\/wp\/v2\/kji_decision"}],"about":[{"href":"https:\/\/kohenavocats.com\/ru\/wp-json\/wp\/v2\/types\/kji_decision"}],"wp:attachment":[{"href":"https:\/\/kohenavocats.com\/ru\/wp-json\/wp\/v2\/media?parent=672489"}],"wp:term":[{"taxonomy":"kji_country","embeddable":true,"href":"https:\/\/kohenavocats.com\/ru\/wp-json\/wp\/v2\/kji_country?post=672489"},{"taxonomy":"kji_court","embeddable":true,"href":"https:\/\/kohenavocats.com\/ru\/wp-json\/wp\/v2\/kji_court?post=672489"},{"taxonomy":"kji_chamber","embeddable":true,"href":"https:\/\/kohenavocats.com\/ru\/wp-json\/wp\/v2\/kji_chamber?post=672489"},{"taxonomy":"kji_year","embeddable":true,"href":"https:\/\/kohenavocats.com\/ru\/wp-json\/wp\/v2\/kji_year?post=672489"},{"taxonomy":"kji_subject","embeddable":true,"href":"https:\/\/kohenavocats.com\/ru\/wp-json\/wp\/v2\/kji_subject?post=672489"},{"taxonomy":"kji_keyword","embeddable":true,"href":"https:\/\/kohenavocats.com\/ru\/wp-json\/wp\/v2\/kji_keyword?post=672489"},{"taxonomy":"kji_language","embeddable":true,"href":"https:\/\/kohenavocats.com\/ru\/wp-json\/wp\/v2\/kji_language?post=672489"}],"curies":[{"name":"wp","href":"https:\/\/api.w.org\/{rel}","templated":true}]}}