{"id":672611,"date":"2026-04-24T13:41:35","date_gmt":"2026-04-24T11:41:35","guid":{"rendered":"https:\/\/kohenavocats.com\/jurisprudences\/acordao-supremo-tribunal-de-justica-processo-3922-18-9japrt-p1-s1-2022-02-24\/"},"modified":"2026-04-24T13:41:35","modified_gmt":"2026-04-24T11:41:35","slug":"acordao-supremo-tribunal-de-justica-processo-3922-18-9japrt-p1-s1-2022-02-24","status":"publish","type":"kji_decision","link":"https:\/\/kohenavocats.com\/ru\/jurisprudences\/acordao-supremo-tribunal-de-justica-processo-3922-18-9japrt-p1-s1-2022-02-24\/","title":{"rendered":"Ac\u00f3rd\u00e3o Supremo Tribunal de Justi\u00e7a \u2013 Processo 3922\/18.9JAPRT.P1.S1 \u2013 2022-02-24"},"content":{"rendered":"<div class=\"kji-decision\">\n<p class=\"kji-summary\">Relator: EDUARDO LOUREIRO. I &#8212; O recorrente vem condenado na pena ?nica de 12 anos de pris?o, na pena ?nica acess?ria de proibi??o de exercer profiss?o, emprego, fun??es ou actividades, p?blicas ou privadas, ainda que n?o remuneradas, cujo exerc?cio envolva contacto regular com menores, por um per?odo de 14 (catorze) anos e pena ?nica acess?ria de proibi??o de assumir a confian?a de menor, em especial a adop??o, tutela, curatela, acolhimento familiar, apadrinhamento civil, entrega, guarda ou confian?a de menores, por um per?odo de 14 (catorze) anos, por via da pr?tica em autoria material e em concurso efectivo, de um total de 83 crimes, concretamente, de dois crimes de viola??o agravada, de 80 crimes de abuso sexual de menores dependentes agravado e de um crime de abuso sexual de crian?as de menores dependentes sob a forma tentada. II &#8212; A medida concreta da pena do concurso ? determinada, tal como a das penas singulares, em fun??o da culpa e da preven??o ? art. 40.? e 71.? do CP ?, mas levando em linha de conta o crit?rio espec?fico da ?considera??o em conjunto dos factos e da personalidade do agente? previsto no art. 77.?, n.? 1, segundo segmento, do CP. In casu: III &#8212; A moldura abstracta da pena do concurso ? art. 77.?, n.? 2, do CP ? oscila entre 7 e 25 anos de pris?o. IV &#8212; A gravidade do il?cito global ? muito acentuada: ? Os crimes em jogo s?o, todos, de criminalidade especialmente violenta na defini??o do art. 1.?, al. l); ? O n?mero global de il?citos ? 83 ? ? muit?ssimo significativo, em si, na sua elevada frequ?ncia e no consider?vel per?odo de 7 anos por que a sua pr?tica se prolongou; ? O grau de les?o dos bens jur?dicos atingidos ? a liberdade de autodetermina??o sexual da menor no enfoque do livre e adequado desenvolvimento da sua personalidade no plano sexual ?, dentro limites supostos por cada um dos tipos, foi tamb?m em grau muito elevado. A culpa do recorrente, lato sensu, ?, igualmente, elevada. Na sua rela??o com a personalidade unit?ria do recorrente, o conjunto dos factos revela tra?os de tend?ncia. V &#8212; Ora, num quadro, assim, de culpa acentuada ? a suscitar forte censurabilidade da conduta ?, de ilicitude muito significativa ? a exigir decidida reafirma??o por via da pena dos valores penais infringidos ? e de resist?ncia do arguido ao dever-ser jur?dico-penal e de necessidade de contramotiva??o crimin?gena ? a reclamar pena que efectivamente o reaproxime do respeito daqueles valores ?, bem se justifica a pena de 12 anos de pris?o que lhe vem imposta no ac?rd?o recorrido, perfeitamente adequada e proporcionada ? gravidade global dos il?citos, necess?ria em vista da satisfa??o das finalidades preventivas e n?o excedente ao consentido da culpa.<\/p>\n<hr class=\"kji-sep\" \/>\n<p class=\"kji-source-links\"><strong>Sources officielles :<\/strong> <a class=\"kji-source-link\" href=\"https:\/\/www.dgsi.pt\/jstj.nsf\/954f0ce6ad9dd8b980256b5f003fa814\/0012f12936344583802587f4004e9fb4?OpenDocument&#038;ExpandSection=1\" target=\"_blank\" rel=\"noopener noreferrer\">consulter la page source<\/a><\/p>\n<p class=\"kji-license-note\"><em>Portails officiels portugais (DGSI \/ Tribunal Constitucional). Republication en metadata_only par prudence licencielle ; consulter la source officielle pour le texte authentique.<\/em><\/p>\n<\/div>\n","protected":false},"excerpt":{"rendered":"<p>Relator: EDUARDO LOUREIRO. I &#8212; O recorrente vem condenado na pena ?nica de 12 anos de pris?o, na pena ?nica acess?ria de proibi??o de exercer profiss?o, emprego, fun??es ou actividades, p?blicas ou privadas, ainda que n?o remuneradas, cujo exerc?cio envolva contacto regular com menores, por um per?odo de 14 (catorze) anos e pena ?nica acess?ria de proibi??o de assumir a confian?a de menor, em especial a adop??o, tutela, curatela, acolhimento familiar, apadrinhamento civil, entrega, guarda ou confian?a de menores, por um per?odo de 14 (catorze) anos, por via da pr?tica em autoria material e em concurso efectivo, de um total de 83 crimes, concretamente, de dois crimes de viola??o agravada, de 80 crimes de abuso sexual de menores dependentes agravado e de um crime de abuso sexual de crian?as de menores dependentes sob a forma tentada. II &#8212; A medida concreta da pena do concurso ? determinada, tal como a das penas singulares, em fun??o da culpa e da preven??o ? art. 40.? e 71.? do CP ?, mas levando em linha de conta o crit?rio espec?fico da ?considera??o em conjunto dos factos e da personalidade do agente? previsto no art. 77.?, n.? 1, segundo segmento, do CP. In casu: III &#8212; A moldura abstracta da pena do concurso ? art. 77.?, n.? 2, do CP ? oscila entre 7 e 25 anos de pris?o. IV &#8212; A gravidade do il?cito global ? muito acentuada: ? Os crimes em jogo s?o, todos, de criminalidade especialmente violenta na defini??o do art. 1.?, al. l); ? O n?mero global de il?citos ? 83 ? ? muit?ssimo significativo, em si, na sua elevada frequ?ncia e no consider?vel per?odo de 7 anos por que a sua pr?tica se prolongou; ? O grau de les?o dos bens jur?dicos atingidos ? a liberdade de autodetermina??o sexual da menor no enfoque do livre e adequado desenvolvimento da sua personalidade no plano sexual ?, dentro limites supostos por cada um dos tipos, foi tamb?m em grau muito elevado. A culpa do recorrente, lato sensu, ?, igualmente, elevada. Na sua rela??o com a personalidade unit?ria do recorrente, o conjunto dos factos revela tra?os de tend?ncia. V &#8212; Ora, num quadro, assim, de culpa acentuada ? a suscitar forte censurabilidade da conduta ?, de ilicitude muito significativa ? a exigir decidida reafirma??o por via da pena dos valores penais infringidos ? e de resist?ncia do arguido ao dever-ser jur?dico-penal e de necessidade de contramotiva??o crimin?gena ? a reclamar pena que efectivamente o reaproxime do respeito daqueles valores ?, bem se justifica a pena de 12 anos de pris?o que lhe vem imposta no ac?rd?o recorrido, perfeitamente adequada e proporcionada ? gravidade global dos il?citos, necess?ria em vista da satisfa??o das finalidades preventivas e n?o excedente ao consentido da culpa.<\/p>\n","protected":false},"featured_media":0,"template":"","meta":{"_crdt_document":""},"kji_country":[7762],"kji_court":[7763],"kji_chamber":[7955],"kji_year":[32183],"kji_subject":[7632],"kji_keyword":[7772,7774,7771,7773,7636],"kji_language":[7770],"class_list":["post-672611","kji_decision","type-kji_decision","status-publish","hentry","kji_country-portugal","kji_court-supremo-tribunal-de-justica","kji_chamber-5-seco","kji_year-32183","kji_subject-penal","kji_keyword-acordao","kji_keyword-justica","kji_keyword-processo","kji_keyword-supremo","kji_keyword-tribunal","kji_language-pt"],"yoast_head":"<!-- This site is optimized with the Yoast SEO Premium plugin v27.5 (Yoast SEO v27.5) - https:\/\/yoast.com\/product\/yoast-seo-premium-wordpress\/ -->\n<title>Ac\u00f3rd\u00e3o Supremo Tribunal de Justi\u00e7a \u2013 Processo 3922\/18.9JAPRT.P1.S1 \u2013 2022-02-24 - Ma\u00eetre Hassan Kohen, avocat en droit p\u00e9nal \u00e0 Paris<\/title>\n<meta name=\"robots\" content=\"index, follow, max-snippet:-1, max-image-preview:large, max-video-preview:-1\" \/>\n<link rel=\"canonical\" href=\"https:\/\/kohenavocats.com\/ru\/jurisprudences\/acordao-supremo-tribunal-de-justica-processo-3922-18-9japrt-p1-s1-2022-02-24\/\" \/>\n<meta property=\"og:locale\" content=\"ru_RU\" \/>\n<meta property=\"og:type\" content=\"article\" \/>\n<meta property=\"og:title\" content=\"Ac\u00f3rd\u00e3o Supremo Tribunal de Justi\u00e7a \u2013 Processo 3922\/18.9JAPRT.P1.S1 \u2013 2022-02-24\" \/>\n<meta property=\"og:description\" content=\"Relator: EDUARDO LOUREIRO. I - O recorrente vem condenado na pena ?nica de 12 anos de pris?o, na pena ?nica acess?ria de proibi??o de exercer profiss?o, emprego, fun??es ou actividades, p?blicas ou privadas, ainda que n?o remuneradas, cujo exerc?cio envolva contacto regular com menores, por um per?odo de 14 (catorze) anos e pena ?nica acess?ria de proibi??o de assumir a confian?a de menor, em especial a adop??o, tutela, curatela, acolhimento familiar, apadrinhamento civil, entrega, guarda ou confian?a de menores, por um per?odo de 14 (catorze) anos, por via da pr?tica em autoria material e em concurso efectivo, de um total de 83 crimes, concretamente, de dois crimes de viola??o agravada, de 80 crimes de abuso sexual de menores dependentes agravado e de um crime de abuso sexual de crian?as de menores dependentes sob a forma tentada. II - A medida concreta da pena do concurso ? determinada, tal como a das penas singulares, em fun??o da culpa e da preven??o ? art. 40.? e 71.? do CP ?, mas levando em linha de conta o crit?rio espec?fico da ?considera??o em conjunto dos factos e da personalidade do agente? previsto no art. 77.?, n.? 1, segundo segmento, do CP. In casu: III - A moldura abstracta da pena do concurso ? art. 77.?, n.? 2, do CP ? oscila entre 7 e 25 anos de pris?o. IV - A gravidade do il?cito global ? muito acentuada: ? Os crimes em jogo s?o, todos, de criminalidade especialmente violenta na defini??o do art. 1.?, al. l); ? O n?mero global de il?citos ? 83 ? ? muit?ssimo significativo, em si, na sua elevada frequ?ncia e no consider?vel per?odo de 7 anos por que a sua pr?tica se prolongou; ? O grau de les?o dos bens jur?dicos atingidos ? a liberdade de autodetermina??o sexual da menor no enfoque do livre e adequado desenvolvimento da sua personalidade no plano sexual ?, dentro limites supostos por cada um dos tipos, foi tamb?m em grau muito elevado. A culpa do recorrente, lato sensu, ?, igualmente, elevada. Na sua rela??o com a personalidade unit?ria do recorrente, o conjunto dos factos revela tra?os de tend?ncia. V - Ora, num quadro, assim, de culpa acentuada ? a suscitar forte censurabilidade da conduta ?, de ilicitude muito significativa ? a exigir decidida reafirma??o por via da pena dos valores penais infringidos ? e de resist?ncia do arguido ao dever-ser jur?dico-penal e de necessidade de contramotiva??o crimin?gena ? a reclamar pena que efectivamente o reaproxime do respeito daqueles valores ?, bem se justifica a pena de 12 anos de pris?o que lhe vem imposta no ac?rd?o recorrido, perfeitamente adequada e proporcionada ? gravidade global dos il?citos, necess?ria em vista da satisfa??o das finalidades preventivas e n?o excedente ao consentido da culpa.\" \/>\n<meta property=\"og:url\" content=\"https:\/\/kohenavocats.com\/ru\/jurisprudences\/acordao-supremo-tribunal-de-justica-processo-3922-18-9japrt-p1-s1-2022-02-24\/\" \/>\n<meta property=\"og:site_name\" content=\"Ma\u00eetre Hassan Kohen, avocat en droit p\u00e9nal \u00e0 Paris\" \/>\n<meta name=\"twitter:card\" content=\"summary_large_image\" \/>\n<meta name=\"twitter:label1\" content=\"\u041f\u0440\u0438\u043c\u0435\u0440\u043d\u043e\u0435 \u0432\u0440\u0435\u043c\u044f \u0434\u043b\u044f \u0447\u0442\u0435\u043d\u0438\u044f\" \/>\n\t<meta name=\"twitter:data1\" content=\"3 \u043c\u0438\u043d\u0443\u0442\u044b\" \/>\n<script type=\"application\/ld+json\" class=\"yoast-schema-graph\">{\"@context\":\"https:\\\/\\\/schema.org\",\"@graph\":[{\"@type\":\"WebPage\",\"@id\":\"https:\\\/\\\/kohenavocats.com\\\/ru\\\/jurisprudences\\\/acordao-supremo-tribunal-de-justica-processo-3922-18-9japrt-p1-s1-2022-02-24\\\/\",\"url\":\"https:\\\/\\\/kohenavocats.com\\\/ru\\\/jurisprudences\\\/acordao-supremo-tribunal-de-justica-processo-3922-18-9japrt-p1-s1-2022-02-24\\\/\",\"name\":\"Ac\u00f3rd\u00e3o Supremo Tribunal de Justi\u00e7a \u2013 Processo 3922\\\/18.9JAPRT.P1.S1 \u2013 2022-02-24 - Ma\u00eetre Hassan Kohen, avocat en droit p\u00e9nal \u00e0 Paris\",\"isPartOf\":{\"@id\":\"https:\\\/\\\/kohenavocats.com\\\/ru\\\/#website\"},\"datePublished\":\"2026-04-24T11:41:35+00:00\",\"breadcrumb\":{\"@id\":\"https:\\\/\\\/kohenavocats.com\\\/ru\\\/jurisprudences\\\/acordao-supremo-tribunal-de-justica-processo-3922-18-9japrt-p1-s1-2022-02-24\\\/#breadcrumb\"},\"inLanguage\":\"ru-RU\",\"potentialAction\":[{\"@type\":\"ReadAction\",\"target\":[\"https:\\\/\\\/kohenavocats.com\\\/ru\\\/jurisprudences\\\/acordao-supremo-tribunal-de-justica-processo-3922-18-9japrt-p1-s1-2022-02-24\\\/\"]}]},{\"@type\":\"BreadcrumbList\",\"@id\":\"https:\\\/\\\/kohenavocats.com\\\/ru\\\/jurisprudences\\\/acordao-supremo-tribunal-de-justica-processo-3922-18-9japrt-p1-s1-2022-02-24\\\/#breadcrumb\",\"itemListElement\":[{\"@type\":\"ListItem\",\"position\":1,\"name\":\"Home\",\"item\":\"https:\\\/\\\/kohenavocats.com\\\/ru\\\/avocats-en-droit-penal-a-paris-conseil-et-defense-strategique\\\/\"},{\"@type\":\"ListItem\",\"position\":2,\"name\":\"Jurisprudences\",\"item\":\"https:\\\/\\\/kohenavocats.com\\\/ru\\\/jurisprudences\\\/\"},{\"@type\":\"ListItem\",\"position\":3,\"name\":\"Ac\u00f3rd\u00e3o Supremo Tribunal de Justi\u00e7a \u2013 Processo 3922\\\/18.9JAPRT.P1.S1 \u2013 2022-02-24\"}]},{\"@type\":\"WebSite\",\"@id\":\"https:\\\/\\\/kohenavocats.com\\\/ru\\\/#website\",\"url\":\"https:\\\/\\\/kohenavocats.com\\\/ru\\\/\",\"name\":\"Kohen Avocats\",\"description\":\"Ma\u00eetre Hassan Kohen, avocat p\u00e9naliste \u00e0 Paris, intervient exclusivement en droit p\u00e9nal pour la d\u00e9fense des particuliers, notamment en mati\u00e8re d\u2019accusations de viol. Il assure un accompagnement rigoureux d\u00e8s la garde \u00e0 vue jusqu\u2019\u00e0 la Cour d\u2019assises, veillant au strict respect des garanties proc\u00e9durales.\",\"publisher\":{\"@id\":\"https:\\\/\\\/kohenavocats.com\\\/ru\\\/#organization\"},\"potentialAction\":[{\"@type\":\"SearchAction\",\"target\":{\"@type\":\"EntryPoint\",\"urlTemplate\":\"https:\\\/\\\/kohenavocats.com\\\/ru\\\/?s={search_term_string}\"},\"query-input\":{\"@type\":\"PropertyValueSpecification\",\"valueRequired\":true,\"valueName\":\"search_term_string\"}}],\"inLanguage\":\"ru-RU\"},{\"@type\":\"Organization\",\"@id\":\"https:\\\/\\\/kohenavocats.com\\\/ru\\\/#organization\",\"name\":\"Kohen Avocats\",\"url\":\"https:\\\/\\\/kohenavocats.com\\\/ru\\\/\",\"logo\":{\"@type\":\"ImageObject\",\"inLanguage\":\"ru-RU\",\"@id\":\"https:\\\/\\\/kohenavocats.com\\\/ru\\\/#\\\/schema\\\/logo\\\/image\\\/\",\"url\":\"https:\\\/\\\/kohenavocats.com\\\/wp-content\\\/uploads\\\/2026\\\/01\\\/Logo-2-1.webp\",\"contentUrl\":\"https:\\\/\\\/kohenavocats.com\\\/wp-content\\\/uploads\\\/2026\\\/01\\\/Logo-2-1.webp\",\"width\":2114,\"height\":1253,\"caption\":\"Kohen Avocats\"},\"image\":{\"@id\":\"https:\\\/\\\/kohenavocats.com\\\/ru\\\/#\\\/schema\\\/logo\\\/image\\\/\"}}]}<\/script>\n<!-- \/ Yoast SEO Premium plugin. -->","yoast_head_json":{"title":"Ac\u00f3rd\u00e3o Supremo Tribunal de Justi\u00e7a \u2013 Processo 3922\/18.9JAPRT.P1.S1 \u2013 2022-02-24 - Ma\u00eetre Hassan Kohen, avocat en droit p\u00e9nal \u00e0 Paris","robots":{"index":"index","follow":"follow","max-snippet":"max-snippet:-1","max-image-preview":"max-image-preview:large","max-video-preview":"max-video-preview:-1"},"canonical":"https:\/\/kohenavocats.com\/ru\/jurisprudences\/acordao-supremo-tribunal-de-justica-processo-3922-18-9japrt-p1-s1-2022-02-24\/","og_locale":"ru_RU","og_type":"article","og_title":"Ac\u00f3rd\u00e3o Supremo Tribunal de Justi\u00e7a \u2013 Processo 3922\/18.9JAPRT.P1.S1 \u2013 2022-02-24","og_description":"Relator: EDUARDO LOUREIRO. I - O recorrente vem condenado na pena ?nica de 12 anos de pris?o, na pena ?nica acess?ria de proibi??o de exercer profiss?o, emprego, fun??es ou actividades, p?blicas ou privadas, ainda que n?o remuneradas, cujo exerc?cio envolva contacto regular com menores, por um per?odo de 14 (catorze) anos e pena ?nica acess?ria de proibi??o de assumir a confian?a de menor, em especial a adop??o, tutela, curatela, acolhimento familiar, apadrinhamento civil, entrega, guarda ou confian?a de menores, por um per?odo de 14 (catorze) anos, por via da pr?tica em autoria material e em concurso efectivo, de um total de 83 crimes, concretamente, de dois crimes de viola??o agravada, de 80 crimes de abuso sexual de menores dependentes agravado e de um crime de abuso sexual de crian?as de menores dependentes sob a forma tentada. II - A medida concreta da pena do concurso ? determinada, tal como a das penas singulares, em fun??o da culpa e da preven??o ? art. 40.? e 71.? do CP ?, mas levando em linha de conta o crit?rio espec?fico da ?considera??o em conjunto dos factos e da personalidade do agente? previsto no art. 77.?, n.? 1, segundo segmento, do CP. In casu: III - A moldura abstracta da pena do concurso ? art. 77.?, n.? 2, do CP ? oscila entre 7 e 25 anos de pris?o. IV - A gravidade do il?cito global ? muito acentuada: ? Os crimes em jogo s?o, todos, de criminalidade especialmente violenta na defini??o do art. 1.?, al. l); ? O n?mero global de il?citos ? 83 ? ? muit?ssimo significativo, em si, na sua elevada frequ?ncia e no consider?vel per?odo de 7 anos por que a sua pr?tica se prolongou; ? O grau de les?o dos bens jur?dicos atingidos ? a liberdade de autodetermina??o sexual da menor no enfoque do livre e adequado desenvolvimento da sua personalidade no plano sexual ?, dentro limites supostos por cada um dos tipos, foi tamb?m em grau muito elevado. A culpa do recorrente, lato sensu, ?, igualmente, elevada. Na sua rela??o com a personalidade unit?ria do recorrente, o conjunto dos factos revela tra?os de tend?ncia. V - Ora, num quadro, assim, de culpa acentuada ? a suscitar forte censurabilidade da conduta ?, de ilicitude muito significativa ? a exigir decidida reafirma??o por via da pena dos valores penais infringidos ? e de resist?ncia do arguido ao dever-ser jur?dico-penal e de necessidade de contramotiva??o crimin?gena ? a reclamar pena que efectivamente o reaproxime do respeito daqueles valores ?, bem se justifica a pena de 12 anos de pris?o que lhe vem imposta no ac?rd?o recorrido, perfeitamente adequada e proporcionada ? gravidade global dos il?citos, necess?ria em vista da satisfa??o das finalidades preventivas e n?o excedente ao consentido da culpa.","og_url":"https:\/\/kohenavocats.com\/ru\/jurisprudences\/acordao-supremo-tribunal-de-justica-processo-3922-18-9japrt-p1-s1-2022-02-24\/","og_site_name":"Ma\u00eetre Hassan Kohen, avocat en droit p\u00e9nal \u00e0 Paris","twitter_card":"summary_large_image","twitter_misc":{"\u041f\u0440\u0438\u043c\u0435\u0440\u043d\u043e\u0435 \u0432\u0440\u0435\u043c\u044f \u0434\u043b\u044f \u0447\u0442\u0435\u043d\u0438\u044f":"3 \u043c\u0438\u043d\u0443\u0442\u044b"},"schema":{"@context":"https:\/\/schema.org","@graph":[{"@type":"WebPage","@id":"https:\/\/kohenavocats.com\/ru\/jurisprudences\/acordao-supremo-tribunal-de-justica-processo-3922-18-9japrt-p1-s1-2022-02-24\/","url":"https:\/\/kohenavocats.com\/ru\/jurisprudences\/acordao-supremo-tribunal-de-justica-processo-3922-18-9japrt-p1-s1-2022-02-24\/","name":"Ac\u00f3rd\u00e3o Supremo Tribunal de Justi\u00e7a \u2013 Processo 3922\/18.9JAPRT.P1.S1 \u2013 2022-02-24 - Ma\u00eetre Hassan Kohen, avocat en droit p\u00e9nal \u00e0 Paris","isPartOf":{"@id":"https:\/\/kohenavocats.com\/ru\/#website"},"datePublished":"2026-04-24T11:41:35+00:00","breadcrumb":{"@id":"https:\/\/kohenavocats.com\/ru\/jurisprudences\/acordao-supremo-tribunal-de-justica-processo-3922-18-9japrt-p1-s1-2022-02-24\/#breadcrumb"},"inLanguage":"ru-RU","potentialAction":[{"@type":"ReadAction","target":["https:\/\/kohenavocats.com\/ru\/jurisprudences\/acordao-supremo-tribunal-de-justica-processo-3922-18-9japrt-p1-s1-2022-02-24\/"]}]},{"@type":"BreadcrumbList","@id":"https:\/\/kohenavocats.com\/ru\/jurisprudences\/acordao-supremo-tribunal-de-justica-processo-3922-18-9japrt-p1-s1-2022-02-24\/#breadcrumb","itemListElement":[{"@type":"ListItem","position":1,"name":"Home","item":"https:\/\/kohenavocats.com\/ru\/avocats-en-droit-penal-a-paris-conseil-et-defense-strategique\/"},{"@type":"ListItem","position":2,"name":"Jurisprudences","item":"https:\/\/kohenavocats.com\/ru\/jurisprudences\/"},{"@type":"ListItem","position":3,"name":"Ac\u00f3rd\u00e3o Supremo Tribunal de Justi\u00e7a \u2013 Processo 3922\/18.9JAPRT.P1.S1 \u2013 2022-02-24"}]},{"@type":"WebSite","@id":"https:\/\/kohenavocats.com\/ru\/#website","url":"https:\/\/kohenavocats.com\/ru\/","name":"Kohen Avocats","description":"Ma\u00eetre Hassan Kohen, avocat p\u00e9naliste \u00e0 Paris, intervient exclusivement en droit p\u00e9nal pour la d\u00e9fense des particuliers, notamment en mati\u00e8re d\u2019accusations de viol. Il assure un accompagnement rigoureux d\u00e8s la garde \u00e0 vue jusqu\u2019\u00e0 la Cour d\u2019assises, veillant au strict respect des garanties proc\u00e9durales.","publisher":{"@id":"https:\/\/kohenavocats.com\/ru\/#organization"},"potentialAction":[{"@type":"SearchAction","target":{"@type":"EntryPoint","urlTemplate":"https:\/\/kohenavocats.com\/ru\/?s={search_term_string}"},"query-input":{"@type":"PropertyValueSpecification","valueRequired":true,"valueName":"search_term_string"}}],"inLanguage":"ru-RU"},{"@type":"Organization","@id":"https:\/\/kohenavocats.com\/ru\/#organization","name":"Kohen Avocats","url":"https:\/\/kohenavocats.com\/ru\/","logo":{"@type":"ImageObject","inLanguage":"ru-RU","@id":"https:\/\/kohenavocats.com\/ru\/#\/schema\/logo\/image\/","url":"https:\/\/kohenavocats.com\/wp-content\/uploads\/2026\/01\/Logo-2-1.webp","contentUrl":"https:\/\/kohenavocats.com\/wp-content\/uploads\/2026\/01\/Logo-2-1.webp","width":2114,"height":1253,"caption":"Kohen Avocats"},"image":{"@id":"https:\/\/kohenavocats.com\/ru\/#\/schema\/logo\/image\/"}}]}},"jetpack_likes_enabled":false,"jetpack_sharing_enabled":true,"_links":{"self":[{"href":"https:\/\/kohenavocats.com\/ru\/wp-json\/wp\/v2\/kji_decision\/672611","targetHints":{"allow":["GET"]}}],"collection":[{"href":"https:\/\/kohenavocats.com\/ru\/wp-json\/wp\/v2\/kji_decision"}],"about":[{"href":"https:\/\/kohenavocats.com\/ru\/wp-json\/wp\/v2\/types\/kji_decision"}],"wp:attachment":[{"href":"https:\/\/kohenavocats.com\/ru\/wp-json\/wp\/v2\/media?parent=672611"}],"wp:term":[{"taxonomy":"kji_country","embeddable":true,"href":"https:\/\/kohenavocats.com\/ru\/wp-json\/wp\/v2\/kji_country?post=672611"},{"taxonomy":"kji_court","embeddable":true,"href":"https:\/\/kohenavocats.com\/ru\/wp-json\/wp\/v2\/kji_court?post=672611"},{"taxonomy":"kji_chamber","embeddable":true,"href":"https:\/\/kohenavocats.com\/ru\/wp-json\/wp\/v2\/kji_chamber?post=672611"},{"taxonomy":"kji_year","embeddable":true,"href":"https:\/\/kohenavocats.com\/ru\/wp-json\/wp\/v2\/kji_year?post=672611"},{"taxonomy":"kji_subject","embeddable":true,"href":"https:\/\/kohenavocats.com\/ru\/wp-json\/wp\/v2\/kji_subject?post=672611"},{"taxonomy":"kji_keyword","embeddable":true,"href":"https:\/\/kohenavocats.com\/ru\/wp-json\/wp\/v2\/kji_keyword?post=672611"},{"taxonomy":"kji_language","embeddable":true,"href":"https:\/\/kohenavocats.com\/ru\/wp-json\/wp\/v2\/kji_language?post=672611"}],"curies":[{"name":"wp","href":"https:\/\/api.w.org\/{rel}","templated":true}]}}