{"id":672892,"date":"2026-04-24T14:28:13","date_gmt":"2026-04-24T12:28:13","guid":{"rendered":"https:\/\/kohenavocats.com\/jurisprudences\/eclinlrvs20254637-raad-van-state-29-09-2025-202505183-1-a2-2\/"},"modified":"2026-04-24T14:28:13","modified_gmt":"2026-04-24T12:28:13","slug":"eclinlrvs20254637-raad-van-state-29-09-2025-202505183-1-a2-2","status":"publish","type":"kji_decision","link":"https:\/\/kohenavocats.com\/ru\/jurisprudences\/eclinlrvs20254637-raad-van-state-29-09-2025-202505183-1-a2-2\/","title":{"rendered":"ECLI:NL:RVS:2025:4637 Raad van State , 29-09-2025 \/ 202505183\/1\/A2"},"content":{"rendered":"<div class=\"kji-decision\">\n<div class=\"kji-full-text\">\n<p><strong>Inhoudsindicatie.<\/strong> Het beroep richt zich tegen het besluit van het centraal stembureau van 19 september 2025, waarbij &#8212; voor zover hier van belang &#8212; de kandidatenlijsten van 27 politieke groeperingen voor \u00e9\u00e9n of meerdere kieskringen geldig zijn verklaard. [appellant] betoogt dat het centraal stembureau de kandidatenlijsten niet geldig had mogen verklaren zonder de partijen die de kandidatenlijsten hebben ingediend, op morele gronden te toetsen. Dat de Kieswet het centraal stembureau verbiedt om partijen op inhoudelijke gronden te toetsen, betekent dat de wet fout is en het centraal stembureau deze niet had moeten uitvoeren. Inhoudelijke toetsing van politieke partijen is een ge\u00ebigend middel om het democratisch proces in toom te houden, aldus [appellant].<\/p>\n<p>202505183\/1\/A2.<\/p>\n<p>Datum uitspraak: 29 september 2025<\/p>\n<p>AFDELING<\/p>\n<p>BESTUURSRECHTSPRAAK<\/p>\n<p>PROCES-VERBAAL van de mondelinge uitspraak (artikel 8:67 van de Algemene wet bestuursrecht) in het geding tussen:<\/p>\n<p>[appellant], wonend in [woonplaats],<\/p>\n<p>appellant,<\/p>\n<p>en<\/p>\n<p>de Kiesraad, handelend als centraal stembureau voor de verkiezing van de leden van de Tweede Kamer der Staten-Generaal (hierna: het centraal stembureau),<\/p>\n<p>verweerder.<\/p>\n<p>Openbare zitting gehouden op 29 september 2025 om 10:00 uur.<\/p>\n<p>Tegenwoordig:<\/p>\n<p>Staatsraad mr. C.H.M. van Altena, voorzitter<\/p>\n<p>Staatsraad mr. J.Th. Drop, lid<\/p>\n<p>Staatsraad mr. A.B. Blomberg, lid<\/p>\n<p>Griffier: mr. M. Rijsdijk<\/p>\n<p>Jurist: mr. L.J.A. van Gils<\/p>\n<p>Verschenen:<\/p>\n<p>Het centraal stembureau, vertegenwoordigd door mr. M. Bijl en mr. A.J. Trouborst.<\/p>\n<p>Het beroep richt zich tegen het besluit van het centraal stembureau van 19 september 2025, waarbij &#8212; voor zover hier van belang &#8212; de kandidatenlijsten van 27 politieke groeperingen voor \u00e9\u00e9n of meerdere kieskringen geldig zijn verklaard.<\/p>\n<p>[appellant] betoogt dat het centraal stembureau de kandidatenlijsten niet geldig had mogen verklaren zonder de partijen die de kandidatenlijsten hebben ingediend, op morele gronden te toetsen. Dat de Kieswet het centraal stembureau verbiedt om partijen op inhoudelijke gronden te toetsen, betekent dat de wet fout is en het centraal stembureau deze niet had moeten uitvoeren. Inhoudelijke toetsing van politieke partijen is een ge\u00ebigend middel om het democratisch proces in toom te houden, aldus [appellant].<\/p>\n<p>Beslissing:<\/p>\n<p>De Afdeling verklaart het beroep ongegrond.<\/p>\n<p>Motivering:<\/p>\n<p>In artikel I 5 van de Kieswet zijn de gronden waarop het centraal stembureau een kandidatenlijst ongeldig moet verklaren limitatief en dwingendrechtelijk geregeld. In tegenstelling tot wat [appellant] betoogt, staat het het centraal stembureau op basis van de Kieswet niet vrij om op andere gronden een kandidatenlijst ongeldig te verklaren.<\/p>\n<p>In de uitspraak van 23 oktober 2023 (ECLI:NL:RVS:2023:3911) heeft de Afdeling al eerder heeft geoordeeld over soortgelijke bezwaren van [appellant], destijds gericht tegen \u00e9\u00e9n specifieke politieke groepering. Dat beroep is toen ongegrond verklaard. De Afdeling komt nu niet tot een ander oordeel.<\/p>\n<p>De Afdeling wijst op eerdere uitspraken van 24 april 2014 (ECLI:NL:RVS:2014:1585) en 15 februari 2021 (ECLI:NL:RVS:2021:300), waarin is overwogen dat het centraal stembureau geen inhoudelijke beoordeling van doelstellingen of activiteiten van politieke groeperingen mag uitvoeren.<\/p>\n<p>w.g. Van Altena<\/p>\n<p>voorzitter<\/p>\n<p>w.g. Rijsdijk<\/p>\n<p>griffier<\/p>\n<p>705-1043<\/p>\n<\/div>\n<hr class=\"kji-sep\" \/>\n<p class=\"kji-source-links\"><strong>Sources officielles :<\/strong> <a class=\"kji-source-link\" href=\"http:\/\/deeplink.rechtspraak.nl\/uitspraak?id=ECLI:NL:RVS:2025:4637\" target=\"_blank\" rel=\"noopener noreferrer\">consulter la page source<\/a><\/p>\n<p class=\"kji-license-note\"><em>Rechtspraak.nl open data, Creative Commons Zero. Volume cible 1.8M decisions.<\/em><\/p>\n<\/div>\n","protected":false},"excerpt":{"rendered":"<p>Het beroep richt zich tegen het besluit van het centraal stembureau van 19 september 2025, waarbij &#8212; voor zover hier van belang &#8212; de kandidatenlijsten van 27 politieke groeperingen voor \u00e9\u00e9n of meerdere kieskringen geldig zijn verklaard. [appellant] betoogt dat het centraal stembureau de kandidatenlijsten niet geldig had mogen verklaren zonder de partijen die de kandidatenlijsten hebben ingedien&#8230;<\/p>\n","protected":false},"featured_media":0,"template":"","meta":{"_crdt_document":""},"kji_country":[7669],"kji_court":[8622],"kji_chamber":[],"kji_year":[8463],"kji_subject":[7646],"kji_keyword":[11584,26768,7897,16956,17362],"kji_language":[7671],"class_list":["post-672892","kji_decision","type-kji_decision","status-publish","hentry","kji_country-pays-bas","kji_court-raad-van-state","kji_year-8463","kji_subject-divers","kji_keyword-centraal","kji_keyword-kandidatenlijsten","kji_keyword-partijen","kji_keyword-politieke","kji_keyword-stembureau","kji_language-nl"],"yoast_head":"<!-- This site is optimized with the Yoast SEO Premium plugin v27.4 (Yoast SEO v27.4) - https:\/\/yoast.com\/product\/yoast-seo-premium-wordpress\/ -->\n<title>ECLI:NL:RVS:2025:4637 Raad van State , 29-09-2025 \/ 202505183\/1\/A2 - Ma\u00eetre Hassan Kohen, avocat en droit p\u00e9nal \u00e0 Paris<\/title>\n<meta name=\"robots\" content=\"index, follow, max-snippet:-1, max-image-preview:large, max-video-preview:-1\" \/>\n<link rel=\"canonical\" href=\"https:\/\/kohenavocats.com\/ru\/jurisprudences\/eclinlrvs20254637-raad-van-state-29-09-2025-202505183-1-a2-2\/\" \/>\n<meta property=\"og:locale\" content=\"ru_RU\" \/>\n<meta property=\"og:type\" content=\"article\" \/>\n<meta property=\"og:title\" content=\"ECLI:NL:RVS:2025:4637 Raad van State , 29-09-2025 \/ 202505183\/1\/A2\" \/>\n<meta property=\"og:description\" content=\"Het beroep richt zich tegen het besluit van het centraal stembureau van 19 september 2025, waarbij - voor zover hier van belang - de kandidatenlijsten van 27 politieke groeperingen voor \u00e9\u00e9n of meerdere kieskringen geldig zijn verklaard. [appellant] betoogt dat het centraal stembureau de kandidatenlijsten niet geldig had mogen verklaren zonder de partijen die de kandidatenlijsten hebben ingedien...\" \/>\n<meta property=\"og:url\" content=\"https:\/\/kohenavocats.com\/ru\/jurisprudences\/eclinlrvs20254637-raad-van-state-29-09-2025-202505183-1-a2-2\/\" \/>\n<meta property=\"og:site_name\" content=\"Ma\u00eetre Hassan Kohen, avocat en droit p\u00e9nal \u00e0 Paris\" \/>\n<meta name=\"twitter:card\" content=\"summary_large_image\" \/>\n<meta name=\"twitter:label1\" content=\"\u041f\u0440\u0438\u043c\u0435\u0440\u043d\u043e\u0435 \u0432\u0440\u0435\u043c\u044f \u0434\u043b\u044f \u0447\u0442\u0435\u043d\u0438\u044f\" \/>\n\t<meta name=\"twitter:data1\" content=\"2 \u043c\u0438\u043d\u0443\u0442\u044b\" \/>\n<script type=\"application\/ld+json\" class=\"yoast-schema-graph\">{\"@context\":\"https:\\\/\\\/schema.org\",\"@graph\":[{\"@type\":\"WebPage\",\"@id\":\"https:\\\/\\\/kohenavocats.com\\\/ru\\\/jurisprudences\\\/eclinlrvs20254637-raad-van-state-29-09-2025-202505183-1-a2-2\\\/\",\"url\":\"https:\\\/\\\/kohenavocats.com\\\/ru\\\/jurisprudences\\\/eclinlrvs20254637-raad-van-state-29-09-2025-202505183-1-a2-2\\\/\",\"name\":\"ECLI:NL:RVS:2025:4637 Raad van State , 29-09-2025 \\\/ 202505183\\\/1\\\/A2 - Ma\u00eetre Hassan Kohen, avocat en droit p\u00e9nal \u00e0 Paris\",\"isPartOf\":{\"@id\":\"https:\\\/\\\/kohenavocats.com\\\/ru\\\/#website\"},\"datePublished\":\"2026-04-24T12:28:13+00:00\",\"breadcrumb\":{\"@id\":\"https:\\\/\\\/kohenavocats.com\\\/ru\\\/jurisprudences\\\/eclinlrvs20254637-raad-van-state-29-09-2025-202505183-1-a2-2\\\/#breadcrumb\"},\"inLanguage\":\"ru-RU\",\"potentialAction\":[{\"@type\":\"ReadAction\",\"target\":[\"https:\\\/\\\/kohenavocats.com\\\/ru\\\/jurisprudences\\\/eclinlrvs20254637-raad-van-state-29-09-2025-202505183-1-a2-2\\\/\"]}]},{\"@type\":\"BreadcrumbList\",\"@id\":\"https:\\\/\\\/kohenavocats.com\\\/ru\\\/jurisprudences\\\/eclinlrvs20254637-raad-van-state-29-09-2025-202505183-1-a2-2\\\/#breadcrumb\",\"itemListElement\":[{\"@type\":\"ListItem\",\"position\":1,\"name\":\"Home\",\"item\":\"https:\\\/\\\/kohenavocats.com\\\/ru\\\/avocats-en-droit-penal-a-paris-conseil-et-defense-strategique\\\/\"},{\"@type\":\"ListItem\",\"position\":2,\"name\":\"Jurisprudences\",\"item\":\"https:\\\/\\\/kohenavocats.com\\\/ru\\\/jurisprudences\\\/\"},{\"@type\":\"ListItem\",\"position\":3,\"name\":\"ECLI:NL:RVS:2025:4637 Raad van State , 29-09-2025 \\\/ 202505183\\\/1\\\/A2\"}]},{\"@type\":\"WebSite\",\"@id\":\"https:\\\/\\\/kohenavocats.com\\\/ru\\\/#website\",\"url\":\"https:\\\/\\\/kohenavocats.com\\\/ru\\\/\",\"name\":\"Kohen Avocats\",\"description\":\"Ma\u00eetre Hassan Kohen, avocat p\u00e9naliste \u00e0 Paris, intervient exclusivement en droit p\u00e9nal pour la d\u00e9fense des particuliers, notamment en mati\u00e8re d\u2019accusations de viol. Il assure un accompagnement rigoureux d\u00e8s la garde \u00e0 vue jusqu\u2019\u00e0 la Cour d\u2019assises, veillant au strict respect des garanties proc\u00e9durales.\",\"publisher\":{\"@id\":\"https:\\\/\\\/kohenavocats.com\\\/ru\\\/#organization\"},\"potentialAction\":[{\"@type\":\"SearchAction\",\"target\":{\"@type\":\"EntryPoint\",\"urlTemplate\":\"https:\\\/\\\/kohenavocats.com\\\/ru\\\/?s={search_term_string}\"},\"query-input\":{\"@type\":\"PropertyValueSpecification\",\"valueRequired\":true,\"valueName\":\"search_term_string\"}}],\"inLanguage\":\"ru-RU\"},{\"@type\":\"Organization\",\"@id\":\"https:\\\/\\\/kohenavocats.com\\\/ru\\\/#organization\",\"name\":\"Kohen Avocats\",\"url\":\"https:\\\/\\\/kohenavocats.com\\\/ru\\\/\",\"logo\":{\"@type\":\"ImageObject\",\"inLanguage\":\"ru-RU\",\"@id\":\"https:\\\/\\\/kohenavocats.com\\\/ru\\\/#\\\/schema\\\/logo\\\/image\\\/\",\"url\":\"https:\\\/\\\/kohenavocats.com\\\/wp-content\\\/uploads\\\/2026\\\/01\\\/Logo-2-1.webp\",\"contentUrl\":\"https:\\\/\\\/kohenavocats.com\\\/wp-content\\\/uploads\\\/2026\\\/01\\\/Logo-2-1.webp\",\"width\":2114,\"height\":1253,\"caption\":\"Kohen Avocats\"},\"image\":{\"@id\":\"https:\\\/\\\/kohenavocats.com\\\/ru\\\/#\\\/schema\\\/logo\\\/image\\\/\"}}]}<\/script>\n<!-- \/ Yoast SEO Premium plugin. -->","yoast_head_json":{"title":"ECLI:NL:RVS:2025:4637 Raad van State , 29-09-2025 \/ 202505183\/1\/A2 - Ma\u00eetre Hassan Kohen, avocat en droit p\u00e9nal \u00e0 Paris","robots":{"index":"index","follow":"follow","max-snippet":"max-snippet:-1","max-image-preview":"max-image-preview:large","max-video-preview":"max-video-preview:-1"},"canonical":"https:\/\/kohenavocats.com\/ru\/jurisprudences\/eclinlrvs20254637-raad-van-state-29-09-2025-202505183-1-a2-2\/","og_locale":"ru_RU","og_type":"article","og_title":"ECLI:NL:RVS:2025:4637 Raad van State , 29-09-2025 \/ 202505183\/1\/A2","og_description":"Het beroep richt zich tegen het besluit van het centraal stembureau van 19 september 2025, waarbij - voor zover hier van belang - de kandidatenlijsten van 27 politieke groeperingen voor \u00e9\u00e9n of meerdere kieskringen geldig zijn verklaard. [appellant] betoogt dat het centraal stembureau de kandidatenlijsten niet geldig had mogen verklaren zonder de partijen die de kandidatenlijsten hebben ingedien...","og_url":"https:\/\/kohenavocats.com\/ru\/jurisprudences\/eclinlrvs20254637-raad-van-state-29-09-2025-202505183-1-a2-2\/","og_site_name":"Ma\u00eetre Hassan Kohen, avocat en droit p\u00e9nal \u00e0 Paris","twitter_card":"summary_large_image","twitter_misc":{"\u041f\u0440\u0438\u043c\u0435\u0440\u043d\u043e\u0435 \u0432\u0440\u0435\u043c\u044f \u0434\u043b\u044f \u0447\u0442\u0435\u043d\u0438\u044f":"2 \u043c\u0438\u043d\u0443\u0442\u044b"},"schema":{"@context":"https:\/\/schema.org","@graph":[{"@type":"WebPage","@id":"https:\/\/kohenavocats.com\/ru\/jurisprudences\/eclinlrvs20254637-raad-van-state-29-09-2025-202505183-1-a2-2\/","url":"https:\/\/kohenavocats.com\/ru\/jurisprudences\/eclinlrvs20254637-raad-van-state-29-09-2025-202505183-1-a2-2\/","name":"ECLI:NL:RVS:2025:4637 Raad van State , 29-09-2025 \/ 202505183\/1\/A2 - Ma\u00eetre Hassan Kohen, avocat en droit p\u00e9nal \u00e0 Paris","isPartOf":{"@id":"https:\/\/kohenavocats.com\/ru\/#website"},"datePublished":"2026-04-24T12:28:13+00:00","breadcrumb":{"@id":"https:\/\/kohenavocats.com\/ru\/jurisprudences\/eclinlrvs20254637-raad-van-state-29-09-2025-202505183-1-a2-2\/#breadcrumb"},"inLanguage":"ru-RU","potentialAction":[{"@type":"ReadAction","target":["https:\/\/kohenavocats.com\/ru\/jurisprudences\/eclinlrvs20254637-raad-van-state-29-09-2025-202505183-1-a2-2\/"]}]},{"@type":"BreadcrumbList","@id":"https:\/\/kohenavocats.com\/ru\/jurisprudences\/eclinlrvs20254637-raad-van-state-29-09-2025-202505183-1-a2-2\/#breadcrumb","itemListElement":[{"@type":"ListItem","position":1,"name":"Home","item":"https:\/\/kohenavocats.com\/ru\/avocats-en-droit-penal-a-paris-conseil-et-defense-strategique\/"},{"@type":"ListItem","position":2,"name":"Jurisprudences","item":"https:\/\/kohenavocats.com\/ru\/jurisprudences\/"},{"@type":"ListItem","position":3,"name":"ECLI:NL:RVS:2025:4637 Raad van State , 29-09-2025 \/ 202505183\/1\/A2"}]},{"@type":"WebSite","@id":"https:\/\/kohenavocats.com\/ru\/#website","url":"https:\/\/kohenavocats.com\/ru\/","name":"Kohen Avocats","description":"Ma\u00eetre Hassan Kohen, avocat p\u00e9naliste \u00e0 Paris, intervient exclusivement en droit p\u00e9nal pour la d\u00e9fense des particuliers, notamment en mati\u00e8re d\u2019accusations de viol. Il assure un accompagnement rigoureux d\u00e8s la garde \u00e0 vue jusqu\u2019\u00e0 la Cour d\u2019assises, veillant au strict respect des garanties proc\u00e9durales.","publisher":{"@id":"https:\/\/kohenavocats.com\/ru\/#organization"},"potentialAction":[{"@type":"SearchAction","target":{"@type":"EntryPoint","urlTemplate":"https:\/\/kohenavocats.com\/ru\/?s={search_term_string}"},"query-input":{"@type":"PropertyValueSpecification","valueRequired":true,"valueName":"search_term_string"}}],"inLanguage":"ru-RU"},{"@type":"Organization","@id":"https:\/\/kohenavocats.com\/ru\/#organization","name":"Kohen Avocats","url":"https:\/\/kohenavocats.com\/ru\/","logo":{"@type":"ImageObject","inLanguage":"ru-RU","@id":"https:\/\/kohenavocats.com\/ru\/#\/schema\/logo\/image\/","url":"https:\/\/kohenavocats.com\/wp-content\/uploads\/2026\/01\/Logo-2-1.webp","contentUrl":"https:\/\/kohenavocats.com\/wp-content\/uploads\/2026\/01\/Logo-2-1.webp","width":2114,"height":1253,"caption":"Kohen Avocats"},"image":{"@id":"https:\/\/kohenavocats.com\/ru\/#\/schema\/logo\/image\/"}}]}},"jetpack_likes_enabled":false,"jetpack_sharing_enabled":true,"_links":{"self":[{"href":"https:\/\/kohenavocats.com\/ru\/wp-json\/wp\/v2\/kji_decision\/672892","targetHints":{"allow":["GET"]}}],"collection":[{"href":"https:\/\/kohenavocats.com\/ru\/wp-json\/wp\/v2\/kji_decision"}],"about":[{"href":"https:\/\/kohenavocats.com\/ru\/wp-json\/wp\/v2\/types\/kji_decision"}],"wp:attachment":[{"href":"https:\/\/kohenavocats.com\/ru\/wp-json\/wp\/v2\/media?parent=672892"}],"wp:term":[{"taxonomy":"kji_country","embeddable":true,"href":"https:\/\/kohenavocats.com\/ru\/wp-json\/wp\/v2\/kji_country?post=672892"},{"taxonomy":"kji_court","embeddable":true,"href":"https:\/\/kohenavocats.com\/ru\/wp-json\/wp\/v2\/kji_court?post=672892"},{"taxonomy":"kji_chamber","embeddable":true,"href":"https:\/\/kohenavocats.com\/ru\/wp-json\/wp\/v2\/kji_chamber?post=672892"},{"taxonomy":"kji_year","embeddable":true,"href":"https:\/\/kohenavocats.com\/ru\/wp-json\/wp\/v2\/kji_year?post=672892"},{"taxonomy":"kji_subject","embeddable":true,"href":"https:\/\/kohenavocats.com\/ru\/wp-json\/wp\/v2\/kji_subject?post=672892"},{"taxonomy":"kji_keyword","embeddable":true,"href":"https:\/\/kohenavocats.com\/ru\/wp-json\/wp\/v2\/kji_keyword?post=672892"},{"taxonomy":"kji_language","embeddable":true,"href":"https:\/\/kohenavocats.com\/ru\/wp-json\/wp\/v2\/kji_language?post=672892"}],"curies":[{"name":"wp","href":"https:\/\/api.w.org\/{rel}","templated":true}]}}