{"id":672996,"date":"2026-04-24T14:48:42","date_gmt":"2026-04-24T12:48:42","guid":{"rendered":"https:\/\/kohenavocats.com\/jurisprudences\/cour-superieure-de-justice-22-fevrier-2022\/"},"modified":"2026-04-24T14:48:45","modified_gmt":"2026-04-24T12:48:45","slug":"cour-superieure-de-justice-22-fevrier-2022","status":"publish","type":"kji_decision","link":"https:\/\/kohenavocats.com\/ru\/jurisprudences\/cour-superieure-de-justice-22-fevrier-2022\/","title":{"rendered":"Cour sup\u00e9rieure de justice, 22 f\u00e9vrier 2022"},"content":{"rendered":"<div class=\"kji-decision\">\n<div class=\"kji-full-text\">\n<p>Arr\u00eat n\u00b0186\/22Ch.c.C. du22f\u00e9vrier2022. (Not.:6624\/20\/CD) La chambre du conseil de la Cour d&#039;appel du Grand-Duch\u00e9 de Luxembourg arendulevingt-deuxf\u00e9vrierdeuxmillevingt-deuxl&#039;arr\u00eatqui suit: Vu les pi\u00e8ces de la proc\u00e9dure instruite \u00e0 charge de: la soci\u00e9t\u00e9SOCIETE1.)Limited,\u00e9tablie et ayant son si\u00e8ge social \u00e0 ADRESSE1.), Chypre, etla soci\u00e9t\u00e9SOCIETE2.)Limited,\u00e9tablie et ayant son si\u00e8ge social \u00e0 ADRESSE2.), British Virgin Islands, Vu l&#039;ordonnance n\u00b02012\/21rendue le22 octobre2021par la chambre du conseil du tribunal d&#039;arrondissement deet \u00e0Luxembourg; Vu l&#039;appel relev\u00e9 de cette ordonnance le26 octobre 2021parle procureur d\u2019\u00c9tat de Luxembourgpard\u00e9claration re\u00e7ue au greffe du tribunal d\u2019arrondissement de et \u00e0Luxembourg; Vu lesinformationsdu10 d\u00e9cembre2021donn\u00e9esparlettres recommand\u00e9es\u00e0 la posteaux soci\u00e9t\u00e9sSOCIETE1.)LimitedetSOCIETE2.) Limitedainsiqu\u2019\u00e0 leurconseilpourla s\u00e9ance dumardi,25 janvier 2021; Entendus en cette s\u00e9ance; Monsieurle premier avocat g\u00e9n\u00e9ral Marc HARPES,assumant les fonctions de Minist\u00e8re public, en sesmoyens d\u2019appel; Ma\u00eetre Louis HOUBERT, avocat \u00e0 la Cour, en remplacement deMa\u00eetre Philipp SIMON, avocatexer\u00e7ant sous son titre professionnel d\u2019origine,les deux demeurant \u00e0Luxembourg, comparant pourles soci\u00e9t\u00e9sSOCIETE1.)Limited et SOCIETE2.)Limited,en sesconclusions; Apr\u00e8s avoir d\u00e9lib\u00e9r\u00e9 conform\u00e9ment \u00e0 la loi; LA CHAMBRE DU CONSEIL DE LA COUR D&#039;APPEL : Par d\u00e9claration du 26 octobre 2021 au greffe du tribunal d\u2019arrondissement de et \u00e0 Luxembourg, le procureur d\u2019Etat de Luxembourg a r\u00e9guli\u00e8rement relev\u00e9 appel de l\u2019ordonnance n\u00b02012\/21 de la chambre du conseil du susdit tribunal du 22 octobre 2021 ayant d\u00e9clar\u00e9 recevable et fond\u00e9e la demande en restitution introduite par les soci\u00e9t\u00e9sSOCIETE1.)Limited et SOCIETE2.)Limited et ordonn\u00e9 la restitution aux soci\u00e9t\u00e9s requ\u00e9rantes des fonds inscrits sur les comptes ouverts aupr\u00e8s de la banqueSOCIETE3.), en<\/p>\n<p>2 liquidation judiciaire, saisis suivant proc\u00e8s -verbal n\u00b0SPJ\/AB\/2020\/82437.3\/LAJE du 4 juin 2020 de la police judiciaire. L\u2019ordonnance entreprise est jointe au pr\u00e9sent arr\u00eat. A l\u2019audience de la Cour, le repr\u00e9sentantdu Parquet g\u00e9n\u00e9ralestime, en premier lieu, que les intim\u00e9es n\u2019ont pas qualit\u00e9 pour solliciter la restitution des avoirs saisis eu \u00e9gard au fait que la banqueSOCIETE3.), aupr\u00e8s de laquelle les fonds en question se trouvent d\u00e9pos\u00e9s, a \u00e9t\u00e9 dissoute et plac\u00e9e en liquidation judiciaire. Il conclut en cons\u00e9quence \u00e0 voir d\u00e9clarer, par r\u00e9formation, la demande en restitution irrecevable. Il fait valoir ensuite qu\u2019une demande en mainlev\u00e9e de la saisie, qui en l\u2019occurrence constituerait une \u00abdemande nouvelle\u00bb aurait d\u00fb, aux termes de l\u2019article 67 du Code de proc\u00e9dure p\u00e9nale, \u00eatre adress\u00e9e au juge d\u2019instruction. Pour le surplus, il conclut \u00e0 la r\u00e9formation de l\u2019ordonnance d\u00e9f\u00e9r\u00e9e et \u00e0 voir dire la requ\u00eate en restitution non fond\u00e9e. Les intim\u00e9es sollicitent la confirmation de la d\u00e9cision entreprise, sinon la mainlev\u00e9e des sommes saisis et la restitution des titres. Elles estiment que les titres et autres valeurs mobili\u00e8res des clients de la banqueSOCIETE3.)sont \u00abhors masse\u00bb. Contrairement \u00e0 l\u2019opinion des soci\u00e9t\u00e9sintim\u00e9es, le moyen d\u2019irrecevabilit\u00e9 soulev\u00e9 par le Minist\u00e8re public ne constitue pas une demande nouvelle, mais un moyen juridique nouveau, recevable en instance d\u2019appel, destin\u00e9 \u00e0 faire \u00e9chec \u00e0 la demande initiale. Suivant ledit proc\u00e8s-verbal n\u00b0SPJ\/AB\/2020\/82437.3\/LAJE du 4 juin 2020 de la police judiciaire ont \u00e9t\u00e9 saisis aupr\u00e8sde la banqueSOCIETE3.)au pr\u00e9judice de la soci\u00e9t\u00e9SOCIETE1.)Limited les sommes de 124.917,31 euros et de 56.934,37 USD et le montant de 210.468,05 USD en titres avec valeur au 4 juin 2020, ainsi qu\u2019au pr\u00e9judice de la soci\u00e9t\u00e9SOCIETE2.)Limited les sommes de 128.155,59 euros, de 58.001,85 euros et de 319,67 USD et le montant de 211.786,99 USD en titres avec valeur au 4 juin 2020. La nature des titres saisis ne ressort ni du dossier r\u00e9pressif, ni n\u2019a \u00e9t\u00e9 pr\u00e9cis\u00e9e par les parties. Suite au jugement du tribunal d\u2019arrondissement de Luxembourg du 2 juillet 2019, pronon\u00e7ant la dissolution et la mise en liquidation de la banque SOCIETE3.)et eu \u00e9gard au mode de liquidation arr\u00eat\u00e9 par ledit jugement, les d\u00e9posants aupr\u00e8s de celle-ci ne peuvent plus disposer de leurs avoirs. Ils sont uniquement titulaires d\u2019un droit de cr\u00e9ance sur un dividende \u00e9ventuel dont le montant sera arr\u00eat\u00e9 \u00e0 la fin des op\u00e9rations de liquidation. Conform\u00e9ment \u00e0 l\u2019article 10, paragraphe (1), de la loi modifi\u00e9e du 1 er ao\u00fbt 2001 concernant la circulation des titres, en cas de proc\u00e9dure de liquidation du teneur de comptes, comme en l\u2019occurrence, la revendication de titres s\u2019exerce aupr\u00e8s du liquidateur collectivement sur l\u2019universalit\u00e9 des titres de m\u00eame genre. Celui-ci devra donc tenir compte des droits des autres titulaires de comptes, \u00e9tant pr\u00e9cis\u00e9 que suivant l\u2019article 1 er , paragraphe (3), de ladite loi du 1 er ao\u00fbt 2001,les titres re\u00e7us en d\u00e9p\u00f4t ou tenus en compte-titres aupr\u00e8s d\u2019un teneur de comptes sans indication de num\u00e9ros ou d\u2019autres \u00e9l\u00e9ments d\u2019identification individuelssont r\u00e9put\u00e9s fongibles. Il s\u2019ensuit que lesintim\u00e9esn\u2019ont pas qualit\u00e9 pour requ\u00e9rir en justice la restitution ni des fonds saisis, ni des titres saisis.<\/p>\n<p>3 En effet, lesintim\u00e9es, cr\u00e9anci\u00e8res d\u2019une soci\u00e9t\u00e9 en liquidation judiciaire, ne peuvent se voir conf\u00e9rer, par la restitution d\u2019avoirsqui ont fait l\u2019objet d\u2019une saisine p\u00e9nale, un privil\u00e8ge par rapport aux autres cr\u00e9anciers de cette soci\u00e9t\u00e9. Il appartient aux liquidateurs de l\u2019\u00e9tablissement de cr\u00e9dit, qui agissent au nom de tous les cr\u00e9anciers, de demander la lev\u00e9e de l\u2019obstacle que constitue, \u00e0 leur d\u00e9triment, la saisie p\u00e9nale. Il s\u2019ensuit que la demande en restitution est, par r\u00e9formation, \u00e0 d\u00e9clarer irrecevable. P A R C E S M O T I F S : d\u00e9clare l\u2019appel recevable, le dit fond\u00e9, r\u00e9formant: d\u00e9clare la demandeen restitution introduite par les soci\u00e9t\u00e9s SOCIETE1.)Limited etSOCIETE2.)Limited irrecevable, r\u00e9serve les frais. Ainsi fait et jug\u00e9 par la chambre du conseil de la Courd&#039;appel du Grand-Duch\u00e9 de Luxembourg \u00e0 Luxembourg, Cit\u00e9 Judiciaire, Plateau du St. Esprit, o\u00f9 \u00e9taient pr\u00e9sents: Nathalie JUNG, pr\u00e9sident de chambre, Fran\u00e7ois ROSEN, premier conseiller, Marc WAGNER, conseiller, qui ont sign\u00e9 le pr\u00e9sent arr\u00eat avec le greffier assum\u00e9Christophe MILLER.<\/p>\n<\/div>\n<hr class=\"kji-sep\" \/>\n<p class=\"kji-source-links\"><strong>Sources officielles :<\/strong> <a class=\"kji-source-link\" href=\"https:\/\/data.public.lu\/fr\/datasets\/cour-superieure-de-justice-chambre-du-conseil\/\" target=\"_blank\" rel=\"noopener noreferrer\">consulter la page source<\/a> &middot; <a class=\"kji-pdf-link\" href=\"https:\/\/download.data.public.lu\/resources\/cour-superieure-de-justice-chambre-du-conseil\/20250505-011354\/20220222-cachaco-186-pseudonymise-accessible.pdf\" target=\"_blank\" rel=\"noopener noreferrer\">PDF officiel<\/a><\/p>\n<p class=\"kji-license-note\"><em>Licence CC BY-ND 4.0 (Administration judiciaire, data.public.lu). Republication autorisee avec attribution, sans modification editoriale du texte integral.<\/em><\/p>\n<\/div>\n","protected":false},"excerpt":{"rendered":"<p>Arr\u00eat n\u00b0186\/22Ch.c.C. du22f\u00e9vrier2022. (Not.:6624\/20\/CD) La chambre du conseil de la Cour d&#8217;appel du Grand-Duch\u00e9 de Luxembourg arendulevingt-deuxf\u00e9vrierdeuxmillevingt-deuxl&#8217;arr\u00eatqui suit: Vu les pi\u00e8ces de la proc\u00e9dure instruite \u00e0 charge de: la soci\u00e9t\u00e9SOCIETE1.)Limited,\u00e9tablie et ayant son si\u00e8ge social \u00e0 ADRESSE1.), Chypre, etla soci\u00e9t\u00e9SOCIETE2.)Limited,\u00e9tablie et ayant son si\u00e8ge social\u2026<\/p>\n","protected":false},"featured_media":0,"template":"","meta":{"_crdt_document":""},"kji_country":[8418],"kji_court":[12305],"kji_chamber":[23318],"kji_year":[32183],"kji_subject":[7724],"kji_keyword":[8683,8457,9055,12307],"kji_language":[7733],"class_list":["post-672996","kji_decision","type-kji_decision","status-publish","hentry","kji_country-luxembourg","kji_court-cour-superieure-de-justice","kji_chamber-chambre-du-conseil","kji_year-32183","kji_subject-civil","kji_keyword-arret","kji_keyword-fevrier","kji_keyword-justice","kji_keyword-superieure","kji_language-francais"],"yoast_head":"<!-- This site is optimized with the Yoast SEO Premium plugin v27.5 (Yoast SEO v27.5) - https:\/\/yoast.com\/product\/yoast-seo-premium-wordpress\/ -->\n<title>Cour sup\u00e9rieure de justice, 22 f\u00e9vrier 2022 - Ma\u00eetre Hassan Kohen, avocat en droit p\u00e9nal \u00e0 Paris<\/title>\n<meta name=\"robots\" content=\"index, follow, max-snippet:-1, max-image-preview:large, max-video-preview:-1\" \/>\n<link rel=\"canonical\" href=\"https:\/\/kohenavocats.com\/ru\/jurisprudences\/cour-superieure-de-justice-22-fevrier-2022\/\" \/>\n<meta property=\"og:locale\" content=\"ru_RU\" \/>\n<meta property=\"og:type\" content=\"article\" \/>\n<meta property=\"og:title\" content=\"Cour sup\u00e9rieure de justice, 22 f\u00e9vrier 2022\" \/>\n<meta property=\"og:description\" content=\"Arr\u00eat n\u00b0186\/22Ch.c.C. du22f\u00e9vrier2022. (Not.:6624\/20\/CD) La chambre du conseil de la Cour d&#039;appel du Grand-Duch\u00e9 de Luxembourg arendulevingt-deuxf\u00e9vrierdeuxmillevingt-deuxl&#039;arr\u00eatqui suit: Vu les pi\u00e8ces de la proc\u00e9dure instruite \u00e0 charge de: la soci\u00e9t\u00e9SOCIETE1.)Limited,\u00e9tablie et ayant son si\u00e8ge social \u00e0 ADRESSE1.), Chypre, etla soci\u00e9t\u00e9SOCIETE2.)Limited,\u00e9tablie et ayant son si\u00e8ge social\u2026\" \/>\n<meta property=\"og:url\" content=\"https:\/\/kohenavocats.com\/ru\/jurisprudences\/cour-superieure-de-justice-22-fevrier-2022\/\" \/>\n<meta property=\"og:site_name\" content=\"Ma\u00eetre Hassan Kohen, avocat en droit p\u00e9nal \u00e0 Paris\" \/>\n<meta property=\"article:modified_time\" content=\"2026-04-24T12:48:45+00:00\" \/>\n<meta name=\"twitter:card\" content=\"summary_large_image\" \/>\n<meta name=\"twitter:label1\" content=\"\u041f\u0440\u0438\u043c\u0435\u0440\u043d\u043e\u0435 \u0432\u0440\u0435\u043c\u044f \u0434\u043b\u044f \u0447\u0442\u0435\u043d\u0438\u044f\" \/>\n\t<meta name=\"twitter:data1\" content=\"5 \u043c\u0438\u043d\u0443\u0442\" \/>\n<script type=\"application\/ld+json\" class=\"yoast-schema-graph\">{\"@context\":\"https:\\\/\\\/schema.org\",\"@graph\":[{\"@type\":\"WebPage\",\"@id\":\"https:\\\/\\\/kohenavocats.com\\\/ru\\\/jurisprudences\\\/cour-superieure-de-justice-22-fevrier-2022\\\/\",\"url\":\"https:\\\/\\\/kohenavocats.com\\\/ru\\\/jurisprudences\\\/cour-superieure-de-justice-22-fevrier-2022\\\/\",\"name\":\"Cour sup\u00e9rieure de justice, 22 f\u00e9vrier 2022 - Ma\u00eetre Hassan Kohen, avocat en droit p\u00e9nal \u00e0 Paris\",\"isPartOf\":{\"@id\":\"https:\\\/\\\/kohenavocats.com\\\/ru\\\/#website\"},\"datePublished\":\"2026-04-24T12:48:42+00:00\",\"dateModified\":\"2026-04-24T12:48:45+00:00\",\"breadcrumb\":{\"@id\":\"https:\\\/\\\/kohenavocats.com\\\/ru\\\/jurisprudences\\\/cour-superieure-de-justice-22-fevrier-2022\\\/#breadcrumb\"},\"inLanguage\":\"ru-RU\",\"potentialAction\":[{\"@type\":\"ReadAction\",\"target\":[\"https:\\\/\\\/kohenavocats.com\\\/ru\\\/jurisprudences\\\/cour-superieure-de-justice-22-fevrier-2022\\\/\"]}]},{\"@type\":\"BreadcrumbList\",\"@id\":\"https:\\\/\\\/kohenavocats.com\\\/ru\\\/jurisprudences\\\/cour-superieure-de-justice-22-fevrier-2022\\\/#breadcrumb\",\"itemListElement\":[{\"@type\":\"ListItem\",\"position\":1,\"name\":\"Home\",\"item\":\"https:\\\/\\\/kohenavocats.com\\\/ru\\\/avocats-en-droit-penal-a-paris-conseil-et-defense-strategique\\\/\"},{\"@type\":\"ListItem\",\"position\":2,\"name\":\"Jurisprudences\",\"item\":\"https:\\\/\\\/kohenavocats.com\\\/ru\\\/jurisprudences\\\/\"},{\"@type\":\"ListItem\",\"position\":3,\"name\":\"Cour sup\u00e9rieure de justice, 22 f\u00e9vrier 2022\"}]},{\"@type\":\"WebSite\",\"@id\":\"https:\\\/\\\/kohenavocats.com\\\/ru\\\/#website\",\"url\":\"https:\\\/\\\/kohenavocats.com\\\/ru\\\/\",\"name\":\"Kohen Avocats\",\"description\":\"Ma\u00eetre Hassan Kohen, avocat p\u00e9naliste \u00e0 Paris, intervient exclusivement en droit p\u00e9nal pour la d\u00e9fense des particuliers, notamment en mati\u00e8re d\u2019accusations de viol. Il assure un accompagnement rigoureux d\u00e8s la garde \u00e0 vue jusqu\u2019\u00e0 la Cour d\u2019assises, veillant au strict respect des garanties proc\u00e9durales.\",\"publisher\":{\"@id\":\"https:\\\/\\\/kohenavocats.com\\\/ru\\\/#organization\"},\"potentialAction\":[{\"@type\":\"SearchAction\",\"target\":{\"@type\":\"EntryPoint\",\"urlTemplate\":\"https:\\\/\\\/kohenavocats.com\\\/ru\\\/?s={search_term_string}\"},\"query-input\":{\"@type\":\"PropertyValueSpecification\",\"valueRequired\":true,\"valueName\":\"search_term_string\"}}],\"inLanguage\":\"ru-RU\"},{\"@type\":\"Organization\",\"@id\":\"https:\\\/\\\/kohenavocats.com\\\/ru\\\/#organization\",\"name\":\"Kohen Avocats\",\"url\":\"https:\\\/\\\/kohenavocats.com\\\/ru\\\/\",\"logo\":{\"@type\":\"ImageObject\",\"inLanguage\":\"ru-RU\",\"@id\":\"https:\\\/\\\/kohenavocats.com\\\/ru\\\/#\\\/schema\\\/logo\\\/image\\\/\",\"url\":\"https:\\\/\\\/kohenavocats.com\\\/wp-content\\\/uploads\\\/2026\\\/01\\\/Logo-2-1.webp\",\"contentUrl\":\"https:\\\/\\\/kohenavocats.com\\\/wp-content\\\/uploads\\\/2026\\\/01\\\/Logo-2-1.webp\",\"width\":2114,\"height\":1253,\"caption\":\"Kohen Avocats\"},\"image\":{\"@id\":\"https:\\\/\\\/kohenavocats.com\\\/ru\\\/#\\\/schema\\\/logo\\\/image\\\/\"}}]}<\/script>\n<!-- \/ Yoast SEO Premium plugin. -->","yoast_head_json":{"title":"Cour sup\u00e9rieure de justice, 22 f\u00e9vrier 2022 - Ma\u00eetre Hassan Kohen, avocat en droit p\u00e9nal \u00e0 Paris","robots":{"index":"index","follow":"follow","max-snippet":"max-snippet:-1","max-image-preview":"max-image-preview:large","max-video-preview":"max-video-preview:-1"},"canonical":"https:\/\/kohenavocats.com\/ru\/jurisprudences\/cour-superieure-de-justice-22-fevrier-2022\/","og_locale":"ru_RU","og_type":"article","og_title":"Cour sup\u00e9rieure de justice, 22 f\u00e9vrier 2022","og_description":"Arr\u00eat n\u00b0186\/22Ch.c.C. du22f\u00e9vrier2022. (Not.:6624\/20\/CD) La chambre du conseil de la Cour d'appel du Grand-Duch\u00e9 de Luxembourg arendulevingt-deuxf\u00e9vrierdeuxmillevingt-deuxl'arr\u00eatqui suit: Vu les pi\u00e8ces de la proc\u00e9dure instruite \u00e0 charge de: la soci\u00e9t\u00e9SOCIETE1.)Limited,\u00e9tablie et ayant son si\u00e8ge social \u00e0 ADRESSE1.), Chypre, etla soci\u00e9t\u00e9SOCIETE2.)Limited,\u00e9tablie et ayant son si\u00e8ge social\u2026","og_url":"https:\/\/kohenavocats.com\/ru\/jurisprudences\/cour-superieure-de-justice-22-fevrier-2022\/","og_site_name":"Ma\u00eetre Hassan Kohen, avocat en droit p\u00e9nal \u00e0 Paris","article_modified_time":"2026-04-24T12:48:45+00:00","twitter_card":"summary_large_image","twitter_misc":{"\u041f\u0440\u0438\u043c\u0435\u0440\u043d\u043e\u0435 \u0432\u0440\u0435\u043c\u044f \u0434\u043b\u044f \u0447\u0442\u0435\u043d\u0438\u044f":"5 \u043c\u0438\u043d\u0443\u0442"},"schema":{"@context":"https:\/\/schema.org","@graph":[{"@type":"WebPage","@id":"https:\/\/kohenavocats.com\/ru\/jurisprudences\/cour-superieure-de-justice-22-fevrier-2022\/","url":"https:\/\/kohenavocats.com\/ru\/jurisprudences\/cour-superieure-de-justice-22-fevrier-2022\/","name":"Cour sup\u00e9rieure de justice, 22 f\u00e9vrier 2022 - Ma\u00eetre Hassan Kohen, avocat en droit p\u00e9nal \u00e0 Paris","isPartOf":{"@id":"https:\/\/kohenavocats.com\/ru\/#website"},"datePublished":"2026-04-24T12:48:42+00:00","dateModified":"2026-04-24T12:48:45+00:00","breadcrumb":{"@id":"https:\/\/kohenavocats.com\/ru\/jurisprudences\/cour-superieure-de-justice-22-fevrier-2022\/#breadcrumb"},"inLanguage":"ru-RU","potentialAction":[{"@type":"ReadAction","target":["https:\/\/kohenavocats.com\/ru\/jurisprudences\/cour-superieure-de-justice-22-fevrier-2022\/"]}]},{"@type":"BreadcrumbList","@id":"https:\/\/kohenavocats.com\/ru\/jurisprudences\/cour-superieure-de-justice-22-fevrier-2022\/#breadcrumb","itemListElement":[{"@type":"ListItem","position":1,"name":"Home","item":"https:\/\/kohenavocats.com\/ru\/avocats-en-droit-penal-a-paris-conseil-et-defense-strategique\/"},{"@type":"ListItem","position":2,"name":"Jurisprudences","item":"https:\/\/kohenavocats.com\/ru\/jurisprudences\/"},{"@type":"ListItem","position":3,"name":"Cour sup\u00e9rieure de justice, 22 f\u00e9vrier 2022"}]},{"@type":"WebSite","@id":"https:\/\/kohenavocats.com\/ru\/#website","url":"https:\/\/kohenavocats.com\/ru\/","name":"Kohen Avocats","description":"Ma\u00eetre Hassan Kohen, avocat p\u00e9naliste \u00e0 Paris, intervient exclusivement en droit p\u00e9nal pour la d\u00e9fense des particuliers, notamment en mati\u00e8re d\u2019accusations de viol. Il assure un accompagnement rigoureux d\u00e8s la garde \u00e0 vue jusqu\u2019\u00e0 la Cour d\u2019assises, veillant au strict respect des garanties proc\u00e9durales.","publisher":{"@id":"https:\/\/kohenavocats.com\/ru\/#organization"},"potentialAction":[{"@type":"SearchAction","target":{"@type":"EntryPoint","urlTemplate":"https:\/\/kohenavocats.com\/ru\/?s={search_term_string}"},"query-input":{"@type":"PropertyValueSpecification","valueRequired":true,"valueName":"search_term_string"}}],"inLanguage":"ru-RU"},{"@type":"Organization","@id":"https:\/\/kohenavocats.com\/ru\/#organization","name":"Kohen Avocats","url":"https:\/\/kohenavocats.com\/ru\/","logo":{"@type":"ImageObject","inLanguage":"ru-RU","@id":"https:\/\/kohenavocats.com\/ru\/#\/schema\/logo\/image\/","url":"https:\/\/kohenavocats.com\/wp-content\/uploads\/2026\/01\/Logo-2-1.webp","contentUrl":"https:\/\/kohenavocats.com\/wp-content\/uploads\/2026\/01\/Logo-2-1.webp","width":2114,"height":1253,"caption":"Kohen Avocats"},"image":{"@id":"https:\/\/kohenavocats.com\/ru\/#\/schema\/logo\/image\/"}}]}},"jetpack_likes_enabled":false,"jetpack_sharing_enabled":true,"_links":{"self":[{"href":"https:\/\/kohenavocats.com\/ru\/wp-json\/wp\/v2\/kji_decision\/672996","targetHints":{"allow":["GET"]}}],"collection":[{"href":"https:\/\/kohenavocats.com\/ru\/wp-json\/wp\/v2\/kji_decision"}],"about":[{"href":"https:\/\/kohenavocats.com\/ru\/wp-json\/wp\/v2\/types\/kji_decision"}],"wp:attachment":[{"href":"https:\/\/kohenavocats.com\/ru\/wp-json\/wp\/v2\/media?parent=672996"}],"wp:term":[{"taxonomy":"kji_country","embeddable":true,"href":"https:\/\/kohenavocats.com\/ru\/wp-json\/wp\/v2\/kji_country?post=672996"},{"taxonomy":"kji_court","embeddable":true,"href":"https:\/\/kohenavocats.com\/ru\/wp-json\/wp\/v2\/kji_court?post=672996"},{"taxonomy":"kji_chamber","embeddable":true,"href":"https:\/\/kohenavocats.com\/ru\/wp-json\/wp\/v2\/kji_chamber?post=672996"},{"taxonomy":"kji_year","embeddable":true,"href":"https:\/\/kohenavocats.com\/ru\/wp-json\/wp\/v2\/kji_year?post=672996"},{"taxonomy":"kji_subject","embeddable":true,"href":"https:\/\/kohenavocats.com\/ru\/wp-json\/wp\/v2\/kji_subject?post=672996"},{"taxonomy":"kji_keyword","embeddable":true,"href":"https:\/\/kohenavocats.com\/ru\/wp-json\/wp\/v2\/kji_keyword?post=672996"},{"taxonomy":"kji_language","embeddable":true,"href":"https:\/\/kohenavocats.com\/ru\/wp-json\/wp\/v2\/kji_language?post=672996"}],"curies":[{"name":"wp","href":"https:\/\/api.w.org\/{rel}","templated":true}]}}