{"id":673361,"date":"2026-04-24T15:41:56","date_gmt":"2026-04-24T13:41:56","guid":{"rendered":"https:\/\/kohenavocats.com\/jurisprudences\/cour-de-cassation-3-fevrier-2022-n-2021-00133\/"},"modified":"2026-04-24T15:42:01","modified_gmt":"2026-04-24T13:42:01","slug":"cour-de-cassation-3-fevrier-2022-n-2021-00133","status":"publish","type":"kji_decision","link":"https:\/\/kohenavocats.com\/ru\/jurisprudences\/cour-de-cassation-3-fevrier-2022-n-2021-00133\/","title":{"rendered":"Cour de cassation, 3 f\u00e9vrier 2022, n\u00b0 2021-00133"},"content":{"rendered":"<div class=\"kji-decision\">\n<div class=\"kji-full-text\">\n<p>1<\/p>\n<p>N\u00b0 11 \/ 2022 p\u00e9nal du 03.02.2022 Not. 4909\/20\/XD Num\u00e9ro CAS -2021-00133 du registre.<\/p>\n<p>La Cour de cassation du Grand- Duch\u00e9 de Luxembourg, a rendu en son audience publique du jeudi, trois f\u00e9vrier deux mille vingt-deux,<\/p>\n<p>l&#039;arr\u00eat qui suit :<\/p>\n<p>Entre :<\/p>\n<p>le MINISTERE PUBLIC, exer\u00e7ant l\u2019action publique pour la r\u00e9pression des crimes et d\u00e9lits,<\/p>\n<p>et<\/p>\n<p>R),<\/p>\n<p>pr\u00e9venu,<\/p>\n<p>sur la requ\u00eate en r\u00e8glement de juges d\u00e9pos\u00e9e au greffe de la Cour le 15 d\u00e9cembre 2021 par le procureur g\u00e9n\u00e9ral d\u2019Etat .<\/p>\n<p>___________________________________________________________________<\/p>\n<p>Vu la requ\u00eate en r\u00e8glement de juges pr\u00e9sent\u00e9e le 15 d\u00e9cembre 2021 par le procureur g\u00e9n\u00e9ral d\u2019Etat ;<\/p>\n<p>Vu l\u2019information adress\u00e9e par lettres recommand\u00e9es \u00e0 la poste \u00e0 Ma\u00eetre Philippe STROESSER , avocat, conseil du pr\u00e9venu R) ;<\/p>\n<p>Sur les conclusions du procureur g\u00e9n\u00e9ral d\u2019Etat adjoint John PETRY .<\/p>\n<p>Vu les articles 525 \u00e0 532 du Code de proc\u00e9dure p\u00e9nale, 38 de la loi modifi\u00e9e du 7 mars 1980 sur l\u2019organisation judiciaire, 37 et 49 de la loi modifi\u00e9e du 18 f\u00e9vrier 1885 sur les pourvois et la proc\u00e9dure en cassation.<\/p>\n<p>Par ordonnance num\u00e9ro 181\/2021 du 4 juin 2021, la chambre du conseil du tribunal d\u2019arrondissement de Diekirch a, apr\u00e8s admission de circonstances<\/p>\n<p>2 att\u00e9nuantes concernant la pr\u00e9vention libell\u00e9e sub I. A.) 1), renvoy\u00e9 R) devant une chambre correctionnelle de ce m\u00eame tribunal, pour avoir :<\/p>\n<p>\u00ab comme auteur des crime et d\u00e9lit pour les avoir ex\u00e9cut\u00e9s lui-m\u00eame,<\/p>\n<p>I. A. le 28 mai 2020 entre 15.40 heures et 16 :05 heures, dans l&#039;arrondissement judiciaire de Diekirch, et notamment \u00e0 L-___, sans pr\u00e9judice quant aux circonstances de temps et de lieux plus exactes, 1) Principalement : tentative de meurtre en infraction aux articles 51, 52, 392 et 393 du Code p\u00e9nal, d&#039;avoir tent\u00e9 de commettre volontairement un homicide avec l&#039;intention de donner la mort, c&#039;est-\u00e0-dire d&#039;avoir tent\u00e9 de commettre un meurtre, tentative qui a \u00e9t\u00e9 manifest\u00e9e par des actes ext\u00e9rieurs qui formaient un commencement d&#039;ex\u00e9cution de ce crime, et qui n&#039;ont \u00e9t\u00e9 suspendus ou n&#039;ont manqu\u00e9 leur effet que par des circonstances ind\u00e9pendantes de la volont\u00e9 de l&#039;auteur, en l&#039;esp\u00e8ce, d&#039;avoir tent\u00e9 de commettre un homicide avec l&#039;intention de donner la mort sur la personne de A) , n\u00e9 le 23\/09\/1985 \u00e0 NANTUA (France), par le fait de lui porter un coup avec une bouteille cass\u00e9e au niveau du cou et plus particuli\u00e8rement \u00e0 proximit\u00e9 de la carotide, lui causant ainsi plusieurs plaies, tentative qui n&#039;a manqu\u00e9 son effet que par le fait qu&#039;aucun vaisseau sanguin n&#039;a \u00e9t\u00e9 perfor\u00e9, 2) Subsidiairement : coups et blessures volontaires ayant caus\u00e9 une maladie ou incapacit\u00e9 de travail personnel<\/p>\n<p>en infraction aux articles 392 et 399 du Code p\u00e9nal, d&#039;avoir volontairement port\u00e9 des coups et fait des blessures avec la circonstance que les coups et blessures ont caus\u00e9 une maladie ou une incapacit\u00e9 de travail personnel, en l&#039;esp\u00e8ce, d&#039;avoir volontairement port\u00e9 des coups et fait des blessures \u00e0 A) , n\u00e9 le 23\/09\/1985 \u00e0 NANTUA (France), en lui portant un coup avec une bouteille cass\u00e9e au niveau du cou et plus particuli\u00e8rement \u00e0 proximit\u00e9 de la carotide, lui causant ainsi une incapacit\u00e9 de travail personnel; 3) Plus subsidiairement : coups et blessures en infraction aux articles 392 et 398 du Code p\u00e9nal, d&#039;avoir volontairement port\u00e9 des coups et fait des blessures,<\/p>\n<p>3 en l&#039;esp\u00e8ce, d&#039;avoir volontairement port\u00e9 des coups et fait des blessures \u00e0 A) , n\u00e9 le 23\/09\/1985 \u00e0 NANTUA (France), en lui portant un coup avec une bouteille cass\u00e9e au niveau du cou et plus particuli\u00e8rement \u00e0 proximit\u00e9 de la carotide,<\/p>\n<p>(\u2026) \u00bb.<\/p>\n<p>Par jugement num\u00e9ro 580\/2021 du 4 novembre 2021, le tribunal d\u2019arrondissement de Diekirch, si\u00e9geant en mati\u00e8re correctionnelle, s\u2019est d\u00e9clar\u00e9 mat\u00e9riellement incomp\u00e9tent pour conna\u00eetre du crime de tentati ve de meurtre libell\u00e9 sub I. A. 1), au motif que les faits reproch\u00e9s au pr\u00e9venu sont sanctionn\u00e9s, m\u00eame en cas d\u2019admission de circonstances att\u00e9nuantes, d\u2019une peine de nature criminelle et constituent d\u00e8s lors un crime.<\/p>\n<p>L\u2019ordonnance de la chambre du conseil et le jugement du tribunal d\u2019arrondissement pr\u00e9cit\u00e9s sont coul\u00e9s en force de chose jug\u00e9e.<\/p>\n<p>Ces d\u00e9cisions sont contradictoires entre elles.<\/p>\n<p>Il en r\u00e9sulte un conflit n\u00e9gatif de juridictions qui entrave le cours de la justice, obstacle qui ne peut \u00eatre lev\u00e9 que par un r\u00e8glement de juges.<\/p>\n<p>Il y a lieu de renvoyer la cause et le pr\u00e9venu devant la chambre du conseil du tribunal d\u2019arrondissement de Diekirch , autrement compos\u00e9e, pour se prononcer sur la qualification des fait s et le renvoi devant la juridiction du fond comp\u00e9tente .<\/p>\n<p>PAR CES MOTIFS,<\/p>\n<p>la Cour de cassation :<\/p>\n<p>r\u00e9glant de juges, sans s\u2019arr\u00eater \u00e0 l\u2019ordonnance num\u00e9ro 181\/2021 rendue le 4 juin 2021 par la chambre du conseil du tribunal d\u2019arrondissement de Diekirch , ni au jugement num\u00e9ro 580 \/2021 rendu le 4 novembre 2021 par le tribunal d\u2019arrondissement de Diekirch, si\u00e9geant en mati\u00e8re correctionnelle, lesquels ordonnance et jugement seront r\u00e9put\u00e9s nuls et non avenus ;<\/p>\n<p>renvoie la cause et le pr\u00e9venu devant la chambre du conseil du tribunal d\u2019arrondissement de Diekirch, autrement compos\u00e9e, pour, sur l\u2019instruction faite ou \u00e0 compl\u00e9ter, s\u2019il y a lieu, \u00eatre statu\u00e9 conform\u00e9ment \u00e0 la loi tant sur les pr\u00e9ventions que sur la comp\u00e9tence ;<\/p>\n<p>r\u00e9serve les frais de la pr\u00e9sente instance pour y \u00eatre statu\u00e9 en m\u00eame temps que sur le fond ;<\/p>\n<p>ordonne qu\u2019\u00e0 la diligence du procureur g\u00e9n\u00e9ral d\u2019Etat, le pr\u00e9sent arr\u00eat soit transcrit sur les registres du tribunal d\u2019arrondissement de Diekirch et qu\u2019une mention renvoyant \u00e0 la transcription de cet arr\u00eat soit consign\u00e9e en marge des minutes de l\u2019ordonnance du 4 juin 2021 et du jugement du 4 novembre 2021, pr\u00e9cit\u00e9s.<\/p>\n<p>Ainsi jug\u00e9 par la Cour de cassation du Grand- Duch\u00e9 de Luxembourg en son audience publique du jeudi, trois f\u00e9vrier deux mille vingt-deux, \u00e0 la Cit\u00e9 Judiciaire, B\u00e2timent CR, Plateau du St. Esprit, compos\u00e9e de :<\/p>\n<p>Roger LINDEN, pr\u00e9sident de la Cour, Serge THILL, conseiller \u00e0 la Cour de cassation, Agn\u00e8s ZAGO, conseiller \u00e0 la Cour de cassation, Fran\u00e7oise SCHANEN, conseiller \u00e0 la Cour d\u2019appel, Jo\u00eblle DIEDERICH, conseiller \u00e0 la Cour d\u2019appel,<\/p>\n<p>qui, \u00e0 l\u2019exception du conseiller Serge THILL, qui se trouvait dans l\u2019impossibilit\u00e9 de signer, ont sign\u00e9 le pr\u00e9sent arr\u00eat avec le greffier Daniel SCHROEDER.<\/p>\n<p>La lecture du pr\u00e9sent arr\u00eat a \u00e9t\u00e9 faite en la susdite audience publique par le pr\u00e9sident Roger LINDEN en pr\u00e9sence du premier avocat g\u00e9n\u00e9ral Marc HARPES et du greffier Daniel SCHROEDER.<\/p>\n<\/div>\n<hr class=\"kji-sep\" \/>\n<p class=\"kji-source-links\"><strong>Sources officielles :<\/strong> <a class=\"kji-source-link\" href=\"https:\/\/data.public.lu\/fr\/datasets\/cour-de-cassation\/\" target=\"_blank\" rel=\"noopener noreferrer\">consulter la page source<\/a> &middot; <a class=\"kji-pdf-link\" href=\"https:\/\/download.data.public.lu\/resources\/cour-de-cassation\/20240806-154034\/20220203-cas-2021-00133-11a-accessible.pdf\" target=\"_blank\" rel=\"noopener noreferrer\">PDF officiel<\/a><\/p>\n<p class=\"kji-license-note\"><em>Licence CC BY-ND 4.0 (Administration judiciaire, data.public.lu). Republication autorisee avec attribution, sans modification editoriale du texte integral.<\/em><\/p>\n<\/div>\n","protected":false},"excerpt":{"rendered":"<p>1 N\u00b0 11 \/ 2022 p\u00e9nal du 03.02.2022 Not. 4909\/20\/XD Num\u00e9ro CAS -2021-00133 du registre. La Cour de cassation du Grand- Duch\u00e9 de Luxembourg, a rendu en son audience publique du jeudi, trois f\u00e9vrier deux mille vingt-deux, l&#8217;arr\u00eat qui suit : Entre : le MINISTERE\u2026<\/p>\n","protected":false},"featured_media":0,"template":"","meta":{"_crdt_document":""},"kji_country":[8418],"kji_court":[8423],"kji_chamber":[],"kji_year":[32183],"kji_subject":[7724],"kji_keyword":[8424,8457],"kji_language":[7733],"class_list":["post-673361","kji_decision","type-kji_decision","status-publish","hentry","kji_country-luxembourg","kji_court-cour-de-cassation","kji_year-32183","kji_subject-civil","kji_keyword-cassation","kji_keyword-fevrier","kji_language-francais"],"yoast_head":"<!-- This site is optimized with the Yoast SEO Premium plugin v27.5 (Yoast SEO v27.5) - https:\/\/yoast.com\/product\/yoast-seo-premium-wordpress\/ -->\n<title>Cour de cassation, 3 f\u00e9vrier 2022, n\u00b0 2021-00133 - Ma\u00eetre Hassan Kohen, avocat en droit p\u00e9nal \u00e0 Paris<\/title>\n<meta name=\"robots\" content=\"index, follow, max-snippet:-1, max-image-preview:large, max-video-preview:-1\" \/>\n<link rel=\"canonical\" href=\"https:\/\/kohenavocats.com\/ru\/jurisprudences\/cour-de-cassation-3-fevrier-2022-n-2021-00133\/\" \/>\n<meta property=\"og:locale\" content=\"ru_RU\" \/>\n<meta property=\"og:type\" content=\"article\" \/>\n<meta property=\"og:title\" content=\"Cour de cassation, 3 f\u00e9vrier 2022, n\u00b0 2021-00133\" \/>\n<meta property=\"og:description\" content=\"1 N\u00b0 11 \/ 2022 p\u00e9nal du 03.02.2022 Not. 4909\/20\/XD Num\u00e9ro CAS -2021-00133 du registre. La Cour de cassation du Grand- Duch\u00e9 de Luxembourg, a rendu en son audience publique du jeudi, trois f\u00e9vrier deux mille vingt-deux, l&#039;arr\u00eat qui suit : Entre : le MINISTERE\u2026\" \/>\n<meta property=\"og:url\" content=\"https:\/\/kohenavocats.com\/ru\/jurisprudences\/cour-de-cassation-3-fevrier-2022-n-2021-00133\/\" \/>\n<meta property=\"og:site_name\" content=\"Ma\u00eetre Hassan Kohen, avocat en droit p\u00e9nal \u00e0 Paris\" \/>\n<meta property=\"article:modified_time\" content=\"2026-04-24T13:42:01+00:00\" \/>\n<meta name=\"twitter:card\" content=\"summary_large_image\" \/>\n<meta name=\"twitter:label1\" content=\"\u041f\u0440\u0438\u043c\u0435\u0440\u043d\u043e\u0435 \u0432\u0440\u0435\u043c\u044f \u0434\u043b\u044f \u0447\u0442\u0435\u043d\u0438\u044f\" \/>\n\t<meta name=\"twitter:data1\" content=\"6 \u043c\u0438\u043d\u0443\u0442\" \/>\n<script type=\"application\/ld+json\" class=\"yoast-schema-graph\">{\"@context\":\"https:\\\/\\\/schema.org\",\"@graph\":[{\"@type\":\"WebPage\",\"@id\":\"https:\\\/\\\/kohenavocats.com\\\/ru\\\/jurisprudences\\\/cour-de-cassation-3-fevrier-2022-n-2021-00133\\\/\",\"url\":\"https:\\\/\\\/kohenavocats.com\\\/ru\\\/jurisprudences\\\/cour-de-cassation-3-fevrier-2022-n-2021-00133\\\/\",\"name\":\"Cour de cassation, 3 f\u00e9vrier 2022, n\u00b0 2021-00133 - Ma\u00eetre Hassan Kohen, avocat en droit p\u00e9nal \u00e0 Paris\",\"isPartOf\":{\"@id\":\"https:\\\/\\\/kohenavocats.com\\\/ru\\\/#website\"},\"datePublished\":\"2026-04-24T13:41:56+00:00\",\"dateModified\":\"2026-04-24T13:42:01+00:00\",\"breadcrumb\":{\"@id\":\"https:\\\/\\\/kohenavocats.com\\\/ru\\\/jurisprudences\\\/cour-de-cassation-3-fevrier-2022-n-2021-00133\\\/#breadcrumb\"},\"inLanguage\":\"ru-RU\",\"potentialAction\":[{\"@type\":\"ReadAction\",\"target\":[\"https:\\\/\\\/kohenavocats.com\\\/ru\\\/jurisprudences\\\/cour-de-cassation-3-fevrier-2022-n-2021-00133\\\/\"]}]},{\"@type\":\"BreadcrumbList\",\"@id\":\"https:\\\/\\\/kohenavocats.com\\\/ru\\\/jurisprudences\\\/cour-de-cassation-3-fevrier-2022-n-2021-00133\\\/#breadcrumb\",\"itemListElement\":[{\"@type\":\"ListItem\",\"position\":1,\"name\":\"Home\",\"item\":\"https:\\\/\\\/kohenavocats.com\\\/ru\\\/avocats-en-droit-penal-a-paris-conseil-et-defense-strategique\\\/\"},{\"@type\":\"ListItem\",\"position\":2,\"name\":\"Jurisprudences\",\"item\":\"https:\\\/\\\/kohenavocats.com\\\/ru\\\/jurisprudences\\\/\"},{\"@type\":\"ListItem\",\"position\":3,\"name\":\"Cour de cassation, 3 f\u00e9vrier 2022, n\u00b0 2021-00133\"}]},{\"@type\":\"WebSite\",\"@id\":\"https:\\\/\\\/kohenavocats.com\\\/ru\\\/#website\",\"url\":\"https:\\\/\\\/kohenavocats.com\\\/ru\\\/\",\"name\":\"Kohen Avocats\",\"description\":\"Ma\u00eetre Hassan Kohen, avocat p\u00e9naliste \u00e0 Paris, intervient exclusivement en droit p\u00e9nal pour la d\u00e9fense des particuliers, notamment en mati\u00e8re d\u2019accusations de viol. Il assure un accompagnement rigoureux d\u00e8s la garde \u00e0 vue jusqu\u2019\u00e0 la Cour d\u2019assises, veillant au strict respect des garanties proc\u00e9durales.\",\"publisher\":{\"@id\":\"https:\\\/\\\/kohenavocats.com\\\/ru\\\/#organization\"},\"potentialAction\":[{\"@type\":\"SearchAction\",\"target\":{\"@type\":\"EntryPoint\",\"urlTemplate\":\"https:\\\/\\\/kohenavocats.com\\\/ru\\\/?s={search_term_string}\"},\"query-input\":{\"@type\":\"PropertyValueSpecification\",\"valueRequired\":true,\"valueName\":\"search_term_string\"}}],\"inLanguage\":\"ru-RU\"},{\"@type\":\"Organization\",\"@id\":\"https:\\\/\\\/kohenavocats.com\\\/ru\\\/#organization\",\"name\":\"Kohen Avocats\",\"url\":\"https:\\\/\\\/kohenavocats.com\\\/ru\\\/\",\"logo\":{\"@type\":\"ImageObject\",\"inLanguage\":\"ru-RU\",\"@id\":\"https:\\\/\\\/kohenavocats.com\\\/ru\\\/#\\\/schema\\\/logo\\\/image\\\/\",\"url\":\"https:\\\/\\\/kohenavocats.com\\\/wp-content\\\/uploads\\\/2026\\\/01\\\/Logo-2-1.webp\",\"contentUrl\":\"https:\\\/\\\/kohenavocats.com\\\/wp-content\\\/uploads\\\/2026\\\/01\\\/Logo-2-1.webp\",\"width\":2114,\"height\":1253,\"caption\":\"Kohen Avocats\"},\"image\":{\"@id\":\"https:\\\/\\\/kohenavocats.com\\\/ru\\\/#\\\/schema\\\/logo\\\/image\\\/\"}}]}<\/script>\n<!-- \/ Yoast SEO Premium plugin. -->","yoast_head_json":{"title":"Cour de cassation, 3 f\u00e9vrier 2022, n\u00b0 2021-00133 - Ma\u00eetre Hassan Kohen, avocat en droit p\u00e9nal \u00e0 Paris","robots":{"index":"index","follow":"follow","max-snippet":"max-snippet:-1","max-image-preview":"max-image-preview:large","max-video-preview":"max-video-preview:-1"},"canonical":"https:\/\/kohenavocats.com\/ru\/jurisprudences\/cour-de-cassation-3-fevrier-2022-n-2021-00133\/","og_locale":"ru_RU","og_type":"article","og_title":"Cour de cassation, 3 f\u00e9vrier 2022, n\u00b0 2021-00133","og_description":"1 N\u00b0 11 \/ 2022 p\u00e9nal du 03.02.2022 Not. 4909\/20\/XD Num\u00e9ro CAS -2021-00133 du registre. La Cour de cassation du Grand- Duch\u00e9 de Luxembourg, a rendu en son audience publique du jeudi, trois f\u00e9vrier deux mille vingt-deux, l'arr\u00eat qui suit : Entre : le MINISTERE\u2026","og_url":"https:\/\/kohenavocats.com\/ru\/jurisprudences\/cour-de-cassation-3-fevrier-2022-n-2021-00133\/","og_site_name":"Ma\u00eetre Hassan Kohen, avocat en droit p\u00e9nal \u00e0 Paris","article_modified_time":"2026-04-24T13:42:01+00:00","twitter_card":"summary_large_image","twitter_misc":{"\u041f\u0440\u0438\u043c\u0435\u0440\u043d\u043e\u0435 \u0432\u0440\u0435\u043c\u044f \u0434\u043b\u044f \u0447\u0442\u0435\u043d\u0438\u044f":"6 \u043c\u0438\u043d\u0443\u0442"},"schema":{"@context":"https:\/\/schema.org","@graph":[{"@type":"WebPage","@id":"https:\/\/kohenavocats.com\/ru\/jurisprudences\/cour-de-cassation-3-fevrier-2022-n-2021-00133\/","url":"https:\/\/kohenavocats.com\/ru\/jurisprudences\/cour-de-cassation-3-fevrier-2022-n-2021-00133\/","name":"Cour de cassation, 3 f\u00e9vrier 2022, n\u00b0 2021-00133 - Ma\u00eetre Hassan Kohen, avocat en droit p\u00e9nal \u00e0 Paris","isPartOf":{"@id":"https:\/\/kohenavocats.com\/ru\/#website"},"datePublished":"2026-04-24T13:41:56+00:00","dateModified":"2026-04-24T13:42:01+00:00","breadcrumb":{"@id":"https:\/\/kohenavocats.com\/ru\/jurisprudences\/cour-de-cassation-3-fevrier-2022-n-2021-00133\/#breadcrumb"},"inLanguage":"ru-RU","potentialAction":[{"@type":"ReadAction","target":["https:\/\/kohenavocats.com\/ru\/jurisprudences\/cour-de-cassation-3-fevrier-2022-n-2021-00133\/"]}]},{"@type":"BreadcrumbList","@id":"https:\/\/kohenavocats.com\/ru\/jurisprudences\/cour-de-cassation-3-fevrier-2022-n-2021-00133\/#breadcrumb","itemListElement":[{"@type":"ListItem","position":1,"name":"Home","item":"https:\/\/kohenavocats.com\/ru\/avocats-en-droit-penal-a-paris-conseil-et-defense-strategique\/"},{"@type":"ListItem","position":2,"name":"Jurisprudences","item":"https:\/\/kohenavocats.com\/ru\/jurisprudences\/"},{"@type":"ListItem","position":3,"name":"Cour de cassation, 3 f\u00e9vrier 2022, n\u00b0 2021-00133"}]},{"@type":"WebSite","@id":"https:\/\/kohenavocats.com\/ru\/#website","url":"https:\/\/kohenavocats.com\/ru\/","name":"Kohen Avocats","description":"Ma\u00eetre Hassan Kohen, avocat p\u00e9naliste \u00e0 Paris, intervient exclusivement en droit p\u00e9nal pour la d\u00e9fense des particuliers, notamment en mati\u00e8re d\u2019accusations de viol. Il assure un accompagnement rigoureux d\u00e8s la garde \u00e0 vue jusqu\u2019\u00e0 la Cour d\u2019assises, veillant au strict respect des garanties proc\u00e9durales.","publisher":{"@id":"https:\/\/kohenavocats.com\/ru\/#organization"},"potentialAction":[{"@type":"SearchAction","target":{"@type":"EntryPoint","urlTemplate":"https:\/\/kohenavocats.com\/ru\/?s={search_term_string}"},"query-input":{"@type":"PropertyValueSpecification","valueRequired":true,"valueName":"search_term_string"}}],"inLanguage":"ru-RU"},{"@type":"Organization","@id":"https:\/\/kohenavocats.com\/ru\/#organization","name":"Kohen Avocats","url":"https:\/\/kohenavocats.com\/ru\/","logo":{"@type":"ImageObject","inLanguage":"ru-RU","@id":"https:\/\/kohenavocats.com\/ru\/#\/schema\/logo\/image\/","url":"https:\/\/kohenavocats.com\/wp-content\/uploads\/2026\/01\/Logo-2-1.webp","contentUrl":"https:\/\/kohenavocats.com\/wp-content\/uploads\/2026\/01\/Logo-2-1.webp","width":2114,"height":1253,"caption":"Kohen Avocats"},"image":{"@id":"https:\/\/kohenavocats.com\/ru\/#\/schema\/logo\/image\/"}}]}},"jetpack_likes_enabled":false,"jetpack_sharing_enabled":true,"_links":{"self":[{"href":"https:\/\/kohenavocats.com\/ru\/wp-json\/wp\/v2\/kji_decision\/673361","targetHints":{"allow":["GET"]}}],"collection":[{"href":"https:\/\/kohenavocats.com\/ru\/wp-json\/wp\/v2\/kji_decision"}],"about":[{"href":"https:\/\/kohenavocats.com\/ru\/wp-json\/wp\/v2\/types\/kji_decision"}],"wp:attachment":[{"href":"https:\/\/kohenavocats.com\/ru\/wp-json\/wp\/v2\/media?parent=673361"}],"wp:term":[{"taxonomy":"kji_country","embeddable":true,"href":"https:\/\/kohenavocats.com\/ru\/wp-json\/wp\/v2\/kji_country?post=673361"},{"taxonomy":"kji_court","embeddable":true,"href":"https:\/\/kohenavocats.com\/ru\/wp-json\/wp\/v2\/kji_court?post=673361"},{"taxonomy":"kji_chamber","embeddable":true,"href":"https:\/\/kohenavocats.com\/ru\/wp-json\/wp\/v2\/kji_chamber?post=673361"},{"taxonomy":"kji_year","embeddable":true,"href":"https:\/\/kohenavocats.com\/ru\/wp-json\/wp\/v2\/kji_year?post=673361"},{"taxonomy":"kji_subject","embeddable":true,"href":"https:\/\/kohenavocats.com\/ru\/wp-json\/wp\/v2\/kji_subject?post=673361"},{"taxonomy":"kji_keyword","embeddable":true,"href":"https:\/\/kohenavocats.com\/ru\/wp-json\/wp\/v2\/kji_keyword?post=673361"},{"taxonomy":"kji_language","embeddable":true,"href":"https:\/\/kohenavocats.com\/ru\/wp-json\/wp\/v2\/kji_language?post=673361"}],"curies":[{"name":"wp","href":"https:\/\/api.w.org\/{rel}","templated":true}]}}