{"id":673409,"date":"2026-04-24T15:55:00","date_gmt":"2026-04-24T13:55:00","guid":{"rendered":"https:\/\/kohenavocats.com\/jurisprudences\/tribunal-federal-suisse-1-fevrier-2022-n-5d-232-2021\/"},"modified":"2026-04-24T15:55:00","modified_gmt":"2026-04-24T13:55:00","slug":"tribunal-federal-suisse-1-fevrier-2022-n-5d-232-2021","status":"publish","type":"kji_decision","link":"https:\/\/kohenavocats.com\/ru\/jurisprudences\/tribunal-federal-suisse-1-fevrier-2022-n-5d-232-2021\/","title":{"rendered":"Tribunal f\u00e9d\u00e9ral suisse, 1 f\u00e9vrier 2022, n\u00b0 5D 232-2021"},"content":{"rendered":"<div class=\"kji-decision\">\n<div class=\"kji-full-text\">\n<p>Bundesgericht<\/p>\n<p>Tribunal f\u00e9d\u00e9ral<\/p>\n<p>Tribunale federale<\/p>\n<p>Tribunal federal<\/p>\n<p>5D_232\/2021<\/p>\n<p>Arr\u00eat du 1er f\u00e9vrier 2022<\/p>\n<p>IIe Cour de droit civil<\/p>\n<p>Composition<\/p>\n<p>M. le Juge f\u00e9d\u00e9ral Herrmann, Pr\u00e9sident.<\/p>\n<p>Greffier : M. Braconi.<\/p>\n<p>Participants \u00e0 la proc\u00e9dure<\/p>\n<p>A.________,<\/p>\n<p>recourant,<\/p>\n<p>contre<\/p>\n<p>B.________,<\/p>\n<p>intim\u00e9.<\/p>\n<p>Objet<\/p>\n<p>mainlev\u00e9e provisoire,<\/p>\n<p>recours contre la d\u00e9cision du Juge unique de la<\/p>\n<p>Chambre civile du Tribunal cantonal du canton du<\/p>\n<p>Valais du 19 novembre 2021 (C3 21 98).<\/p>\n<p>Consid\u00e9rant en fait et en droit :<\/p>\n<p>1.<\/p>\n<p>Statuant le 1er juin 2021 sur la requ\u00eate de mainlev\u00e9e provisoire form\u00e9e par B.________, le Juge des districts de Martigny et St-Maurice a lev\u00e9 provisoirement l&#039;opposition form\u00e9e par A.________ pour les loyers \u00e9chus \u00e0 concurrence de 15&#039;800 fr., avec int\u00e9r\u00eats \u00e0 7 % l&#039;an \u00e0 compter de diverses \u00e9ch\u00e9ances ( poursuite n\u00b0 xxxxxxx de l&#039;Office des poursuites des districts de Martigny et Entremont).<\/p>\n<p>Par d\u00e9cision du 19 novembre 2021, la Chambre civile (Juge unique) du Tribunal cantonal valaisan a rejet\u00e9 le recours du poursuivi dans la mesure de sa recevabilit\u00e9.<\/p>\n<p>2.<\/p>\n<p>Par \u00e9criture mise \u00e0 la poste le 23 d\u00e9cembre 2021, le poursuivi exerce un recours au Tribunal f\u00e9d\u00e9ral contre la d\u00e9cision cantonale; il sollicite le b\u00e9n\u00e9fice de l&#039;assistance judiciaire.<\/p>\n<p>Des observations n&#039;ont pas \u00e9t\u00e9 requises.<\/p>\n<p>3.<\/p>\n<p>Vu l&#039;insuffisance de la valeur litigieuse et l&#039;absence de question juridique de principe (art. 74 al. 1 let. b et al. 2 let. a LTF), la pr\u00e9sente \u00e9criture est trait\u00e9e en tant que recours constitutionnel subsidiaire au sens des art. 113 ss LTF. Il appara\u00eet superflu de v\u00e9rifier les autres conditions de recevabilit\u00e9, le proc\u00e9d\u00e9 \u00e9tant vou\u00e9 \u00e0 l&#039;\u00e9chec.<\/p>\n<p>4.<\/p>\n<p>4.1. En l&#039;esp\u00e8ce, le magistrat pr\u00e9c\u00e9dent a retenu &#8212; \u00e0 la suite du premier juge &#8212; que le poursuivi n&#039;avait pas rendu vraisemblable le montant de la r\u00e9duction de loyer relative au d\u00e9faut de la chose lou\u00e9e (chauffage d\u00e9fectueux); \u00e0 cet \u00e9gard, l&#039;int\u00e9ress\u00e9 ne peut se contenter de r\u00e9clamer une r\u00e9duction de 20 % &quot; sur 4 ans l\u00e9gaux &quot; en invoquant sans la moindre preuve un avis de l&#039;Asloca. De surcro\u00eet, les pi\u00e8ces qu&#039;il a d\u00e9pos\u00e9es rendent vraisemblable le d\u00e9faut \u00e0 compter du 11 f\u00e9vrier 2021; or, la poursuite litigieuse porte sur les loyers des mois de mai 2020 \u00e0 f\u00e9vrier 2021. Par ailleurs, le poursuivi n&#039;a pas d\u00e9montr\u00e9 que le premier juge a arbitrairement admis qu&#039;il ne ressortait pas des r\u00e9c\u00e9piss\u00e9s produits qu&#039;ils concernaient bien les loyers faisant l&#039;objet du commandement de payer. Enfin, il ne r\u00e9sulte pas d&#039;un courrier du poursuivant du 22 juin 2021 que celui-ci aurait retir\u00e9 &quot; dans son int\u00e9gralit\u00e9 le commandement de payer pour cette affaire &quot;; cette lettre &#8212; au demeurant irrecevable (art. 326 al. 1 CPC) &#8212; consiste en une simple proposition de r\u00e9duction des loyers de f\u00e9vrier \u00e0 mai 2021.<\/p>\n<p>4.2. L&#039;acte de recours ne comporte pas la moindre critique de nature constitutionnelle (art. 116 LTF) et motiv\u00e9e conform\u00e9ment aux exigences l\u00e9gales (art. 106 al. 2 LTF) \u00e0 l&#039;encontre des constatations de fait et des motifs du juge pr\u00e9c\u00e9dent; il s&#039;ensuit que le recours s&#039;av\u00e8re irrecevable de ce chef (ATF 136 I 332 consid. 2.1 et les citations).<\/p>\n<p>5.<\/p>\n<p>Vu ce qui pr\u00e9c\u00e8de, le pr\u00e9sent recours doit \u00eatre d\u00e9clar\u00e9 irrecevable par voie de proc\u00e9dure simplifi\u00e9e (art. 108 al. 1 let. b et 117 LTF). Comme les conclusions du recourant \u00e9taient d\u00e9nu\u00e9es de chances de succ\u00e8s, il convient de rejeter sa requ\u00eate d&#039;assistance judiciaire et de mettre \u00e0 sa charge les frais (art. 64 al. 1 et 66 al. 1 LTF).<\/p>\n<p>Par ces motifs, le Pr\u00e9sident prononce :<\/p>\n<p>1.<\/p>\n<p>Le recours est irrecevable.<\/p>\n<p>2.<\/p>\n<p>La requ\u00eate d&#039;assistance judiciaire est rejet\u00e9e.<\/p>\n<p>3.<\/p>\n<p>Les frais judiciaires, arr\u00eat\u00e9s \u00e0 300 fr., sont mis \u00e0 la charge du recourant.<\/p>\n<p>4.<\/p>\n<p>Le pr\u00e9sent arr\u00eat est communiqu\u00e9 aux parties et au Juge unique de la Chambre civile du Tribunal cantonal du canton du Valais.<\/p>\n<p>Lausanne, le 1er f\u00e9vrier 2022<\/p>\n<p>Au nom de la IIe Cour de droit civil<\/p>\n<p>du Tribunal f\u00e9d\u00e9ral suisse<\/p>\n<p>Le Pr\u00e9sident : Herrmann<\/p>\n<p>Le Greffier : Braconi<\/p>\n<\/div>\n<hr class=\"kji-sep\" \/>\n<p class=\"kji-source-links\"><strong>Sources officielles :<\/strong> <a class=\"kji-source-link\" href=\"https:\/\/search.bger.ch\/ext\/eurospider\/live\/fr\/php\/aza\/http\/index.php?lang=fr&#038;type=highlight_simple_query&#038;page=10&#038;from_date=&#038;to_date=&#038;sort=relevance&#038;insertion_date=&#038;top_subcollection_aza=all&#038;query_words=intime&#038;rank=97&#038;azaclir=aza&#038;highlight_docid=aza%3A%2F%2F01-02-2022-5D_232-2021&#038;number_of_ranks=23370\" target=\"_blank\" rel=\"noopener noreferrer\">consulter la page source<\/a><\/p>\n<p class=\"kji-license-note\"><em>Source officielle Tribunal federal suisse. Contenu HTML public, PDF non garanti en version gratuite.<\/em><\/p>\n<\/div>\n","protected":false},"excerpt":{"rendered":"<p>Bundesgericht Tribunal f\u00e9d\u00e9ral Tribunale federale Tribunal federal 5D_232\/2021 Arr\u00eat du 1er f\u00e9vrier 2022 IIe Cour de droit civil Composition M. le Juge f\u00e9d\u00e9ral Herrmann, Pr\u00e9sident. Greffier : M. Braconi. Participants \u00e0 la proc\u00e9dure A.________, recourant, contre B.________, intim\u00e9. Objet mainlev\u00e9e provisoire, recours contre la d\u00e9cision du Juge unique de la Chambre civile du Tribunal cantonal&#8230;<\/p>\n","protected":false},"featured_media":0,"template":"","meta":{"_crdt_document":""},"kji_country":[9676],"kji_court":[9677],"kji_chamber":[9798],"kji_year":[32183],"kji_subject":[7724],"kji_keyword":[9799,9679,8457,9680,7636],"kji_language":[7733],"class_list":["post-673409","kji_decision","type-kji_decision","status-publish","hentry","kji_country-suisse","kji_court-tribunal-federal-suisse","kji_chamber-cour-de-droit-civil","kji_year-32183","kji_subject-civil","kji_keyword-bundesgericht","kji_keyword-federal","kji_keyword-fevrier","kji_keyword-suisse","kji_keyword-tribunal","kji_language-francais"],"yoast_head":"<!-- This site is optimized with the Yoast SEO Premium plugin v27.4 (Yoast SEO v27.4) - https:\/\/yoast.com\/product\/yoast-seo-premium-wordpress\/ -->\n<title>Tribunal f\u00e9d\u00e9ral suisse, 1 f\u00e9vrier 2022, n\u00b0 5D 232-2021 - Ma\u00eetre Hassan Kohen, avocat en droit p\u00e9nal \u00e0 Paris<\/title>\n<meta name=\"robots\" content=\"index, follow, max-snippet:-1, max-image-preview:large, max-video-preview:-1\" \/>\n<link rel=\"canonical\" href=\"https:\/\/kohenavocats.com\/ru\/jurisprudences\/tribunal-federal-suisse-1-fevrier-2022-n-5d-232-2021\/\" \/>\n<meta property=\"og:locale\" content=\"ru_RU\" \/>\n<meta property=\"og:type\" content=\"article\" \/>\n<meta property=\"og:title\" content=\"Tribunal f\u00e9d\u00e9ral suisse, 1 f\u00e9vrier 2022, n\u00b0 5D 232-2021\" \/>\n<meta property=\"og:description\" content=\"Bundesgericht Tribunal f\u00e9d\u00e9ral Tribunale federale Tribunal federal 5D_232\/2021 Arr\u00eat du 1er f\u00e9vrier 2022 IIe Cour de droit civil Composition M. le Juge f\u00e9d\u00e9ral Herrmann, Pr\u00e9sident. Greffier : M. Braconi. Participants \u00e0 la proc\u00e9dure A.________, recourant, contre B.________, intim\u00e9. Objet mainlev\u00e9e provisoire, recours contre la d\u00e9cision du Juge unique de la Chambre civile du Tribunal cantonal...\" \/>\n<meta property=\"og:url\" content=\"https:\/\/kohenavocats.com\/ru\/jurisprudences\/tribunal-federal-suisse-1-fevrier-2022-n-5d-232-2021\/\" \/>\n<meta property=\"og:site_name\" content=\"Ma\u00eetre Hassan Kohen, avocat en droit p\u00e9nal \u00e0 Paris\" \/>\n<meta name=\"twitter:card\" content=\"summary_large_image\" \/>\n<meta name=\"twitter:label1\" content=\"\u041f\u0440\u0438\u043c\u0435\u0440\u043d\u043e\u0435 \u0432\u0440\u0435\u043c\u044f \u0434\u043b\u044f \u0447\u0442\u0435\u043d\u0438\u044f\" \/>\n\t<meta name=\"twitter:data1\" content=\"4 \u043c\u0438\u043d\u0443\u0442\u044b\" \/>\n<script type=\"application\/ld+json\" class=\"yoast-schema-graph\">{\"@context\":\"https:\\\/\\\/schema.org\",\"@graph\":[{\"@type\":\"WebPage\",\"@id\":\"https:\\\/\\\/kohenavocats.com\\\/ru\\\/jurisprudences\\\/tribunal-federal-suisse-1-fevrier-2022-n-5d-232-2021\\\/\",\"url\":\"https:\\\/\\\/kohenavocats.com\\\/ru\\\/jurisprudences\\\/tribunal-federal-suisse-1-fevrier-2022-n-5d-232-2021\\\/\",\"name\":\"Tribunal f\u00e9d\u00e9ral suisse, 1 f\u00e9vrier 2022, n\u00b0 5D 232-2021 - Ma\u00eetre Hassan Kohen, avocat en droit p\u00e9nal \u00e0 Paris\",\"isPartOf\":{\"@id\":\"https:\\\/\\\/kohenavocats.com\\\/ru\\\/#website\"},\"datePublished\":\"2026-04-24T13:55:00+00:00\",\"breadcrumb\":{\"@id\":\"https:\\\/\\\/kohenavocats.com\\\/ru\\\/jurisprudences\\\/tribunal-federal-suisse-1-fevrier-2022-n-5d-232-2021\\\/#breadcrumb\"},\"inLanguage\":\"ru-RU\",\"potentialAction\":[{\"@type\":\"ReadAction\",\"target\":[\"https:\\\/\\\/kohenavocats.com\\\/ru\\\/jurisprudences\\\/tribunal-federal-suisse-1-fevrier-2022-n-5d-232-2021\\\/\"]}]},{\"@type\":\"BreadcrumbList\",\"@id\":\"https:\\\/\\\/kohenavocats.com\\\/ru\\\/jurisprudences\\\/tribunal-federal-suisse-1-fevrier-2022-n-5d-232-2021\\\/#breadcrumb\",\"itemListElement\":[{\"@type\":\"ListItem\",\"position\":1,\"name\":\"Home\",\"item\":\"https:\\\/\\\/kohenavocats.com\\\/ru\\\/avocats-en-droit-penal-a-paris-conseil-et-defense-strategique\\\/\"},{\"@type\":\"ListItem\",\"position\":2,\"name\":\"Jurisprudences\",\"item\":\"https:\\\/\\\/kohenavocats.com\\\/ru\\\/jurisprudences\\\/\"},{\"@type\":\"ListItem\",\"position\":3,\"name\":\"Tribunal f\u00e9d\u00e9ral suisse, 1 f\u00e9vrier 2022, n\u00b0 5D 232-2021\"}]},{\"@type\":\"WebSite\",\"@id\":\"https:\\\/\\\/kohenavocats.com\\\/ru\\\/#website\",\"url\":\"https:\\\/\\\/kohenavocats.com\\\/ru\\\/\",\"name\":\"Kohen Avocats\",\"description\":\"Ma\u00eetre Hassan Kohen, avocat p\u00e9naliste \u00e0 Paris, intervient exclusivement en droit p\u00e9nal pour la d\u00e9fense des particuliers, notamment en mati\u00e8re d\u2019accusations de viol. Il assure un accompagnement rigoureux d\u00e8s la garde \u00e0 vue jusqu\u2019\u00e0 la Cour d\u2019assises, veillant au strict respect des garanties proc\u00e9durales.\",\"publisher\":{\"@id\":\"https:\\\/\\\/kohenavocats.com\\\/ru\\\/#organization\"},\"potentialAction\":[{\"@type\":\"SearchAction\",\"target\":{\"@type\":\"EntryPoint\",\"urlTemplate\":\"https:\\\/\\\/kohenavocats.com\\\/ru\\\/?s={search_term_string}\"},\"query-input\":{\"@type\":\"PropertyValueSpecification\",\"valueRequired\":true,\"valueName\":\"search_term_string\"}}],\"inLanguage\":\"ru-RU\"},{\"@type\":\"Organization\",\"@id\":\"https:\\\/\\\/kohenavocats.com\\\/ru\\\/#organization\",\"name\":\"Kohen Avocats\",\"url\":\"https:\\\/\\\/kohenavocats.com\\\/ru\\\/\",\"logo\":{\"@type\":\"ImageObject\",\"inLanguage\":\"ru-RU\",\"@id\":\"https:\\\/\\\/kohenavocats.com\\\/ru\\\/#\\\/schema\\\/logo\\\/image\\\/\",\"url\":\"https:\\\/\\\/kohenavocats.com\\\/wp-content\\\/uploads\\\/2026\\\/01\\\/Logo-2-1.webp\",\"contentUrl\":\"https:\\\/\\\/kohenavocats.com\\\/wp-content\\\/uploads\\\/2026\\\/01\\\/Logo-2-1.webp\",\"width\":2114,\"height\":1253,\"caption\":\"Kohen Avocats\"},\"image\":{\"@id\":\"https:\\\/\\\/kohenavocats.com\\\/ru\\\/#\\\/schema\\\/logo\\\/image\\\/\"}}]}<\/script>\n<!-- \/ Yoast SEO Premium plugin. -->","yoast_head_json":{"title":"Tribunal f\u00e9d\u00e9ral suisse, 1 f\u00e9vrier 2022, n\u00b0 5D 232-2021 - Ma\u00eetre Hassan Kohen, avocat en droit p\u00e9nal \u00e0 Paris","robots":{"index":"index","follow":"follow","max-snippet":"max-snippet:-1","max-image-preview":"max-image-preview:large","max-video-preview":"max-video-preview:-1"},"canonical":"https:\/\/kohenavocats.com\/ru\/jurisprudences\/tribunal-federal-suisse-1-fevrier-2022-n-5d-232-2021\/","og_locale":"ru_RU","og_type":"article","og_title":"Tribunal f\u00e9d\u00e9ral suisse, 1 f\u00e9vrier 2022, n\u00b0 5D 232-2021","og_description":"Bundesgericht Tribunal f\u00e9d\u00e9ral Tribunale federale Tribunal federal 5D_232\/2021 Arr\u00eat du 1er f\u00e9vrier 2022 IIe Cour de droit civil Composition M. le Juge f\u00e9d\u00e9ral Herrmann, Pr\u00e9sident. Greffier : M. Braconi. Participants \u00e0 la proc\u00e9dure A.________, recourant, contre B.________, intim\u00e9. Objet mainlev\u00e9e provisoire, recours contre la d\u00e9cision du Juge unique de la Chambre civile du Tribunal cantonal...","og_url":"https:\/\/kohenavocats.com\/ru\/jurisprudences\/tribunal-federal-suisse-1-fevrier-2022-n-5d-232-2021\/","og_site_name":"Ma\u00eetre Hassan Kohen, avocat en droit p\u00e9nal \u00e0 Paris","twitter_card":"summary_large_image","twitter_misc":{"\u041f\u0440\u0438\u043c\u0435\u0440\u043d\u043e\u0435 \u0432\u0440\u0435\u043c\u044f \u0434\u043b\u044f \u0447\u0442\u0435\u043d\u0438\u044f":"4 \u043c\u0438\u043d\u0443\u0442\u044b"},"schema":{"@context":"https:\/\/schema.org","@graph":[{"@type":"WebPage","@id":"https:\/\/kohenavocats.com\/ru\/jurisprudences\/tribunal-federal-suisse-1-fevrier-2022-n-5d-232-2021\/","url":"https:\/\/kohenavocats.com\/ru\/jurisprudences\/tribunal-federal-suisse-1-fevrier-2022-n-5d-232-2021\/","name":"Tribunal f\u00e9d\u00e9ral suisse, 1 f\u00e9vrier 2022, n\u00b0 5D 232-2021 - Ma\u00eetre Hassan Kohen, avocat en droit p\u00e9nal \u00e0 Paris","isPartOf":{"@id":"https:\/\/kohenavocats.com\/ru\/#website"},"datePublished":"2026-04-24T13:55:00+00:00","breadcrumb":{"@id":"https:\/\/kohenavocats.com\/ru\/jurisprudences\/tribunal-federal-suisse-1-fevrier-2022-n-5d-232-2021\/#breadcrumb"},"inLanguage":"ru-RU","potentialAction":[{"@type":"ReadAction","target":["https:\/\/kohenavocats.com\/ru\/jurisprudences\/tribunal-federal-suisse-1-fevrier-2022-n-5d-232-2021\/"]}]},{"@type":"BreadcrumbList","@id":"https:\/\/kohenavocats.com\/ru\/jurisprudences\/tribunal-federal-suisse-1-fevrier-2022-n-5d-232-2021\/#breadcrumb","itemListElement":[{"@type":"ListItem","position":1,"name":"Home","item":"https:\/\/kohenavocats.com\/ru\/avocats-en-droit-penal-a-paris-conseil-et-defense-strategique\/"},{"@type":"ListItem","position":2,"name":"Jurisprudences","item":"https:\/\/kohenavocats.com\/ru\/jurisprudences\/"},{"@type":"ListItem","position":3,"name":"Tribunal f\u00e9d\u00e9ral suisse, 1 f\u00e9vrier 2022, n\u00b0 5D 232-2021"}]},{"@type":"WebSite","@id":"https:\/\/kohenavocats.com\/ru\/#website","url":"https:\/\/kohenavocats.com\/ru\/","name":"Kohen Avocats","description":"Ma\u00eetre Hassan Kohen, avocat p\u00e9naliste \u00e0 Paris, intervient exclusivement en droit p\u00e9nal pour la d\u00e9fense des particuliers, notamment en mati\u00e8re d\u2019accusations de viol. Il assure un accompagnement rigoureux d\u00e8s la garde \u00e0 vue jusqu\u2019\u00e0 la Cour d\u2019assises, veillant au strict respect des garanties proc\u00e9durales.","publisher":{"@id":"https:\/\/kohenavocats.com\/ru\/#organization"},"potentialAction":[{"@type":"SearchAction","target":{"@type":"EntryPoint","urlTemplate":"https:\/\/kohenavocats.com\/ru\/?s={search_term_string}"},"query-input":{"@type":"PropertyValueSpecification","valueRequired":true,"valueName":"search_term_string"}}],"inLanguage":"ru-RU"},{"@type":"Organization","@id":"https:\/\/kohenavocats.com\/ru\/#organization","name":"Kohen Avocats","url":"https:\/\/kohenavocats.com\/ru\/","logo":{"@type":"ImageObject","inLanguage":"ru-RU","@id":"https:\/\/kohenavocats.com\/ru\/#\/schema\/logo\/image\/","url":"https:\/\/kohenavocats.com\/wp-content\/uploads\/2026\/01\/Logo-2-1.webp","contentUrl":"https:\/\/kohenavocats.com\/wp-content\/uploads\/2026\/01\/Logo-2-1.webp","width":2114,"height":1253,"caption":"Kohen Avocats"},"image":{"@id":"https:\/\/kohenavocats.com\/ru\/#\/schema\/logo\/image\/"}}]}},"jetpack_likes_enabled":false,"jetpack_sharing_enabled":true,"_links":{"self":[{"href":"https:\/\/kohenavocats.com\/ru\/wp-json\/wp\/v2\/kji_decision\/673409","targetHints":{"allow":["GET"]}}],"collection":[{"href":"https:\/\/kohenavocats.com\/ru\/wp-json\/wp\/v2\/kji_decision"}],"about":[{"href":"https:\/\/kohenavocats.com\/ru\/wp-json\/wp\/v2\/types\/kji_decision"}],"wp:attachment":[{"href":"https:\/\/kohenavocats.com\/ru\/wp-json\/wp\/v2\/media?parent=673409"}],"wp:term":[{"taxonomy":"kji_country","embeddable":true,"href":"https:\/\/kohenavocats.com\/ru\/wp-json\/wp\/v2\/kji_country?post=673409"},{"taxonomy":"kji_court","embeddable":true,"href":"https:\/\/kohenavocats.com\/ru\/wp-json\/wp\/v2\/kji_court?post=673409"},{"taxonomy":"kji_chamber","embeddable":true,"href":"https:\/\/kohenavocats.com\/ru\/wp-json\/wp\/v2\/kji_chamber?post=673409"},{"taxonomy":"kji_year","embeddable":true,"href":"https:\/\/kohenavocats.com\/ru\/wp-json\/wp\/v2\/kji_year?post=673409"},{"taxonomy":"kji_subject","embeddable":true,"href":"https:\/\/kohenavocats.com\/ru\/wp-json\/wp\/v2\/kji_subject?post=673409"},{"taxonomy":"kji_keyword","embeddable":true,"href":"https:\/\/kohenavocats.com\/ru\/wp-json\/wp\/v2\/kji_keyword?post=673409"},{"taxonomy":"kji_language","embeddable":true,"href":"https:\/\/kohenavocats.com\/ru\/wp-json\/wp\/v2\/kji_language?post=673409"}],"curies":[{"name":"wp","href":"https:\/\/api.w.org\/{rel}","templated":true}]}}