{"id":674072,"date":"2026-04-24T17:57:32","date_gmt":"2026-04-24T15:57:32","guid":{"rendered":"https:\/\/kohenavocats.com\/jurisprudences\/cour-superieure-de-justice-20-janvier-2022-n-2021-00469\/"},"modified":"2026-04-24T17:57:36","modified_gmt":"2026-04-24T15:57:36","slug":"cour-superieure-de-justice-20-janvier-2022-n-2021-00469","status":"publish","type":"kji_decision","link":"https:\/\/kohenavocats.com\/ru\/jurisprudences\/cour-superieure-de-justice-20-janvier-2022-n-2021-00469\/","title":{"rendered":"Cour sup\u00e9rieure de justice, 20 janvier 2022, n\u00b0 2021-00469"},"content":{"rendered":"<div class=\"kji-decision\">\n<div class=\"kji-full-text\">\n<p>Arr\u00eat N\u00b0 8\/22 &#8212; III \u2013 TRAV<\/p>\n<p>Exempt &#8212; appel en mati\u00e8re de droit du travail.<\/p>\n<p>Audience publique du vingt janvier deux mille vingt -deux.<\/p>\n<p>Num\u00e9ro CAL-2021-00469 du r\u00f4le<\/p>\n<p>Composition:<\/p>\n<p>Alain THORN, pr\u00e9sident de chambre, Paul VOUEL, conseiller, Anne-Fran\u00e7oise GREMLING, conseiller, Isabelle HIPPERT, greffier.<\/p>\n<p>Entre :<\/p>\n<p>A, demeurant \u00e0 L-(\u2026),<\/p>\n<p>appelant aux termes d\u2019un exploit de l\u2019huissier de justice Geoffrey GALLE de Luxembourg du 9 avril 2021,<\/p>\n<p>comparant par Ma\u00eetre Luc SCHANEN, avocat \u00e0 la Cour, demeurant \u00e0 Luxembourg,<\/p>\n<p>et :<\/p>\n<p>la soci\u00e9t\u00e9 anonyme SOC 1) S.A., \u00e9tablie et ayant son si\u00e8ge social \u00e0 L-(\u2026), repr\u00e9sent\u00e9e par son conseil d\u2019administration actuellement en fonctions,<\/p>\n<p>intim\u00e9e aux fins du susdit exploit GALLE,<\/p>\n<p>comparant par ALLEN &amp; OVERY s.e.c.s., inscrite \u00e0 la liste V du tableau de l\u2019Ordre des avocats du barreau de Luxembourg, \u00e9tablie et ayant son si\u00e8ge social \u00e0 L-1855 Luxemburg, 33, avenue J-F Kennedy, repr\u00e9sent\u00e9e pour les besoins de la pr\u00e9sente par Ma\u00eetre Maurice MACCHI, avocat \u00e0 la Cour, demeurant \u00e0 Luxembourg.<\/p>\n<p>2 LA COUR D&#039;APPEL:<\/p>\n<p>Vu l\u2019ordonnance de cl\u00f4ture de l\u2019instruction du 23 novembre 2021.<\/p>\n<p>Par exploit d\u2019huissier du 9 avril 2021, A a relev\u00e9 appel d\u2019un jugement rendu contradictoirement le 22 f\u00e9vrier 2021, sous le num\u00e9ro xxx\/21, par le tribunal du travail de Luxembourg, \u00e0 la suite d\u2019une requ\u00eate d\u00e9pos\u00e9e par lui en date du 20 juin 2017.<\/p>\n<p>Cette affaire a \u00e9t\u00e9 enr\u00f4l\u00e9e \u00e0 la Cour sous le num\u00e9ro CAL-2021-00469.<\/p>\n<p>Aux termes du dispositif des conclusions notifi\u00e9es en date du 30 juillet 2021, la soci\u00e9t\u00e9 SOC 1) S.A., (anciennement SOC 2) Luxembourg S.A.), partie intim\u00e9e, a notamment demand\u00e9 \u00e0 la Cour, \u00ab de donner acte \u00e0 la partie intim\u00e9e qu\u2019elle interjette appel incident de la d\u00e9cision du tribunal du travail ayant qualifi\u00e9 d\u2019abusif le licenciement du salari\u00e9 intervenu en date du 25 janvier 2016 pour manque de pr\u00e9cision des motifs et par r\u00e9formation, de d\u00e9clarer le licenciement du salari\u00e9 comme \u00e9tant justifi\u00e9 \u00bb et de \u00ab condamner le salari\u00e9, \u00e0 la lumi\u00e8re des \u00e9l\u00e9ments \u00e9voqu\u00e9s \u00e0 payer \u00e0 l\u2019employeur une indemnit\u00e9 de proc\u00e9dure de 3.000 euros sur base de l\u2019article 240 du Nouveau Code de proc\u00e9dure civile \u00bb et de \u00ab condamner encore le salari\u00e9 \u00e0 tous frais et d\u00e9pens des deux instances et en voir ordonner la distraction au profit d\u2019ALLLEN &amp; OVERY affirmant en avoir fait l\u2019avance. \u00bb<\/p>\n<p>Par acte d\u2019avocat \u00e0 avocat, intitul\u00e9 \u00ab d\u00e9sistement d\u2019instance \u00bb, l\u2019appelant a d\u00e9clar\u00e9 se d\u00e9sister \u00ab purement et simplement de l\u2019instance introduite contre la soci\u00e9t\u00e9 SOC 1) S.A., par exploit GALLE pr\u00e9cit\u00e9, devant la Cour d\u2019appel de Luxembourg, 3 \u00e8me<\/p>\n<p>chambre, r\u00f4le n\u00b0 CAL-2021-[11 ]469. \u00bb (I l convient de lire CAL-2021-00469).<\/p>\n<p>Cet acte de d\u00e9sistement, dat\u00e9 du 22 avril 2021, est rev\u00eatu des signatures respectives de l\u2019appelant et de son mandataire ad litem, \u00e9tant pr\u00e9cis\u00e9 que l\u2019appelant a appos\u00e9 sa signature sous la mention manuscrite \u00ab bon pour d\u00e9sistement d\u2019instance \u00bb.<\/p>\n<p>Par conclusions notifi\u00e9es au mandataire ad litem de l\u2019appelant, en date du 19 octobre 2021, cet acte de d\u00e9sistement a \u00e9t\u00e9 express\u00e9ment accept\u00e9 par le mandataire ad litem de la soci\u00e9t\u00e9 SOC 1) S.A., partie intim\u00e9e, qui pr\u00e9cise dans ces conclusions que, \u00ab la partie intim\u00e9e prend acte du d\u00e9sistement d\u2019instance de la partie appelante lui notifi\u00e9, qu\u2019elle accepte et que \u00ab la partie intim\u00e9e se d\u00e9siste purement et simplement de son appel incident, dans l\u2019instance introduite par exploit d\u2019huissier de justice Geoffrey Gall\u00e9, devant la Cour d\u2019appel de Luxembourg, 3 \u00e8me chambre, r\u00f4le n\u00b0 CAL-2021-[11]469 \u00bb.<\/p>\n<p>Cet \u00e9crit, qui porte sous la mention manuscrite \u00ab Bon pour d\u00e9sistement d\u2019instance \u00bb, une signature manuscrite au-dessus d\u2019un trait horizontal, sous lequel<\/p>\n<p>3 figure la mention imprim\u00e9e, \u00ab Bon pour d\u00e9sistement d\u2019instance \u00bb, \u00ab SOC 1) S.A. \u00bb, et sous une deuxi\u00e8me mention manuscrite, \u00ab Bon pour d\u00e9sistement d\u2019instance \u00bb, une signature manuscrite en dessous de laquelle figure, en lettres imprim\u00e9es, la mention, \u00ab B Chief Executive Officer \u00bb, vaut pouvoir sp\u00e9cial de la part de la soci\u00e9t\u00e9 SOC 1) S.A \u00e0 l\u2019attention de son mandataire ad litem, aux fins reprises aux conclusions notifi\u00e9es en date du 19 octobre 2019.<\/p>\n<p>Etant donn\u00e9 que le d\u00e9sistement a \u00e9t\u00e9 pr\u00e9sent\u00e9 \u00e0 un moment o\u00f9 l\u2019instance \u00e9tait d\u00e9j\u00e0 li\u00e9e, celui-ci doit \u00eatre accept\u00e9 par l\u2019intim\u00e9e.<\/p>\n<p>Aux termes de l\u2019article 545 du Nouveau Code de proc\u00e9dure civile, l\u2019acceptation est \u00e0 effectuer par acte d\u2019avocat \u00e0 avocat.<\/p>\n<p>Comme l\u2019intim\u00e9e avait d\u00e9j\u00e0 form\u00e9 une demande \u00e0 l\u2019encontre de l\u2019appelante, l\u2019acceptation du d\u00e9sistement requiert un pouvoir sp\u00e9cial.<\/p>\n<p>Sur base du libell\u00e9 des conclusions notifi\u00e9es en date du 19 octobre 2019 par la partie intim\u00e9e, tel que repris ci- avant, et des signatures appos\u00e9es sur ces conclusions, il \u00e9chet de donner acte \u00e0 la partie intim\u00e9e, SOC 1) S.A., qu\u2019elle accepte ledit d\u00e9sistement.<\/p>\n<p>Il convient \u00e9galement de donner acte \u00e0 la partie intim\u00e9e, SOC 1) S.A., qu\u2019elle renonce \u00e0 son appel incident et partant, \u00e9galement \u00e0 sa demande reconventionnelle formul\u00e9s dans le corps de conclusions notifi\u00e9es en date du 30 juillet 2021 et visant l\u2019octroi d\u2019une indemnit\u00e9 de proc\u00e9dure de 3.000 euros, pour l\u2019instance d\u2019appel.<\/p>\n<p>Il y a partant lieu de d\u00e9cr\u00e9ter le d\u00e9sistement aux cons\u00e9quences de droit.<\/p>\n<p>Il r\u00e9sulte de l\u2019article 546 du Nouveau Code de proc\u00e9dure civile que la partie qui se d\u00e9siste est r\u00e9put\u00e9e succomber et doit, en cons\u00e9quence, supporter les frais conform\u00e9ment au principe g\u00e9n\u00e9ral \u00e9dict\u00e9 \u00e0 l\u2019article 238 du m\u00eame Code.<\/p>\n<p>Les frais de l\u2019instance d\u2019appel doivent d\u00e8s lors \u00eatre impos\u00e9s \u00e0 l\u2019appelante.<\/p>\n<p>PAR CES MOTIFS :<\/p>\n<p>4 la Cour d\u2019appel, troisi\u00e8me chambre, si\u00e9geant en mati\u00e8re de droit du travail, statuant contradictoirement,<\/p>\n<p>donne acte \u00e0 A son d\u00e9sistement d\u2019instance et \u00e0 la soci\u00e9t\u00e9 anonyme SOC 1) S.A., de son acceptation,<\/p>\n<p>d\u00e9cr\u00e8te le d\u00e9sistement d\u2019instance aux cons\u00e9quences de droit,<\/p>\n<p>met les frais de l\u2019instance d\u2019appel \u00e0 charge de A .<\/p>\n<p>La lecture du pr\u00e9sent arr\u00eat a \u00e9t\u00e9 faite en la susdite audience publique par Monsieur le pr\u00e9sident de chambre Alain THORN, en pr\u00e9sence du greffier Isabelle HIPPERT.<\/p>\n<\/div>\n<hr class=\"kji-sep\" \/>\n<p class=\"kji-source-links\"><strong>Sources officielles :<\/strong> <a class=\"kji-source-link\" href=\"https:\/\/data.public.lu\/fr\/datasets\/cour-superieure-de-justice-chambre-3\/\" target=\"_blank\" rel=\"noopener noreferrer\">consulter la page source<\/a> &middot; <a class=\"kji-pdf-link\" href=\"https:\/\/download.data.public.lu\/resources\/cour-superieure-de-justice-chambre-3\/20240827-155113\/20220120-cal-2021-00469-8-arret-desistement-a-accessible.pdf\" target=\"_blank\" rel=\"noopener noreferrer\">PDF officiel<\/a><\/p>\n<p class=\"kji-license-note\"><em>Licence CC BY-ND 4.0 (Administration judiciaire, data.public.lu). Republication autorisee avec attribution, sans modification editoriale du texte integral.<\/em><\/p>\n<\/div>\n","protected":false},"excerpt":{"rendered":"<p>Arr\u00eat N\u00b0 8\/22 &#8212; III \u2013 TRAV Exempt &#8212; appel en mati\u00e8re de droit du travail. Audience publique du vingt janvier deux mille vingt -deux. Num\u00e9ro CAL-2021-00469 du r\u00f4le Composition: Alain THORN, pr\u00e9sident de chambre, Paul VOUEL, conseiller, Anne-Fran\u00e7oise GREMLING, conseiller, Isabelle HIPPERT, greffier. Entre\u2026<\/p>\n","protected":false},"featured_media":0,"template":"","meta":{"_crdt_document":""},"kji_country":[8418],"kji_court":[12305],"kji_chamber":[15890],"kji_year":[32183],"kji_subject":[7724],"kji_keyword":[8683,8460,9055,12307],"kji_language":[7733],"class_list":["post-674072","kji_decision","type-kji_decision","status-publish","hentry","kji_country-luxembourg","kji_court-cour-superieure-de-justice","kji_chamber-chambre-3","kji_year-32183","kji_subject-civil","kji_keyword-arret","kji_keyword-janvier","kji_keyword-justice","kji_keyword-superieure","kji_language-francais"],"yoast_head":"<!-- This site is optimized with the Yoast SEO Premium plugin v27.4 (Yoast SEO v27.4) - https:\/\/yoast.com\/product\/yoast-seo-premium-wordpress\/ -->\n<title>Cour sup\u00e9rieure de justice, 20 janvier 2022, n\u00b0 2021-00469 - Ma\u00eetre Hassan Kohen, avocat en droit p\u00e9nal \u00e0 Paris<\/title>\n<meta name=\"robots\" content=\"index, follow, max-snippet:-1, max-image-preview:large, max-video-preview:-1\" \/>\n<link rel=\"canonical\" href=\"https:\/\/kohenavocats.com\/ru\/jurisprudences\/cour-superieure-de-justice-20-janvier-2022-n-2021-00469\/\" \/>\n<meta property=\"og:locale\" content=\"ru_RU\" \/>\n<meta property=\"og:type\" content=\"article\" \/>\n<meta property=\"og:title\" content=\"Cour sup\u00e9rieure de justice, 20 janvier 2022, n\u00b0 2021-00469\" \/>\n<meta property=\"og:description\" content=\"Arr\u00eat N\u00b0 8\/22 - III \u2013 TRAV Exempt - appel en mati\u00e8re de droit du travail. Audience publique du vingt janvier deux mille vingt -deux. Num\u00e9ro CAL-2021-00469 du r\u00f4le Composition: Alain THORN, pr\u00e9sident de chambre, Paul VOUEL, conseiller, Anne-Fran\u00e7oise GREMLING, conseiller, Isabelle HIPPERT, greffier. Entre\u2026\" \/>\n<meta property=\"og:url\" content=\"https:\/\/kohenavocats.com\/ru\/jurisprudences\/cour-superieure-de-justice-20-janvier-2022-n-2021-00469\/\" \/>\n<meta property=\"og:site_name\" content=\"Ma\u00eetre Hassan Kohen, avocat en droit p\u00e9nal \u00e0 Paris\" \/>\n<meta property=\"article:modified_time\" content=\"2026-04-24T15:57:36+00:00\" \/>\n<meta name=\"twitter:card\" content=\"summary_large_image\" \/>\n<meta name=\"twitter:label1\" content=\"\u041f\u0440\u0438\u043c\u0435\u0440\u043d\u043e\u0435 \u0432\u0440\u0435\u043c\u044f \u0434\u043b\u044f \u0447\u0442\u0435\u043d\u0438\u044f\" \/>\n\t<meta name=\"twitter:data1\" content=\"5 \u043c\u0438\u043d\u0443\u0442\" \/>\n<script type=\"application\/ld+json\" class=\"yoast-schema-graph\">{\"@context\":\"https:\\\/\\\/schema.org\",\"@graph\":[{\"@type\":\"WebPage\",\"@id\":\"https:\\\/\\\/kohenavocats.com\\\/ru\\\/jurisprudences\\\/cour-superieure-de-justice-20-janvier-2022-n-2021-00469\\\/\",\"url\":\"https:\\\/\\\/kohenavocats.com\\\/ru\\\/jurisprudences\\\/cour-superieure-de-justice-20-janvier-2022-n-2021-00469\\\/\",\"name\":\"Cour sup\u00e9rieure de justice, 20 janvier 2022, n\u00b0 2021-00469 - Ma\u00eetre Hassan Kohen, avocat en droit p\u00e9nal \u00e0 Paris\",\"isPartOf\":{\"@id\":\"https:\\\/\\\/kohenavocats.com\\\/ru\\\/#website\"},\"datePublished\":\"2026-04-24T15:57:32+00:00\",\"dateModified\":\"2026-04-24T15:57:36+00:00\",\"breadcrumb\":{\"@id\":\"https:\\\/\\\/kohenavocats.com\\\/ru\\\/jurisprudences\\\/cour-superieure-de-justice-20-janvier-2022-n-2021-00469\\\/#breadcrumb\"},\"inLanguage\":\"ru-RU\",\"potentialAction\":[{\"@type\":\"ReadAction\",\"target\":[\"https:\\\/\\\/kohenavocats.com\\\/ru\\\/jurisprudences\\\/cour-superieure-de-justice-20-janvier-2022-n-2021-00469\\\/\"]}]},{\"@type\":\"BreadcrumbList\",\"@id\":\"https:\\\/\\\/kohenavocats.com\\\/ru\\\/jurisprudences\\\/cour-superieure-de-justice-20-janvier-2022-n-2021-00469\\\/#breadcrumb\",\"itemListElement\":[{\"@type\":\"ListItem\",\"position\":1,\"name\":\"Home\",\"item\":\"https:\\\/\\\/kohenavocats.com\\\/ru\\\/avocats-en-droit-penal-a-paris-conseil-et-defense-strategique\\\/\"},{\"@type\":\"ListItem\",\"position\":2,\"name\":\"Jurisprudences\",\"item\":\"https:\\\/\\\/kohenavocats.com\\\/ru\\\/jurisprudences\\\/\"},{\"@type\":\"ListItem\",\"position\":3,\"name\":\"Cour sup\u00e9rieure de justice, 20 janvier 2022, n\u00b0 2021-00469\"}]},{\"@type\":\"WebSite\",\"@id\":\"https:\\\/\\\/kohenavocats.com\\\/ru\\\/#website\",\"url\":\"https:\\\/\\\/kohenavocats.com\\\/ru\\\/\",\"name\":\"Kohen Avocats\",\"description\":\"Ma\u00eetre Hassan Kohen, avocat p\u00e9naliste \u00e0 Paris, intervient exclusivement en droit p\u00e9nal pour la d\u00e9fense des particuliers, notamment en mati\u00e8re d\u2019accusations de viol. Il assure un accompagnement rigoureux d\u00e8s la garde \u00e0 vue jusqu\u2019\u00e0 la Cour d\u2019assises, veillant au strict respect des garanties proc\u00e9durales.\",\"publisher\":{\"@id\":\"https:\\\/\\\/kohenavocats.com\\\/ru\\\/#organization\"},\"potentialAction\":[{\"@type\":\"SearchAction\",\"target\":{\"@type\":\"EntryPoint\",\"urlTemplate\":\"https:\\\/\\\/kohenavocats.com\\\/ru\\\/?s={search_term_string}\"},\"query-input\":{\"@type\":\"PropertyValueSpecification\",\"valueRequired\":true,\"valueName\":\"search_term_string\"}}],\"inLanguage\":\"ru-RU\"},{\"@type\":\"Organization\",\"@id\":\"https:\\\/\\\/kohenavocats.com\\\/ru\\\/#organization\",\"name\":\"Kohen Avocats\",\"url\":\"https:\\\/\\\/kohenavocats.com\\\/ru\\\/\",\"logo\":{\"@type\":\"ImageObject\",\"inLanguage\":\"ru-RU\",\"@id\":\"https:\\\/\\\/kohenavocats.com\\\/ru\\\/#\\\/schema\\\/logo\\\/image\\\/\",\"url\":\"https:\\\/\\\/kohenavocats.com\\\/wp-content\\\/uploads\\\/2026\\\/01\\\/Logo-2-1.webp\",\"contentUrl\":\"https:\\\/\\\/kohenavocats.com\\\/wp-content\\\/uploads\\\/2026\\\/01\\\/Logo-2-1.webp\",\"width\":2114,\"height\":1253,\"caption\":\"Kohen Avocats\"},\"image\":{\"@id\":\"https:\\\/\\\/kohenavocats.com\\\/ru\\\/#\\\/schema\\\/logo\\\/image\\\/\"}}]}<\/script>\n<!-- \/ Yoast SEO Premium plugin. -->","yoast_head_json":{"title":"Cour sup\u00e9rieure de justice, 20 janvier 2022, n\u00b0 2021-00469 - Ma\u00eetre Hassan Kohen, avocat en droit p\u00e9nal \u00e0 Paris","robots":{"index":"index","follow":"follow","max-snippet":"max-snippet:-1","max-image-preview":"max-image-preview:large","max-video-preview":"max-video-preview:-1"},"canonical":"https:\/\/kohenavocats.com\/ru\/jurisprudences\/cour-superieure-de-justice-20-janvier-2022-n-2021-00469\/","og_locale":"ru_RU","og_type":"article","og_title":"Cour sup\u00e9rieure de justice, 20 janvier 2022, n\u00b0 2021-00469","og_description":"Arr\u00eat N\u00b0 8\/22 - III \u2013 TRAV Exempt - appel en mati\u00e8re de droit du travail. Audience publique du vingt janvier deux mille vingt -deux. Num\u00e9ro CAL-2021-00469 du r\u00f4le Composition: Alain THORN, pr\u00e9sident de chambre, Paul VOUEL, conseiller, Anne-Fran\u00e7oise GREMLING, conseiller, Isabelle HIPPERT, greffier. Entre\u2026","og_url":"https:\/\/kohenavocats.com\/ru\/jurisprudences\/cour-superieure-de-justice-20-janvier-2022-n-2021-00469\/","og_site_name":"Ma\u00eetre Hassan Kohen, avocat en droit p\u00e9nal \u00e0 Paris","article_modified_time":"2026-04-24T15:57:36+00:00","twitter_card":"summary_large_image","twitter_misc":{"\u041f\u0440\u0438\u043c\u0435\u0440\u043d\u043e\u0435 \u0432\u0440\u0435\u043c\u044f \u0434\u043b\u044f \u0447\u0442\u0435\u043d\u0438\u044f":"5 \u043c\u0438\u043d\u0443\u0442"},"schema":{"@context":"https:\/\/schema.org","@graph":[{"@type":"WebPage","@id":"https:\/\/kohenavocats.com\/ru\/jurisprudences\/cour-superieure-de-justice-20-janvier-2022-n-2021-00469\/","url":"https:\/\/kohenavocats.com\/ru\/jurisprudences\/cour-superieure-de-justice-20-janvier-2022-n-2021-00469\/","name":"Cour sup\u00e9rieure de justice, 20 janvier 2022, n\u00b0 2021-00469 - Ma\u00eetre Hassan Kohen, avocat en droit p\u00e9nal \u00e0 Paris","isPartOf":{"@id":"https:\/\/kohenavocats.com\/ru\/#website"},"datePublished":"2026-04-24T15:57:32+00:00","dateModified":"2026-04-24T15:57:36+00:00","breadcrumb":{"@id":"https:\/\/kohenavocats.com\/ru\/jurisprudences\/cour-superieure-de-justice-20-janvier-2022-n-2021-00469\/#breadcrumb"},"inLanguage":"ru-RU","potentialAction":[{"@type":"ReadAction","target":["https:\/\/kohenavocats.com\/ru\/jurisprudences\/cour-superieure-de-justice-20-janvier-2022-n-2021-00469\/"]}]},{"@type":"BreadcrumbList","@id":"https:\/\/kohenavocats.com\/ru\/jurisprudences\/cour-superieure-de-justice-20-janvier-2022-n-2021-00469\/#breadcrumb","itemListElement":[{"@type":"ListItem","position":1,"name":"Home","item":"https:\/\/kohenavocats.com\/ru\/avocats-en-droit-penal-a-paris-conseil-et-defense-strategique\/"},{"@type":"ListItem","position":2,"name":"Jurisprudences","item":"https:\/\/kohenavocats.com\/ru\/jurisprudences\/"},{"@type":"ListItem","position":3,"name":"Cour sup\u00e9rieure de justice, 20 janvier 2022, n\u00b0 2021-00469"}]},{"@type":"WebSite","@id":"https:\/\/kohenavocats.com\/ru\/#website","url":"https:\/\/kohenavocats.com\/ru\/","name":"Kohen Avocats","description":"Ma\u00eetre Hassan Kohen, avocat p\u00e9naliste \u00e0 Paris, intervient exclusivement en droit p\u00e9nal pour la d\u00e9fense des particuliers, notamment en mati\u00e8re d\u2019accusations de viol. Il assure un accompagnement rigoureux d\u00e8s la garde \u00e0 vue jusqu\u2019\u00e0 la Cour d\u2019assises, veillant au strict respect des garanties proc\u00e9durales.","publisher":{"@id":"https:\/\/kohenavocats.com\/ru\/#organization"},"potentialAction":[{"@type":"SearchAction","target":{"@type":"EntryPoint","urlTemplate":"https:\/\/kohenavocats.com\/ru\/?s={search_term_string}"},"query-input":{"@type":"PropertyValueSpecification","valueRequired":true,"valueName":"search_term_string"}}],"inLanguage":"ru-RU"},{"@type":"Organization","@id":"https:\/\/kohenavocats.com\/ru\/#organization","name":"Kohen Avocats","url":"https:\/\/kohenavocats.com\/ru\/","logo":{"@type":"ImageObject","inLanguage":"ru-RU","@id":"https:\/\/kohenavocats.com\/ru\/#\/schema\/logo\/image\/","url":"https:\/\/kohenavocats.com\/wp-content\/uploads\/2026\/01\/Logo-2-1.webp","contentUrl":"https:\/\/kohenavocats.com\/wp-content\/uploads\/2026\/01\/Logo-2-1.webp","width":2114,"height":1253,"caption":"Kohen Avocats"},"image":{"@id":"https:\/\/kohenavocats.com\/ru\/#\/schema\/logo\/image\/"}}]}},"jetpack_likes_enabled":false,"jetpack_sharing_enabled":true,"_links":{"self":[{"href":"https:\/\/kohenavocats.com\/ru\/wp-json\/wp\/v2\/kji_decision\/674072","targetHints":{"allow":["GET"]}}],"collection":[{"href":"https:\/\/kohenavocats.com\/ru\/wp-json\/wp\/v2\/kji_decision"}],"about":[{"href":"https:\/\/kohenavocats.com\/ru\/wp-json\/wp\/v2\/types\/kji_decision"}],"wp:attachment":[{"href":"https:\/\/kohenavocats.com\/ru\/wp-json\/wp\/v2\/media?parent=674072"}],"wp:term":[{"taxonomy":"kji_country","embeddable":true,"href":"https:\/\/kohenavocats.com\/ru\/wp-json\/wp\/v2\/kji_country?post=674072"},{"taxonomy":"kji_court","embeddable":true,"href":"https:\/\/kohenavocats.com\/ru\/wp-json\/wp\/v2\/kji_court?post=674072"},{"taxonomy":"kji_chamber","embeddable":true,"href":"https:\/\/kohenavocats.com\/ru\/wp-json\/wp\/v2\/kji_chamber?post=674072"},{"taxonomy":"kji_year","embeddable":true,"href":"https:\/\/kohenavocats.com\/ru\/wp-json\/wp\/v2\/kji_year?post=674072"},{"taxonomy":"kji_subject","embeddable":true,"href":"https:\/\/kohenavocats.com\/ru\/wp-json\/wp\/v2\/kji_subject?post=674072"},{"taxonomy":"kji_keyword","embeddable":true,"href":"https:\/\/kohenavocats.com\/ru\/wp-json\/wp\/v2\/kji_keyword?post=674072"},{"taxonomy":"kji_language","embeddable":true,"href":"https:\/\/kohenavocats.com\/ru\/wp-json\/wp\/v2\/kji_language?post=674072"}],"curies":[{"name":"wp","href":"https:\/\/api.w.org\/{rel}","templated":true}]}}