{"id":675846,"date":"2026-04-24T23:10:25","date_gmt":"2026-04-24T21:10:25","guid":{"rendered":"https:\/\/kohenavocats.com\/jurisprudences\/cour-superieure-de-justice-14-decembre-2021\/"},"modified":"2026-04-24T23:10:28","modified_gmt":"2026-04-24T21:10:28","slug":"cour-superieure-de-justice-14-decembre-2021","status":"publish","type":"kji_decision","link":"https:\/\/kohenavocats.com\/ru\/jurisprudences\/cour-superieure-de-justice-14-decembre-2021\/","title":{"rendered":"Cour sup\u00e9rieure de justice, 14 d\u00e9cembre 2021"},"content":{"rendered":"<div class=\"kji-decision\">\n<div class=\"kji-full-text\">\n<p>Arr\u00eat n\u00b0 1126 \/21 Ch.c.C. du 14 d\u00e9cembre 2021. (Not.: 29252\/19\/CD)<\/p>\n<p>La chambre du conseil de la Cour d&#039;appel du Grand-Duch\u00e9 de Luxembourg a rendu le quatorze d\u00e9cembre deux mille vingt -et-un l&#039;arr\u00eat qui suit:<\/p>\n<p>Vu les pi\u00e8ces de la proc\u00e9dure instruite \u00e0 charge de:<\/p>\n<p>PERSONNE1.), n\u00e9 le DATE1.) \u00e0 ADRESSE1.), demeurant \u00e0 L- ADRESSE2.),<\/p>\n<p>Vu l&#039;O R D O N N A N C E n\u00b0 1940\/21 rendue le 13 octobre 2021 par la chambre du conseil du tribunal d&#039;arrondissement de Luxembourg ;<\/p>\n<p>Vu l&#039;appel relev\u00e9 de cette ordonnance le 13 octobre 2021 par d\u00e9claration du mandataire de PERSONNE1.) SA re\u00e7ue au greffe du tribunal d\u2019arrondissement de et \u00e0 Luxembourg ;<\/p>\n<p>Vu les informations du 4 novembre 2021 donn\u00e9es \u00e0 PERSONNE1.) SA et \u00e0 son conseil pour la s\u00e9ance du mardi, 30 novembre 2021 ;<\/p>\n<p>Entendues en cette s\u00e9ance ;<\/p>\n<p>Ma\u00eetre AVOCAT1.), avocat \u00e0 la Cour, demeurant \u00e0 Diekirch , comparant pour PERSONNE1.) SA, en ses moyens d\u2019appel ;<\/p>\n<p>Madame l\u2019avocat g\u00e9n\u00e9ral MAGISTRAT1.) , assumant les fonctions de Minist\u00e8re public, en ses conclusions ;<\/p>\n<p>Apr\u00e8s avoir d\u00e9lib\u00e9r\u00e9 conform\u00e9ment \u00e0 la loi;<\/p>\n<p>LA CHAMBRE DU CONSEIL DE LA COUR D&#039;APPEL :<\/p>\n<p>Par d\u00e9claration parvenue au greffe du tribunal d\u2019arrondissement de et \u00e0 Luxembourg le 13 octobre 2021, Ma\u00eetre AVOCAT1.) , avocat \u00e0 la Cour, inscrit au tableau de l\u2019Ordre des avocats \u00e0 Diekirch, a relev\u00e9 au nom et pour compte de PERSONNE1.) SA, appel de l\u2019ordonnance n\u00b01940\/21 rendue le m\u00eame jour par la chambre du conseil du susdit tribunal.<\/p>\n<p>L\u2019ordonnance d\u00e9f\u00e9r\u00e9e, par laquelle la chambre du conseil a d\u00e9clar\u00e9 recevable, mais non fond\u00e9e, la demande en restitution introduite, est jointe au pr\u00e9sent arr\u00eat.<\/p>\n<p>La repr\u00e9sentante du Parquet g\u00e9n\u00e9ral, en invoquant l\u2019article 7 de la loi modifi\u00e9e du 10 ao\u00fbt 1991 sur la profession d\u2019avocat, conclut \u00e0 l\u2019irrecevabilit\u00e9 de l\u2019appel pour avoir \u00e9t\u00e9 interjet\u00e9 par un avocat inscrit aupr\u00e8s du barreau de Diekirch.<\/p>\n<p>La mandataire de l\u2019appelant estime que le recours est recevable, alors que la disposition invoqu\u00e9e ne pourrait \u00eatre interpr\u00e9t\u00e9e dans le sens que les avocats inscrits aupr\u00e8s du barreau de l\u2019un des arrondissements judiciaires ne pourraient interjeter appel en mati\u00e8re p\u00e9nale pour le compte de leurs clients au greffe du tribunal d\u2019arrondissement situ\u00e9 dans l\u2019autre arrondissement judiciaire.<\/p>\n<p>Les dispositions r\u00e9glant les modalit\u00e9s de saisine des juridictions et notamment celles relatives \u00e0 l\u2019exercice des voies de recours constituent des r\u00e8gles de proc\u00e9dure d\u2019ordre public en ce qu\u2019elles tiennent \u00e0 l\u2019organisation judiciaire et leur inobservation est sanctionn\u00e9e par l\u2019irrecevabilit\u00e9 du recours (cf. Cass. 24 janvier 2019, n\u00b017\/2019).<\/p>\n<p>L\u2019article 7 de la loi modifi\u00e9e du 10 ao\u00fbt 1991 sur la profession d\u2019avocat pr\u00e9voit dans chaque arrondissement judiciaire un Ordre des avocats distinct. La fonction d\u2019avocat se rattache en cons\u00e9quence au fonctionnement du tribunal d\u2019arrondissement respectif. S\u2019il est admis que l\u2019avocat \u00e0 la Cour peut postuler devant la Cour d\u2019appel, juridiction commune aux deux tribunaux d\u2019arrondissement, sans distinction de son inscription, il n\u2019en est pas de m\u00eame des actes de proc\u00e9dure \u00e0 accomplir aupr\u00e8s du greffe de l\u2019un des tribunaux d\u2019arrondissement.<\/p>\n<p>Il s\u2019ensuit que l\u2019appel relev\u00e9 par la mandataire de PERSONNE1.) SA, inscrit en tant qu\u2019avocat \u00e0 la Cour au tableau de l\u2019Ordre des avocats \u00e0 Diekirch, au greffe du tribunal d\u2019arrondissement de et \u00e0 Luxembourg , est \u00e0 d\u00e9clarer irrecevable.<\/p>\n<p>P A R C E S M O T I F S<\/p>\n<p>d\u00e9clare l\u2019appel irrecevable,<\/p>\n<p>impose les frais de l\u2019instance d\u2019appel \u00e0 PERSONNE1.) SA.<\/p>\n<p>Ainsi fait et jug\u00e9 par la chambre du conseil de la Cour d&#039;appel du Grand-Duch\u00e9 de Luxembourg \u00e0 Luxembourg, Cit\u00e9 Judiciaire, Plateau du St. Esprit, o\u00f9 \u00e9taient pr\u00e9sents:<\/p>\n<p>MAGISTRAT2.), pr\u00e9sident de chambre, MAGISTRAT3.), conseiller, MAGISTRAT4.), conseiller,<\/p>\n<p>qui ont sign\u00e9 le pr\u00e9sent arr\u00eat avec le greffier assum\u00e9 GREFFIER1.).<\/p>\n<p>N\u00b0 1940\/21 Not. 29252\/19\/CD<\/p>\n<p>Tribunal d\u2019arrondissement de et \u00e0 Luxembourg<\/p>\n<p>Le 13 octobre 2021, MAGISTRAT5.), vice-pr\u00e9sident, si\u00e9geant en tant que juge unique de la chambre du conseil du Tribunal d\u2019arrondissement de et \u00e0 Luxembourg , assist\u00e9e de GREFFIER2.), greffier, a rendu l\u2019<\/p>\n<p>qui suit, et ce au vu du dossier lui soumis:<\/p>\n<p>Vu la requ\u00eate de en restitution annex\u00e9e, d\u00e9pos\u00e9e le 13 octobre 2021 par Ma\u00eetre AVOCAT1.) , avocat, au nom et pour le compte de<\/p>\n<p>PERSONNE1.), n\u00e9 le DATE1.) \u00e0 ADRESSE1.), demeurant \u00e0 L- ADRESSE2.).<\/p>\n<p>Vu l\u2019accomplissement des formalit\u00e9s pr\u00e9vues \u00e0 l\u2019article 68 du Code de proc\u00e9dure p\u00e9nale.<\/p>\n<p>Entendus \u00e0 l\u2019audience de la chambre du conseil du 13 octobre 2021, \u2022 Ma\u00eetre AVOCAT2.), avocat, en remplacement de Ma\u00eetre AVOCAT1.) , avocat, \u2022 MAGISTRAT6.), repr\u00e9sentante du Minist\u00e8re public.<\/p>\n<p>La demande en restitution introduite par le requ\u00e9rant est recevable sur base de l\u2019article 68 du Code de proc\u00e9dure p\u00e9nale, le requ\u00e9rant pr\u00e9tendant avoir droit sur<\/p>\n<p>&#8212; Un t\u00e9l\u00e9phone portable IPhone 11 Pro, de couleur grise, num\u00e9ro : NUMERO1.) ; &#8212; Un t\u00e9l\u00e9phone portable Samsung S8, de couleur noire ; &#8212; Un t\u00e9l\u00e9phone portable Samsung S4, de couleur noire ; &#8212; Un t\u00e9l\u00e9phone portable Samsung S6, de couleur or , &#8212; Un Hard-Disk externe de marque Toshiba, num\u00e9ro de s\u00e9rie : NUMERO2.) ; &#8212; Un Hard-Disk externe de marque MXQ Pro 4K, de couleur noire (Internet TVBox) &#8212; Un ordinateur portable de marque ACER, num\u00e9ro de s\u00e9rie NUMERO3.) , avec sac.<\/p>\n<p>saisis selon proc\u00e8s-verbal n\u00b0 2019\/83083-13\/BEGl du 14 octobre 2020 par la police grand- ducale.<\/p>\n<p>Il appartient aux juridictions d&#039;instruction saisies d&#039;une requ\u00eate en restitution d&#039;examiner les \u00e9l\u00e9ments fournis par l&#039;information et d&#039;appr\u00e9cier souverainement, au vu desdits \u00e9l\u00e9ments, et compte tenu de l&#039;\u00e9tat de la proc\u00e9dure, s&#039;il y a lieu ou non de faire droit \u00e0 la requ\u00eate (JurisClasseur Proc\u00e9dure p\u00e9nale, art. 99 \u00e0 99-2, Fasc. 20 : Restitution, ali\u00e9nation et destruction des objets plac\u00e9s sous main de justice par les juridictions d&#039;instruction, n\u00b0 37).<\/p>\n<p>La chambre du conseil ne peut refuser la restitution d\u2019un objet plac\u00e9 sous main de justice que pour les motifs limitativement \u00e9num\u00e9r\u00e9s par l\u2019article 68 (6) du code d\u2019instruction criminelle, \u00e0 l\u2019exclusion de tout autre, \u00e0 savoir : lorsque la restitution est de nature \u00e0 faire obstacle \u00e0 la manifestation de la v\u00e9rit\u00e9 ou \u00e0 la sauvegarde des droits des parties ; lorsqu\u2019elle pr\u00e9sente un danger pour les personnes ou les biens ; lorsque l\u2019objet r\u00e9clam\u00e9 est susceptible d\u2019une confiscation pr\u00e9vue par la loi (Ch.c.C., 22 oct. 2014, n\u00b0 769\/14).<\/p>\n<p>Au vu du dossier lui soumis, la chambre du conseil estime que les objets saisis sont susceptibles d\u2019une confiscation pr\u00e9vue par la loi pour constituer des biens dont la propri\u00e9t\u00e9 appartient au requ\u00e9rant et dont la valeur mon\u00e9taire est susceptible de correspondre, du moins en partie, au produit des infractions du chef desquelles le requ\u00e9rant a \u00e9t\u00e9 inculp\u00e9 par le juge d\u2019instruction.<\/p>\n<p>O R D O N N A N C E<\/p>\n<p>Il y a d\u00e8s lors lieu de d\u00e9clarer non fond\u00e9e la demande en restitution pr\u00e9sent\u00e9e par le requ\u00e9rant.<\/p>\n<p>PAR CES MOTIFS:<\/p>\n<p>MAGISTRAT5.), vice-pr\u00e9sident, si\u00e9geant en tant que juge unique de la chambre du conseil du Tribunal d\u2019arrondissement de et \u00e0 Luxembourg,<\/p>\n<p>d\u00e9clare recevable, mais non fond\u00e9e, la demande en restitution introduite par PERSONNE1.) SA<\/p>\n<p>r\u00e9serve les frais.<\/p>\n<p>Ainsi fait et prononc\u00e9 au Tribunal d\u2019arrondissement de et \u00e0 Luxembourg, date qu&#039;en t\u00eate.<\/p>\n<p>Cette ordonnance est susceptible d\u2019appel. L\u2019appel est \u00e0 interjeter dans le d\u00e9lai pr\u00e9vu \u00e0 l\u2019article 133 du Code de proc\u00e9dure p\u00e9nale et il doit \u00eatre form\u00e9 par l\u2019inculp\u00e9 ou son avocat dans les 5 jours de la notification de la pr\u00e9sente ordonnance, aupr\u00e8s du greffe du tribunal dont rel\u00e8ve la chambre du conseil. Sans pr\u00e9judice des proc\u00e9dures pr\u00e9vues \u00e0 l\u2019article 133 du Code de proc\u00e9dure p\u00e9nale, l\u2019appel peut \u00e9galement \u00eatre form\u00e9, conform\u00e9ment \u00e0 l\u2019article 6 modifi\u00e9 de la loi du 20 juin 2020 portant adaptation temporaire de certaines modalit\u00e9s proc\u00e9durales en mati\u00e8re p\u00e9nale, par une d\u00e9claration d\u2019appel qui est \u00e0 faire parvenir au guichet du greffe du tribunal dont rel\u00e8ve la chambre du conseil, par courrier \u00e9lectronique.<\/p>\n<\/div>\n<hr class=\"kji-sep\" \/>\n<p class=\"kji-source-links\"><strong>Sources officielles :<\/strong> <a class=\"kji-source-link\" href=\"https:\/\/data.public.lu\/fr\/datasets\/cour-superieure-de-justice-chambre-du-conseil\/\" target=\"_blank\" rel=\"noopener noreferrer\">consulter la page source<\/a> &middot; <a class=\"kji-pdf-link\" href=\"https:\/\/download.data.public.lu\/resources\/cour-superieure-de-justice-chambre-du-conseil\/20240808-132342\/20211214-cachcons-1126a-accessible.pdf\" target=\"_blank\" rel=\"noopener noreferrer\">PDF officiel<\/a><\/p>\n<p class=\"kji-license-note\"><em>Licence CC BY-ND 4.0 (Administration judiciaire, data.public.lu). Republication autorisee avec attribution, sans modification editoriale du texte integral.<\/em><\/p>\n<\/div>\n","protected":false},"excerpt":{"rendered":"<p>Arr\u00eat n\u00b0 1126 \/21 Ch.c.C. du 14 d\u00e9cembre 2021. (Not.: 29252\/19\/CD) La chambre du conseil de la Cour d&#8217;appel du Grand-Duch\u00e9 de Luxembourg a rendu le quatorze d\u00e9cembre deux mille vingt -et-un l&#8217;arr\u00eat qui suit: Vu les pi\u00e8ces de la proc\u00e9dure instruite \u00e0 charge de:\u2026<\/p>\n","protected":false},"featured_media":0,"template":"","meta":{"_crdt_document":""},"kji_country":[8418],"kji_court":[12305],"kji_chamber":[23318],"kji_year":[36297],"kji_subject":[7724],"kji_keyword":[8683,8464,9055,12307],"kji_language":[7733],"class_list":["post-675846","kji_decision","type-kji_decision","status-publish","hentry","kji_country-luxembourg","kji_court-cour-superieure-de-justice","kji_chamber-chambre-du-conseil","kji_year-36297","kji_subject-civil","kji_keyword-arret","kji_keyword-decembre","kji_keyword-justice","kji_keyword-superieure","kji_language-francais"],"yoast_head":"<!-- This site is optimized with the Yoast SEO Premium plugin v27.5 (Yoast SEO v27.5) - https:\/\/yoast.com\/product\/yoast-seo-premium-wordpress\/ -->\n<title>Cour sup\u00e9rieure de justice, 14 d\u00e9cembre 2021 - Ma\u00eetre Hassan Kohen, avocat en droit p\u00e9nal \u00e0 Paris<\/title>\n<meta name=\"robots\" content=\"index, follow, max-snippet:-1, max-image-preview:large, max-video-preview:-1\" \/>\n<link rel=\"canonical\" href=\"https:\/\/kohenavocats.com\/ru\/jurisprudences\/cour-superieure-de-justice-14-decembre-2021\/\" \/>\n<meta property=\"og:locale\" content=\"ru_RU\" \/>\n<meta property=\"og:type\" content=\"article\" \/>\n<meta property=\"og:title\" content=\"Cour sup\u00e9rieure de justice, 14 d\u00e9cembre 2021\" \/>\n<meta property=\"og:description\" content=\"Arr\u00eat n\u00b0 1126 \/21 Ch.c.C. du 14 d\u00e9cembre 2021. (Not.: 29252\/19\/CD) La chambre du conseil de la Cour d&#039;appel du Grand-Duch\u00e9 de Luxembourg a rendu le quatorze d\u00e9cembre deux mille vingt -et-un l&#039;arr\u00eat qui suit: Vu les pi\u00e8ces de la proc\u00e9dure instruite \u00e0 charge de:\u2026\" \/>\n<meta property=\"og:url\" content=\"https:\/\/kohenavocats.com\/ru\/jurisprudences\/cour-superieure-de-justice-14-decembre-2021\/\" \/>\n<meta property=\"og:site_name\" content=\"Ma\u00eetre Hassan Kohen, avocat en droit p\u00e9nal \u00e0 Paris\" \/>\n<meta property=\"article:modified_time\" content=\"2026-04-24T21:10:28+00:00\" \/>\n<meta name=\"twitter:card\" content=\"summary_large_image\" \/>\n<meta name=\"twitter:label1\" content=\"\u041f\u0440\u0438\u043c\u0435\u0440\u043d\u043e\u0435 \u0432\u0440\u0435\u043c\u044f \u0434\u043b\u044f \u0447\u0442\u0435\u043d\u0438\u044f\" \/>\n\t<meta name=\"twitter:data1\" content=\"7 \u043c\u0438\u043d\u0443\u0442\" \/>\n<script type=\"application\/ld+json\" class=\"yoast-schema-graph\">{\"@context\":\"https:\\\/\\\/schema.org\",\"@graph\":[{\"@type\":\"WebPage\",\"@id\":\"https:\\\/\\\/kohenavocats.com\\\/ru\\\/jurisprudences\\\/cour-superieure-de-justice-14-decembre-2021\\\/\",\"url\":\"https:\\\/\\\/kohenavocats.com\\\/ru\\\/jurisprudences\\\/cour-superieure-de-justice-14-decembre-2021\\\/\",\"name\":\"Cour sup\u00e9rieure de justice, 14 d\u00e9cembre 2021 - Ma\u00eetre Hassan Kohen, avocat en droit p\u00e9nal \u00e0 Paris\",\"isPartOf\":{\"@id\":\"https:\\\/\\\/kohenavocats.com\\\/ru\\\/#website\"},\"datePublished\":\"2026-04-24T21:10:25+00:00\",\"dateModified\":\"2026-04-24T21:10:28+00:00\",\"breadcrumb\":{\"@id\":\"https:\\\/\\\/kohenavocats.com\\\/ru\\\/jurisprudences\\\/cour-superieure-de-justice-14-decembre-2021\\\/#breadcrumb\"},\"inLanguage\":\"ru-RU\",\"potentialAction\":[{\"@type\":\"ReadAction\",\"target\":[\"https:\\\/\\\/kohenavocats.com\\\/ru\\\/jurisprudences\\\/cour-superieure-de-justice-14-decembre-2021\\\/\"]}]},{\"@type\":\"BreadcrumbList\",\"@id\":\"https:\\\/\\\/kohenavocats.com\\\/ru\\\/jurisprudences\\\/cour-superieure-de-justice-14-decembre-2021\\\/#breadcrumb\",\"itemListElement\":[{\"@type\":\"ListItem\",\"position\":1,\"name\":\"Home\",\"item\":\"https:\\\/\\\/kohenavocats.com\\\/ru\\\/avocats-en-droit-penal-a-paris-conseil-et-defense-strategique\\\/\"},{\"@type\":\"ListItem\",\"position\":2,\"name\":\"Jurisprudences\",\"item\":\"https:\\\/\\\/kohenavocats.com\\\/ru\\\/jurisprudences\\\/\"},{\"@type\":\"ListItem\",\"position\":3,\"name\":\"Cour sup\u00e9rieure de justice, 14 d\u00e9cembre 2021\"}]},{\"@type\":\"WebSite\",\"@id\":\"https:\\\/\\\/kohenavocats.com\\\/ru\\\/#website\",\"url\":\"https:\\\/\\\/kohenavocats.com\\\/ru\\\/\",\"name\":\"Kohen Avocats\",\"description\":\"Ma\u00eetre Hassan Kohen, avocat p\u00e9naliste \u00e0 Paris, intervient exclusivement en droit p\u00e9nal pour la d\u00e9fense des particuliers, notamment en mati\u00e8re d\u2019accusations de viol. Il assure un accompagnement rigoureux d\u00e8s la garde \u00e0 vue jusqu\u2019\u00e0 la Cour d\u2019assises, veillant au strict respect des garanties proc\u00e9durales.\",\"publisher\":{\"@id\":\"https:\\\/\\\/kohenavocats.com\\\/ru\\\/#organization\"},\"potentialAction\":[{\"@type\":\"SearchAction\",\"target\":{\"@type\":\"EntryPoint\",\"urlTemplate\":\"https:\\\/\\\/kohenavocats.com\\\/ru\\\/?s={search_term_string}\"},\"query-input\":{\"@type\":\"PropertyValueSpecification\",\"valueRequired\":true,\"valueName\":\"search_term_string\"}}],\"inLanguage\":\"ru-RU\"},{\"@type\":\"Organization\",\"@id\":\"https:\\\/\\\/kohenavocats.com\\\/ru\\\/#organization\",\"name\":\"Kohen Avocats\",\"url\":\"https:\\\/\\\/kohenavocats.com\\\/ru\\\/\",\"logo\":{\"@type\":\"ImageObject\",\"inLanguage\":\"ru-RU\",\"@id\":\"https:\\\/\\\/kohenavocats.com\\\/ru\\\/#\\\/schema\\\/logo\\\/image\\\/\",\"url\":\"https:\\\/\\\/kohenavocats.com\\\/wp-content\\\/uploads\\\/2026\\\/01\\\/Logo-2-1.webp\",\"contentUrl\":\"https:\\\/\\\/kohenavocats.com\\\/wp-content\\\/uploads\\\/2026\\\/01\\\/Logo-2-1.webp\",\"width\":2114,\"height\":1253,\"caption\":\"Kohen Avocats\"},\"image\":{\"@id\":\"https:\\\/\\\/kohenavocats.com\\\/ru\\\/#\\\/schema\\\/logo\\\/image\\\/\"}}]}<\/script>\n<!-- \/ Yoast SEO Premium plugin. -->","yoast_head_json":{"title":"Cour sup\u00e9rieure de justice, 14 d\u00e9cembre 2021 - Ma\u00eetre Hassan Kohen, avocat en droit p\u00e9nal \u00e0 Paris","robots":{"index":"index","follow":"follow","max-snippet":"max-snippet:-1","max-image-preview":"max-image-preview:large","max-video-preview":"max-video-preview:-1"},"canonical":"https:\/\/kohenavocats.com\/ru\/jurisprudences\/cour-superieure-de-justice-14-decembre-2021\/","og_locale":"ru_RU","og_type":"article","og_title":"Cour sup\u00e9rieure de justice, 14 d\u00e9cembre 2021","og_description":"Arr\u00eat n\u00b0 1126 \/21 Ch.c.C. du 14 d\u00e9cembre 2021. (Not.: 29252\/19\/CD) La chambre du conseil de la Cour d'appel du Grand-Duch\u00e9 de Luxembourg a rendu le quatorze d\u00e9cembre deux mille vingt -et-un l'arr\u00eat qui suit: Vu les pi\u00e8ces de la proc\u00e9dure instruite \u00e0 charge de:\u2026","og_url":"https:\/\/kohenavocats.com\/ru\/jurisprudences\/cour-superieure-de-justice-14-decembre-2021\/","og_site_name":"Ma\u00eetre Hassan Kohen, avocat en droit p\u00e9nal \u00e0 Paris","article_modified_time":"2026-04-24T21:10:28+00:00","twitter_card":"summary_large_image","twitter_misc":{"\u041f\u0440\u0438\u043c\u0435\u0440\u043d\u043e\u0435 \u0432\u0440\u0435\u043c\u044f \u0434\u043b\u044f \u0447\u0442\u0435\u043d\u0438\u044f":"7 \u043c\u0438\u043d\u0443\u0442"},"schema":{"@context":"https:\/\/schema.org","@graph":[{"@type":"WebPage","@id":"https:\/\/kohenavocats.com\/ru\/jurisprudences\/cour-superieure-de-justice-14-decembre-2021\/","url":"https:\/\/kohenavocats.com\/ru\/jurisprudences\/cour-superieure-de-justice-14-decembre-2021\/","name":"Cour sup\u00e9rieure de justice, 14 d\u00e9cembre 2021 - Ma\u00eetre Hassan Kohen, avocat en droit p\u00e9nal \u00e0 Paris","isPartOf":{"@id":"https:\/\/kohenavocats.com\/ru\/#website"},"datePublished":"2026-04-24T21:10:25+00:00","dateModified":"2026-04-24T21:10:28+00:00","breadcrumb":{"@id":"https:\/\/kohenavocats.com\/ru\/jurisprudences\/cour-superieure-de-justice-14-decembre-2021\/#breadcrumb"},"inLanguage":"ru-RU","potentialAction":[{"@type":"ReadAction","target":["https:\/\/kohenavocats.com\/ru\/jurisprudences\/cour-superieure-de-justice-14-decembre-2021\/"]}]},{"@type":"BreadcrumbList","@id":"https:\/\/kohenavocats.com\/ru\/jurisprudences\/cour-superieure-de-justice-14-decembre-2021\/#breadcrumb","itemListElement":[{"@type":"ListItem","position":1,"name":"Home","item":"https:\/\/kohenavocats.com\/ru\/avocats-en-droit-penal-a-paris-conseil-et-defense-strategique\/"},{"@type":"ListItem","position":2,"name":"Jurisprudences","item":"https:\/\/kohenavocats.com\/ru\/jurisprudences\/"},{"@type":"ListItem","position":3,"name":"Cour sup\u00e9rieure de justice, 14 d\u00e9cembre 2021"}]},{"@type":"WebSite","@id":"https:\/\/kohenavocats.com\/ru\/#website","url":"https:\/\/kohenavocats.com\/ru\/","name":"Kohen Avocats","description":"Ma\u00eetre Hassan Kohen, avocat p\u00e9naliste \u00e0 Paris, intervient exclusivement en droit p\u00e9nal pour la d\u00e9fense des particuliers, notamment en mati\u00e8re d\u2019accusations de viol. Il assure un accompagnement rigoureux d\u00e8s la garde \u00e0 vue jusqu\u2019\u00e0 la Cour d\u2019assises, veillant au strict respect des garanties proc\u00e9durales.","publisher":{"@id":"https:\/\/kohenavocats.com\/ru\/#organization"},"potentialAction":[{"@type":"SearchAction","target":{"@type":"EntryPoint","urlTemplate":"https:\/\/kohenavocats.com\/ru\/?s={search_term_string}"},"query-input":{"@type":"PropertyValueSpecification","valueRequired":true,"valueName":"search_term_string"}}],"inLanguage":"ru-RU"},{"@type":"Organization","@id":"https:\/\/kohenavocats.com\/ru\/#organization","name":"Kohen Avocats","url":"https:\/\/kohenavocats.com\/ru\/","logo":{"@type":"ImageObject","inLanguage":"ru-RU","@id":"https:\/\/kohenavocats.com\/ru\/#\/schema\/logo\/image\/","url":"https:\/\/kohenavocats.com\/wp-content\/uploads\/2026\/01\/Logo-2-1.webp","contentUrl":"https:\/\/kohenavocats.com\/wp-content\/uploads\/2026\/01\/Logo-2-1.webp","width":2114,"height":1253,"caption":"Kohen Avocats"},"image":{"@id":"https:\/\/kohenavocats.com\/ru\/#\/schema\/logo\/image\/"}}]}},"jetpack_likes_enabled":false,"jetpack_sharing_enabled":true,"_links":{"self":[{"href":"https:\/\/kohenavocats.com\/ru\/wp-json\/wp\/v2\/kji_decision\/675846","targetHints":{"allow":["GET"]}}],"collection":[{"href":"https:\/\/kohenavocats.com\/ru\/wp-json\/wp\/v2\/kji_decision"}],"about":[{"href":"https:\/\/kohenavocats.com\/ru\/wp-json\/wp\/v2\/types\/kji_decision"}],"wp:attachment":[{"href":"https:\/\/kohenavocats.com\/ru\/wp-json\/wp\/v2\/media?parent=675846"}],"wp:term":[{"taxonomy":"kji_country","embeddable":true,"href":"https:\/\/kohenavocats.com\/ru\/wp-json\/wp\/v2\/kji_country?post=675846"},{"taxonomy":"kji_court","embeddable":true,"href":"https:\/\/kohenavocats.com\/ru\/wp-json\/wp\/v2\/kji_court?post=675846"},{"taxonomy":"kji_chamber","embeddable":true,"href":"https:\/\/kohenavocats.com\/ru\/wp-json\/wp\/v2\/kji_chamber?post=675846"},{"taxonomy":"kji_year","embeddable":true,"href":"https:\/\/kohenavocats.com\/ru\/wp-json\/wp\/v2\/kji_year?post=675846"},{"taxonomy":"kji_subject","embeddable":true,"href":"https:\/\/kohenavocats.com\/ru\/wp-json\/wp\/v2\/kji_subject?post=675846"},{"taxonomy":"kji_keyword","embeddable":true,"href":"https:\/\/kohenavocats.com\/ru\/wp-json\/wp\/v2\/kji_keyword?post=675846"},{"taxonomy":"kji_language","embeddable":true,"href":"https:\/\/kohenavocats.com\/ru\/wp-json\/wp\/v2\/kji_language?post=675846"}],"curies":[{"name":"wp","href":"https:\/\/api.w.org\/{rel}","templated":true}]}}