{"id":675987,"date":"2026-04-24T23:14:41","date_gmt":"2026-04-24T21:14:41","guid":{"rendered":"https:\/\/kohenavocats.com\/jurisprudences\/cour-superieure-de-justice-25-novembre-2021\/"},"modified":"2026-04-24T23:14:44","modified_gmt":"2026-04-24T21:14:44","slug":"cour-superieure-de-justice-25-novembre-2021","status":"publish","type":"kji_decision","link":"https:\/\/kohenavocats.com\/ru\/jurisprudences\/cour-superieure-de-justice-25-novembre-2021\/","title":{"rendered":"Cour sup\u00e9rieure de justice, 25 novembre 2021"},"content":{"rendered":"<div class=\"kji-decision\">\n<div class=\"kji-full-text\">\n<p>Arr\u00eat n\u00b0 1072\/21 Ch.c.C. du 25 novembre 2021. (Not.: 28191\/13\/CD)<\/p>\n<p>La chambre du conseil de la Cour d&#039;appel du Grand-Duch\u00e9 de Luxembourg a rendu le vingt -cinq novembre deux mille vingt-et-un l&#039;arr\u00eat qui suit:<\/p>\n<p>Vu les pi\u00e8ces de la proc\u00e9dure instruite \u00e0 charge de:<\/p>\n<p>A.), \u00e9pouse B.) , n\u00e9e le (\u2026) \u00e0 (\u2026), demeurant \u00e0 L-(\u2026),<\/p>\n<p>B.), n\u00e9 le (\u2026) \u00e0 (\u2026), demeurant \u00e0 L-(\u2026),<\/p>\n<p>C.), n\u00e9 le (\u2026) \u00e0 (\u2026), demeurant \u00e0 UEA-(\u2026).<\/p>\n<p>Vu l&#039;ordonnance n\u00b0 1908\/20 rendue le 9 d\u00e9cembre 2020 par la chambre du conseil du tribunal d&#039;arrondissement de Luxembourg ;<\/p>\n<p>Vu les appels relev\u00e9s de cette ordonnance au greffe du tribunal d\u2019arrondissement de et \u00e0 Luxembourg le 14 d\u00e9cembre 2020 par le mandataire de A.), le 17 d\u00e9cembre 2020 par le mandataire de C.) et le 18 d\u00e9cembre 2020 par le mandataire de B.) ;<\/p>\n<p>Vu les informations du 18 janvier 2021 donn\u00e9es par lettres recommand\u00e9es \u00e0 la poste \u00e0 A.), B.) et C.), ainsi qu\u2019\u00e0 leurs conseils, et au conseil de la soci\u00e9t\u00e9 SOC.1.) S.A. pour la s\u00e9ance du lundi 1 er mars 2021 ;<\/p>\n<p>Suite aux demandes de Ma\u00eetre Pol URBANY, l\u2019affaire a \u00e9t\u00e9 remise \u00e0 plusieurs reprises ;<\/p>\n<p>Vu les informations du 17 septembre 2021 donn\u00e9es par lettres recommand\u00e9es \u00e0 la poste \u00e0 A.), C.) et B.), ainsi qu\u2019\u00e0 leurs conseils, et au conseil de la soci\u00e9t\u00e9 SO C.1.) S.A. pour la s\u00e9ance du lundi, 15 novembre 2021 ;<\/p>\n<p>Entendus en cette s\u00e9ance :<\/p>\n<p>Ma\u00eetre Roby SCHONS, avocat \u00e0 la Cour, demeurant \u00e0 Luxembourg, comparant pour A.), en ses moyens d\u2019appel ;<\/p>\n<p>Ma\u00eetre Florent KIRMANN, en remplacement de Ma\u00eetre Andr\u00e9 LUTGEN, avocats \u00e0 la Cour, les deux demeurant \u00e0 Luxembourg, comparant pour C.), en ses moyens d\u2019appel ;<\/p>\n<p>Ma\u00eetre Pol URBANY, avocat \u00e0 la Cour, demeurant \u00e0 Luxembourg, assist\u00e9 de Ma\u00eetre Michel BRAUSCH, avocat \u00e0 la Cour, demeurant \u00e0 Diekirch, comparant pour B.) , en ses moyens d\u2019appel ;<\/p>\n<p>Ma\u00eetre Elisabeth OMES, en remplacement de Ma\u00eetre Pit RECKINGER, assist\u00e9 de Ma\u00eetre Philippe PENNING, avocats \u00e0 la Cour, les trois demeurant \u00e0 Luxembourg, comparant pour la soci\u00e9t\u00e9 SOC.1.) S.A., en ses conclusions ;<\/p>\n<p>Monsieur le Procureur g\u00e9n\u00e9ral d\u2019Etat adjoint John PETRY, assumant les fonctions de M inist\u00e8re public, en ses conclusions ;<\/p>\n<p>Apr\u00e8s avoir d\u00e9lib\u00e9r\u00e9 conform\u00e9ment \u00e0 la loi;<\/p>\n<p>LA CHAMBRE DU CONSEIL DE LA COUR D&#039;APPEL :<\/p>\n<p>Par d\u00e9claration du 14 d\u00e9cembre 2020 au greffe du tribunal d\u2019arrondissement de et \u00e0 Luxembourg, A.) a r\u00e9guli\u00e8rement fait relever appel de l\u2019ordonnance n\u00b01908\/20 rendue le 9 d\u00e9cembre 2020 par la chambre du conseil du susdit tribunal.<\/p>\n<p>Par d\u00e9claration parvenue au greffe dudit tribunal en date du 17 d\u00e9cembre 2020, C.) a de m\u00eame r\u00e9guli\u00e8rement fait relever appel de cette ordonnance, dont la date de notification \u00e0 son \u00e9gard ne ressort pas du dossier.<\/p>\n<p>Par d\u00e9claration parvenue au greffe dudit tribunal en date du 18 d\u00e9cembre 2020, B.) a \u00e9galement r\u00e9guli\u00e8rement fait relever appel de cette m\u00eame ordonnance, lui notifi\u00e9e le 14 d\u00e9cembre 2020.<\/p>\n<p>La chambre du conseil de premi\u00e8re instance a, dans l\u2019ordonnance entreprise qui est jointe au pr\u00e9sent arr\u00eat, en faisant partiellement droit aux conclusions d\u00e9velopp\u00e9es par les inculp\u00e9s dans leur m\u00e9moire respectif :<\/p>\n<p>\u2212 constat\u00e9 le d\u00e9passement du d\u00e9lai raisonnable,<\/p>\n<p>\u2212 d\u00e9clar\u00e9 qu\u2019elle est incomp\u00e9tente pour r\u00e9gler la proc\u00e9dure quant aux faits reproch\u00e9s \u00e0 B.), C.) et A.) libell\u00e9s sub \u03b1. E., \u00df. A. et \u03b3. B. 1. et B.2. du r\u00e9quisitoire et qualifi\u00e9s provisoirement de faux et d\u2019usage de faux, ainsi que de banqueroute simple pour s\u2019\u00eatre livr\u00e9, dans l\u2019intention de retarder la faillite, \u00e0 des emprunts, circulation d\u2019effets et autres moyens ruineux de se procurer des fonds,<\/p>\n<p>\u2212 d\u00e9clar\u00e9 qu\u2019il n\u2019y a pas lieu de poursuivre D.), E.), F.), G.), H.), I.), J.), K.) et L.) du chef des faits soumis \u00e0 instruction,<\/p>\n<p>\u2212 d\u00e9clar\u00e9 qu\u2019il n\u2019y a pas lieu de poursuivre B.) , ni du chef des faits qualifi\u00e9s de banqueroute frauduleuse en relation avec la facture de la soci\u00e9t\u00e9 SOC.2.) SA \u00e0 hauteur de 5.500.- euros, ni du chef des faits qualifi\u00e9s de recel,<\/p>\n<p>\u2212 d\u00e9clar\u00e9 qu\u2019il n\u2019y a pas lieu de poursuivre C.), ni du chef des faits qualifi\u00e9s de banqueroute simple pour d\u00e9faut d\u2019aveu de faillite dans le mois de la cessation de paiements, ni du chef des faits qualifi\u00e9s de banqueroute frauduleuse en relation avec la facture de la soci\u00e9t\u00e9 SOC.2.) S.A. \u00e0 hauteur de 5.500.- euros,<\/p>\n<p>\u2212 d\u00e9clar\u00e9 qu\u2019il n\u2019y a pas lieu de poursuivre A.), ni du chef des faits qualifi\u00e9s d\u2019abus de confiance, d\u2019abus de biens sociaux, de banqueroute frauduleuse et de banqueroute simple pour avoir, apr\u00e8s la cessation de paiements, pay\u00e9 ou favoris\u00e9 un cr\u00e9ancier au pr\u00e9judice de la masse,<\/p>\n<p>\u2212 pour le surplus, renvoy\u00e9 les inculp\u00e9s devant une chambre correctionnelle du tribunal d\u2019arrondissement de Luxembourg pour les infractions libell\u00e9es au r\u00e9quisitoire du Parquet.<\/p>\n<p>A l\u2019audience de la chambre du conseil de la Cour, le mandataire de C.) a sollicit\u00e9 la surs\u00e9ance \u00e0 statuer en attendant la d\u00e9cision du juge d\u2019instruction sur sa requ\u00eate en contestation de partie civile de la soci\u00e9t\u00e9 SOC.1.) S.A.<\/p>\n<p>Les autres parties et le Minist\u00e8re public ont conclu dans le m\u00eame sens.<\/p>\n<p>Ladite requ\u00eate en contestation n\u2019a \u00e9t\u00e9 d\u00e9pos\u00e9e que le vendredi 12 novembre 2021, soit trois jours seulement avant les d\u00e9bats fix\u00e9s en instance d\u2019appel sur le r\u00e8glement de la proc\u00e9dure.<\/p>\n<p>La soci\u00e9t\u00e9 SOC.1.) S.A. s\u2019est constitu\u00e9e partie civile en date du 19 janvier 2015.<\/p>\n<p>Aux termes de l\u2019article 58, paragraphe (2), du Code de proc\u00e9dure p\u00e9nale, la constitution de partie civile peut \u00eatre contest\u00e9e par le minist\u00e8re public, par l\u2019inculp\u00e9 ou par une autre partie civile. Suivant le paragraphe (3) du m\u00eame article, en cas de contestation, ou s\u2019il d\u00e9clare d\u2019office irrecevable la constitution de partie civile, le juge d&#039;instruction statue par ordonnance motiv\u00e9e, apr\u00e8s communication du dossier au minist\u00e8re public.<\/p>\n<p>Lorsque la chambre du conseil de la Cour est saisie de l\u2019ensemble de la proc\u00e9dure, ce qui est le cas lorsqu\u2019elle statue sur le r\u00e8glement de celle- ci, le juge d\u2019instruction n\u2019est plus comp\u00e9tent pour trancher les contestations relatives \u00e0 la recevabilit\u00e9 d\u2019une constitution de partie civile.<\/p>\n<p>Si le juge d\u2019instruction n\u2019est pas dessaisi par l\u2019ordonnance de cl\u00f4ture et s\u2019il reste saisi de l\u2019instruction de l\u2019affaire jusqu\u2019au prononc\u00e9 de la<\/p>\n<p>d\u00e9cision de r\u00e8glement par la chambre du conseil du tribunal, une requ\u00eate lui pr\u00e9sent\u00e9e apr\u00e8s que la chambre du conseil de premi\u00e8re instance ait \u00e9puis\u00e9 sa juridiction quant \u00e0 l\u2019action publique par une ordonnance de r\u00e8glement est irrecevable.<\/p>\n<p>Ainsi, en cas de recours contre une ordonnance de r\u00e8glement, la chambre du conseil de la Cour, saisie par l\u2019effet d\u00e9volutif de l\u2019appel de l\u2019ensemble de la proc\u00e9dure et investie d\u2019un pouvoir de r\u00e9vision en vertu des pouvoirs propres lui conf\u00e9r\u00e9s par les articles 134 et 134-1 du Code de proc\u00e9dure p\u00e9nale, demeure seule comp\u00e9tente, \u00e0 l\u2019exclusion de la chambre du conseil du tribunal ou du magistrat instructeur qui fait partie du tribunal de premi\u00e8re instance, pour statuer par la suite et rendre toute d\u00e9cision qu\u2019impose le d\u00e9roulement de l\u2019instruction.<\/p>\n<p>Les d\u00e9cisions cit\u00e9es par le Minist\u00e8re public (Arr\u00eat n\u00b05\/09 Ch.c.C. du 12 janvier 2009 et Arr\u00eat n\u00b0272\/20 Ch.c.C. du 24 mars 2020) ne disent pas le contraire, \u00e9tant pr\u00e9cis\u00e9 qu\u2019elles ont \u00e9t\u00e9 rendues dans le cadre d\u2019hypoth\u00e8ses diff\u00e9rentes, alors que soit aucune demande n\u2019avait \u00e9t\u00e9 formul\u00e9e au juge d\u2019instruction, soit qu\u2019une mesure d\u2019instruction suppl\u00e9mentaire avait \u00e9t\u00e9 sollicit\u00e9e aupr\u00e8s du juge d\u2019instruction avant la saisine de la chambre du conseil du tribunal.<\/p>\n<p>Le contentieux de l\u2019annulation concerne la proc\u00e9dure de l\u2019instruction pr\u00e9paratoire ou un acte quelconque de cette proc\u00e9dure, c\u2019est- \u00e0-dire les actes non juridictionnels pos\u00e9s par le juge d\u2019instruction, le procureur d\u2019Etat et les agents et officiers de police judiciaire. Sont en revanche exclus du champ du contentieux de l\u2019annulation les actes \u00e9manant des parties ou de tiers.<\/p>\n<p>La violation des conditions de fond, de forme ou de d\u00e9lai, auxquelles sont soumises les constitutions de partie civile, est sanctionn\u00e9e par une irrecevabilit\u00e9, constat\u00e9e par le juge d\u2019instruction suivant les dispositions de l\u2019article 58 du Code de proc\u00e9dur e p\u00e9nale.<\/p>\n<p>Il s\u2019ensuit que la chambre du conseil de la Cour d\u2019appel ne peut \u00eatre saisie directement de la contestation relative \u00e0 la recevabilit\u00e9 d\u2019une constitution de partie civile sur base de l\u2019article 126, paragraphe (2), du Code de proc\u00e9dure p\u00e9nale et elle ne peut pas non plus, sur le fondement de l\u2019article 126- 2 du m\u00eame code, relatif \u00e0 l\u2019examen d\u2019office de la r\u00e9gularit\u00e9 des proc\u00e9dures lui soumises, trancher une telle contestation.<\/p>\n<p>A d\u00e9faut d\u2019avoir saisi le juge d\u2019instruction d\u2019une contestation en temps utile, la r\u00e9gularit\u00e9 de la constitution de partie civile ne peut partant plus \u00eatre mise en cause ult\u00e9rieurement devant les juridictions d\u2019instruction.<\/p>\n<p>Il suit des d\u00e9veloppements qui pr\u00e9c\u00e8dent qu\u2019il n\u2019y a pas lieu \u00e0 surseoir \u00e0 statuer en attendant la d\u00e9cision du juge d\u2019instruction par rapport \u00e0 la requ\u00eate en contestation de partie civile lui adress\u00e9e en date du 12 novembre 2021.<\/p>\n<p>P A R C E S M O T I F S :<\/p>\n<p>d\u00e9clare les appels recevables,<\/p>\n<p>dit qu\u2019il n\u2019y a pas lieu \u00e0 surseoir \u00e0 statuer en attenda nt la d\u00e9cision du juge d\u2019instruction par rapport \u00e0 la requ\u00eate en contestation de partie civile lui adress\u00e9e en date du 12 novembre 2021,<\/p>\n<p>refixe les d\u00e9bats au lundi , 10 janvier 2022 \u00e0 10.00 heures,<\/p>\n<p>r\u00e9serve les frais de l\u2019instance d\u2019appel.<\/p>\n<p>Ainsi fait et jug\u00e9 par la Cour d\u2019appel du Grand-Duch\u00e9 de Luxembourg, chambre du conseil, \u00e0 la Cit\u00e9 Judiciaire, B\u00e2timent CR, Plateau du St. Esprit, date qu\u2019en t\u00eate par Nathalie JUNG, pr\u00e9sident de chambre, Fran\u00e7oise ROSEN, premier conseiller, et Marc WAGNER, conseiller, et sign\u00e9, \u00e0 l\u2019exception du repr\u00e9sentant du Minist\u00e8re Public, par Nathalie JUNG, pr\u00e9sident de chambre, Marc WAGNER, conseiller, et Nathalie DUCHSCHER, greffier, avec la mention, conform\u00e9ment \u00e0 l\u2019article 83 de la loi modifi\u00e9e du 7 mars 1980 sur l\u2019organisation judiciaire, que Fran\u00e7oise ROSEN, premier conseiller, se trouve \u00e0 la date de la signature du pr\u00e9sent arr\u00eat dans l\u2019impossibilit\u00e9 de le signer.<\/p>\n<\/div>\n<hr class=\"kji-sep\" \/>\n<p class=\"kji-source-links\"><strong>Sources officielles :<\/strong> <a class=\"kji-source-link\" href=\"https:\/\/data.public.lu\/fr\/datasets\/cour-superieure-de-justice-chambre-du-conseil\/\" target=\"_blank\" rel=\"noopener noreferrer\">consulter la page source<\/a> &middot; <a class=\"kji-pdf-link\" href=\"https:\/\/download.data.public.lu\/resources\/cour-superieure-de-justice-chambre-du-conseil\/20240808-132334\/20211125-ca-chaco-1072a-accessible.pdf\" target=\"_blank\" rel=\"noopener noreferrer\">PDF officiel<\/a><\/p>\n<p class=\"kji-license-note\"><em>Licence CC BY-ND 4.0 (Administration judiciaire, data.public.lu). Republication autorisee avec attribution, sans modification editoriale du texte integral.<\/em><\/p>\n<\/div>\n","protected":false},"excerpt":{"rendered":"<p>Arr\u00eat n\u00b0 1072\/21 Ch.c.C. du 25 novembre 2021. (Not.: 28191\/13\/CD) La chambre du conseil de la Cour d&#8217;appel du Grand-Duch\u00e9 de Luxembourg a rendu le vingt -cinq novembre deux mille vingt-et-un l&#8217;arr\u00eat qui suit: Vu les pi\u00e8ces de la proc\u00e9dure instruite \u00e0 charge de: A.),\u2026<\/p>\n","protected":false},"featured_media":0,"template":"","meta":{"_crdt_document":""},"kji_country":[8418],"kji_court":[12305],"kji_chamber":[23318],"kji_year":[36297],"kji_subject":[7724],"kji_keyword":[8683,9055,8576,12307],"kji_language":[7733],"class_list":["post-675987","kji_decision","type-kji_decision","status-publish","hentry","kji_country-luxembourg","kji_court-cour-superieure-de-justice","kji_chamber-chambre-du-conseil","kji_year-36297","kji_subject-civil","kji_keyword-arret","kji_keyword-justice","kji_keyword-novembre","kji_keyword-superieure","kji_language-francais"],"yoast_head":"<!-- This site is optimized with the Yoast SEO Premium plugin v27.5 (Yoast SEO v27.5) - https:\/\/yoast.com\/product\/yoast-seo-premium-wordpress\/ -->\n<title>Cour sup\u00e9rieure de justice, 25 novembre 2021 - Ma\u00eetre Hassan Kohen, avocat en droit p\u00e9nal \u00e0 Paris<\/title>\n<meta name=\"robots\" content=\"index, follow, max-snippet:-1, max-image-preview:large, max-video-preview:-1\" \/>\n<link rel=\"canonical\" href=\"https:\/\/kohenavocats.com\/ru\/jurisprudences\/cour-superieure-de-justice-25-novembre-2021\/\" \/>\n<meta property=\"og:locale\" content=\"ru_RU\" \/>\n<meta property=\"og:type\" content=\"article\" \/>\n<meta property=\"og:title\" content=\"Cour sup\u00e9rieure de justice, 25 novembre 2021\" \/>\n<meta property=\"og:description\" content=\"Arr\u00eat n\u00b0 1072\/21 Ch.c.C. du 25 novembre 2021. (Not.: 28191\/13\/CD) La chambre du conseil de la Cour d&#039;appel du Grand-Duch\u00e9 de Luxembourg a rendu le vingt -cinq novembre deux mille vingt-et-un l&#039;arr\u00eat qui suit: Vu les pi\u00e8ces de la proc\u00e9dure instruite \u00e0 charge de: A.),\u2026\" \/>\n<meta property=\"og:url\" content=\"https:\/\/kohenavocats.com\/ru\/jurisprudences\/cour-superieure-de-justice-25-novembre-2021\/\" \/>\n<meta property=\"og:site_name\" content=\"Ma\u00eetre Hassan Kohen, avocat en droit p\u00e9nal \u00e0 Paris\" \/>\n<meta property=\"article:modified_time\" content=\"2026-04-24T21:14:44+00:00\" \/>\n<meta name=\"twitter:card\" content=\"summary_large_image\" \/>\n<meta name=\"twitter:label1\" content=\"\u041f\u0440\u0438\u043c\u0435\u0440\u043d\u043e\u0435 \u0432\u0440\u0435\u043c\u044f \u0434\u043b\u044f \u0447\u0442\u0435\u043d\u0438\u044f\" \/>\n\t<meta name=\"twitter:data1\" content=\"9 \u043c\u0438\u043d\u0443\u0442\" \/>\n<script type=\"application\/ld+json\" class=\"yoast-schema-graph\">{\"@context\":\"https:\\\/\\\/schema.org\",\"@graph\":[{\"@type\":\"WebPage\",\"@id\":\"https:\\\/\\\/kohenavocats.com\\\/ru\\\/jurisprudences\\\/cour-superieure-de-justice-25-novembre-2021\\\/\",\"url\":\"https:\\\/\\\/kohenavocats.com\\\/ru\\\/jurisprudences\\\/cour-superieure-de-justice-25-novembre-2021\\\/\",\"name\":\"Cour sup\u00e9rieure de justice, 25 novembre 2021 - Ma\u00eetre Hassan Kohen, avocat en droit p\u00e9nal \u00e0 Paris\",\"isPartOf\":{\"@id\":\"https:\\\/\\\/kohenavocats.com\\\/ru\\\/#website\"},\"datePublished\":\"2026-04-24T21:14:41+00:00\",\"dateModified\":\"2026-04-24T21:14:44+00:00\",\"breadcrumb\":{\"@id\":\"https:\\\/\\\/kohenavocats.com\\\/ru\\\/jurisprudences\\\/cour-superieure-de-justice-25-novembre-2021\\\/#breadcrumb\"},\"inLanguage\":\"ru-RU\",\"potentialAction\":[{\"@type\":\"ReadAction\",\"target\":[\"https:\\\/\\\/kohenavocats.com\\\/ru\\\/jurisprudences\\\/cour-superieure-de-justice-25-novembre-2021\\\/\"]}]},{\"@type\":\"BreadcrumbList\",\"@id\":\"https:\\\/\\\/kohenavocats.com\\\/ru\\\/jurisprudences\\\/cour-superieure-de-justice-25-novembre-2021\\\/#breadcrumb\",\"itemListElement\":[{\"@type\":\"ListItem\",\"position\":1,\"name\":\"Home\",\"item\":\"https:\\\/\\\/kohenavocats.com\\\/ru\\\/avocats-en-droit-penal-a-paris-conseil-et-defense-strategique\\\/\"},{\"@type\":\"ListItem\",\"position\":2,\"name\":\"Jurisprudences\",\"item\":\"https:\\\/\\\/kohenavocats.com\\\/ru\\\/jurisprudences\\\/\"},{\"@type\":\"ListItem\",\"position\":3,\"name\":\"Cour sup\u00e9rieure de justice, 25 novembre 2021\"}]},{\"@type\":\"WebSite\",\"@id\":\"https:\\\/\\\/kohenavocats.com\\\/ru\\\/#website\",\"url\":\"https:\\\/\\\/kohenavocats.com\\\/ru\\\/\",\"name\":\"Kohen Avocats\",\"description\":\"Ma\u00eetre Hassan Kohen, avocat p\u00e9naliste \u00e0 Paris, intervient exclusivement en droit p\u00e9nal pour la d\u00e9fense des particuliers, notamment en mati\u00e8re d\u2019accusations de viol. Il assure un accompagnement rigoureux d\u00e8s la garde \u00e0 vue jusqu\u2019\u00e0 la Cour d\u2019assises, veillant au strict respect des garanties proc\u00e9durales.\",\"publisher\":{\"@id\":\"https:\\\/\\\/kohenavocats.com\\\/ru\\\/#organization\"},\"potentialAction\":[{\"@type\":\"SearchAction\",\"target\":{\"@type\":\"EntryPoint\",\"urlTemplate\":\"https:\\\/\\\/kohenavocats.com\\\/ru\\\/?s={search_term_string}\"},\"query-input\":{\"@type\":\"PropertyValueSpecification\",\"valueRequired\":true,\"valueName\":\"search_term_string\"}}],\"inLanguage\":\"ru-RU\"},{\"@type\":\"Organization\",\"@id\":\"https:\\\/\\\/kohenavocats.com\\\/ru\\\/#organization\",\"name\":\"Kohen Avocats\",\"url\":\"https:\\\/\\\/kohenavocats.com\\\/ru\\\/\",\"logo\":{\"@type\":\"ImageObject\",\"inLanguage\":\"ru-RU\",\"@id\":\"https:\\\/\\\/kohenavocats.com\\\/ru\\\/#\\\/schema\\\/logo\\\/image\\\/\",\"url\":\"https:\\\/\\\/kohenavocats.com\\\/wp-content\\\/uploads\\\/2026\\\/01\\\/Logo-2-1.webp\",\"contentUrl\":\"https:\\\/\\\/kohenavocats.com\\\/wp-content\\\/uploads\\\/2026\\\/01\\\/Logo-2-1.webp\",\"width\":2114,\"height\":1253,\"caption\":\"Kohen Avocats\"},\"image\":{\"@id\":\"https:\\\/\\\/kohenavocats.com\\\/ru\\\/#\\\/schema\\\/logo\\\/image\\\/\"}}]}<\/script>\n<!-- \/ Yoast SEO Premium plugin. -->","yoast_head_json":{"title":"Cour sup\u00e9rieure de justice, 25 novembre 2021 - Ma\u00eetre Hassan Kohen, avocat en droit p\u00e9nal \u00e0 Paris","robots":{"index":"index","follow":"follow","max-snippet":"max-snippet:-1","max-image-preview":"max-image-preview:large","max-video-preview":"max-video-preview:-1"},"canonical":"https:\/\/kohenavocats.com\/ru\/jurisprudences\/cour-superieure-de-justice-25-novembre-2021\/","og_locale":"ru_RU","og_type":"article","og_title":"Cour sup\u00e9rieure de justice, 25 novembre 2021","og_description":"Arr\u00eat n\u00b0 1072\/21 Ch.c.C. du 25 novembre 2021. (Not.: 28191\/13\/CD) La chambre du conseil de la Cour d'appel du Grand-Duch\u00e9 de Luxembourg a rendu le vingt -cinq novembre deux mille vingt-et-un l'arr\u00eat qui suit: Vu les pi\u00e8ces de la proc\u00e9dure instruite \u00e0 charge de: A.),\u2026","og_url":"https:\/\/kohenavocats.com\/ru\/jurisprudences\/cour-superieure-de-justice-25-novembre-2021\/","og_site_name":"Ma\u00eetre Hassan Kohen, avocat en droit p\u00e9nal \u00e0 Paris","article_modified_time":"2026-04-24T21:14:44+00:00","twitter_card":"summary_large_image","twitter_misc":{"\u041f\u0440\u0438\u043c\u0435\u0440\u043d\u043e\u0435 \u0432\u0440\u0435\u043c\u044f \u0434\u043b\u044f \u0447\u0442\u0435\u043d\u0438\u044f":"9 \u043c\u0438\u043d\u0443\u0442"},"schema":{"@context":"https:\/\/schema.org","@graph":[{"@type":"WebPage","@id":"https:\/\/kohenavocats.com\/ru\/jurisprudences\/cour-superieure-de-justice-25-novembre-2021\/","url":"https:\/\/kohenavocats.com\/ru\/jurisprudences\/cour-superieure-de-justice-25-novembre-2021\/","name":"Cour sup\u00e9rieure de justice, 25 novembre 2021 - Ma\u00eetre Hassan Kohen, avocat en droit p\u00e9nal \u00e0 Paris","isPartOf":{"@id":"https:\/\/kohenavocats.com\/ru\/#website"},"datePublished":"2026-04-24T21:14:41+00:00","dateModified":"2026-04-24T21:14:44+00:00","breadcrumb":{"@id":"https:\/\/kohenavocats.com\/ru\/jurisprudences\/cour-superieure-de-justice-25-novembre-2021\/#breadcrumb"},"inLanguage":"ru-RU","potentialAction":[{"@type":"ReadAction","target":["https:\/\/kohenavocats.com\/ru\/jurisprudences\/cour-superieure-de-justice-25-novembre-2021\/"]}]},{"@type":"BreadcrumbList","@id":"https:\/\/kohenavocats.com\/ru\/jurisprudences\/cour-superieure-de-justice-25-novembre-2021\/#breadcrumb","itemListElement":[{"@type":"ListItem","position":1,"name":"Home","item":"https:\/\/kohenavocats.com\/ru\/avocats-en-droit-penal-a-paris-conseil-et-defense-strategique\/"},{"@type":"ListItem","position":2,"name":"Jurisprudences","item":"https:\/\/kohenavocats.com\/ru\/jurisprudences\/"},{"@type":"ListItem","position":3,"name":"Cour sup\u00e9rieure de justice, 25 novembre 2021"}]},{"@type":"WebSite","@id":"https:\/\/kohenavocats.com\/ru\/#website","url":"https:\/\/kohenavocats.com\/ru\/","name":"Kohen Avocats","description":"Ma\u00eetre Hassan Kohen, avocat p\u00e9naliste \u00e0 Paris, intervient exclusivement en droit p\u00e9nal pour la d\u00e9fense des particuliers, notamment en mati\u00e8re d\u2019accusations de viol. Il assure un accompagnement rigoureux d\u00e8s la garde \u00e0 vue jusqu\u2019\u00e0 la Cour d\u2019assises, veillant au strict respect des garanties proc\u00e9durales.","publisher":{"@id":"https:\/\/kohenavocats.com\/ru\/#organization"},"potentialAction":[{"@type":"SearchAction","target":{"@type":"EntryPoint","urlTemplate":"https:\/\/kohenavocats.com\/ru\/?s={search_term_string}"},"query-input":{"@type":"PropertyValueSpecification","valueRequired":true,"valueName":"search_term_string"}}],"inLanguage":"ru-RU"},{"@type":"Organization","@id":"https:\/\/kohenavocats.com\/ru\/#organization","name":"Kohen Avocats","url":"https:\/\/kohenavocats.com\/ru\/","logo":{"@type":"ImageObject","inLanguage":"ru-RU","@id":"https:\/\/kohenavocats.com\/ru\/#\/schema\/logo\/image\/","url":"https:\/\/kohenavocats.com\/wp-content\/uploads\/2026\/01\/Logo-2-1.webp","contentUrl":"https:\/\/kohenavocats.com\/wp-content\/uploads\/2026\/01\/Logo-2-1.webp","width":2114,"height":1253,"caption":"Kohen Avocats"},"image":{"@id":"https:\/\/kohenavocats.com\/ru\/#\/schema\/logo\/image\/"}}]}},"jetpack_likes_enabled":false,"jetpack_sharing_enabled":true,"_links":{"self":[{"href":"https:\/\/kohenavocats.com\/ru\/wp-json\/wp\/v2\/kji_decision\/675987","targetHints":{"allow":["GET"]}}],"collection":[{"href":"https:\/\/kohenavocats.com\/ru\/wp-json\/wp\/v2\/kji_decision"}],"about":[{"href":"https:\/\/kohenavocats.com\/ru\/wp-json\/wp\/v2\/types\/kji_decision"}],"wp:attachment":[{"href":"https:\/\/kohenavocats.com\/ru\/wp-json\/wp\/v2\/media?parent=675987"}],"wp:term":[{"taxonomy":"kji_country","embeddable":true,"href":"https:\/\/kohenavocats.com\/ru\/wp-json\/wp\/v2\/kji_country?post=675987"},{"taxonomy":"kji_court","embeddable":true,"href":"https:\/\/kohenavocats.com\/ru\/wp-json\/wp\/v2\/kji_court?post=675987"},{"taxonomy":"kji_chamber","embeddable":true,"href":"https:\/\/kohenavocats.com\/ru\/wp-json\/wp\/v2\/kji_chamber?post=675987"},{"taxonomy":"kji_year","embeddable":true,"href":"https:\/\/kohenavocats.com\/ru\/wp-json\/wp\/v2\/kji_year?post=675987"},{"taxonomy":"kji_subject","embeddable":true,"href":"https:\/\/kohenavocats.com\/ru\/wp-json\/wp\/v2\/kji_subject?post=675987"},{"taxonomy":"kji_keyword","embeddable":true,"href":"https:\/\/kohenavocats.com\/ru\/wp-json\/wp\/v2\/kji_keyword?post=675987"},{"taxonomy":"kji_language","embeddable":true,"href":"https:\/\/kohenavocats.com\/ru\/wp-json\/wp\/v2\/kji_language?post=675987"}],"curies":[{"name":"wp","href":"https:\/\/api.w.org\/{rel}","templated":true}]}}