{"id":676169,"date":"2026-04-24T23:21:37","date_gmt":"2026-04-24T21:21:37","guid":{"rendered":"https:\/\/kohenavocats.com\/jurisprudences\/cour-superieure-de-justice-28-octobre-2021-n-2021-00889\/"},"modified":"2026-04-24T23:21:41","modified_gmt":"2026-04-24T21:21:41","slug":"cour-superieure-de-justice-28-octobre-2021-n-2021-00889","status":"publish","type":"kji_decision","link":"https:\/\/kohenavocats.com\/ru\/jurisprudences\/cour-superieure-de-justice-28-octobre-2021-n-2021-00889\/","title":{"rendered":"Cour sup\u00e9rieure de justice, 28 octobre 2021, n\u00b0 2021-00889"},"content":{"rendered":"<div class=\"kji-decision\">\n<div class=\"kji-full-text\">\n<p>Arr\u00eat N\u00b0 82\/21 &#8212; III \u2013 TRAV<\/p>\n<p>Exempt &#8212; appel en mati\u00e8re de droit du travail.<\/p>\n<p>Audience publique du vingt -huit octobre deux mille vingt -et-un.<\/p>\n<p>Num\u00e9ro CAL-2021-00889 du r\u00f4le<\/p>\n<p>Composition:<\/p>\n<p>Alain THORN, pr\u00e9sident de chambre, Paul VOUEL, conseiller, Anne-Fran\u00e7oise GREMLING, conseiller, Isabelle HIPPERT, greffier.<\/p>\n<p>Entre :<\/p>\n<p>A, demeurant \u00e0 F-(\u2026),<\/p>\n<p>appelante aux termes d\u2019un exploit de l\u2019huissier de justice Guy ENGEL de Luxembourg du 5 avril 2016,<\/p>\n<p>comparant par Ma\u00eetre Guy THOMAS, avocat \u00e0 la Cour, demeurant \u00e0 Luxembourg,<\/p>\n<p>et :<\/p>\n<p>1) la soci\u00e9t\u00e9 \u00e0 responsabilit\u00e9 limit\u00e9e SOC 1) s.\u00e0 r.l., \u00e9tablie et ayant son si\u00e8ge social \u00e0 L-(\u2026), repr\u00e9sent\u00e9e par son ou ses g\u00e9rant(s) actuellement en fonctions,<\/p>\n<p>2) la soci\u00e9t\u00e9 \u00e0 responsabilit\u00e9 limit\u00e9e SOC 2) , dont la liquidation a \u00e9t\u00e9 cl\u00f4tur\u00e9e par acte de Ma\u00eetre Martine SCHAEFFER, notaire de r\u00e9sidence \u00e0 Luxembourg, en date du 22 d\u00e9cembre 2015 et qui continue \u00e0 exister pour r\u00e9pondre de la pr\u00e9sente action et qui est repr\u00e9sent\u00e9e pour les besoins de la pr\u00e9sente et de ses suites par son liquidateur SOC 1) s.\u00e0 r.l., \u00e9tablie et ayant son si\u00e8ge social \u00e0 L-(\u2026), repr\u00e9sent\u00e9e par son ou ses g\u00e9rant(s) actuellement en fonctions,<\/p>\n<p>intim\u00e9es aux fins du susdit exploit ENGEL,<\/p>\n<p>comparant par la soci\u00e9t\u00e9 en commandite simple KLEYR GRASSO s.e.c.s., inscrite sur la liste V du tableau de l\u2019Ordre des avocats du Barreau de Luxembourg, \u00e9tablie<\/p>\n<p>2 et ayant son si\u00e8ge social \u00e0 L-2361 Strassen, 7, rue des Primeurs, repr\u00e9sent\u00e9e aux fins de la pr\u00e9sente proc\u00e9dure par Ma\u00eetre Christian JUNGERS, avocat \u00e0 la Cour, demeurant professionnellement \u00e0 la m\u00eame adresse.<\/p>\n<p>LA COUR D&#039;APPEL:<\/p>\n<p>Vu l\u2019ordonnance de cl\u00f4ture de l\u2019instruction du 28 septembre 2021.<\/p>\n<p>Par exploit du 5 avril 2016, A a relev\u00e9 appel d\u2019un jugement rendu le 15 juillet 2015, sous le num\u00e9ro xxxx\/2015, par le tribunal du travail de Luxembourg, \u00e0 la suite de deux requ\u00eates d\u00e9pos\u00e9es par elle en date du 1 er mars 2006.<\/p>\n<p>Cette affaire a \u00e9t\u00e9 enr\u00f4l\u00e9e \u00e0 la Cour sous le num\u00e9ro CAL-2021-00xxx.<\/p>\n<p>Par acte d\u2019avocat \u00e0 avocat, intitul\u00e9 \u00ab d\u00e9sistement d\u2019instance \u00bb, notifi\u00e9 aux parties intim\u00e9es, l\u2019appelante a d\u00e9clar\u00e9 se d\u00e9sister \u00ab purement et simplement de l\u2019instance introduite contre la soci\u00e9t\u00e9 \u00e0 responsabilit\u00e9 limit\u00e9e SOC 1) s\u00e0rl \u00bb.<\/p>\n<p>Cet acte de d\u00e9sistement, dat\u00e9 du 12 ao\u00fbt 2021, est rev\u00eatu des signatures respectives de l\u2019appelante et de son mandataire ad litem, \u00e9tant pr\u00e9cis\u00e9 que l\u2019appelante a appos\u00e9 sa signature sous la mention manuscrite \u00ab bon pour d\u00e9sistement d\u2019instance \u00bb.<\/p>\n<p>Par conclusions notifi\u00e9es au mandataire ad litem de l\u2019appelante en date du 20 ao\u00fbt 2021, cet acte de d\u00e9sistement a \u00e9t\u00e9 express\u00e9ment accept\u00e9 par le mandataire ad litem de la soci\u00e9t\u00e9 \u00e0 responsabilit\u00e9 limit\u00e9e SOC 1) s.\u00e0 r.l (ci-apr\u00e8s SOC 1)), partie intim\u00e9e.<\/p>\n<p>Dans ce m\u00eame corps de conclusions, SOC 1) demande \u00e0 la Cour de condamner la partie appelante \u00e0 lui payer \u00ab une indemnit\u00e9 de proc\u00e9dure globale de 500 euros sur base de l\u2019article 240 du Nouveau Code de proc\u00e9dure civile pour les deux instances \u00bb.<\/p>\n<p>Il est relev\u00e9 qu\u2019ant\u00e9rieurement \u00e0 l\u2019acte d\u00e9sistement, SOC 1) n\u2019avait pas pr\u00e9sent\u00e9 de conclusions, de sorte qu\u2019elle n\u2019avait pas encore engag\u00e9 le d\u00e9bat par la pr\u00e9sentation de moyens de d\u00e9fense ou de quelque pr\u00e9tention que ce soit.<\/p>\n<p>Force est de constater qu\u2019en l\u2019esp\u00e8ce le d\u00e9sistement a \u00e9t\u00e9 effectu\u00e9 \u00e0 un moment o\u00f9 l\u2019instance n\u2019\u00e9tait donc pas encore li\u00e9e, de sorte que la partie appelante pouvait la faire dispara\u00eetre de sa seule initiative.<\/p>\n<p>3 Le d\u00e9sistement pr\u00e9sent\u00e9 dans ces circonstances n\u2019a donc pas besoin d\u2019\u00eatre accept\u00e9 par la partie adverse ni d\u2019\u00eatre approuv\u00e9 par la juridiction saisie.<\/p>\n<p>Le d\u00e9sistement produit un effet imm\u00e9diat sur l\u2019instance en cours, autrement dit, le d\u00e9sistement met fin \u00e0 l\u2019instance avec effet imm\u00e9diat (cf. Cour d\u2019appel, 12.01.2005, Pas. 33, 41).<\/p>\n<p>De ce fait, tant le d\u00e9sistant que son adversaire ne peuvent plus pr\u00e9senter aucune demande, l\u2019instance \u00e9tant \u00e9teinte<\/p>\n<p>En cons\u00e9quence, le d\u00e9sistement effectu\u00e9, en l\u2019occurrence, \u00e0 l\u2019initiative de l\u2019appelante ne requiert pas l\u2019accord de la partie SOC 1) et celle- ci est irrecevable \u00e0 pr\u00e9senter une demande en obtention d\u2019une indemnit\u00e9 de proc\u00e9dure.<\/p>\n<p>Il r\u00e9sulte de l\u2019article 546 du Nouveau Code de proc\u00e9dure civile que la partie qui se d\u00e9siste est r\u00e9put\u00e9e succomber et doit, en cons\u00e9quence, supporter les frais conform\u00e9ment au principe g\u00e9n\u00e9ral \u00e9dict\u00e9 \u00e0 l\u2019article 238 du m\u00eame Code.<\/p>\n<p>Les frais de l\u2019instance d\u2019appel doivent d\u00e8s lors \u00eatre impos\u00e9s \u00e0 l\u2019appelante.<\/p>\n<p>PAR CES MOTIFS :<\/p>\n<p>la Cour d\u2019appel, troisi\u00e8me chambre, si\u00e9geant en mati\u00e8re de droit du travail, statuant contradictoirement,<\/p>\n<p>donne acte \u00e0 A de son d\u00e9sistement d\u2019instance,<\/p>\n<p>d\u00e9cr\u00e8te le d\u00e9sistement d\u2019instance aux cons\u00e9quences de droit,<\/p>\n<p>d\u00e9clare irrecevable la demande de la la soci\u00e9t\u00e9 \u00e0 responsabilit\u00e9 limit\u00e9e SOC 1) s.\u00e0 r.l. form\u00e9e sur base de l\u2019article 240 du Nouveau Code de proc\u00e9dure civile,<\/p>\n<p>met les frais de l\u2019instance d\u2019appel \u00e0 charge de A .<\/p>\n<p>La lecture du pr\u00e9sent arr\u00eat a \u00e9t\u00e9 faite en la susdite audience publique par Monsieur le pr\u00e9sident de chambre Alain THORN, en pr\u00e9sence du greffier Isabelle HIPPERT.<\/p>\n<\/div>\n<hr class=\"kji-sep\" \/>\n<p class=\"kji-source-links\"><strong>Sources officielles :<\/strong> <a class=\"kji-source-link\" href=\"https:\/\/data.public.lu\/fr\/datasets\/cour-superieure-de-justice-chambre-3\/\" target=\"_blank\" rel=\"noopener noreferrer\">consulter la page source<\/a> &middot; <a class=\"kji-pdf-link\" href=\"https:\/\/download.data.public.lu\/resources\/cour-superieure-de-justice-chambre-3\/20240827-154701\/20211028-cal-2021-00889-82-arret-desistement-a-accessible.pdf\" target=\"_blank\" rel=\"noopener noreferrer\">PDF officiel<\/a><\/p>\n<p class=\"kji-license-note\"><em>Licence CC BY-ND 4.0 (Administration judiciaire, data.public.lu). Republication autorisee avec attribution, sans modification editoriale du texte integral.<\/em><\/p>\n<\/div>\n","protected":false},"excerpt":{"rendered":"<p>Arr\u00eat N\u00b0 82\/21 &#8212; III \u2013 TRAV Exempt &#8212; appel en mati\u00e8re de droit du travail. Audience publique du vingt -huit octobre deux mille vingt -et-un. Num\u00e9ro CAL-2021-00889 du r\u00f4le Composition: Alain THORN, pr\u00e9sident de chambre, Paul VOUEL, conseiller, Anne-Fran\u00e7oise GREMLING, conseiller, Isabelle HIPPERT, greffier.\u2026<\/p>\n","protected":false},"featured_media":0,"template":"","meta":{"_crdt_document":""},"kji_country":[8418],"kji_court":[12305],"kji_chamber":[15890],"kji_year":[36297],"kji_subject":[7724],"kji_keyword":[8683,9055,8598,12307],"kji_language":[7733],"class_list":["post-676169","kji_decision","type-kji_decision","status-publish","hentry","kji_country-luxembourg","kji_court-cour-superieure-de-justice","kji_chamber-chambre-3","kji_year-36297","kji_subject-civil","kji_keyword-arret","kji_keyword-justice","kji_keyword-octobre","kji_keyword-superieure","kji_language-francais"],"yoast_head":"<!-- This site is optimized with the Yoast SEO Premium plugin v27.5 (Yoast SEO v27.5) - https:\/\/yoast.com\/product\/yoast-seo-premium-wordpress\/ -->\n<title>Cour sup\u00e9rieure de justice, 28 octobre 2021, n\u00b0 2021-00889 - Ma\u00eetre Hassan Kohen, avocat en droit p\u00e9nal \u00e0 Paris<\/title>\n<meta name=\"robots\" content=\"index, follow, max-snippet:-1, max-image-preview:large, max-video-preview:-1\" \/>\n<link rel=\"canonical\" href=\"https:\/\/kohenavocats.com\/ru\/jurisprudences\/cour-superieure-de-justice-28-octobre-2021-n-2021-00889\/\" \/>\n<meta property=\"og:locale\" content=\"ru_RU\" \/>\n<meta property=\"og:type\" content=\"article\" \/>\n<meta property=\"og:title\" content=\"Cour sup\u00e9rieure de justice, 28 octobre 2021, n\u00b0 2021-00889\" \/>\n<meta property=\"og:description\" content=\"Arr\u00eat N\u00b0 82\/21 - III \u2013 TRAV Exempt - appel en mati\u00e8re de droit du travail. Audience publique du vingt -huit octobre deux mille vingt -et-un. Num\u00e9ro CAL-2021-00889 du r\u00f4le Composition: Alain THORN, pr\u00e9sident de chambre, Paul VOUEL, conseiller, Anne-Fran\u00e7oise GREMLING, conseiller, Isabelle HIPPERT, greffier.\u2026\" \/>\n<meta property=\"og:url\" content=\"https:\/\/kohenavocats.com\/ru\/jurisprudences\/cour-superieure-de-justice-28-octobre-2021-n-2021-00889\/\" \/>\n<meta property=\"og:site_name\" content=\"Ma\u00eetre Hassan Kohen, avocat en droit p\u00e9nal \u00e0 Paris\" \/>\n<meta property=\"article:modified_time\" content=\"2026-04-24T21:21:41+00:00\" \/>\n<meta name=\"twitter:card\" content=\"summary_large_image\" \/>\n<meta name=\"twitter:label1\" content=\"\u041f\u0440\u0438\u043c\u0435\u0440\u043d\u043e\u0435 \u0432\u0440\u0435\u043c\u044f \u0434\u043b\u044f \u0447\u0442\u0435\u043d\u0438\u044f\" \/>\n\t<meta name=\"twitter:data1\" content=\"5 \u043c\u0438\u043d\u0443\u0442\" \/>\n<script type=\"application\/ld+json\" class=\"yoast-schema-graph\">{\"@context\":\"https:\\\/\\\/schema.org\",\"@graph\":[{\"@type\":\"WebPage\",\"@id\":\"https:\\\/\\\/kohenavocats.com\\\/ru\\\/jurisprudences\\\/cour-superieure-de-justice-28-octobre-2021-n-2021-00889\\\/\",\"url\":\"https:\\\/\\\/kohenavocats.com\\\/ru\\\/jurisprudences\\\/cour-superieure-de-justice-28-octobre-2021-n-2021-00889\\\/\",\"name\":\"Cour sup\u00e9rieure de justice, 28 octobre 2021, n\u00b0 2021-00889 - Ma\u00eetre Hassan Kohen, avocat en droit p\u00e9nal \u00e0 Paris\",\"isPartOf\":{\"@id\":\"https:\\\/\\\/kohenavocats.com\\\/ru\\\/#website\"},\"datePublished\":\"2026-04-24T21:21:37+00:00\",\"dateModified\":\"2026-04-24T21:21:41+00:00\",\"breadcrumb\":{\"@id\":\"https:\\\/\\\/kohenavocats.com\\\/ru\\\/jurisprudences\\\/cour-superieure-de-justice-28-octobre-2021-n-2021-00889\\\/#breadcrumb\"},\"inLanguage\":\"ru-RU\",\"potentialAction\":[{\"@type\":\"ReadAction\",\"target\":[\"https:\\\/\\\/kohenavocats.com\\\/ru\\\/jurisprudences\\\/cour-superieure-de-justice-28-octobre-2021-n-2021-00889\\\/\"]}]},{\"@type\":\"BreadcrumbList\",\"@id\":\"https:\\\/\\\/kohenavocats.com\\\/ru\\\/jurisprudences\\\/cour-superieure-de-justice-28-octobre-2021-n-2021-00889\\\/#breadcrumb\",\"itemListElement\":[{\"@type\":\"ListItem\",\"position\":1,\"name\":\"Home\",\"item\":\"https:\\\/\\\/kohenavocats.com\\\/ru\\\/avocats-en-droit-penal-a-paris-conseil-et-defense-strategique\\\/\"},{\"@type\":\"ListItem\",\"position\":2,\"name\":\"Jurisprudences\",\"item\":\"https:\\\/\\\/kohenavocats.com\\\/ru\\\/jurisprudences\\\/\"},{\"@type\":\"ListItem\",\"position\":3,\"name\":\"Cour sup\u00e9rieure de justice, 28 octobre 2021, n\u00b0 2021-00889\"}]},{\"@type\":\"WebSite\",\"@id\":\"https:\\\/\\\/kohenavocats.com\\\/ru\\\/#website\",\"url\":\"https:\\\/\\\/kohenavocats.com\\\/ru\\\/\",\"name\":\"Kohen Avocats\",\"description\":\"Ma\u00eetre Hassan Kohen, avocat p\u00e9naliste \u00e0 Paris, intervient exclusivement en droit p\u00e9nal pour la d\u00e9fense des particuliers, notamment en mati\u00e8re d\u2019accusations de viol. Il assure un accompagnement rigoureux d\u00e8s la garde \u00e0 vue jusqu\u2019\u00e0 la Cour d\u2019assises, veillant au strict respect des garanties proc\u00e9durales.\",\"publisher\":{\"@id\":\"https:\\\/\\\/kohenavocats.com\\\/ru\\\/#organization\"},\"potentialAction\":[{\"@type\":\"SearchAction\",\"target\":{\"@type\":\"EntryPoint\",\"urlTemplate\":\"https:\\\/\\\/kohenavocats.com\\\/ru\\\/?s={search_term_string}\"},\"query-input\":{\"@type\":\"PropertyValueSpecification\",\"valueRequired\":true,\"valueName\":\"search_term_string\"}}],\"inLanguage\":\"ru-RU\"},{\"@type\":\"Organization\",\"@id\":\"https:\\\/\\\/kohenavocats.com\\\/ru\\\/#organization\",\"name\":\"Kohen Avocats\",\"url\":\"https:\\\/\\\/kohenavocats.com\\\/ru\\\/\",\"logo\":{\"@type\":\"ImageObject\",\"inLanguage\":\"ru-RU\",\"@id\":\"https:\\\/\\\/kohenavocats.com\\\/ru\\\/#\\\/schema\\\/logo\\\/image\\\/\",\"url\":\"https:\\\/\\\/kohenavocats.com\\\/wp-content\\\/uploads\\\/2026\\\/01\\\/Logo-2-1.webp\",\"contentUrl\":\"https:\\\/\\\/kohenavocats.com\\\/wp-content\\\/uploads\\\/2026\\\/01\\\/Logo-2-1.webp\",\"width\":2114,\"height\":1253,\"caption\":\"Kohen Avocats\"},\"image\":{\"@id\":\"https:\\\/\\\/kohenavocats.com\\\/ru\\\/#\\\/schema\\\/logo\\\/image\\\/\"}}]}<\/script>\n<!-- \/ Yoast SEO Premium plugin. -->","yoast_head_json":{"title":"Cour sup\u00e9rieure de justice, 28 octobre 2021, n\u00b0 2021-00889 - Ma\u00eetre Hassan Kohen, avocat en droit p\u00e9nal \u00e0 Paris","robots":{"index":"index","follow":"follow","max-snippet":"max-snippet:-1","max-image-preview":"max-image-preview:large","max-video-preview":"max-video-preview:-1"},"canonical":"https:\/\/kohenavocats.com\/ru\/jurisprudences\/cour-superieure-de-justice-28-octobre-2021-n-2021-00889\/","og_locale":"ru_RU","og_type":"article","og_title":"Cour sup\u00e9rieure de justice, 28 octobre 2021, n\u00b0 2021-00889","og_description":"Arr\u00eat N\u00b0 82\/21 - III \u2013 TRAV Exempt - appel en mati\u00e8re de droit du travail. Audience publique du vingt -huit octobre deux mille vingt -et-un. Num\u00e9ro CAL-2021-00889 du r\u00f4le Composition: Alain THORN, pr\u00e9sident de chambre, Paul VOUEL, conseiller, Anne-Fran\u00e7oise GREMLING, conseiller, Isabelle HIPPERT, greffier.\u2026","og_url":"https:\/\/kohenavocats.com\/ru\/jurisprudences\/cour-superieure-de-justice-28-octobre-2021-n-2021-00889\/","og_site_name":"Ma\u00eetre Hassan Kohen, avocat en droit p\u00e9nal \u00e0 Paris","article_modified_time":"2026-04-24T21:21:41+00:00","twitter_card":"summary_large_image","twitter_misc":{"\u041f\u0440\u0438\u043c\u0435\u0440\u043d\u043e\u0435 \u0432\u0440\u0435\u043c\u044f \u0434\u043b\u044f \u0447\u0442\u0435\u043d\u0438\u044f":"5 \u043c\u0438\u043d\u0443\u0442"},"schema":{"@context":"https:\/\/schema.org","@graph":[{"@type":"WebPage","@id":"https:\/\/kohenavocats.com\/ru\/jurisprudences\/cour-superieure-de-justice-28-octobre-2021-n-2021-00889\/","url":"https:\/\/kohenavocats.com\/ru\/jurisprudences\/cour-superieure-de-justice-28-octobre-2021-n-2021-00889\/","name":"Cour sup\u00e9rieure de justice, 28 octobre 2021, n\u00b0 2021-00889 - Ma\u00eetre Hassan Kohen, avocat en droit p\u00e9nal \u00e0 Paris","isPartOf":{"@id":"https:\/\/kohenavocats.com\/ru\/#website"},"datePublished":"2026-04-24T21:21:37+00:00","dateModified":"2026-04-24T21:21:41+00:00","breadcrumb":{"@id":"https:\/\/kohenavocats.com\/ru\/jurisprudences\/cour-superieure-de-justice-28-octobre-2021-n-2021-00889\/#breadcrumb"},"inLanguage":"ru-RU","potentialAction":[{"@type":"ReadAction","target":["https:\/\/kohenavocats.com\/ru\/jurisprudences\/cour-superieure-de-justice-28-octobre-2021-n-2021-00889\/"]}]},{"@type":"BreadcrumbList","@id":"https:\/\/kohenavocats.com\/ru\/jurisprudences\/cour-superieure-de-justice-28-octobre-2021-n-2021-00889\/#breadcrumb","itemListElement":[{"@type":"ListItem","position":1,"name":"Home","item":"https:\/\/kohenavocats.com\/ru\/avocats-en-droit-penal-a-paris-conseil-et-defense-strategique\/"},{"@type":"ListItem","position":2,"name":"Jurisprudences","item":"https:\/\/kohenavocats.com\/ru\/jurisprudences\/"},{"@type":"ListItem","position":3,"name":"Cour sup\u00e9rieure de justice, 28 octobre 2021, n\u00b0 2021-00889"}]},{"@type":"WebSite","@id":"https:\/\/kohenavocats.com\/ru\/#website","url":"https:\/\/kohenavocats.com\/ru\/","name":"Kohen Avocats","description":"Ma\u00eetre Hassan Kohen, avocat p\u00e9naliste \u00e0 Paris, intervient exclusivement en droit p\u00e9nal pour la d\u00e9fense des particuliers, notamment en mati\u00e8re d\u2019accusations de viol. Il assure un accompagnement rigoureux d\u00e8s la garde \u00e0 vue jusqu\u2019\u00e0 la Cour d\u2019assises, veillant au strict respect des garanties proc\u00e9durales.","publisher":{"@id":"https:\/\/kohenavocats.com\/ru\/#organization"},"potentialAction":[{"@type":"SearchAction","target":{"@type":"EntryPoint","urlTemplate":"https:\/\/kohenavocats.com\/ru\/?s={search_term_string}"},"query-input":{"@type":"PropertyValueSpecification","valueRequired":true,"valueName":"search_term_string"}}],"inLanguage":"ru-RU"},{"@type":"Organization","@id":"https:\/\/kohenavocats.com\/ru\/#organization","name":"Kohen Avocats","url":"https:\/\/kohenavocats.com\/ru\/","logo":{"@type":"ImageObject","inLanguage":"ru-RU","@id":"https:\/\/kohenavocats.com\/ru\/#\/schema\/logo\/image\/","url":"https:\/\/kohenavocats.com\/wp-content\/uploads\/2026\/01\/Logo-2-1.webp","contentUrl":"https:\/\/kohenavocats.com\/wp-content\/uploads\/2026\/01\/Logo-2-1.webp","width":2114,"height":1253,"caption":"Kohen Avocats"},"image":{"@id":"https:\/\/kohenavocats.com\/ru\/#\/schema\/logo\/image\/"}}]}},"jetpack_likes_enabled":false,"jetpack_sharing_enabled":true,"_links":{"self":[{"href":"https:\/\/kohenavocats.com\/ru\/wp-json\/wp\/v2\/kji_decision\/676169","targetHints":{"allow":["GET"]}}],"collection":[{"href":"https:\/\/kohenavocats.com\/ru\/wp-json\/wp\/v2\/kji_decision"}],"about":[{"href":"https:\/\/kohenavocats.com\/ru\/wp-json\/wp\/v2\/types\/kji_decision"}],"wp:attachment":[{"href":"https:\/\/kohenavocats.com\/ru\/wp-json\/wp\/v2\/media?parent=676169"}],"wp:term":[{"taxonomy":"kji_country","embeddable":true,"href":"https:\/\/kohenavocats.com\/ru\/wp-json\/wp\/v2\/kji_country?post=676169"},{"taxonomy":"kji_court","embeddable":true,"href":"https:\/\/kohenavocats.com\/ru\/wp-json\/wp\/v2\/kji_court?post=676169"},{"taxonomy":"kji_chamber","embeddable":true,"href":"https:\/\/kohenavocats.com\/ru\/wp-json\/wp\/v2\/kji_chamber?post=676169"},{"taxonomy":"kji_year","embeddable":true,"href":"https:\/\/kohenavocats.com\/ru\/wp-json\/wp\/v2\/kji_year?post=676169"},{"taxonomy":"kji_subject","embeddable":true,"href":"https:\/\/kohenavocats.com\/ru\/wp-json\/wp\/v2\/kji_subject?post=676169"},{"taxonomy":"kji_keyword","embeddable":true,"href":"https:\/\/kohenavocats.com\/ru\/wp-json\/wp\/v2\/kji_keyword?post=676169"},{"taxonomy":"kji_language","embeddable":true,"href":"https:\/\/kohenavocats.com\/ru\/wp-json\/wp\/v2\/kji_language?post=676169"}],"curies":[{"name":"wp","href":"https:\/\/api.w.org\/{rel}","templated":true}]}}