{"id":676211,"date":"2026-04-24T23:22:56","date_gmt":"2026-04-24T21:22:56","guid":{"rendered":"https:\/\/kohenavocats.com\/jurisprudences\/tribunal-federal-suisse-20-decembre-2021-n-12t-5-2021\/"},"modified":"2026-04-24T23:22:56","modified_gmt":"2026-04-24T21:22:56","slug":"tribunal-federal-suisse-20-decembre-2021-n-12t-5-2021","status":"publish","type":"kji_decision","link":"https:\/\/kohenavocats.com\/ru\/jurisprudences\/tribunal-federal-suisse-20-decembre-2021-n-12t-5-2021\/","title":{"rendered":"Tribunal f\u00e9d\u00e9ral suisse, 20 d\u00e9cembre 2021, n\u00b0 12T 5-2021"},"content":{"rendered":"<div class=\"kji-decision\">\n<div class=\"kji-full-text\">\n<p>Bundesgericht<\/p>\n<p>Tribunal f\u00e9d\u00e9ral<\/p>\n<p>Tribunale federale<\/p>\n<p>Tribunal federal<\/p>\n<p>12T_5\/2021<\/p>\n<p>D\u00e9cision du 20 d\u00e9cembre 2021<\/p>\n<p>Commission administrative<\/p>\n<p>Composition<\/p>\n<p>Mme et MM. les Juges f\u00e9d\u00e9raux Niquille, Pr\u00e9sidente, Donzallaz et Chaix.<\/p>\n<p>M. le Secr\u00e9taire g\u00e9n\u00e9ral Tsch\u00fcmperlin.<\/p>\n<p>Participants \u00e0 la proc\u00e9dure<\/p>\n<p>A.________,<\/p>\n<p>d\u00e9nonciateur,<\/p>\n<p>contre<\/p>\n<p>Tribunal administratif f\u00e9d\u00e9ral, Cour IV,<\/p>\n<p>case postale, 9023 St-Gall,<\/p>\n<p>autorit\u00e9 d\u00e9nonc\u00e9e.<\/p>\n<p>Objet<\/p>\n<p>D\u00e9nonciation \u00e0 l&#039;autorit\u00e9 de surveillance (LTF); r\u00e9partition des frais.<\/p>\n<p>Consid\u00e9rant :<\/p>\n<p>que, par d\u00e9cision du 23 novembre 2001, l&#039;Office f\u00e9d\u00e9ral des r\u00e9fugi\u00e9s (ODR, aujourd&#039;hui Secr\u00e9tariat d&#039;\u00c9tat aux migrations [SEM]) a refus\u00e9 d&#039;entrer en mati\u00e8re sur la demande d&#039;asile de B.________, au motif que celui-ci avait tromp\u00e9 les autorit\u00e9s suisses sur son identit\u00e9, a prononc\u00e9 son renvoi de Suisse et ordonn\u00e9 l&#039;ex\u00e9cution de cette mesure,<\/p>\n<p>que la d\u00e9cision de renvoi de Suisse a fait l&#039;objet de onze demandes de reconsid\u00e9ration entre novembre 2004 et mars 2021,<\/p>\n<p>que toutes ces demandes ont \u00e9t\u00e9 rejet\u00e9es ou d\u00e9clar\u00e9es irrecevables, de m\u00eame pour les recours interjet\u00e9s contre certaines de ces d\u00e9cisions,<\/p>\n<p>que le 8 avril 2021, l&#039;int\u00e9ress\u00e9 a d\u00e9pos\u00e9 la douzi\u00e8me demande de reconsid\u00e9ration de la d\u00e9cision du 23 novembre 2001,<\/p>\n<p>que, par d\u00e9cision du 28 mai 2021, le Secr\u00e9tariat d&#039;Etat aux migrations (SEM) a rejet\u00e9 cette demande,<\/p>\n<p>que le 29 juin 2021, il a \u00e9t\u00e9 form\u00e9 recours contre cette d\u00e9cision au Tribunal administratif f\u00e9d\u00e9ral (TAF),<\/p>\n<p>que par arr\u00eat du 5 ao\u00fbt 2021, le TAF a rejet\u00e9 le recours et mis \u00e0 la charge de C.________, mandataire de l&#039;int\u00e9ress\u00e9, les frais de proc\u00e9dure d&#039;un montant de fr. 2&#039;000.&#8212;, au motif que les arguments et moyens de preuve pr\u00e9sent\u00e9s dans le cadre de cette douzi\u00e8me proc\u00e9dure de reconsid\u00e9ration ne faisaient appara\u00eetre aucun \u00e9l\u00e9ment nouveau par rapport aux motifs invoqu\u00e9s par l&#039;int\u00e9ress\u00e9 en proc\u00e9dure ordinaire et durant les onze pr\u00e9c\u00e9dentes proc\u00e9dures extraordinaires de reconsid\u00e9ration, entra\u00eenant ainsi un travail consid\u00e9rable et inutile pour les autorit\u00e9s suisses d&#039;asile,<\/p>\n<p>que le TAF, dans son arr\u00eat D-5579\/2019 du 30 octobre 2019, avait d\u00e9j\u00e0 mentionn\u00e9 que les frais de proc\u00e9dure seraient support\u00e9s par l&#039;\u00e9ventuel mandataire futur de l&#039;int\u00e9ress\u00e9 au cas o\u00f9 celui-ci engagerait d&#039;autres proc\u00e9dures de r\u00e9examen fond\u00e9es sur les m\u00eames motifs que ceux invoqu\u00e9s en proc\u00e9dure ordinaire et lors des proc\u00e9dures subs\u00e9quentes en reconsid\u00e9ration,<\/p>\n<p>que, \u00e0 la suite de la d\u00e9cision du 5 ao\u00fbt 2021, C.________ a adress\u00e9 le 8 septembre 2021 une d\u00e9nonciation au Tribunal f\u00e9d\u00e9ral en sa qualit\u00e9 d&#039;autorit\u00e9 de surveillance, estimant que la mise \u00e0 la charge des mandataires des frais de proc\u00e9dure n&#039;est pas en ad\u00e9quation avec le fonctionnement normal et attendu d&#039;un tribunal en d\u00e9mocratie,<\/p>\n<p>qu&#039;en r\u00e8gle g\u00e9n\u00e9rale, les frais de proc\u00e9dure sont mis \u00e0 la charge de la partie qui succombe (art. 63 al. 1 PA),<\/p>\n<p>que, toutefois, les frais caus\u00e9s inutilement sont support\u00e9s par celui qui les a engendr\u00e9s (art. 66 al. 3 LTF en relation avec l&#039;art. 6 LAsi),<\/p>\n<p>que la r\u00e9partition des frais de proc\u00e9dure est une question qui rel\u00e8ve de la jurisprudence,<\/p>\n<p>que conform\u00e9ment \u00e0 l&#039;art. 2 al. 2 du R\u00e8glement sur la surveillance par le Tribunal f\u00e9d\u00e9ral (RS 173.110.132), la jurisprudence est exclue de la surveillance et que la d\u00e9nonciation \u00e0 l&#039;autorit\u00e9 de surveillance au sens de l&#039;art. 1 al. 1 LTF en relation avec l&#039;art. 71 al. 1 PA ne peut remplacer un recours qui n&#039;existe pas contre les d\u00e9cisions du TAF en mati\u00e8re d&#039;asile,<\/p>\n<p>que le Tribunal f\u00e9d\u00e9ral, en sa qualit\u00e9 d&#039;autorit\u00e9 de surveillance, intervient uniquement s&#039;il constate une pratique constante du TAF violant manifestement les r\u00e8gles de comp\u00e9tence ou conduisant, de mani\u00e8re g\u00e9n\u00e9rale, \u00e0 restreindre l&#039;acc\u00e8s \u00e0 la justice de mani\u00e8re indue,<\/p>\n<p>qu&#039;une telle pratique n&#039;est pas constat\u00e9e en l&#039;esp\u00e8ce,<\/p>\n<p>que, pour ces motifs, il a lieu de ne pas entrer en mati\u00e8re sur la d\u00e9nonciation.<\/p>\n<p>Par ces motifs, le Tribunal f\u00e9d\u00e9ral d\u00e9cide :<\/p>\n<p>1.<\/p>\n<p>Il n&#039;est pas donn\u00e9 suite \u00e0 la d\u00e9nonciation.<\/p>\n<p>2.<\/p>\n<p>Il n&#039;est pas per\u00e7u de frais ni allou\u00e9 de d\u00e9pens.<\/p>\n<p>3.<\/p>\n<p>La pr\u00e9sente d\u00e9cision est communiqu\u00e9e au Tribunal administratif f\u00e9d\u00e9ral, Cour IV, et en copie au d\u00e9nonciateur.<\/p>\n<p>Lausanne, le 20 d\u00e9cembre 2021<\/p>\n<p>Au nom de la Commission administrative<\/p>\n<p>du Tribunal f\u00e9d\u00e9ral suisse<\/p>\n<p>La Pr\u00e9sidente : Le Secr\u00e9taire g\u00e9n\u00e9ral :<\/p>\n<p>Niquille Tsch\u00fcmperlin<\/p>\n<\/div>\n<hr class=\"kji-sep\" \/>\n<p class=\"kji-source-links\"><strong>Sources officielles :<\/strong> <a class=\"kji-source-link\" href=\"https:\/\/search.bger.ch\/ext\/eurospider\/live\/fr\/php\/aza\/http\/index.php?lang=fr&#038;type=highlight_simple_query&#038;page=1&#038;from_date=&#038;to_date=&#038;sort=relevance&#038;insertion_date=&#038;top_subcollection_aza=all&#038;query_words=decision&#038;rank=7&#038;azaclir=aza&#038;highlight_docid=aza%3A%2F%2F20-12-2021-12T_5-2021&#038;number_of_ranks=53684\" target=\"_blank\" rel=\"noopener noreferrer\">consulter la page source<\/a><\/p>\n<p class=\"kji-license-note\"><em>Source officielle Tribunal federal suisse. Contenu HTML public, PDF non garanti en version gratuite.<\/em><\/p>\n<\/div>\n","protected":false},"excerpt":{"rendered":"<p>Bundesgericht Tribunal f\u00e9d\u00e9ral Tribunale federale Tribunal federal 12T_5\/2021 D\u00e9cision du 20 d\u00e9cembre 2021 Commission administrative Composition Mme et MM. les Juges f\u00e9d\u00e9raux Niquille, Pr\u00e9sidente, Donzallaz et Chaix. M. le Secr\u00e9taire g\u00e9n\u00e9ral Tsch\u00fcmperlin. Participants \u00e0 la proc\u00e9dure A.________, d\u00e9nonciateur, contre Tribunal administratif f\u00e9d\u00e9ral, Cour IV, case postale, 9023 St-Gall, autorit\u00e9 d\u00e9nonc\u00e9e. Objet D\u00e9nonciation \u00e0 l&#8217;autorit\u00e9 de&#8230;<\/p>\n","protected":false},"featured_media":0,"template":"","meta":{"_crdt_document":""},"kji_country":[9676],"kji_court":[9677],"kji_chamber":[],"kji_year":[36297],"kji_subject":[7646],"kji_keyword":[9799,8464,9679,9680,7636],"kji_language":[7733],"class_list":["post-676211","kji_decision","type-kji_decision","status-publish","hentry","kji_country-suisse","kji_court-tribunal-federal-suisse","kji_year-36297","kji_subject-divers","kji_keyword-bundesgericht","kji_keyword-decembre","kji_keyword-federal","kji_keyword-suisse","kji_keyword-tribunal","kji_language-francais"],"yoast_head":"<!-- This site is optimized with the Yoast SEO Premium plugin v27.4 (Yoast SEO v27.4) - https:\/\/yoast.com\/product\/yoast-seo-premium-wordpress\/ -->\n<title>Tribunal f\u00e9d\u00e9ral suisse, 20 d\u00e9cembre 2021, n\u00b0 12T 5-2021 - Ma\u00eetre Hassan Kohen, avocat en droit p\u00e9nal \u00e0 Paris<\/title>\n<meta name=\"robots\" content=\"index, follow, max-snippet:-1, max-image-preview:large, max-video-preview:-1\" \/>\n<link rel=\"canonical\" href=\"https:\/\/kohenavocats.com\/ru\/jurisprudences\/tribunal-federal-suisse-20-decembre-2021-n-12t-5-2021\/\" \/>\n<meta property=\"og:locale\" content=\"ru_RU\" \/>\n<meta property=\"og:type\" content=\"article\" \/>\n<meta property=\"og:title\" content=\"Tribunal f\u00e9d\u00e9ral suisse, 20 d\u00e9cembre 2021, n\u00b0 12T 5-2021\" \/>\n<meta property=\"og:description\" content=\"Bundesgericht Tribunal f\u00e9d\u00e9ral Tribunale federale Tribunal federal 12T_5\/2021 D\u00e9cision du 20 d\u00e9cembre 2021 Commission administrative Composition Mme et MM. les Juges f\u00e9d\u00e9raux Niquille, Pr\u00e9sidente, Donzallaz et Chaix. M. le Secr\u00e9taire g\u00e9n\u00e9ral Tsch\u00fcmperlin. Participants \u00e0 la proc\u00e9dure A.________, d\u00e9nonciateur, contre Tribunal administratif f\u00e9d\u00e9ral, Cour IV, case postale, 9023 St-Gall, autorit\u00e9 d\u00e9nonc\u00e9e. Objet D\u00e9nonciation \u00e0 l&#039;autorit\u00e9 de...\" \/>\n<meta property=\"og:url\" content=\"https:\/\/kohenavocats.com\/ru\/jurisprudences\/tribunal-federal-suisse-20-decembre-2021-n-12t-5-2021\/\" \/>\n<meta property=\"og:site_name\" content=\"Ma\u00eetre Hassan Kohen, avocat en droit p\u00e9nal \u00e0 Paris\" \/>\n<meta name=\"twitter:card\" content=\"summary_large_image\" \/>\n<meta name=\"twitter:label1\" content=\"\u041f\u0440\u0438\u043c\u0435\u0440\u043d\u043e\u0435 \u0432\u0440\u0435\u043c\u044f \u0434\u043b\u044f \u0447\u0442\u0435\u043d\u0438\u044f\" \/>\n\t<meta name=\"twitter:data1\" content=\"4 \u043c\u0438\u043d\u0443\u0442\u044b\" \/>\n<script type=\"application\/ld+json\" class=\"yoast-schema-graph\">{\"@context\":\"https:\\\/\\\/schema.org\",\"@graph\":[{\"@type\":\"WebPage\",\"@id\":\"https:\\\/\\\/kohenavocats.com\\\/ru\\\/jurisprudences\\\/tribunal-federal-suisse-20-decembre-2021-n-12t-5-2021\\\/\",\"url\":\"https:\\\/\\\/kohenavocats.com\\\/ru\\\/jurisprudences\\\/tribunal-federal-suisse-20-decembre-2021-n-12t-5-2021\\\/\",\"name\":\"Tribunal f\u00e9d\u00e9ral suisse, 20 d\u00e9cembre 2021, n\u00b0 12T 5-2021 - Ma\u00eetre Hassan Kohen, avocat en droit p\u00e9nal \u00e0 Paris\",\"isPartOf\":{\"@id\":\"https:\\\/\\\/kohenavocats.com\\\/ru\\\/#website\"},\"datePublished\":\"2026-04-24T21:22:56+00:00\",\"breadcrumb\":{\"@id\":\"https:\\\/\\\/kohenavocats.com\\\/ru\\\/jurisprudences\\\/tribunal-federal-suisse-20-decembre-2021-n-12t-5-2021\\\/#breadcrumb\"},\"inLanguage\":\"ru-RU\",\"potentialAction\":[{\"@type\":\"ReadAction\",\"target\":[\"https:\\\/\\\/kohenavocats.com\\\/ru\\\/jurisprudences\\\/tribunal-federal-suisse-20-decembre-2021-n-12t-5-2021\\\/\"]}]},{\"@type\":\"BreadcrumbList\",\"@id\":\"https:\\\/\\\/kohenavocats.com\\\/ru\\\/jurisprudences\\\/tribunal-federal-suisse-20-decembre-2021-n-12t-5-2021\\\/#breadcrumb\",\"itemListElement\":[{\"@type\":\"ListItem\",\"position\":1,\"name\":\"Home\",\"item\":\"https:\\\/\\\/kohenavocats.com\\\/ru\\\/avocats-en-droit-penal-a-paris-conseil-et-defense-strategique\\\/\"},{\"@type\":\"ListItem\",\"position\":2,\"name\":\"Jurisprudences\",\"item\":\"https:\\\/\\\/kohenavocats.com\\\/ru\\\/jurisprudences\\\/\"},{\"@type\":\"ListItem\",\"position\":3,\"name\":\"Tribunal f\u00e9d\u00e9ral suisse, 20 d\u00e9cembre 2021, n\u00b0 12T 5-2021\"}]},{\"@type\":\"WebSite\",\"@id\":\"https:\\\/\\\/kohenavocats.com\\\/ru\\\/#website\",\"url\":\"https:\\\/\\\/kohenavocats.com\\\/ru\\\/\",\"name\":\"Kohen Avocats\",\"description\":\"Ma\u00eetre Hassan Kohen, avocat p\u00e9naliste \u00e0 Paris, intervient exclusivement en droit p\u00e9nal pour la d\u00e9fense des particuliers, notamment en mati\u00e8re d\u2019accusations de viol. Il assure un accompagnement rigoureux d\u00e8s la garde \u00e0 vue jusqu\u2019\u00e0 la Cour d\u2019assises, veillant au strict respect des garanties proc\u00e9durales.\",\"publisher\":{\"@id\":\"https:\\\/\\\/kohenavocats.com\\\/ru\\\/#organization\"},\"potentialAction\":[{\"@type\":\"SearchAction\",\"target\":{\"@type\":\"EntryPoint\",\"urlTemplate\":\"https:\\\/\\\/kohenavocats.com\\\/ru\\\/?s={search_term_string}\"},\"query-input\":{\"@type\":\"PropertyValueSpecification\",\"valueRequired\":true,\"valueName\":\"search_term_string\"}}],\"inLanguage\":\"ru-RU\"},{\"@type\":\"Organization\",\"@id\":\"https:\\\/\\\/kohenavocats.com\\\/ru\\\/#organization\",\"name\":\"Kohen Avocats\",\"url\":\"https:\\\/\\\/kohenavocats.com\\\/ru\\\/\",\"logo\":{\"@type\":\"ImageObject\",\"inLanguage\":\"ru-RU\",\"@id\":\"https:\\\/\\\/kohenavocats.com\\\/ru\\\/#\\\/schema\\\/logo\\\/image\\\/\",\"url\":\"https:\\\/\\\/kohenavocats.com\\\/wp-content\\\/uploads\\\/2026\\\/01\\\/Logo-2-1.webp\",\"contentUrl\":\"https:\\\/\\\/kohenavocats.com\\\/wp-content\\\/uploads\\\/2026\\\/01\\\/Logo-2-1.webp\",\"width\":2114,\"height\":1253,\"caption\":\"Kohen Avocats\"},\"image\":{\"@id\":\"https:\\\/\\\/kohenavocats.com\\\/ru\\\/#\\\/schema\\\/logo\\\/image\\\/\"}}]}<\/script>\n<!-- \/ Yoast SEO Premium plugin. -->","yoast_head_json":{"title":"Tribunal f\u00e9d\u00e9ral suisse, 20 d\u00e9cembre 2021, n\u00b0 12T 5-2021 - Ma\u00eetre Hassan Kohen, avocat en droit p\u00e9nal \u00e0 Paris","robots":{"index":"index","follow":"follow","max-snippet":"max-snippet:-1","max-image-preview":"max-image-preview:large","max-video-preview":"max-video-preview:-1"},"canonical":"https:\/\/kohenavocats.com\/ru\/jurisprudences\/tribunal-federal-suisse-20-decembre-2021-n-12t-5-2021\/","og_locale":"ru_RU","og_type":"article","og_title":"Tribunal f\u00e9d\u00e9ral suisse, 20 d\u00e9cembre 2021, n\u00b0 12T 5-2021","og_description":"Bundesgericht Tribunal f\u00e9d\u00e9ral Tribunale federale Tribunal federal 12T_5\/2021 D\u00e9cision du 20 d\u00e9cembre 2021 Commission administrative Composition Mme et MM. les Juges f\u00e9d\u00e9raux Niquille, Pr\u00e9sidente, Donzallaz et Chaix. M. le Secr\u00e9taire g\u00e9n\u00e9ral Tsch\u00fcmperlin. Participants \u00e0 la proc\u00e9dure A.________, d\u00e9nonciateur, contre Tribunal administratif f\u00e9d\u00e9ral, Cour IV, case postale, 9023 St-Gall, autorit\u00e9 d\u00e9nonc\u00e9e. Objet D\u00e9nonciation \u00e0 l'autorit\u00e9 de...","og_url":"https:\/\/kohenavocats.com\/ru\/jurisprudences\/tribunal-federal-suisse-20-decembre-2021-n-12t-5-2021\/","og_site_name":"Ma\u00eetre Hassan Kohen, avocat en droit p\u00e9nal \u00e0 Paris","twitter_card":"summary_large_image","twitter_misc":{"\u041f\u0440\u0438\u043c\u0435\u0440\u043d\u043e\u0435 \u0432\u0440\u0435\u043c\u044f \u0434\u043b\u044f \u0447\u0442\u0435\u043d\u0438\u044f":"4 \u043c\u0438\u043d\u0443\u0442\u044b"},"schema":{"@context":"https:\/\/schema.org","@graph":[{"@type":"WebPage","@id":"https:\/\/kohenavocats.com\/ru\/jurisprudences\/tribunal-federal-suisse-20-decembre-2021-n-12t-5-2021\/","url":"https:\/\/kohenavocats.com\/ru\/jurisprudences\/tribunal-federal-suisse-20-decembre-2021-n-12t-5-2021\/","name":"Tribunal f\u00e9d\u00e9ral suisse, 20 d\u00e9cembre 2021, n\u00b0 12T 5-2021 - Ma\u00eetre Hassan Kohen, avocat en droit p\u00e9nal \u00e0 Paris","isPartOf":{"@id":"https:\/\/kohenavocats.com\/ru\/#website"},"datePublished":"2026-04-24T21:22:56+00:00","breadcrumb":{"@id":"https:\/\/kohenavocats.com\/ru\/jurisprudences\/tribunal-federal-suisse-20-decembre-2021-n-12t-5-2021\/#breadcrumb"},"inLanguage":"ru-RU","potentialAction":[{"@type":"ReadAction","target":["https:\/\/kohenavocats.com\/ru\/jurisprudences\/tribunal-federal-suisse-20-decembre-2021-n-12t-5-2021\/"]}]},{"@type":"BreadcrumbList","@id":"https:\/\/kohenavocats.com\/ru\/jurisprudences\/tribunal-federal-suisse-20-decembre-2021-n-12t-5-2021\/#breadcrumb","itemListElement":[{"@type":"ListItem","position":1,"name":"Home","item":"https:\/\/kohenavocats.com\/ru\/avocats-en-droit-penal-a-paris-conseil-et-defense-strategique\/"},{"@type":"ListItem","position":2,"name":"Jurisprudences","item":"https:\/\/kohenavocats.com\/ru\/jurisprudences\/"},{"@type":"ListItem","position":3,"name":"Tribunal f\u00e9d\u00e9ral suisse, 20 d\u00e9cembre 2021, n\u00b0 12T 5-2021"}]},{"@type":"WebSite","@id":"https:\/\/kohenavocats.com\/ru\/#website","url":"https:\/\/kohenavocats.com\/ru\/","name":"Kohen Avocats","description":"Ma\u00eetre Hassan Kohen, avocat p\u00e9naliste \u00e0 Paris, intervient exclusivement en droit p\u00e9nal pour la d\u00e9fense des particuliers, notamment en mati\u00e8re d\u2019accusations de viol. Il assure un accompagnement rigoureux d\u00e8s la garde \u00e0 vue jusqu\u2019\u00e0 la Cour d\u2019assises, veillant au strict respect des garanties proc\u00e9durales.","publisher":{"@id":"https:\/\/kohenavocats.com\/ru\/#organization"},"potentialAction":[{"@type":"SearchAction","target":{"@type":"EntryPoint","urlTemplate":"https:\/\/kohenavocats.com\/ru\/?s={search_term_string}"},"query-input":{"@type":"PropertyValueSpecification","valueRequired":true,"valueName":"search_term_string"}}],"inLanguage":"ru-RU"},{"@type":"Organization","@id":"https:\/\/kohenavocats.com\/ru\/#organization","name":"Kohen Avocats","url":"https:\/\/kohenavocats.com\/ru\/","logo":{"@type":"ImageObject","inLanguage":"ru-RU","@id":"https:\/\/kohenavocats.com\/ru\/#\/schema\/logo\/image\/","url":"https:\/\/kohenavocats.com\/wp-content\/uploads\/2026\/01\/Logo-2-1.webp","contentUrl":"https:\/\/kohenavocats.com\/wp-content\/uploads\/2026\/01\/Logo-2-1.webp","width":2114,"height":1253,"caption":"Kohen Avocats"},"image":{"@id":"https:\/\/kohenavocats.com\/ru\/#\/schema\/logo\/image\/"}}]}},"jetpack_likes_enabled":false,"jetpack_sharing_enabled":true,"_links":{"self":[{"href":"https:\/\/kohenavocats.com\/ru\/wp-json\/wp\/v2\/kji_decision\/676211","targetHints":{"allow":["GET"]}}],"collection":[{"href":"https:\/\/kohenavocats.com\/ru\/wp-json\/wp\/v2\/kji_decision"}],"about":[{"href":"https:\/\/kohenavocats.com\/ru\/wp-json\/wp\/v2\/types\/kji_decision"}],"wp:attachment":[{"href":"https:\/\/kohenavocats.com\/ru\/wp-json\/wp\/v2\/media?parent=676211"}],"wp:term":[{"taxonomy":"kji_country","embeddable":true,"href":"https:\/\/kohenavocats.com\/ru\/wp-json\/wp\/v2\/kji_country?post=676211"},{"taxonomy":"kji_court","embeddable":true,"href":"https:\/\/kohenavocats.com\/ru\/wp-json\/wp\/v2\/kji_court?post=676211"},{"taxonomy":"kji_chamber","embeddable":true,"href":"https:\/\/kohenavocats.com\/ru\/wp-json\/wp\/v2\/kji_chamber?post=676211"},{"taxonomy":"kji_year","embeddable":true,"href":"https:\/\/kohenavocats.com\/ru\/wp-json\/wp\/v2\/kji_year?post=676211"},{"taxonomy":"kji_subject","embeddable":true,"href":"https:\/\/kohenavocats.com\/ru\/wp-json\/wp\/v2\/kji_subject?post=676211"},{"taxonomy":"kji_keyword","embeddable":true,"href":"https:\/\/kohenavocats.com\/ru\/wp-json\/wp\/v2\/kji_keyword?post=676211"},{"taxonomy":"kji_language","embeddable":true,"href":"https:\/\/kohenavocats.com\/ru\/wp-json\/wp\/v2\/kji_language?post=676211"}],"curies":[{"name":"wp","href":"https:\/\/api.w.org\/{rel}","templated":true}]}}