{"id":677918,"date":"2026-04-25T04:44:08","date_gmt":"2026-04-25T02:44:08","guid":{"rendered":"https:\/\/kohenavocats.com\/jurisprudences\/eclinlcrvb20251619-centrale-raad-van-beroep-07-11-2025-24-1140-zw-w\/"},"modified":"2026-04-25T04:44:08","modified_gmt":"2026-04-25T02:44:08","slug":"eclinlcrvb20251619-centrale-raad-van-beroep-07-11-2025-24-1140-zw-w","status":"publish","type":"kji_decision","link":"https:\/\/kohenavocats.com\/ru\/jurisprudences\/eclinlcrvb20251619-centrale-raad-van-beroep-07-11-2025-24-1140-zw-w\/","title":{"rendered":"ECLI:NL:CRVB:2025:1619 Centrale Raad van Beroep , 07-11-2025 \/ 24\/1140 ZW-W"},"content":{"rendered":"<div class=\"kji-decision\">\n<div class=\"kji-full-text\">\n<p><strong>Inhoudsindicatie.<\/strong> Verzoek om wraking afgewezen.<\/p>\n<p>24\/1140 ZW-W, 24\/1674 ZW-W, 24\/1675 ZW-W, 24\/1676 ZW-W, 24\/1678 ZW-W, 25\/1671 ONBEK-W<\/p>\n<p>Datum beslissing: 7 november 2025<\/p>\n<p>Centrale Raad van Beroep<\/p>\n<p>Meervoudige kamer<\/p>\n<p>Beslissing op het verzoek om wraking gedaan door<\/p>\n<p>[verzoekster] te [woonplaats] (verzoekster)<\/p>\n<p>PROCESVERLOOP<\/p>\n<p>Verzoekster heeft hoger beroep ingesteld tegen zes uitspraken van (de voorzieningenrechter van) de rechtbank Noord-Nederland in gedingen tussen verzoekster en het Uitvoeringsinstituut werknemersverzekeringen.<\/p>\n<p>Bij brieven van 27 augustus 2025 is verzoekster uitgenodigd voor de zitting bij de Raad. Daarbij is aan haar meegedeeld dat W.R. van der Velde de behandelend rechter zou zijn.<\/p>\n<p>De behandeling ter zitting van de hoger beroepen heeft plaatsgevonden op 23 september 2025.<\/p>\n<p>Op 26 september 2025 heeft verzoekster een verzoek om wraking ingediend.<\/p>\n<p>De behandelend rechter heeft op het verzoek gereageerd en te kennen gegeven niet in de wraking te berusten.<\/p>\n<p>Verzoekster en de behandelend rechter zijn uitgenodigd om te worden gehoord ter zitting van de Raad op 3 november 2025. Verzoekster is niet verschenen. De behandelend rechter is verschenen.<\/p>\n<h3>OVERWEGINGEN<\/h3>\n<p>Artikel 8:15 van de Algemene wet bestuursrecht bepaalt dat op verzoek van een partij elk van de rechters die een zaak behandelen, kan worden gewraakt op grond van feiten en omstandigheden waardoor de rechterlijke onpartijdigheid schade zou kunnen lijden.<\/p>\n<p>2. Verzoekster heeft gesteld dat de behandelend rechter partijdig is, dat zijn gedrag niet correct was en dat hij \u2018relatiesfeer is\u2019 van een ploeg die zich niet in haar zaken mag mengen.<\/p>\n<p>Bij de beoordeling van een wrakingsverzoek moet voorop staan dat een rechter op grond van zijn of haar aanstelling geacht wordt onpartijdig te zijn. Van dit uitgangspunt moet worden afgeweken als er een uitzonderlijke omstandigheid is die een zwaarwegende aanwijzing vormt voor vooringenomenheid van de rechter. De vrees voor vooringenomenheid van de rechter moet objectief gerechtvaardigd zijn.<\/p>\n<p>Verzoekster heeft geen van haar stellingen onderbouwd. Het is dan ook niet duidelijk geworden waardoor er bij verzoekster objectieve vrees voor vooringenomenheid van de behandelend rechter zou zijn kunnen ontstaan. In het verhandelde ter zitting van 23 september 2025, zoals dat blijkt uit het proces-verbaal van die zitting, zijn daarvoor geen aanknopingspunten te vinden. Voor zover verzoekster vooringenomenheid zou hebben afgeleid uit kritische vragen die de behandelend rechter aan haar ter zitting heeft gesteld, geldt het volgende. Het bepalen van het zittingsverloop, de voortgang van de zitting en de orde in de zittingszaal behoren tot de taakuitoefening van de rechter. Dat geldt ook voor het al dan niet stellen van (kritische) vragen aan partijen. Het stellen van kritische vragen vormt volgens vaste rechtspraak geen zwaarwegende aanwijzing voor vooringenomenheid van de rechter.<\/p>\n<p>4. Het voorgaande betekent dat het verzoek om wraking moet worden afgewezen.<\/p>\n<p>5. Voor een veroordeling in de proceskosten bestaat geen aanleiding.<\/p>\n<h3>BESLISSING<\/h3>\n<p>De Centrale Raad van Beroep wijst het verzoek om wraking af.<\/p>\n<p>Deze beslissing is gegeven door M.A.H. van Dalen-van Bekkum als voorzitter en L.M. Tob\u00e9 en C.W.C.A. Bruggeman als leden, in tegenwoordigheid van H. Baars als griffier. De beslissing is uitgesproken in het openbaar op 7 november 2025.<\/p>\n<p>(getekend) M.A.H. van Dalen-van Bekkum<\/p>\n<p>(getekend) H. Baars<\/p>\n<h3>Voetnoten<\/h3>\n<ol>\n<li>Zie de uitspraak van 28 april 2014, ECLI:NL:CRVB:2014:1417.<\/li>\n<\/ol>\n<\/div>\n<hr class=\"kji-sep\" \/>\n<p class=\"kji-source-links\"><strong>Sources officielles :<\/strong> <a class=\"kji-source-link\" href=\"http:\/\/deeplink.rechtspraak.nl\/uitspraak?id=ECLI:NL:CRVB:2025:1619\" target=\"_blank\" rel=\"noopener noreferrer\">consulter la page source<\/a><\/p>\n<p class=\"kji-license-note\"><em>Rechtspraak.nl open data, Creative Commons Zero. Volume cible 1.8M decisions.<\/em><\/p>\n<\/div>\n","protected":false},"excerpt":{"rendered":"<p>Verzoek om wraking afgewezen.<\/p>\n","protected":false},"featured_media":0,"template":"","meta":{"_crdt_document":""},"kji_country":[7669],"kji_court":[7982],"kji_chamber":[],"kji_year":[8463],"kji_subject":[7646],"kji_keyword":[7988,7992,11344,7814,10413],"kji_language":[7671],"class_list":["post-677918","kji_decision","type-kji_decision","status-publish","hentry","kji_country-pays-bas","kji_court-centrale-raad-van-beroep","kji_year-8463","kji_subject-divers","kji_keyword-afgewezen","kji_keyword-beroep","kji_keyword-centrale","kji_keyword-verzoek","kji_keyword-wraking","kji_language-nl"],"yoast_head":"<!-- This site is optimized with the Yoast SEO Premium plugin v27.4 (Yoast SEO v27.4) - https:\/\/yoast.com\/product\/yoast-seo-premium-wordpress\/ -->\n<title>ECLI:NL:CRVB:2025:1619 Centrale Raad van Beroep , 07-11-2025 \/ 24\/1140 ZW-W - Ma\u00eetre Hassan Kohen, avocat en droit p\u00e9nal \u00e0 Paris<\/title>\n<meta name=\"robots\" content=\"index, follow, max-snippet:-1, max-image-preview:large, max-video-preview:-1\" \/>\n<link rel=\"canonical\" href=\"https:\/\/kohenavocats.com\/ru\/jurisprudences\/eclinlcrvb20251619-centrale-raad-van-beroep-07-11-2025-24-1140-zw-w\/\" \/>\n<meta property=\"og:locale\" content=\"ru_RU\" \/>\n<meta property=\"og:type\" content=\"article\" \/>\n<meta property=\"og:title\" content=\"ECLI:NL:CRVB:2025:1619 Centrale Raad van Beroep , 07-11-2025 \/ 24\/1140 ZW-W\" \/>\n<meta property=\"og:description\" content=\"Verzoek om wraking afgewezen.\" \/>\n<meta property=\"og:url\" content=\"https:\/\/kohenavocats.com\/ru\/jurisprudences\/eclinlcrvb20251619-centrale-raad-van-beroep-07-11-2025-24-1140-zw-w\/\" \/>\n<meta property=\"og:site_name\" content=\"Ma\u00eetre Hassan Kohen, avocat en droit p\u00e9nal \u00e0 Paris\" \/>\n<meta name=\"twitter:card\" content=\"summary_large_image\" \/>\n<meta name=\"twitter:label1\" content=\"\u041f\u0440\u0438\u043c\u0435\u0440\u043d\u043e\u0435 \u0432\u0440\u0435\u043c\u044f \u0434\u043b\u044f \u0447\u0442\u0435\u043d\u0438\u044f\" \/>\n\t<meta name=\"twitter:data1\" content=\"3 \u043c\u0438\u043d\u0443\u0442\u044b\" \/>\n<script type=\"application\/ld+json\" class=\"yoast-schema-graph\">{\"@context\":\"https:\\\/\\\/schema.org\",\"@graph\":[{\"@type\":\"WebPage\",\"@id\":\"https:\\\/\\\/kohenavocats.com\\\/ru\\\/jurisprudences\\\/eclinlcrvb20251619-centrale-raad-van-beroep-07-11-2025-24-1140-zw-w\\\/\",\"url\":\"https:\\\/\\\/kohenavocats.com\\\/ru\\\/jurisprudences\\\/eclinlcrvb20251619-centrale-raad-van-beroep-07-11-2025-24-1140-zw-w\\\/\",\"name\":\"ECLI:NL:CRVB:2025:1619 Centrale Raad van Beroep , 07-11-2025 \\\/ 24\\\/1140 ZW-W - Ma\u00eetre Hassan Kohen, avocat en droit p\u00e9nal \u00e0 Paris\",\"isPartOf\":{\"@id\":\"https:\\\/\\\/kohenavocats.com\\\/ru\\\/#website\"},\"datePublished\":\"2026-04-25T02:44:08+00:00\",\"breadcrumb\":{\"@id\":\"https:\\\/\\\/kohenavocats.com\\\/ru\\\/jurisprudences\\\/eclinlcrvb20251619-centrale-raad-van-beroep-07-11-2025-24-1140-zw-w\\\/#breadcrumb\"},\"inLanguage\":\"ru-RU\",\"potentialAction\":[{\"@type\":\"ReadAction\",\"target\":[\"https:\\\/\\\/kohenavocats.com\\\/ru\\\/jurisprudences\\\/eclinlcrvb20251619-centrale-raad-van-beroep-07-11-2025-24-1140-zw-w\\\/\"]}]},{\"@type\":\"BreadcrumbList\",\"@id\":\"https:\\\/\\\/kohenavocats.com\\\/ru\\\/jurisprudences\\\/eclinlcrvb20251619-centrale-raad-van-beroep-07-11-2025-24-1140-zw-w\\\/#breadcrumb\",\"itemListElement\":[{\"@type\":\"ListItem\",\"position\":1,\"name\":\"Home\",\"item\":\"https:\\\/\\\/kohenavocats.com\\\/ru\\\/avocats-en-droit-penal-a-paris-conseil-et-defense-strategique\\\/\"},{\"@type\":\"ListItem\",\"position\":2,\"name\":\"Jurisprudences\",\"item\":\"https:\\\/\\\/kohenavocats.com\\\/ru\\\/jurisprudences\\\/\"},{\"@type\":\"ListItem\",\"position\":3,\"name\":\"ECLI:NL:CRVB:2025:1619 Centrale Raad van Beroep , 07-11-2025 \\\/ 24\\\/1140 ZW-W\"}]},{\"@type\":\"WebSite\",\"@id\":\"https:\\\/\\\/kohenavocats.com\\\/ru\\\/#website\",\"url\":\"https:\\\/\\\/kohenavocats.com\\\/ru\\\/\",\"name\":\"Kohen Avocats\",\"description\":\"Ma\u00eetre Hassan Kohen, avocat p\u00e9naliste \u00e0 Paris, intervient exclusivement en droit p\u00e9nal pour la d\u00e9fense des particuliers, notamment en mati\u00e8re d\u2019accusations de viol. Il assure un accompagnement rigoureux d\u00e8s la garde \u00e0 vue jusqu\u2019\u00e0 la Cour d\u2019assises, veillant au strict respect des garanties proc\u00e9durales.\",\"publisher\":{\"@id\":\"https:\\\/\\\/kohenavocats.com\\\/ru\\\/#organization\"},\"potentialAction\":[{\"@type\":\"SearchAction\",\"target\":{\"@type\":\"EntryPoint\",\"urlTemplate\":\"https:\\\/\\\/kohenavocats.com\\\/ru\\\/?s={search_term_string}\"},\"query-input\":{\"@type\":\"PropertyValueSpecification\",\"valueRequired\":true,\"valueName\":\"search_term_string\"}}],\"inLanguage\":\"ru-RU\"},{\"@type\":\"Organization\",\"@id\":\"https:\\\/\\\/kohenavocats.com\\\/ru\\\/#organization\",\"name\":\"Kohen Avocats\",\"url\":\"https:\\\/\\\/kohenavocats.com\\\/ru\\\/\",\"logo\":{\"@type\":\"ImageObject\",\"inLanguage\":\"ru-RU\",\"@id\":\"https:\\\/\\\/kohenavocats.com\\\/ru\\\/#\\\/schema\\\/logo\\\/image\\\/\",\"url\":\"https:\\\/\\\/kohenavocats.com\\\/wp-content\\\/uploads\\\/2026\\\/01\\\/Logo-2-1.webp\",\"contentUrl\":\"https:\\\/\\\/kohenavocats.com\\\/wp-content\\\/uploads\\\/2026\\\/01\\\/Logo-2-1.webp\",\"width\":2114,\"height\":1253,\"caption\":\"Kohen Avocats\"},\"image\":{\"@id\":\"https:\\\/\\\/kohenavocats.com\\\/ru\\\/#\\\/schema\\\/logo\\\/image\\\/\"}}]}<\/script>\n<!-- \/ Yoast SEO Premium plugin. -->","yoast_head_json":{"title":"ECLI:NL:CRVB:2025:1619 Centrale Raad van Beroep , 07-11-2025 \/ 24\/1140 ZW-W - Ma\u00eetre Hassan Kohen, avocat en droit p\u00e9nal \u00e0 Paris","robots":{"index":"index","follow":"follow","max-snippet":"max-snippet:-1","max-image-preview":"max-image-preview:large","max-video-preview":"max-video-preview:-1"},"canonical":"https:\/\/kohenavocats.com\/ru\/jurisprudences\/eclinlcrvb20251619-centrale-raad-van-beroep-07-11-2025-24-1140-zw-w\/","og_locale":"ru_RU","og_type":"article","og_title":"ECLI:NL:CRVB:2025:1619 Centrale Raad van Beroep , 07-11-2025 \/ 24\/1140 ZW-W","og_description":"Verzoek om wraking afgewezen.","og_url":"https:\/\/kohenavocats.com\/ru\/jurisprudences\/eclinlcrvb20251619-centrale-raad-van-beroep-07-11-2025-24-1140-zw-w\/","og_site_name":"Ma\u00eetre Hassan Kohen, avocat en droit p\u00e9nal \u00e0 Paris","twitter_card":"summary_large_image","twitter_misc":{"\u041f\u0440\u0438\u043c\u0435\u0440\u043d\u043e\u0435 \u0432\u0440\u0435\u043c\u044f \u0434\u043b\u044f \u0447\u0442\u0435\u043d\u0438\u044f":"3 \u043c\u0438\u043d\u0443\u0442\u044b"},"schema":{"@context":"https:\/\/schema.org","@graph":[{"@type":"WebPage","@id":"https:\/\/kohenavocats.com\/ru\/jurisprudences\/eclinlcrvb20251619-centrale-raad-van-beroep-07-11-2025-24-1140-zw-w\/","url":"https:\/\/kohenavocats.com\/ru\/jurisprudences\/eclinlcrvb20251619-centrale-raad-van-beroep-07-11-2025-24-1140-zw-w\/","name":"ECLI:NL:CRVB:2025:1619 Centrale Raad van Beroep , 07-11-2025 \/ 24\/1140 ZW-W - Ma\u00eetre Hassan Kohen, avocat en droit p\u00e9nal \u00e0 Paris","isPartOf":{"@id":"https:\/\/kohenavocats.com\/ru\/#website"},"datePublished":"2026-04-25T02:44:08+00:00","breadcrumb":{"@id":"https:\/\/kohenavocats.com\/ru\/jurisprudences\/eclinlcrvb20251619-centrale-raad-van-beroep-07-11-2025-24-1140-zw-w\/#breadcrumb"},"inLanguage":"ru-RU","potentialAction":[{"@type":"ReadAction","target":["https:\/\/kohenavocats.com\/ru\/jurisprudences\/eclinlcrvb20251619-centrale-raad-van-beroep-07-11-2025-24-1140-zw-w\/"]}]},{"@type":"BreadcrumbList","@id":"https:\/\/kohenavocats.com\/ru\/jurisprudences\/eclinlcrvb20251619-centrale-raad-van-beroep-07-11-2025-24-1140-zw-w\/#breadcrumb","itemListElement":[{"@type":"ListItem","position":1,"name":"Home","item":"https:\/\/kohenavocats.com\/ru\/avocats-en-droit-penal-a-paris-conseil-et-defense-strategique\/"},{"@type":"ListItem","position":2,"name":"Jurisprudences","item":"https:\/\/kohenavocats.com\/ru\/jurisprudences\/"},{"@type":"ListItem","position":3,"name":"ECLI:NL:CRVB:2025:1619 Centrale Raad van Beroep , 07-11-2025 \/ 24\/1140 ZW-W"}]},{"@type":"WebSite","@id":"https:\/\/kohenavocats.com\/ru\/#website","url":"https:\/\/kohenavocats.com\/ru\/","name":"Kohen Avocats","description":"Ma\u00eetre Hassan Kohen, avocat p\u00e9naliste \u00e0 Paris, intervient exclusivement en droit p\u00e9nal pour la d\u00e9fense des particuliers, notamment en mati\u00e8re d\u2019accusations de viol. Il assure un accompagnement rigoureux d\u00e8s la garde \u00e0 vue jusqu\u2019\u00e0 la Cour d\u2019assises, veillant au strict respect des garanties proc\u00e9durales.","publisher":{"@id":"https:\/\/kohenavocats.com\/ru\/#organization"},"potentialAction":[{"@type":"SearchAction","target":{"@type":"EntryPoint","urlTemplate":"https:\/\/kohenavocats.com\/ru\/?s={search_term_string}"},"query-input":{"@type":"PropertyValueSpecification","valueRequired":true,"valueName":"search_term_string"}}],"inLanguage":"ru-RU"},{"@type":"Organization","@id":"https:\/\/kohenavocats.com\/ru\/#organization","name":"Kohen Avocats","url":"https:\/\/kohenavocats.com\/ru\/","logo":{"@type":"ImageObject","inLanguage":"ru-RU","@id":"https:\/\/kohenavocats.com\/ru\/#\/schema\/logo\/image\/","url":"https:\/\/kohenavocats.com\/wp-content\/uploads\/2026\/01\/Logo-2-1.webp","contentUrl":"https:\/\/kohenavocats.com\/wp-content\/uploads\/2026\/01\/Logo-2-1.webp","width":2114,"height":1253,"caption":"Kohen Avocats"},"image":{"@id":"https:\/\/kohenavocats.com\/ru\/#\/schema\/logo\/image\/"}}]}},"jetpack_likes_enabled":false,"jetpack_sharing_enabled":true,"_links":{"self":[{"href":"https:\/\/kohenavocats.com\/ru\/wp-json\/wp\/v2\/kji_decision\/677918","targetHints":{"allow":["GET"]}}],"collection":[{"href":"https:\/\/kohenavocats.com\/ru\/wp-json\/wp\/v2\/kji_decision"}],"about":[{"href":"https:\/\/kohenavocats.com\/ru\/wp-json\/wp\/v2\/types\/kji_decision"}],"wp:attachment":[{"href":"https:\/\/kohenavocats.com\/ru\/wp-json\/wp\/v2\/media?parent=677918"}],"wp:term":[{"taxonomy":"kji_country","embeddable":true,"href":"https:\/\/kohenavocats.com\/ru\/wp-json\/wp\/v2\/kji_country?post=677918"},{"taxonomy":"kji_court","embeddable":true,"href":"https:\/\/kohenavocats.com\/ru\/wp-json\/wp\/v2\/kji_court?post=677918"},{"taxonomy":"kji_chamber","embeddable":true,"href":"https:\/\/kohenavocats.com\/ru\/wp-json\/wp\/v2\/kji_chamber?post=677918"},{"taxonomy":"kji_year","embeddable":true,"href":"https:\/\/kohenavocats.com\/ru\/wp-json\/wp\/v2\/kji_year?post=677918"},{"taxonomy":"kji_subject","embeddable":true,"href":"https:\/\/kohenavocats.com\/ru\/wp-json\/wp\/v2\/kji_subject?post=677918"},{"taxonomy":"kji_keyword","embeddable":true,"href":"https:\/\/kohenavocats.com\/ru\/wp-json\/wp\/v2\/kji_keyword?post=677918"},{"taxonomy":"kji_language","embeddable":true,"href":"https:\/\/kohenavocats.com\/ru\/wp-json\/wp\/v2\/kji_language?post=677918"}],"curies":[{"name":"wp","href":"https:\/\/api.w.org\/{rel}","templated":true}]}}