{"id":677979,"date":"2026-04-25T04:56:57","date_gmt":"2026-04-25T02:56:57","guid":{"rendered":"https:\/\/kohenavocats.com\/jurisprudences\/acordao-supremo-tribunal-de-justica-processo-234-19-4jelsb-k-s1-2021-11-11\/"},"modified":"2026-04-25T04:56:57","modified_gmt":"2026-04-25T02:56:57","slug":"acordao-supremo-tribunal-de-justica-processo-234-19-4jelsb-k-s1-2021-11-11","status":"publish","type":"kji_decision","link":"https:\/\/kohenavocats.com\/ru\/jurisprudences\/acordao-supremo-tribunal-de-justica-processo-234-19-4jelsb-k-s1-2021-11-11\/","title":{"rendered":"Ac\u00f3rd\u00e3o Supremo Tribunal de Justi\u00e7a \u2013 Processo 234\/19.4JELSB-K.S1 \u2013 2021-11-11"},"content":{"rendered":"<div class=\"kji-decision\">\n<p class=\"kji-summary\">Relator: ADELAIDE MAGALH?ES SEQUEIRA. I ? O pedido de habeas corpus ? uma provid?ncia excepcional no qual se requer ao STJ o restabelecimento do direito constitucional ? liberdade pessoal, fazendo cessar situa??es de verdadeiro abuso de poder, de evidente e de indiscut?vel ilegalidade, por priva??o de liberdade, em consequ?ncia de uma pris?o ordenada ou executada por entidade incompetente, ou motivada por facto pelo qual a lei a n?o admite, ou que se mant?m para al?m do tempo fixado na lei ou em decis?o judicial. II. Qualquer ilegalidade de procedimento na pr?tica dos actos processuais que possa consubstanciar uma nulidade e\/ou uma irregularidade, a mesma n?o integra o elenco dos fundamentos de um habeas corpus. O meio pr?prio e ?nico de reagir contra v?cios dessa natureza ? a sua argui??o perante o tribunal que neles incorreu e a consequente interposi??o de recurso da eventual decis?o que desatenda a argui??o. III? A decis?o do tribunal da Rela??o que determinou que se procedesse no tribunal da I.? inst?ncia ao cumprimento do n.? 6, do art. 139.?, do CPC, aplic?vel, por for?a do art. 107.?, n.? 5, do CPP, concedendo-se a oportunidade aos arguidos de beneficiarem da prerrogativa excepcional de se pronunciarem para al?m do prazo previsto relativamente ao despacho judicial que decretou a especial complexidade do processo em sede de inqu?rito, n?o coloca em causa nem aprecia esta declara??o judicial de especial complexidade. IV. A especial complexidade do processo para efeitos de fixa??o do prazo da pris?o preventiva, uma vez judicialmente declarada mant?m-se actuante, produzindo o efeito de eleva??o do prazo de dura??o m?xima da pris?o preventiva, que no caso, seja pela natureza do tipo legal de crime pelo qual os arguidos est?o pronunciados [crime de tr?fico de produtos estupefacientes do art. 21.?, do DL n.? 15\/93, de 22-01 cuja pena m?xima aplicada em abstracto ? superior a 8 (oito) anos de pris?o] seja porque se insere na ?criminalidade altamente organizada?, (art. 1.?, al. m), do CPP), ? de 2 (dois) anos e 6 (seis), face ao disposto no art. 215.?, n.? 1, al. c), e do n.? 3, do CPP. V ? A pris?o preventiva mant?m-se, assim, actualmente, dentro dos prazos legalmente previstos, n?o se verificando a situa??o de excesso de prazo prevista na al. c), do n.? 2, do art. 222.? do CPP. VI ? A pris?o preventiva foi ordenada por um juiz e imposta mediante verifica??o judicial dos pressupostos de que depende a sua aplica??o e dos requisitos legalmente exigidos, mostrando-se tamb?m exclu?da qualquer das situa??es referidas nas als. a), e b), do n.? 2, do art. 222.? do CPP, pelo que se conclui que o pedido carece de fundamento, devendo ser indeferido.<\/p>\n<hr class=\"kji-sep\" \/>\n<p class=\"kji-source-links\"><strong>Sources officielles :<\/strong> <a class=\"kji-source-link\" href=\"https:\/\/www.dgsi.pt\/jstj.nsf\/954f0ce6ad9dd8b980256b5f003fa814\/0a1cab73b8e7808f8025878f004b2dcb?OpenDocument&#038;ExpandSection=1\" target=\"_blank\" rel=\"noopener noreferrer\">consulter la page source<\/a><\/p>\n<p class=\"kji-license-note\"><em>Portails officiels portugais (DGSI \/ Tribunal Constitucional). Republication en metadata_only par prudence licencielle ; consulter la source officielle pour le texte authentique.<\/em><\/p>\n<\/div>\n","protected":false},"excerpt":{"rendered":"<p>Relator: ADELAIDE MAGALH?ES SEQUEIRA. I ? O pedido de habeas corpus ? uma provid?ncia excepcional no qual se requer ao STJ o restabelecimento do direito constitucional ? liberdade pessoal, fazendo cessar situa??es de verdadeiro abuso de poder, de evidente e de indiscut?vel ilegalidade, por priva??o de liberdade, em consequ?ncia de uma pris?o ordenada ou executada por entidade incompetente, ou motivada por facto pelo qual a lei a n?o admite, ou que se mant?m para al?m do tempo fixado na lei ou em decis?o judicial. II. Qualquer ilegalidade de procedimento na pr?tica dos actos processuais que possa consubstanciar uma nulidade e\/ou uma irregularidade, a mesma n?o integra o elenco dos fundamentos de um habeas corpus. O meio pr?prio e ?nico de reagir contra v?cios dessa natureza ? a sua argui??o perante o tribunal que neles incorreu e a consequente interposi??o de recurso da eventual decis?o que desatenda a argui??o. III? A decis?o do tribunal da Rela??o que determinou que se procedesse no tribunal da I.? inst?ncia ao cumprimento do n.? 6, do art. 139.?, do CPC, aplic?vel, por for?a do art. 107.?, n.? 5, do CPP, concedendo-se a oportunidade aos arguidos de beneficiarem da prerrogativa excepcional de se pronunciarem para al?m do prazo previsto relativamente ao despacho judicial que decretou a especial complexidade do processo em sede de inqu?rito, n?o coloca em causa nem aprecia esta declara??o judicial de especial complexidade. IV. A especial complexidade do processo para efeitos de fixa??o do prazo da pris?o preventiva, uma vez judicialmente declarada mant?m-se actuante, produzindo o efeito de eleva??o do prazo de dura??o m?xima da pris?o preventiva, que no caso, seja pela natureza do tipo legal de crime pelo qual os arguidos est?o pronunciados [crime de tr?fico de produtos estupefacientes do art. 21.?, do DL n.? 15\/93, de 22-01 cuja pena m?xima aplicada em abstracto ? superior a 8 (oito) anos de pris?o] seja porque se insere na ?criminalidade altamente organizada?, (art. 1.?, al. m), do CPP), ? de 2 (dois) anos e 6 (seis), face ao disposto no art. 215.?, n.? 1, al. c), e do n.? 3, do CPP. V ? A pris?o preventiva mant?m-se, assim, actualmente, dentro dos prazos legalmente previstos, n?o se verificando a situa??o de excesso de prazo prevista na al. c), do n.? 2, do art. 222.? do CPP. VI ? A pris?o preventiva foi ordenada por um juiz e imposta mediante verifica??o judicial dos pressupostos de que depende a sua aplica??o e dos requisitos legalmente exigidos, mostrando-se tamb?m exclu?da qualquer das situa??es referidas nas als. a), e b), do n.? 2, do art. 222.? do CPP, pelo que se conclui que o pedido carece de fundamento, devendo ser indeferido.<\/p>\n","protected":false},"featured_media":0,"template":"","meta":{"_crdt_document":""},"kji_country":[7762],"kji_court":[7763],"kji_chamber":[7955],"kji_year":[36297],"kji_subject":[7660],"kji_keyword":[7772,37029,7774,7773,7636],"kji_language":[7770],"class_list":["post-677979","kji_decision","type-kji_decision","status-publish","hentry","kji_country-portugal","kji_court-supremo-tribunal-de-justica","kji_chamber-5-seco","kji_year-36297","kji_subject-constitutionnel","kji_keyword-acordao","kji_keyword-jelsb-k","kji_keyword-justica","kji_keyword-supremo","kji_keyword-tribunal","kji_language-pt"],"yoast_head":"<!-- This site is optimized with the Yoast SEO Premium plugin v27.5 (Yoast SEO v27.5) - https:\/\/yoast.com\/product\/yoast-seo-premium-wordpress\/ -->\n<title>Ac\u00f3rd\u00e3o Supremo Tribunal de Justi\u00e7a \u2013 Processo 234\/19.4JELSB-K.S1 \u2013 2021-11-11 - Ma\u00eetre Hassan Kohen, avocat en droit p\u00e9nal \u00e0 Paris<\/title>\n<meta name=\"robots\" content=\"index, follow, max-snippet:-1, max-image-preview:large, max-video-preview:-1\" \/>\n<link rel=\"canonical\" href=\"https:\/\/kohenavocats.com\/ru\/jurisprudences\/acordao-supremo-tribunal-de-justica-processo-234-19-4jelsb-k-s1-2021-11-11\/\" \/>\n<meta property=\"og:locale\" content=\"ru_RU\" \/>\n<meta property=\"og:type\" content=\"article\" \/>\n<meta property=\"og:title\" content=\"Ac\u00f3rd\u00e3o Supremo Tribunal de Justi\u00e7a \u2013 Processo 234\/19.4JELSB-K.S1 \u2013 2021-11-11\" \/>\n<meta property=\"og:description\" content=\"Relator: ADELAIDE MAGALH?ES SEQUEIRA. I ? O pedido de habeas corpus ? uma provid?ncia excepcional no qual se requer ao STJ o restabelecimento do direito constitucional ? liberdade pessoal, fazendo cessar situa??es de verdadeiro abuso de poder, de evidente e de indiscut?vel ilegalidade, por priva??o de liberdade, em consequ?ncia de uma pris?o ordenada ou executada por entidade incompetente, ou motivada por facto pelo qual a lei a n?o admite, ou que se mant?m para al?m do tempo fixado na lei ou em decis?o judicial. II. Qualquer ilegalidade de procedimento na pr?tica dos actos processuais que possa consubstanciar uma nulidade e\/ou uma irregularidade, a mesma n?o integra o elenco dos fundamentos de um habeas corpus. O meio pr?prio e ?nico de reagir contra v?cios dessa natureza ? a sua argui??o perante o tribunal que neles incorreu e a consequente interposi??o de recurso da eventual decis?o que desatenda a argui??o. III? A decis?o do tribunal da Rela??o que determinou que se procedesse no tribunal da I.? inst?ncia ao cumprimento do n.? 6, do art. 139.?, do CPC, aplic?vel, por for?a do art. 107.?, n.? 5, do CPP, concedendo-se a oportunidade aos arguidos de beneficiarem da prerrogativa excepcional de se pronunciarem para al?m do prazo previsto relativamente ao despacho judicial que decretou a especial complexidade do processo em sede de inqu?rito, n?o coloca em causa nem aprecia esta declara??o judicial de especial complexidade. IV. A especial complexidade do processo para efeitos de fixa??o do prazo da pris?o preventiva, uma vez judicialmente declarada mant?m-se actuante, produzindo o efeito de eleva??o do prazo de dura??o m?xima da pris?o preventiva, que no caso, seja pela natureza do tipo legal de crime pelo qual os arguidos est?o pronunciados [crime de tr?fico de produtos estupefacientes do art. 21.?, do DL n.? 15\/93, de 22-01 cuja pena m?xima aplicada em abstracto ? superior a 8 (oito) anos de pris?o] seja porque se insere na ?criminalidade altamente organizada?, (art. 1.?, al. m), do CPP), ? de 2 (dois) anos e 6 (seis), face ao disposto no art. 215.?, n.? 1, al. c), e do n.? 3, do CPP. V ? A pris?o preventiva mant?m-se, assim, actualmente, dentro dos prazos legalmente previstos, n?o se verificando a situa??o de excesso de prazo prevista na al. c), do n.? 2, do art. 222.? do CPP. VI ? A pris?o preventiva foi ordenada por um juiz e imposta mediante verifica??o judicial dos pressupostos de que depende a sua aplica??o e dos requisitos legalmente exigidos, mostrando-se tamb?m exclu?da qualquer das situa??es referidas nas als. a), e b), do n.? 2, do art. 222.? do CPP, pelo que se conclui que o pedido carece de fundamento, devendo ser indeferido.\" \/>\n<meta property=\"og:url\" content=\"https:\/\/kohenavocats.com\/ru\/jurisprudences\/acordao-supremo-tribunal-de-justica-processo-234-19-4jelsb-k-s1-2021-11-11\/\" \/>\n<meta property=\"og:site_name\" content=\"Ma\u00eetre Hassan Kohen, avocat en droit p\u00e9nal \u00e0 Paris\" \/>\n<meta name=\"twitter:card\" content=\"summary_large_image\" \/>\n<meta name=\"twitter:label1\" content=\"\u041f\u0440\u0438\u043c\u0435\u0440\u043d\u043e\u0435 \u0432\u0440\u0435\u043c\u044f \u0434\u043b\u044f \u0447\u0442\u0435\u043d\u0438\u044f\" \/>\n\t<meta name=\"twitter:data1\" content=\"2 \u043c\u0438\u043d\u0443\u0442\u044b\" \/>\n<script type=\"application\/ld+json\" class=\"yoast-schema-graph\">{\"@context\":\"https:\\\/\\\/schema.org\",\"@graph\":[{\"@type\":\"WebPage\",\"@id\":\"https:\\\/\\\/kohenavocats.com\\\/ru\\\/jurisprudences\\\/acordao-supremo-tribunal-de-justica-processo-234-19-4jelsb-k-s1-2021-11-11\\\/\",\"url\":\"https:\\\/\\\/kohenavocats.com\\\/ru\\\/jurisprudences\\\/acordao-supremo-tribunal-de-justica-processo-234-19-4jelsb-k-s1-2021-11-11\\\/\",\"name\":\"Ac\u00f3rd\u00e3o Supremo Tribunal de Justi\u00e7a \u2013 Processo 234\\\/19.4JELSB-K.S1 \u2013 2021-11-11 - Ma\u00eetre Hassan Kohen, avocat en droit p\u00e9nal \u00e0 Paris\",\"isPartOf\":{\"@id\":\"https:\\\/\\\/kohenavocats.com\\\/ru\\\/#website\"},\"datePublished\":\"2026-04-25T02:56:57+00:00\",\"breadcrumb\":{\"@id\":\"https:\\\/\\\/kohenavocats.com\\\/ru\\\/jurisprudences\\\/acordao-supremo-tribunal-de-justica-processo-234-19-4jelsb-k-s1-2021-11-11\\\/#breadcrumb\"},\"inLanguage\":\"ru-RU\",\"potentialAction\":[{\"@type\":\"ReadAction\",\"target\":[\"https:\\\/\\\/kohenavocats.com\\\/ru\\\/jurisprudences\\\/acordao-supremo-tribunal-de-justica-processo-234-19-4jelsb-k-s1-2021-11-11\\\/\"]}]},{\"@type\":\"BreadcrumbList\",\"@id\":\"https:\\\/\\\/kohenavocats.com\\\/ru\\\/jurisprudences\\\/acordao-supremo-tribunal-de-justica-processo-234-19-4jelsb-k-s1-2021-11-11\\\/#breadcrumb\",\"itemListElement\":[{\"@type\":\"ListItem\",\"position\":1,\"name\":\"Home\",\"item\":\"https:\\\/\\\/kohenavocats.com\\\/ru\\\/avocats-en-droit-penal-a-paris-conseil-et-defense-strategique\\\/\"},{\"@type\":\"ListItem\",\"position\":2,\"name\":\"Jurisprudences\",\"item\":\"https:\\\/\\\/kohenavocats.com\\\/ru\\\/jurisprudences\\\/\"},{\"@type\":\"ListItem\",\"position\":3,\"name\":\"Ac\u00f3rd\u00e3o Supremo Tribunal de Justi\u00e7a \u2013 Processo 234\\\/19.4JELSB-K.S1 \u2013 2021-11-11\"}]},{\"@type\":\"WebSite\",\"@id\":\"https:\\\/\\\/kohenavocats.com\\\/ru\\\/#website\",\"url\":\"https:\\\/\\\/kohenavocats.com\\\/ru\\\/\",\"name\":\"Kohen Avocats\",\"description\":\"Ma\u00eetre Hassan Kohen, avocat p\u00e9naliste \u00e0 Paris, intervient exclusivement en droit p\u00e9nal pour la d\u00e9fense des particuliers, notamment en mati\u00e8re d\u2019accusations de viol. Il assure un accompagnement rigoureux d\u00e8s la garde \u00e0 vue jusqu\u2019\u00e0 la Cour d\u2019assises, veillant au strict respect des garanties proc\u00e9durales.\",\"publisher\":{\"@id\":\"https:\\\/\\\/kohenavocats.com\\\/ru\\\/#organization\"},\"potentialAction\":[{\"@type\":\"SearchAction\",\"target\":{\"@type\":\"EntryPoint\",\"urlTemplate\":\"https:\\\/\\\/kohenavocats.com\\\/ru\\\/?s={search_term_string}\"},\"query-input\":{\"@type\":\"PropertyValueSpecification\",\"valueRequired\":true,\"valueName\":\"search_term_string\"}}],\"inLanguage\":\"ru-RU\"},{\"@type\":\"Organization\",\"@id\":\"https:\\\/\\\/kohenavocats.com\\\/ru\\\/#organization\",\"name\":\"Kohen Avocats\",\"url\":\"https:\\\/\\\/kohenavocats.com\\\/ru\\\/\",\"logo\":{\"@type\":\"ImageObject\",\"inLanguage\":\"ru-RU\",\"@id\":\"https:\\\/\\\/kohenavocats.com\\\/ru\\\/#\\\/schema\\\/logo\\\/image\\\/\",\"url\":\"https:\\\/\\\/kohenavocats.com\\\/wp-content\\\/uploads\\\/2026\\\/01\\\/Logo-2-1.webp\",\"contentUrl\":\"https:\\\/\\\/kohenavocats.com\\\/wp-content\\\/uploads\\\/2026\\\/01\\\/Logo-2-1.webp\",\"width\":2114,\"height\":1253,\"caption\":\"Kohen Avocats\"},\"image\":{\"@id\":\"https:\\\/\\\/kohenavocats.com\\\/ru\\\/#\\\/schema\\\/logo\\\/image\\\/\"}}]}<\/script>\n<!-- \/ Yoast SEO Premium plugin. -->","yoast_head_json":{"title":"Ac\u00f3rd\u00e3o Supremo Tribunal de Justi\u00e7a \u2013 Processo 234\/19.4JELSB-K.S1 \u2013 2021-11-11 - Ma\u00eetre Hassan Kohen, avocat en droit p\u00e9nal \u00e0 Paris","robots":{"index":"index","follow":"follow","max-snippet":"max-snippet:-1","max-image-preview":"max-image-preview:large","max-video-preview":"max-video-preview:-1"},"canonical":"https:\/\/kohenavocats.com\/ru\/jurisprudences\/acordao-supremo-tribunal-de-justica-processo-234-19-4jelsb-k-s1-2021-11-11\/","og_locale":"ru_RU","og_type":"article","og_title":"Ac\u00f3rd\u00e3o Supremo Tribunal de Justi\u00e7a \u2013 Processo 234\/19.4JELSB-K.S1 \u2013 2021-11-11","og_description":"Relator: ADELAIDE MAGALH?ES SEQUEIRA. I ? O pedido de habeas corpus ? uma provid?ncia excepcional no qual se requer ao STJ o restabelecimento do direito constitucional ? liberdade pessoal, fazendo cessar situa??es de verdadeiro abuso de poder, de evidente e de indiscut?vel ilegalidade, por priva??o de liberdade, em consequ?ncia de uma pris?o ordenada ou executada por entidade incompetente, ou motivada por facto pelo qual a lei a n?o admite, ou que se mant?m para al?m do tempo fixado na lei ou em decis?o judicial. II. Qualquer ilegalidade de procedimento na pr?tica dos actos processuais que possa consubstanciar uma nulidade e\/ou uma irregularidade, a mesma n?o integra o elenco dos fundamentos de um habeas corpus. O meio pr?prio e ?nico de reagir contra v?cios dessa natureza ? a sua argui??o perante o tribunal que neles incorreu e a consequente interposi??o de recurso da eventual decis?o que desatenda a argui??o. III? A decis?o do tribunal da Rela??o que determinou que se procedesse no tribunal da I.? inst?ncia ao cumprimento do n.? 6, do art. 139.?, do CPC, aplic?vel, por for?a do art. 107.?, n.? 5, do CPP, concedendo-se a oportunidade aos arguidos de beneficiarem da prerrogativa excepcional de se pronunciarem para al?m do prazo previsto relativamente ao despacho judicial que decretou a especial complexidade do processo em sede de inqu?rito, n?o coloca em causa nem aprecia esta declara??o judicial de especial complexidade. IV. A especial complexidade do processo para efeitos de fixa??o do prazo da pris?o preventiva, uma vez judicialmente declarada mant?m-se actuante, produzindo o efeito de eleva??o do prazo de dura??o m?xima da pris?o preventiva, que no caso, seja pela natureza do tipo legal de crime pelo qual os arguidos est?o pronunciados [crime de tr?fico de produtos estupefacientes do art. 21.?, do DL n.? 15\/93, de 22-01 cuja pena m?xima aplicada em abstracto ? superior a 8 (oito) anos de pris?o] seja porque se insere na ?criminalidade altamente organizada?, (art. 1.?, al. m), do CPP), ? de 2 (dois) anos e 6 (seis), face ao disposto no art. 215.?, n.? 1, al. c), e do n.? 3, do CPP. V ? A pris?o preventiva mant?m-se, assim, actualmente, dentro dos prazos legalmente previstos, n?o se verificando a situa??o de excesso de prazo prevista na al. c), do n.? 2, do art. 222.? do CPP. VI ? A pris?o preventiva foi ordenada por um juiz e imposta mediante verifica??o judicial dos pressupostos de que depende a sua aplica??o e dos requisitos legalmente exigidos, mostrando-se tamb?m exclu?da qualquer das situa??es referidas nas als. a), e b), do n.? 2, do art. 222.? do CPP, pelo que se conclui que o pedido carece de fundamento, devendo ser indeferido.","og_url":"https:\/\/kohenavocats.com\/ru\/jurisprudences\/acordao-supremo-tribunal-de-justica-processo-234-19-4jelsb-k-s1-2021-11-11\/","og_site_name":"Ma\u00eetre Hassan Kohen, avocat en droit p\u00e9nal \u00e0 Paris","twitter_card":"summary_large_image","twitter_misc":{"\u041f\u0440\u0438\u043c\u0435\u0440\u043d\u043e\u0435 \u0432\u0440\u0435\u043c\u044f \u0434\u043b\u044f \u0447\u0442\u0435\u043d\u0438\u044f":"2 \u043c\u0438\u043d\u0443\u0442\u044b"},"schema":{"@context":"https:\/\/schema.org","@graph":[{"@type":"WebPage","@id":"https:\/\/kohenavocats.com\/ru\/jurisprudences\/acordao-supremo-tribunal-de-justica-processo-234-19-4jelsb-k-s1-2021-11-11\/","url":"https:\/\/kohenavocats.com\/ru\/jurisprudences\/acordao-supremo-tribunal-de-justica-processo-234-19-4jelsb-k-s1-2021-11-11\/","name":"Ac\u00f3rd\u00e3o Supremo Tribunal de Justi\u00e7a \u2013 Processo 234\/19.4JELSB-K.S1 \u2013 2021-11-11 - Ma\u00eetre Hassan Kohen, avocat en droit p\u00e9nal \u00e0 Paris","isPartOf":{"@id":"https:\/\/kohenavocats.com\/ru\/#website"},"datePublished":"2026-04-25T02:56:57+00:00","breadcrumb":{"@id":"https:\/\/kohenavocats.com\/ru\/jurisprudences\/acordao-supremo-tribunal-de-justica-processo-234-19-4jelsb-k-s1-2021-11-11\/#breadcrumb"},"inLanguage":"ru-RU","potentialAction":[{"@type":"ReadAction","target":["https:\/\/kohenavocats.com\/ru\/jurisprudences\/acordao-supremo-tribunal-de-justica-processo-234-19-4jelsb-k-s1-2021-11-11\/"]}]},{"@type":"BreadcrumbList","@id":"https:\/\/kohenavocats.com\/ru\/jurisprudences\/acordao-supremo-tribunal-de-justica-processo-234-19-4jelsb-k-s1-2021-11-11\/#breadcrumb","itemListElement":[{"@type":"ListItem","position":1,"name":"Home","item":"https:\/\/kohenavocats.com\/ru\/avocats-en-droit-penal-a-paris-conseil-et-defense-strategique\/"},{"@type":"ListItem","position":2,"name":"Jurisprudences","item":"https:\/\/kohenavocats.com\/ru\/jurisprudences\/"},{"@type":"ListItem","position":3,"name":"Ac\u00f3rd\u00e3o Supremo Tribunal de Justi\u00e7a \u2013 Processo 234\/19.4JELSB-K.S1 \u2013 2021-11-11"}]},{"@type":"WebSite","@id":"https:\/\/kohenavocats.com\/ru\/#website","url":"https:\/\/kohenavocats.com\/ru\/","name":"Kohen Avocats","description":"Ma\u00eetre Hassan Kohen, avocat p\u00e9naliste \u00e0 Paris, intervient exclusivement en droit p\u00e9nal pour la d\u00e9fense des particuliers, notamment en mati\u00e8re d\u2019accusations de viol. Il assure un accompagnement rigoureux d\u00e8s la garde \u00e0 vue jusqu\u2019\u00e0 la Cour d\u2019assises, veillant au strict respect des garanties proc\u00e9durales.","publisher":{"@id":"https:\/\/kohenavocats.com\/ru\/#organization"},"potentialAction":[{"@type":"SearchAction","target":{"@type":"EntryPoint","urlTemplate":"https:\/\/kohenavocats.com\/ru\/?s={search_term_string}"},"query-input":{"@type":"PropertyValueSpecification","valueRequired":true,"valueName":"search_term_string"}}],"inLanguage":"ru-RU"},{"@type":"Organization","@id":"https:\/\/kohenavocats.com\/ru\/#organization","name":"Kohen Avocats","url":"https:\/\/kohenavocats.com\/ru\/","logo":{"@type":"ImageObject","inLanguage":"ru-RU","@id":"https:\/\/kohenavocats.com\/ru\/#\/schema\/logo\/image\/","url":"https:\/\/kohenavocats.com\/wp-content\/uploads\/2026\/01\/Logo-2-1.webp","contentUrl":"https:\/\/kohenavocats.com\/wp-content\/uploads\/2026\/01\/Logo-2-1.webp","width":2114,"height":1253,"caption":"Kohen Avocats"},"image":{"@id":"https:\/\/kohenavocats.com\/ru\/#\/schema\/logo\/image\/"}}]}},"jetpack_likes_enabled":false,"jetpack_sharing_enabled":true,"_links":{"self":[{"href":"https:\/\/kohenavocats.com\/ru\/wp-json\/wp\/v2\/kji_decision\/677979","targetHints":{"allow":["GET"]}}],"collection":[{"href":"https:\/\/kohenavocats.com\/ru\/wp-json\/wp\/v2\/kji_decision"}],"about":[{"href":"https:\/\/kohenavocats.com\/ru\/wp-json\/wp\/v2\/types\/kji_decision"}],"wp:attachment":[{"href":"https:\/\/kohenavocats.com\/ru\/wp-json\/wp\/v2\/media?parent=677979"}],"wp:term":[{"taxonomy":"kji_country","embeddable":true,"href":"https:\/\/kohenavocats.com\/ru\/wp-json\/wp\/v2\/kji_country?post=677979"},{"taxonomy":"kji_court","embeddable":true,"href":"https:\/\/kohenavocats.com\/ru\/wp-json\/wp\/v2\/kji_court?post=677979"},{"taxonomy":"kji_chamber","embeddable":true,"href":"https:\/\/kohenavocats.com\/ru\/wp-json\/wp\/v2\/kji_chamber?post=677979"},{"taxonomy":"kji_year","embeddable":true,"href":"https:\/\/kohenavocats.com\/ru\/wp-json\/wp\/v2\/kji_year?post=677979"},{"taxonomy":"kji_subject","embeddable":true,"href":"https:\/\/kohenavocats.com\/ru\/wp-json\/wp\/v2\/kji_subject?post=677979"},{"taxonomy":"kji_keyword","embeddable":true,"href":"https:\/\/kohenavocats.com\/ru\/wp-json\/wp\/v2\/kji_keyword?post=677979"},{"taxonomy":"kji_language","embeddable":true,"href":"https:\/\/kohenavocats.com\/ru\/wp-json\/wp\/v2\/kji_language?post=677979"}],"curies":[{"name":"wp","href":"https:\/\/api.w.org\/{rel}","templated":true}]}}