{"id":679747,"date":"2026-04-25T10:28:58","date_gmt":"2026-04-25T08:28:58","guid":{"rendered":"https:\/\/kohenavocats.com\/jurisprudences\/eclinlrvs20252596-raad-van-state-10-06-2025-202406631-1-v3\/"},"modified":"2026-04-25T10:28:58","modified_gmt":"2026-04-25T08:28:58","slug":"eclinlrvs20252596-raad-van-state-10-06-2025-202406631-1-v3","status":"publish","type":"kji_decision","link":"https:\/\/kohenavocats.com\/ru\/jurisprudences\/eclinlrvs20252596-raad-van-state-10-06-2025-202406631-1-v3\/","title":{"rendered":"ECLI:NL:RVS:2025:2596 Raad van State , 10-06-2025 \/ 202406631\/1\/V3"},"content":{"rendered":"<div class=\"kji-decision\">\n<div class=\"kji-full-text\">\n<p><strong>Inhoudsindicatie.<\/strong> Bij besluit van 15 augustus 2024 heeft de minister een aanvraag van betrokkene om hem een verblijfsvergunning asiel voor bepaalde tijd te verlenen, niet in behandeling genomen. Bij mondelinge uitspraak van 22 oktober 2024 heeft de rechtbank het daartegen door betrokkene ingestelde beroep gegrond verklaard, dat besluit vernietigd en bepaald dat de minister een nieuw besluit op de aanvraag neemt met inachtneming van de uitspraak. Tegen deze uitspraak heeft de minister hoger beroep ingesteld.<\/p>\n<p>202406631\/1\/V3.<\/p>\n<p>Datum uitspraak: 10 juni 2025<\/p>\n<p>AFDELING<\/p>\n<p>BESTUURSRECHTSPRAAK<\/p>\n<p>Uitspraak met toepassing van artikel 8:54, eerste lid, van de Algemene wet bestuursrecht op het hoger beroep van:<\/p>\n<p>de minister van Asiel en Migratie,<\/p>\n<p>appellant,<\/p>\n<p>tegen de mondelinge uitspraak van de rechtbank Den Haag, zittingsplaats Roermond, van 22 oktober 2024 in zaak nr. NL24.32344 in het geding tussen:<\/p>\n<p>[betrokkene]<\/p>\n<p>en<\/p>\n<p>de minister.<\/p>\n<p>Procesverloop<\/p>\n<p>Bij besluit van 15 augustus 2024 heeft de minister een aanvraag van betrokkene om hem een verblijfsvergunning asiel voor bepaalde tijd te verlenen, niet in behandeling genomen.<\/p>\n<p>Bij mondelinge uitspraak van 22 oktober 2024 heeft de rechtbank het daartegen door betrokkene ingestelde beroep gegrond verklaard, dat besluit vernietigd en bepaald dat de minister een nieuw besluit op de aanvraag neemt met inachtneming van de uitspraak.<\/p>\n<p>Tegen deze uitspraak heeft de minister hoger beroep ingesteld.<\/p>\n<p>Betrokkene, vertegenwoordigd door mr. J.P. van Mulken, advocaat in Nuth, heeft een schriftelijke uiteenzetting gegeven.<\/p>\n<p>Overwegingen<\/p>\n<p>Het belang van de minister bij het hoger beroep<\/p>\n<p>1. Gelet op het arrest van het Hof van Justitie van 30 maart 2023, E.E., S.N. en J.Y., ECLI:EU:C:2023:272, en de uitspraken van de Afdeling van 22 november 2023, ECLI:NL:RVS:2023:4198 en ECLI:NL:RVS:2023:4199, is de overdrachtstermijn in deze zaak niet opgeschort en is deze verstreken op 30 oktober 2024. Dat heeft tot gevolg dat de minister betrokkene niet meer kan overdragen aan Bulgarije en hem moet opnemen in de nationale asielprocedure.<\/p>\n<p>2. Ondanks het verstrijken van de overdrachtstermijn, waardoor Nederland verantwoordelijk is geworden voor de asielprocedure, heeft de minister in dit geval belang bij een beoordeling van de rechtsvragen over het gebruik van standaard tekstblokken in het voornemen in Dublinzaken en over hoe zij moet motiveren waarom zij artikel 17 van de Dublinverordening niet toepast, wegens de precedentwerking die van de uitspraak van de rechtbank kan uitgaan (vergelijk de uitspraak van 6 mei 2015, ECLI:NL:RVS:2015:1412, onder 5.2).<\/p>\n<p>Beoordeling van het hoger beroep<\/p>\n<p>3. De in de eerste grief opgeworpen rechtsvraag over het gebruik van standaardtekstblokken in het voornemen in Dublinzaken, heeft de Afdeling bij uitspraak van 11 april 2025, ECLI:NL:RVS:2025:1642, onder 4.3 tot en met 4.8, beantwoord. Uit de overwegingen van die uitspraak, die hier van overeenkomstige toepassing zijn, vloeit voort dat de grief slaagt.<\/p>\n<p>4. De minister klaagt in haar tweede grief over het oordeel van de rechtbank dat zij ondeugdelijk heeft gemotiveerd waarom zij geen aanleiding ziet om de asielaanvraag van betrokkene in behandeling te nemen op grond van artikel 17, eerste lid, van de Dublinverordening. De minister wijst er daarbij terecht op dat zij de door betrokkene gestelde slechte behandeling, namelijk detentie en geweld, door de Bulgaarse autoriteiten heeft betrokken bij de beoordeling of zij voor Bulgarije van het interstatelijk vertrouwensbeginsel mag uitgaan. De Afdeling heeft in haar uitspraak van 25 februari 2025, ECLI:NL:RVS:2025:717, onder 7.3, overwogen dat de minister hiermee in beginsel deugdelijk heeft gemotiveerd waarom zij haar discretionaire bevoegdheid niet gebruikt. Hierdoor is voor betrokkene kenbaar waarom de minister zijn aanvraag niet onverplicht in behandeling neemt en is het voor de bestuursrechter mogelijk om deze motivering te toetsen. De rechtbank heeft dit niet onderkend.<\/p>\n<p>4.1. De grief slaagt.<\/p>\n<p>5. Het hoger beroep is gegrond. De Afdeling vernietigt de uitspraak van de rechtbank. Het is niet nodig wat de minister in haar derde grief heeft aangevoerd te bespreken. Omdat er geen beroepsgronden zijn die de rechtbank niet heeft besproken, is het beroep alsnog ongegrond. De minister hoeft geen proceskosten te vergoeden.<\/p>\n<p>Beslissing<\/p>\n<p>De Afdeling bestuursrechtspraak van de Raad van State:<\/p>\n<p>I. verklaart het hoger beroep gegrond;<\/p>\n<p>II. vernietigt de mondelinge uitspraak van de rechtbank Den Haag, zittingsplaats Roermond, van 22 oktober 2024 in zaak nr. NL24.32344;<\/p>\n<p>III. verklaart het beroep ongegrond.<\/p>\n<p>Aldus vastgesteld door mr. H.G. Sevenster, lid van de enkelvoudige kamer, in tegenwoordigheid van mr. J. van de Kolk, griffier.<\/p>\n<p>w.g. Sevenster<\/p>\n<p>lid van de enkelvoudige kamer<\/p>\n<p>w.g. Van de Kolk<\/p>\n<p>griffier<\/p>\n<p>Uitgesproken in het openbaar op 10 juni 2025<\/p>\n<p>1017<\/p>\n<\/div>\n<hr class=\"kji-sep\" \/>\n<p class=\"kji-source-links\"><strong>Sources officielles :<\/strong> <a class=\"kji-source-link\" href=\"http:\/\/deeplink.rechtspraak.nl\/uitspraak?id=ECLI:NL:RVS:2025:2596\" target=\"_blank\" rel=\"noopener noreferrer\">consulter la page source<\/a><\/p>\n<p class=\"kji-license-note\"><em>Rechtspraak.nl open data, Creative Commons Zero. Volume cible 1.8M decisions.<\/em><\/p>\n<\/div>\n","protected":false},"excerpt":{"rendered":"<p>Bij besluit van 15 augustus 2024 heeft de minister een aanvraag van betrokkene om hem een verblijfsvergunning asiel voor bepaalde tijd te verlenen, niet in behandeling genomen. Bij mondelinge uitspraak van 22 oktober 2024 heeft de rechtbank het daartegen door betrokkene ingestelde beroep gegrond verklaard, dat besluit vernietigd en bepaald dat de minister een nieuw besluit op de aanvraag neemt &#8230;<\/p>\n","protected":false},"featured_media":0,"template":"","meta":{"_crdt_document":""},"kji_country":[7669],"kji_court":[8622],"kji_chamber":[],"kji_year":[8463],"kji_subject":[7625],"kji_keyword":[7869,7680,7673,8102,8107],"kji_language":[7671],"class_list":["post-679747","kji_decision","type-kji_decision","status-publish","hentry","kji_country-pays-bas","kji_court-raad-van-state","kji_year-8463","kji_subject-commercial","kji_keyword-aanvraag","kji_keyword-besluit","kji_keyword-heeft","kji_keyword-minister","kji_keyword-uitspraak","kji_language-nl"],"yoast_head":"<!-- This site is optimized with the Yoast SEO Premium plugin v27.5 (Yoast SEO v27.5) - https:\/\/yoast.com\/product\/yoast-seo-premium-wordpress\/ -->\n<title>ECLI:NL:RVS:2025:2596 Raad van State , 10-06-2025 \/ 202406631\/1\/V3 - Ma\u00eetre Hassan Kohen, avocat en droit p\u00e9nal \u00e0 Paris<\/title>\n<meta name=\"robots\" content=\"index, follow, max-snippet:-1, max-image-preview:large, max-video-preview:-1\" \/>\n<link rel=\"canonical\" href=\"https:\/\/kohenavocats.com\/ru\/jurisprudences\/eclinlrvs20252596-raad-van-state-10-06-2025-202406631-1-v3\/\" \/>\n<meta property=\"og:locale\" content=\"ru_RU\" \/>\n<meta property=\"og:type\" content=\"article\" \/>\n<meta property=\"og:title\" content=\"ECLI:NL:RVS:2025:2596 Raad van State , 10-06-2025 \/ 202406631\/1\/V3\" \/>\n<meta property=\"og:description\" content=\"Bij besluit van 15 augustus 2024 heeft de minister een aanvraag van betrokkene om hem een verblijfsvergunning asiel voor bepaalde tijd te verlenen, niet in behandeling genomen. Bij mondelinge uitspraak van 22 oktober 2024 heeft de rechtbank het daartegen door betrokkene ingestelde beroep gegrond verklaard, dat besluit vernietigd en bepaald dat de minister een nieuw besluit op de aanvraag neemt ...\" \/>\n<meta property=\"og:url\" content=\"https:\/\/kohenavocats.com\/ru\/jurisprudences\/eclinlrvs20252596-raad-van-state-10-06-2025-202406631-1-v3\/\" \/>\n<meta property=\"og:site_name\" content=\"Ma\u00eetre Hassan Kohen, avocat en droit p\u00e9nal \u00e0 Paris\" \/>\n<meta name=\"twitter:card\" content=\"summary_large_image\" \/>\n<meta name=\"twitter:label1\" content=\"\u041f\u0440\u0438\u043c\u0435\u0440\u043d\u043e\u0435 \u0432\u0440\u0435\u043c\u044f \u0434\u043b\u044f \u0447\u0442\u0435\u043d\u0438\u044f\" \/>\n\t<meta name=\"twitter:data1\" content=\"4 \u043c\u0438\u043d\u0443\u0442\u044b\" \/>\n<script type=\"application\/ld+json\" class=\"yoast-schema-graph\">{\"@context\":\"https:\\\/\\\/schema.org\",\"@graph\":[{\"@type\":\"WebPage\",\"@id\":\"https:\\\/\\\/kohenavocats.com\\\/ru\\\/jurisprudences\\\/eclinlrvs20252596-raad-van-state-10-06-2025-202406631-1-v3\\\/\",\"url\":\"https:\\\/\\\/kohenavocats.com\\\/ru\\\/jurisprudences\\\/eclinlrvs20252596-raad-van-state-10-06-2025-202406631-1-v3\\\/\",\"name\":\"ECLI:NL:RVS:2025:2596 Raad van State , 10-06-2025 \\\/ 202406631\\\/1\\\/V3 - Ma\u00eetre Hassan Kohen, avocat en droit p\u00e9nal \u00e0 Paris\",\"isPartOf\":{\"@id\":\"https:\\\/\\\/kohenavocats.com\\\/ru\\\/#website\"},\"datePublished\":\"2026-04-25T08:28:58+00:00\",\"breadcrumb\":{\"@id\":\"https:\\\/\\\/kohenavocats.com\\\/ru\\\/jurisprudences\\\/eclinlrvs20252596-raad-van-state-10-06-2025-202406631-1-v3\\\/#breadcrumb\"},\"inLanguage\":\"ru-RU\",\"potentialAction\":[{\"@type\":\"ReadAction\",\"target\":[\"https:\\\/\\\/kohenavocats.com\\\/ru\\\/jurisprudences\\\/eclinlrvs20252596-raad-van-state-10-06-2025-202406631-1-v3\\\/\"]}]},{\"@type\":\"BreadcrumbList\",\"@id\":\"https:\\\/\\\/kohenavocats.com\\\/ru\\\/jurisprudences\\\/eclinlrvs20252596-raad-van-state-10-06-2025-202406631-1-v3\\\/#breadcrumb\",\"itemListElement\":[{\"@type\":\"ListItem\",\"position\":1,\"name\":\"Home\",\"item\":\"https:\\\/\\\/kohenavocats.com\\\/ru\\\/avocats-en-droit-penal-a-paris-conseil-et-defense-strategique\\\/\"},{\"@type\":\"ListItem\",\"position\":2,\"name\":\"Jurisprudences\",\"item\":\"https:\\\/\\\/kohenavocats.com\\\/ru\\\/jurisprudences\\\/\"},{\"@type\":\"ListItem\",\"position\":3,\"name\":\"ECLI:NL:RVS:2025:2596 Raad van State , 10-06-2025 \\\/ 202406631\\\/1\\\/V3\"}]},{\"@type\":\"WebSite\",\"@id\":\"https:\\\/\\\/kohenavocats.com\\\/ru\\\/#website\",\"url\":\"https:\\\/\\\/kohenavocats.com\\\/ru\\\/\",\"name\":\"Kohen Avocats\",\"description\":\"Ma\u00eetre Hassan Kohen, avocat p\u00e9naliste \u00e0 Paris, intervient exclusivement en droit p\u00e9nal pour la d\u00e9fense des particuliers, notamment en mati\u00e8re d\u2019accusations de viol. Il assure un accompagnement rigoureux d\u00e8s la garde \u00e0 vue jusqu\u2019\u00e0 la Cour d\u2019assises, veillant au strict respect des garanties proc\u00e9durales.\",\"publisher\":{\"@id\":\"https:\\\/\\\/kohenavocats.com\\\/ru\\\/#organization\"},\"potentialAction\":[{\"@type\":\"SearchAction\",\"target\":{\"@type\":\"EntryPoint\",\"urlTemplate\":\"https:\\\/\\\/kohenavocats.com\\\/ru\\\/?s={search_term_string}\"},\"query-input\":{\"@type\":\"PropertyValueSpecification\",\"valueRequired\":true,\"valueName\":\"search_term_string\"}}],\"inLanguage\":\"ru-RU\"},{\"@type\":\"Organization\",\"@id\":\"https:\\\/\\\/kohenavocats.com\\\/ru\\\/#organization\",\"name\":\"Kohen Avocats\",\"url\":\"https:\\\/\\\/kohenavocats.com\\\/ru\\\/\",\"logo\":{\"@type\":\"ImageObject\",\"inLanguage\":\"ru-RU\",\"@id\":\"https:\\\/\\\/kohenavocats.com\\\/ru\\\/#\\\/schema\\\/logo\\\/image\\\/\",\"url\":\"https:\\\/\\\/kohenavocats.com\\\/wp-content\\\/uploads\\\/2026\\\/01\\\/Logo-2-1.webp\",\"contentUrl\":\"https:\\\/\\\/kohenavocats.com\\\/wp-content\\\/uploads\\\/2026\\\/01\\\/Logo-2-1.webp\",\"width\":2114,\"height\":1253,\"caption\":\"Kohen Avocats\"},\"image\":{\"@id\":\"https:\\\/\\\/kohenavocats.com\\\/ru\\\/#\\\/schema\\\/logo\\\/image\\\/\"}}]}<\/script>\n<!-- \/ Yoast SEO Premium plugin. -->","yoast_head_json":{"title":"ECLI:NL:RVS:2025:2596 Raad van State , 10-06-2025 \/ 202406631\/1\/V3 - Ma\u00eetre Hassan Kohen, avocat en droit p\u00e9nal \u00e0 Paris","robots":{"index":"index","follow":"follow","max-snippet":"max-snippet:-1","max-image-preview":"max-image-preview:large","max-video-preview":"max-video-preview:-1"},"canonical":"https:\/\/kohenavocats.com\/ru\/jurisprudences\/eclinlrvs20252596-raad-van-state-10-06-2025-202406631-1-v3\/","og_locale":"ru_RU","og_type":"article","og_title":"ECLI:NL:RVS:2025:2596 Raad van State , 10-06-2025 \/ 202406631\/1\/V3","og_description":"Bij besluit van 15 augustus 2024 heeft de minister een aanvraag van betrokkene om hem een verblijfsvergunning asiel voor bepaalde tijd te verlenen, niet in behandeling genomen. Bij mondelinge uitspraak van 22 oktober 2024 heeft de rechtbank het daartegen door betrokkene ingestelde beroep gegrond verklaard, dat besluit vernietigd en bepaald dat de minister een nieuw besluit op de aanvraag neemt ...","og_url":"https:\/\/kohenavocats.com\/ru\/jurisprudences\/eclinlrvs20252596-raad-van-state-10-06-2025-202406631-1-v3\/","og_site_name":"Ma\u00eetre Hassan Kohen, avocat en droit p\u00e9nal \u00e0 Paris","twitter_card":"summary_large_image","twitter_misc":{"\u041f\u0440\u0438\u043c\u0435\u0440\u043d\u043e\u0435 \u0432\u0440\u0435\u043c\u044f \u0434\u043b\u044f \u0447\u0442\u0435\u043d\u0438\u044f":"4 \u043c\u0438\u043d\u0443\u0442\u044b"},"schema":{"@context":"https:\/\/schema.org","@graph":[{"@type":"WebPage","@id":"https:\/\/kohenavocats.com\/ru\/jurisprudences\/eclinlrvs20252596-raad-van-state-10-06-2025-202406631-1-v3\/","url":"https:\/\/kohenavocats.com\/ru\/jurisprudences\/eclinlrvs20252596-raad-van-state-10-06-2025-202406631-1-v3\/","name":"ECLI:NL:RVS:2025:2596 Raad van State , 10-06-2025 \/ 202406631\/1\/V3 - Ma\u00eetre Hassan Kohen, avocat en droit p\u00e9nal \u00e0 Paris","isPartOf":{"@id":"https:\/\/kohenavocats.com\/ru\/#website"},"datePublished":"2026-04-25T08:28:58+00:00","breadcrumb":{"@id":"https:\/\/kohenavocats.com\/ru\/jurisprudences\/eclinlrvs20252596-raad-van-state-10-06-2025-202406631-1-v3\/#breadcrumb"},"inLanguage":"ru-RU","potentialAction":[{"@type":"ReadAction","target":["https:\/\/kohenavocats.com\/ru\/jurisprudences\/eclinlrvs20252596-raad-van-state-10-06-2025-202406631-1-v3\/"]}]},{"@type":"BreadcrumbList","@id":"https:\/\/kohenavocats.com\/ru\/jurisprudences\/eclinlrvs20252596-raad-van-state-10-06-2025-202406631-1-v3\/#breadcrumb","itemListElement":[{"@type":"ListItem","position":1,"name":"Home","item":"https:\/\/kohenavocats.com\/ru\/avocats-en-droit-penal-a-paris-conseil-et-defense-strategique\/"},{"@type":"ListItem","position":2,"name":"Jurisprudences","item":"https:\/\/kohenavocats.com\/ru\/jurisprudences\/"},{"@type":"ListItem","position":3,"name":"ECLI:NL:RVS:2025:2596 Raad van State , 10-06-2025 \/ 202406631\/1\/V3"}]},{"@type":"WebSite","@id":"https:\/\/kohenavocats.com\/ru\/#website","url":"https:\/\/kohenavocats.com\/ru\/","name":"Kohen Avocats","description":"Ma\u00eetre Hassan Kohen, avocat p\u00e9naliste \u00e0 Paris, intervient exclusivement en droit p\u00e9nal pour la d\u00e9fense des particuliers, notamment en mati\u00e8re d\u2019accusations de viol. Il assure un accompagnement rigoureux d\u00e8s la garde \u00e0 vue jusqu\u2019\u00e0 la Cour d\u2019assises, veillant au strict respect des garanties proc\u00e9durales.","publisher":{"@id":"https:\/\/kohenavocats.com\/ru\/#organization"},"potentialAction":[{"@type":"SearchAction","target":{"@type":"EntryPoint","urlTemplate":"https:\/\/kohenavocats.com\/ru\/?s={search_term_string}"},"query-input":{"@type":"PropertyValueSpecification","valueRequired":true,"valueName":"search_term_string"}}],"inLanguage":"ru-RU"},{"@type":"Organization","@id":"https:\/\/kohenavocats.com\/ru\/#organization","name":"Kohen Avocats","url":"https:\/\/kohenavocats.com\/ru\/","logo":{"@type":"ImageObject","inLanguage":"ru-RU","@id":"https:\/\/kohenavocats.com\/ru\/#\/schema\/logo\/image\/","url":"https:\/\/kohenavocats.com\/wp-content\/uploads\/2026\/01\/Logo-2-1.webp","contentUrl":"https:\/\/kohenavocats.com\/wp-content\/uploads\/2026\/01\/Logo-2-1.webp","width":2114,"height":1253,"caption":"Kohen Avocats"},"image":{"@id":"https:\/\/kohenavocats.com\/ru\/#\/schema\/logo\/image\/"}}]}},"jetpack_likes_enabled":false,"jetpack_sharing_enabled":true,"_links":{"self":[{"href":"https:\/\/kohenavocats.com\/ru\/wp-json\/wp\/v2\/kji_decision\/679747","targetHints":{"allow":["GET"]}}],"collection":[{"href":"https:\/\/kohenavocats.com\/ru\/wp-json\/wp\/v2\/kji_decision"}],"about":[{"href":"https:\/\/kohenavocats.com\/ru\/wp-json\/wp\/v2\/types\/kji_decision"}],"wp:attachment":[{"href":"https:\/\/kohenavocats.com\/ru\/wp-json\/wp\/v2\/media?parent=679747"}],"wp:term":[{"taxonomy":"kji_country","embeddable":true,"href":"https:\/\/kohenavocats.com\/ru\/wp-json\/wp\/v2\/kji_country?post=679747"},{"taxonomy":"kji_court","embeddable":true,"href":"https:\/\/kohenavocats.com\/ru\/wp-json\/wp\/v2\/kji_court?post=679747"},{"taxonomy":"kji_chamber","embeddable":true,"href":"https:\/\/kohenavocats.com\/ru\/wp-json\/wp\/v2\/kji_chamber?post=679747"},{"taxonomy":"kji_year","embeddable":true,"href":"https:\/\/kohenavocats.com\/ru\/wp-json\/wp\/v2\/kji_year?post=679747"},{"taxonomy":"kji_subject","embeddable":true,"href":"https:\/\/kohenavocats.com\/ru\/wp-json\/wp\/v2\/kji_subject?post=679747"},{"taxonomy":"kji_keyword","embeddable":true,"href":"https:\/\/kohenavocats.com\/ru\/wp-json\/wp\/v2\/kji_keyword?post=679747"},{"taxonomy":"kji_language","embeddable":true,"href":"https:\/\/kohenavocats.com\/ru\/wp-json\/wp\/v2\/kji_language?post=679747"}],"curies":[{"name":"wp","href":"https:\/\/api.w.org\/{rel}","templated":true}]}}