{"id":680526,"date":"2026-04-25T12:39:10","date_gmt":"2026-04-25T10:39:10","guid":{"rendered":"https:\/\/kohenavocats.com\/jurisprudences\/acordao-supremo-tribunal-de-justica-processo-559-20-6t8vcd-p1-s1-2021-09-09\/"},"modified":"2026-04-25T12:39:10","modified_gmt":"2026-04-25T10:39:10","slug":"acordao-supremo-tribunal-de-justica-processo-559-20-6t8vcd-p1-s1-2021-09-09","status":"publish","type":"kji_decision","link":"https:\/\/kohenavocats.com\/ru\/jurisprudences\/acordao-supremo-tribunal-de-justica-processo-559-20-6t8vcd-p1-s1-2021-09-09\/","title":{"rendered":"Ac\u00f3rd\u00e3o Supremo Tribunal de Justi\u00e7a \u2013 Processo 559\/20.6T8VCD.P1.S1 \u2013 2021-09-09"},"content":{"rendered":"<div class=\"kji-decision\">\n<p class=\"kji-summary\">Relator: ANT?NIO GAMA. I &#8212; O pedido de dispensa pelo defensor e posterior substitui??o com nomea??o de outro defensor oficioso pela Ordem dos Advogados, no decurso do prazo para apresenta??o de atos processuais, no caso para interposi??o de recurso, n?o interrompe ou suspende esse prazo. II &#8212; Uma das garantias do processo criminal ? o recurso, pelo que o tribunal deve estar atento ?s situa??es f?cticas de car?ncia de exerc?cio das fun??es de defensor atentat?rias do direito ao efetivo recurso. III &#8212; Se o recorrente s? em data posterior a estar esgotado o prazo de recurso teve um defensor que aceitou interpor o recurso, n?o se indiciando nos autos uso abusivo dos incidentes de substitui??o de defensor, pois n?o h? v.g. prazo de pris?o preventiva ou prescri??o a esgotar-se, nem o arguido retirou da demora qualquer vantagem, pelo contr?rio deixou de ver apreciada pelo TEP eventual liberdade condicional, a ?nica conclus?o poss?vel ? que durante o prazo inicial de 30 dias n?o foi garantido um efetivo direito ao recurso. IV ? No caso, o ?excesso de pena? que o recorrente vislumbra, o ano de pris?o acima dos ?oito anos? que reclama, a ele ? imput?vel, ao seu reiterado comportamento contra o direito, desde h? cerca de quarenta anos, ao seu desprezo pelas sucessivas condena??es, ? sua clara inclina??o criminosa e propens?o para enganar os seus concidad?os de forma a obter, ? custa do patrim?nio alheio, proveitos econ?micos e, consequentemente, a uma acrescida necessidade de preven??o especial. Como impressivamente dizia Eduardo Correia, ?humanum est peccare, diabolicum perseverare?.<\/p>\n<hr class=\"kji-sep\" \/>\n<p class=\"kji-source-links\"><strong>Sources officielles :<\/strong> <a class=\"kji-source-link\" href=\"https:\/\/www.dgsi.pt\/jstj.nsf\/954f0ce6ad9dd8b980256b5f003fa814\/9f7da91523441a2c8025875600337dca?OpenDocument&#038;ExpandSection=1\" target=\"_blank\" rel=\"noopener noreferrer\">consulter la page source<\/a><\/p>\n<p class=\"kji-license-note\"><em>Portails officiels portugais (DGSI \/ Tribunal Constitucional). Republication en metadata_only par prudence licencielle ; consulter la source officielle pour le texte authentique.<\/em><\/p>\n<\/div>\n","protected":false},"excerpt":{"rendered":"<p>Relator: ANT?NIO GAMA. I &#8212; O pedido de dispensa pelo defensor e posterior substitui??o com nomea??o de outro defensor oficioso pela Ordem dos Advogados, no decurso do prazo para apresenta??o de atos processuais, no caso para interposi??o de recurso, n?o interrompe ou suspende esse prazo. II &#8212; Uma das garantias do processo criminal ? o recurso, pelo que o tribunal deve estar atento ?s situa??es f?cticas de car?ncia de exerc?cio das fun??es de defensor atentat?rias do direito ao efetivo recurso. III &#8212; Se o recorrente s? em data posterior a estar esgotado o prazo de recurso teve um defensor que aceitou interpor o recurso, n?o se indiciando nos autos uso abusivo dos incidentes de substitui??o de defensor, pois n?o h? v.g. prazo de pris?o preventiva ou prescri??o a esgotar-se, nem o arguido retirou da demora qualquer vantagem, pelo contr?rio deixou de ver apreciada pelo TEP eventual liberdade condicional, a ?nica conclus?o poss?vel ? que durante o prazo inicial de 30 dias n?o foi garantido um efetivo direito ao recurso. IV ? No caso, o ?excesso de pena? que o recorrente vislumbra, o ano de pris?o acima dos ?oito anos? que reclama, a ele ? imput?vel, ao seu reiterado comportamento contra o direito, desde h? cerca de quarenta anos, ao seu desprezo pelas sucessivas condena??es, ? sua clara inclina??o criminosa e propens?o para enganar os seus concidad?os de forma a obter, ? custa do patrim?nio alheio, proveitos econ?micos e, consequentemente, a uma acrescida necessidade de preven??o especial. Como impressivamente dizia Eduardo Correia, ?humanum est peccare, diabolicum perseverare?.<\/p>\n","protected":false},"featured_media":0,"template":"","meta":{"_crdt_document":""},"kji_country":[7762],"kji_court":[7763],"kji_chamber":[7955],"kji_year":[36297],"kji_subject":[7632],"kji_keyword":[7772,7774,7771,7773,7636],"kji_language":[7770],"class_list":["post-680526","kji_decision","type-kji_decision","status-publish","hentry","kji_country-portugal","kji_court-supremo-tribunal-de-justica","kji_chamber-5-seco","kji_year-36297","kji_subject-penal","kji_keyword-acordao","kji_keyword-justica","kji_keyword-processo","kji_keyword-supremo","kji_keyword-tribunal","kji_language-pt"],"yoast_head":"<!-- This site is optimized with the Yoast SEO Premium plugin v27.4 (Yoast SEO v27.4) - https:\/\/yoast.com\/product\/yoast-seo-premium-wordpress\/ -->\n<title>Ac\u00f3rd\u00e3o Supremo Tribunal de Justi\u00e7a \u2013 Processo 559\/20.6T8VCD.P1.S1 \u2013 2021-09-09 - Ma\u00eetre Hassan Kohen, avocat en droit p\u00e9nal \u00e0 Paris<\/title>\n<meta name=\"robots\" content=\"index, follow, max-snippet:-1, max-image-preview:large, max-video-preview:-1\" \/>\n<link rel=\"canonical\" href=\"https:\/\/kohenavocats.com\/ru\/jurisprudences\/acordao-supremo-tribunal-de-justica-processo-559-20-6t8vcd-p1-s1-2021-09-09\/\" \/>\n<meta property=\"og:locale\" content=\"ru_RU\" \/>\n<meta property=\"og:type\" content=\"article\" \/>\n<meta property=\"og:title\" content=\"Ac\u00f3rd\u00e3o Supremo Tribunal de Justi\u00e7a \u2013 Processo 559\/20.6T8VCD.P1.S1 \u2013 2021-09-09\" \/>\n<meta property=\"og:description\" content=\"Relator: ANT?NIO GAMA. I - O pedido de dispensa pelo defensor e posterior substitui??o com nomea??o de outro defensor oficioso pela Ordem dos Advogados, no decurso do prazo para apresenta??o de atos processuais, no caso para interposi??o de recurso, n?o interrompe ou suspende esse prazo. II - Uma das garantias do processo criminal ? o recurso, pelo que o tribunal deve estar atento ?s situa??es f?cticas de car?ncia de exerc?cio das fun??es de defensor atentat?rias do direito ao efetivo recurso. III - Se o recorrente s? em data posterior a estar esgotado o prazo de recurso teve um defensor que aceitou interpor o recurso, n?o se indiciando nos autos uso abusivo dos incidentes de substitui??o de defensor, pois n?o h? v.g. prazo de pris?o preventiva ou prescri??o a esgotar-se, nem o arguido retirou da demora qualquer vantagem, pelo contr?rio deixou de ver apreciada pelo TEP eventual liberdade condicional, a ?nica conclus?o poss?vel ? que durante o prazo inicial de 30 dias n?o foi garantido um efetivo direito ao recurso. IV ? No caso, o ?excesso de pena? que o recorrente vislumbra, o ano de pris?o acima dos ?oito anos? que reclama, a ele ? imput?vel, ao seu reiterado comportamento contra o direito, desde h? cerca de quarenta anos, ao seu desprezo pelas sucessivas condena??es, ? sua clara inclina??o criminosa e propens?o para enganar os seus concidad?os de forma a obter, ? custa do patrim?nio alheio, proveitos econ?micos e, consequentemente, a uma acrescida necessidade de preven??o especial. Como impressivamente dizia Eduardo Correia, ?humanum est peccare, diabolicum perseverare?.\" \/>\n<meta property=\"og:url\" content=\"https:\/\/kohenavocats.com\/ru\/jurisprudences\/acordao-supremo-tribunal-de-justica-processo-559-20-6t8vcd-p1-s1-2021-09-09\/\" \/>\n<meta property=\"og:site_name\" content=\"Ma\u00eetre Hassan Kohen, avocat en droit p\u00e9nal \u00e0 Paris\" \/>\n<meta name=\"twitter:card\" content=\"summary_large_image\" \/>\n<meta name=\"twitter:label1\" content=\"\u041f\u0440\u0438\u043c\u0435\u0440\u043d\u043e\u0435 \u0432\u0440\u0435\u043c\u044f \u0434\u043b\u044f \u0447\u0442\u0435\u043d\u0438\u044f\" \/>\n\t<meta name=\"twitter:data1\" content=\"2 \u043c\u0438\u043d\u0443\u0442\u044b\" \/>\n<script type=\"application\/ld+json\" class=\"yoast-schema-graph\">{\"@context\":\"https:\\\/\\\/schema.org\",\"@graph\":[{\"@type\":\"WebPage\",\"@id\":\"https:\\\/\\\/kohenavocats.com\\\/ru\\\/jurisprudences\\\/acordao-supremo-tribunal-de-justica-processo-559-20-6t8vcd-p1-s1-2021-09-09\\\/\",\"url\":\"https:\\\/\\\/kohenavocats.com\\\/ru\\\/jurisprudences\\\/acordao-supremo-tribunal-de-justica-processo-559-20-6t8vcd-p1-s1-2021-09-09\\\/\",\"name\":\"Ac\u00f3rd\u00e3o Supremo Tribunal de Justi\u00e7a \u2013 Processo 559\\\/20.6T8VCD.P1.S1 \u2013 2021-09-09 - Ma\u00eetre Hassan Kohen, avocat en droit p\u00e9nal \u00e0 Paris\",\"isPartOf\":{\"@id\":\"https:\\\/\\\/kohenavocats.com\\\/ru\\\/#website\"},\"datePublished\":\"2026-04-25T10:39:10+00:00\",\"breadcrumb\":{\"@id\":\"https:\\\/\\\/kohenavocats.com\\\/ru\\\/jurisprudences\\\/acordao-supremo-tribunal-de-justica-processo-559-20-6t8vcd-p1-s1-2021-09-09\\\/#breadcrumb\"},\"inLanguage\":\"ru-RU\",\"potentialAction\":[{\"@type\":\"ReadAction\",\"target\":[\"https:\\\/\\\/kohenavocats.com\\\/ru\\\/jurisprudences\\\/acordao-supremo-tribunal-de-justica-processo-559-20-6t8vcd-p1-s1-2021-09-09\\\/\"]}]},{\"@type\":\"BreadcrumbList\",\"@id\":\"https:\\\/\\\/kohenavocats.com\\\/ru\\\/jurisprudences\\\/acordao-supremo-tribunal-de-justica-processo-559-20-6t8vcd-p1-s1-2021-09-09\\\/#breadcrumb\",\"itemListElement\":[{\"@type\":\"ListItem\",\"position\":1,\"name\":\"Home\",\"item\":\"https:\\\/\\\/kohenavocats.com\\\/ru\\\/avocats-en-droit-penal-a-paris-conseil-et-defense-strategique\\\/\"},{\"@type\":\"ListItem\",\"position\":2,\"name\":\"Jurisprudences\",\"item\":\"https:\\\/\\\/kohenavocats.com\\\/ru\\\/jurisprudences\\\/\"},{\"@type\":\"ListItem\",\"position\":3,\"name\":\"Ac\u00f3rd\u00e3o Supremo Tribunal de Justi\u00e7a \u2013 Processo 559\\\/20.6T8VCD.P1.S1 \u2013 2021-09-09\"}]},{\"@type\":\"WebSite\",\"@id\":\"https:\\\/\\\/kohenavocats.com\\\/ru\\\/#website\",\"url\":\"https:\\\/\\\/kohenavocats.com\\\/ru\\\/\",\"name\":\"Kohen Avocats\",\"description\":\"Ma\u00eetre Hassan Kohen, avocat p\u00e9naliste \u00e0 Paris, intervient exclusivement en droit p\u00e9nal pour la d\u00e9fense des particuliers, notamment en mati\u00e8re d\u2019accusations de viol. Il assure un accompagnement rigoureux d\u00e8s la garde \u00e0 vue jusqu\u2019\u00e0 la Cour d\u2019assises, veillant au strict respect des garanties proc\u00e9durales.\",\"publisher\":{\"@id\":\"https:\\\/\\\/kohenavocats.com\\\/ru\\\/#organization\"},\"potentialAction\":[{\"@type\":\"SearchAction\",\"target\":{\"@type\":\"EntryPoint\",\"urlTemplate\":\"https:\\\/\\\/kohenavocats.com\\\/ru\\\/?s={search_term_string}\"},\"query-input\":{\"@type\":\"PropertyValueSpecification\",\"valueRequired\":true,\"valueName\":\"search_term_string\"}}],\"inLanguage\":\"ru-RU\"},{\"@type\":\"Organization\",\"@id\":\"https:\\\/\\\/kohenavocats.com\\\/ru\\\/#organization\",\"name\":\"Kohen Avocats\",\"url\":\"https:\\\/\\\/kohenavocats.com\\\/ru\\\/\",\"logo\":{\"@type\":\"ImageObject\",\"inLanguage\":\"ru-RU\",\"@id\":\"https:\\\/\\\/kohenavocats.com\\\/ru\\\/#\\\/schema\\\/logo\\\/image\\\/\",\"url\":\"https:\\\/\\\/kohenavocats.com\\\/wp-content\\\/uploads\\\/2026\\\/01\\\/Logo-2-1.webp\",\"contentUrl\":\"https:\\\/\\\/kohenavocats.com\\\/wp-content\\\/uploads\\\/2026\\\/01\\\/Logo-2-1.webp\",\"width\":2114,\"height\":1253,\"caption\":\"Kohen Avocats\"},\"image\":{\"@id\":\"https:\\\/\\\/kohenavocats.com\\\/ru\\\/#\\\/schema\\\/logo\\\/image\\\/\"}}]}<\/script>\n<!-- \/ Yoast SEO Premium plugin. -->","yoast_head_json":{"title":"Ac\u00f3rd\u00e3o Supremo Tribunal de Justi\u00e7a \u2013 Processo 559\/20.6T8VCD.P1.S1 \u2013 2021-09-09 - Ma\u00eetre Hassan Kohen, avocat en droit p\u00e9nal \u00e0 Paris","robots":{"index":"index","follow":"follow","max-snippet":"max-snippet:-1","max-image-preview":"max-image-preview:large","max-video-preview":"max-video-preview:-1"},"canonical":"https:\/\/kohenavocats.com\/ru\/jurisprudences\/acordao-supremo-tribunal-de-justica-processo-559-20-6t8vcd-p1-s1-2021-09-09\/","og_locale":"ru_RU","og_type":"article","og_title":"Ac\u00f3rd\u00e3o Supremo Tribunal de Justi\u00e7a \u2013 Processo 559\/20.6T8VCD.P1.S1 \u2013 2021-09-09","og_description":"Relator: ANT?NIO GAMA. I - O pedido de dispensa pelo defensor e posterior substitui??o com nomea??o de outro defensor oficioso pela Ordem dos Advogados, no decurso do prazo para apresenta??o de atos processuais, no caso para interposi??o de recurso, n?o interrompe ou suspende esse prazo. II - Uma das garantias do processo criminal ? o recurso, pelo que o tribunal deve estar atento ?s situa??es f?cticas de car?ncia de exerc?cio das fun??es de defensor atentat?rias do direito ao efetivo recurso. III - Se o recorrente s? em data posterior a estar esgotado o prazo de recurso teve um defensor que aceitou interpor o recurso, n?o se indiciando nos autos uso abusivo dos incidentes de substitui??o de defensor, pois n?o h? v.g. prazo de pris?o preventiva ou prescri??o a esgotar-se, nem o arguido retirou da demora qualquer vantagem, pelo contr?rio deixou de ver apreciada pelo TEP eventual liberdade condicional, a ?nica conclus?o poss?vel ? que durante o prazo inicial de 30 dias n?o foi garantido um efetivo direito ao recurso. IV ? No caso, o ?excesso de pena? que o recorrente vislumbra, o ano de pris?o acima dos ?oito anos? que reclama, a ele ? imput?vel, ao seu reiterado comportamento contra o direito, desde h? cerca de quarenta anos, ao seu desprezo pelas sucessivas condena??es, ? sua clara inclina??o criminosa e propens?o para enganar os seus concidad?os de forma a obter, ? custa do patrim?nio alheio, proveitos econ?micos e, consequentemente, a uma acrescida necessidade de preven??o especial. Como impressivamente dizia Eduardo Correia, ?humanum est peccare, diabolicum perseverare?.","og_url":"https:\/\/kohenavocats.com\/ru\/jurisprudences\/acordao-supremo-tribunal-de-justica-processo-559-20-6t8vcd-p1-s1-2021-09-09\/","og_site_name":"Ma\u00eetre Hassan Kohen, avocat en droit p\u00e9nal \u00e0 Paris","twitter_card":"summary_large_image","twitter_misc":{"\u041f\u0440\u0438\u043c\u0435\u0440\u043d\u043e\u0435 \u0432\u0440\u0435\u043c\u044f \u0434\u043b\u044f \u0447\u0442\u0435\u043d\u0438\u044f":"2 \u043c\u0438\u043d\u0443\u0442\u044b"},"schema":{"@context":"https:\/\/schema.org","@graph":[{"@type":"WebPage","@id":"https:\/\/kohenavocats.com\/ru\/jurisprudences\/acordao-supremo-tribunal-de-justica-processo-559-20-6t8vcd-p1-s1-2021-09-09\/","url":"https:\/\/kohenavocats.com\/ru\/jurisprudences\/acordao-supremo-tribunal-de-justica-processo-559-20-6t8vcd-p1-s1-2021-09-09\/","name":"Ac\u00f3rd\u00e3o Supremo Tribunal de Justi\u00e7a \u2013 Processo 559\/20.6T8VCD.P1.S1 \u2013 2021-09-09 - Ma\u00eetre Hassan Kohen, avocat en droit p\u00e9nal \u00e0 Paris","isPartOf":{"@id":"https:\/\/kohenavocats.com\/ru\/#website"},"datePublished":"2026-04-25T10:39:10+00:00","breadcrumb":{"@id":"https:\/\/kohenavocats.com\/ru\/jurisprudences\/acordao-supremo-tribunal-de-justica-processo-559-20-6t8vcd-p1-s1-2021-09-09\/#breadcrumb"},"inLanguage":"ru-RU","potentialAction":[{"@type":"ReadAction","target":["https:\/\/kohenavocats.com\/ru\/jurisprudences\/acordao-supremo-tribunal-de-justica-processo-559-20-6t8vcd-p1-s1-2021-09-09\/"]}]},{"@type":"BreadcrumbList","@id":"https:\/\/kohenavocats.com\/ru\/jurisprudences\/acordao-supremo-tribunal-de-justica-processo-559-20-6t8vcd-p1-s1-2021-09-09\/#breadcrumb","itemListElement":[{"@type":"ListItem","position":1,"name":"Home","item":"https:\/\/kohenavocats.com\/ru\/avocats-en-droit-penal-a-paris-conseil-et-defense-strategique\/"},{"@type":"ListItem","position":2,"name":"Jurisprudences","item":"https:\/\/kohenavocats.com\/ru\/jurisprudences\/"},{"@type":"ListItem","position":3,"name":"Ac\u00f3rd\u00e3o Supremo Tribunal de Justi\u00e7a \u2013 Processo 559\/20.6T8VCD.P1.S1 \u2013 2021-09-09"}]},{"@type":"WebSite","@id":"https:\/\/kohenavocats.com\/ru\/#website","url":"https:\/\/kohenavocats.com\/ru\/","name":"Kohen Avocats","description":"Ma\u00eetre Hassan Kohen, avocat p\u00e9naliste \u00e0 Paris, intervient exclusivement en droit p\u00e9nal pour la d\u00e9fense des particuliers, notamment en mati\u00e8re d\u2019accusations de viol. Il assure un accompagnement rigoureux d\u00e8s la garde \u00e0 vue jusqu\u2019\u00e0 la Cour d\u2019assises, veillant au strict respect des garanties proc\u00e9durales.","publisher":{"@id":"https:\/\/kohenavocats.com\/ru\/#organization"},"potentialAction":[{"@type":"SearchAction","target":{"@type":"EntryPoint","urlTemplate":"https:\/\/kohenavocats.com\/ru\/?s={search_term_string}"},"query-input":{"@type":"PropertyValueSpecification","valueRequired":true,"valueName":"search_term_string"}}],"inLanguage":"ru-RU"},{"@type":"Organization","@id":"https:\/\/kohenavocats.com\/ru\/#organization","name":"Kohen Avocats","url":"https:\/\/kohenavocats.com\/ru\/","logo":{"@type":"ImageObject","inLanguage":"ru-RU","@id":"https:\/\/kohenavocats.com\/ru\/#\/schema\/logo\/image\/","url":"https:\/\/kohenavocats.com\/wp-content\/uploads\/2026\/01\/Logo-2-1.webp","contentUrl":"https:\/\/kohenavocats.com\/wp-content\/uploads\/2026\/01\/Logo-2-1.webp","width":2114,"height":1253,"caption":"Kohen Avocats"},"image":{"@id":"https:\/\/kohenavocats.com\/ru\/#\/schema\/logo\/image\/"}}]}},"jetpack_likes_enabled":false,"jetpack_sharing_enabled":true,"_links":{"self":[{"href":"https:\/\/kohenavocats.com\/ru\/wp-json\/wp\/v2\/kji_decision\/680526","targetHints":{"allow":["GET"]}}],"collection":[{"href":"https:\/\/kohenavocats.com\/ru\/wp-json\/wp\/v2\/kji_decision"}],"about":[{"href":"https:\/\/kohenavocats.com\/ru\/wp-json\/wp\/v2\/types\/kji_decision"}],"wp:attachment":[{"href":"https:\/\/kohenavocats.com\/ru\/wp-json\/wp\/v2\/media?parent=680526"}],"wp:term":[{"taxonomy":"kji_country","embeddable":true,"href":"https:\/\/kohenavocats.com\/ru\/wp-json\/wp\/v2\/kji_country?post=680526"},{"taxonomy":"kji_court","embeddable":true,"href":"https:\/\/kohenavocats.com\/ru\/wp-json\/wp\/v2\/kji_court?post=680526"},{"taxonomy":"kji_chamber","embeddable":true,"href":"https:\/\/kohenavocats.com\/ru\/wp-json\/wp\/v2\/kji_chamber?post=680526"},{"taxonomy":"kji_year","embeddable":true,"href":"https:\/\/kohenavocats.com\/ru\/wp-json\/wp\/v2\/kji_year?post=680526"},{"taxonomy":"kji_subject","embeddable":true,"href":"https:\/\/kohenavocats.com\/ru\/wp-json\/wp\/v2\/kji_subject?post=680526"},{"taxonomy":"kji_keyword","embeddable":true,"href":"https:\/\/kohenavocats.com\/ru\/wp-json\/wp\/v2\/kji_keyword?post=680526"},{"taxonomy":"kji_language","embeddable":true,"href":"https:\/\/kohenavocats.com\/ru\/wp-json\/wp\/v2\/kji_language?post=680526"}],"curies":[{"name":"wp","href":"https:\/\/api.w.org\/{rel}","templated":true}]}}