{"id":680584,"date":"2026-04-25T12:47:09","date_gmt":"2026-04-25T10:47:09","guid":{"rendered":"https:\/\/kohenavocats.com\/jurisprudences\/acordao-supremo-tribunal-de-justica-processo-77-19-5t9prg-s1-2021-09-09\/"},"modified":"2026-04-25T12:47:09","modified_gmt":"2026-04-25T10:47:09","slug":"acordao-supremo-tribunal-de-justica-processo-77-19-5t9prg-s1-2021-09-09","status":"publish","type":"kji_decision","link":"https:\/\/kohenavocats.com\/ru\/jurisprudences\/acordao-supremo-tribunal-de-justica-processo-77-19-5t9prg-s1-2021-09-09\/","title":{"rendered":"Ac\u00f3rd\u00e3o Supremo Tribunal de Justi\u00e7a \u2013 Processo 77\/19.5T9PRG.S1 \u2013 2021-09-09"},"content":{"rendered":"<div class=\"kji-decision\">\n<p class=\"kji-summary\">Relator: MARGARIDA BLASCO. I- Nos termos do artigo 40.?, do CP, que disp?e sobre as finalidades das penas, ?a aplica??o de penas e de medidas de seguran?a visa a protec??o de bens jur?dicos e a reintegra??o do agente na sociedade? e ?em caso algum a pena pode ultrapassar a medida da culpa?, devendo a sua determina??o ser feita em fun??o da culpa do agente e das exig?ncias de preven??o, de acordo com o disposto no artigo 71.?, do mesmo diploma. Como se tem reiteradamente afirmado, este regime encontra os seus fundamentos no artigo 18.?, n.? 2, da CRP, segundo o qual ?a lei s? pode restringir os direitos, liberdades e garantias nos casos expressamente previstos na Constitui??o, devendo as restri??es limitar-se ao necess?rio para salvaguardar outros direitos ou interesses constitucionalmente protegidos?. A restri??o do direito ? liberdade, por aplica??o de uma pena (artigo 27.?, n.? 2, da CRP), submete-se, assim, tal como a sua previs?o legal, ao princ?pio da proporcionalidade ou da proibi??o do excesso, que se desdobra nos subprinc?pios da necessidade ou indispensabilidade &#8212; segundo o qual a pena privativa da liberdade se h?-de revelar necess?ria aos fins visados, que n?o podem ser realizados por outros meios menos onerosos, &#8212; adequa??o &#8212; que implica que a pena deva ser o meio id?neo e adequado para a obten??o desses fins ? e da proporcionalidade em sentido estrito &#8212; de acordo com o qual a pena deve ser encontrada na ?justa medida?, impedindo-se, deste modo, que possa ser desproporcionada ou excessiva. ? II- A projec??o destes princ?pios no modelo de determina??o da pena justifica-se pelas necessidades de protec??o dos bens jur?dicos tutelados pelas normas incriminadoras violadas (finalidade de preven??o geral) e de ressocializa??o (finalidade de preven??o especial), em conformidade com um crit?rio de proporcionalidade entre a gravidade da pena e a gravidade do facto praticado, avaliada, em concreto, por factores ou circunst?ncias relacionadas com este e com a personalidade do agente, relevantes para avaliar da medida da pena da culpa e da medida da pena preventiva, que, n?o fazendo parte do tipo de crime (proibi??o da dupla valora??o), deponham a favor do agente ou contra ele (artigos 40.? e n.? 1 do 71.? , ambos do CP). III- Como se tem reafirmado, para a medida da gravidade da culpa h? que, de acordo com o artigo 71.?, n.? 2, considerar os factores reveladores da censurabilidade manifestada no facto, nomeadamente os factores capazes de fornecer a medida da gravidade do tipo de il?cito objectivo e subjectivo ? indicados na al?nea a), primeira parte (grau de ilicitude do facto, modo de execu??o e gravidade das suas consequ?ncias), e na al?nea b) (intensidade do dolo ou da neglig?ncia) ?, e os factores a que se referem a al?nea c) (sentimentos manifestados no cometimento do crime e fins ou motivos que o determinaram) e a al?nea a), parte final (grau de viola??o dos deveres impostos ao agente), bem como os factores atinentes ao agente, que t?m que ver com a sua personalidade ? factores indicados na al?nea d) (condi??es pessoais e situa??o econ?mica do agente), na al?nea e) (conduta anterior e posterior ao facto) e na al?nea f) (falta de prepara??o para manter uma conduta l?cita, manifestada no facto). Na considera??o das exig?ncias de preven??o, destacam-se as circunst?ncias relevantes por via da preven??o geral, traduzida na necessidade de protec??o do bem jur?dico ofendido, mediante a aplica??o de uma pena proporcional ? gravidade dos factos, reafirmando a manuten??o da confian?a da comunidade na norma violada, e de preven??o especial, que permitam fundamentar um ju?zo de prognose sobre o cometimento de novos crimes no futuro e assim avaliar das necessidades de socializa??o. Incluem-se, aqui, o comportamento anterior e posterior ao crime [al?nea e)], com destaque para os antecedentes criminais) e a falta de prepara??o para manter uma conduta l?cita, manifestada no facto [al?nea f)]. O comportamento do agente, a que se referem as circunst?ncias das al?neas e) e f), adquire particular relevo para determina??o da medida da pena em vista das exig?ncias de preven??o especial. IV- Ficou assente na inst?ncia, que o arguido, pelo menos em 5 ocasi?es distintas, no per?odo temporal de 2015 a mar?o de 2019 no caso da v?tima Sabrina, e de 2017 at? mar?o de 2019 no caso da v?tima (com resolu??es ou des?gnios e condutas distintas), teve comportamentos\/condutas em rela??o ?s referidas duas v?timas, que configuram acto sexual de relevo. E quanto ao necess?rio elemento subjetivo, provou-se o dolo directo da sua actua??o, nomeadamente que: o arguido agiu da forma descrita com o prop?sito de satisfazer os seus desejos sexuais e libidinosos, o que representou e conseguiu, e com perfeito conhecimento da idade das v?timas aquando da pr?tica dos factos, o que n?o podia ignorar por j? conviver com as mesmas h? j? v?rios anos, bem sabendo que as mesmas, em raz?o da sua idade, n?o tinham a capacidade e o discernimento necess?rios a tomar qualquer decis?o, livre e pessoal, quanto ? pr?tica de qualquer acto de natureza sexual como aqueles que praticou sobre as mesmas e ainda de que com a sua conduta prejudicava o livre e s?o desenvolvimento das suas personalidades, aproveitando-se ainda da rela??o de confian?a que mantinha com as v?timas e bem assim da sua idade e consequente ingenuidade e fragilidade. Pelo que o arguido agiu, sempre, bem sabendo que as suas condutas eram proibidas e punidas por lei. V- Perante tudo o exposto, n?o se pode olvidar o facto de o grau de desvalor da ac??o do arguido ser muito elevado. Diremos que os crimes em causa constituem uma grave viola??o do bem jur?dico-penal da autodetermina??o sexual da crian?a, revestindo consequ?ncias muito gravosas para as v?timas crian?as e jovens, tal como conhecidas e estudadas pela psicologia forense, que apontam para um aumento da pr?tica destes crimes, em Portugal, correspondendo a uma maior e crescente percep??o p?blica da sua gravidade e da import?ncia da sua den?ncia. N?o podem ser desvalorizadas as aludidas exig?ncias elevad?ssimas de preven??o geral de integra??o, quando deve ser atendido, como foi e como ? sabido de estudos cient?ficos relativos aos abusos sexuais, o impacto negativo que estes podem ter na vida e experi?ncia pessoal futura das v?timas. E ainda sobre as ?marcas? do abuso sexual, para al?m das imediatas. ?Antes, o conhecimento e a previs?o dos graves danos ao n?vel do desenvolvimento pessoal da v?tima e das potenciais v?timas devem ser tidos em conta quando se aprecia da reac??o penal adequada a este tipo de condutas abusivas, exigindo-se a garantia de uma clara fun??o de reintegra??o e reafirma??o do bem jur?dico posto em causa, e de forma clara para todos. VI- E, atentos os crit?rios do artigo 71.?, do CP, o grau de culpa revelado, as prementes necessidades de preven??o geral, bem como as de preven??o especial, e ponderando devidamente a mat?ria f?ctica assente em benef?cio do arguido e que atr?s se referiu, entendemos que perante a moldura penal do crime de abuso sexual de crian?a p. e p. pelo artigo 171.?, n.?1, do CP, punido com pena de 1 (um) a 8 (oito) anos de pris?o, entendemos como adequadas a condena??o por cada um dos crimes, nas penas parcelares de dois anos de pris?o. VII- Nos termos do disposto no artigo 77.? , n.? 1, do CP, ao estabelecer as regras da puni??o do concurso, nomeadamente que na medida da pena ?nica s?o considerados, em conjunto, os factos e a personalidade do agente, ? for?oso concluir que, com a fixa??o da pena ?nica, se pretende sancionar o agente, n?o s? pelos factos individualmente considerados, mas tamb?m e especialmente pelo respectivo conjunto, e n?o como mero somat?rio de factos criminosos, mas enquanto revelador da dimens?o e gravidade global do comportamento delituoso do agente, visto que a lei manda se considere e pondere, em conjunto (e n?o unitariamente), os factos e a personalidade do agente como se o conjunto dos factos fornecesse a gravidade do il?cito global perpetrado. O todo n?o equivale ? mera soma das partes, sendo a valora??o conjunta dos factos e da personalidade, a que se refere a 2.? parte, do n.? 1, do artigo 77.?, do CP. ? o conjunto dos factos que fornece a gravidade do il?cito global perpetrado, sendo decisiva para a sua avalia??o a conex?o e o tipo de conex?o que entre os factos concorrentes se verifique. Na avalia??o da personalidade ? unit?ria ? do agente relevar?, sobretudo, a quest?o de saber se o conjunto dos factos ? reconduz?vel a uma tend?ncia (ou eventualmente mesmo a uma carreira) criminosa, ou t?o-s? a uma pluriocasionalidade que n?o radica na personalidade: s? no primeiro caso, n?o j? no segundo, ser? cabido atribuir ? pluralidade de crimes um efeito agravante dentro da moldura penal conjunta. ?Releva tamb?m a an?lise do efeito previs?vel da pena sobre o comportamento futuro do agente (exig?ncias de preven??o especial de socializa??o). Um dos crit?rios fundamentais em sede deste sentido de culpa, numa perspectiva global dos factos, ? o da determina??o da intensidade da ofensa e dimens?o do bem jur?dico ofendido, sendo certo que assume significado profundamente diferente a viola??o repetida de bens jur?dicos ligados ? dimens?o pessoal, em rela??o a bens patrimoniais. Por outro lado, importa determinar os motivos e objectivos do agente no denominador comum dos actos il?citos praticados e, eventualmente, dos estados de depend?ncia, bem como a tend?ncia para a actividade criminosa expressa pelo n?mero de infrac??es, pela sua perman?ncia no tempo, pela depend?ncia de vida em rela??o ?quela actividade. Na avalia??o da personalidade expressa nos factos ? todo um processo de socializa??o e de inser??o, ou de rep?dio pelas normas de identifica??o social e de viv?ncia em comunidade, que deve ser ponderado. ?Nos termos do n.? 2, do artigo 77.? do CP, a pena aplic?vel tem como limite m?ximo a soma das penas concretamente aplicadas aos v?rios crimes, n?o podendo ultrapassar 25 anos, e como limite m?nimo, a mais elevada das penas concretamente aplicadas aos v?rios crimes. VIII- Contra o arguido pesam as muito elevadas exig?ncias de preven??o geral neste tipo de criminalidade (de cariz sexual), causando grande alarme e repugn?ncia social e, por isso, a merecer puni??o exemplar, pois, s? assim se reafirma na comunidade, a validade e vig?ncia da norma violada.? O arguido actuou com dolo intenso, na sua modalidade mais grave: dolo directo. Considerando o crime em apre?o &#8212; que, em si mesmo ? grave ? e o grau elevado de ilicitude da conduta do arguido, anota-se que se tratou, n?o de um acto isolado, mas algo que se repetiu em 5 ocasi?es que coincidem com uma fase de crescimento infanto-juvenil das v?timas, essencial para a forma??o das mesmas como ser humano a todos os n?veis, quer f?sico\/sexual, quer afectivo, emocional e social sendo, ainda nesta data, imposs?vel aferir na sua integralidade dos danos que a conduta do arguido gravou na sua vida. Pelo que na determina??o da medida da pena ter? ainda de se sopesar as consequ?ncias que a conduta do arguido acarretou para as v?timas (algo significativas as imediatas e ora conhecidas, sendo que de futuro se ignoram as sequelas que esta actua??o poder? vir a acarretar no desenvolvimento emocional, afectivo e sexual destas menores). IX- O arguido confessou parcialmente. Importa, ainda, o facto de o arguido n?o ter antecedentes criminais, o que milita a seu favor. X- Atendendo, nos termos do disposto no artigo 77.?, do CP, ? moldura penal abstratamente aplic?vel, que se situa, no seu limite m?nimo, em 2 anos e no seu limite m?ximo em 20 anos, entendemos ser justa adequada e proporcional aplicar ao arguido a pena ?nica de 7 (sete) anos de pris?o. XI- Na fixa??o da indemniza??o por danos n?o patrimoniais ter?o de se ter em aten??o os artigos 483.?, 496.?, n.?s 1, 2 e 4, 562.? e 566.?, n.?s 1 e 2, do CC: quem viola ilicitamente os direitos de outrem fica obrigado a indemnizar o lesado pelos danos resultantes dessa viola??o; na fixa??o da indemniza??o deve atender-se aos danos n?o patrimoniais que, pela sua gravidade, mere?am a tutela do direito; a indemniza??o pelos danos n?o patrimoniais deve ser fixada equitativamente pelo tribunal, tendo em aten??o o grau de culpabilidade do agente, a situa??o econ?mica deste e do lesado e as demais circunst?ncias do caso; quem estiver obrigado a reparar um dano deve reconstituir a situa??o que existiria, se n?o se tivesse verificado o evento que obriga ? repara??o; a indemniza??o ? fixada em dinheiro, sempre que a repara??o natural n?o seja poss?vel, e tem como medida a diferen?a entre a situa??o patrimonial do lesado, na data mais recente que puder ser atendida pelo tribunal, e a que teria nessa data se n?o existissem danos. Como tem vindo a ser afirmado pela doutrina e pela jurisprud?ncia, a indemniza??o prevista no artigo 496.?, n.? 1, do CC, ? mais propriamente uma verdadeira compensa??o. A finalidade que lhe preside ? a de atenuar, minorar e de algum modo compensar os desgostos e sofrimentos j? suportados e a suportar pelo lesado, atrav?s de uma quantia em dinheiro que, permitindo o acesso a bens, vantagens e utilidades, seja capaz de permitir ao lesado a satisfa??o das mais variadas necessidades e de, assim, lhe proporcionar um acr?scimo de bem-estar que contrabalance os males sofridos, as dores e ang?stias suportadas e a suportar. S?o indemniz?veis, com base na equidade, os danos n?o patrimoniais que ?pela sua gravidade mere?am a tutela do direito? ? n?s 1 e 3 do artigo 496? do CC. Neste sentido, refere-se no Ac. do STJ, n.? 467\/16. 5PALSB.L1- S1, de 23.03.2018, 5.? sec??o; ?(&#8230;) No caso dos danos n?o patrimoniais, a indemniza??o reveste uma natureza acentuadamente mista, pois ?visa reparar, de algum modo, mais que indemnizar os danos sofridos pela pessoa lesada?, n?o lhe sendo, por?m, estranha a ?ideia de reprovar ou castigar, no plano civil?stico e com os meios pr?prios do direito privado, a conduta do agente?. XII- No caso em apre?o, os factos respeitantes aos danos que as menores sofreram em consequ?ncia das descritas condutas do arguido suportam-se nas regras da normalidade, por ser pac?fico que os contactos sexuais com crian?as da idade das menores em regra causam traumas, medos, inseguran?as e perda de confian?a no relacionamento com os outros. Ali?s os factos assentes baseiam-se nos? depoimentos? das pr?prias menores (nomeadamente a dificuldade que manifestaram em falar sobre os factos de que foram v?timas) e de duas testemunhas que conhecem as menores e com as mesmas conviveram ? data dos factos e ou posteriormente aos mesmos, quais sejam o av? paterno das menores que interpelado a tal respeito descreveu como eram as suas netas antes e depois dos acontecimentos; no mesmo sentido, o depoimento da t?cnica social, com conhecimentos tamb?m na ?rea da psicologia, que acompanhou as menores e? relatou,? entre? o? mais,? os? medos? e? receios? das? menores? consequentes? dos? factos,? o? seu sofrimento consequente ? sua retirada dos av?s com quem foram criadas e a sua institucionaliza??o na Casa da Crian?a, na Santa Casa da Miseric?rdia, a sua falta de colabora??o inicial para relatar os factos de que foram v?timas de modo regressar o mais rapidamente poss?vel a viver com os av?s; tamb?m se sustentam nos relat?rios periciais m?dico legais de psicologia das duas menores que a este n?vel s?o semelhantes, nomeadamente quando concluem como consequ?ncia dos factos as menores apresentam sintomatologia ansiosa e altera??es de comportamento associado ao processo judicial em curso. Tamb?m n?o tem nenhum fundamento a tentativa que ? feita de desvalorizar o trauma causado nas v?timas, o qual, mesmo que dele n?o tivesse consci?ncia, e tem, deixar? sempre marcas profundas. XIII- Em conclus?o, no caso, afigura-se-nos que revendo a factualidade supra elencada, se mostra justa e criteriosa a indemniza??o atribu?da pelo Tribunal de primeira inst?ncia, a t?tulo de danos n?o patrimoniais, no montante de ? 20 000 (vinte mil euros), a da uma das v?timas, a qual n?o nos merece qualquer reparo.<\/p>\n<hr class=\"kji-sep\" \/>\n<p class=\"kji-source-links\"><strong>Sources officielles :<\/strong> <a class=\"kji-source-link\" href=\"https:\/\/www.dgsi.pt\/jstj.nsf\/954f0ce6ad9dd8b980256b5f003fa814\/fc92714f0394f73f802587560032e5aa?OpenDocument&#038;ExpandSection=1\" target=\"_blank\" rel=\"noopener noreferrer\">consulter la page source<\/a><\/p>\n<p class=\"kji-license-note\"><em>Portails officiels portugais (DGSI \/ Tribunal Constitucional). Republication en metadata_only par prudence licencielle ; consulter la source officielle pour le texte authentique.<\/em><\/p>\n<\/div>\n","protected":false},"excerpt":{"rendered":"<p>Relator: MARGARIDA BLASCO. I- Nos termos do artigo 40.?, do CP, que disp?e sobre as finalidades das penas, ?a aplica??o de penas e de medidas de seguran?a visa a protec??o de bens jur?dicos e a reintegra??o do agente na sociedade? e ?em caso algum a pena pode ultrapassar a medida da culpa?, devendo a sua determina??o ser feita em fun??o da culpa do agente e das exig?ncias de preven??o, de acordo com o disposto no artigo 71.?, do mesmo diploma. Como se tem reiteradamente afirmado, este regime encontra os seus fundamentos no artigo 18.?, n.? 2, da CRP, segundo o qual ?a lei s? pode restringir os direitos, liberdades e garantias nos casos expressamente previstos na Constitui??o, devendo as restri??es limitar-se ao necess?rio para salvaguardar outros direitos ou interesses constitucionalmente protegidos?. A restri??o do direito ? liberdade, por aplica??o de uma pena (artigo 27.?, n.? 2, da CRP), submete-se, assim, tal como a sua previs?o legal, ao princ?pio da proporcionalidade ou da proibi??o do excesso, que se desdobra nos subprinc?pios da necessidade ou indispensabilidade &#8212; segundo o qual a pena privativa da liberdade se h?-de revelar necess?ria aos fins visados, que n?o podem ser realizados por outros meios menos onerosos, &#8212; adequa??o &#8212; que implica que a pena deva ser o meio id?neo e adequado para a obten??o desses fins ? e da proporcionalidade em sentido estrito &#8212; de acordo com o qual a pena deve ser encontrada na ?justa medida?, impedindo-se, deste modo, que possa ser desproporcionada ou excessiva. ? II- A projec??o destes princ?pios no modelo de determina??o da pena justifica-se pelas necessidades de protec??o dos bens jur?dicos tutelados pelas normas incriminadoras violadas (finalidade de preven??o geral) e de ressocializa??o (finalidade de preven??o especial), em conformidade com um crit?rio de proporcionalidade entre a gravidade da pena e a gravidade do facto praticado, avaliada, em concreto, por factores ou circunst?ncias relacionadas com este e com a personalidade do agente, relevantes para avaliar da medida da pena da culpa e da medida da pena preventiva, que, n?o fazendo parte do tipo de crime (proibi??o da dupla valora??o), deponham a favor do agente ou contra ele (artigos 40.? e n.? 1 do 71.? , ambos do CP). III- Como se tem reafirmado, para a medida da gravidade da culpa h? que, de acordo com o artigo 71.?, n.? 2, considerar os factores reveladores da censurabilidade manifestada no facto, nomeadamente os factores capazes de fornecer a medida da gravidade do tipo de il?cito objectivo e subjectivo ? indicados na al?nea a), primeira parte (grau de ilicitude do facto, modo de execu??o e gravidade das suas consequ?ncias), e na al?nea b) (intensidade do dolo ou da neglig?ncia) ?, e os factores a que se referem a al?nea c) (sentimentos manifestados no cometimento do crime e fins ou motivos que o determinaram) e a al?nea a), parte final (grau de viola??o dos deveres impostos ao agente), bem como os factores atinentes ao agente, que t?m que ver com a sua personalidade ? factores indicados na al?nea d) (condi??es pessoais e situa??o econ?mica do agente), na al?nea e) (conduta anterior e posterior ao facto) e na al?nea f) (falta de prepara??o para manter uma conduta l?cita, manifestada no facto). Na considera??o das exig?ncias de preven??o, destacam-se as circunst?ncias relevantes por via da preven??o geral, traduzida na necessidade de protec??o do bem jur?dico ofendido, mediante a aplica??o de uma pena proporcional ? gravidade dos factos, reafirmando a manuten??o da confian?a da comunidade na norma violada, e de preven??o especial, que permitam fundamentar um ju?zo de prognose sobre o cometimento de novos crimes no futuro e assim avaliar das necessidades de socializa??o. Incluem-se, aqui, o comportamento anterior e posterior ao crime [al?nea e)], com destaque para os antecedentes criminais) e a falta de prepara??o para manter uma conduta l?cita, manifestada no facto [al?nea f)]. O comportamento do agente, a que se referem as circunst?ncias das al?neas e) e f), adquire particular relevo para determina??o da medida da pena em vista das exig?ncias de preven??o especial. IV- Ficou assente na inst?ncia, que o arguido, pelo menos em 5 ocasi?es distintas, no per?odo temporal de 2015 a mar?o de 2019 no caso da v?tima Sabrina, e de 2017 at? mar?o de 2019 no caso da v?tima (com resolu??es ou des?gnios e condutas distintas), teve comportamentos\/condutas em rela??o ?s referidas duas v?timas, que configuram acto sexual de relevo. E quanto ao necess?rio elemento subjetivo, provou-se o dolo directo da sua actua??o, nomeadamente que: o arguido agiu da forma descrita com o prop?sito de satisfazer os seus desejos sexuais e libidinosos, o que representou e conseguiu, e com perfeito conhecimento da idade das v?timas aquando da pr?tica dos factos, o que n?o podia ignorar por j? conviver com as mesmas h? j? v?rios anos, bem sabendo que as mesmas, em raz?o da sua idade, n?o tinham a capacidade e o discernimento necess?rios a tomar qualquer decis?o, livre e pessoal, quanto ? pr?tica de qualquer acto de natureza sexual como aqueles que praticou sobre as mesmas e ainda de que com a sua conduta prejudicava o livre e s?o desenvolvimento das suas personalidades, aproveitando-se ainda da rela??o de confian?a que mantinha com as v?timas e bem assim da sua idade e consequente ingenuidade e fragilidade. Pelo que o arguido agiu, sempre, bem sabendo que as suas condutas eram proibidas e punidas por lei. V- Perante tudo o exposto, n?o se pode olvidar o facto de o grau de desvalor da ac??o do arguido ser muito elevado. Diremos que os crimes em causa constituem uma grave viola??o do bem jur?dico-penal da autodetermina??o sexual da crian?a, revestindo consequ?ncias muito gravosas para as v?timas crian?as e jovens, tal como conhecidas e estudadas pela psicologia forense, que apontam para um aumento da pr?tica destes crimes, em Portugal, correspondendo a uma maior e crescente percep??o p?blica da sua gravidade e da import?ncia da sua den?ncia. N?o podem ser desvalorizadas as aludidas exig?ncias elevad?ssimas de preven??o geral de integra??o, quando deve ser atendido, como foi e como ? sabido de estudos cient?ficos relativos aos abusos sexuais, o impacto negativo que estes podem ter na vida e experi?ncia pessoal futura das v?timas. E ainda sobre as ?marcas? do abuso sexual, para al?m das imediatas. ?Antes, o conhecimento e a previs?o dos graves danos ao n?vel do desenvolvimento pessoal da v?tima e das potenciais v?timas devem ser tidos em conta quando se aprecia da reac??o penal adequada a este tipo de condutas abusivas, exigindo-se a garantia de uma clara fun??o de reintegra??o e reafirma??o do bem jur?dico posto em causa, e de forma clara para todos. VI- E, atentos os crit?rios do artigo 71.?, do CP, o grau de culpa revelado, as prementes necessidades de preven??o geral, bem como as de preven??o especial, e ponderando devidamente a mat?ria f?ctica assente em benef?cio do arguido e que atr?s se referiu, entendemos que perante a moldura penal do crime de abuso sexual de crian?a p. e p. pelo artigo 171.?, n.?1, do CP, punido com pena de 1 (um) a 8 (oito) anos de pris?o, entendemos como adequadas a condena??o por cada um dos crimes, nas penas parcelares de dois anos de pris?o. VII- Nos termos do disposto no artigo 77.? , n.? 1, do CP, ao estabelecer as regras da puni??o do concurso, nomeadamente que na medida da pena ?nica s?o considerados, em conjunto, os factos e a personalidade do agente, ? for?oso concluir que, com a fixa??o da pena ?nica, se pretende sancionar o agente, n?o s? pelos factos individualmente considerados, mas tamb?m e especialmente pelo respectivo conjunto, e n?o como mero somat?rio de factos criminosos, mas enquanto revelador da dimens?o e gravidade global do comportamento delituoso do agente, visto que a lei manda se considere e pondere, em conjunto (e n?o unitariamente), os factos e a personalidade do agente como se o conjunto dos factos fornecesse a gravidade do il?cito global perpetrado. O todo n?o equivale ? mera soma das partes, sendo a valora??o conjunta dos factos e da personalidade, a que se refere a 2.? parte, do n.? 1, do artigo 77.?, do CP. ? o conjunto dos factos que fornece a gravidade do il?cito global perpetrado, sendo decisiva para a sua avalia??o a conex?o e o tipo de conex?o que entre os factos concorrentes se verifique. Na avalia??o da personalidade ? unit?ria ? do agente relevar?, sobretudo, a quest?o de saber se o conjunto dos factos ? reconduz?vel a uma tend?ncia (ou eventualmente mesmo a uma carreira) criminosa, ou t?o-s? a uma pluriocasionalidade que n?o radica na personalidade: s? no primeiro caso, n?o j? no segundo, ser? cabido atribuir ? pluralidade de crimes um efeito agravante dentro da moldura penal conjunta. ?Releva tamb?m a an?lise do efeito previs?vel da pena sobre o comportamento futuro do agente (exig?ncias de preven??o especial de socializa??o). Um dos crit?rios fundamentais em sede deste sentido de culpa, numa perspectiva global dos factos, ? o da determina??o da intensidade da ofensa e dimens?o do bem jur?dico ofendido, sendo certo que assume significado profundamente diferente a viola??o repetida de bens jur?dicos ligados ? dimens?o pessoal, em rela??o a bens patrimoniais. Por outro lado, importa determinar os motivos e objectivos do agente no denominador comum dos actos il?citos praticados e, eventualmente, dos estados de depend?ncia, bem como a tend?ncia para a actividade criminosa expressa pelo n?mero de infrac??es, pela sua perman?ncia no tempo, pela depend?ncia de vida em rela??o ?quela actividade. Na avalia??o da personalidade expressa nos factos ? todo um processo de socializa??o e de inser??o, ou de rep?dio pelas normas de identifica??o social e de viv?ncia em comunidade, que deve ser ponderado. ?Nos termos do n.? 2, do artigo 77.? do CP, a pena aplic?vel tem como limite m?ximo a soma das penas concretamente aplicadas aos v?rios crimes, n?o podendo ultrapassar 25 anos, e como limite m?nimo, a mais elevada das penas concretamente aplicadas aos v?rios crimes. VIII- Contra o arguido pesam as muito elevadas exig?ncias de preven??o geral neste tipo de criminalidade (de cariz sexual), causando grande alarme e repugn?ncia social e, por isso, a merecer puni??o exemplar, pois, s? assim se reafirma na comunidade, a validade e vig?ncia da norma violada.? O arguido actuou com dolo intenso, na sua modalidade mais grave: dolo directo. Considerando o crime em apre?o &#8212; que, em si mesmo ? grave ? e o grau elevado de ilicitude da conduta do arguido, anota-se que se tratou, n?o de um acto isolado, mas algo que se repetiu em 5 ocasi?es que coincidem com uma fase de crescimento infanto-juvenil das v?timas, essencial para a forma??o das mesmas como ser humano a todos os n?veis, quer f?sico\/sexual, quer afectivo, emocional e social sendo, ainda nesta data, imposs?vel aferir na sua integralidade dos danos que a conduta do arguido gravou na sua vida. Pelo que na determina??o da medida da pena ter? ainda de se sopesar as consequ?ncias que a conduta do arguido acarretou para as v?timas (algo significativas as imediatas e ora conhecidas, sendo que de futuro se ignoram as sequelas que esta actua??o poder? vir a acarretar no desenvolvimento emocional, afectivo e sexual destas menores). IX- O arguido confessou parcialmente. Importa, ainda, o facto de o arguido n?o ter antecedentes criminais, o que milita a seu favor. X- Atendendo, nos termos do disposto no artigo 77.?, do CP, ? moldura penal abstratamente aplic?vel, que se situa, no seu limite m?nimo, em 2 anos e no seu limite m?ximo em 20 anos, entendemos ser justa adequada e proporcional aplicar ao arguido a pena ?nica de 7 (sete) anos de pris?o. XI- Na fixa??o da indemniza??o por danos n?o patrimoniais ter?o de se ter em aten??o os artigos 483.?, 496.?, n.?s 1, 2 e 4, 562.? e 566.?, n.?s 1 e 2, do CC: quem viola ilicitamente os direitos de outrem fica obrigado a indemnizar o lesado pelos danos resultantes dessa viola??o; na fixa??o da indemniza??o deve atender-se aos danos n?o patrimoniais que, pela sua gravidade, mere?am a tutela do direito; a indemniza??o pelos danos n?o patrimoniais deve ser fixada equitativamente pelo tribunal, tendo em aten??o o grau de culpabilidade do agente, a situa??o econ?mica deste e do lesado e as demais circunst?ncias do caso; quem estiver obrigado a reparar um dano deve reconstituir a situa??o que existiria, se n?o se tivesse verificado o evento que obriga ? repara??o; a indemniza??o ? fixada em dinheiro, sempre que a repara??o natural n?o seja poss?vel, e tem como medida a diferen?a entre a situa??o patrimonial do lesado, na data mais recente que puder ser atendida pelo tribunal, e a que teria nessa data se n?o existissem danos. Como tem vindo a ser afirmado pela doutrina e pela jurisprud?ncia, a indemniza??o prevista no artigo 496.?, n.? 1, do CC, ? mais propriamente uma verdadeira compensa??o. A finalidade que lhe preside ? a de atenuar, minorar e de algum modo compensar os desgostos e sofrimentos j? suportados e a suportar pelo lesado, atrav?s de uma quantia em dinheiro que, permitindo o acesso a bens, vantagens e utilidades, seja capaz de permitir ao lesado a satisfa??o das mais variadas necessidades e de, assim, lhe proporcionar um acr?scimo de bem-estar que contrabalance os males sofridos, as dores e ang?stias suportadas e a suportar. S?o indemniz?veis, com base na equidade, os danos n?o patrimoniais que ?pela sua gravidade mere?am a tutela do direito? ? n?s 1 e 3 do artigo 496? do CC. Neste sentido, refere-se no Ac. do STJ, n.? 467\/16. 5PALSB.L1- S1, de 23.03.2018, 5.? sec??o; ?(&#8230;) No caso dos danos n?o patrimoniais, a indemniza??o reveste uma natureza acentuadamente mista, pois ?visa reparar, de algum modo, mais que indemnizar os danos sofridos pela pessoa lesada?, n?o lhe sendo, por?m, estranha a ?ideia de reprovar ou castigar, no plano civil?stico e com os meios pr?prios do direito privado, a conduta do agente?. XII- No caso em apre?o, os factos respeitantes aos danos que as menores sofreram em consequ?ncia das descritas condutas do arguido suportam-se nas regras da normalidade, por ser pac?fico que os contactos sexuais com crian?as da idade das menores em regra causam traumas, medos, inseguran?as e perda de confian?a no relacionamento com os outros. Ali?s os factos assentes baseiam-se nos? depoimentos? das pr?prias menores (nomeadamente a dificuldade que manifestaram em falar sobre os factos de que foram v?timas) e de duas testemunhas que conhecem as menores e com as mesmas conviveram ? data dos factos e ou posteriormente aos mesmos, quais sejam o av? paterno das menores que interpelado a tal respeito descreveu como eram as suas netas antes e depois dos acontecimentos; no mesmo sentido, o depoimento da t?cnica social, com conhecimentos tamb?m na ?rea da psicologia, que acompanhou as menores e? relatou,? entre? o? mais,? os? medos? e? receios? das? menores? consequentes? dos? factos,? o? seu sofrimento consequente ? sua retirada dos av?s com quem foram criadas e a sua institucionaliza??o na Casa da Crian?a, na Santa Casa da Miseric?rdia, a sua falta de colabora??o inicial para relatar os factos de que foram v?timas de modo regressar o mais rapidamente poss?vel a viver com os av?s; tamb?m se sustentam nos relat?rios periciais m?dico legais de psicologia das duas menores que a este n?vel s?o semelhantes, nomeadamente quando concluem como consequ?ncia dos factos as menores apresentam sintomatologia ansiosa e altera??es de comportamento associado ao processo judicial em curso. Tamb?m n?o tem nenhum fundamento a tentativa que ? feita de desvalorizar o trauma causado nas v?timas, o qual, mesmo que dele n?o tivesse consci?ncia, e tem, deixar? sempre marcas profundas. XIII- Em conclus?o, no caso, afigura-se-nos que revendo a factualidade supra elencada, se mostra justa e criteriosa a indemniza??o atribu?da pelo Tribunal de primeira inst?ncia, a t?tulo de danos n?o patrimoniais, no montante de ? 20 000 (vinte mil euros), a da uma das v?timas, a qual n?o nos merece qualquer reparo.<\/p>\n","protected":false},"featured_media":0,"template":"","meta":{"_crdt_document":""},"kji_country":[7762],"kji_court":[7763],"kji_chamber":[7955],"kji_year":[36297],"kji_subject":[7660],"kji_keyword":[7772,7774,7771,7773,7636],"kji_language":[7770],"class_list":["post-680584","kji_decision","type-kji_decision","status-publish","hentry","kji_country-portugal","kji_court-supremo-tribunal-de-justica","kji_chamber-5-seco","kji_year-36297","kji_subject-constitutionnel","kji_keyword-acordao","kji_keyword-justica","kji_keyword-processo","kji_keyword-supremo","kji_keyword-tribunal","kji_language-pt"],"yoast_head":"<!-- This site is optimized with the Yoast SEO Premium plugin v27.5 (Yoast SEO v27.5) - https:\/\/yoast.com\/product\/yoast-seo-premium-wordpress\/ -->\n<title>Ac\u00f3rd\u00e3o Supremo Tribunal de Justi\u00e7a \u2013 Processo 77\/19.5T9PRG.S1 \u2013 2021-09-09 - Ma\u00eetre Hassan Kohen, avocat en droit p\u00e9nal \u00e0 Paris<\/title>\n<meta name=\"robots\" content=\"index, follow, max-snippet:-1, max-image-preview:large, max-video-preview:-1\" \/>\n<link rel=\"canonical\" href=\"https:\/\/kohenavocats.com\/ru\/jurisprudences\/acordao-supremo-tribunal-de-justica-processo-77-19-5t9prg-s1-2021-09-09\/\" \/>\n<meta property=\"og:locale\" content=\"ru_RU\" \/>\n<meta property=\"og:type\" content=\"article\" \/>\n<meta property=\"og:title\" content=\"Ac\u00f3rd\u00e3o Supremo Tribunal de Justi\u00e7a \u2013 Processo 77\/19.5T9PRG.S1 \u2013 2021-09-09\" \/>\n<meta property=\"og:description\" content=\"Relator: MARGARIDA BLASCO. I- Nos termos do artigo 40.?, do CP, que disp?e sobre as finalidades das penas, ?a aplica??o de penas e de medidas de seguran?a visa a protec??o de bens jur?dicos e a reintegra??o do agente na sociedade? e ?em caso algum a pena pode ultrapassar a medida da culpa?, devendo a sua determina??o ser feita em fun??o da culpa do agente e das exig?ncias de preven??o, de acordo com o disposto no artigo 71.?, do mesmo diploma. Como se tem reiteradamente afirmado, este regime encontra os seus fundamentos no artigo 18.?, n.? 2, da CRP, segundo o qual ?a lei s? pode restringir os direitos, liberdades e garantias nos casos expressamente previstos na Constitui??o, devendo as restri??es limitar-se ao necess?rio para salvaguardar outros direitos ou interesses constitucionalmente protegidos?. A restri??o do direito ? liberdade, por aplica??o de uma pena (artigo 27.?, n.? 2, da CRP), submete-se, assim, tal como a sua previs?o legal, ao princ?pio da proporcionalidade ou da proibi??o do excesso, que se desdobra nos subprinc?pios da necessidade ou indispensabilidade - segundo o qual a pena privativa da liberdade se h?-de revelar necess?ria aos fins visados, que n?o podem ser realizados por outros meios menos onerosos, - adequa??o - que implica que a pena deva ser o meio id?neo e adequado para a obten??o desses fins ? e da proporcionalidade em sentido estrito - de acordo com o qual a pena deve ser encontrada na ?justa medida?, impedindo-se, deste modo, que possa ser desproporcionada ou excessiva. ? II- A projec??o destes princ?pios no modelo de determina??o da pena justifica-se pelas necessidades de protec??o dos bens jur?dicos tutelados pelas normas incriminadoras violadas (finalidade de preven??o geral) e de ressocializa??o (finalidade de preven??o especial), em conformidade com um crit?rio de proporcionalidade entre a gravidade da pena e a gravidade do facto praticado, avaliada, em concreto, por factores ou circunst?ncias relacionadas com este e com a personalidade do agente, relevantes para avaliar da medida da pena da culpa e da medida da pena preventiva, que, n?o fazendo parte do tipo de crime (proibi??o da dupla valora??o), deponham a favor do agente ou contra ele (artigos 40.? e n.? 1 do 71.? , ambos do CP). III- Como se tem reafirmado, para a medida da gravidade da culpa h? que, de acordo com o artigo 71.?, n.? 2, considerar os factores reveladores da censurabilidade manifestada no facto, nomeadamente os factores capazes de fornecer a medida da gravidade do tipo de il?cito objectivo e subjectivo ? indicados na al?nea a), primeira parte (grau de ilicitude do facto, modo de execu??o e gravidade das suas consequ?ncias), e na al?nea b) (intensidade do dolo ou da neglig?ncia) ?, e os factores a que se referem a al?nea c) (sentimentos manifestados no cometimento do crime e fins ou motivos que o determinaram) e a al?nea a), parte final (grau de viola??o dos deveres impostos ao agente), bem como os factores atinentes ao agente, que t?m que ver com a sua personalidade ? factores indicados na al?nea d) (condi??es pessoais e situa??o econ?mica do agente), na al?nea e) (conduta anterior e posterior ao facto) e na al?nea f) (falta de prepara??o para manter uma conduta l?cita, manifestada no facto). Na considera??o das exig?ncias de preven??o, destacam-se as circunst?ncias relevantes por via da preven??o geral, traduzida na necessidade de protec??o do bem jur?dico ofendido, mediante a aplica??o de uma pena proporcional ? gravidade dos factos, reafirmando a manuten??o da confian?a da comunidade na norma violada, e de preven??o especial, que permitam fundamentar um ju?zo de prognose sobre o cometimento de novos crimes no futuro e assim avaliar das necessidades de socializa??o. Incluem-se, aqui, o comportamento anterior e posterior ao crime [al?nea e)], com destaque para os antecedentes criminais) e a falta de prepara??o para manter uma conduta l?cita, manifestada no facto [al?nea f)]. O comportamento do agente, a que se referem as circunst?ncias das al?neas e) e f), adquire particular relevo para determina??o da medida da pena em vista das exig?ncias de preven??o especial. IV- Ficou assente na inst?ncia, que o arguido, pelo menos em 5 ocasi?es distintas, no per?odo temporal de 2015 a mar?o de 2019 no caso da v?tima Sabrina, e de 2017 at? mar?o de 2019 no caso da v?tima (com resolu??es ou des?gnios e condutas distintas), teve comportamentos\/condutas em rela??o ?s referidas duas v?timas, que configuram acto sexual de relevo. E quanto ao necess?rio elemento subjetivo, provou-se o dolo directo da sua actua??o, nomeadamente que: o arguido agiu da forma descrita com o prop?sito de satisfazer os seus desejos sexuais e libidinosos, o que representou e conseguiu, e com perfeito conhecimento da idade das v?timas aquando da pr?tica dos factos, o que n?o podia ignorar por j? conviver com as mesmas h? j? v?rios anos, bem sabendo que as mesmas, em raz?o da sua idade, n?o tinham a capacidade e o discernimento necess?rios a tomar qualquer decis?o, livre e pessoal, quanto ? pr?tica de qualquer acto de natureza sexual como aqueles que praticou sobre as mesmas e ainda de que com a sua conduta prejudicava o livre e s?o desenvolvimento das suas personalidades, aproveitando-se ainda da rela??o de confian?a que mantinha com as v?timas e bem assim da sua idade e consequente ingenuidade e fragilidade. Pelo que o arguido agiu, sempre, bem sabendo que as suas condutas eram proibidas e punidas por lei. V- Perante tudo o exposto, n?o se pode olvidar o facto de o grau de desvalor da ac??o do arguido ser muito elevado. Diremos que os crimes em causa constituem uma grave viola??o do bem jur?dico-penal da autodetermina??o sexual da crian?a, revestindo consequ?ncias muito gravosas para as v?timas crian?as e jovens, tal como conhecidas e estudadas pela psicologia forense, que apontam para um aumento da pr?tica destes crimes, em Portugal, correspondendo a uma maior e crescente percep??o p?blica da sua gravidade e da import?ncia da sua den?ncia. N?o podem ser desvalorizadas as aludidas exig?ncias elevad?ssimas de preven??o geral de integra??o, quando deve ser atendido, como foi e como ? sabido de estudos cient?ficos relativos aos abusos sexuais, o impacto negativo que estes podem ter na vida e experi?ncia pessoal futura das v?timas. E ainda sobre as ?marcas? do abuso sexual, para al?m das imediatas. ?Antes, o conhecimento e a previs?o dos graves danos ao n?vel do desenvolvimento pessoal da v?tima e das potenciais v?timas devem ser tidos em conta quando se aprecia da reac??o penal adequada a este tipo de condutas abusivas, exigindo-se a garantia de uma clara fun??o de reintegra??o e reafirma??o do bem jur?dico posto em causa, e de forma clara para todos. VI- E, atentos os crit?rios do artigo 71.?, do CP, o grau de culpa revelado, as prementes necessidades de preven??o geral, bem como as de preven??o especial, e ponderando devidamente a mat?ria f?ctica assente em benef?cio do arguido e que atr?s se referiu, entendemos que perante a moldura penal do crime de abuso sexual de crian?a p. e p. pelo artigo 171.?, n.?1, do CP, punido com pena de 1 (um) a 8 (oito) anos de pris?o, entendemos como adequadas a condena??o por cada um dos crimes, nas penas parcelares de dois anos de pris?o. VII- Nos termos do disposto no artigo 77.? , n.? 1, do CP, ao estabelecer as regras da puni??o do concurso, nomeadamente que na medida da pena ?nica s?o considerados, em conjunto, os factos e a personalidade do agente, ? for?oso concluir que, com a fixa??o da pena ?nica, se pretende sancionar o agente, n?o s? pelos factos individualmente considerados, mas tamb?m e especialmente pelo respectivo conjunto, e n?o como mero somat?rio de factos criminosos, mas enquanto revelador da dimens?o e gravidade global do comportamento delituoso do agente, visto que a lei manda se considere e pondere, em conjunto (e n?o unitariamente), os factos e a personalidade do agente como se o conjunto dos factos fornecesse a gravidade do il?cito global perpetrado. O todo n?o equivale ? mera soma das partes, sendo a valora??o conjunta dos factos e da personalidade, a que se refere a 2.? parte, do n.? 1, do artigo 77.?, do CP. ? o conjunto dos factos que fornece a gravidade do il?cito global perpetrado, sendo decisiva para a sua avalia??o a conex?o e o tipo de conex?o que entre os factos concorrentes se verifique. Na avalia??o da personalidade ? unit?ria ? do agente relevar?, sobretudo, a quest?o de saber se o conjunto dos factos ? reconduz?vel a uma tend?ncia (ou eventualmente mesmo a uma carreira) criminosa, ou t?o-s? a uma pluriocasionalidade que n?o radica na personalidade: s? no primeiro caso, n?o j? no segundo, ser? cabido atribuir ? pluralidade de crimes um efeito agravante dentro da moldura penal conjunta. ?Releva tamb?m a an?lise do efeito previs?vel da pena sobre o comportamento futuro do agente (exig?ncias de preven??o especial de socializa??o). Um dos crit?rios fundamentais em sede deste sentido de culpa, numa perspectiva global dos factos, ? o da determina??o da intensidade da ofensa e dimens?o do bem jur?dico ofendido, sendo certo que assume significado profundamente diferente a viola??o repetida de bens jur?dicos ligados ? dimens?o pessoal, em rela??o a bens patrimoniais. Por outro lado, importa determinar os motivos e objectivos do agente no denominador comum dos actos il?citos praticados e, eventualmente, dos estados de depend?ncia, bem como a tend?ncia para a actividade criminosa expressa pelo n?mero de infrac??es, pela sua perman?ncia no tempo, pela depend?ncia de vida em rela??o ?quela actividade. Na avalia??o da personalidade expressa nos factos ? todo um processo de socializa??o e de inser??o, ou de rep?dio pelas normas de identifica??o social e de viv?ncia em comunidade, que deve ser ponderado. ?Nos termos do n.? 2, do artigo 77.? do CP, a pena aplic?vel tem como limite m?ximo a soma das penas concretamente aplicadas aos v?rios crimes, n?o podendo ultrapassar 25 anos, e como limite m?nimo, a mais elevada das penas concretamente aplicadas aos v?rios crimes. VIII- Contra o arguido pesam as muito elevadas exig?ncias de preven??o geral neste tipo de criminalidade (de cariz sexual), causando grande alarme e repugn?ncia social e, por isso, a merecer puni??o exemplar, pois, s? assim se reafirma na comunidade, a validade e vig?ncia da norma violada.? O arguido actuou com dolo intenso, na sua modalidade mais grave: dolo directo. Considerando o crime em apre?o - que, em si mesmo ? grave ? e o grau elevado de ilicitude da conduta do arguido, anota-se que se tratou, n?o de um acto isolado, mas algo que se repetiu em 5 ocasi?es que coincidem com uma fase de crescimento infanto-juvenil das v?timas, essencial para a forma??o das mesmas como ser humano a todos os n?veis, quer f?sico\/sexual, quer afectivo, emocional e social sendo, ainda nesta data, imposs?vel aferir na sua integralidade dos danos que a conduta do arguido gravou na sua vida. Pelo que na determina??o da medida da pena ter? ainda de se sopesar as consequ?ncias que a conduta do arguido acarretou para as v?timas (algo significativas as imediatas e ora conhecidas, sendo que de futuro se ignoram as sequelas que esta actua??o poder? vir a acarretar no desenvolvimento emocional, afectivo e sexual destas menores). IX- O arguido confessou parcialmente. Importa, ainda, o facto de o arguido n?o ter antecedentes criminais, o que milita a seu favor. X- Atendendo, nos termos do disposto no artigo 77.?, do CP, ? moldura penal abstratamente aplic?vel, que se situa, no seu limite m?nimo, em 2 anos e no seu limite m?ximo em 20 anos, entendemos ser justa adequada e proporcional aplicar ao arguido a pena ?nica de 7 (sete) anos de pris?o. XI- Na fixa??o da indemniza??o por danos n?o patrimoniais ter?o de se ter em aten??o os artigos 483.?, 496.?, n.?s 1, 2 e 4, 562.? e 566.?, n.?s 1 e 2, do CC: quem viola ilicitamente os direitos de outrem fica obrigado a indemnizar o lesado pelos danos resultantes dessa viola??o; na fixa??o da indemniza??o deve atender-se aos danos n?o patrimoniais que, pela sua gravidade, mere?am a tutela do direito; a indemniza??o pelos danos n?o patrimoniais deve ser fixada equitativamente pelo tribunal, tendo em aten??o o grau de culpabilidade do agente, a situa??o econ?mica deste e do lesado e as demais circunst?ncias do caso; quem estiver obrigado a reparar um dano deve reconstituir a situa??o que existiria, se n?o se tivesse verificado o evento que obriga ? repara??o; a indemniza??o ? fixada em dinheiro, sempre que a repara??o natural n?o seja poss?vel, e tem como medida a diferen?a entre a situa??o patrimonial do lesado, na data mais recente que puder ser atendida pelo tribunal, e a que teria nessa data se n?o existissem danos. Como tem vindo a ser afirmado pela doutrina e pela jurisprud?ncia, a indemniza??o prevista no artigo 496.?, n.? 1, do CC, ? mais propriamente uma verdadeira compensa??o. A finalidade que lhe preside ? a de atenuar, minorar e de algum modo compensar os desgostos e sofrimentos j? suportados e a suportar pelo lesado, atrav?s de uma quantia em dinheiro que, permitindo o acesso a bens, vantagens e utilidades, seja capaz de permitir ao lesado a satisfa??o das mais variadas necessidades e de, assim, lhe proporcionar um acr?scimo de bem-estar que contrabalance os males sofridos, as dores e ang?stias suportadas e a suportar. S?o indemniz?veis, com base na equidade, os danos n?o patrimoniais que ?pela sua gravidade mere?am a tutela do direito? ? n?s 1 e 3 do artigo 496? do CC. Neste sentido, refere-se no Ac. do STJ, n.? 467\/16. 5PALSB.L1- S1, de 23.03.2018, 5.? sec??o; ?(...) No caso dos danos n?o patrimoniais, a indemniza??o reveste uma natureza acentuadamente mista, pois ?visa reparar, de algum modo, mais que indemnizar os danos sofridos pela pessoa lesada?, n?o lhe sendo, por?m, estranha a ?ideia de reprovar ou castigar, no plano civil?stico e com os meios pr?prios do direito privado, a conduta do agente?. XII- No caso em apre?o, os factos respeitantes aos danos que as menores sofreram em consequ?ncia das descritas condutas do arguido suportam-se nas regras da normalidade, por ser pac?fico que os contactos sexuais com crian?as da idade das menores em regra causam traumas, medos, inseguran?as e perda de confian?a no relacionamento com os outros. Ali?s os factos assentes baseiam-se nos? depoimentos? das pr?prias menores (nomeadamente a dificuldade que manifestaram em falar sobre os factos de que foram v?timas) e de duas testemunhas que conhecem as menores e com as mesmas conviveram ? data dos factos e ou posteriormente aos mesmos, quais sejam o av? paterno das menores que interpelado a tal respeito descreveu como eram as suas netas antes e depois dos acontecimentos; no mesmo sentido, o depoimento da t?cnica social, com conhecimentos tamb?m na ?rea da psicologia, que acompanhou as menores e? relatou,? entre? o? mais,? os? medos? e? receios? das? menores? consequentes? dos? factos,? o? seu sofrimento consequente ? sua retirada dos av?s com quem foram criadas e a sua institucionaliza??o na Casa da Crian?a, na Santa Casa da Miseric?rdia, a sua falta de colabora??o inicial para relatar os factos de que foram v?timas de modo regressar o mais rapidamente poss?vel a viver com os av?s; tamb?m se sustentam nos relat?rios periciais m?dico legais de psicologia das duas menores que a este n?vel s?o semelhantes, nomeadamente quando concluem como consequ?ncia dos factos as menores apresentam sintomatologia ansiosa e altera??es de comportamento associado ao processo judicial em curso. Tamb?m n?o tem nenhum fundamento a tentativa que ? feita de desvalorizar o trauma causado nas v?timas, o qual, mesmo que dele n?o tivesse consci?ncia, e tem, deixar? sempre marcas profundas. XIII- Em conclus?o, no caso, afigura-se-nos que revendo a factualidade supra elencada, se mostra justa e criteriosa a indemniza??o atribu?da pelo Tribunal de primeira inst?ncia, a t?tulo de danos n?o patrimoniais, no montante de ? 20 000 (vinte mil euros), a da uma das v?timas, a qual n?o nos merece qualquer reparo.\" \/>\n<meta property=\"og:url\" content=\"https:\/\/kohenavocats.com\/ru\/jurisprudences\/acordao-supremo-tribunal-de-justica-processo-77-19-5t9prg-s1-2021-09-09\/\" \/>\n<meta property=\"og:site_name\" content=\"Ma\u00eetre Hassan Kohen, avocat en droit p\u00e9nal \u00e0 Paris\" \/>\n<meta name=\"twitter:card\" content=\"summary_large_image\" \/>\n<meta name=\"twitter:label1\" content=\"\u041f\u0440\u0438\u043c\u0435\u0440\u043d\u043e\u0435 \u0432\u0440\u0435\u043c\u044f \u0434\u043b\u044f \u0447\u0442\u0435\u043d\u0438\u044f\" \/>\n\t<meta name=\"twitter:data1\" content=\"14 \u043c\u0438\u043d\u0443\u0442\" \/>\n<script type=\"application\/ld+json\" class=\"yoast-schema-graph\">{\"@context\":\"https:\\\/\\\/schema.org\",\"@graph\":[{\"@type\":\"WebPage\",\"@id\":\"https:\\\/\\\/kohenavocats.com\\\/ru\\\/jurisprudences\\\/acordao-supremo-tribunal-de-justica-processo-77-19-5t9prg-s1-2021-09-09\\\/\",\"url\":\"https:\\\/\\\/kohenavocats.com\\\/ru\\\/jurisprudences\\\/acordao-supremo-tribunal-de-justica-processo-77-19-5t9prg-s1-2021-09-09\\\/\",\"name\":\"Ac\u00f3rd\u00e3o Supremo Tribunal de Justi\u00e7a \u2013 Processo 77\\\/19.5T9PRG.S1 \u2013 2021-09-09 - Ma\u00eetre Hassan Kohen, avocat en droit p\u00e9nal \u00e0 Paris\",\"isPartOf\":{\"@id\":\"https:\\\/\\\/kohenavocats.com\\\/ru\\\/#website\"},\"datePublished\":\"2026-04-25T10:47:09+00:00\",\"breadcrumb\":{\"@id\":\"https:\\\/\\\/kohenavocats.com\\\/ru\\\/jurisprudences\\\/acordao-supremo-tribunal-de-justica-processo-77-19-5t9prg-s1-2021-09-09\\\/#breadcrumb\"},\"inLanguage\":\"ru-RU\",\"potentialAction\":[{\"@type\":\"ReadAction\",\"target\":[\"https:\\\/\\\/kohenavocats.com\\\/ru\\\/jurisprudences\\\/acordao-supremo-tribunal-de-justica-processo-77-19-5t9prg-s1-2021-09-09\\\/\"]}]},{\"@type\":\"BreadcrumbList\",\"@id\":\"https:\\\/\\\/kohenavocats.com\\\/ru\\\/jurisprudences\\\/acordao-supremo-tribunal-de-justica-processo-77-19-5t9prg-s1-2021-09-09\\\/#breadcrumb\",\"itemListElement\":[{\"@type\":\"ListItem\",\"position\":1,\"name\":\"Home\",\"item\":\"https:\\\/\\\/kohenavocats.com\\\/ru\\\/avocats-en-droit-penal-a-paris-conseil-et-defense-strategique\\\/\"},{\"@type\":\"ListItem\",\"position\":2,\"name\":\"Jurisprudences\",\"item\":\"https:\\\/\\\/kohenavocats.com\\\/ru\\\/jurisprudences\\\/\"},{\"@type\":\"ListItem\",\"position\":3,\"name\":\"Ac\u00f3rd\u00e3o Supremo Tribunal de Justi\u00e7a \u2013 Processo 77\\\/19.5T9PRG.S1 \u2013 2021-09-09\"}]},{\"@type\":\"WebSite\",\"@id\":\"https:\\\/\\\/kohenavocats.com\\\/ru\\\/#website\",\"url\":\"https:\\\/\\\/kohenavocats.com\\\/ru\\\/\",\"name\":\"Kohen Avocats\",\"description\":\"Ma\u00eetre Hassan Kohen, avocat p\u00e9naliste \u00e0 Paris, intervient exclusivement en droit p\u00e9nal pour la d\u00e9fense des particuliers, notamment en mati\u00e8re d\u2019accusations de viol. Il assure un accompagnement rigoureux d\u00e8s la garde \u00e0 vue jusqu\u2019\u00e0 la Cour d\u2019assises, veillant au strict respect des garanties proc\u00e9durales.\",\"publisher\":{\"@id\":\"https:\\\/\\\/kohenavocats.com\\\/ru\\\/#organization\"},\"potentialAction\":[{\"@type\":\"SearchAction\",\"target\":{\"@type\":\"EntryPoint\",\"urlTemplate\":\"https:\\\/\\\/kohenavocats.com\\\/ru\\\/?s={search_term_string}\"},\"query-input\":{\"@type\":\"PropertyValueSpecification\",\"valueRequired\":true,\"valueName\":\"search_term_string\"}}],\"inLanguage\":\"ru-RU\"},{\"@type\":\"Organization\",\"@id\":\"https:\\\/\\\/kohenavocats.com\\\/ru\\\/#organization\",\"name\":\"Kohen Avocats\",\"url\":\"https:\\\/\\\/kohenavocats.com\\\/ru\\\/\",\"logo\":{\"@type\":\"ImageObject\",\"inLanguage\":\"ru-RU\",\"@id\":\"https:\\\/\\\/kohenavocats.com\\\/ru\\\/#\\\/schema\\\/logo\\\/image\\\/\",\"url\":\"https:\\\/\\\/kohenavocats.com\\\/wp-content\\\/uploads\\\/2026\\\/01\\\/Logo-2-1.webp\",\"contentUrl\":\"https:\\\/\\\/kohenavocats.com\\\/wp-content\\\/uploads\\\/2026\\\/01\\\/Logo-2-1.webp\",\"width\":2114,\"height\":1253,\"caption\":\"Kohen Avocats\"},\"image\":{\"@id\":\"https:\\\/\\\/kohenavocats.com\\\/ru\\\/#\\\/schema\\\/logo\\\/image\\\/\"}}]}<\/script>\n<!-- \/ Yoast SEO Premium plugin. -->","yoast_head_json":{"title":"Ac\u00f3rd\u00e3o Supremo Tribunal de Justi\u00e7a \u2013 Processo 77\/19.5T9PRG.S1 \u2013 2021-09-09 - Ma\u00eetre Hassan Kohen, avocat en droit p\u00e9nal \u00e0 Paris","robots":{"index":"index","follow":"follow","max-snippet":"max-snippet:-1","max-image-preview":"max-image-preview:large","max-video-preview":"max-video-preview:-1"},"canonical":"https:\/\/kohenavocats.com\/ru\/jurisprudences\/acordao-supremo-tribunal-de-justica-processo-77-19-5t9prg-s1-2021-09-09\/","og_locale":"ru_RU","og_type":"article","og_title":"Ac\u00f3rd\u00e3o Supremo Tribunal de Justi\u00e7a \u2013 Processo 77\/19.5T9PRG.S1 \u2013 2021-09-09","og_description":"Relator: MARGARIDA BLASCO. I- Nos termos do artigo 40.?, do CP, que disp?e sobre as finalidades das penas, ?a aplica??o de penas e de medidas de seguran?a visa a protec??o de bens jur?dicos e a reintegra??o do agente na sociedade? e ?em caso algum a pena pode ultrapassar a medida da culpa?, devendo a sua determina??o ser feita em fun??o da culpa do agente e das exig?ncias de preven??o, de acordo com o disposto no artigo 71.?, do mesmo diploma. Como se tem reiteradamente afirmado, este regime encontra os seus fundamentos no artigo 18.?, n.? 2, da CRP, segundo o qual ?a lei s? pode restringir os direitos, liberdades e garantias nos casos expressamente previstos na Constitui??o, devendo as restri??es limitar-se ao necess?rio para salvaguardar outros direitos ou interesses constitucionalmente protegidos?. A restri??o do direito ? liberdade, por aplica??o de uma pena (artigo 27.?, n.? 2, da CRP), submete-se, assim, tal como a sua previs?o legal, ao princ?pio da proporcionalidade ou da proibi??o do excesso, que se desdobra nos subprinc?pios da necessidade ou indispensabilidade - segundo o qual a pena privativa da liberdade se h?-de revelar necess?ria aos fins visados, que n?o podem ser realizados por outros meios menos onerosos, - adequa??o - que implica que a pena deva ser o meio id?neo e adequado para a obten??o desses fins ? e da proporcionalidade em sentido estrito - de acordo com o qual a pena deve ser encontrada na ?justa medida?, impedindo-se, deste modo, que possa ser desproporcionada ou excessiva. ? II- A projec??o destes princ?pios no modelo de determina??o da pena justifica-se pelas necessidades de protec??o dos bens jur?dicos tutelados pelas normas incriminadoras violadas (finalidade de preven??o geral) e de ressocializa??o (finalidade de preven??o especial), em conformidade com um crit?rio de proporcionalidade entre a gravidade da pena e a gravidade do facto praticado, avaliada, em concreto, por factores ou circunst?ncias relacionadas com este e com a personalidade do agente, relevantes para avaliar da medida da pena da culpa e da medida da pena preventiva, que, n?o fazendo parte do tipo de crime (proibi??o da dupla valora??o), deponham a favor do agente ou contra ele (artigos 40.? e n.? 1 do 71.? , ambos do CP). III- Como se tem reafirmado, para a medida da gravidade da culpa h? que, de acordo com o artigo 71.?, n.? 2, considerar os factores reveladores da censurabilidade manifestada no facto, nomeadamente os factores capazes de fornecer a medida da gravidade do tipo de il?cito objectivo e subjectivo ? indicados na al?nea a), primeira parte (grau de ilicitude do facto, modo de execu??o e gravidade das suas consequ?ncias), e na al?nea b) (intensidade do dolo ou da neglig?ncia) ?, e os factores a que se referem a al?nea c) (sentimentos manifestados no cometimento do crime e fins ou motivos que o determinaram) e a al?nea a), parte final (grau de viola??o dos deveres impostos ao agente), bem como os factores atinentes ao agente, que t?m que ver com a sua personalidade ? factores indicados na al?nea d) (condi??es pessoais e situa??o econ?mica do agente), na al?nea e) (conduta anterior e posterior ao facto) e na al?nea f) (falta de prepara??o para manter uma conduta l?cita, manifestada no facto). Na considera??o das exig?ncias de preven??o, destacam-se as circunst?ncias relevantes por via da preven??o geral, traduzida na necessidade de protec??o do bem jur?dico ofendido, mediante a aplica??o de uma pena proporcional ? gravidade dos factos, reafirmando a manuten??o da confian?a da comunidade na norma violada, e de preven??o especial, que permitam fundamentar um ju?zo de prognose sobre o cometimento de novos crimes no futuro e assim avaliar das necessidades de socializa??o. Incluem-se, aqui, o comportamento anterior e posterior ao crime [al?nea e)], com destaque para os antecedentes criminais) e a falta de prepara??o para manter uma conduta l?cita, manifestada no facto [al?nea f)]. O comportamento do agente, a que se referem as circunst?ncias das al?neas e) e f), adquire particular relevo para determina??o da medida da pena em vista das exig?ncias de preven??o especial. IV- Ficou assente na inst?ncia, que o arguido, pelo menos em 5 ocasi?es distintas, no per?odo temporal de 2015 a mar?o de 2019 no caso da v?tima Sabrina, e de 2017 at? mar?o de 2019 no caso da v?tima (com resolu??es ou des?gnios e condutas distintas), teve comportamentos\/condutas em rela??o ?s referidas duas v?timas, que configuram acto sexual de relevo. E quanto ao necess?rio elemento subjetivo, provou-se o dolo directo da sua actua??o, nomeadamente que: o arguido agiu da forma descrita com o prop?sito de satisfazer os seus desejos sexuais e libidinosos, o que representou e conseguiu, e com perfeito conhecimento da idade das v?timas aquando da pr?tica dos factos, o que n?o podia ignorar por j? conviver com as mesmas h? j? v?rios anos, bem sabendo que as mesmas, em raz?o da sua idade, n?o tinham a capacidade e o discernimento necess?rios a tomar qualquer decis?o, livre e pessoal, quanto ? pr?tica de qualquer acto de natureza sexual como aqueles que praticou sobre as mesmas e ainda de que com a sua conduta prejudicava o livre e s?o desenvolvimento das suas personalidades, aproveitando-se ainda da rela??o de confian?a que mantinha com as v?timas e bem assim da sua idade e consequente ingenuidade e fragilidade. Pelo que o arguido agiu, sempre, bem sabendo que as suas condutas eram proibidas e punidas por lei. V- Perante tudo o exposto, n?o se pode olvidar o facto de o grau de desvalor da ac??o do arguido ser muito elevado. Diremos que os crimes em causa constituem uma grave viola??o do bem jur?dico-penal da autodetermina??o sexual da crian?a, revestindo consequ?ncias muito gravosas para as v?timas crian?as e jovens, tal como conhecidas e estudadas pela psicologia forense, que apontam para um aumento da pr?tica destes crimes, em Portugal, correspondendo a uma maior e crescente percep??o p?blica da sua gravidade e da import?ncia da sua den?ncia. N?o podem ser desvalorizadas as aludidas exig?ncias elevad?ssimas de preven??o geral de integra??o, quando deve ser atendido, como foi e como ? sabido de estudos cient?ficos relativos aos abusos sexuais, o impacto negativo que estes podem ter na vida e experi?ncia pessoal futura das v?timas. E ainda sobre as ?marcas? do abuso sexual, para al?m das imediatas. ?Antes, o conhecimento e a previs?o dos graves danos ao n?vel do desenvolvimento pessoal da v?tima e das potenciais v?timas devem ser tidos em conta quando se aprecia da reac??o penal adequada a este tipo de condutas abusivas, exigindo-se a garantia de uma clara fun??o de reintegra??o e reafirma??o do bem jur?dico posto em causa, e de forma clara para todos. VI- E, atentos os crit?rios do artigo 71.?, do CP, o grau de culpa revelado, as prementes necessidades de preven??o geral, bem como as de preven??o especial, e ponderando devidamente a mat?ria f?ctica assente em benef?cio do arguido e que atr?s se referiu, entendemos que perante a moldura penal do crime de abuso sexual de crian?a p. e p. pelo artigo 171.?, n.?1, do CP, punido com pena de 1 (um) a 8 (oito) anos de pris?o, entendemos como adequadas a condena??o por cada um dos crimes, nas penas parcelares de dois anos de pris?o. VII- Nos termos do disposto no artigo 77.? , n.? 1, do CP, ao estabelecer as regras da puni??o do concurso, nomeadamente que na medida da pena ?nica s?o considerados, em conjunto, os factos e a personalidade do agente, ? for?oso concluir que, com a fixa??o da pena ?nica, se pretende sancionar o agente, n?o s? pelos factos individualmente considerados, mas tamb?m e especialmente pelo respectivo conjunto, e n?o como mero somat?rio de factos criminosos, mas enquanto revelador da dimens?o e gravidade global do comportamento delituoso do agente, visto que a lei manda se considere e pondere, em conjunto (e n?o unitariamente), os factos e a personalidade do agente como se o conjunto dos factos fornecesse a gravidade do il?cito global perpetrado. O todo n?o equivale ? mera soma das partes, sendo a valora??o conjunta dos factos e da personalidade, a que se refere a 2.? parte, do n.? 1, do artigo 77.?, do CP. ? o conjunto dos factos que fornece a gravidade do il?cito global perpetrado, sendo decisiva para a sua avalia??o a conex?o e o tipo de conex?o que entre os factos concorrentes se verifique. Na avalia??o da personalidade ? unit?ria ? do agente relevar?, sobretudo, a quest?o de saber se o conjunto dos factos ? reconduz?vel a uma tend?ncia (ou eventualmente mesmo a uma carreira) criminosa, ou t?o-s? a uma pluriocasionalidade que n?o radica na personalidade: s? no primeiro caso, n?o j? no segundo, ser? cabido atribuir ? pluralidade de crimes um efeito agravante dentro da moldura penal conjunta. ?Releva tamb?m a an?lise do efeito previs?vel da pena sobre o comportamento futuro do agente (exig?ncias de preven??o especial de socializa??o). Um dos crit?rios fundamentais em sede deste sentido de culpa, numa perspectiva global dos factos, ? o da determina??o da intensidade da ofensa e dimens?o do bem jur?dico ofendido, sendo certo que assume significado profundamente diferente a viola??o repetida de bens jur?dicos ligados ? dimens?o pessoal, em rela??o a bens patrimoniais. Por outro lado, importa determinar os motivos e objectivos do agente no denominador comum dos actos il?citos praticados e, eventualmente, dos estados de depend?ncia, bem como a tend?ncia para a actividade criminosa expressa pelo n?mero de infrac??es, pela sua perman?ncia no tempo, pela depend?ncia de vida em rela??o ?quela actividade. Na avalia??o da personalidade expressa nos factos ? todo um processo de socializa??o e de inser??o, ou de rep?dio pelas normas de identifica??o social e de viv?ncia em comunidade, que deve ser ponderado. ?Nos termos do n.? 2, do artigo 77.? do CP, a pena aplic?vel tem como limite m?ximo a soma das penas concretamente aplicadas aos v?rios crimes, n?o podendo ultrapassar 25 anos, e como limite m?nimo, a mais elevada das penas concretamente aplicadas aos v?rios crimes. VIII- Contra o arguido pesam as muito elevadas exig?ncias de preven??o geral neste tipo de criminalidade (de cariz sexual), causando grande alarme e repugn?ncia social e, por isso, a merecer puni??o exemplar, pois, s? assim se reafirma na comunidade, a validade e vig?ncia da norma violada.? O arguido actuou com dolo intenso, na sua modalidade mais grave: dolo directo. Considerando o crime em apre?o - que, em si mesmo ? grave ? e o grau elevado de ilicitude da conduta do arguido, anota-se que se tratou, n?o de um acto isolado, mas algo que se repetiu em 5 ocasi?es que coincidem com uma fase de crescimento infanto-juvenil das v?timas, essencial para a forma??o das mesmas como ser humano a todos os n?veis, quer f?sico\/sexual, quer afectivo, emocional e social sendo, ainda nesta data, imposs?vel aferir na sua integralidade dos danos que a conduta do arguido gravou na sua vida. Pelo que na determina??o da medida da pena ter? ainda de se sopesar as consequ?ncias que a conduta do arguido acarretou para as v?timas (algo significativas as imediatas e ora conhecidas, sendo que de futuro se ignoram as sequelas que esta actua??o poder? vir a acarretar no desenvolvimento emocional, afectivo e sexual destas menores). IX- O arguido confessou parcialmente. Importa, ainda, o facto de o arguido n?o ter antecedentes criminais, o que milita a seu favor. X- Atendendo, nos termos do disposto no artigo 77.?, do CP, ? moldura penal abstratamente aplic?vel, que se situa, no seu limite m?nimo, em 2 anos e no seu limite m?ximo em 20 anos, entendemos ser justa adequada e proporcional aplicar ao arguido a pena ?nica de 7 (sete) anos de pris?o. XI- Na fixa??o da indemniza??o por danos n?o patrimoniais ter?o de se ter em aten??o os artigos 483.?, 496.?, n.?s 1, 2 e 4, 562.? e 566.?, n.?s 1 e 2, do CC: quem viola ilicitamente os direitos de outrem fica obrigado a indemnizar o lesado pelos danos resultantes dessa viola??o; na fixa??o da indemniza??o deve atender-se aos danos n?o patrimoniais que, pela sua gravidade, mere?am a tutela do direito; a indemniza??o pelos danos n?o patrimoniais deve ser fixada equitativamente pelo tribunal, tendo em aten??o o grau de culpabilidade do agente, a situa??o econ?mica deste e do lesado e as demais circunst?ncias do caso; quem estiver obrigado a reparar um dano deve reconstituir a situa??o que existiria, se n?o se tivesse verificado o evento que obriga ? repara??o; a indemniza??o ? fixada em dinheiro, sempre que a repara??o natural n?o seja poss?vel, e tem como medida a diferen?a entre a situa??o patrimonial do lesado, na data mais recente que puder ser atendida pelo tribunal, e a que teria nessa data se n?o existissem danos. Como tem vindo a ser afirmado pela doutrina e pela jurisprud?ncia, a indemniza??o prevista no artigo 496.?, n.? 1, do CC, ? mais propriamente uma verdadeira compensa??o. A finalidade que lhe preside ? a de atenuar, minorar e de algum modo compensar os desgostos e sofrimentos j? suportados e a suportar pelo lesado, atrav?s de uma quantia em dinheiro que, permitindo o acesso a bens, vantagens e utilidades, seja capaz de permitir ao lesado a satisfa??o das mais variadas necessidades e de, assim, lhe proporcionar um acr?scimo de bem-estar que contrabalance os males sofridos, as dores e ang?stias suportadas e a suportar. S?o indemniz?veis, com base na equidade, os danos n?o patrimoniais que ?pela sua gravidade mere?am a tutela do direito? ? n?s 1 e 3 do artigo 496? do CC. Neste sentido, refere-se no Ac. do STJ, n.? 467\/16. 5PALSB.L1- S1, de 23.03.2018, 5.? sec??o; ?(...) No caso dos danos n?o patrimoniais, a indemniza??o reveste uma natureza acentuadamente mista, pois ?visa reparar, de algum modo, mais que indemnizar os danos sofridos pela pessoa lesada?, n?o lhe sendo, por?m, estranha a ?ideia de reprovar ou castigar, no plano civil?stico e com os meios pr?prios do direito privado, a conduta do agente?. XII- No caso em apre?o, os factos respeitantes aos danos que as menores sofreram em consequ?ncia das descritas condutas do arguido suportam-se nas regras da normalidade, por ser pac?fico que os contactos sexuais com crian?as da idade das menores em regra causam traumas, medos, inseguran?as e perda de confian?a no relacionamento com os outros. Ali?s os factos assentes baseiam-se nos? depoimentos? das pr?prias menores (nomeadamente a dificuldade que manifestaram em falar sobre os factos de que foram v?timas) e de duas testemunhas que conhecem as menores e com as mesmas conviveram ? data dos factos e ou posteriormente aos mesmos, quais sejam o av? paterno das menores que interpelado a tal respeito descreveu como eram as suas netas antes e depois dos acontecimentos; no mesmo sentido, o depoimento da t?cnica social, com conhecimentos tamb?m na ?rea da psicologia, que acompanhou as menores e? relatou,? entre? o? mais,? os? medos? e? receios? das? menores? consequentes? dos? factos,? o? seu sofrimento consequente ? sua retirada dos av?s com quem foram criadas e a sua institucionaliza??o na Casa da Crian?a, na Santa Casa da Miseric?rdia, a sua falta de colabora??o inicial para relatar os factos de que foram v?timas de modo regressar o mais rapidamente poss?vel a viver com os av?s; tamb?m se sustentam nos relat?rios periciais m?dico legais de psicologia das duas menores que a este n?vel s?o semelhantes, nomeadamente quando concluem como consequ?ncia dos factos as menores apresentam sintomatologia ansiosa e altera??es de comportamento associado ao processo judicial em curso. Tamb?m n?o tem nenhum fundamento a tentativa que ? feita de desvalorizar o trauma causado nas v?timas, o qual, mesmo que dele n?o tivesse consci?ncia, e tem, deixar? sempre marcas profundas. XIII- Em conclus?o, no caso, afigura-se-nos que revendo a factualidade supra elencada, se mostra justa e criteriosa a indemniza??o atribu?da pelo Tribunal de primeira inst?ncia, a t?tulo de danos n?o patrimoniais, no montante de ? 20 000 (vinte mil euros), a da uma das v?timas, a qual n?o nos merece qualquer reparo.","og_url":"https:\/\/kohenavocats.com\/ru\/jurisprudences\/acordao-supremo-tribunal-de-justica-processo-77-19-5t9prg-s1-2021-09-09\/","og_site_name":"Ma\u00eetre Hassan Kohen, avocat en droit p\u00e9nal \u00e0 Paris","twitter_card":"summary_large_image","twitter_misc":{"\u041f\u0440\u0438\u043c\u0435\u0440\u043d\u043e\u0435 \u0432\u0440\u0435\u043c\u044f \u0434\u043b\u044f \u0447\u0442\u0435\u043d\u0438\u044f":"14 \u043c\u0438\u043d\u0443\u0442"},"schema":{"@context":"https:\/\/schema.org","@graph":[{"@type":"WebPage","@id":"https:\/\/kohenavocats.com\/ru\/jurisprudences\/acordao-supremo-tribunal-de-justica-processo-77-19-5t9prg-s1-2021-09-09\/","url":"https:\/\/kohenavocats.com\/ru\/jurisprudences\/acordao-supremo-tribunal-de-justica-processo-77-19-5t9prg-s1-2021-09-09\/","name":"Ac\u00f3rd\u00e3o Supremo Tribunal de Justi\u00e7a \u2013 Processo 77\/19.5T9PRG.S1 \u2013 2021-09-09 - Ma\u00eetre Hassan Kohen, avocat en droit p\u00e9nal \u00e0 Paris","isPartOf":{"@id":"https:\/\/kohenavocats.com\/ru\/#website"},"datePublished":"2026-04-25T10:47:09+00:00","breadcrumb":{"@id":"https:\/\/kohenavocats.com\/ru\/jurisprudences\/acordao-supremo-tribunal-de-justica-processo-77-19-5t9prg-s1-2021-09-09\/#breadcrumb"},"inLanguage":"ru-RU","potentialAction":[{"@type":"ReadAction","target":["https:\/\/kohenavocats.com\/ru\/jurisprudences\/acordao-supremo-tribunal-de-justica-processo-77-19-5t9prg-s1-2021-09-09\/"]}]},{"@type":"BreadcrumbList","@id":"https:\/\/kohenavocats.com\/ru\/jurisprudences\/acordao-supremo-tribunal-de-justica-processo-77-19-5t9prg-s1-2021-09-09\/#breadcrumb","itemListElement":[{"@type":"ListItem","position":1,"name":"Home","item":"https:\/\/kohenavocats.com\/ru\/avocats-en-droit-penal-a-paris-conseil-et-defense-strategique\/"},{"@type":"ListItem","position":2,"name":"Jurisprudences","item":"https:\/\/kohenavocats.com\/ru\/jurisprudences\/"},{"@type":"ListItem","position":3,"name":"Ac\u00f3rd\u00e3o Supremo Tribunal de Justi\u00e7a \u2013 Processo 77\/19.5T9PRG.S1 \u2013 2021-09-09"}]},{"@type":"WebSite","@id":"https:\/\/kohenavocats.com\/ru\/#website","url":"https:\/\/kohenavocats.com\/ru\/","name":"Kohen Avocats","description":"Ma\u00eetre Hassan Kohen, avocat p\u00e9naliste \u00e0 Paris, intervient exclusivement en droit p\u00e9nal pour la d\u00e9fense des particuliers, notamment en mati\u00e8re d\u2019accusations de viol. Il assure un accompagnement rigoureux d\u00e8s la garde \u00e0 vue jusqu\u2019\u00e0 la Cour d\u2019assises, veillant au strict respect des garanties proc\u00e9durales.","publisher":{"@id":"https:\/\/kohenavocats.com\/ru\/#organization"},"potentialAction":[{"@type":"SearchAction","target":{"@type":"EntryPoint","urlTemplate":"https:\/\/kohenavocats.com\/ru\/?s={search_term_string}"},"query-input":{"@type":"PropertyValueSpecification","valueRequired":true,"valueName":"search_term_string"}}],"inLanguage":"ru-RU"},{"@type":"Organization","@id":"https:\/\/kohenavocats.com\/ru\/#organization","name":"Kohen Avocats","url":"https:\/\/kohenavocats.com\/ru\/","logo":{"@type":"ImageObject","inLanguage":"ru-RU","@id":"https:\/\/kohenavocats.com\/ru\/#\/schema\/logo\/image\/","url":"https:\/\/kohenavocats.com\/wp-content\/uploads\/2026\/01\/Logo-2-1.webp","contentUrl":"https:\/\/kohenavocats.com\/wp-content\/uploads\/2026\/01\/Logo-2-1.webp","width":2114,"height":1253,"caption":"Kohen Avocats"},"image":{"@id":"https:\/\/kohenavocats.com\/ru\/#\/schema\/logo\/image\/"}}]}},"jetpack_likes_enabled":false,"jetpack_sharing_enabled":true,"_links":{"self":[{"href":"https:\/\/kohenavocats.com\/ru\/wp-json\/wp\/v2\/kji_decision\/680584","targetHints":{"allow":["GET"]}}],"collection":[{"href":"https:\/\/kohenavocats.com\/ru\/wp-json\/wp\/v2\/kji_decision"}],"about":[{"href":"https:\/\/kohenavocats.com\/ru\/wp-json\/wp\/v2\/types\/kji_decision"}],"wp:attachment":[{"href":"https:\/\/kohenavocats.com\/ru\/wp-json\/wp\/v2\/media?parent=680584"}],"wp:term":[{"taxonomy":"kji_country","embeddable":true,"href":"https:\/\/kohenavocats.com\/ru\/wp-json\/wp\/v2\/kji_country?post=680584"},{"taxonomy":"kji_court","embeddable":true,"href":"https:\/\/kohenavocats.com\/ru\/wp-json\/wp\/v2\/kji_court?post=680584"},{"taxonomy":"kji_chamber","embeddable":true,"href":"https:\/\/kohenavocats.com\/ru\/wp-json\/wp\/v2\/kji_chamber?post=680584"},{"taxonomy":"kji_year","embeddable":true,"href":"https:\/\/kohenavocats.com\/ru\/wp-json\/wp\/v2\/kji_year?post=680584"},{"taxonomy":"kji_subject","embeddable":true,"href":"https:\/\/kohenavocats.com\/ru\/wp-json\/wp\/v2\/kji_subject?post=680584"},{"taxonomy":"kji_keyword","embeddable":true,"href":"https:\/\/kohenavocats.com\/ru\/wp-json\/wp\/v2\/kji_keyword?post=680584"},{"taxonomy":"kji_language","embeddable":true,"href":"https:\/\/kohenavocats.com\/ru\/wp-json\/wp\/v2\/kji_language?post=680584"}],"curies":[{"name":"wp","href":"https:\/\/api.w.org\/{rel}","templated":true}]}}