{"id":680732,"date":"2026-04-25T13:19:43","date_gmt":"2026-04-25T11:19:43","guid":{"rendered":"https:\/\/kohenavocats.com\/jurisprudences\/eclinlrvs20252588-raad-van-state-05-06-2025-202502252-1-v3\/"},"modified":"2026-04-25T13:19:43","modified_gmt":"2026-04-25T11:19:43","slug":"eclinlrvs20252588-raad-van-state-05-06-2025-202502252-1-v3","status":"publish","type":"kji_decision","link":"https:\/\/kohenavocats.com\/ru\/jurisprudences\/eclinlrvs20252588-raad-van-state-05-06-2025-202502252-1-v3\/","title":{"rendered":"ECLI:NL:RVS:2025:2588 Raad van State , 05-06-2025 \/ 202502252\/1\/V3"},"content":{"rendered":"<div class=\"kji-decision\">\n<div class=\"kji-full-text\">\n<p><strong>Inhoudsindicatie.<\/strong> Bij besluit van 26 maart 2025 heeft de minister van Asiel en Migratie appellant in bewaring gesteld. Bij uitspraak van 15 april 2025 heeft de rechtbank het daartegen door appellant ingestelde beroep gegrond verklaard en schadevergoeding toegekend. Tegen deze uitspraak heeft appellant, vertegenwoordigd door mr. M.B.J. Strooij, advocaat in Amsterdam, hoger beroep ingesteld.<\/p>\n<p>202502252\/1\/V3.<\/p>\n<p>Datum uitspraak: 5 juni 2025<\/p>\n<p>AFDELING<\/p>\n<p>BESTUURSRECHTSPRAAK<\/p>\n<p>Uitspraak met toepassing van artikel 8:54, eerste lid, van de Algemene wet bestuursrecht op het hoger beroep van:<\/p>\n<p>[appellant],<\/p>\n<p>appellant,<\/p>\n<p>tegen de uitspraak van de rechtbank Den Haag, zittingsplaats Arnhem, van 15 april 2025 in zaak nr. NL25.14567 in het geding tussen:<\/p>\n<p>appellant<\/p>\n<p>en<\/p>\n<p>de minister van Asiel en Migratie.<\/p>\n<p>Procesverloop<\/p>\n<p>Bij besluit van 26 maart 2025 heeft de minister appellant in bewaring gesteld.<\/p>\n<p>Bij uitspraak van 15 april 2025 heeft de rechtbank het daartegen door appellant ingestelde beroep gegrond verklaard en schadevergoeding toegekend.<\/p>\n<p>Tegen deze uitspraak heeft appellant, vertegenwoordigd door mr. M.B.J. Strooij, advocaat in Amsterdam, hoger beroep ingesteld.<\/p>\n<p>Overwegingen<\/p>\n<p>1. Appellant klaagt in zijn enige grief terecht dat de rechtbank ten onrechte een punt te weinig aan hem heeft toegekend bij de berekening van de proceskostenvergoeding. In de uitspraak van de rechtbank staat onder 7.1 dat aan appellant \u00e9\u00e9n punt is toegekend voor het indienen van het beroepschrift. Uit die uitspraak volgt echter ook dat op 8 april 2025 met behulp van een beeldverbinding een onderzoek ter zitting heeft plaatsgevonden en dat appellant met zijn gemachtigde is verschenen. Gelet op de bijlage van het Besluit proceskosten bestuursrecht had de rechtbank hiervoor ook een punt moeten toekennen. De grief slaagt.<\/p>\n<p>2. Het hoger beroep is gegrond. De Afdeling vernietigt de uitspraak van de rechtbank voor zover aangevallen, dat wil zeggen voor zover de rechtbank de minister heeft veroordeeld in de proceskosten tot een bedrag van \u20ac 907,00. De Afdeling zal de minister voor de proceskosten in beroep veroordelen tot vergoeding van een bedrag van \u20ac 1.814,00 (een punt voor het beroepschrift en een punt voor het verschijnen op de zitting). De minister moet ook de proceskosten in hoger beroep vergoeden. Het hoger beroep is uitsluitend gericht tegen de beslissing van de rechtbank over de hoogte van de proceskostenvergoeding. De Afdeling past daarom de wegingsfactor 0,5 toe.<\/p>\n<p>Beslissing<\/p>\n<p>De Afdeling bestuursrechtspraak van de Raad van State:<\/p>\n<p>I. verklaart het hoger beroep gegrond;<\/p>\n<p>II. vernietigt de uitspraak van de rechtbank Den Haag, zittingsplaats Arnhem, van 15 april 2025 in zaak nr. NL25.14567, voor zover de rechtbank de minister van Asiel en Migratie heeft veroordeeld in de proceskosten tot een bedrag van \u20ac 907,00;<\/p>\n<p>III. veroordeelt de minister van Asiel en Migratie tot vergoeding van bij appellant in verband met de behandeling van het beroep en het hoger beroep opgekomen proceskosten tot een bedrag van \u20ac 2267,50 (\u20ac 1.814,00 voor het beroep en \u20ac 453,50 voor het hoger beroep), geheel toe te rekenen aan door een derde beroepsmatig verleende rechtsbijstand.<\/p>\n<p>Aldus vastgesteld door mr. M. den Heyer, lid van de enkelvoudige kamer, in tegenwoordigheid van mr. W.M. Vos, griffier.<\/p>\n<p>w.g. Den Heyer<\/p>\n<p>lid van de enkelvoudige kamer<\/p>\n<p>w.g. Vos<\/p>\n<p>griffier<\/p>\n<p>Uitgesproken in het openbaar op 5 juni 2025<\/p>\n<p>644-1137<\/p>\n<\/div>\n<hr class=\"kji-sep\" \/>\n<p class=\"kji-source-links\"><strong>Sources officielles :<\/strong> <a class=\"kji-source-link\" href=\"http:\/\/deeplink.rechtspraak.nl\/uitspraak?id=ECLI:NL:RVS:2025:2588\" target=\"_blank\" rel=\"noopener noreferrer\">consulter la page source<\/a><\/p>\n<p class=\"kji-license-note\"><em>Rechtspraak.nl open data, Creative Commons Zero. Volume cible 1.8M decisions.<\/em><\/p>\n<\/div>\n","protected":false},"excerpt":{"rendered":"<p>Bij besluit van 26 maart 2025 heeft de minister van Asiel en Migratie appellant in bewaring gesteld. Bij uitspraak van 15 april 2025 heeft de rechtbank het daartegen door appellant ingestelde beroep gegrond verklaard en schadevergoeding toegekend. Tegen deze uitspraak heeft appellant, vertegenwoordigd door mr. M.B.J. Strooij, advocaat in Amsterdam, hoger beroep ingesteld.<\/p>\n","protected":false},"featured_media":0,"template":"","meta":{"_crdt_document":""},"kji_country":[7669],"kji_court":[8622],"kji_chamber":[],"kji_year":[8463],"kji_subject":[7646],"kji_keyword":[7633,7992,7673,8107],"kji_language":[7671],"class_list":["post-680732","kji_decision","type-kji_decision","status-publish","hentry","kji_country-pays-bas","kji_court-raad-van-state","kji_year-8463","kji_subject-divers","kji_keyword-appellant","kji_keyword-beroep","kji_keyword-heeft","kji_keyword-uitspraak","kji_language-nl"],"yoast_head":"<!-- This site is optimized with the Yoast SEO Premium plugin v27.5 (Yoast SEO v27.5) - https:\/\/yoast.com\/product\/yoast-seo-premium-wordpress\/ -->\n<title>ECLI:NL:RVS:2025:2588 Raad van State , 05-06-2025 \/ 202502252\/1\/V3 - Ma\u00eetre Hassan Kohen, avocat en droit p\u00e9nal \u00e0 Paris<\/title>\n<meta name=\"robots\" content=\"index, follow, max-snippet:-1, max-image-preview:large, max-video-preview:-1\" \/>\n<link rel=\"canonical\" href=\"https:\/\/kohenavocats.com\/ru\/jurisprudences\/eclinlrvs20252588-raad-van-state-05-06-2025-202502252-1-v3\/\" \/>\n<meta property=\"og:locale\" content=\"ru_RU\" \/>\n<meta property=\"og:type\" content=\"article\" \/>\n<meta property=\"og:title\" content=\"ECLI:NL:RVS:2025:2588 Raad van State , 05-06-2025 \/ 202502252\/1\/V3\" \/>\n<meta property=\"og:description\" content=\"Bij besluit van 26 maart 2025 heeft de minister van Asiel en Migratie appellant in bewaring gesteld. Bij uitspraak van 15 april 2025 heeft de rechtbank het daartegen door appellant ingestelde beroep gegrond verklaard en schadevergoeding toegekend. Tegen deze uitspraak heeft appellant, vertegenwoordigd door mr. M.B.J. Strooij, advocaat in Amsterdam, hoger beroep ingesteld.\" \/>\n<meta property=\"og:url\" content=\"https:\/\/kohenavocats.com\/ru\/jurisprudences\/eclinlrvs20252588-raad-van-state-05-06-2025-202502252-1-v3\/\" \/>\n<meta property=\"og:site_name\" content=\"Ma\u00eetre Hassan Kohen, avocat en droit p\u00e9nal \u00e0 Paris\" \/>\n<meta name=\"twitter:card\" content=\"summary_large_image\" \/>\n<meta name=\"twitter:label1\" content=\"\u041f\u0440\u0438\u043c\u0435\u0440\u043d\u043e\u0435 \u0432\u0440\u0435\u043c\u044f \u0434\u043b\u044f \u0447\u0442\u0435\u043d\u0438\u044f\" \/>\n\t<meta name=\"twitter:data1\" content=\"3 \u043c\u0438\u043d\u0443\u0442\u044b\" \/>\n<script type=\"application\/ld+json\" class=\"yoast-schema-graph\">{\"@context\":\"https:\\\/\\\/schema.org\",\"@graph\":[{\"@type\":\"WebPage\",\"@id\":\"https:\\\/\\\/kohenavocats.com\\\/ru\\\/jurisprudences\\\/eclinlrvs20252588-raad-van-state-05-06-2025-202502252-1-v3\\\/\",\"url\":\"https:\\\/\\\/kohenavocats.com\\\/ru\\\/jurisprudences\\\/eclinlrvs20252588-raad-van-state-05-06-2025-202502252-1-v3\\\/\",\"name\":\"ECLI:NL:RVS:2025:2588 Raad van State , 05-06-2025 \\\/ 202502252\\\/1\\\/V3 - Ma\u00eetre Hassan Kohen, avocat en droit p\u00e9nal \u00e0 Paris\",\"isPartOf\":{\"@id\":\"https:\\\/\\\/kohenavocats.com\\\/ru\\\/#website\"},\"datePublished\":\"2026-04-25T11:19:43+00:00\",\"breadcrumb\":{\"@id\":\"https:\\\/\\\/kohenavocats.com\\\/ru\\\/jurisprudences\\\/eclinlrvs20252588-raad-van-state-05-06-2025-202502252-1-v3\\\/#breadcrumb\"},\"inLanguage\":\"ru-RU\",\"potentialAction\":[{\"@type\":\"ReadAction\",\"target\":[\"https:\\\/\\\/kohenavocats.com\\\/ru\\\/jurisprudences\\\/eclinlrvs20252588-raad-van-state-05-06-2025-202502252-1-v3\\\/\"]}]},{\"@type\":\"BreadcrumbList\",\"@id\":\"https:\\\/\\\/kohenavocats.com\\\/ru\\\/jurisprudences\\\/eclinlrvs20252588-raad-van-state-05-06-2025-202502252-1-v3\\\/#breadcrumb\",\"itemListElement\":[{\"@type\":\"ListItem\",\"position\":1,\"name\":\"Home\",\"item\":\"https:\\\/\\\/kohenavocats.com\\\/ru\\\/avocats-en-droit-penal-a-paris-conseil-et-defense-strategique\\\/\"},{\"@type\":\"ListItem\",\"position\":2,\"name\":\"Jurisprudences\",\"item\":\"https:\\\/\\\/kohenavocats.com\\\/ru\\\/jurisprudences\\\/\"},{\"@type\":\"ListItem\",\"position\":3,\"name\":\"ECLI:NL:RVS:2025:2588 Raad van State , 05-06-2025 \\\/ 202502252\\\/1\\\/V3\"}]},{\"@type\":\"WebSite\",\"@id\":\"https:\\\/\\\/kohenavocats.com\\\/ru\\\/#website\",\"url\":\"https:\\\/\\\/kohenavocats.com\\\/ru\\\/\",\"name\":\"Kohen Avocats\",\"description\":\"Ma\u00eetre Hassan Kohen, avocat p\u00e9naliste \u00e0 Paris, intervient exclusivement en droit p\u00e9nal pour la d\u00e9fense des particuliers, notamment en mati\u00e8re d\u2019accusations de viol. Il assure un accompagnement rigoureux d\u00e8s la garde \u00e0 vue jusqu\u2019\u00e0 la Cour d\u2019assises, veillant au strict respect des garanties proc\u00e9durales.\",\"publisher\":{\"@id\":\"https:\\\/\\\/kohenavocats.com\\\/ru\\\/#organization\"},\"potentialAction\":[{\"@type\":\"SearchAction\",\"target\":{\"@type\":\"EntryPoint\",\"urlTemplate\":\"https:\\\/\\\/kohenavocats.com\\\/ru\\\/?s={search_term_string}\"},\"query-input\":{\"@type\":\"PropertyValueSpecification\",\"valueRequired\":true,\"valueName\":\"search_term_string\"}}],\"inLanguage\":\"ru-RU\"},{\"@type\":\"Organization\",\"@id\":\"https:\\\/\\\/kohenavocats.com\\\/ru\\\/#organization\",\"name\":\"Kohen Avocats\",\"url\":\"https:\\\/\\\/kohenavocats.com\\\/ru\\\/\",\"logo\":{\"@type\":\"ImageObject\",\"inLanguage\":\"ru-RU\",\"@id\":\"https:\\\/\\\/kohenavocats.com\\\/ru\\\/#\\\/schema\\\/logo\\\/image\\\/\",\"url\":\"https:\\\/\\\/kohenavocats.com\\\/wp-content\\\/uploads\\\/2026\\\/01\\\/Logo-2-1.webp\",\"contentUrl\":\"https:\\\/\\\/kohenavocats.com\\\/wp-content\\\/uploads\\\/2026\\\/01\\\/Logo-2-1.webp\",\"width\":2114,\"height\":1253,\"caption\":\"Kohen Avocats\"},\"image\":{\"@id\":\"https:\\\/\\\/kohenavocats.com\\\/ru\\\/#\\\/schema\\\/logo\\\/image\\\/\"}}]}<\/script>\n<!-- \/ Yoast SEO Premium plugin. -->","yoast_head_json":{"title":"ECLI:NL:RVS:2025:2588 Raad van State , 05-06-2025 \/ 202502252\/1\/V3 - Ma\u00eetre Hassan Kohen, avocat en droit p\u00e9nal \u00e0 Paris","robots":{"index":"index","follow":"follow","max-snippet":"max-snippet:-1","max-image-preview":"max-image-preview:large","max-video-preview":"max-video-preview:-1"},"canonical":"https:\/\/kohenavocats.com\/ru\/jurisprudences\/eclinlrvs20252588-raad-van-state-05-06-2025-202502252-1-v3\/","og_locale":"ru_RU","og_type":"article","og_title":"ECLI:NL:RVS:2025:2588 Raad van State , 05-06-2025 \/ 202502252\/1\/V3","og_description":"Bij besluit van 26 maart 2025 heeft de minister van Asiel en Migratie appellant in bewaring gesteld. Bij uitspraak van 15 april 2025 heeft de rechtbank het daartegen door appellant ingestelde beroep gegrond verklaard en schadevergoeding toegekend. Tegen deze uitspraak heeft appellant, vertegenwoordigd door mr. M.B.J. Strooij, advocaat in Amsterdam, hoger beroep ingesteld.","og_url":"https:\/\/kohenavocats.com\/ru\/jurisprudences\/eclinlrvs20252588-raad-van-state-05-06-2025-202502252-1-v3\/","og_site_name":"Ma\u00eetre Hassan Kohen, avocat en droit p\u00e9nal \u00e0 Paris","twitter_card":"summary_large_image","twitter_misc":{"\u041f\u0440\u0438\u043c\u0435\u0440\u043d\u043e\u0435 \u0432\u0440\u0435\u043c\u044f \u0434\u043b\u044f \u0447\u0442\u0435\u043d\u0438\u044f":"3 \u043c\u0438\u043d\u0443\u0442\u044b"},"schema":{"@context":"https:\/\/schema.org","@graph":[{"@type":"WebPage","@id":"https:\/\/kohenavocats.com\/ru\/jurisprudences\/eclinlrvs20252588-raad-van-state-05-06-2025-202502252-1-v3\/","url":"https:\/\/kohenavocats.com\/ru\/jurisprudences\/eclinlrvs20252588-raad-van-state-05-06-2025-202502252-1-v3\/","name":"ECLI:NL:RVS:2025:2588 Raad van State , 05-06-2025 \/ 202502252\/1\/V3 - Ma\u00eetre Hassan Kohen, avocat en droit p\u00e9nal \u00e0 Paris","isPartOf":{"@id":"https:\/\/kohenavocats.com\/ru\/#website"},"datePublished":"2026-04-25T11:19:43+00:00","breadcrumb":{"@id":"https:\/\/kohenavocats.com\/ru\/jurisprudences\/eclinlrvs20252588-raad-van-state-05-06-2025-202502252-1-v3\/#breadcrumb"},"inLanguage":"ru-RU","potentialAction":[{"@type":"ReadAction","target":["https:\/\/kohenavocats.com\/ru\/jurisprudences\/eclinlrvs20252588-raad-van-state-05-06-2025-202502252-1-v3\/"]}]},{"@type":"BreadcrumbList","@id":"https:\/\/kohenavocats.com\/ru\/jurisprudences\/eclinlrvs20252588-raad-van-state-05-06-2025-202502252-1-v3\/#breadcrumb","itemListElement":[{"@type":"ListItem","position":1,"name":"Home","item":"https:\/\/kohenavocats.com\/ru\/avocats-en-droit-penal-a-paris-conseil-et-defense-strategique\/"},{"@type":"ListItem","position":2,"name":"Jurisprudences","item":"https:\/\/kohenavocats.com\/ru\/jurisprudences\/"},{"@type":"ListItem","position":3,"name":"ECLI:NL:RVS:2025:2588 Raad van State , 05-06-2025 \/ 202502252\/1\/V3"}]},{"@type":"WebSite","@id":"https:\/\/kohenavocats.com\/ru\/#website","url":"https:\/\/kohenavocats.com\/ru\/","name":"Kohen Avocats","description":"Ma\u00eetre Hassan Kohen, avocat p\u00e9naliste \u00e0 Paris, intervient exclusivement en droit p\u00e9nal pour la d\u00e9fense des particuliers, notamment en mati\u00e8re d\u2019accusations de viol. Il assure un accompagnement rigoureux d\u00e8s la garde \u00e0 vue jusqu\u2019\u00e0 la Cour d\u2019assises, veillant au strict respect des garanties proc\u00e9durales.","publisher":{"@id":"https:\/\/kohenavocats.com\/ru\/#organization"},"potentialAction":[{"@type":"SearchAction","target":{"@type":"EntryPoint","urlTemplate":"https:\/\/kohenavocats.com\/ru\/?s={search_term_string}"},"query-input":{"@type":"PropertyValueSpecification","valueRequired":true,"valueName":"search_term_string"}}],"inLanguage":"ru-RU"},{"@type":"Organization","@id":"https:\/\/kohenavocats.com\/ru\/#organization","name":"Kohen Avocats","url":"https:\/\/kohenavocats.com\/ru\/","logo":{"@type":"ImageObject","inLanguage":"ru-RU","@id":"https:\/\/kohenavocats.com\/ru\/#\/schema\/logo\/image\/","url":"https:\/\/kohenavocats.com\/wp-content\/uploads\/2026\/01\/Logo-2-1.webp","contentUrl":"https:\/\/kohenavocats.com\/wp-content\/uploads\/2026\/01\/Logo-2-1.webp","width":2114,"height":1253,"caption":"Kohen Avocats"},"image":{"@id":"https:\/\/kohenavocats.com\/ru\/#\/schema\/logo\/image\/"}}]}},"jetpack_likes_enabled":false,"jetpack_sharing_enabled":true,"_links":{"self":[{"href":"https:\/\/kohenavocats.com\/ru\/wp-json\/wp\/v2\/kji_decision\/680732","targetHints":{"allow":["GET"]}}],"collection":[{"href":"https:\/\/kohenavocats.com\/ru\/wp-json\/wp\/v2\/kji_decision"}],"about":[{"href":"https:\/\/kohenavocats.com\/ru\/wp-json\/wp\/v2\/types\/kji_decision"}],"wp:attachment":[{"href":"https:\/\/kohenavocats.com\/ru\/wp-json\/wp\/v2\/media?parent=680732"}],"wp:term":[{"taxonomy":"kji_country","embeddable":true,"href":"https:\/\/kohenavocats.com\/ru\/wp-json\/wp\/v2\/kji_country?post=680732"},{"taxonomy":"kji_court","embeddable":true,"href":"https:\/\/kohenavocats.com\/ru\/wp-json\/wp\/v2\/kji_court?post=680732"},{"taxonomy":"kji_chamber","embeddable":true,"href":"https:\/\/kohenavocats.com\/ru\/wp-json\/wp\/v2\/kji_chamber?post=680732"},{"taxonomy":"kji_year","embeddable":true,"href":"https:\/\/kohenavocats.com\/ru\/wp-json\/wp\/v2\/kji_year?post=680732"},{"taxonomy":"kji_subject","embeddable":true,"href":"https:\/\/kohenavocats.com\/ru\/wp-json\/wp\/v2\/kji_subject?post=680732"},{"taxonomy":"kji_keyword","embeddable":true,"href":"https:\/\/kohenavocats.com\/ru\/wp-json\/wp\/v2\/kji_keyword?post=680732"},{"taxonomy":"kji_language","embeddable":true,"href":"https:\/\/kohenavocats.com\/ru\/wp-json\/wp\/v2\/kji_language?post=680732"}],"curies":[{"name":"wp","href":"https:\/\/api.w.org\/{rel}","templated":true}]}}