{"id":680844,"date":"2026-04-25T13:40:12","date_gmt":"2026-04-25T11:40:12","guid":{"rendered":"https:\/\/kohenavocats.com\/jurisprudences\/tribunal-federal-suisse-2-septembre-2021-n-1c-672-2020\/"},"modified":"2026-04-25T13:40:12","modified_gmt":"2026-04-25T11:40:12","slug":"tribunal-federal-suisse-2-septembre-2021-n-1c-672-2020","status":"publish","type":"kji_decision","link":"https:\/\/kohenavocats.com\/ru\/jurisprudences\/tribunal-federal-suisse-2-septembre-2021-n-1c-672-2020\/","title":{"rendered":"Tribunal f\u00e9d\u00e9ral suisse, 2 septembre 2021, n\u00b0 1C 672-2020"},"content":{"rendered":"<div class=\"kji-decision\">\n<div class=\"kji-full-text\">\n<p>Bundesgericht<\/p>\n<p>Tribunal f\u00e9d\u00e9ral<\/p>\n<p>Tribunale federale<\/p>\n<p>Tribunal federal<\/p>\n<p>1C_672\/2020<\/p>\n<p>Sentenza del 2 settembre 2021<\/p>\n<p>I Corte di diritto pubblico<\/p>\n<p>Composizione<\/p>\n<p>Giudici federali Kneub\u00fchler, Presidente,<\/p>\n<p>Jametti, Merz,<\/p>\n<p>Cancelliere Crameri.<\/p>\n<p>Partecipanti al procedimento<\/p>\n<p>Ufficio federale dello sviluppo territoriale ARE, M\u00fchlestrasse 2, 3063 Ittigen,<\/p>\n<p>ricorrente,<\/p>\n<p>contro<\/p>\n<p>Consiglio di Stato della Repubblica e Cantone Ticino, Residenza governativa, 6501 Bellinzona,<\/p>\n<p>rappresentato dal Dipartimento del territorio, Sezione dello sviluppo territoriale, casella postale 2170, 6501 Bellinzona,<\/p>\n<p>Comune di Serravalle.<\/p>\n<p>Oggetto<\/p>\n<p>Approvazione del piano regolatore definitivo della<\/p>\n<p>Valle Malvaglia,<\/p>\n<p>ricorso contro la sentenza emanata il 29 ottobre 2020<\/p>\n<p>dal Tribunale amministrativo del Cantone Ticino (90.2019.39).<\/p>\n<p>Fatti:<\/p>\n<p>A.<\/p>\n<p>Con risoluzione n. 1113 del 18 marzo 2015 il Consiglio di Stato del Cantone Ticino ha approvato il piano regolatore definitivo della Valle Malvaglia (PRVM), che prevede in particolare la zona edificabile degli insediamenti storici, disciplinata dall&#039;art. 42 delle norme di attuazione del piano regolatore (NAPR). Essa comprende i nuclei antichi principali (Ville) di Dandrio, Madra, Anzano, Dagro, Chiavasco e Monte Grech, nonch\u00e9 i nuclei secondari di Germanionico, Ponterio, Sarci\u00e8, Val Combra, Fontanee, Carsighera, Ticiallo, Panedigo, Garei, Crann e Qualguagn. Il piano regolatore definitivo rappresenta un affinamento (seconda fase) della variante del piano del Comune di Malvaglia, sezione Valle Malvaglia, piano del paesaggio\/settore insediamenti, approvata dal Governo cantonale con risoluzione n. 6274 del 5 luglio 1994.<\/p>\n<p>B.<\/p>\n<p>Il 25 novembre 2019 l&#039;Ufficio federale dello sviluppo territoriale (ARE) ha impugnato dinanzi al Tribunale cantonale amministrativo la risoluzione governativa del 18 marzo 2015, che non gli era stata notificata, nella misura in cui approva il PRVM relativamente a una quindicina di piccole zone edificabili sparse nella Valle. Con giudizio del 29 ottobre 2020, la Corte cantonale, ritenuto tardivo il ricorso, l&#039;ha dichiarato irricevibile.<\/p>\n<p>C.<\/p>\n<p>Avverso questa sentenza l&#039;ARE presenta un ricorso al Tribunale federale. Chiede, preliminarmente, di adottare le misure necessarie per evitare il rilascio di licenze edilizie fondate sull&#039;art. 22 cpv. 2 lett. a LPT (RS 700) e sulle citate NAPR all&#039;interno di una serie di piccole zone edificabili; nel merito postula di retrocedere l&#039;incarto alla Corte cantonale per il giudizio di merito.<\/p>\n<p>Il Comune di Serravalle e il Consiglio di Stato, con osservazioni del 9 febbraio 2021, propongono di respingere il ricorso. Il Tribunale cantonale amministrativo si conferma nelle conclusioni della decisione impugnata.<\/p>\n<p>Al ricorso \u00e8 stato conferito l&#039;effetto sospensivo in via superprovvisionale.<\/p>\n<p>Diritto:<\/p>\n<p>1.<\/p>\n<p>1.1. Presentato tempestivamente contro una decisione finale dell&#039;ultima istanza cantonale in materia pianificatoria, il ricorso in materia di diritto pubblico \u00e8 ammissibile sotto il profilo degli art. 82 lett. a, 86 cpv. 1 lett. d e 90 LTF. La legittimazione del ricorrente \u00e8 pacifica (art. 89 cpv. 2 lett. a LTF in relazione con l&#039;art. 48 cpv. 4 OPT, RS 700.1; sentenza 1C_480\/2019 del 16 luglio 2020 consid. 2.2).<\/p>\n<p>1.2. Quando l&#039;autorit\u00e0 precedente non esamina un ricorso nel merito, in concreto perch\u00e9 sarebbe tardivo, l&#039;oggetto del litigio pu\u00f2 essere unicamente la questione dell&#039;irricevibilit\u00e0 del gravame poich\u00e9, in caso di accoglimento del ricorso, il Tribunale federale le rinvierebbe la causa per l&#039;esame di merito (DTF 144 II 184 consid. 1.1). Ne segue che l&#039;obiezione sollevata dal Comune di Serravalle e dal Consiglio di Stato inerente alla contestata delimitazione di nuove zone edificabili con l&#039;adozione del PRVM (cfr. al riguardo l&#039;art. 38a LPT), questione tutt&#039;altro che chiara e che concerne il merito della vertenza, non deve e non pu\u00f2 essere esaminata dal Tribunale federale quale prima e ultima autorit\u00e0 giudiziaria. L&#039;ARE sostiene infatti che le zone istituite dal PRVM del 1994 non sarebbero state zone edificabili conformi all&#039;art. 15 LPT, richiamando al riguardo la DTF 145 II 83, motivo per cui l&#039;approvazione del PRVM del 2015 doveva essergli notificata. Come visto, spetter\u00e0 se del caso alla Corte cantonale esprimersi compiutamente sul merito di queste censure.<\/p>\n<p>1.3. Con il ricorso in materia di diritto pubblico si pu\u00f2 far valere in particolare la violazione del diritto federale (art. 95 lett. a LTF), che il Tribunale federale applica d&#039;ufficio (art. 106 cpv. 1 LTF). Secondo l&#039;art. 42 cpv. 1 e 2 LTF, il ricorso dev&#039;essere motivato in modo sufficiente, spiegando nei motivi perch\u00e9 l&#039;atto impugnato viola il diritto. Il Tribunale federale esamina in linea di principio solo le censure sollevate (DTF 146 IV 297 consid. 1.2; 142 I 99 consid. 1.7.1).<\/p>\n<p>2.<\/p>\n<p>2.1. La Corte cantonale ha osservato che la revisione parziale della LPT del 15 giugno 2012, entrata in vigore il 1\u00b0 maggio 2014, ha inasprito i requisiti necessari per includere nuovi terreni in zona edificabile (al riguardo vedi gli art. 38a LPT e 52a OPT, applicabili nel Cantone Ticino, e DTF 145 II 18 consid. 3.2; 142 II 415 consid. 2.1) e comportato una revisione parziale dell&#039;OPT, segnatamente dell&#039;art. 46, che ha il seguente tenore:<\/p>\n<p>&quot; 1 I Cantoni notificano all&#039;ARE le decisioni concernenti l&#039;approvazione dei piani d&#039;utilizzazione secondo l&#039;articolo 26 LPT e le decisioni di ricorso delle istanze inferiori che riguardano:<\/p>\n<p>a. la delimitazione delle zone edificabili in Cantoni in cui trova applicazione l&#039;articolo 38a capoverso 2, 3 o 5 LPT;<\/p>\n<p>(&#8230;) &quot;<\/p>\n<p>L&#039;istanza precedente ha lasciato aperta la questione relativa all&#039;obbligo di notifica della decisione governativa di approvazione del piano di utilizzazione, in Ticino a livello comunale denominato piano regolatore. Ci\u00f2 poich\u00e9 ha ritenuto tardivo il ricorso.<\/p>\n<p>2.2. Come visto, e come ammesso rettamente dai giudici cantonali, l&#039;ARE \u00e8 legittimato a impugnare determinate decisioni, sia a livello cantonale (art. 111 cpv. 2 LTF), sia dinanzi al Tribunale federale, tra le quali rientrano anche quelle governative di approvazione dei piani di utilizzazione (art. 112 cpv. 4 LTF in relazione con l&#039;Ordinanza del Consiglio federale dell&#039;8 novembre 2006 concernente la notifica delle decisioni cantonali di ultima istanza in materia di diritto pubblico, RS 173.110.47); l&#039;eccezione a una notificazione senza indugio e gratuita alle autorit\u00e0 federali prevista all&#039;art. 2 lett. d di quest&#039;ordinanza per le decisioni cantonali pronunciate in applicazione della LPT e concernenti non l&#039;approvazione dei piani d&#039;utilizzazione, ma autorizzazioni edilizie nelle zone edificabili, a meno che non trovi applicazione nel contempo un&#039;altra legislazione federale, non \u00e8 applicabile in concreto. Ora, \u00e8 manifesto che, per poterle se del caso impugnare, l&#039;autorit\u00e0 federale deve avere conoscenza delle relative decisioni, allo scopo di decidere se avvalersi o meno di tale facolt\u00e0: ci\u00f2 per poter espletare compiutamente i suoi obblighi di sorveglianza riguardo all&#039;applicazione e all&#039;esecuzione del diritto federale da parte delle autorit\u00e0 cantonali e comunali. Questa vigilanza avviene infatti principalmente per il tramite dei rimedi di diritto (DTF 135 II 338 consid. 1.2.1; BERNHARD EHRENZELLER, in: BSK Bundesgerichtsgesetz, 3aed. 2018, n. 11 ad art. 111 e n. 23 ad art. 112; REN\u00c9 RHINOW et al., \u00d6ffentliches Prozessrecht, 3aed. 2014, n. 1939 e 1941 pag. 533; FRANZISKA WASER, La r\u00e9duction de la zone \u00e0 b\u00e2tir surdimensionn\u00e9e selon l&#039;art. 15 al. 2 LAT, 2018, n. 558 e 559 pag. 287 seg.).<\/p>\n<p>Nel rapporto esplicativo dell&#039;ARE concernente la revisione parziale del 26 marzo 2014 dell&#039;OPT, riguardo all&#039;art. 46 OPT si osserva che l&#039;obbligo di notificare determinate decisioni all&#039;ARE dovrebbe facilitare un&#039;esecuzione pi\u00f9 sistematica che in passato delle disposizioni federali concernenti le dimensioni delle zone edificabili. Si rileva che ciononostante, tale &quot;obbligo&quot; non \u00e8 ancora una garanzia che i Cantoni lo rispettino, precisato che il termine di ricorso per l&#039;ARE inizia a decorrere soltanto una volta che \u00e8 stata notificata la decisione litigiosa. Si osserva che spetta al Cantone occuparsi della notifica delle decisioni all&#039;ARE e che oggetto &quot;dell&#039;obbligo &quot; di notifica \u00e8, da un lato, l&#039;atto di approvazione secondo l&#039;art. 26 LPT e, dall&#039;altro, la decisione di ricorso dell&#039;istanza inferiore. Si precisa che il numero di decisioni da notificare dovrebbe rimanere contenuto, visto che i requisiti concernenti gli azzonamenti approvati durante il periodo transitorio di cui all&#039;art. 38a cpv. 2 LPT (art. 52a cpv. 2 OPT) sono infatti molto severi e che, in realt\u00e0, durante tale periodo non dovrebbe essere pi\u00f9 approvato alcun azzonamento. Si afferma che se, ci\u00f2 nondimeno, un&#039;autorit\u00e0 decide di concedere un&#039;eccezione a tale divieto generale, tale decisione dovrebbe almeno non passare in giudicato se l&#039;ARE non ha potuto esprimere il proprio parere nel quadro di una procedura di ricorso. Non si tratta quindi di un semplice invito, ma di un obbligo delle autorit\u00e0 cantonali di notificare all&#039;ARE determinate decisioni. \u00c8 pacifico che nella fattispecie quest&#039;obbligo \u00e8 stato disatteso.<\/p>\n<p>3.<\/p>\n<p>3.1. La Corte cantonale ha osservato che, secondo l&#039;art. 20 della legge ticinese sulla procedura amministrativa del 24 settembre 2013 (LPAmm; RL 165.100), una notificazione difettosa non pu\u00f2 cagionare alcun pregiudizio alle parti, regola temperata dai principi della buona fede e della sicurezza giuridica. Ha rilevato che in tal senso l&#039;art. 68 cpv. 1 LPAmm dispone che il ricorso dev&#039;essere presentato per iscritto entro 30 giorni dall&#039;intimazione e, in assenza di questa, dalla &quot;conoscenza&quot; della decisione impugnata. Al riguardo ha addotto che l&#039;ARE sarebbe stato a conoscenza delle peculiarit\u00e0 territoriali e insediative della Valle Malvaglia e della sua situazione pianificatoria. Ci\u00f2 poich\u00e9 nell&#039;ambito dei contatti intervenuti tra l&#039;autorit\u00e0 cantonale e l&#039;ARE, relativi al piano d&#039;utilizzazione cantonale dei paesaggi con edifici e impianti protetti (PUC-PEIP), il Dipartimento del territorio il 27 aprile 2010 aveva trasmesso all&#039;Ufficio federale il rapporto n. 6224R della Commissione speciale della pianificazione del territorio sul messaggio del 26 maggio 2009 concernente l&#039;approvazione del PUC-PEIP, che si pronunciava anche sui casi particolari della Valle Bavona e della Valle Malvaglia. In questo rapporto si accenna, in maniera generica, al fatto che i piani regolatori di queste due Valli definiscono gli insediamenti principali (una decina per ogni valle) quali zone edificabili sottoposte a speciale tutela, con una precisa normativa edilizia. Si indica che il resto del territorio \u00e8 posto all&#039;esterno della zona edificabile, nella quale sarebbero nondimeno accordate possibilit\u00e0 di intervento edilizio sugli edifici che vanno oltre l&#039;assoluto mantenimento degli edifici esistenti. Si rileva poi che il piano regolatore \u00e8 &quot;in fase di allestimento&quot;, visto che era stato creato un gruppo di lavoro per elaborarlo. Si precisa che si intende estendere un regime transitorio anche alla Valle Malvaglia, precisato tuttavia che il relativo piano regolatore non era ancora in vigore. In effetti, il PRVM litigioso \u00e8 stato approvato soltanto cinque anni dopo.<\/p>\n<p>Tenuto conto della revisione parziale del 15 giugno 2012 della LPT, entrata in vigore il 1\u00b0 maggio 2014, il ricorrente non era tenuto a seguire e approfondire lo sviluppo di questo iter pianificatorio, potendo attendere che il Consiglio di Stato gli trasmettesse la risoluzione di approvazione, tutt&#039;altro che prevedibile all&#039;epoca, avvenuta nel 2015. I citati rilievi dei giudici cantonali sull&#039;elaborazione del PRVM sono quindi ininfluenti riguardo alla tempestivit\u00e0 del gravame.<\/p>\n<p>3.2. La Corte cantonale aggiunge poi che il dispositivo della risoluzione governativa litigiosa \u00e8 stato pubblicato sul Foglio ufficiale (n. 23\/2015 del 24 marzo 2015 pag. 2625) e all&#039;albo comunale.<\/p>\n<p>Ora, non spetta all&#039;ARE spulciare i fogli ufficiali dei differenti Cantoni alla ricerca di eventuali decisioni inerenti alla delimitazione di zone edificabili che, contrariamente all&#039;obbligo fissato dall&#039;art. 46 cpv. 2 OPT, non gli sarebbero state notificate; ancor meno esso deve verificare le pubblicazioni agli albi comunali. Giova sottolineare d&#039;altra parte che l&#039;utilizzo di questi mezzi di notifica non pu\u00f2 escludere una notifica diretta all&#039;ARE (vedi, per l&#039;irrilevanza di una comunicazione ad altre autorit\u00e0 federali, che in tal modo potrebbero avere, indirettamente, conoscenza di determinate decisioni, la sentenza 1C_86\/2020 del 22 aprile 2021 consid. 6). Al riguardo il ricorrente osserva inoltre, rettamente, ch&#039;era stato pubblicato soltanto il dispositivo della risoluzione governativa, il quale non indicava ch&#039;erano state delimitate nuove zone edificabili. Sostiene poi che non sarebbe fattibile esperire ricerche regolari e sistematiche in tutti i casi nei quali sussiste il citato obbligo di notifica, allo scopo di accertare eventuali omesse comunicazioni, ci\u00f2 che costituirebbe uno sperpero d&#039;importanti mezzi finanziari pubblici.<\/p>\n<p>3.3. La Corte cantonale rileva che, all&#039;epoca, contro la risoluzione governativa litigiosa erano stati inoltrati dinanzi ad essa dodici ricorsi, evasi con sentenze del 7 e dell&#039;11 dicembre 2015, notificate, rettamente, anche all&#039;ARE, senza esprimersi tuttavia oltre sul contenuto delle stesse. Aggiunge, in maniera invero contraddittoria, che a tale data l&#039;ARE era investito del compito di cui all&#039;art. 46 cpv. 1 lett. a OPT, disattendendo che secondo detta norma l&#039;incombenza d&#039;informare l&#039;ARE spettava al Consiglio di Stato. Detta norma non statuisce infatti l&#039;obbligo per il ricorrente di ricercare d&#039;ufficio e di scartabellare le decisioni dei differenti Cantoni per informarsi al riguardo.<\/p>\n<p>3.4. L&#039;istanza precedente osserva poi che al momento della notifica delle citate sentenze l&#039;ARE sarebbe stato a conoscenza del caso particolare della Valle Malvaglia, rimproverandogli quindi una carenza di diligenza poich\u00e9 non si \u00e8 attivato presso il Cantone chiedendo lumi circa la risoluzione governativa litigiosa, esigendone se del caso la notifica integrale. Ne deduce che il fatto che l&#039;ARE avrebbe avuto conoscenza di tale risoluzione soltanto il 7 novembre 2019 nell&#039;ambito di una procedura edilizia concernente un edificio ubicato nel nucleo di Dagro sarebbe da ricondurre esclusivamente alla sua disattenzione.<\/p>\n<p>Certo, da queste sentenze, richiamate dal Tribunale federale alla Corte cantonale, risulta che si tratta di ricorsi presentati contro la risoluzione governativa litigiosa del 18 marzo 2015. Considerato tuttavia ch&#039;essa, in disattenzione dell&#039;art. 46 OPT, non era stata notificata all&#039;ARE, per quest&#039;ultimo, come da esso sottolineato nel ricorso in esame, non era per nulla evidente ch&#039;essa concerneva la delimitazione delle zone edificabili, potendo fare affidamento sul fatto che, in tale ipotesi, il Governo cantonale gliela avrebbe notificata. Il ricorrente rileva inoltre l&#039;enorme massa di informazioni con le quali \u00e8 confrontato nel Cantone Ticino per la nota tematica delle trasformazioni dei rustici, in particolare in relazione ai ricorsi relativi al piano di utilizzazione cantonale dei paesaggi con edifici e impianti protetti ubicati al di fuori delle zone edificabili. Per di pi\u00f9, nelle invocate decisioni, il Tribunale cantonale amministrativo aveva annullato la risoluzione governativa del 18 marzo 2015 nella misura in cui attribuiva d&#039;ufficio un fabbricato alla categoria &quot;diroccato non ricostruibile (2) &quot;, retrocedendo gli atti al Comune affinch\u00e9 procedesse, se del caso, a eventuali ulteriori accertamenti (incarto 90.2015.60 e le sentenze analoghe 90.2015.49-52\/54\/56\/58\/59\/61 dell&#039;11 dicembre 2016; il ricorso nella causa n. 90.2015.74 del 7 dicembre 2015 \u00e8 stato dichiarato inammissibile per carenza di legittimazione). Ne segue che l&#039;ARE, senza violare il principio della buona fede (art. 5 cpv. 3 Cost.) e senza esporsi al rimprovero di una grave negligenza processuale (cfr. DTF 138 I 49 consid. 8.3.2), poteva limitarsi a prendere conoscenza dei dispositivi di tali sentenze e che, trattandosi di decisioni di rinvio, quindi incidentali ai sensi dell&#039;art. 93 LTF, esso non era tenuto a esaminare oltre quelle cause, ritenuto che un ricorso al Tribunale federale appariva inammissibile di primo acchito.<\/p>\n<p>3.5. I giudici cantonali aggiungono infine che nel frattempo il PRVM \u00e8 stato attuato, motivo per cui ammettere la possibilit\u00e0 di impugnare la risoluzione governativa litigiosa a quattro anni e mezzo di distanza dall&#039;approvazione dello stesso, apparirebbe inconciliabile con il principio della sicurezza giuridica. Con questo generico accenno la Corte cantonale disattende tuttavia che all&#039;invocato principio si contrappone quello, fondamentale, della separazione dell&#039;area edificabile da quella non edificabile, nonch\u00e9 il fatto che tale soluzione potrebbe perpetuare un&#039;eventuale violazione del diritto federale. Del resto, si tratterrebbe semmai del rilascio di singole licenze edilizie, questione non affrontata n\u00e9 approfondita dall&#039;istanza precedente, che non ha proceduto alla necessaria ponderazione dei contrapposti interessi in gioco (cfr. LORENZ KNEUB\u00dcHLER\/RAMONA PEDRETTI, in: Auer\/M\u00fcller\/Schindler [ed.], VwVG Bundesgesetz \u00fcber das Verwaltungsverfahren : Kommentar, 2aed. 2019, n. 12 e 18 ad art. 38). Nelle descritte circostanze, l&#039;omessa notifica della risoluzione governativa litigiosa non pu\u00f2 pertanto comportare la decadenza del diritto di ricorrere dell&#039;ARE e l&#039;esame della conformit\u00e0 del PRVM al diritto federale.<\/p>\n<p>4.<\/p>\n<p>Ne segue che il ricorso dev&#039;essere accolto e la decisione impugnata annullata. L&#039;incarto \u00e8 rinviato al Tribunale cantonale amministrativo affinch\u00e9 esamini nel merito il ricorso del 25 novembre 2019 dell&#039;ARE. Non si prelevano spese giudiziarie (art. 66 cpv. 4 LTF), n\u00e9 si attribuiscono ripetibili della sede federale (art. 68 cpv. 3 LTF).<\/p>\n<p>L&#039;emanazione del presente giudizio rende priva d&#039;oggetto la domanda di misure cautelari.<\/p>\n<p>Per questi motivi, il Tribunale federale pronuncia:<\/p>\n<p>1.<\/p>\n<p>Il ricorso \u00e8 accolto e la decisione emanata il 29 ottobre 2020 dal Tribunale cantonale amministrativo \u00e8 annullata. La causa gli \u00e8 rinviata per una decisione di merito sul ricorso del 25 novembre 2019 dell&#039;ARE.<\/p>\n<p>2.<\/p>\n<p>Non si prelevano spese giudiziarie e non si attribuiscono ripetibili della sede federale.<\/p>\n<p>3.<\/p>\n<p>Comunicazione al ricorrente, al Consiglio di Stato, al Comune di Serravalle e al Tribunale amministrativo del Cantone Ticino.<\/p>\n<p>Losanna, 2 settembre 2021<\/p>\n<p>In nome della I Corte di diritto pubblico<\/p>\n<p>del Tribunale federale svizzero<\/p>\n<p>Il Presidente: Kneub\u00fchler<\/p>\n<p>Il Cancelliere: Crameri<\/p>\n<\/div>\n<hr class=\"kji-sep\" \/>\n<p class=\"kji-source-links\"><strong>Sources officielles :<\/strong> <a class=\"kji-source-link\" href=\"https:\/\/search.bger.ch\/ext\/eurospider\/live\/fr\/php\/aza\/http\/index.php?lang=fr&#038;type=highlight_simple_query&#038;page=10&#038;from_date=&#038;to_date=&#038;sort=relevance&#038;insertion_date=&#038;top_subcollection_aza=all&#038;query_words=norme&#038;rank=99&#038;azaclir=aza&#038;highlight_docid=aza%3A%2F%2F02-09-2021-1C_672-2020&#038;number_of_ranks=12493\" target=\"_blank\" rel=\"noopener noreferrer\">consulter la page source<\/a><\/p>\n<p class=\"kji-license-note\"><em>Source officielle Tribunal federal suisse. Contenu HTML public, PDF non garanti en version gratuite.<\/em><\/p>\n<\/div>\n","protected":false},"excerpt":{"rendered":"<p>Bundesgericht Tribunal f\u00e9d\u00e9ral Tribunale federale Tribunal federal 1C_672\/2020 Sentenza del 2 settembre 2021 I Corte di diritto pubblico Composizione Giudici federali Kneub\u00fchler, Presidente, Jametti, Merz, Cancelliere Crameri. Partecipanti al procedimento Ufficio federale dello sviluppo territoriale ARE, M\u00fchlestrasse 2, 3063 Ittigen, ricorrente, contro Consiglio di Stato della Repubblica e Cantone Ticino, Residenza governativa, 6501 Bellinzona, rappresentato&#8230;<\/p>\n","protected":false},"featured_media":0,"template":"","meta":{"_crdt_document":""},"kji_country":[9676],"kji_court":[9677],"kji_chamber":[10161],"kji_year":[36297],"kji_subject":[7650],"kji_keyword":[9799,9679,15227,9680,7636],"kji_language":[7685],"class_list":["post-680844","kji_decision","type-kji_decision","status-publish","hentry","kji_country-suisse","kji_court-tribunal-federal-suisse","kji_chamber-ire-cour-de-droit-public","kji_year-36297","kji_subject-administratif","kji_keyword-bundesgericht","kji_keyword-federal","kji_keyword-septembre","kji_keyword-suisse","kji_keyword-tribunal","kji_language-italien"],"yoast_head":"<!-- This site is optimized with the Yoast SEO Premium plugin v27.5 (Yoast SEO v27.5) - https:\/\/yoast.com\/product\/yoast-seo-premium-wordpress\/ -->\n<title>Tribunal f\u00e9d\u00e9ral suisse, 2 septembre 2021, n\u00b0 1C 672-2020 - Ma\u00eetre Hassan Kohen, avocat en droit p\u00e9nal \u00e0 Paris<\/title>\n<meta name=\"robots\" content=\"index, follow, max-snippet:-1, max-image-preview:large, max-video-preview:-1\" \/>\n<link rel=\"canonical\" href=\"https:\/\/kohenavocats.com\/ru\/jurisprudences\/tribunal-federal-suisse-2-septembre-2021-n-1c-672-2020\/\" \/>\n<meta property=\"og:locale\" content=\"ru_RU\" \/>\n<meta property=\"og:type\" content=\"article\" \/>\n<meta property=\"og:title\" content=\"Tribunal f\u00e9d\u00e9ral suisse, 2 septembre 2021, n\u00b0 1C 672-2020\" \/>\n<meta property=\"og:description\" content=\"Bundesgericht Tribunal f\u00e9d\u00e9ral Tribunale federale Tribunal federal 1C_672\/2020 Sentenza del 2 settembre 2021 I Corte di diritto pubblico Composizione Giudici federali Kneub\u00fchler, Presidente, Jametti, Merz, Cancelliere Crameri. Partecipanti al procedimento Ufficio federale dello sviluppo territoriale ARE, M\u00fchlestrasse 2, 3063 Ittigen, ricorrente, contro Consiglio di Stato della Repubblica e Cantone Ticino, Residenza governativa, 6501 Bellinzona, rappresentato...\" \/>\n<meta property=\"og:url\" content=\"https:\/\/kohenavocats.com\/ru\/jurisprudences\/tribunal-federal-suisse-2-septembre-2021-n-1c-672-2020\/\" \/>\n<meta property=\"og:site_name\" content=\"Ma\u00eetre Hassan Kohen, avocat en droit p\u00e9nal \u00e0 Paris\" \/>\n<meta name=\"twitter:card\" content=\"summary_large_image\" \/>\n<meta name=\"twitter:label1\" content=\"\u041f\u0440\u0438\u043c\u0435\u0440\u043d\u043e\u0435 \u0432\u0440\u0435\u043c\u044f \u0434\u043b\u044f \u0447\u0442\u0435\u043d\u0438\u044f\" \/>\n\t<meta name=\"twitter:data1\" content=\"13 \u043c\u0438\u043d\u0443\u0442\" \/>\n<script type=\"application\/ld+json\" class=\"yoast-schema-graph\">{\"@context\":\"https:\\\/\\\/schema.org\",\"@graph\":[{\"@type\":\"WebPage\",\"@id\":\"https:\\\/\\\/kohenavocats.com\\\/ru\\\/jurisprudences\\\/tribunal-federal-suisse-2-septembre-2021-n-1c-672-2020\\\/\",\"url\":\"https:\\\/\\\/kohenavocats.com\\\/ru\\\/jurisprudences\\\/tribunal-federal-suisse-2-septembre-2021-n-1c-672-2020\\\/\",\"name\":\"Tribunal f\u00e9d\u00e9ral suisse, 2 septembre 2021, n\u00b0 1C 672-2020 - Ma\u00eetre Hassan Kohen, avocat en droit p\u00e9nal \u00e0 Paris\",\"isPartOf\":{\"@id\":\"https:\\\/\\\/kohenavocats.com\\\/ru\\\/#website\"},\"datePublished\":\"2026-04-25T11:40:12+00:00\",\"breadcrumb\":{\"@id\":\"https:\\\/\\\/kohenavocats.com\\\/ru\\\/jurisprudences\\\/tribunal-federal-suisse-2-septembre-2021-n-1c-672-2020\\\/#breadcrumb\"},\"inLanguage\":\"ru-RU\",\"potentialAction\":[{\"@type\":\"ReadAction\",\"target\":[\"https:\\\/\\\/kohenavocats.com\\\/ru\\\/jurisprudences\\\/tribunal-federal-suisse-2-septembre-2021-n-1c-672-2020\\\/\"]}]},{\"@type\":\"BreadcrumbList\",\"@id\":\"https:\\\/\\\/kohenavocats.com\\\/ru\\\/jurisprudences\\\/tribunal-federal-suisse-2-septembre-2021-n-1c-672-2020\\\/#breadcrumb\",\"itemListElement\":[{\"@type\":\"ListItem\",\"position\":1,\"name\":\"Home\",\"item\":\"https:\\\/\\\/kohenavocats.com\\\/ru\\\/avocats-en-droit-penal-a-paris-conseil-et-defense-strategique\\\/\"},{\"@type\":\"ListItem\",\"position\":2,\"name\":\"Jurisprudences\",\"item\":\"https:\\\/\\\/kohenavocats.com\\\/ru\\\/jurisprudences\\\/\"},{\"@type\":\"ListItem\",\"position\":3,\"name\":\"Tribunal f\u00e9d\u00e9ral suisse, 2 septembre 2021, n\u00b0 1C 672-2020\"}]},{\"@type\":\"WebSite\",\"@id\":\"https:\\\/\\\/kohenavocats.com\\\/ru\\\/#website\",\"url\":\"https:\\\/\\\/kohenavocats.com\\\/ru\\\/\",\"name\":\"Kohen Avocats\",\"description\":\"Ma\u00eetre Hassan Kohen, avocat p\u00e9naliste \u00e0 Paris, intervient exclusivement en droit p\u00e9nal pour la d\u00e9fense des particuliers, notamment en mati\u00e8re d\u2019accusations de viol. Il assure un accompagnement rigoureux d\u00e8s la garde \u00e0 vue jusqu\u2019\u00e0 la Cour d\u2019assises, veillant au strict respect des garanties proc\u00e9durales.\",\"publisher\":{\"@id\":\"https:\\\/\\\/kohenavocats.com\\\/ru\\\/#organization\"},\"potentialAction\":[{\"@type\":\"SearchAction\",\"target\":{\"@type\":\"EntryPoint\",\"urlTemplate\":\"https:\\\/\\\/kohenavocats.com\\\/ru\\\/?s={search_term_string}\"},\"query-input\":{\"@type\":\"PropertyValueSpecification\",\"valueRequired\":true,\"valueName\":\"search_term_string\"}}],\"inLanguage\":\"ru-RU\"},{\"@type\":\"Organization\",\"@id\":\"https:\\\/\\\/kohenavocats.com\\\/ru\\\/#organization\",\"name\":\"Kohen Avocats\",\"url\":\"https:\\\/\\\/kohenavocats.com\\\/ru\\\/\",\"logo\":{\"@type\":\"ImageObject\",\"inLanguage\":\"ru-RU\",\"@id\":\"https:\\\/\\\/kohenavocats.com\\\/ru\\\/#\\\/schema\\\/logo\\\/image\\\/\",\"url\":\"https:\\\/\\\/kohenavocats.com\\\/wp-content\\\/uploads\\\/2026\\\/01\\\/Logo-2-1.webp\",\"contentUrl\":\"https:\\\/\\\/kohenavocats.com\\\/wp-content\\\/uploads\\\/2026\\\/01\\\/Logo-2-1.webp\",\"width\":2114,\"height\":1253,\"caption\":\"Kohen Avocats\"},\"image\":{\"@id\":\"https:\\\/\\\/kohenavocats.com\\\/ru\\\/#\\\/schema\\\/logo\\\/image\\\/\"}}]}<\/script>\n<!-- \/ Yoast SEO Premium plugin. -->","yoast_head_json":{"title":"Tribunal f\u00e9d\u00e9ral suisse, 2 septembre 2021, n\u00b0 1C 672-2020 - Ma\u00eetre Hassan Kohen, avocat en droit p\u00e9nal \u00e0 Paris","robots":{"index":"index","follow":"follow","max-snippet":"max-snippet:-1","max-image-preview":"max-image-preview:large","max-video-preview":"max-video-preview:-1"},"canonical":"https:\/\/kohenavocats.com\/ru\/jurisprudences\/tribunal-federal-suisse-2-septembre-2021-n-1c-672-2020\/","og_locale":"ru_RU","og_type":"article","og_title":"Tribunal f\u00e9d\u00e9ral suisse, 2 septembre 2021, n\u00b0 1C 672-2020","og_description":"Bundesgericht Tribunal f\u00e9d\u00e9ral Tribunale federale Tribunal federal 1C_672\/2020 Sentenza del 2 settembre 2021 I Corte di diritto pubblico Composizione Giudici federali Kneub\u00fchler, Presidente, Jametti, Merz, Cancelliere Crameri. Partecipanti al procedimento Ufficio federale dello sviluppo territoriale ARE, M\u00fchlestrasse 2, 3063 Ittigen, ricorrente, contro Consiglio di Stato della Repubblica e Cantone Ticino, Residenza governativa, 6501 Bellinzona, rappresentato...","og_url":"https:\/\/kohenavocats.com\/ru\/jurisprudences\/tribunal-federal-suisse-2-septembre-2021-n-1c-672-2020\/","og_site_name":"Ma\u00eetre Hassan Kohen, avocat en droit p\u00e9nal \u00e0 Paris","twitter_card":"summary_large_image","twitter_misc":{"\u041f\u0440\u0438\u043c\u0435\u0440\u043d\u043e\u0435 \u0432\u0440\u0435\u043c\u044f \u0434\u043b\u044f \u0447\u0442\u0435\u043d\u0438\u044f":"13 \u043c\u0438\u043d\u0443\u0442"},"schema":{"@context":"https:\/\/schema.org","@graph":[{"@type":"WebPage","@id":"https:\/\/kohenavocats.com\/ru\/jurisprudences\/tribunal-federal-suisse-2-septembre-2021-n-1c-672-2020\/","url":"https:\/\/kohenavocats.com\/ru\/jurisprudences\/tribunal-federal-suisse-2-septembre-2021-n-1c-672-2020\/","name":"Tribunal f\u00e9d\u00e9ral suisse, 2 septembre 2021, n\u00b0 1C 672-2020 - Ma\u00eetre Hassan Kohen, avocat en droit p\u00e9nal \u00e0 Paris","isPartOf":{"@id":"https:\/\/kohenavocats.com\/ru\/#website"},"datePublished":"2026-04-25T11:40:12+00:00","breadcrumb":{"@id":"https:\/\/kohenavocats.com\/ru\/jurisprudences\/tribunal-federal-suisse-2-septembre-2021-n-1c-672-2020\/#breadcrumb"},"inLanguage":"ru-RU","potentialAction":[{"@type":"ReadAction","target":["https:\/\/kohenavocats.com\/ru\/jurisprudences\/tribunal-federal-suisse-2-septembre-2021-n-1c-672-2020\/"]}]},{"@type":"BreadcrumbList","@id":"https:\/\/kohenavocats.com\/ru\/jurisprudences\/tribunal-federal-suisse-2-septembre-2021-n-1c-672-2020\/#breadcrumb","itemListElement":[{"@type":"ListItem","position":1,"name":"Home","item":"https:\/\/kohenavocats.com\/ru\/avocats-en-droit-penal-a-paris-conseil-et-defense-strategique\/"},{"@type":"ListItem","position":2,"name":"Jurisprudences","item":"https:\/\/kohenavocats.com\/ru\/jurisprudences\/"},{"@type":"ListItem","position":3,"name":"Tribunal f\u00e9d\u00e9ral suisse, 2 septembre 2021, n\u00b0 1C 672-2020"}]},{"@type":"WebSite","@id":"https:\/\/kohenavocats.com\/ru\/#website","url":"https:\/\/kohenavocats.com\/ru\/","name":"Kohen Avocats","description":"Ma\u00eetre Hassan Kohen, avocat p\u00e9naliste \u00e0 Paris, intervient exclusivement en droit p\u00e9nal pour la d\u00e9fense des particuliers, notamment en mati\u00e8re d\u2019accusations de viol. Il assure un accompagnement rigoureux d\u00e8s la garde \u00e0 vue jusqu\u2019\u00e0 la Cour d\u2019assises, veillant au strict respect des garanties proc\u00e9durales.","publisher":{"@id":"https:\/\/kohenavocats.com\/ru\/#organization"},"potentialAction":[{"@type":"SearchAction","target":{"@type":"EntryPoint","urlTemplate":"https:\/\/kohenavocats.com\/ru\/?s={search_term_string}"},"query-input":{"@type":"PropertyValueSpecification","valueRequired":true,"valueName":"search_term_string"}}],"inLanguage":"ru-RU"},{"@type":"Organization","@id":"https:\/\/kohenavocats.com\/ru\/#organization","name":"Kohen Avocats","url":"https:\/\/kohenavocats.com\/ru\/","logo":{"@type":"ImageObject","inLanguage":"ru-RU","@id":"https:\/\/kohenavocats.com\/ru\/#\/schema\/logo\/image\/","url":"https:\/\/kohenavocats.com\/wp-content\/uploads\/2026\/01\/Logo-2-1.webp","contentUrl":"https:\/\/kohenavocats.com\/wp-content\/uploads\/2026\/01\/Logo-2-1.webp","width":2114,"height":1253,"caption":"Kohen Avocats"},"image":{"@id":"https:\/\/kohenavocats.com\/ru\/#\/schema\/logo\/image\/"}}]}},"jetpack_likes_enabled":false,"jetpack_sharing_enabled":true,"_links":{"self":[{"href":"https:\/\/kohenavocats.com\/ru\/wp-json\/wp\/v2\/kji_decision\/680844","targetHints":{"allow":["GET"]}}],"collection":[{"href":"https:\/\/kohenavocats.com\/ru\/wp-json\/wp\/v2\/kji_decision"}],"about":[{"href":"https:\/\/kohenavocats.com\/ru\/wp-json\/wp\/v2\/types\/kji_decision"}],"wp:attachment":[{"href":"https:\/\/kohenavocats.com\/ru\/wp-json\/wp\/v2\/media?parent=680844"}],"wp:term":[{"taxonomy":"kji_country","embeddable":true,"href":"https:\/\/kohenavocats.com\/ru\/wp-json\/wp\/v2\/kji_country?post=680844"},{"taxonomy":"kji_court","embeddable":true,"href":"https:\/\/kohenavocats.com\/ru\/wp-json\/wp\/v2\/kji_court?post=680844"},{"taxonomy":"kji_chamber","embeddable":true,"href":"https:\/\/kohenavocats.com\/ru\/wp-json\/wp\/v2\/kji_chamber?post=680844"},{"taxonomy":"kji_year","embeddable":true,"href":"https:\/\/kohenavocats.com\/ru\/wp-json\/wp\/v2\/kji_year?post=680844"},{"taxonomy":"kji_subject","embeddable":true,"href":"https:\/\/kohenavocats.com\/ru\/wp-json\/wp\/v2\/kji_subject?post=680844"},{"taxonomy":"kji_keyword","embeddable":true,"href":"https:\/\/kohenavocats.com\/ru\/wp-json\/wp\/v2\/kji_keyword?post=680844"},{"taxonomy":"kji_language","embeddable":true,"href":"https:\/\/kohenavocats.com\/ru\/wp-json\/wp\/v2\/kji_language?post=680844"}],"curies":[{"name":"wp","href":"https:\/\/api.w.org\/{rel}","templated":true}]}}